{"id":16,"date":"2019-12-18T19:06:15","date_gmt":"2019-12-18T18:06:15","guid":{"rendered":"https:\/\/calendriers-artistiques.fr\/?page_id=16"},"modified":"2020-12-04T16:12:27","modified_gmt":"2020-12-04T15:12:27","slug":"16-2","status":"publish","type":"page","link":"https:\/\/calendriers-artistiques.fr\/","title":{"rendered":"Accueil"},"content":{"rendered":"<p>[et_pb_section fb_built=\u00a0\u00bb1&Prime; admin_label=\u00a0\u00bbHeader\u00a0\u00bb _builder_version=\u00a0\u00bb3.22.7&Prime; use_background_color_gradient=\u00a0\u00bbon\u00a0\u00bb background_color_gradient_start=\u00a0\u00bb#ffffff\u00a0\u00bb background_color_gradient_end=\u00a0\u00bbrgba(255,255,255,0)\u00a0\u00bb background_color_gradient_direction=\u00a0\u00bb188deg\u00a0\u00bb background_color_gradient_start_position=\u00a0\u00bb25%\u00a0\u00bb background_color_gradient_overlays_image=\u00a0\u00bbon\u00a0\u00bb background_image=\u00a0\u00bbhttps:\/\/calendriers-artistiques.fr\/wp-content\/uploads\/2020\/02\/calligraphy_58.jpg\u00a0\u00bb width=\u00a0\u00bb100%\u00a0\u00bb max_width=\u00a0\u00bb100%\u00a0\u00bb max_width_tablet=\u00a0\u00bb\u00a0\u00bb max_width_phone=\u00a0\u00bb\u00a0\u00bb max_width_last_edited=\u00a0\u00bbon|desktop\u00a0\u00bb custom_padding=\u00a0\u00bb0px||0px||true|false\u00a0\u00bb][et_pb_row use_custom_gutter=\u00a0\u00bbon\u00a0\u00bb make_equal=\u00a0\u00bbon\u00a0\u00bb custom_padding_last_edited=\u00a0\u00bboff|phone\u00a0\u00bb _builder_version=\u00a0\u00bb3.25&Prime; background_image=\u00a0\u00bbhttps:\/\/calendriers-artistiques.fr\/wp-content\/uploads\/2020\/02\/calligraphy_brushes_17.png\u00a0\u00bb background_position=\u00a0\u00bbbottom_center\u00a0\u00bb width=\u00a0\u00bb100%\u00a0\u00bb max_width=\u00a0\u00bb100%\u00a0\u00bb min_height=\u00a0\u00bb27px\u00a0\u00bb custom_padding=\u00a0\u00bb0px||||false\u00a0\u00bb][et_pb_column type=\u00a0\u00bb4_4&Prime; _builder_version=\u00a0\u00bb3.25&Prime; custom_padding=\u00a0\u00bb|||\u00a0\u00bb custom_padding__hover=\u00a0\u00bb|||\u00a0\u00bb][et_pb_text _builder_version=\u00a0\u00bb4.2.2&Prime; text_font=\u00a0\u00bbAllura||||||||\u00a0\u00bb text_font_size=\u00a0\u00bb28vw\u00a0\u00bb text_line_height=\u00a0\u00bb0.2em\u00a0\u00bb header_3_font=\u00a0\u00bb||||||||\u00a0\u00bb text_orientation=\u00a0\u00bbright\u00a0\u00bb filter_opacity=\u00a0\u00bb9%\u00a0\u00bb]<\/p>\n<p>art<\/p>\n<p>[\/et_pb_text][\/et_pb_column][\/et_pb_row][et_pb_row custom_padding_last_edited=\u00a0\u00bboff|phone\u00a0\u00bb padding_top_bottom_link_1=\u00a0\u00bbtrue\u00a0\u00bb padding_left_right_link_1=\u00a0\u00bbtrue\u00a0\u00bb _builder_version=\u00a0\u00bb3.25&Prime; background_position=\u00a0\u00bbbottom_center\u00a0\u00bb max_width=\u00a0\u00bb80%\u00a0\u00bb custom_margin=\u00a0\u00bb4vw|||\u00a0\u00bb custom_padding_tablet=\u00a0\u00bb17vw||17vw||false\u00a0\u00bb use_custom_width=\u00a0\u00bbon\u00a0\u00bb width_unit=\u00a0\u00bboff\u00a0\u00bb custom_width_percent=\u00a0\u00bb100%\u00a0\u00bb][et_pb_column type=\u00a0\u00bb4_4&Prime; _builder_version=\u00a0\u00bb3.25&Prime; custom_padding=\u00a0\u00bb|||\u00a0\u00bb custom_padding_tablet=\u00a0\u00bb60px||60px||true\u00a0\u00bb custom_padding_phone=\u00a0\u00bb40px||40px||true\u00a0\u00bb custom_padding_last_edited=\u00a0\u00bboff|phone\u00a0\u00bb custom_padding__hover=\u00a0\u00bb|||\u00a0\u00bb][et_pb_text _builder_version=\u00a0\u00bb4.2.2&Prime; text_font=\u00a0\u00bb||||||||\u00a0\u00bb header_font=\u00a0\u00bbAdvent Pro|800|||||||\u00a0\u00bb header_font_size=\u00a0\u00bb28px\u00a0\u00bb header_letter_spacing=\u00a0\u00bb0.5em\u00a0\u00bb header_line_height=\u00a0\u00bb1.7em\u00a0\u00bb header_3_font=\u00a0\u00bbMuli|600|||||||\u00a0\u00bb header_3_letter_spacing=\u00a0\u00bb5px\u00a0\u00bb max_width=\u00a0\u00bb300px\u00a0\u00bb max_width_tablet=\u00a0\u00bb70%\u00a0\u00bb max_width_last_edited=\u00a0\u00bboff|phone\u00a0\u00bb animation_style=\u00a0\u00bbzoom\u00a0\u00bb animation_intensity_zoom=\u00a0\u00bb5%\u00a0\u00bb header_font_size_tablet=\u00a0\u00bb12px\u00a0\u00bb header_font_size_phone=\u00a0\u00bb11px\u00a0\u00bb header_font_size_last_edited=\u00a0\u00bbon|phone\u00a0\u00bb header_letter_spacing_last_edited=\u00a0\u00bboff|desktop\u00a0\u00bb header_3_font_tablet=\u00a0\u00bb\u00a0\u00bb header_3_font_phone=\u00a0\u00bb\u00a0\u00bb header_3_font_last_edited=\u00a0\u00bbon|desktop\u00a0\u00bb header_3_font_size_tablet=\u00a0\u00bb\u00a0\u00bb header_3_font_size_phone=\u00a0\u00bb15px\u00a0\u00bb header_3_font_size_last_edited=\u00a0\u00bbon|phone\u00a0\u00bb]<\/p>\n<h1>Bernard DEBRUYNE<\/h1>\n<h3>06 81 44 12 26<\/h3>\n<p>[\/et_pb_text][et_pb_text _builder_version=\u00a0\u00bb4.2.2&Prime; header_font=\u00a0\u00bb||||||||\u00a0\u00bb header_2_font=\u00a0\u00bbAllura||||||||\u00a0\u00bb header_2_font_size=\u00a0\u00bb15vw\u00a0\u00bb header_2_line_height=\u00a0\u00bb1.2em\u00a0\u00bb transform_translate_linked=\u00a0\u00bboff\u00a0\u00bb transform_rotate=\u00a0\u00bb0deg|0deg|350deg\u00a0\u00bb max_width=\u00a0\u00bb100%\u00a0\u00bb max_width_tablet=\u00a0\u00bb70%\u00a0\u00bb max_width_last_edited=\u00a0\u00bboff|phone\u00a0\u00bb custom_margin=\u00a0\u00bb-6vw||\u00a0\u00bb header_2_font_size_tablet=\u00a0\u00bb\u00a0\u00bb header_2_font_size_phone=\u00a0\u00bb\u00a0\u00bb header_2_font_size_last_edited=\u00a0\u00bbon|phone\u00a0\u00bb]<\/p>\n<h2>Artiste Peintre<\/h2>\n<p>[\/et_pb_text][\/et_pb_column][\/et_pb_row][et_pb_row column_structure=\u00a0\u00bb1_3,1_3,1_3&Prime; use_custom_gutter=\u00a0\u00bbon\u00a0\u00bb gutter_width=\u00a0\u00bb1&Prime; _builder_version=\u00a0\u00bb3.25&Prime;][et_pb_column type=\u00a0\u00bb1_3&Prime; _builder_version=\u00a0\u00bb3.25&Prime; custom_padding=\u00a0\u00bb|||\u00a0\u00bb custom_padding__hover=\u00a0\u00bb|||\u00a0\u00bb][et_pb_text _builder_version=\u00a0\u00bb4.2.2&Prime; text_font=\u00a0\u00bbMuli|600||on|||||\u00a0\u00bb text_text_color=\u00a0\u00bb#000000&Prime; text_font_size=\u00a0\u00bb12px\u00a0\u00bb text_letter_spacing=\u00a0\u00bb4px\u00a0\u00bb text_line_height=\u00a0\u00bb2em\u00a0\u00bb header_font=\u00a0\u00bb||||||||\u00a0\u00bb header_6_font=\u00a0\u00bbMontserrat||||||||\u00a0\u00bb header_6_letter_spacing=\u00a0\u00bb0.5vw\u00a0\u00bb header_6_line_height=\u00a0\u00bb2em\u00a0\u00bb text_orientation=\u00a0\u00bbcenter\u00a0\u00bb max_width_tablet=\u00a0\u00bb70%\u00a0\u00bb max_width_last_edited=\u00a0\u00bboff|phone\u00a0\u00bb custom_margin=\u00a0\u00bb|-1px||\u00a0\u00bb custom_padding=\u00a0\u00bb16px||16px||true\u00a0\u00bb animation_style=\u00a0\u00bbzoom\u00a0\u00bb animation_intensity_zoom=\u00a0\u00bb5%\u00a0\u00bb link_option_url=\u00a0\u00bb#calendriers\u00a0\u00bb border_width_all=\u00a0\u00bb1px\u00a0\u00bb border_color_all=\u00a0\u00bbrgba(51,51,51,0.11)\u00a0\u00bb border_width_top=\u00a0\u00bb0px\u00a0\u00bb border_width_bottom=\u00a0\u00bb0px\u00a0\u00bb locked=\u00a0\u00bboff\u00a0\u00bb box_shadow_vertical__hover_enabled=\u00a0\u00bbon\u00a0\u00bb border_width_bottom__hover_enabled=\u00a0\u00bbon\u00a0\u00bb border_width_bottom__hover=\u00a0\u00bb1px\u00a0\u00bb border_width_all__hover_enabled=\u00a0\u00bboff|desktop\u00a0\u00bb border_color_all__hover_enabled=\u00a0\u00bbon|desktop\u00a0\u00bb transform_styles__hover_enabled=\u00a0\u00bboff|desktop\u00a0\u00bb transform_scale__hover_enabled=\u00a0\u00bboff|desktop\u00a0\u00bb transform_translate__hover_enabled=\u00a0\u00bboff|desktop\u00a0\u00bb transform_rotate__hover_enabled=\u00a0\u00bboff|desktop\u00a0\u00bb transform_skew__hover_enabled=\u00a0\u00bboff|desktop\u00a0\u00bb transform_origin__hover_enabled=\u00a0\u00bboff|desktop\u00a0\u00bb text_text_color__hover_enabled=\u00a0\u00bbon|desktop\u00a0\u00bb text_text_color__hover=\u00a0\u00bb#0c71c3&Prime; text_letter_spacing__hover_enabled=\u00a0\u00bbon|desktop\u00a0\u00bb text_letter_spacing__hover=\u00a0\u00bb18px\u00a0\u00bb]<\/p>\n<p>CALENDRIERS<\/p>\n<p>[\/et_pb_text][\/et_pb_column][et_pb_column type=\u00a0\u00bb1_3&Prime; _builder_version=\u00a0\u00bb3.25&Prime; custom_padding=\u00a0\u00bb|||\u00a0\u00bb custom_padding__hover=\u00a0\u00bb|||\u00a0\u00bb][et_pb_text _builder_version=\u00a0\u00bb4.2.2&Prime; _dynamic_attributes=\u00a0\u00bblink_option_url\u00a0\u00bb text_font=\u00a0\u00bbMuli|600||on|||||\u00a0\u00bb text_text_color=\u00a0\u00bb#000000&Prime; text_font_size=\u00a0\u00bb12px\u00a0\u00bb text_letter_spacing=\u00a0\u00bb4px\u00a0\u00bb text_line_height=\u00a0\u00bb2em\u00a0\u00bb header_font=\u00a0\u00bb||||||||\u00a0\u00bb header_6_font=\u00a0\u00bbMontserrat||||||||\u00a0\u00bb header_6_letter_spacing=\u00a0\u00bb0.5vw\u00a0\u00bb header_6_line_height=\u00a0\u00bb2em\u00a0\u00bb text_orientation=\u00a0\u00bbcenter\u00a0\u00bb max_width_tablet=\u00a0\u00bb70%\u00a0\u00bb max_width_last_edited=\u00a0\u00bboff|phone\u00a0\u00bb custom_margin=\u00a0\u00bb|-1px||\u00a0\u00bb custom_padding=\u00a0\u00bb16px||16px||true\u00a0\u00bb animation_style=\u00a0\u00bbzoom\u00a0\u00bb animation_intensity_zoom=\u00a0\u00bb5%\u00a0\u00bb link_option_url=\u00a0\u00bb@ET-DC@eyJkeW5hbWljIjp0cnVlLCJjb250ZW50IjoicG9zdF9saW5rX3VybF9wYWdlIiwic2V0dGluZ3MiOnsicG9zdF9pZCI6IjIxNCJ9fQ==@\u00a0\u00bb border_width_all=\u00a0\u00bb1px\u00a0\u00bb border_color_all=\u00a0\u00bbrgba(51,51,51,0.11)\u00a0\u00bb border_width_top=\u00a0\u00bb0px\u00a0\u00bb border_width_bottom=\u00a0\u00bb0px\u00a0\u00bb locked=\u00a0\u00bboff\u00a0\u00bb box_shadow_vertical__hover_enabled=\u00a0\u00bbon\u00a0\u00bb border_width_bottom__hover_enabled=\u00a0\u00bbon\u00a0\u00bb border_width_bottom__hover=\u00a0\u00bb1px\u00a0\u00bb transform_styles__hover_enabled=\u00a0\u00bbon|hover\u00a0\u00bb transform_scale__hover_enabled=\u00a0\u00bbon|hover\u00a0\u00bb transform_translate__hover_enabled=\u00a0\u00bbon|desktop\u00a0\u00bb transform_rotate__hover_enabled=\u00a0\u00bbon|desktop\u00a0\u00bb transform_skew__hover_enabled=\u00a0\u00bbon|desktop\u00a0\u00bb transform_origin__hover_enabled=\u00a0\u00bbon|desktop\u00a0\u00bb border_radii__hover_enabled=\u00a0\u00bbon|hover\u00a0\u00bb filter_saturate__hover_enabled=\u00a0\u00bbon|hover\u00a0\u00bb text_font_size__hover_enabled=\u00a0\u00bbon|hover\u00a0\u00bb text_font_size__hover=\u00a0\u00bb12px\u00a0\u00bb text_text_color__hover_enabled=\u00a0\u00bbon|hover\u00a0\u00bb text_text_color__hover=\u00a0\u00bb#0c71c3&Prime; text_letter_spacing__hover_enabled=\u00a0\u00bbon|hover\u00a0\u00bb text_letter_spacing__hover=\u00a0\u00bb18px\u00a0\u00bb]<\/p>\n<p>TABLEAUX<\/p>\n<p>[\/et_pb_text][\/et_pb_column][et_pb_column type=\u00a0\u00bb1_3&Prime; _builder_version=\u00a0\u00bb3.25&Prime; custom_padding=\u00a0\u00bb|||\u00a0\u00bb custom_padding__hover=\u00a0\u00bb|||\u00a0\u00bb][et_pb_text _builder_version=\u00a0\u00bb4.2.2&Prime; text_font=\u00a0\u00bbMuli|600||on|||||\u00a0\u00bb text_text_color=\u00a0\u00bb#000000&Prime; text_font_size=\u00a0\u00bb12px\u00a0\u00bb text_letter_spacing=\u00a0\u00bb4px\u00a0\u00bb text_line_height=\u00a0\u00bb2em\u00a0\u00bb header_font=\u00a0\u00bb||||||||\u00a0\u00bb header_6_font=\u00a0\u00bbMontserrat||||||||\u00a0\u00bb header_6_letter_spacing=\u00a0\u00bb0.5vw\u00a0\u00bb header_6_line_height=\u00a0\u00bb2em\u00a0\u00bb text_orientation=\u00a0\u00bbcenter\u00a0\u00bb max_width_tablet=\u00a0\u00bb70%\u00a0\u00bb max_width_last_edited=\u00a0\u00bboff|phone\u00a0\u00bb custom_margin=\u00a0\u00bb|-1px||\u00a0\u00bb custom_padding=\u00a0\u00bb16px||16px||true\u00a0\u00bb animation_style=\u00a0\u00bbzoom\u00a0\u00bb animation_intensity_zoom=\u00a0\u00bb5%\u00a0\u00bb link_option_url=\u00a0\u00bb#contact\u00a0\u00bb border_width_all=\u00a0\u00bb1px\u00a0\u00bb border_color_all=\u00a0\u00bbrgba(51,51,51,0.11)\u00a0\u00bb border_width_top=\u00a0\u00bb0px\u00a0\u00bb border_width_bottom=\u00a0\u00bb0px\u00a0\u00bb locked=\u00a0\u00bboff\u00a0\u00bb box_shadow_vertical__hover_enabled=\u00a0\u00bbon\u00a0\u00bb border_width_bottom__hover_enabled=\u00a0\u00bbon\u00a0\u00bb border_width_bottom__hover=\u00a0\u00bb1px\u00a0\u00bb text_text_color__hover_enabled=\u00a0\u00bbon|desktop\u00a0\u00bb text_text_color__hover=\u00a0\u00bb#0c71c3&Prime; text_letter_spacing__hover_enabled=\u00a0\u00bbon|hover\u00a0\u00bb text_letter_spacing__hover=\u00a0\u00bb18px\u00a0\u00bb]<\/p>\n<p>Contact<\/p>\n<p>[\/et_pb_text][\/et_pb_column][\/et_pb_row][et_pb_row _builder_version=\u00a0\u00bb4.2.2&Prime; width=\u00a0\u00bb100%\u00a0\u00bb max_width=\u00a0\u00bb100%\u00a0\u00bb custom_margin=\u00a0\u00bb0vw|auto|0vw|auto|true|false\u00a0\u00bb custom_padding=\u00a0\u00bb||0px|||\u00a0\u00bb][et_pb_column type=\u00a0\u00bb4_4&Prime; _builder_version=\u00a0\u00bb3.25&Prime; custom_padding=\u00a0\u00bb|||\u00a0\u00bb custom_padding__hover=\u00a0\u00bb|||\u00a0\u00bb][et_pb_image src=\u00a0\u00bbhttps:\/\/calendriers-artistiques.fr\/wp-content\/uploads\/2020\/02\/calligraphy_54.png\u00a0\u00bb force_fullwidth=\u00a0\u00bbon\u00a0\u00bb align_tablet=\u00a0\u00bbcenter\u00a0\u00bb align_phone=\u00a0\u00bb\u00a0\u00bb align_last_edited=\u00a0\u00bbon|desktop\u00a0\u00bb _builder_version=\u00a0\u00bb3.23&Prime;][\/et_pb_image][\/et_pb_column][\/et_pb_row][\/et_pb_section][et_pb_section fb_built=\u00a0\u00bb1&Prime; admin_label=\u00a0\u00bbAbout\u00a0\u00bb _builder_version=\u00a0\u00bb3.22.6&Prime; background_image=\u00a0\u00bbhttps:\/\/calendriers-artistiques.fr\/wp-content\/uploads\/2020\/02\/calligraphy_03.jpg\u00a0\u00bb background_size=\u00a0\u00bbinitial\u00a0\u00bb background_position=\u00a0\u00bbtop_center\u00a0\u00bb custom_padding=\u00a0\u00bb16px|||||\u00a0\u00bb][et_pb_row column_structure=\u00a0\u00bb2_5,3_5&Prime; _builder_version=\u00a0\u00bb4.2.2&Prime;][et_pb_column type=\u00a0\u00bb2_5&Prime; _builder_version=\u00a0\u00bb4.2.2&Prime;][et_pb_image src=\u00a0\u00bbhttps:\/\/calendriers-artistiques.fr\/wp-content\/uploads\/2020\/02\/tab11_2.jpg\u00a0\u00bb _builder_version=\u00a0\u00bb4.2.2&Prime; border_radii=\u00a0\u00bbon|20px|20px|20px|20px\u00a0\u00bb][\/et_pb_image][\/et_pb_column][et_pb_column type=\u00a0\u00bb3_5&Prime; _builder_version=\u00a0\u00bb4.2.2&Prime;][et_pb_text _builder_version=\u00a0\u00bb4.2.2&Prime;]<\/p>\n<p>Your content goes here. Edit or remove this text inline or in the module Content settings. You can also style every aspect of this content in the module Design settings and even apply custom CSS to this text in the module Advanced settings.<\/p>\n<p>[\/et_pb_text][\/et_pb_column][\/et_pb_row][\/et_pb_section][et_pb_section fb_built=\u00a0\u00bb1&Prime; module_id=\u00a0\u00bbcalendriers\u00a0\u00bb _builder_version=\u00a0\u00bb4.2.2&Prime; background_size=\u00a0\u00bbinitial\u00a0\u00bb background_position=\u00a0\u00bbtop_center\u00a0\u00bb min_height=\u00a0\u00bb1345px\u00a0\u00bb][et_pb_row _builder_version=\u00a0\u00bb3.25&Prime; background_size=\u00a0\u00bbinitial\u00a0\u00bb background_position=\u00a0\u00bbtop_right\u00a0\u00bb custom_margin=\u00a0\u00bb||60px\u00a0\u00bb custom_padding=\u00a0\u00bb|40px||40px||\u00a0\u00bb border_width_all=\u00a0\u00bb1px\u00a0\u00bb border_color_all=\u00a0\u00bbrgba(0,0,0,0.12)\u00a0\u00bb locked=\u00a0\u00bboff\u00a0\u00bb][et_pb_column type=\u00a0\u00bb4_4&Prime; _builder_version=\u00a0\u00bb3.25&Prime; custom_padding=\u00a0\u00bb|||\u00a0\u00bb custom_padding__hover=\u00a0\u00bb|||\u00a0\u00bb][et_pb_image src=\u00a0\u00bbhttps:\/\/calendriers-artistiques.fr\/wp-content\/uploads\/2020\/02\/calligraphy_61.png\u00a0\u00bb align=\u00a0\u00bbright\u00a0\u00bb _builder_version=\u00a0\u00bb4.2.2&Prime; transform_scale_tablet=\u00a0\u00bb\u00a0\u00bb transform_scale_phone=\u00a0\u00bb62%|62%\u00a0\u00bb transform_scale_last_edited=\u00a0\u00bbon|phone\u00a0\u00bb transform_translate_tablet=\u00a0\u00bb\u00a0\u00bb transform_translate_phone=\u00a0\u00bb\u00a0\u00bb transform_translate_last_edited=\u00a0\u00bbon|phone\u00a0\u00bb transform_rotate_tablet=\u00a0\u00bb\u00a0\u00bb transform_rotate_phone=\u00a0\u00bb\u00a0\u00bb transform_rotate_last_edited=\u00a0\u00bbon|phone\u00a0\u00bb transform_skew_tablet=\u00a0\u00bb\u00a0\u00bb transform_skew_phone=\u00a0\u00bb\u00a0\u00bb transform_skew_last_edited=\u00a0\u00bbon|phone\u00a0\u00bb transform_origin_tablet=\u00a0\u00bb\u00a0\u00bb transform_origin_phone=\u00a0\u00bb\u00a0\u00bb transform_origin_last_edited=\u00a0\u00bbon|phone\u00a0\u00bb transform_styles_last_edited=\u00a0\u00bbon|phone\u00a0\u00bb max_width=\u00a0\u00bb200px\u00a0\u00bb max_width_tablet=\u00a0\u00bb\u00a0\u00bb max_width_phone=\u00a0\u00bb\u00a0\u00bb max_width_last_edited=\u00a0\u00bbon|phone\u00a0\u00bb custom_margin=\u00a0\u00bb-130px|-8vw||\u00a0\u00bb custom_margin_tablet=\u00a0\u00bb\u00a0\u00bb custom_margin_phone=\u00a0\u00bb-150px||0px|\u00a0\u00bb custom_margin_last_edited=\u00a0\u00bbon|phone\u00a0\u00bb custom_padding=\u00a0\u00bb|||40px|false|false\u00a0\u00bb transform_styles_tablet=\u00a0\u00bb\u00a0\u00bb transform_styles_phone=\u00a0\u00bb\u00a0\u00bb always_center_on_mobile=\u00a0\u00bboff\u00a0\u00bb locked=\u00a0\u00bboff\u00a0\u00bb][\/et_pb_image][et_pb_text _builder_version=\u00a0\u00bb4.2.2&Prime; text_font=\u00a0\u00bbAllura||||||||\u00a0\u00bb text_font_size=\u00a0\u00bb13vw\u00a0\u00bb text_line_height=\u00a0\u00bb0.2em\u00a0\u00bb header_3_font=\u00a0\u00bb||||||||\u00a0\u00bb text_orientation=\u00a0\u00bbright\u00a0\u00bb custom_margin=\u00a0\u00bb-150px||||false|false\u00a0\u00bb custom_padding=\u00a0\u00bb||||false|false\u00a0\u00bb filter_opacity=\u00a0\u00bb9%\u00a0\u00bb locked=\u00a0\u00bboff\u00a0\u00bb]<\/p>\n<p>Calendriers<\/p>\n<p>[\/et_pb_text][et_pb_text _builder_version=\u00a0\u00bb4.2.2&Prime; header_font=\u00a0\u00bb||||||||\u00a0\u00bb header_3_font=\u00a0\u00bbMontserrat|600|||||||\u00a0\u00bb header_3_font_size=\u00a0\u00bb45px\u00a0\u00bb header_3_line_height=\u00a0\u00bb1.2em\u00a0\u00bb background_color=\u00a0\u00bbrgba(255,255,255,0)\u00a0\u00bb background_color_gradient_direction=\u00a0\u00bb90deg\u00a0\u00bb max_width=\u00a0\u00bb700px\u00a0\u00bb custom_margin=\u00a0\u00bb||-25px|-70px|false|false\u00a0\u00bb custom_margin_tablet=\u00a0\u00bb0px||\u00a0\u00bb custom_margin_phone=\u00a0\u00bb|||-56px\u00a0\u00bb custom_margin_last_edited=\u00a0\u00bbon|phone\u00a0\u00bb header_3_font_size_tablet=\u00a0\u00bb50px\u00a0\u00bb header_3_font_size_phone=\u00a0\u00bb30px\u00a0\u00bb header_3_font_size_last_edited=\u00a0\u00bbon|phone\u00a0\u00bb locked=\u00a0\u00bboff\u00a0\u00bb]<\/p>\n<h3>Les Calendriers Artistiques<\/h3>\n<h4>La Publicit\u00e9 qu&rsquo;on ne jette pas !<\/h4>\n<p>[\/et_pb_text][et_pb_button button_text=\u00a0\u00bb06 81 44 12 26&Prime; button_alignment=\u00a0\u00bbright\u00a0\u00bb _builder_version=\u00a0\u00bb4.2.2&Prime; custom_button=\u00a0\u00bbon\u00a0\u00bb button_text_size=\u00a0\u00bb12px\u00a0\u00bb button_text_color=\u00a0\u00bb#ffffff\u00a0\u00bb button_bg_color=\u00a0\u00bb#000000&Prime; button_border_width=\u00a0\u00bb0px\u00a0\u00bb button_border_radius=\u00a0\u00bb0px\u00a0\u00bb button_letter_spacing=\u00a0\u00bb4px\u00a0\u00bb button_font=\u00a0\u00bbMuli|600||on|||||\u00a0\u00bb custom_margin=\u00a0\u00bb||-60px|\u00a0\u00bb custom_margin_tablet=\u00a0\u00bb\u00a0\u00bb custom_margin_phone=\u00a0\u00bb30px||-60px||false|false\u00a0\u00bb custom_margin_last_edited=\u00a0\u00bbon|phone\u00a0\u00bb custom_padding=\u00a0\u00bb20px|30px|20px|30px|true|true\u00a0\u00bb][\/et_pb_button][\/et_pb_column][\/et_pb_row][et_pb_row _builder_version=\u00a0\u00bb4.2.2&Prime; custom_margin=\u00a0\u00bb0px||||false|false\u00a0\u00bb custom_padding=\u00a0\u00bb0px||0px||false|false\u00a0\u00bb border_radii=\u00a0\u00bbon|20px|20px|20px|20px\u00a0\u00bb][et_pb_column type=\u00a0\u00bb4_4&Prime; _builder_version=\u00a0\u00bb4.2.2&Prime;][et_pb_slider _builder_version=\u00a0\u00bb4.2.2&Prime; background_color=\u00a0\u00bb#000000&Prime; min_height=\u00a0\u00bb402px\u00a0\u00bb custom_margin=\u00a0\u00bb||||false|false\u00a0\u00bb custom_padding=\u00a0\u00bb0px|0px|0px|0px|false|false\u00a0\u00bb auto=\u00a0\u00bbon\u00a0\u00bb auto_speed=\u00a0\u00bb5000&Prime; auto_ignore_hover=\u00a0\u00bbon\u00a0\u00bb][et_pb_slide heading=\u00a0\u00bbUne publicit\u00e9 qu&rsquo;on ne jette pas !\u00a0\u00bb _builder_version=\u00a0\u00bb4.2.2&Prime; background_enable_color=\u00a0\u00bboff\u00a0\u00bb]<\/p>\n<p><img loading=\"lazy\" src=\"https:\/\/calendriers-artistiques.fr\/wp-content\/uploads\/2020\/12\/entete-cal-duo-1.jpg\" width=\"1024\" height=\"359\" alt=\"\" class=\"wp-image-340 alignnone size-full\" srcset=\"https:\/\/calendriers-artistiques.fr\/wp-content\/uploads\/2020\/12\/entete-cal-duo-1.jpg 1024w, https:\/\/calendriers-artistiques.fr\/wp-content\/uploads\/2020\/12\/entete-cal-duo-1-980x344.jpg 980w, https:\/\/calendriers-artistiques.fr\/wp-content\/uploads\/2020\/12\/entete-cal-duo-1-480x168.jpg 480w\" sizes=\"(min-width: 0px) and (max-width: 480px) 480px, (min-width: 481px) and (max-width: 980px) 980px, (min-width: 981px) 1024px, 100vw\" \/><\/p>\n<p>[\/et_pb_slide][et_pb_slide heading=\u00a0\u00bbUne publicit\u00e9 qu&rsquo;on ne jette pas !\u00a0\u00bb _builder_version=\u00a0\u00bb4.2.2&Prime; background_enable_color=\u00a0\u00bboff\u00a0\u00bb]<\/p>\n<p><img loading=\"lazy\" src=\"https:\/\/calendriers-artistiques.fr\/wp-content\/uploads\/2020\/02\/calendrier-entete5-1024x359-1.jpg\" alt=\"\" class=\"wp-image-114 alignnone size-full\" width=\"1024\" height=\"359\" srcset=\"https:\/\/calendriers-artistiques.fr\/wp-content\/uploads\/2020\/02\/calendrier-entete5-1024x359-1.jpg 1024w, https:\/\/calendriers-artistiques.fr\/wp-content\/uploads\/2020\/02\/calendrier-entete5-1024x359-1-980x344.jpg 980w, https:\/\/calendriers-artistiques.fr\/wp-content\/uploads\/2020\/02\/calendrier-entete5-1024x359-1-480x168.jpg 480w\" sizes=\"(min-width: 0px) and (max-width: 480px) 480px, (min-width: 481px) and (max-width: 980px) 980px, (min-width: 981px) 1024px, 100vw\" \/><\/p>\n<p>[\/et_pb_slide][et_pb_slide heading=\u00a0\u00bbUne publicit\u00e9 qu&rsquo;on ne jette pas !\u00a0\u00bb _builder_version=\u00a0\u00bb4.2.2&Prime; background_enable_color=\u00a0\u00bboff\u00a0\u00bb]<\/p>\n<p><img loading=\"lazy\" src=\"https:\/\/calendriers-artistiques.fr\/wp-content\/uploads\/2020\/12\/entete-cal-duo-2.jpg\" width=\"1024\" height=\"359\" alt=\"\" class=\"wp-image-341 alignnone size-full\" srcset=\"https:\/\/calendriers-artistiques.fr\/wp-content\/uploads\/2020\/12\/entete-cal-duo-2.jpg 1024w, https:\/\/calendriers-artistiques.fr\/wp-content\/uploads\/2020\/12\/entete-cal-duo-2-980x344.jpg 980w, https:\/\/calendriers-artistiques.fr\/wp-content\/uploads\/2020\/12\/entete-cal-duo-2-480x168.jpg 480w\" sizes=\"(min-width: 0px) and (max-width: 480px) 480px, (min-width: 481px) and (max-width: 980px) 980px, (min-width: 981px) 1024px, 100vw\" \/><\/p>\n<p>[\/et_pb_slide][et_pb_slide heading=\u00a0\u00bbUne publicit\u00e9 qu&rsquo;on ne jette pas !\u00a0\u00bb _builder_version=\u00a0\u00bb4.2.2&Prime; background_enable_color=\u00a0\u00bboff\u00a0\u00bb]<\/p>\n<p><img loading=\"lazy\" src=\"https:\/\/calendriers-artistiques.fr\/wp-content\/uploads\/2020\/02\/calendrier-entete4-1024x359-1.jpg\" alt=\"\" class=\"wp-image-113 alignnone size-full\" width=\"1024\" height=\"359\" srcset=\"https:\/\/calendriers-artistiques.fr\/wp-content\/uploads\/2020\/02\/calendrier-entete4-1024x359-1.jpg 1024w, https:\/\/calendriers-artistiques.fr\/wp-content\/uploads\/2020\/02\/calendrier-entete4-1024x359-1-980x344.jpg 980w, https:\/\/calendriers-artistiques.fr\/wp-content\/uploads\/2020\/02\/calendrier-entete4-1024x359-1-480x168.jpg 480w\" sizes=\"(min-width: 0px) and (max-width: 480px) 480px, (min-width: 481px) and (max-width: 980px) 980px, (min-width: 981px) 1024px, 100vw\" \/><\/p>\n<p>[\/et_pb_slide][et_pb_slide heading=\u00a0\u00bbUne publicit\u00e9 qu&rsquo;on ne jette pas !\u00a0\u00bb _builder_version=\u00a0\u00bb4.2.2&Prime; background_enable_color=\u00a0\u00bboff\u00a0\u00bb]<\/p>\n<p><img loading=\"lazy\" src=\"https:\/\/calendriers-artistiques.fr\/wp-content\/uploads\/2020\/02\/calendrier-entete6-1024x359-1.jpg\" alt=\"\" class=\"wp-image-112 alignnone size-full\" width=\"1024\" height=\"359\" srcset=\"https:\/\/calendriers-artistiques.fr\/wp-content\/uploads\/2020\/02\/calendrier-entete6-1024x359-1.jpg 1024w, https:\/\/calendriers-artistiques.fr\/wp-content\/uploads\/2020\/02\/calendrier-entete6-1024x359-1-980x344.jpg 980w, https:\/\/calendriers-artistiques.fr\/wp-content\/uploads\/2020\/02\/calendrier-entete6-1024x359-1-480x168.jpg 480w\" sizes=\"(min-width: 0px) and (max-width: 480px) 480px, (min-width: 481px) and (max-width: 980px) 980px, (min-width: 981px) 1024px, 100vw\" \/><\/p>\n<p>[\/et_pb_slide][et_pb_slide heading=\u00a0\u00bbUne publicit\u00e9 qu&rsquo;on ne jette pas !\u00a0\u00bb _builder_version=\u00a0\u00bb4.2.2&Prime; background_enable_color=\u00a0\u00bboff\u00a0\u00bb]<\/p>\n<p><img loading=\"lazy\" src=\"https:\/\/calendriers-artistiques.fr\/wp-content\/uploads\/2020\/12\/entete-cal-duo-3.jpg\" width=\"1024\" height=\"359\" alt=\"\" class=\"wp-image-342 alignnone size-full\" srcset=\"https:\/\/calendriers-artistiques.fr\/wp-content\/uploads\/2020\/12\/entete-cal-duo-3.jpg 1024w, https:\/\/calendriers-artistiques.fr\/wp-content\/uploads\/2020\/12\/entete-cal-duo-3-980x344.jpg 980w, https:\/\/calendriers-artistiques.fr\/wp-content\/uploads\/2020\/12\/entete-cal-duo-3-480x168.jpg 480w\" sizes=\"(min-width: 0px) and (max-width: 480px) 480px, (min-width: 481px) and (max-width: 980px) 980px, (min-width: 981px) 1024px, 100vw\" \/><\/p>\n<p>[\/et_pb_slide][\/et_pb_slider][\/et_pb_column][\/et_pb_row][et_pb_row _builder_version=\u00a0\u00bb3.25&Prime;][et_pb_column type=\u00a0\u00bb4_4&Prime; _builder_version=\u00a0\u00bb3.25&Prime; custom_padding=\u00a0\u00bb|||\u00a0\u00bb custom_padding__hover=\u00a0\u00bb|||\u00a0\u00bb][et_pb_text _builder_version=\u00a0\u00bb4.2.2&Prime; text_font=\u00a0\u00bbMuli||||||||\u00a0\u00bb text_font_size=\u00a0\u00bb17px\u00a0\u00bb text_line_height=\u00a0\u00bb2em\u00a0\u00bb header_font=\u00a0\u00bb||||||||\u00a0\u00bb text_orientation=\u00a0\u00bbcenter\u00a0\u00bb width_tablet=\u00a0\u00bb100%\u00a0\u00bb width_last_edited=\u00a0\u00bboff|desktop\u00a0\u00bb max_width=\u00a0\u00bb1070px\u00a0\u00bb module_alignment=\u00a0\u00bbleft\u00a0\u00bb text_font_size_tablet=\u00a0\u00bb\u00a0\u00bb text_font_size_phone=\u00a0\u00bb15px\u00a0\u00bb text_font_size_last_edited=\u00a0\u00bbon|desktop\u00a0\u00bb text_line_height_tablet=\u00a0\u00bb\u00a0\u00bb text_line_height_phone=\u00a0\u00bb1.7em\u00a0\u00bb text_line_height_last_edited=\u00a0\u00bbon|phone\u00a0\u00bb]En Cadeau Client\u00e8le de fin d&rsquo;ann\u00e9e, la Calendrier sera en outre une publicit\u00e9 qui va perdurer car il sera conserv\u00e9.[\/et_pb_text][\/et_pb_column][\/et_pb_row][et_pb_row _builder_version=\u00a0\u00bb4.2.2&Prime; background_color=\u00a0\u00bbrgba(0,0,0,0)\u00a0\u00bb background_enable_image=\u00a0\u00bboff\u00a0\u00bb background_size=\u00a0\u00bbinitial\u00a0\u00bb max_width=\u00a0\u00bb1920px\u00a0\u00bb module_alignment=\u00a0\u00bbcenter\u00a0\u00bb min_height_tablet=\u00a0\u00bb\u00a0\u00bb min_height_phone=\u00a0\u00bb\u00a0\u00bb min_height_last_edited=\u00a0\u00bbon|phone\u00a0\u00bb height_tablet=\u00a0\u00bb\u00a0\u00bb height_phone=\u00a0\u00bb\u00a0\u00bb height_last_edited=\u00a0\u00bbon|phone\u00a0\u00bb max_height_tablet=\u00a0\u00bb\u00a0\u00bb max_height_phone=\u00a0\u00bb\u00a0\u00bb max_height_last_edited=\u00a0\u00bbon|phone\u00a0\u00bb custom_margin=\u00a0\u00bb0px|20px|0px|20px|false|false\u00a0\u00bb custom_padding=\u00a0\u00bb||||false|false\u00a0\u00bb][et_pb_column type=\u00a0\u00bb4_4&Prime; _builder_version=\u00a0\u00bb4.2.2&Prime; background_color=\u00a0\u00bbrgba(0,0,0,0)\u00a0\u00bb custom_padding=\u00a0\u00bb||||false|false\u00a0\u00bb custom_padding__hover=\u00a0\u00bb|||\u00a0\u00bb][et_pb_code _builder_version=\u00a0\u00bb4.2.2&Prime; min_height=\u00a0\u00bb501px\u00a0\u00bb custom_padding=\u00a0\u00bb||31px|||\u00a0\u00bb]\n<table id=\"tablepress-3\" class=\"tablepress tablepress-id-3\">\n<thead>\n<tr class=\"row-1 odd\">\n\t<th class=\"column-1\">Nom<\/th><th class=\"column-2\">Rue<\/th><th class=\"column-3\">Ville<\/th><th class=\"column-4\">R\u00e9gion<\/th><th class=\"column-5\">Ann\u00e9e<\/th><th class=\"column-6\">T\u00e9l\u00e9chargement<\/th>\n<\/tr>\n<\/thead>\n<tbody class=\"row-hover\">\n<tr class=\"row-2 even\">\n\t<td class=\"column-1\">LA PHARMACIE BOUCHER<\/td><td class=\"column-2\">BOULEVARD GABRIEL PERI<\/td><td class=\"column-3\">AVION<\/td><td class=\"column-4\">PAS-DE-CALAIS<\/td><td class=\"column-5\">2021<\/td><td class=\"column-6\"><a href=\"https:\/\/www.calendriers-artistiques.fr\/wp-content\/uploads\/calendriersmedia\/2021 (1).jpg\"><img loading=\"lazy\" src=\"https:\/\/www.calendriers-artistiques.fr\/wp-content\/uploads\/calendriersmedia\/vignette.jpg\" alt=\"\" width=\"33\" height=\"85\" class=\"alignnone size-full wp-image-24\" \/><\/a><\/td>\n<\/tr>\n<tr class=\"row-3 odd\">\n\t<td class=\"column-1\">LA PHARMACIE DE BAIRON<\/td><td class=\"column-2\">AVENUE LUCIEN LELARGE<\/td><td class=\"column-3\">BAIRON ET SES ENVIRONS<\/td><td class=\"column-4\">ARDENNES<\/td><td class=\"column-5\">2021<\/td><td class=\"column-6\"><a href=\"https:\/\/www.calendriers-artistiques.fr\/wp-content\/uploads\/calendriersmedia\/2021 (2).jpg\"><img loading=\"lazy\" src=\"https:\/\/www.calendriers-artistiques.fr\/wp-content\/uploads\/calendriersmedia\/vignette.jpg\" alt=\"\" width=\"33\" height=\"85\" class=\"alignnone size-full wp-image-24\" \/><\/a><\/td>\n<\/tr>\n<tr class=\"row-4 even\">\n\t<td class=\"column-1\">LA PHARMACIE DE BALAN<\/td><td class=\"column-2\">AVENUE CHARLES DE GAULLE<\/td><td class=\"column-3\">BALAN<\/td><td class=\"column-4\">ARDENNES<\/td><td class=\"column-5\">2021<\/td><td class=\"column-6\"><a href=\"https:\/\/www.calendriers-artistiques.fr\/wp-content\/uploads\/calendriersmedia\/2021 (3).jpg\"><img loading=\"lazy\" src=\"https:\/\/www.calendriers-artistiques.fr\/wp-content\/uploads\/calendriersmedia\/vignette.jpg\" alt=\"\" width=\"33\" height=\"85\" class=\"alignnone size-full wp-image-24\" \/><\/a><\/td>\n<\/tr>\n<tr class=\"row-5 odd\">\n\t<td class=\"column-1\">LA PHARMACIE PATIN<\/td><td class=\"column-2\">RUE DU GENERAL DE GAULLE<\/td><td class=\"column-3\">BREHAL<\/td><td class=\"column-4\">MANCHE<\/td><td class=\"column-5\">2021<\/td><td class=\"column-6\"><a href=\"https:\/\/www.calendriers-artistiques.fr\/wp-content\/uploads\/calendriersmedia\/2021 (4).jpg\"><img loading=\"lazy\" src=\"https:\/\/www.calendriers-artistiques.fr\/wp-content\/uploads\/calendriersmedia\/vignette.jpg\" alt=\"\" width=\"33\" height=\"85\" class=\"alignnone size-full wp-image-24\" \/><\/a><\/td>\n<\/tr>\n<tr class=\"row-6 even\">\n\t<td class=\"column-1\">LA PHARMACIE GIRARD<\/td><td class=\"column-2\">AVENUE DE LA POSTE<\/td><td class=\"column-3\">CUCQ<\/td><td class=\"column-4\">PAS-DE-CALAIS<\/td><td class=\"column-5\">2021<\/td><td class=\"column-6\"><a href=\"https:\/\/www.calendriers-artistiques.fr\/wp-content\/uploads\/calendriersmedia\/2021 (5).jpg\"><img loading=\"lazy\" src=\"https:\/\/www.calendriers-artistiques.fr\/wp-content\/uploads\/calendriersmedia\/vignette.jpg\" alt=\"\" width=\"33\" height=\"85\" class=\"alignnone size-full wp-image-24\" \/><\/a><\/td>\n<\/tr>\n<tr class=\"row-7 odd\">\n\t<td class=\"column-1\">LA PHARMACIE VITI<\/td><td class=\"column-2\">PLACE REINE MATHILDE<\/td><td class=\"column-3\">FALAISE<\/td><td class=\"column-4\">CALVADOS<\/td><td class=\"column-5\">2021<\/td><td class=\"column-6\"><a href=\"https:\/\/www.calendriers-artistiques.fr\/wp-content\/uploads\/calendriersmedia\/2021 (6).jpg\"><img loading=\"lazy\" src=\"https:\/\/www.calendriers-artistiques.fr\/wp-content\/uploads\/calendriersmedia\/vignette.jpg\" alt=\"\" width=\"33\" height=\"85\" class=\"alignnone size-full wp-image-24\" \/><\/a><\/td>\n<\/tr>\n<tr class=\"row-8 even\">\n\t<td class=\"column-1\">LA PHARMACIE DE LA GRAND'PLACE<\/td><td class=\"column-2\">PLACE VAILLANT COUTURIER<\/td><td class=\"column-3\">FRESNES-SUR-ESCAUT<\/td><td class=\"column-4\">NORD<\/td><td class=\"column-5\">2021<\/td><td class=\"column-6\"><a href=\"https:\/\/www.calendriers-artistiques.fr\/wp-content\/uploads\/calendriersmedia\/2021 (7).jpg\"><img loading=\"lazy\" src=\"https:\/\/www.calendriers-artistiques.fr\/wp-content\/uploads\/calendriersmedia\/vignette.jpg\" alt=\"\" width=\"33\" height=\"85\" class=\"alignnone size-full wp-image-24\" \/><\/a><\/td>\n<\/tr>\n<tr class=\"row-9 odd\">\n\t<td class=\"column-1\">LA PHARMACIE DU COURGHAIN<\/td><td class=\"column-2\">RUE GARNAERSTRAETE<\/td><td class=\"column-3\">GRANDE-SYNTHE<\/td><td class=\"column-4\">NORD<\/td><td class=\"column-5\">2021<\/td><td class=\"column-6\"><a href=\"https:\/\/www.calendriers-artistiques.fr\/wp-content\/uploads\/calendriersmedia\/2021 (8).jpg\"><img loading=\"lazy\" src=\"https:\/\/www.calendriers-artistiques.fr\/wp-content\/uploads\/calendriersmedia\/vignette.jpg\" alt=\"\" width=\"33\" height=\"85\" class=\"alignnone size-full wp-image-24\" \/><\/a><\/td>\n<\/tr>\n<tr class=\"row-10 even\">\n\t<td class=\"column-1\">LA PHARMACIE DUHAMEL<\/td><td class=\"column-2\">RUE ALBERT 1er <\/td><td class=\"column-3\">GRAND-FORT-PHILIPPE<\/td><td class=\"column-4\">NORD<\/td><td class=\"column-5\">2021<\/td><td class=\"column-6\"><a href=\"https:\/\/www.calendriers-artistiques.fr\/wp-content\/uploads\/calendriersmedia\/2021 (9).jpg\"><img loading=\"lazy\" src=\"https:\/\/www.calendriers-artistiques.fr\/wp-content\/uploads\/calendriersmedia\/vignette.jpg\" alt=\"\" width=\"33\" height=\"85\" class=\"alignnone size-full wp-image-24\" \/><\/a><\/td>\n<\/tr>\n<tr class=\"row-11 odd\">\n\t<td class=\"column-1\">LA PHARMACIE ROCHOISE<\/td><td class=\"column-2\">PLACE DU MARTRAY<\/td><td class=\"column-3\">LA ROCHE-DERRIEN<\/td><td class=\"column-4\">C\u00d4TES-D'ARMOR<\/td><td class=\"column-5\">2021<\/td><td class=\"column-6\"><a href=\"https:\/\/www.calendriers-artistiques.fr\/wp-content\/uploads\/calendriersmedia\/2021 (10).jpg\"><img loading=\"lazy\" src=\"https:\/\/www.calendriers-artistiques.fr\/wp-content\/uploads\/calendriersmedia\/vignette.jpg\" alt=\"\" width=\"33\" height=\"85\" class=\"alignnone size-full wp-image-24\" \/><\/a><\/td>\n<\/tr>\n<tr class=\"row-12 even\">\n\t<td class=\"column-1\">LA PHARMACIE CLAIRE FONTAINE<\/td><td class=\"column-2\">Rue du 328\u00e8me REGIMENT D'INFANTERIE<\/td><td class=\"column-3\">LIART<\/td><td class=\"column-4\">ARDENNES<\/td><td class=\"column-5\">2021<\/td><td class=\"column-6\"><a href=\"https:\/\/www.calendriers-artistiques.fr\/wp-content\/uploads\/calendriersmedia\/2021 (11).jpg\"><img loading=\"lazy\" src=\"https:\/\/www.calendriers-artistiques.fr\/wp-content\/uploads\/calendriersmedia\/vignette.jpg\" alt=\"\" width=\"33\" height=\"85\" class=\"alignnone size-full wp-image-24\" \/><\/a><\/td>\n<\/tr>\n<tr class=\"row-13 odd\">\n\t<td class=\"column-1\">LA PHARMACIE CORNUEL-PALADINI<\/td><td class=\"column-2\">RUE JEAN BAPTISTE DEFERNEZ<\/td><td class=\"column-3\">LIEVIN<\/td><td class=\"column-4\">PAS-DE-CALAIS<\/td><td class=\"column-5\">2021<\/td><td class=\"column-6\"><a href=\"https:\/\/www.calendriers-artistiques.fr\/wp-content\/uploads\/calendriersmedia\/2021 (12).jpg\"><img loading=\"lazy\" src=\"https:\/\/www.calendriers-artistiques.fr\/wp-content\/uploads\/calendriersmedia\/vignette.jpg\" alt=\"\" width=\"33\" height=\"85\" class=\"alignnone size-full wp-image-24\" \/><\/a><\/td>\n<\/tr>\n<tr class=\"row-14 even\">\n\t<td class=\"column-1\">LA PHARMACIE NESLOISE<\/td><td class=\"column-2\">RUE GAMBETTA<\/td><td class=\"column-3\">NESLE<\/td><td class=\"column-4\">SOMME<\/td><td class=\"column-5\">2021<\/td><td class=\"column-6\"><a href=\"https:\/\/www.calendriers-artistiques.fr\/wp-content\/uploads\/calendriersmedia\/2021 (13).jpg\"><img loading=\"lazy\" src=\"https:\/\/www.calendriers-artistiques.fr\/wp-content\/uploads\/calendriersmedia\/vignette.jpg\" alt=\"\" width=\"33\" height=\"85\" class=\"alignnone size-full wp-image-24\" \/><\/a><\/td>\n<\/tr>\n<tr class=\"row-15 odd\">\n\t<td class=\"column-1\">LA PHARMACIE SOGNE<\/td><td class=\"column-2\">RUE CHANZY<\/td><td class=\"column-3\">NOUZONVILLE<\/td><td class=\"column-4\">ARDENNES<\/td><td class=\"column-5\">2021<\/td><td class=\"column-6\"><a href=\"https:\/\/www.calendriers-artistiques.fr\/wp-content\/uploads\/calendriersmedia\/2021 (14).jpg\"><img loading=\"lazy\" src=\"https:\/\/www.calendriers-artistiques.fr\/wp-content\/uploads\/calendriersmedia\/vignette.jpg\" alt=\"\" width=\"33\" height=\"85\" class=\"alignnone size-full wp-image-24\" \/><\/a><\/td>\n<\/tr>\n<tr class=\"row-16 even\">\n\t<td class=\"column-1\">LA PHARMACIE ROSE<\/td><td class=\"column-2\">RUE DU PROFESSEUR CLERC<\/td><td class=\"column-3\">OUTREAU<\/td><td class=\"column-4\">PAS-DE-CALAIS<\/td><td class=\"column-5\">2021<\/td><td class=\"column-6\"><a href=\"https:\/\/www.calendriers-artistiques.fr\/wp-content\/uploads\/calendriersmedia\/2021 (15).jpg\"><img loading=\"lazy\" src=\"https:\/\/www.calendriers-artistiques.fr\/wp-content\/uploads\/calendriersmedia\/vignette.jpg\" alt=\"\" width=\"33\" height=\"85\" class=\"alignnone size-full wp-image-24\" \/><\/a><\/td>\n<\/tr>\n<tr class=\"row-17 odd\">\n\t<td class=\"column-1\">LA PHARMACIE PONT D'ORSON<\/td><td class=\"column-2\">PLACE DE L'H\u00d4TEL DE VILLE<\/td><td class=\"column-3\">PONTORSON<\/td><td class=\"column-4\">MANCHE<\/td><td class=\"column-5\">2021<\/td><td class=\"column-6\"><a href=\"https:\/\/www.calendriers-artistiques.fr\/wp-content\/uploads\/calendriersmedia\/2021 (16).jpg\"><img loading=\"lazy\" src=\"https:\/\/www.calendriers-artistiques.fr\/wp-content\/uploads\/calendriersmedia\/vignette.jpg\" alt=\"\" width=\"33\" height=\"85\" class=\"alignnone size-full wp-image-24\" \/><\/a><\/td>\n<\/tr>\n<tr class=\"row-18 even\">\n\t<td class=\"column-1\">LA PHARMACIE DE QUAROUBLE<\/td><td class=\"column-2\">RUE DU COLONEL GLINEUR<\/td><td class=\"column-3\">QUAROUBLE<\/td><td class=\"column-4\">NORD<\/td><td class=\"column-5\">2021<\/td><td class=\"column-6\"><a href=\"https:\/\/www.calendriers-artistiques.fr\/wp-content\/uploads\/calendriersmedia\/2021 (17).jpg\"><img loading=\"lazy\" src=\"https:\/\/www.calendriers-artistiques.fr\/wp-content\/uploads\/calendriersmedia\/vignette.jpg\" alt=\"\" width=\"33\" height=\"85\" class=\"alignnone size-full wp-image-24\" \/><\/a><\/td>\n<\/tr>\n<tr class=\"row-19 odd\">\n\t<td class=\"column-1\">LA PHARMACIE DU CENTRE<\/td><td class=\"column-2\">RUE VICTOR HUGO<\/td><td class=\"column-3\">REVIN<\/td><td class=\"column-4\">ARDENNES<\/td><td class=\"column-5\">2021<\/td><td class=\"column-6\"><a href=\"https:\/\/www.calendriers-artistiques.fr\/wp-content\/uploads\/calendriersmedia\/2021 (18).jpg\"><img loading=\"lazy\" src=\"https:\/\/www.calendriers-artistiques.fr\/wp-content\/uploads\/calendriersmedia\/vignette.jpg\" alt=\"\" width=\"33\" height=\"85\" class=\"alignnone size-full wp-image-24\" \/><\/a><\/td>\n<\/tr>\n<tr class=\"row-20 even\">\n\t<td class=\"column-1\">LA PHARMACIE DE SAINTE-HONORINE<\/td><td class=\"column-2\">RUE DU GENERAL REVEL DE BRETTEVILLE<\/td><td class=\"column-3\">SAINTE-HONORINE-DU-FAY<\/td><td class=\"column-4\">CALVADOS<\/td><td class=\"column-5\">2021<\/td><td class=\"column-6\"><a href=\"https:\/\/www.calendriers-artistiques.fr\/wp-content\/uploads\/calendriersmedia\/2021 (19).jpg\"><img loading=\"lazy\" src=\"https:\/\/www.calendriers-artistiques.fr\/wp-content\/uploads\/calendriersmedia\/vignette.jpg\" alt=\"\" width=\"33\" height=\"85\" class=\"alignnone size-full wp-image-24\" \/><\/a><\/td>\n<\/tr>\n<tr class=\"row-21 odd\">\n\t<td class=\"column-1\">LA PHARMACIE DE SAINT-LUNAIRE<\/td><td class=\"column-2\">RUE DE L'ANCIEN MARCHE<\/td><td class=\"column-3\">SAINT-LUNAIRE<\/td><td class=\"column-4\">ILLE-ET-VILAINE<\/td><td class=\"column-5\">2021<\/td><td class=\"column-6\"><a href=\"https:\/\/www.calendriers-artistiques.fr\/wp-content\/uploads\/calendriersmedia\/2021 (20).jpg\"><img loading=\"lazy\" src=\"https:\/\/www.calendriers-artistiques.fr\/wp-content\/uploads\/calendriersmedia\/vignette.jpg\" alt=\"\" width=\"33\" height=\"85\" class=\"alignnone size-full wp-image-24\" \/><\/a><\/td>\n<\/tr>\n<tr class=\"row-22 even\">\n\t<td class=\"column-1\">LA PHARMACIE DES ONDES<\/td><td class=\"column-2\">RUE DE LA BAIE<\/td><td class=\"column-3\">SAINT-MELOIR-DES-ONDES<\/td><td class=\"column-4\">ILLE-ET-VILAINE<\/td><td class=\"column-5\">2021<\/td><td class=\"column-6\"><a href=\"https:\/\/www.calendriers-artistiques.fr\/wp-content\/uploads\/calendriersmedia\/2021 (21).jpg\"><img loading=\"lazy\" src=\"https:\/\/www.calendriers-artistiques.fr\/wp-content\/uploads\/calendriersmedia\/vignette.jpg\" alt=\"\" width=\"33\" height=\"85\" class=\"alignnone size-full wp-image-24\" \/><\/a><\/td>\n<\/tr>\n<tr class=\"row-23 odd\">\n\t<td class=\"column-1\">LA PHARMACIE VERMES<\/td><td class=\"column-2\">PLACE DE L'EGLISE<\/td><td class=\"column-3\">SAINT-RIQUIER<\/td><td class=\"column-4\">SOMME<\/td><td class=\"column-5\">2021<\/td><td class=\"column-6\"><a href=\"https:\/\/www.calendriers-artistiques.fr\/wp-content\/uploads\/calendriersmedia\/2021 (22).jpg\"><img loading=\"lazy\" src=\"https:\/\/www.calendriers-artistiques.fr\/wp-content\/uploads\/calendriersmedia\/vignette.jpg\" alt=\"\" width=\"33\" height=\"85\" class=\"alignnone size-full wp-image-24\" \/><\/a><\/td>\n<\/tr>\n<tr class=\"row-24 even\">\n\t<td class=\"column-1\">LA PHARMACIE ALAVOINE<\/td><td class=\"column-2\">RUE LOUISE ROBERT DE LA TOUR<\/td><td class=\"column-3\">SERAUCOURT-LE-GRAND<\/td><td class=\"column-4\">AISNE<\/td><td class=\"column-5\">2021<\/td><td class=\"column-6\"><a href=\"https:\/\/www.calendriers-artistiques.fr\/wp-content\/uploads\/calendriersmedia\/2021 (23).jpg\"><img loading=\"lazy\" src=\"https:\/\/www.calendriers-artistiques.fr\/wp-content\/uploads\/calendriersmedia\/vignette.jpg\" alt=\"\" width=\"33\" height=\"85\" class=\"alignnone size-full wp-image-24\" \/><\/a><\/td>\n<\/tr>\n<tr class=\"row-25 odd\">\n\t<td class=\"column-1\">LA PHARMACIE DE LA MALCENSE<\/td><td class=\"column-2\">RUE DE GAND<\/td><td class=\"column-3\">TOURCOING<\/td><td class=\"column-4\">NORD<\/td><td class=\"column-5\">2021<\/td><td class=\"column-6\"><a href=\"https:\/\/www.calendriers-artistiques.fr\/wp-content\/uploads\/calendriersmedia\/2021 (24).jpg\"><img loading=\"lazy\" src=\"https:\/\/www.calendriers-artistiques.fr\/wp-content\/uploads\/calendriersmedia\/vignette.jpg\" alt=\"\" width=\"33\" height=\"85\" class=\"alignnone size-full wp-image-24\" \/><\/a><\/td>\n<\/tr>\n<tr class=\"row-26 even\">\n\t<td class=\"column-1\">LA PHARMACIE MARAIS<\/td><td class=\"column-2\">ROUTE DE BRETAGNE<\/td><td class=\"column-3\">TOURVILLE-SUR-ODON<\/td><td class=\"column-4\">CALVADOS<\/td><td class=\"column-5\">2021<\/td><td class=\"column-6\"><a href=\"https:\/\/www.calendriers-artistiques.fr\/wp-content\/uploads\/calendriersmedia\/2021 (25).jpg\"><img loading=\"lazy\" src=\"https:\/\/www.calendriers-artistiques.fr\/wp-content\/uploads\/calendriersmedia\/vignette.jpg\" alt=\"\" width=\"33\" height=\"85\" class=\"alignnone size-full wp-image-24\" \/><\/a><\/td>\n<\/tr>\n<tr class=\"row-27 odd\">\n\t<td class=\"column-1\">LA PHARMACIE DE WIGNEHIES<\/td><td class=\"column-2\">RUE JEAN JAURES<\/td><td class=\"column-3\">WIGNEHIES<\/td><td class=\"column-4\">NORD<\/td><td class=\"column-5\">2021<\/td><td class=\"column-6\"><a href=\"https:\/\/www.calendriers-artistiques.fr\/wp-content\/uploads\/calendriersmedia\/2021 (26).jpg\"><img loading=\"lazy\" src=\"https:\/\/www.calendriers-artistiques.fr\/wp-content\/uploads\/calendriersmedia\/vignette.jpg\" alt=\"\" width=\"33\" height=\"85\" class=\"alignnone size-full wp-image-24\" \/><\/a><\/td>\n<\/tr>\n<tr class=\"row-28 even\">\n\t<td class=\"column-1\">LA PHARMACIE LOMBARD<\/td><td class=\"column-2\">RUE MAURICE SEGONDS<\/td><td class=\"column-3\">BEAUVAIS<\/td><td class=\"column-4\">OISE<\/td><td class=\"column-5\">2020<\/td><td class=\"column-6\"><a href=\"https:\/\/www.calendriers-artistiques.fr\/wp-content\/uploads\/calendriersmedia\/2020 (1).jpg\"><img loading=\"lazy\" src=\"https:\/\/www.calendriers-artistiques.fr\/wp-content\/uploads\/calendriersmedia\/vignette.jpg\" alt=\"\" width=\"33\" height=\"85\" class=\"alignnone size-full wp-image-24\" \/><\/a><\/td>\n<\/tr>\n<tr class=\"row-29 odd\">\n\t<td class=\"column-1\">LA PHARMACIE DE LA PETITE SUISSE<\/td><td class=\"column-2\">AVENUE VICTOR CLAUDE<\/td><td class=\"column-3\">BLENOD-LES-PONT-A-MOUSSON<\/td><td class=\"column-4\">MEURTHE-ET-MOSELLE<\/td><td class=\"column-5\">2020<\/td><td class=\"column-6\"><a href=\"https:\/\/www.calendriers-artistiques.fr\/wp-content\/uploads\/calendriersmedia\/2020 (2).jpg\"><img loading=\"lazy\" src=\"https:\/\/www.calendriers-artistiques.fr\/wp-content\/uploads\/calendriersmedia\/vignette.jpg\" alt=\"\" width=\"33\" height=\"85\" class=\"alignnone size-full wp-image-24\" \/><\/a><\/td>\n<\/tr>\n<tr class=\"row-30 even\">\n\t<td class=\"column-1\">LA PHARMACIE DUFAY-LAUNAY<\/td><td class=\"column-2\">RUE DE CHANDAI<\/td><td class=\"column-3\">BOURTH<\/td><td class=\"column-4\">EURE<\/td><td class=\"column-5\">2020<\/td><td class=\"column-6\"><a href=\"https:\/\/www.calendriers-artistiques.fr\/wp-content\/uploads\/calendriersmedia\/2020 (3).jpg\"><img loading=\"lazy\" src=\"https:\/\/www.calendriers-artistiques.fr\/wp-content\/uploads\/calendriersmedia\/vignette.jpg\" alt=\"\" width=\"33\" height=\"85\" class=\"alignnone size-full wp-image-24\" \/><\/a><\/td>\n<\/tr>\n<tr class=\"row-31 odd\">\n\t<td class=\"column-1\">LA PHARMACIE DE BREAUTE<\/td><td class=\"column-2\">AVENUE DU 8 MAI 1945<\/td><td class=\"column-3\">BREAUTE<\/td><td class=\"column-4\">SEINE-MARITIME<\/td><td class=\"column-5\">2020<\/td><td class=\"column-6\"><a href=\"https:\/\/www.calendriers-artistiques.fr\/wp-content\/uploads\/calendriersmedia\/2020 (4).jpg\"><img loading=\"lazy\" src=\"https:\/\/www.calendriers-artistiques.fr\/wp-content\/uploads\/calendriersmedia\/vignette.jpg\" alt=\"\" width=\"33\" height=\"85\" class=\"alignnone size-full wp-image-24\" \/><\/a><\/td>\n<\/tr>\n<tr class=\"row-32 even\">\n\t<td class=\"column-1\">LA PHARMACIE PATIN<\/td><td class=\"column-2\">RUE DU GENERAL DE GAULLE<\/td><td class=\"column-3\">BREHAL<\/td><td class=\"column-4\">MANCHE<\/td><td class=\"column-5\">2020<\/td><td class=\"column-6\"><a href=\"https:\/\/www.calendriers-artistiques.fr\/wp-content\/uploads\/calendriersmedia\/2020 (5).jpg\"><img loading=\"lazy\" src=\"https:\/\/www.calendriers-artistiques.fr\/wp-content\/uploads\/calendriersmedia\/vignette.jpg\" alt=\"\" width=\"33\" height=\"85\" class=\"alignnone size-full wp-image-24\" \/><\/a><\/td>\n<\/tr>\n<tr class=\"row-33 odd\">\n\t<td class=\"column-1\">LA PHARMACIE DE CHARLEVAL<\/td><td class=\"column-2\">GRANDE RUE<\/td><td class=\"column-3\">CHARLEVAL<\/td><td class=\"column-4\">EURE<\/td><td class=\"column-5\">2020<\/td><td class=\"column-6\"><a href=\"https:\/\/www.calendriers-artistiques.fr\/wp-content\/uploads\/calendriersmedia\/2020 (6).jpg\"><img loading=\"lazy\" src=\"https:\/\/www.calendriers-artistiques.fr\/wp-content\/uploads\/calendriersmedia\/vignette.jpg\" alt=\"\" width=\"33\" height=\"85\" class=\"alignnone size-full wp-image-24\" \/><\/a><\/td>\n<\/tr>\n<tr class=\"row-34 even\">\n\t<td class=\"column-1\">LA PHARMACIE MOULAR<\/td><td class=\"column-2\">CENTRE COMMERCIAL CARREFOUR<\/td><td class=\"column-3\">DENAIN<\/td><td class=\"column-4\">NORD<\/td><td class=\"column-5\">2020<\/td><td class=\"column-6\"><a href=\"https:\/\/www.calendriers-artistiques.fr\/wp-content\/uploads\/calendriersmedia\/2020 (7).jpg\"><img loading=\"lazy\" src=\"https:\/\/www.calendriers-artistiques.fr\/wp-content\/uploads\/calendriersmedia\/vignette.jpg\" alt=\"\" width=\"33\" height=\"85\" class=\"alignnone size-full wp-image-24\" \/><\/a><\/td>\n<\/tr>\n<tr class=\"row-35 odd\">\n\t<td class=\"column-1\">LA PHARMACIE DE LA TOUQUES<\/td><td class=\"column-2\">PLACE DE LA FONTAINE<\/td><td class=\"column-3\">FERVAQUES<\/td><td class=\"column-4\">CALVADOS<\/td><td class=\"column-5\">2020<\/td><td class=\"column-6\"><a href=\"https:\/\/www.calendriers-artistiques.fr\/wp-content\/uploads\/calendriersmedia\/2020 (8).jpg\"><img loading=\"lazy\" src=\"https:\/\/www.calendriers-artistiques.fr\/wp-content\/uploads\/calendriersmedia\/vignette.jpg\" alt=\"\" width=\"33\" height=\"85\" class=\"alignnone size-full wp-image-24\" \/><\/a><\/td>\n<\/tr>\n<tr class=\"row-36 even\">\n\t<td class=\"column-1\">LA PHARMACIE DE LA GRAND'PLACE<\/td><td class=\"column-2\">PLACE VAILLANT COUTURIER<\/td><td class=\"column-3\">FRESNES-SUR-ESCAUT<\/td><td class=\"column-4\">NORD<\/td><td class=\"column-5\">2020<\/td><td class=\"column-6\"><a href=\"https:\/\/www.calendriers-artistiques.fr\/wp-content\/uploads\/calendriersmedia\/2020 (9).jpg\"><img loading=\"lazy\" src=\"https:\/\/www.calendriers-artistiques.fr\/wp-content\/uploads\/calendriersmedia\/vignette.jpg\" alt=\"\" width=\"33\" height=\"85\" class=\"alignnone size-full wp-image-24\" \/><\/a><\/td>\n<\/tr>\n<tr class=\"row-37 odd\">\n\t<td class=\"column-1\">LA PHARMACIE DU GOURGAIN<\/td><td class=\"column-2\">RUE GANAERSTRAETE<\/td><td class=\"column-3\">GRANDE-SYNTHE<\/td><td class=\"column-4\">NORD<\/td><td class=\"column-5\">2020<\/td><td class=\"column-6\"><a href=\"https:\/\/www.calendriers-artistiques.fr\/wp-content\/uploads\/calendriersmedia\/2020 (10).jpg\"><img loading=\"lazy\" src=\"https:\/\/www.calendriers-artistiques.fr\/wp-content\/uploads\/calendriersmedia\/vignette.jpg\" alt=\"\" width=\"33\" height=\"85\" class=\"alignnone size-full wp-image-24\" \/><\/a><\/td>\n<\/tr>\n<tr class=\"row-38 even\">\n\t<td class=\"column-1\">LA PHARMACIE DUHAMEL<\/td><td class=\"column-2\">RUE ALBERT 1er <\/td><td class=\"column-3\">GRAND-FORT-PHILIPPE<\/td><td class=\"column-4\">NORD<\/td><td class=\"column-5\">2020<\/td><td class=\"column-6\"><a href=\"https:\/\/www.calendriers-artistiques.fr\/wp-content\/uploads\/calendriersmedia\/2020 (11).jpg\"><img loading=\"lazy\" src=\"https:\/\/www.calendriers-artistiques.fr\/wp-content\/uploads\/calendriersmedia\/vignette.jpg\" alt=\"\" width=\"33\" height=\"85\" class=\"alignnone size-full wp-image-24\" \/><\/a><\/td>\n<\/tr>\n<tr class=\"row-39 odd\">\n\t<td class=\"column-1\">LA PHARMACIE DUBOIS<\/td><td class=\"column-2\">RUE DE LA LIBERATION<\/td><td class=\"column-3\">HENANBIHEN<\/td><td class=\"column-4\">C\u00d4TES-D'ARMOR<\/td><td class=\"column-5\">2020<\/td><td class=\"column-6\"><a href=\"https:\/\/www.calendriers-artistiques.fr\/wp-content\/uploads\/calendriersmedia\/2020 (12).jpg\"><img loading=\"lazy\" src=\"https:\/\/www.calendriers-artistiques.fr\/wp-content\/uploads\/calendriersmedia\/vignette.jpg\" alt=\"\" width=\"33\" height=\"85\" class=\"alignnone size-full wp-image-24\" \/><\/a><\/td>\n<\/tr>\n<tr class=\"row-40 even\">\n\t<td class=\"column-1\">LA PHARMACIE POLLET-GRODEE<\/td><td class=\"column-2\">RUE JEAN JAURES<\/td><td class=\"column-3\">HENIN-BEAUMONT<\/td><td class=\"column-4\">PAS-DE-CALAIS<\/td><td class=\"column-5\">2020<\/td><td class=\"column-6\"><a href=\"https:\/\/www.calendriers-artistiques.fr\/wp-content\/uploads\/calendriersmedia\/2020 (13).jpg\"><img loading=\"lazy\" src=\"https:\/\/www.calendriers-artistiques.fr\/wp-content\/uploads\/calendriersmedia\/vignette.jpg\" alt=\"\" width=\"33\" height=\"85\" class=\"alignnone size-full wp-image-24\" \/><\/a><\/td>\n<\/tr>\n<tr class=\"row-41 odd\">\n\t<td class=\"column-1\">LE BAR-TABAC \"CHEZ SEVERINE\"<\/td><td class=\"column-2\">PLACE DE L'EGLISE<\/td><td class=\"column-3\">LANGOAT<\/td><td class=\"column-4\">C\u00d4TES-D'ARMOR<\/td><td class=\"column-5\">2020<\/td><td class=\"column-6\"><a href=\"https:\/\/www.calendriers-artistiques.fr\/wp-content\/uploads\/calendriersmedia\/2020 (14).jpg\"><img loading=\"lazy\" src=\"https:\/\/www.calendriers-artistiques.fr\/wp-content\/uploads\/calendriersmedia\/vignette.jpg\" alt=\"\" width=\"33\" height=\"85\" class=\"alignnone size-full wp-image-24\" \/><\/a><\/td>\n<\/tr>\n<tr class=\"row-42 even\">\n\t<td class=\"column-1\">LA PHARMACIE ROCHOISE<\/td><td class=\"column-2\">PLACE DU MARTRAY<\/td><td class=\"column-3\">LA ROCHE-DERRIEN<\/td><td class=\"column-4\">C\u00d4TES-D'ARMOR<\/td><td class=\"column-5\">2020<\/td><td class=\"column-6\"><a href=\"https:\/\/www.calendriers-artistiques.fr\/wp-content\/uploads\/calendriersmedia\/2020 (15).jpg\"><img loading=\"lazy\" src=\"https:\/\/www.calendriers-artistiques.fr\/wp-content\/uploads\/calendriersmedia\/vignette.jpg\" alt=\"\" width=\"33\" height=\"85\" class=\"alignnone size-full wp-image-24\" \/><\/a><\/td>\n<\/tr>\n<tr class=\"row-43 odd\">\n\t<td class=\"column-1\">LA PHARMACIE DE LA POSTE<\/td><td class=\"column-2\">RUE CYPRIEN QUINET<\/td><td class=\"column-3\">LIBERCOURT<\/td><td class=\"column-4\">PAS-DE-CALAIS<\/td><td class=\"column-5\">2020<\/td><td class=\"column-6\"><a href=\"https:\/\/www.calendriers-artistiques.fr\/wp-content\/uploads\/calendriersmedia\/2020 (16).jpg\"><img loading=\"lazy\" src=\"https:\/\/www.calendriers-artistiques.fr\/wp-content\/uploads\/calendriersmedia\/vignette.jpg\" alt=\"\" width=\"33\" height=\"85\" class=\"alignnone size-full wp-image-24\" \/><\/a><\/td>\n<\/tr>\n<tr class=\"row-44 even\">\n\t<td class=\"column-1\">LA PHARMACIE LAFFINEUR<\/td><td class=\"column-2\">PLACE DU GENERAL DE GAULLE<\/td><td class=\"column-3\">LOUVROIL<\/td><td class=\"column-4\">NORD<\/td><td class=\"column-5\">2020<\/td><td class=\"column-6\"><a href=\"https:\/\/www.calendriers-artistiques.fr\/wp-content\/uploads\/calendriersmedia\/2020 (17).jpg\"><img loading=\"lazy\" src=\"https:\/\/www.calendriers-artistiques.fr\/wp-content\/uploads\/calendriersmedia\/vignette.jpg\" alt=\"\" width=\"33\" height=\"85\" class=\"alignnone size-full wp-image-24\" \/><\/a><\/td>\n<\/tr>\n<tr class=\"row-45 odd\">\n\t<td class=\"column-1\">LA PHARMACIE DU CARRE D'OR<\/td><td class=\"column-2\">AVENUE CORIOLAN<\/td><td class=\"column-3\">LUCE<\/td><td class=\"column-4\">EURE-ET-LOIR<\/td><td class=\"column-5\">2020<\/td><td class=\"column-6\"><a href=\"https:\/\/www.calendriers-artistiques.fr\/wp-content\/uploads\/calendriersmedia\/2020 (18).jpg\"><img loading=\"lazy\" src=\"https:\/\/www.calendriers-artistiques.fr\/wp-content\/uploads\/calendriersmedia\/vignette.jpg\" alt=\"\" width=\"33\" height=\"85\" class=\"alignnone size-full wp-image-24\" \/><\/a><\/td>\n<\/tr>\n<tr class=\"row-46 even\">\n\t<td class=\"column-1\">LA PHARMACIE LECLERCQ<\/td><td class=\"column-2\">RUE EUGENE DUPRE<\/td><td class=\"column-3\">MAILLY-MAILLET<\/td><td class=\"column-4\">SOMME<\/td><td class=\"column-5\">2020<\/td><td class=\"column-6\"><a href=\"https:\/\/www.calendriers-artistiques.fr\/wp-content\/uploads\/calendriersmedia\/2020 (19).jpg\"><img loading=\"lazy\" src=\"https:\/\/www.calendriers-artistiques.fr\/wp-content\/uploads\/calendriersmedia\/vignette.jpg\" alt=\"\" width=\"33\" height=\"85\" class=\"alignnone size-full wp-image-24\" \/><\/a><\/td>\n<\/tr>\n<tr class=\"row-47 odd\">\n\t<td class=\"column-1\">LA PHARMACIE DE LA CITE 2<\/td><td class=\"column-2\">BOULEVARD ARTHUR LAMENDIN<\/td><td class=\"column-3\">MAZINGARBE<\/td><td class=\"column-4\">PAS-DE-CALAIS<\/td><td class=\"column-5\">2020<\/td><td class=\"column-6\"><a href=\"https:\/\/www.calendriers-artistiques.fr\/wp-content\/uploads\/calendriersmedia\/2020 (20).jpg\"><img loading=\"lazy\" src=\"https:\/\/www.calendriers-artistiques.fr\/wp-content\/uploads\/calendriersmedia\/vignette.jpg\" alt=\"\" width=\"33\" height=\"85\" class=\"alignnone size-full wp-image-24\" \/><\/a><\/td>\n<\/tr>\n<tr class=\"row-48 even\">\n\t<td class=\"column-1\">LA PHARMACIE NESLOISE<\/td><td class=\"column-2\">RUE GAMBETTA<\/td><td class=\"column-3\">NESLE<\/td><td class=\"column-4\">SOMME<\/td><td class=\"column-5\">2020<\/td><td class=\"column-6\"><a href=\"https:\/\/www.calendriers-artistiques.fr\/wp-content\/uploads\/calendriersmedia\/2020 (21).jpg\"><img loading=\"lazy\" src=\"https:\/\/www.calendriers-artistiques.fr\/wp-content\/uploads\/calendriersmedia\/vignette.jpg\" alt=\"\" width=\"33\" height=\"85\" class=\"alignnone size-full wp-image-24\" \/><\/a><\/td>\n<\/tr>\n<tr class=\"row-49 odd\">\n\t<td class=\"column-1\">LA PHARMACIE DELAPIERRE<\/td><td class=\"column-2\">PLACE DU GENERAL DE GAULLE<\/td><td class=\"column-3\">PERENCHIES<\/td><td class=\"column-4\">NORD<\/td><td class=\"column-5\">2020<\/td><td class=\"column-6\"><a href=\"https:\/\/www.calendriers-artistiques.fr\/wp-content\/uploads\/calendriersmedia\/2020 (22).jpg\"><img loading=\"lazy\" src=\"https:\/\/www.calendriers-artistiques.fr\/wp-content\/uploads\/calendriersmedia\/vignette.jpg\" alt=\"\" width=\"33\" height=\"85\" class=\"alignnone size-full wp-image-24\" \/><\/a><\/td>\n<\/tr>\n<tr class=\"row-50 even\">\n\t<td class=\"column-1\">LA PHARMACIE DE LA DOUVE<\/td><td class=\"column-2\">RUE DE LA MARNE<\/td><td class=\"column-3\">PICAUVILLE<\/td><td class=\"column-4\">MANCHE<\/td><td class=\"column-5\">2020<\/td><td class=\"column-6\"><a href=\"https:\/\/www.calendriers-artistiques.fr\/wp-content\/uploads\/calendriersmedia\/2020 (23).jpg\"><img loading=\"lazy\" src=\"https:\/\/www.calendriers-artistiques.fr\/wp-content\/uploads\/calendriersmedia\/vignette.jpg\" alt=\"\" width=\"33\" height=\"85\" class=\"alignnone size-full wp-image-24\" \/><\/a><\/td>\n<\/tr>\n<tr class=\"row-51 odd\">\n\t<td class=\"column-1\">LA PHARMACIE PONT D'ORSON<\/td><td class=\"column-2\">PLACE DE L'H\u00d4TEL DE VILLE<\/td><td class=\"column-3\">PONTORSON<\/td><td class=\"column-4\">MANCHE<\/td><td class=\"column-5\">2020<\/td><td class=\"column-6\"><a href=\"https:\/\/www.calendriers-artistiques.fr\/wp-content\/uploads\/calendriersmedia\/2020 (24).jpg\"><img loading=\"lazy\" src=\"https:\/\/www.calendriers-artistiques.fr\/wp-content\/uploads\/calendriersmedia\/vignette.jpg\" alt=\"\" width=\"33\" height=\"85\" class=\"alignnone size-full wp-image-24\" \/><\/a><\/td>\n<\/tr>\n<tr class=\"row-52 even\">\n\t<td class=\"column-1\">LA PHARMACIE PARMENTIER<\/td><td class=\"column-2\">RUE DUNANT<\/td><td class=\"column-3\">RANTIGNY<\/td><td class=\"column-4\">OISE<\/td><td class=\"column-5\">2020<\/td><td class=\"column-6\"><a href=\"https:\/\/www.calendriers-artistiques.fr\/wp-content\/uploads\/calendriersmedia\/2020 (25).jpg\"><img loading=\"lazy\" src=\"https:\/\/www.calendriers-artistiques.fr\/wp-content\/uploads\/calendriersmedia\/vignette.jpg\" alt=\"\" width=\"33\" height=\"85\" class=\"alignnone size-full wp-image-24\" \/><\/a><\/td>\n<\/tr>\n<tr class=\"row-53 odd\">\n\t<td class=\"column-1\">LA PHARMACIE DU PAVE<\/td><td class=\"column-2\">PLACE DU PAVE<\/td><td class=\"column-3\">RAUCOURT-ET-FLABA<\/td><td class=\"column-4\">ARDENNES<\/td><td class=\"column-5\">2020<\/td><td class=\"column-6\"><a href=\"https:\/\/www.calendriers-artistiques.fr\/wp-content\/uploads\/calendriersmedia\/2020 (26).jpg\"><img loading=\"lazy\" src=\"https:\/\/www.calendriers-artistiques.fr\/wp-content\/uploads\/calendriersmedia\/vignette.jpg\" alt=\"\" width=\"33\" height=\"85\" class=\"alignnone size-full wp-image-24\" \/><\/a><\/td>\n<\/tr>\n<tr class=\"row-54 even\">\n\t<td class=\"column-1\">LA PHARMACIE DU CENTRE<\/td><td class=\"column-2\">RUE VICTOR HUGO<\/td><td class=\"column-3\">REVIN<\/td><td class=\"column-4\">ARDENNES<\/td><td class=\"column-5\">2020<\/td><td class=\"column-6\"><a href=\"https:\/\/www.calendriers-artistiques.fr\/wp-content\/uploads\/calendriersmedia\/2020 (27).jpg\"><img loading=\"lazy\" src=\"https:\/\/www.calendriers-artistiques.fr\/wp-content\/uploads\/calendriersmedia\/vignette.jpg\" alt=\"\" width=\"33\" height=\"85\" class=\"alignnone size-full wp-image-24\" \/><\/a><\/td>\n<\/tr>\n<tr class=\"row-55 odd\">\n\t<td class=\"column-1\">LA PHARMACIE DE L'ALENE D'OR<\/td><td class=\"column-2\">ROUTE DE L'ALENE D'OR<\/td><td class=\"column-3\">ROSULT<\/td><td class=\"column-4\">NORD<\/td><td class=\"column-5\">2020<\/td><td class=\"column-6\"><a href=\"https:\/\/www.calendriers-artistiques.fr\/wp-content\/uploads\/calendriersmedia\/2020 (28).jpg\"><img loading=\"lazy\" src=\"https:\/\/www.calendriers-artistiques.fr\/wp-content\/uploads\/calendriersmedia\/vignette.jpg\" alt=\"\" width=\"33\" height=\"85\" class=\"alignnone size-full wp-image-24\" \/><\/a><\/td>\n<\/tr>\n<tr class=\"row-56 even\">\n\t<td class=\"column-1\">LA PHARMACIE DE SAINTE-HONORINE<\/td><td class=\"column-2\">RUE DU GENERAL REVEL DE BRETTEVILLE<\/td><td class=\"column-3\">SAINTE-HONORINE-DU-FAY<\/td><td class=\"column-4\">CALVADOS<\/td><td class=\"column-5\">2020<\/td><td class=\"column-6\"><a href=\"https:\/\/www.calendriers-artistiques.fr\/wp-content\/uploads\/calendriersmedia\/2020 (29).jpg\"><img loading=\"lazy\" src=\"https:\/\/www.calendriers-artistiques.fr\/wp-content\/uploads\/calendriersmedia\/vignette.jpg\" alt=\"\" width=\"33\" height=\"85\" class=\"alignnone size-full wp-image-24\" \/><\/a><\/td>\n<\/tr>\n<tr class=\"row-57 odd\">\n\t<td class=\"column-1\">LA PHARMACIE PETITJEAN<\/td><td class=\"column-2\">GRAND'RUE<\/td><td class=\"column-3\">SAINT-ETIENNE-LES-REMIREMONT<\/td><td class=\"column-4\">VOSGES<\/td><td class=\"column-5\">2020<\/td><td class=\"column-6\"><a href=\"https:\/\/www.calendriers-artistiques.fr\/wp-content\/uploads\/calendriersmedia\/2020 (30).jpg\"><img loading=\"lazy\" src=\"https:\/\/www.calendriers-artistiques.fr\/wp-content\/uploads\/calendriersmedia\/vignette.jpg\" alt=\"\" width=\"33\" height=\"85\" class=\"alignnone size-full wp-image-24\" \/><\/a><\/td>\n<\/tr>\n<tr class=\"row-58 even\">\n\t<td class=\"column-1\">LA PHARMACIE LEBRETON-GUIGNARD<\/td><td class=\"column-2\">ALLEE GERARD MAGNE<\/td><td class=\"column-3\">SAINT FLORENTIN<\/td><td class=\"column-4\">YONNE<\/td><td class=\"column-5\">2020<\/td><td class=\"column-6\"><a href=\"https:\/\/www.calendriers-artistiques.fr\/wp-content\/uploads\/calendriersmedia\/2020 (31).jpg\"><img loading=\"lazy\" src=\"https:\/\/www.calendriers-artistiques.fr\/wp-content\/uploads\/calendriersmedia\/vignette.jpg\" alt=\"\" width=\"33\" height=\"85\" class=\"alignnone size-full wp-image-24\" \/><\/a><\/td>\n<\/tr>\n<tr class=\"row-59 odd\">\n\t<td class=\"column-1\">LA PHARMACIE DE SAINT LUNAIRE<\/td><td class=\"column-2\">RUE DE L'ANCIEN MARCHE<\/td><td class=\"column-3\">SAINT-LUNAIRE<\/td><td class=\"column-4\">ILLE-ET-VILAINE<\/td><td class=\"column-5\">2020<\/td><td class=\"column-6\"><a href=\"https:\/\/www.calendriers-artistiques.fr\/wp-content\/uploads\/calendriersmedia\/2020 (32).jpg\"><img loading=\"lazy\" src=\"https:\/\/www.calendriers-artistiques.fr\/wp-content\/uploads\/calendriersmedia\/vignette.jpg\" alt=\"\" width=\"33\" height=\"85\" class=\"alignnone size-full wp-image-24\" \/><\/a><\/td>\n<\/tr>\n<tr class=\"row-60 even\">\n\t<td class=\"column-1\">LA PHARMACIE VERMES<\/td><td class=\"column-2\">PLACE DE L'EGLISE<\/td><td class=\"column-3\">SAINT-RIQUIER<\/td><td class=\"column-4\">SOMME<\/td><td class=\"column-5\">2020<\/td><td class=\"column-6\"><a href=\"https:\/\/www.calendriers-artistiques.fr\/wp-content\/uploads\/calendriersmedia\/2020 (33).jpg\"><img loading=\"lazy\" src=\"https:\/\/www.calendriers-artistiques.fr\/wp-content\/uploads\/calendriersmedia\/vignette.jpg\" alt=\"\" width=\"33\" height=\"85\" class=\"alignnone size-full wp-image-24\" \/><\/a><\/td>\n<\/tr>\n<tr class=\"row-61 odd\">\n\t<td class=\"column-1\">LA PHARMACIE DE LA REPUBLIQUE<\/td><td class=\"column-2\">RUE DE LA REPUBLIQUE<\/td><td class=\"column-3\">SEES<\/td><td class=\"column-4\">ORNE<\/td><td class=\"column-5\">2020<\/td><td class=\"column-6\"><a href=\"https:\/\/www.calendriers-artistiques.fr\/wp-content\/uploads\/calendriersmedia\/2020 (34).jpg\"><img loading=\"lazy\" src=\"https:\/\/www.calendriers-artistiques.fr\/wp-content\/uploads\/calendriersmedia\/vignette.jpg\" alt=\"\" width=\"33\" height=\"85\" class=\"alignnone size-full wp-image-24\" \/><\/a><\/td>\n<\/tr>\n<tr class=\"row-62 even\">\n\t<td class=\"column-1\">LA PHARMACIE MARAIS<\/td><td class=\"column-2\">ROUTE DE BRETAGNE<\/td><td class=\"column-3\">TOURVILLE-SUR-ODON<\/td><td class=\"column-4\">CALVADOS<\/td><td class=\"column-5\">2020<\/td><td class=\"column-6\"><a href=\"https:\/\/www.calendriers-artistiques.fr\/wp-content\/uploads\/calendriersmedia\/2020 (35).jpg\"><img loading=\"lazy\" src=\"https:\/\/www.calendriers-artistiques.fr\/wp-content\/uploads\/calendriersmedia\/vignette.jpg\" alt=\"\" width=\"33\" height=\"85\" class=\"alignnone size-full wp-image-24\" \/><\/a><\/td>\n<\/tr>\n<tr class=\"row-63 odd\">\n\t<td class=\"column-1\">ASCQ PHARMA<\/td><td class=\"column-2\">RUE DES FUSILLES<\/td><td class=\"column-3\">VILLENEUVE-D'ASCQ<\/td><td class=\"column-4\">NORD<\/td><td class=\"column-5\">2020<\/td><td class=\"column-6\"><a href=\"https:\/\/www.calendriers-artistiques.fr\/wp-content\/uploads\/calendriersmedia\/2020 (36).jpg\"><img loading=\"lazy\" src=\"https:\/\/www.calendriers-artistiques.fr\/wp-content\/uploads\/calendriersmedia\/vignette.jpg\" alt=\"\" width=\"33\" height=\"85\" class=\"alignnone size-full wp-image-24\" \/><\/a><\/td>\n<\/tr>\n<tr class=\"row-64 even\">\n\t<td class=\"column-1\">LA PHARMACIE LECLERE-JOUEN<\/td><td class=\"column-2\">PLACE AMBROISE CROIZAT<\/td><td class=\"column-3\">ANDEVILLE<\/td><td class=\"column-4\">OISE<\/td><td class=\"column-5\">2019<\/td><td class=\"column-6\"><a href=\"https:\/\/www.calendriers-artistiques.fr\/wp-content\/uploads\/calendriersmedia\/2019 (1).jpg\"><img loading=\"lazy\" src=\"https:\/\/www.calendriers-artistiques.fr\/wp-content\/uploads\/calendriersmedia\/vignette.jpg\" alt=\"\" width=\"33\" height=\"85\" class=\"alignnone size-full wp-image-24\" \/><\/a><\/td>\n<\/tr>\n<tr class=\"row-65 odd\">\n\t<td class=\"column-1\">LA PHARMACIE MOREAU<\/td><td class=\"column-2\">RUE MAURICE POIRETTE<\/td><td class=\"column-3\">BACHANT <\/td><td class=\"column-4\">NORD<\/td><td class=\"column-5\">2019<\/td><td class=\"column-6\"><a href=\"https:\/\/www.calendriers-artistiques.fr\/wp-content\/uploads\/calendriersmedia\/2019 (2).jpg\"><img loading=\"lazy\" src=\"https:\/\/www.calendriers-artistiques.fr\/wp-content\/uploads\/calendriersmedia\/vignette.jpg\" alt=\"\" width=\"33\" height=\"85\" class=\"alignnone size-full wp-image-24\" \/><\/a><\/td>\n<\/tr>\n<tr class=\"row-66 even\">\n\t<td class=\"column-1\">LA PHARMACIE DU MARCHE<\/td><td class=\"column-2\">RUE NATIONALE<\/td><td class=\"column-3\">BAR-SUR-AUBE<\/td><td class=\"column-4\">AUBE<\/td><td class=\"column-5\">2019<\/td><td class=\"column-6\"><a href=\"https:\/\/www.calendriers-artistiques.fr\/wp-content\/uploads\/calendriersmedia\/2019 (3).jpg\"><img loading=\"lazy\" src=\"https:\/\/www.calendriers-artistiques.fr\/wp-content\/uploads\/calendriersmedia\/vignette.jpg\" alt=\"\" width=\"33\" height=\"85\" class=\"alignnone size-full wp-image-24\" \/><\/a><\/td>\n<\/tr>\n<tr class=\"row-67 odd\">\n\t<td class=\"column-1\">LA PHARMACIE DAMOISELLES<\/td><td class=\"column-2\">ALLEE DES FRERES MORANE<\/td><td class=\"column-3\">BETHENY<\/td><td class=\"column-4\">MARNE<\/td><td class=\"column-5\">2019<\/td><td class=\"column-6\"><a href=\"https:\/\/www.calendriers-artistiques.fr\/wp-content\/uploads\/calendriersmedia\/2019 (4).jpg\"><img loading=\"lazy\" src=\"https:\/\/www.calendriers-artistiques.fr\/wp-content\/uploads\/calendriersmedia\/vignette.jpg\" alt=\"\" width=\"33\" height=\"85\" class=\"alignnone size-full wp-image-24\" \/><\/a><\/td>\n<\/tr>\n<tr class=\"row-68 even\">\n\t<td class=\"column-1\">LA PHARMACIE LERNOULD<\/td><td class=\"column-2\">RUE AUGER <\/td><td class=\"column-3\">BOUSBECQUE<\/td><td class=\"column-4\">NORD<\/td><td class=\"column-5\">2019<\/td><td class=\"column-6\"><a href=\"https:\/\/www.calendriers-artistiques.fr\/wp-content\/uploads\/calendriersmedia\/2019 (5).jpg\"><img loading=\"lazy\" src=\"https:\/\/www.calendriers-artistiques.fr\/wp-content\/uploads\/calendriersmedia\/vignette.jpg\" alt=\"\" width=\"33\" height=\"85\" class=\"alignnone size-full wp-image-24\" \/><\/a><\/td>\n<\/tr>\n<tr class=\"row-69 odd\">\n\t<td class=\"column-1\">LA PHARMACIE PATIN<\/td><td class=\"column-2\">RUE DU GENERAL DE GAULLE<\/td><td class=\"column-3\">BREHAL<\/td><td class=\"column-4\">MANCHE<\/td><td class=\"column-5\">2019<\/td><td class=\"column-6\"><a href=\"https:\/\/www.calendriers-artistiques.fr\/wp-content\/uploads\/calendriersmedia\/2019 (6).jpg\"><img loading=\"lazy\" src=\"https:\/\/www.calendriers-artistiques.fr\/wp-content\/uploads\/calendriersmedia\/vignette.jpg\" alt=\"\" width=\"33\" height=\"85\" class=\"alignnone size-full wp-image-24\" \/><\/a><\/td>\n<\/tr>\n<tr class=\"row-70 even\">\n\t<td class=\"column-1\">LA PHARMACIE DU PONT MICHELET<\/td><td class=\"column-2\">AVENUE MICHELET<\/td><td class=\"column-3\">CAMBRAI<\/td><td class=\"column-4\">NORD<\/td><td class=\"column-5\">2019<\/td><td class=\"column-6\"><a href=\"https:\/\/www.calendriers-artistiques.fr\/wp-content\/uploads\/calendriersmedia\/2019 (7).jpg\"><img loading=\"lazy\" src=\"https:\/\/www.calendriers-artistiques.fr\/wp-content\/uploads\/calendriersmedia\/vignette.jpg\" alt=\"\" width=\"33\" height=\"85\" class=\"alignnone size-full wp-image-24\" \/><\/a><\/td>\n<\/tr>\n<tr class=\"row-71 odd\">\n\t<td class=\"column-1\">LA PHARMACIE DE LA MAYE<\/td><td class=\"column-2\">ROUTE DE RUE<\/td><td class=\"column-3\">CRECY-EN-PONTHIEU<\/td><td class=\"column-4\">SOMME<\/td><td class=\"column-5\">2019<\/td><td class=\"column-6\"><a href=\"https:\/\/www.calendriers-artistiques.fr\/wp-content\/uploads\/calendriersmedia\/2019 (8).jpg\"><img loading=\"lazy\" src=\"https:\/\/www.calendriers-artistiques.fr\/wp-content\/uploads\/calendriersmedia\/vignette.jpg\" alt=\"\" width=\"33\" height=\"85\" class=\"alignnone size-full wp-image-24\" \/><\/a><\/td>\n<\/tr>\n<tr class=\"row-72 even\">\n\t<td class=\"column-1\">LA PHARMACIE DU PONT DE L'YERES<\/td><td class=\"column-2\">RUE DE LA LIBERATION<\/td><td class=\"column-3\">CRIEL-SUR-MER<\/td><td class=\"column-4\">SEINE-MARITIME<\/td><td class=\"column-5\">2019<\/td><td class=\"column-6\"><a href=\"https:\/\/www.calendriers-artistiques.fr\/wp-content\/uploads\/calendriersmedia\/2019 (9).jpg\"><img loading=\"lazy\" src=\"https:\/\/www.calendriers-artistiques.fr\/wp-content\/uploads\/calendriersmedia\/vignette.jpg\" alt=\"\" width=\"33\" height=\"85\" class=\"alignnone size-full wp-image-24\" \/><\/a><\/td>\n<\/tr>\n<tr class=\"row-73 odd\">\n\t<td class=\"column-1\">LA PHARMACIE MOULAR<\/td><td class=\"column-2\">CENTRE COMMERCIAL CARREFOUR<\/td><td class=\"column-3\">DENAIN<\/td><td class=\"column-4\">NORD<\/td><td class=\"column-5\">2019<\/td><td class=\"column-6\"><a href=\"https:\/\/www.calendriers-artistiques.fr\/wp-content\/uploads\/calendriersmedia\/2019 (10).jpg\"><img loading=\"lazy\" src=\"https:\/\/www.calendriers-artistiques.fr\/wp-content\/uploads\/calendriersmedia\/vignette.jpg\" alt=\"\" width=\"33\" height=\"85\" class=\"alignnone size-full wp-image-24\" \/><\/a><\/td>\n<\/tr>\n<tr class=\"row-74 even\">\n\t<td class=\"column-1\">LA PHARMACIE VALOIS<\/td><td class=\"column-2\">PLACE BERGEROT<\/td><td class=\"column-3\">ESQUELBECQ<\/td><td class=\"column-4\">NORD<\/td><td class=\"column-5\">2019<\/td><td class=\"column-6\"><a href=\"https:\/\/www.calendriers-artistiques.fr\/wp-content\/uploads\/calendriersmedia\/2019 (11).jpg\"><img loading=\"lazy\" src=\"https:\/\/www.calendriers-artistiques.fr\/wp-content\/uploads\/calendriersmedia\/vignette.jpg\" alt=\"\" width=\"33\" height=\"85\" class=\"alignnone size-full wp-image-24\" \/><\/a><\/td>\n<\/tr>\n<tr class=\"row-75 odd\">\n\t<td class=\"column-1\">LA PHARMACIE D'ESSOYES<\/td><td class=\"column-2\">RUE VICTOR HUGO<\/td><td class=\"column-3\">ESSOYES<\/td><td class=\"column-4\">AUBE<\/td><td class=\"column-5\">2019<\/td><td class=\"column-6\"><a href=\"https:\/\/www.calendriers-artistiques.fr\/wp-content\/uploads\/calendriersmedia\/2019 (12).jpg\"><img loading=\"lazy\" src=\"https:\/\/www.calendriers-artistiques.fr\/wp-content\/uploads\/calendriersmedia\/vignette.jpg\" alt=\"\" width=\"33\" height=\"85\" class=\"alignnone size-full wp-image-24\" \/><\/a><\/td>\n<\/tr>\n<tr class=\"row-76 even\">\n\t<td class=\"column-1\">LA PHARMACIE DE LA T\u00caTE D'HOMME<\/td><td class=\"column-2\">RUE DU MARECHAL FOCH<\/td><td class=\"column-3\">EU<\/td><td class=\"column-4\">SEINE-MARITIME<\/td><td class=\"column-5\">2019<\/td><td class=\"column-6\"><a href=\"https:\/\/www.calendriers-artistiques.fr\/wp-content\/uploads\/calendriersmedia\/2019 (13).jpg\"><img loading=\"lazy\" src=\"https:\/\/www.calendriers-artistiques.fr\/wp-content\/uploads\/calendriersmedia\/vignette.jpg\" alt=\"\" width=\"33\" height=\"85\" class=\"alignnone size-full wp-image-24\" \/><\/a><\/td>\n<\/tr>\n<tr class=\"row-77 odd\">\n\t<td class=\"column-1\">LA PHARMACIE VITI<\/td><td class=\"column-2\">PLACE REINE MATHILDE<\/td><td class=\"column-3\">FALAISE<\/td><td class=\"column-4\">CALVADOS<\/td><td class=\"column-5\">2019<\/td><td class=\"column-6\"><a href=\"https:\/\/www.calendriers-artistiques.fr\/wp-content\/uploads\/calendriersmedia\/2019 (14).jpg\"><img loading=\"lazy\" src=\"https:\/\/www.calendriers-artistiques.fr\/wp-content\/uploads\/calendriersmedia\/vignette.jpg\" alt=\"\" width=\"33\" height=\"85\" class=\"alignnone size-full wp-image-24\" \/><\/a><\/td>\n<\/tr>\n<tr class=\"row-78 even\">\n\t<td class=\"column-1\">LA PHARMACIE DE L'EGLISE<\/td><td class=\"column-2\">PLACE DE LA REPUBLIQUE<\/td><td class=\"column-3\">FERRIERE-LA-GRANDE<\/td><td class=\"column-4\">NORD<\/td><td class=\"column-5\">2019<\/td><td class=\"column-6\"><a href=\"https:\/\/www.calendriers-artistiques.fr\/wp-content\/uploads\/calendriersmedia\/2019 (15).jpg\"><img loading=\"lazy\" src=\"https:\/\/www.calendriers-artistiques.fr\/wp-content\/uploads\/calendriersmedia\/vignette.jpg\" alt=\"\" width=\"33\" height=\"85\" class=\"alignnone size-full wp-image-24\" \/><\/a><\/td>\n<\/tr>\n<tr class=\"row-79 odd\">\n\t<td class=\"column-1\">LA PHARMACIE REGNIER<\/td><td class=\"column-2\">RUE PAUL LANGEVIN<\/td><td class=\"column-3\">GAUCHY<\/td><td class=\"column-4\">AISNE<\/td><td class=\"column-5\">2019<\/td><td class=\"column-6\"><a href=\"https:\/\/www.calendriers-artistiques.fr\/wp-content\/uploads\/calendriersmedia\/2019 (16).jpg\"><img loading=\"lazy\" src=\"https:\/\/www.calendriers-artistiques.fr\/wp-content\/uploads\/calendriersmedia\/vignette.jpg\" alt=\"\" width=\"33\" height=\"85\" class=\"alignnone size-full wp-image-24\" \/><\/a><\/td>\n<\/tr>\n<tr class=\"row-80 even\">\n\t<td class=\"column-1\">LA PHARMACIE DU GOURGAIN<\/td><td class=\"column-2\">RUE GANAERSTRAETE<\/td><td class=\"column-3\">GRANDE-SYNTHE<\/td><td class=\"column-4\">NORD<\/td><td class=\"column-5\">2019<\/td><td class=\"column-6\"><a href=\"https:\/\/www.calendriers-artistiques.fr\/wp-content\/uploads\/calendriersmedia\/2019 (17).jpg\"><img loading=\"lazy\" src=\"https:\/\/www.calendriers-artistiques.fr\/wp-content\/uploads\/calendriersmedia\/vignette.jpg\" alt=\"\" width=\"33\" height=\"85\" class=\"alignnone size-full wp-image-24\" \/><\/a><\/td>\n<\/tr>\n<tr class=\"row-81 odd\">\n\t<td class=\"column-1\">LA PHARMACIE DUHAMEL<\/td><td class=\"column-2\">RUE ALBERT 1er <\/td><td class=\"column-3\">GRAND-FORT-PHILIPPE<\/td><td class=\"column-4\">NORD<\/td><td class=\"column-5\">2019<\/td><td class=\"column-6\"><a href=\"https:\/\/www.calendriers-artistiques.fr\/wp-content\/uploads\/calendriersmedia\/2019 (18).jpg\"><img loading=\"lazy\" src=\"https:\/\/www.calendriers-artistiques.fr\/wp-content\/uploads\/calendriersmedia\/vignette.jpg\" alt=\"\" width=\"33\" height=\"85\" class=\"alignnone size-full wp-image-24\" \/><\/a><\/td>\n<\/tr>\n<tr class=\"row-82 even\">\n\t<td class=\"column-1\">LA PHARMACIE KOJFER<\/td><td class=\"column-2\">RUE LESAGE<\/td><td class=\"column-3\">HAILLICOURT<\/td><td class=\"column-4\">PAS-DE-CALAIS<\/td><td class=\"column-5\">2019<\/td><td class=\"column-6\"><a href=\"https:\/\/www.calendriers-artistiques.fr\/wp-content\/uploads\/calendriersmedia\/2019 (19).jpg\"><img loading=\"lazy\" src=\"https:\/\/www.calendriers-artistiques.fr\/wp-content\/uploads\/calendriersmedia\/vignette.jpg\" alt=\"\" width=\"33\" height=\"85\" class=\"alignnone size-full wp-image-24\" \/><\/a><\/td>\n<\/tr>\n<tr class=\"row-83 odd\">\n\t<td class=\"column-1\">LA PHARMACIE BERTOUX-FORESTIER<\/td><td class=\"column-2\">PLACE DE LA MAIRIE<\/td><td class=\"column-3\">HANGEST-EN-SANTERRE<\/td><td class=\"column-4\">SOMME<\/td><td class=\"column-5\">2019<\/td><td class=\"column-6\"><a href=\"https:\/\/www.calendriers-artistiques.fr\/wp-content\/uploads\/calendriersmedia\/2019 (20).jpg\"><img loading=\"lazy\" src=\"https:\/\/www.calendriers-artistiques.fr\/wp-content\/uploads\/calendriersmedia\/vignette.jpg\" alt=\"\" width=\"33\" height=\"85\" class=\"alignnone size-full wp-image-24\" \/><\/a><\/td>\n<\/tr>\n<tr class=\"row-84 even\">\n\t<td class=\"column-1\">LA PHARMACIE LEBLANC<\/td><td class=\"column-2\">DOMAINE DU MANOIR<\/td><td class=\"column-3\">HESIDN-L'ABBE<\/td><td class=\"column-4\">PAS-DE-CALAIS<\/td><td class=\"column-5\">2019<\/td><td class=\"column-6\"><a href=\"https:\/\/www.calendriers-artistiques.fr\/wp-content\/uploads\/calendriersmedia\/2019 (21).jpg\"><img loading=\"lazy\" src=\"https:\/\/www.calendriers-artistiques.fr\/wp-content\/uploads\/calendriersmedia\/vignette.jpg\" alt=\"\" width=\"33\" height=\"85\" class=\"alignnone size-full wp-image-24\" \/><\/a><\/td>\n<\/tr>\n<tr class=\"row-85 odd\">\n\t<td class=\"column-1\">LA PHARMACIE BASSET<\/td><td class=\"column-2\">RUE JEAN BUDNYCK<\/td><td class=\"column-3\">HOMBLIERES<\/td><td class=\"column-4\">AISNE<\/td><td class=\"column-5\">2019<\/td><td class=\"column-6\"><a href=\"https:\/\/www.calendriers-artistiques.fr\/wp-content\/uploads\/calendriersmedia\/2019 (22).jpg\"><img loading=\"lazy\" src=\"https:\/\/www.calendriers-artistiques.fr\/wp-content\/uploads\/calendriersmedia\/vignette.jpg\" alt=\"\" width=\"33\" height=\"85\" class=\"alignnone size-full wp-image-24\" \/><\/a><\/td>\n<\/tr>\n<tr class=\"row-86 even\">\n\t<td class=\"column-1\">LA PHARMACIE LEDRU<\/td><td class=\"column-2\">RUE DU MARECHAL FOCH<\/td><td class=\"column-3\">IWUY<\/td><td class=\"column-4\">NORD<\/td><td class=\"column-5\">2019<\/td><td class=\"column-6\"><a href=\"https:\/\/www.calendriers-artistiques.fr\/wp-content\/uploads\/calendriersmedia\/2019 (23).jpg\"><img loading=\"lazy\" src=\"https:\/\/www.calendriers-artistiques.fr\/wp-content\/uploads\/calendriersmedia\/vignette.jpg\" alt=\"\" width=\"33\" height=\"85\" class=\"alignnone size-full wp-image-24\" \/><\/a><\/td>\n<\/tr>\n<tr class=\"row-87 odd\">\n\t<td class=\"column-1\">LA PHARMACIE TRAN<\/td><td class=\"column-2\">RUE GABRIEL CORTEL<\/td><td class=\"column-3\">JOIGNY<\/td><td class=\"column-4\">YONNE<\/td><td class=\"column-5\">2019<\/td><td class=\"column-6\"><a href=\"https:\/\/www.calendriers-artistiques.fr\/wp-content\/uploads\/calendriersmedia\/2019 (24).jpg\"><img loading=\"lazy\" src=\"https:\/\/www.calendriers-artistiques.fr\/wp-content\/uploads\/calendriersmedia\/vignette.jpg\" alt=\"\" width=\"33\" height=\"85\" class=\"alignnone size-full wp-image-24\" \/><\/a><\/td>\n<\/tr>\n<tr class=\"row-88 even\">\n\t<td class=\"column-1\">LA PHARMACIE DE L'AVENUE<\/td><td class=\"column-2\">AVENUE DU LIEUTENANT JEAN TOUCAS<\/td><td class=\"column-3\">LA CRAU<\/td><td class=\"column-4\">VAR<\/td><td class=\"column-5\">2019<\/td><td class=\"column-6\"><a href=\"https:\/\/www.calendriers-artistiques.fr\/wp-content\/uploads\/calendriersmedia\/2019 (25).jpg\"><img loading=\"lazy\" src=\"https:\/\/www.calendriers-artistiques.fr\/wp-content\/uploads\/calendriersmedia\/vignette.jpg\" alt=\"\" width=\"33\" height=\"85\" class=\"alignnone size-full wp-image-24\" \/><\/a><\/td>\n<\/tr>\n<tr class=\"row-89 odd\">\n\t<td class=\"column-1\">LE BAR-TABAC \"CHEZ SEVERINE\"<\/td><td class=\"column-2\">PLACE DE L'EGLISE<\/td><td class=\"column-3\">LANGOAT<\/td><td class=\"column-4\">C\u00d4TES-D'ARMOR<\/td><td class=\"column-5\">2019<\/td><td class=\"column-6\"><a href=\"https:\/\/www.calendriers-artistiques.fr\/wp-content\/uploads\/calendriersmedia\/2019 (26).jpg\"><img loading=\"lazy\" src=\"https:\/\/www.calendriers-artistiques.fr\/wp-content\/uploads\/calendriersmedia\/vignette.jpg\" alt=\"\" width=\"33\" height=\"85\" class=\"alignnone size-full wp-image-24\" \/><\/a><\/td>\n<\/tr>\n<tr class=\"row-90 even\">\n\t<td class=\"column-1\">LA PHARMACIE ROCHOISE<\/td><td class=\"column-2\">PLACE DU MARTRAY<\/td><td class=\"column-3\">LA ROCHE-DERRIEN<\/td><td class=\"column-4\">C\u00d4TES-D'ARMOR<\/td><td class=\"column-5\">2019<\/td><td class=\"column-6\"><a href=\"https:\/\/www.calendriers-artistiques.fr\/wp-content\/uploads\/calendriersmedia\/2019 (27).jpg\"><img loading=\"lazy\" src=\"https:\/\/www.calendriers-artistiques.fr\/wp-content\/uploads\/calendriersmedia\/vignette.jpg\" alt=\"\" width=\"33\" height=\"85\" class=\"alignnone size-full wp-image-24\" \/><\/a><\/td>\n<\/tr>\n<tr class=\"row-91 odd\">\n\t<td class=\"column-1\">LA PHARMACIE DE LA VANNERIE<\/td><td class=\"column-2\">ROUTE NATIONALE<\/td><td class=\"column-3\">LE BOISLE<\/td><td class=\"column-4\">SOMME<\/td><td class=\"column-5\">2019<\/td><td class=\"column-6\"><a href=\"https:\/\/www.calendriers-artistiques.fr\/wp-content\/uploads\/calendriersmedia\/2019 (28).jpg\"><img loading=\"lazy\" src=\"https:\/\/www.calendriers-artistiques.fr\/wp-content\/uploads\/calendriersmedia\/vignette.jpg\" alt=\"\" width=\"33\" height=\"85\" class=\"alignnone size-full wp-image-24\" \/><\/a><\/td>\n<\/tr>\n<tr class=\"row-92 even\">\n\t<td class=\"column-1\">LA PHARMACIE DE LOISY<\/td><td class=\"column-2\">RUE DE CHOISET<\/td><td class=\"column-3\">LOISY-SUR-MARNE<\/td><td class=\"column-4\">MARNE<\/td><td class=\"column-5\">2019<\/td><td class=\"column-6\"><a href=\"https:\/\/www.calendriers-artistiques.fr\/wp-content\/uploads\/calendriersmedia\/2019 (29).jpg\"><img loading=\"lazy\" src=\"https:\/\/www.calendriers-artistiques.fr\/wp-content\/uploads\/calendriersmedia\/vignette.jpg\" alt=\"\" width=\"33\" height=\"85\" class=\"alignnone size-full wp-image-24\" \/><\/a><\/td>\n<\/tr>\n<tr class=\"row-93 odd\">\n\t<td class=\"column-1\">LA PHARMACIE DU BEFFROI<\/td><td class=\"column-2\">PLACE DE LA LIBERATION<\/td><td class=\"column-3\">MERVILLE<\/td><td class=\"column-4\">NORD<\/td><td class=\"column-5\">2019<\/td><td class=\"column-6\"><a href=\"https:\/\/www.calendriers-artistiques.fr\/wp-content\/uploads\/calendriersmedia\/2019 (30).jpg\"><img loading=\"lazy\" src=\"https:\/\/www.calendriers-artistiques.fr\/wp-content\/uploads\/calendriersmedia\/vignette.jpg\" alt=\"\" width=\"33\" height=\"85\" class=\"alignnone size-full wp-image-24\" \/><\/a><\/td>\n<\/tr>\n<tr class=\"row-94 even\">\n\t<td class=\"column-1\">LA PHARMACIE NESLOISE<\/td><td class=\"column-2\">RUE GAMBETTA<\/td><td class=\"column-3\">NESLE<\/td><td class=\"column-4\">SOMME<\/td><td class=\"column-5\">2019<\/td><td class=\"column-6\"><a href=\"https:\/\/www.calendriers-artistiques.fr\/wp-content\/uploads\/calendriersmedia\/2019 (31).jpg\"><img loading=\"lazy\" src=\"https:\/\/www.calendriers-artistiques.fr\/wp-content\/uploads\/calendriersmedia\/vignette.jpg\" alt=\"\" width=\"33\" height=\"85\" class=\"alignnone size-full wp-image-24\" \/><\/a><\/td>\n<\/tr>\n<tr class=\"row-95 odd\">\n\t<td class=\"column-1\">LA PHARMACIE PONT D'ORSON<\/td><td class=\"column-2\">PLACE DE L'H\u00d4TEL DE VILLE<\/td><td class=\"column-3\">PONTORSON<\/td><td class=\"column-4\">MANCHE<\/td><td class=\"column-5\">2019<\/td><td class=\"column-6\"><a href=\"https:\/\/www.calendriers-artistiques.fr\/wp-content\/uploads\/calendriersmedia\/2019 (32).jpg\"><img loading=\"lazy\" src=\"https:\/\/www.calendriers-artistiques.fr\/wp-content\/uploads\/calendriersmedia\/vignette.jpg\" alt=\"\" width=\"33\" height=\"85\" class=\"alignnone size-full wp-image-24\" \/><\/a><\/td>\n<\/tr>\n<tr class=\"row-96 even\">\n\t<td class=\"column-1\">LA PHARMACIE DU CENTRE<\/td><td class=\"column-2\">RUE VICTOR HUGO<\/td><td class=\"column-3\">REVIN<\/td><td class=\"column-4\">ARDENNES<\/td><td class=\"column-5\">2019<\/td><td class=\"column-6\"><a href=\"https:\/\/www.calendriers-artistiques.fr\/wp-content\/uploads\/calendriersmedia\/2019 (33).jpg\"><img loading=\"lazy\" src=\"https:\/\/www.calendriers-artistiques.fr\/wp-content\/uploads\/calendriersmedia\/vignette.jpg\" alt=\"\" width=\"33\" height=\"85\" class=\"alignnone size-full wp-image-24\" \/><\/a><\/td>\n<\/tr>\n<tr class=\"row-97 odd\">\n\t<td class=\"column-1\">LA PHARMACIE GALERNEAU<\/td><td class=\"column-2\">RUE JEAN JAURES<\/td><td class=\"column-3\">SAINS-DU-NORD<\/td><td class=\"column-4\">NORD<\/td><td class=\"column-5\">2019<\/td><td class=\"column-6\"><a href=\"https:\/\/www.calendriers-artistiques.fr\/wp-content\/uploads\/calendriersmedia\/2019 (34).jpg\"><img loading=\"lazy\" src=\"https:\/\/www.calendriers-artistiques.fr\/wp-content\/uploads\/calendriersmedia\/vignette.jpg\" alt=\"\" width=\"33\" height=\"85\" class=\"alignnone size-full wp-image-24\" \/><\/a><\/td>\n<\/tr>\n<tr class=\"row-98 even\">\n\t<td class=\"column-1\">LA PHARMACIE DES POLDERS<\/td><td class=\"column-2\">RUE DE LA BOUSSAQUIERE<\/td><td class=\"column-3\">SAINT BROLADRE<\/td><td class=\"column-4\">ILLE-ET-VILAINE<\/td><td class=\"column-5\">2019<\/td><td class=\"column-6\"><a href=\"https:\/\/www.calendriers-artistiques.fr\/wp-content\/uploads\/calendriersmedia\/2019 (35).jpg\"><img loading=\"lazy\" src=\"https:\/\/www.calendriers-artistiques.fr\/wp-content\/uploads\/calendriersmedia\/vignette.jpg\" alt=\"\" width=\"33\" height=\"85\" class=\"alignnone size-full wp-image-24\" \/><\/a><\/td>\n<\/tr>\n<tr class=\"row-99 odd\">\n\t<td class=\"column-1\">LA PHARMACIE DE SAINTE-HONORINE<\/td><td class=\"column-2\">RUE DU GENERAL REVEL DE BRETTEVILLE<\/td><td class=\"column-3\">SAINTE-HONORINE-DU-FAY<\/td><td class=\"column-4\">CALVADOS<\/td><td class=\"column-5\">2019<\/td><td class=\"column-6\"><a href=\"https:\/\/www.calendriers-artistiques.fr\/wp-content\/uploads\/calendriersmedia\/2019 (36).jpg\"><img loading=\"lazy\" src=\"https:\/\/www.calendriers-artistiques.fr\/wp-content\/uploads\/calendriersmedia\/vignette.jpg\" alt=\"\" width=\"33\" height=\"85\" class=\"alignnone size-full wp-image-24\" \/><\/a><\/td>\n<\/tr>\n<tr class=\"row-100 even\">\n\t<td class=\"column-1\">LA PHARMACIE DE L'ARGONNE<\/td><td class=\"column-2\">PLACE D'AUSTERLITZ<\/td><td class=\"column-3\">SAINTE-MENEHOULD<\/td><td class=\"column-4\">MARNE<\/td><td class=\"column-5\">2019<\/td><td class=\"column-6\"><a href=\"https:\/\/www.calendriers-artistiques.fr\/wp-content\/uploads\/calendriersmedia\/2019 (37).jpg\"><img loading=\"lazy\" src=\"https:\/\/www.calendriers-artistiques.fr\/wp-content\/uploads\/calendriersmedia\/vignette.jpg\" alt=\"\" width=\"33\" height=\"85\" class=\"alignnone size-full wp-image-24\" \/><\/a><\/td>\n<\/tr>\n<tr class=\"row-101 odd\">\n\t<td class=\"column-1\">LA PHARMACIE LEBRETON-GUIGNARD<\/td><td class=\"column-2\">ALLEE GERARD MAGNE<\/td><td class=\"column-3\">SAINT FLORENTIN<\/td><td class=\"column-4\">YONNE<\/td><td class=\"column-5\">2019<\/td><td class=\"column-6\"><a href=\"https:\/\/www.calendriers-artistiques.fr\/wp-content\/uploads\/calendriersmedia\/2019 (38).jpg\"><img loading=\"lazy\" src=\"https:\/\/www.calendriers-artistiques.fr\/wp-content\/uploads\/calendriersmedia\/vignette.jpg\" alt=\"\" width=\"33\" height=\"85\" class=\"alignnone size-full wp-image-24\" \/><\/a><\/td>\n<\/tr>\n<tr class=\"row-102 even\">\n\t<td class=\"column-1\">LA PHARMACIE DE SAINT LUNAIRE<\/td><td class=\"column-2\">RUE DE L'ANCIEN MARCHE<\/td><td class=\"column-3\">SAINT-LUNAIRE<\/td><td class=\"column-4\">ILLE-ET-VILAINE<\/td><td class=\"column-5\">2019<\/td><td class=\"column-6\"><a href=\"https:\/\/www.calendriers-artistiques.fr\/wp-content\/uploads\/calendriersmedia\/2019 (39).jpg\"><img loading=\"lazy\" src=\"https:\/\/www.calendriers-artistiques.fr\/wp-content\/uploads\/calendriersmedia\/vignette.jpg\" alt=\"\" width=\"33\" height=\"85\" class=\"alignnone size-full wp-image-24\" \/><\/a><\/td>\n<\/tr>\n<tr class=\"row-103 odd\">\n\t<td class=\"column-1\">LA PHARMACIE LAMARTINE<\/td><td class=\"column-2\">PLACE LAMARTINE<\/td><td class=\"column-3\">SAINT-RAPHA\u00cbL<\/td><td class=\"column-4\">VAR<\/td><td class=\"column-5\">2019<\/td><td class=\"column-6\"><a href=\"https:\/\/www.calendriers-artistiques.fr\/wp-content\/uploads\/calendriersmedia\/2019 (40).jpg\"><img loading=\"lazy\" src=\"https:\/\/www.calendriers-artistiques.fr\/wp-content\/uploads\/calendriersmedia\/vignette.jpg\" alt=\"\" width=\"33\" height=\"85\" class=\"alignnone size-full wp-image-24\" \/><\/a><\/td>\n<\/tr>\n<tr class=\"row-104 even\">\n\t<td class=\"column-1\">LA PHARMACIE VERMES<\/td><td class=\"column-2\">PLACE DE L'EGLISE<\/td><td class=\"column-3\">SAINT-RIQUIER<\/td><td class=\"column-4\">SOMME<\/td><td class=\"column-5\">2019<\/td><td class=\"column-6\"><a href=\"https:\/\/www.calendriers-artistiques.fr\/wp-content\/uploads\/calendriersmedia\/2019 (41).jpg\"><img loading=\"lazy\" src=\"https:\/\/www.calendriers-artistiques.fr\/wp-content\/uploads\/calendriersmedia\/vignette.jpg\" alt=\"\" width=\"33\" height=\"85\" class=\"alignnone size-full wp-image-24\" \/><\/a><\/td>\n<\/tr>\n<tr class=\"row-105 odd\">\n\t<td class=\"column-1\">LA PHARMACIE DU MARCHE<\/td><td class=\"column-2\">PLACE DU MARCHE<\/td><td class=\"column-3\">SARREBOURG<\/td><td class=\"column-4\">MOSELLE<\/td><td class=\"column-5\">2019<\/td><td class=\"column-6\"><a href=\"https:\/\/www.calendriers-artistiques.fr\/wp-content\/uploads\/calendriersmedia\/2019 (42).jpg\"><img loading=\"lazy\" src=\"https:\/\/www.calendriers-artistiques.fr\/wp-content\/uploads\/calendriersmedia\/vignette.jpg\" alt=\"\" width=\"33\" height=\"85\" class=\"alignnone size-full wp-image-24\" \/><\/a><\/td>\n<\/tr>\n<tr class=\"row-106 even\">\n\t<td class=\"column-1\">LA PHARMACIE ALAVOINE<\/td><td class=\"column-2\">RUE LOUISE ROBERT DE LA TOUR<\/td><td class=\"column-3\">SERAUCOURT-LE-GRAND<\/td><td class=\"column-4\">AISNE<\/td><td class=\"column-5\">2019<\/td><td class=\"column-6\"><a href=\"https:\/\/www.calendriers-artistiques.fr\/wp-content\/uploads\/calendriersmedia\/2019 (43).jpg\"><img loading=\"lazy\" src=\"https:\/\/www.calendriers-artistiques.fr\/wp-content\/uploads\/calendriersmedia\/vignette.jpg\" alt=\"\" width=\"33\" height=\"85\" class=\"alignnone size-full wp-image-24\" \/><\/a><\/td>\n<\/tr>\n<tr class=\"row-107 odd\">\n\t<td class=\"column-1\">LA PHARMACIE DU PARC<\/td><td class=\"column-2\">RUE DE MENIN<\/td><td class=\"column-3\">TOURCOING<\/td><td class=\"column-4\">NORD<\/td><td class=\"column-5\">2019<\/td><td class=\"column-6\"><a href=\"https:\/\/www.calendriers-artistiques.fr\/wp-content\/uploads\/calendriersmedia\/2019 (44).jpg\"><img loading=\"lazy\" src=\"https:\/\/www.calendriers-artistiques.fr\/wp-content\/uploads\/calendriersmedia\/vignette.jpg\" alt=\"\" width=\"33\" height=\"85\" class=\"alignnone size-full wp-image-24\" \/><\/a><\/td>\n<\/tr>\n<tr class=\"row-108 even\">\n\t<td class=\"column-1\">LA PHARMACIE SAINTE-BRIGITTE<\/td><td class=\"column-2\">AVENUE WILSON<\/td><td class=\"column-3\">VIDAUBAN<\/td><td class=\"column-4\">VAR<\/td><td class=\"column-5\">2019<\/td><td class=\"column-6\"><a href=\"https:\/\/www.calendriers-artistiques.fr\/wp-content\/uploads\/calendriersmedia\/2019 (45).jpg\"><img loading=\"lazy\" src=\"https:\/\/www.calendriers-artistiques.fr\/wp-content\/uploads\/calendriersmedia\/vignette.jpg\" alt=\"\" width=\"33\" height=\"85\" class=\"alignnone size-full wp-image-24\" \/><\/a><\/td>\n<\/tr>\n<tr class=\"row-109 odd\">\n\t<td class=\"column-1\">AILLY-LE-HAUT-CLOCHER<\/td><td class=\"column-2\">ROUTE NATIONALE<\/td><td class=\"column-3\">LA PHARMACIE DU HAUT CLOCHER<\/td><td class=\"column-4\">SOMME<\/td><td class=\"column-5\">2018<\/td><td class=\"column-6\"><a href=\"https:\/\/www.calendriers-artistiques.fr\/wp-content\/uploads\/calendriersmedia\/2018 (1).jpg\"><img loading=\"lazy\" src=\"https:\/\/www.calendriers-artistiques.fr\/wp-content\/uploads\/calendriersmedia\/vignette.jpg\" alt=\"\" width=\"33\" height=\"85\" class=\"alignnone size-full wp-image-24\" \/><\/a><\/td>\n<\/tr>\n<tr class=\"row-110 even\">\n\t<td class=\"column-1\">BERCK-SUR-MER<\/td><td class=\"column-2\">RUE DE L'IMPERATRICE<\/td><td class=\"column-3\">LA PHARMACIE DACQUET<\/td><td class=\"column-4\">PAS-DE-CALAIS<\/td><td class=\"column-5\">2018<\/td><td class=\"column-6\"><a href=\"https:\/\/www.calendriers-artistiques.fr\/wp-content\/uploads\/calendriersmedia\/2018 (2).jpg\"><img loading=\"lazy\" src=\"https:\/\/www.calendriers-artistiques.fr\/wp-content\/uploads\/calendriersmedia\/vignette.jpg\" alt=\"\" width=\"33\" height=\"85\" class=\"alignnone size-full wp-image-24\" \/><\/a><\/td>\n<\/tr>\n<tr class=\"row-111 odd\">\n\t<td class=\"column-1\">BREHAL<\/td><td class=\"column-2\">RUE DU GENERAL DE GAULLE<\/td><td class=\"column-3\">LA PHARMACIE PATIN<\/td><td class=\"column-4\">MANCHE<\/td><td class=\"column-5\">2018<\/td><td class=\"column-6\"><a href=\"https:\/\/www.calendriers-artistiques.fr\/wp-content\/uploads\/calendriersmedia\/2018 (3).jpg\"><img loading=\"lazy\" src=\"https:\/\/www.calendriers-artistiques.fr\/wp-content\/uploads\/calendriersmedia\/vignette.jpg\" alt=\"\" width=\"33\" height=\"85\" class=\"alignnone size-full wp-image-24\" \/><\/a><\/td>\n<\/tr>\n<tr class=\"row-112 even\">\n\t<td class=\"column-1\">BRUAY-LA-BUISSIERE<\/td><td class=\"column-2\">RUE ROGER SALENGRO<\/td><td class=\"column-3\">LA PHARMACIE DU STADE PARC<\/td><td class=\"column-4\">PAS-DE-CALAIS<\/td><td class=\"column-5\">2018<\/td><td class=\"column-6\"><a href=\"https:\/\/www.calendriers-artistiques.fr\/wp-content\/uploads\/calendriersmedia\/2018 (4).jpg\"><img loading=\"lazy\" src=\"https:\/\/www.calendriers-artistiques.fr\/wp-content\/uploads\/calendriersmedia\/vignette.jpg\" alt=\"\" width=\"33\" height=\"85\" class=\"alignnone size-full wp-image-24\" \/><\/a><\/td>\n<\/tr>\n<tr class=\"row-113 odd\">\n\t<td class=\"column-1\">CALAIS<\/td><td class=\"column-2\">AVENUE LOUIS BLERIOT<\/td><td class=\"column-3\">LA PHARMACIE BRIANE-LECLERCQ-RAMON<\/td><td class=\"column-4\">PAS-DE-CALAIS<\/td><td class=\"column-5\">2018<\/td><td class=\"column-6\"><a href=\"https:\/\/www.calendriers-artistiques.fr\/wp-content\/uploads\/calendriersmedia\/2018 (5).jpg\"><img loading=\"lazy\" src=\"https:\/\/www.calendriers-artistiques.fr\/wp-content\/uploads\/calendriersmedia\/vignette.jpg\" alt=\"\" width=\"33\" height=\"85\" class=\"alignnone size-full wp-image-24\" \/><\/a><\/td>\n<\/tr>\n<tr class=\"row-114 even\">\n\t<td class=\"column-1\">COUSSEY<\/td><td class=\"column-2\">GRANDE RUE<\/td><td class=\"column-3\">LA PHARMACIE DE COUSSEY<\/td><td class=\"column-4\">VOSGES<\/td><td class=\"column-5\">2018<\/td><td class=\"column-6\"><a href=\"https:\/\/www.calendriers-artistiques.fr\/wp-content\/uploads\/calendriersmedia\/2018 (6).jpg\"><img loading=\"lazy\" src=\"https:\/\/www.calendriers-artistiques.fr\/wp-content\/uploads\/calendriersmedia\/vignette.jpg\" alt=\"\" width=\"33\" height=\"85\" class=\"alignnone size-full wp-image-24\" \/><\/a><\/td>\n<\/tr>\n<tr class=\"row-115 odd\">\n\t<td class=\"column-1\">DARGNIES<\/td><td class=\"column-2\">RUE DE CORNEHOTTE<\/td><td class=\"column-3\">LA PHARMACIE LETELLIER<\/td><td class=\"column-4\">SOMME<\/td><td class=\"column-5\">2018<\/td><td class=\"column-6\"><a href=\"https:\/\/www.calendriers-artistiques.fr\/wp-content\/uploads\/calendriersmedia\/2018 (7).jpg\"><img loading=\"lazy\" src=\"https:\/\/www.calendriers-artistiques.fr\/wp-content\/uploads\/calendriersmedia\/vignette.jpg\" alt=\"\" width=\"33\" height=\"85\" class=\"alignnone size-full wp-image-24\" \/><\/a><\/td>\n<\/tr>\n<tr class=\"row-116 even\">\n\t<td class=\"column-1\">DENAIN<\/td><td class=\"column-2\">CENTRE COMMERCIAL CARREFOUR<\/td><td class=\"column-3\">LA PHARMACIE MOULAR<\/td><td class=\"column-4\">NORD<\/td><td class=\"column-5\">2018<\/td><td class=\"column-6\"><a href=\"https:\/\/www.calendriers-artistiques.fr\/wp-content\/uploads\/calendriersmedia\/2018 (8).jpg\"><img loading=\"lazy\" src=\"https:\/\/www.calendriers-artistiques.fr\/wp-content\/uploads\/calendriersmedia\/vignette.jpg\" alt=\"\" width=\"33\" height=\"85\" class=\"alignnone size-full wp-image-24\" \/><\/a><\/td>\n<\/tr>\n<tr class=\"row-117 odd\">\n\t<td class=\"column-1\">DEVILLE<\/td><td class=\"column-2\">GRAND'RUE<\/td><td class=\"column-3\">LA PHARMACIE CHARDARD<\/td><td class=\"column-4\">ARDENNES<\/td><td class=\"column-5\">2018<\/td><td class=\"column-6\"><a href=\"https:\/\/www.calendriers-artistiques.fr\/wp-content\/uploads\/calendriersmedia\/2018 (9).jpg\"><img loading=\"lazy\" src=\"https:\/\/www.calendriers-artistiques.fr\/wp-content\/uploads\/calendriersmedia\/vignette.jpg\" alt=\"\" width=\"33\" height=\"85\" class=\"alignnone size-full wp-image-24\" \/><\/a><\/td>\n<\/tr>\n<tr class=\"row-118 even\">\n\t<td class=\"column-1\">DOULAINCOURT-SAUCOURT<\/td><td class=\"column-2\">RUE DU GENERAL LECLERC<\/td><td class=\"column-3\">LA PHARMACIE POULIN<\/td><td class=\"column-4\">HAUTE-MARNE<\/td><td class=\"column-5\">2018<\/td><td class=\"column-6\"><a href=\"https:\/\/www.calendriers-artistiques.fr\/wp-content\/uploads\/calendriersmedia\/2018 (10).jpg\"><img loading=\"lazy\" src=\"https:\/\/www.calendriers-artistiques.fr\/wp-content\/uploads\/calendriersmedia\/vignette.jpg\" alt=\"\" width=\"33\" height=\"85\" class=\"alignnone size-full wp-image-24\" \/><\/a><\/td>\n<\/tr>\n<tr class=\"row-119 odd\">\n\t<td class=\"column-1\">FECAMP<\/td><td class=\"column-2\">RUE SAINT-ETIENNE<\/td><td class=\"column-3\">LA PHARMACIE SAINT-ETIENNE<\/td><td class=\"column-4\">SEINE-MARITIME<\/td><td class=\"column-5\">2018<\/td><td class=\"column-6\"><a href=\"https:\/\/www.calendriers-artistiques.fr\/wp-content\/uploads\/calendriersmedia\/2018 (11).jpg\"><img loading=\"lazy\" src=\"https:\/\/www.calendriers-artistiques.fr\/wp-content\/uploads\/calendriersmedia\/vignette.jpg\" alt=\"\" width=\"33\" height=\"85\" class=\"alignnone size-full wp-image-24\" \/><\/a><\/td>\n<\/tr>\n<tr class=\"row-120 even\">\n\t<td class=\"column-1\">FRESNES-SUR-ESCAUT<\/td><td class=\"column-2\">PLACE VAILLANT COUTURIER<\/td><td class=\"column-3\">LA PHARMACIE DE LA GRAND PLACE<\/td><td class=\"column-4\">NORD<\/td><td class=\"column-5\">2018<\/td><td class=\"column-6\"><a href=\"https:\/\/www.calendriers-artistiques.fr\/wp-content\/uploads\/calendriersmedia\/2018 (12).jpg\"><img loading=\"lazy\" src=\"https:\/\/www.calendriers-artistiques.fr\/wp-content\/uploads\/calendriersmedia\/vignette.jpg\" alt=\"\" width=\"33\" height=\"85\" class=\"alignnone size-full wp-image-24\" \/><\/a><\/td>\n<\/tr>\n<tr class=\"row-121 odd\">\n\t<td class=\"column-1\">FRESSENNEVILLE<\/td><td class=\"column-2\">RUE VOLTAIRE<\/td><td class=\"column-3\">LA PHARMACIE DE FRESSENNEVILLE<\/td><td class=\"column-4\">SOMME<\/td><td class=\"column-5\">2018<\/td><td class=\"column-6\"><a href=\"https:\/\/www.calendriers-artistiques.fr\/wp-content\/uploads\/calendriersmedia\/2018 (13).jpg\"><img loading=\"lazy\" src=\"https:\/\/www.calendriers-artistiques.fr\/wp-content\/uploads\/calendriersmedia\/vignette.jpg\" alt=\"\" width=\"33\" height=\"85\" class=\"alignnone size-full wp-image-24\" \/><\/a><\/td>\n<\/tr>\n<tr class=\"row-122 even\">\n\t<td class=\"column-1\">GODERVILLE<\/td><td class=\"column-2\">PLACE DE VERDUN<\/td><td class=\"column-3\">LA PHARMACIE GEULIN<\/td><td class=\"column-4\">SEINE-MARITIME<\/td><td class=\"column-5\">2018<\/td><td class=\"column-6\"><a href=\"https:\/\/www.calendriers-artistiques.fr\/wp-content\/uploads\/calendriersmedia\/2018 (14).jpg\"><img loading=\"lazy\" src=\"https:\/\/www.calendriers-artistiques.fr\/wp-content\/uploads\/calendriersmedia\/vignette.jpg\" alt=\"\" width=\"33\" height=\"85\" class=\"alignnone size-full wp-image-24\" \/><\/a><\/td>\n<\/tr>\n<tr class=\"row-123 odd\">\n\t<td class=\"column-1\">GOUSSAINVILLE<\/td><td class=\"column-2\">RUE ROBERT PELTIER<\/td><td class=\"column-3\">LA PHARMACIE DES GRANDES BORNES<\/td><td class=\"column-4\">VAL-D'OISE<\/td><td class=\"column-5\">2018<\/td><td class=\"column-6\"><a href=\"https:\/\/www.calendriers-artistiques.fr\/wp-content\/uploads\/calendriersmedia\/2018 (15).jpg\"><img loading=\"lazy\" src=\"https:\/\/www.calendriers-artistiques.fr\/wp-content\/uploads\/calendriersmedia\/vignette.jpg\" alt=\"\" width=\"33\" height=\"85\" class=\"alignnone size-full wp-image-24\" \/><\/a><\/td>\n<\/tr>\n<tr class=\"row-124 even\">\n\t<td class=\"column-1\">GRANDE-SYNTHE<\/td><td class=\"column-2\">RUE GANAERSTRAETE<\/td><td class=\"column-3\">LA PHARMACIE DU GOURGAIN<\/td><td class=\"column-4\">NORD<\/td><td class=\"column-5\">2018<\/td><td class=\"column-6\"><a href=\"https:\/\/www.calendriers-artistiques.fr\/wp-content\/uploads\/calendriersmedia\/2018 (16).jpg\"><img loading=\"lazy\" src=\"https:\/\/www.calendriers-artistiques.fr\/wp-content\/uploads\/calendriersmedia\/vignette.jpg\" alt=\"\" width=\"33\" height=\"85\" class=\"alignnone size-full wp-image-24\" \/><\/a><\/td>\n<\/tr>\n<tr class=\"row-125 odd\">\n\t<td class=\"column-1\">GRAND-FORT-PHILIPPE<\/td><td class=\"column-2\">RUE ALBERT 1er <\/td><td class=\"column-3\">LA PHARMACIE DUHAMEL<\/td><td class=\"column-4\">NORD<\/td><td class=\"column-5\">2018<\/td><td class=\"column-6\"><a href=\"https:\/\/www.calendriers-artistiques.fr\/wp-content\/uploads\/calendriersmedia\/2018 (17).jpg\"><img loading=\"lazy\" src=\"https:\/\/www.calendriers-artistiques.fr\/wp-content\/uploads\/calendriersmedia\/vignette.jpg\" alt=\"\" width=\"33\" height=\"85\" class=\"alignnone size-full wp-image-24\" \/><\/a><\/td>\n<\/tr>\n<tr class=\"row-126 even\">\n\t<td class=\"column-1\">HARBONNIERES<\/td><td class=\"column-2\">RUE DE LIHONS<\/td><td class=\"column-3\">LA PHARMACIE HUYGHE<\/td><td class=\"column-4\">SOMME<\/td><td class=\"column-5\">2018<\/td><td class=\"column-6\"><a href=\"https:\/\/www.calendriers-artistiques.fr\/wp-content\/uploads\/calendriersmedia\/2018 (18).jpg\"><img loading=\"lazy\" src=\"https:\/\/www.calendriers-artistiques.fr\/wp-content\/uploads\/calendriersmedia\/vignette.jpg\" alt=\"\" width=\"33\" height=\"85\" class=\"alignnone size-full wp-image-24\" \/><\/a><\/td>\n<\/tr>\n<tr class=\"row-127 odd\">\n\t<td class=\"column-1\">HOMBLIERES<\/td><td class=\"column-2\">RUE JEAN BUDNYCK<\/td><td class=\"column-3\">LA PHARMACIE BASSET<\/td><td class=\"column-4\">AISNE<\/td><td class=\"column-5\">2018<\/td><td class=\"column-6\"><a href=\"https:\/\/www.calendriers-artistiques.fr\/wp-content\/uploads\/calendriersmedia\/2018 (19).jpg\"><img loading=\"lazy\" src=\"https:\/\/www.calendriers-artistiques.fr\/wp-content\/uploads\/calendriersmedia\/vignette.jpg\" alt=\"\" width=\"33\" height=\"85\" class=\"alignnone size-full wp-image-24\" \/><\/a><\/td>\n<\/tr>\n<tr class=\"row-128 even\">\n\t<td class=\"column-1\">JOUY-LE-MOUTIER<\/td><td class=\"column-2\">BOULEVARD DE L'OISE<\/td><td class=\"column-3\">LA PHARMACIE DES MERISIERS<\/td><td class=\"column-4\">VAL-D'OISE<\/td><td class=\"column-5\">2018<\/td><td class=\"column-6\"><a href=\"https:\/\/www.calendriers-artistiques.fr\/wp-content\/uploads\/calendriersmedia\/2018 (20).jpg\"><img loading=\"lazy\" src=\"https:\/\/www.calendriers-artistiques.fr\/wp-content\/uploads\/calendriersmedia\/vignette.jpg\" alt=\"\" width=\"33\" height=\"85\" class=\"alignnone size-full wp-image-24\" \/><\/a><\/td>\n<\/tr>\n<tr class=\"row-129 odd\">\n\t<td class=\"column-1\">LA ROCHE-DERRIEN<\/td><td class=\"column-2\">PLACE DU MARTRAY<\/td><td class=\"column-3\">LA PHARMACIE ROCHOISE<\/td><td class=\"column-4\">C\u00d4TES-D'ARMOR<\/td><td class=\"column-5\">2018<\/td><td class=\"column-6\"><a href=\"https:\/\/www.calendriers-artistiques.fr\/wp-content\/uploads\/calendriersmedia\/2018 (21).jpg\"><img loading=\"lazy\" src=\"https:\/\/www.calendriers-artistiques.fr\/wp-content\/uploads\/calendriersmedia\/vignette.jpg\" alt=\"\" width=\"33\" height=\"85\" class=\"alignnone size-full wp-image-24\" \/><\/a><\/td>\n<\/tr>\n<tr class=\"row-130 even\">\n\t<td class=\"column-1\">LE LUC EN PROVENCE<\/td><td class=\"column-2\">RUE DE LA REPUBLIQUE<\/td><td class=\"column-3\">LA PHARMACIE LES ARCADES<\/td><td class=\"column-4\">VAR<\/td><td class=\"column-5\">2018<\/td><td class=\"column-6\"><a href=\"https:\/\/www.calendriers-artistiques.fr\/wp-content\/uploads\/calendriersmedia\/2018 (22).jpg\"><img loading=\"lazy\" src=\"https:\/\/www.calendriers-artistiques.fr\/wp-content\/uploads\/calendriersmedia\/vignette.jpg\" alt=\"\" width=\"33\" height=\"85\" class=\"alignnone size-full wp-image-24\" \/><\/a><\/td>\n<\/tr>\n<tr class=\"row-131 odd\">\n\t<td class=\"column-1\">LE PLESSIS-TREVISE<\/td><td class=\"column-2\">ALLEE AMBALAIS<\/td><td class=\"column-3\">LA PHARMACIE DU MARCHE<\/td><td class=\"column-4\">VAL-DE-MARNE<\/td><td class=\"column-5\">2018<\/td><td class=\"column-6\"><a href=\"https:\/\/www.calendriers-artistiques.fr\/wp-content\/uploads\/calendriersmedia\/2018 (23).jpg\"><img loading=\"lazy\" src=\"https:\/\/www.calendriers-artistiques.fr\/wp-content\/uploads\/calendriersmedia\/vignette.jpg\" alt=\"\" width=\"33\" height=\"85\" class=\"alignnone size-full wp-image-24\" \/><\/a><\/td>\n<\/tr>\n<tr class=\"row-132 even\">\n\t<td class=\"column-1\">LINSELLES<\/td><td class=\"column-2\">RUE DE TOURCOING<\/td><td class=\"column-3\">LA PHARMACIE DE L'H\u00d4TEL DE VILLE<\/td><td class=\"column-4\">NORD<\/td><td class=\"column-5\">2018<\/td><td class=\"column-6\"><a href=\"https:\/\/www.calendriers-artistiques.fr\/wp-content\/uploads\/calendriersmedia\/2018 (24).jpg\"><img loading=\"lazy\" src=\"https:\/\/www.calendriers-artistiques.fr\/wp-content\/uploads\/calendriersmedia\/vignette.jpg\" alt=\"\" width=\"33\" height=\"85\" class=\"alignnone size-full wp-image-24\" \/><\/a><\/td>\n<\/tr>\n<tr class=\"row-133 odd\">\n\t<td class=\"column-1\">LUNERAY<\/td><td class=\"column-2\">RUE DU GENERAL DE GAULLE<\/td><td class=\"column-3\">LA PHARMACIE OUVRY JEANNE<\/td><td class=\"column-4\">SEINE-MARITIME<\/td><td class=\"column-5\">2018<\/td><td class=\"column-6\"><a href=\"https:\/\/www.calendriers-artistiques.fr\/wp-content\/uploads\/calendriersmedia\/2018 (25).jpg\"><img loading=\"lazy\" src=\"https:\/\/www.calendriers-artistiques.fr\/wp-content\/uploads\/calendriersmedia\/vignette.jpg\" alt=\"\" width=\"33\" height=\"85\" class=\"alignnone size-full wp-image-24\" \/><\/a><\/td>\n<\/tr>\n<tr class=\"row-134 even\">\n\t<td class=\"column-1\">MAGNY-LE-HONGRE<\/td><td class=\"column-2\">RUE DE LA CLE DES CHAMPS<\/td><td class=\"column-3\">LA PHARMACIE DE MAGNY<\/td><td class=\"column-4\">SEINE-ET-MARNE<\/td><td class=\"column-5\">2018<\/td><td class=\"column-6\"><a href=\"https:\/\/www.calendriers-artistiques.fr\/wp-content\/uploads\/calendriersmedia\/2018 (26).jpg\"><img loading=\"lazy\" src=\"https:\/\/www.calendriers-artistiques.fr\/wp-content\/uploads\/calendriersmedia\/vignette.jpg\" alt=\"\" width=\"33\" height=\"85\" class=\"alignnone size-full wp-image-24\" \/><\/a><\/td>\n<\/tr>\n<tr class=\"row-135 odd\">\n\t<td class=\"column-1\">MAING<\/td><td class=\"column-2\">RUE JEAN JAURES<\/td><td class=\"column-3\">LA PHARMACIE DESROUSSEAUX<\/td><td class=\"column-4\">NORD<\/td><td class=\"column-5\">2018<\/td><td class=\"column-6\"><a href=\"https:\/\/www.calendriers-artistiques.fr\/wp-content\/uploads\/calendriersmedia\/2018 (27).jpg\"><img loading=\"lazy\" src=\"https:\/\/www.calendriers-artistiques.fr\/wp-content\/uploads\/calendriersmedia\/vignette.jpg\" alt=\"\" width=\"33\" height=\"85\" class=\"alignnone size-full wp-image-24\" \/><\/a><\/td>\n<\/tr>\n<tr class=\"row-136 even\">\n\t<td class=\"column-1\">MERS-LES-BAINS<\/td><td class=\"column-2\">AVENUE PIERRE ET MARIE CURIE<\/td><td class=\"column-3\">LA PHARMACIE LECLERCQ<\/td><td class=\"column-4\">SOMME<\/td><td class=\"column-5\">2018<\/td><td class=\"column-6\"><a href=\"https:\/\/www.calendriers-artistiques.fr\/wp-content\/uploads\/calendriersmedia\/2018 (28).jpg\"><img loading=\"lazy\" src=\"https:\/\/www.calendriers-artistiques.fr\/wp-content\/uploads\/calendriersmedia\/vignette.jpg\" alt=\"\" width=\"33\" height=\"85\" class=\"alignnone size-full wp-image-24\" \/><\/a><\/td>\n<\/tr>\n<tr class=\"row-137 odd\">\n\t<td class=\"column-1\">NESLE<\/td><td class=\"column-2\">RUE GAMBETTA<\/td><td class=\"column-3\">LA PHARMACIE NESLOISE<\/td><td class=\"column-4\">SOMME<\/td><td class=\"column-5\">2018<\/td><td class=\"column-6\"><a href=\"https:\/\/www.calendriers-artistiques.fr\/wp-content\/uploads\/calendriersmedia\/2018 (29).jpg\"><img loading=\"lazy\" src=\"https:\/\/www.calendriers-artistiques.fr\/wp-content\/uploads\/calendriersmedia\/vignette.jpg\" alt=\"\" width=\"33\" height=\"85\" class=\"alignnone size-full wp-image-24\" \/><\/a><\/td>\n<\/tr>\n<tr class=\"row-138 even\">\n\t<td class=\"column-1\">PAVILLY<\/td><td class=\"column-2\">RUE JEAN MAILLARD<\/td><td class=\"column-3\">LA PHARMACIE VANDECANDELAERE<\/td><td class=\"column-4\">SEINE-MARITIME<\/td><td class=\"column-5\">2018<\/td><td class=\"column-6\"><a href=\"https:\/\/www.calendriers-artistiques.fr\/wp-content\/uploads\/calendriersmedia\/2018 (30).jpg\"><img loading=\"lazy\" src=\"https:\/\/www.calendriers-artistiques.fr\/wp-content\/uploads\/calendriersmedia\/vignette.jpg\" alt=\"\" width=\"33\" height=\"85\" class=\"alignnone size-full wp-image-24\" \/><\/a><\/td>\n<\/tr>\n<tr class=\"row-139 odd\">\n\t<td class=\"column-1\">PONTORSON<\/td><td class=\"column-2\">PLACE DE L'H\u00d4TEL DE VILLE<\/td><td class=\"column-3\">LA PHARMACIE PONT D'ORSON<\/td><td class=\"column-4\">MANCHE<\/td><td class=\"column-5\">2018<\/td><td class=\"column-6\"><a href=\"https:\/\/www.calendriers-artistiques.fr\/wp-content\/uploads\/calendriersmedia\/2018 (31).jpg\"><img loading=\"lazy\" src=\"https:\/\/www.calendriers-artistiques.fr\/wp-content\/uploads\/calendriersmedia\/vignette.jpg\" alt=\"\" width=\"33\" height=\"85\" class=\"alignnone size-full wp-image-24\" \/><\/a><\/td>\n<\/tr>\n<tr class=\"row-140 even\">\n\t<td class=\"column-1\">REVIN<\/td><td class=\"column-2\">RUE VICTOR HUGO<\/td><td class=\"column-3\">LA PHARMACIE DU CENTRE<\/td><td class=\"column-4\">ARDENNES<\/td><td class=\"column-5\">2018<\/td><td class=\"column-6\"><a href=\"https:\/\/www.calendriers-artistiques.fr\/wp-content\/uploads\/calendriersmedia\/2018 (32).jpg\"><img loading=\"lazy\" src=\"https:\/\/www.calendriers-artistiques.fr\/wp-content\/uploads\/calendriersmedia\/vignette.jpg\" alt=\"\" width=\"33\" height=\"85\" class=\"alignnone size-full wp-image-24\" \/><\/a><\/td>\n<\/tr>\n<tr class=\"row-141 odd\">\n\t<td class=\"column-1\">ROISSY-EN-BRIE<\/td><td class=\"column-2\">AVENUE LA MALIBRAN<\/td><td class=\"column-3\">LA PHARMACIE LA MALIBRAN<\/td><td class=\"column-4\">SEINE-MARITIME<\/td><td class=\"column-5\">2018<\/td><td class=\"column-6\"><a href=\"https:\/\/www.calendriers-artistiques.fr\/wp-content\/uploads\/calendriersmedia\/2018 (33).jpg\"><img loading=\"lazy\" src=\"https:\/\/www.calendriers-artistiques.fr\/wp-content\/uploads\/calendriersmedia\/vignette.jpg\" alt=\"\" width=\"33\" height=\"85\" class=\"alignnone size-full wp-image-24\" \/><\/a><\/td>\n<\/tr>\n<tr class=\"row-142 even\">\n\t<td class=\"column-1\">RONCEY<\/td><td class=\"column-2\">RUE DE LA LIBERTE<\/td><td class=\"column-3\">LA PHARMACIE WALA-CANDON<\/td><td class=\"column-4\">MANCHE<\/td><td class=\"column-5\">2018<\/td><td class=\"column-6\"><a href=\"https:\/\/www.calendriers-artistiques.fr\/wp-content\/uploads\/calendriersmedia\/2018 (34).jpg\"><img loading=\"lazy\" src=\"https:\/\/www.calendriers-artistiques.fr\/wp-content\/uploads\/calendriersmedia\/vignette.jpg\" alt=\"\" width=\"33\" height=\"85\" class=\"alignnone size-full wp-image-24\" \/><\/a><\/td>\n<\/tr>\n<tr class=\"row-143 odd\">\n\t<td class=\"column-1\">SAINT-DIZIER<\/td><td class=\"column-2\">PLACE DU GENERAL DE GAULLE<\/td><td class=\"column-3\">LA PHARMACIE DE LA COURONNE<\/td><td class=\"column-4\">HAUTE-MARNE<\/td><td class=\"column-5\">2018<\/td><td class=\"column-6\"><a href=\"https:\/\/www.calendriers-artistiques.fr\/wp-content\/uploads\/calendriersmedia\/2018 (35).jpg\"><img loading=\"lazy\" src=\"https:\/\/www.calendriers-artistiques.fr\/wp-content\/uploads\/calendriersmedia\/vignette.jpg\" alt=\"\" width=\"33\" height=\"85\" class=\"alignnone size-full wp-image-24\" \/><\/a><\/td>\n<\/tr>\n<tr class=\"row-144 even\">\n\t<td class=\"column-1\">SAINTE-HONORINE-DU-FAY<\/td><td class=\"column-2\">RUE DU GENERAL REVEL DE BRETTEVILLE<\/td><td class=\"column-3\">LA PHARMACIE DE SAINTE-HONORINE<\/td><td class=\"column-4\">CALVADOS<\/td><td class=\"column-5\">2018<\/td><td class=\"column-6\"><a href=\"https:\/\/www.calendriers-artistiques.fr\/wp-content\/uploads\/calendriersmedia\/2018 (36).jpg\"><img loading=\"lazy\" src=\"https:\/\/www.calendriers-artistiques.fr\/wp-content\/uploads\/calendriersmedia\/vignette.jpg\" alt=\"\" width=\"33\" height=\"85\" class=\"alignnone size-full wp-image-24\" \/><\/a><\/td>\n<\/tr>\n<tr class=\"row-145 odd\">\n\t<td class=\"column-1\">SAINT-LUNAIRE<\/td><td class=\"column-2\">DUE DE L'ANCIEN MARCHE<\/td><td class=\"column-3\">LA PHARMACIE DE SAINT LUNAIRE<\/td><td class=\"column-4\">ILLE-ET-VILAINE<\/td><td class=\"column-5\">2018<\/td><td class=\"column-6\"><a href=\"https:\/\/www.calendriers-artistiques.fr\/wp-content\/uploads\/calendriersmedia\/2018 (37).jpg\"><img loading=\"lazy\" src=\"https:\/\/www.calendriers-artistiques.fr\/wp-content\/uploads\/calendriersmedia\/vignette.jpg\" alt=\"\" width=\"33\" height=\"85\" class=\"alignnone size-full wp-image-24\" \/><\/a><\/td>\n<\/tr>\n<tr class=\"row-146 even\">\n\t<td class=\"column-1\">SAINT-MELOIR-DES-ONDES<\/td><td class=\"column-2\">RUE DE LA BAIE<\/td><td class=\"column-3\">LA PHARMACIE DES ONDES<\/td><td class=\"column-4\">ILLE-ET-VILAINE<\/td><td class=\"column-5\">2018<\/td><td class=\"column-6\"><a href=\"https:\/\/www.calendriers-artistiques.fr\/wp-content\/uploads\/calendriersmedia\/2018 (38).jpg\"><img loading=\"lazy\" src=\"https:\/\/www.calendriers-artistiques.fr\/wp-content\/uploads\/calendriersmedia\/vignette.jpg\" alt=\"\" width=\"33\" height=\"85\" class=\"alignnone size-full wp-image-24\" \/><\/a><\/td>\n<\/tr>\n<tr class=\"row-147 odd\">\n\t<td class=\"column-1\">THIANT<\/td><td class=\"column-2\">RUE GUSTAVE DELORY<\/td><td class=\"column-3\">LA PHARMACIE DE L'ECAILLON<\/td><td class=\"column-4\">NORD<\/td><td class=\"column-5\">2018<\/td><td class=\"column-6\"><a href=\"https:\/\/www.calendriers-artistiques.fr\/wp-content\/uploads\/calendriersmedia\/2018 (39).jpg\"><img loading=\"lazy\" src=\"https:\/\/www.calendriers-artistiques.fr\/wp-content\/uploads\/calendriersmedia\/vignette.jpg\" alt=\"\" width=\"33\" height=\"85\" class=\"alignnone size-full wp-image-24\" \/><\/a><\/td>\n<\/tr>\n<tr class=\"row-148 even\">\n\t<td class=\"column-1\">TOURCOING<\/td><td class=\"column-2\">RUE ACHILLE TESTELIN<\/td><td class=\"column-3\">LA PHARMACIE DU BOULEVARD<\/td><td class=\"column-4\">NORD<\/td><td class=\"column-5\">2018<\/td><td class=\"column-6\"><a href=\"https:\/\/www.calendriers-artistiques.fr\/wp-content\/uploads\/calendriersmedia\/2018 (40).jpg\"><img loading=\"lazy\" src=\"https:\/\/www.calendriers-artistiques.fr\/wp-content\/uploads\/calendriersmedia\/vignette.jpg\" alt=\"\" width=\"33\" height=\"85\" class=\"alignnone size-full wp-image-24\" \/><\/a><\/td>\n<\/tr>\n<tr class=\"row-149 odd\">\n\t<td class=\"column-1\">TOURVILLE-SUR-ODON<\/td><td class=\"column-2\">ROUTE DE BRETAGNE<\/td><td class=\"column-3\">LA PHARMACIE MARAIS<\/td><td class=\"column-4\">CALVADOS<\/td><td class=\"column-5\">2018<\/td><td class=\"column-6\"><a href=\"https:\/\/www.calendriers-artistiques.fr\/wp-content\/uploads\/calendriersmedia\/2018 (41).jpg\"><img loading=\"lazy\" src=\"https:\/\/www.calendriers-artistiques.fr\/wp-content\/uploads\/calendriersmedia\/vignette.jpg\" alt=\"\" width=\"33\" height=\"85\" class=\"alignnone size-full wp-image-24\" \/><\/a><\/td>\n<\/tr>\n<tr class=\"row-150 even\">\n\t<td class=\"column-1\">VALENCIENNES<\/td><td class=\"column-2\">PLACE DU CANADA<\/td><td class=\"column-3\">LA PHARMACIE DE PA PLACE DU CANADA<\/td><td class=\"column-4\">NORD<\/td><td class=\"column-5\">2018<\/td><td class=\"column-6\"><a href=\"https:\/\/www.calendriers-artistiques.fr\/wp-content\/uploads\/calendriersmedia\/2018 (42).jpg\"><img loading=\"lazy\" src=\"https:\/\/www.calendriers-artistiques.fr\/wp-content\/uploads\/calendriersmedia\/vignette.jpg\" alt=\"\" width=\"33\" height=\"85\" class=\"alignnone size-full wp-image-24\" \/><\/a><\/td>\n<\/tr>\n<tr class=\"row-151 odd\">\n\t<td class=\"column-1\">VILLEPARISIS<\/td><td class=\"column-2\">RUE DE RUZE<\/td><td class=\"column-3\">LA PHARMACIE DE LA MAIRIE<\/td><td class=\"column-4\">SEINE-ET-MARNE<\/td><td class=\"column-5\">2018<\/td><td class=\"column-6\"><a href=\"https:\/\/www.calendriers-artistiques.fr\/wp-content\/uploads\/calendriersmedia\/2018 (43).jpg\"><img loading=\"lazy\" src=\"https:\/\/www.calendriers-artistiques.fr\/wp-content\/uploads\/calendriersmedia\/vignette.jpg\" alt=\"\" width=\"33\" height=\"85\" class=\"alignnone size-full wp-image-24\" \/><\/a><\/td>\n<\/tr>\n<tr class=\"row-152 even\">\n\t<td class=\"column-1\">WISSANT<\/td><td class=\"column-2\">PLACE DE LA MAIRIE<\/td><td class=\"column-3\">LA PHARMACIE DE LA C\u00d4TE<\/td><td class=\"column-4\">PAS-DE-CALAIS<\/td><td class=\"column-5\">2018<\/td><td class=\"column-6\"><a href=\"https:\/\/www.calendriers-artistiques.fr\/wp-content\/uploads\/calendriersmedia\/2018 (44).jpg\"><img loading=\"lazy\" src=\"https:\/\/www.calendriers-artistiques.fr\/wp-content\/uploads\/calendriersmedia\/vignette.jpg\" alt=\"\" width=\"33\" height=\"85\" class=\"alignnone size-full wp-image-24\" \/><\/a><\/td>\n<\/tr>\n<tr class=\"row-153 odd\">\n\t<td class=\"column-1\">ACHIET LE GRAND<\/td><td class=\"column-2\">RUE DE BAPAUME<\/td><td class=\"column-3\">LA PHARMACIE LEFRERE<\/td><td class=\"column-4\">PAS-DE-CALAIS<\/td><td class=\"column-5\">2017<\/td><td class=\"column-6\"><a href=\"https:\/\/www.calendriers-artistiques.fr\/wp-content\/uploads\/calendriersmedia\/2017 (1).jpg\"><img loading=\"lazy\" src=\"https:\/\/www.calendriers-artistiques.fr\/wp-content\/uploads\/calendriersmedia\/vignette.jpg\" alt=\"\" width=\"33\" height=\"85\" class=\"alignnone size-full wp-image-24\" \/><\/a><\/td>\n<\/tr>\n<tr class=\"row-154 even\">\n\t<td class=\"column-1\">ALENCON<\/td><td class=\"column-2\">RUE DU MANS<\/td><td class=\"column-3\">LA PHARMACIE DE MONTSORT<\/td><td class=\"column-4\">ORNE<\/td><td class=\"column-5\">2017<\/td><td class=\"column-6\"><a href=\"https:\/\/www.calendriers-artistiques.fr\/wp-content\/uploads\/calendriersmedia\/2017 (2).jpg\"><img loading=\"lazy\" src=\"https:\/\/www.calendriers-artistiques.fr\/wp-content\/uploads\/calendriersmedia\/vignette.jpg\" alt=\"\" width=\"33\" height=\"85\" class=\"alignnone size-full wp-image-24\" \/><\/a><\/td>\n<\/tr>\n<tr class=\"row-155 odd\">\n\t<td class=\"column-1\">ANICHE<\/td><td class=\"column-2\">RUE PATOUX<\/td><td class=\"column-3\">LA PHARMACIE DECROOS<\/td><td class=\"column-4\">NORD<\/td><td class=\"column-5\">2017<\/td><td class=\"column-6\"><a href=\"https:\/\/www.calendriers-artistiques.fr\/wp-content\/uploads\/calendriersmedia\/2017 (3).jpg\"><img loading=\"lazy\" src=\"https:\/\/www.calendriers-artistiques.fr\/wp-content\/uploads\/calendriersmedia\/vignette.jpg\" alt=\"\" width=\"33\" height=\"85\" class=\"alignnone size-full wp-image-24\" \/><\/a><\/td>\n<\/tr>\n<tr class=\"row-156 even\">\n\t<td class=\"column-1\">ANNEZIN<\/td><td class=\"column-2\">PLACE HERMANT<\/td><td class=\"column-3\">LA PHARMACIE DU CENTRE<\/td><td class=\"column-4\">PAS-DE-CALAIS<\/td><td class=\"column-5\">2017<\/td><td class=\"column-6\"><a href=\"https:\/\/www.calendriers-artistiques.fr\/wp-content\/uploads\/calendriersmedia\/2017 (4).jpg\"><img loading=\"lazy\" src=\"https:\/\/www.calendriers-artistiques.fr\/wp-content\/uploads\/calendriersmedia\/vignette.jpg\" alt=\"\" width=\"33\" height=\"85\" class=\"alignnone size-full wp-image-24\" \/><\/a><\/td>\n<\/tr>\n<tr class=\"row-157 odd\">\n\t<td class=\"column-1\">AUXERRE<\/td><td class=\"column-2\">PLACE DU CADRAN<\/td><td class=\"column-3\">LA PHARMACIE DES PIEDSLLOUES<\/td><td class=\"column-4\">YONNE<\/td><td class=\"column-5\">2017<\/td><td class=\"column-6\"><a href=\"https:\/\/www.calendriers-artistiques.fr\/wp-content\/uploads\/calendriersmedia\/2017 (5).jpg\"><img loading=\"lazy\" src=\"https:\/\/www.calendriers-artistiques.fr\/wp-content\/uploads\/calendriersmedia\/vignette.jpg\" alt=\"\" width=\"33\" height=\"85\" class=\"alignnone size-full wp-image-24\" \/><\/a><\/td>\n<\/tr>\n<tr class=\"row-158 even\">\n\t<td class=\"column-1\">BEAUVAIS<\/td><td class=\"column-2\">RUE MAURICE SEGONDS<\/td><td class=\"column-3\">LA PHARMACIE LOMBARD<\/td><td class=\"column-4\">OISE<\/td><td class=\"column-5\">2017<\/td><td class=\"column-6\"><a href=\"https:\/\/www.calendriers-artistiques.fr\/wp-content\/uploads\/calendriersmedia\/2017 (6).jpg\"><img loading=\"lazy\" src=\"https:\/\/www.calendriers-artistiques.fr\/wp-content\/uploads\/calendriersmedia\/vignette.jpg\" alt=\"\" width=\"33\" height=\"85\" class=\"alignnone size-full wp-image-24\" \/><\/a><\/td>\n<\/tr>\n<tr class=\"row-159 odd\">\n\t<td class=\"column-1\">BEUZEVILLE<\/td><td class=\"column-2\">RUE CONSTANT FOUCHE<\/td><td class=\"column-3\">LA PHARMACIE DE LA MORELLE<\/td><td class=\"column-4\">EURE<\/td><td class=\"column-5\">2017<\/td><td class=\"column-6\"><a href=\"https:\/\/www.calendriers-artistiques.fr\/wp-content\/uploads\/calendriersmedia\/2017 (7).jpg\"><img loading=\"lazy\" src=\"https:\/\/www.calendriers-artistiques.fr\/wp-content\/uploads\/calendriersmedia\/vignette.jpg\" alt=\"\" width=\"33\" height=\"85\" class=\"alignnone size-full wp-image-24\" \/><\/a><\/td>\n<\/tr>\n<tr class=\"row-160 even\">\n\t<td class=\"column-1\">CH\u00c2LONS-EN-CHAMPAGNE<\/td><td class=\"column-2\">RUE DE LA MARNE<\/td><td class=\"column-3\">LA PHARMACIE DE LA MARNE<\/td><td class=\"column-4\">MARNE<\/td><td class=\"column-5\">2017<\/td><td class=\"column-6\"><a href=\"https:\/\/www.calendriers-artistiques.fr\/wp-content\/uploads\/calendriersmedia\/2017 (8).jpg\"><img loading=\"lazy\" src=\"https:\/\/www.calendriers-artistiques.fr\/wp-content\/uploads\/calendriersmedia\/vignette.jpg\" alt=\"\" width=\"33\" height=\"85\" class=\"alignnone size-full wp-image-24\" \/><\/a><\/td>\n<\/tr>\n<tr class=\"row-161 odd\">\n\t<td class=\"column-1\">COMMERCY<\/td><td class=\"column-2\">PLACE CHARLES DE GAULLE<\/td><td class=\"column-3\">LA PHARMACIE CENTRALE<\/td><td class=\"column-4\">MEUSE<\/td><td class=\"column-5\">2017<\/td><td class=\"column-6\"><a href=\"https:\/\/www.calendriers-artistiques.fr\/wp-content\/uploads\/calendriersmedia\/2017 (9).jpg\"><img loading=\"lazy\" src=\"https:\/\/www.calendriers-artistiques.fr\/wp-content\/uploads\/calendriersmedia\/vignette.jpg\" alt=\"\" width=\"33\" height=\"85\" class=\"alignnone size-full wp-image-24\" \/><\/a><\/td>\n<\/tr>\n<tr class=\"row-162 even\">\n\t<td class=\"column-1\">COUSSEY<\/td><td class=\"column-2\">GRANDE RUE<\/td><td class=\"column-3\">LA PHARMACIE DE COUSSEY<\/td><td class=\"column-4\">VOSGES<\/td><td class=\"column-5\">2017<\/td><td class=\"column-6\"><a href=\"https:\/\/www.calendriers-artistiques.fr\/wp-content\/uploads\/calendriersmedia\/2017 (10).jpg\"><img loading=\"lazy\" src=\"https:\/\/www.calendriers-artistiques.fr\/wp-content\/uploads\/calendriersmedia\/vignette.jpg\" alt=\"\" width=\"33\" height=\"85\" class=\"alignnone size-full wp-image-24\" \/><\/a><\/td>\n<\/tr>\n<tr class=\"row-163 odd\">\n\t<td class=\"column-1\">DENAIN<\/td><td class=\"column-2\">CENTRE COMMERCIAL CARREFOUR<\/td><td class=\"column-3\">LA PHARMACIE MOULAR<\/td><td class=\"column-4\">NORD<\/td><td class=\"column-5\">2017<\/td><td class=\"column-6\"><a href=\"https:\/\/www.calendriers-artistiques.fr\/wp-content\/uploads\/calendriersmedia\/2017 (11).jpg\"><img loading=\"lazy\" src=\"https:\/\/www.calendriers-artistiques.fr\/wp-content\/uploads\/calendriersmedia\/vignette.jpg\" alt=\"\" width=\"33\" height=\"85\" class=\"alignnone size-full wp-image-24\" \/><\/a><\/td>\n<\/tr>\n<tr class=\"row-164 even\">\n\t<td class=\"column-1\">DEVILLE<\/td><td class=\"column-2\">GRAND'RUE<\/td><td class=\"column-3\">LA PHARMACIE CHARDARD<\/td><td class=\"column-4\">ARDENNES<\/td><td class=\"column-5\">2017<\/td><td class=\"column-6\"><a href=\"https:\/\/www.calendriers-artistiques.fr\/wp-content\/uploads\/calendriersmedia\/2017 (12).jpg\"><img loading=\"lazy\" src=\"https:\/\/www.calendriers-artistiques.fr\/wp-content\/uploads\/calendriersmedia\/vignette.jpg\" alt=\"\" width=\"33\" height=\"85\" class=\"alignnone size-full wp-image-24\" \/><\/a><\/td>\n<\/tr>\n<tr class=\"row-165 odd\">\n\t<td class=\"column-1\">ERNEE<\/td><td class=\"column-2\">PLACE THIERS<\/td><td class=\"column-3\">LA PHARMACIE THOURET<\/td><td class=\"column-4\">MAYENNE<\/td><td class=\"column-5\">2017<\/td><td class=\"column-6\"><a href=\"https:\/\/www.calendriers-artistiques.fr\/wp-content\/uploads\/calendriersmedia\/2017 (13).jpg\"><img loading=\"lazy\" src=\"https:\/\/www.calendriers-artistiques.fr\/wp-content\/uploads\/calendriersmedia\/vignette.jpg\" alt=\"\" width=\"33\" height=\"85\" class=\"alignnone size-full wp-image-24\" \/><\/a><\/td>\n<\/tr>\n<tr class=\"row-166 even\">\n\t<td class=\"column-1\">FALAISE<\/td><td class=\"column-2\">PLACE REINE MATHILDE<\/td><td class=\"column-3\">LA PHARMACIE VITI<\/td><td class=\"column-4\">CALVADOS<\/td><td class=\"column-5\">2017<\/td><td class=\"column-6\"><a href=\"https:\/\/www.calendriers-artistiques.fr\/wp-content\/uploads\/calendriersmedia\/2017 (14).jpg\"><img loading=\"lazy\" src=\"https:\/\/www.calendriers-artistiques.fr\/wp-content\/uploads\/calendriersmedia\/vignette.jpg\" alt=\"\" width=\"33\" height=\"85\" class=\"alignnone size-full wp-image-24\" \/><\/a><\/td>\n<\/tr>\n<tr class=\"row-167 odd\">\n\t<td class=\"column-1\">FERIN<\/td><td class=\"column-2\">RUE MONTET<\/td><td class=\"column-3\">LA PHARMACIE MARTIN<\/td><td class=\"column-4\">NORD<\/td><td class=\"column-5\">2017<\/td><td class=\"column-6\"><a href=\"https:\/\/www.calendriers-artistiques.fr\/wp-content\/uploads\/calendriersmedia\/2017 (15).jpg\"><img loading=\"lazy\" src=\"https:\/\/www.calendriers-artistiques.fr\/wp-content\/uploads\/calendriersmedia\/vignette.jpg\" alt=\"\" width=\"33\" height=\"85\" class=\"alignnone size-full wp-image-24\" \/><\/a><\/td>\n<\/tr>\n<tr class=\"row-168 even\">\n\t<td class=\"column-1\">FRESNES-SUR-ESCAUT<\/td><td class=\"column-2\">PLACE VAILLANT COUTURIER<\/td><td class=\"column-3\">LA PHARMACIE DE LA GRAND PLACE<\/td><td class=\"column-4\">NORD<\/td><td class=\"column-5\">2017<\/td><td class=\"column-6\"><a href=\"https:\/\/www.calendriers-artistiques.fr\/wp-content\/uploads\/calendriersmedia\/2017 (16).jpg\"><img loading=\"lazy\" src=\"https:\/\/www.calendriers-artistiques.fr\/wp-content\/uploads\/calendriersmedia\/vignette.jpg\" alt=\"\" width=\"33\" height=\"85\" class=\"alignnone size-full wp-image-24\" \/><\/a><\/td>\n<\/tr>\n<tr class=\"row-169 odd\">\n\t<td class=\"column-1\">GISORS<\/td><td class=\"column-2\">RUE DE PARIS<\/td><td class=\"column-3\">LA PHARMACIE LARVOR<\/td><td class=\"column-4\">EURE<\/td><td class=\"column-5\">2017<\/td><td class=\"column-6\"><a href=\"https:\/\/www.calendriers-artistiques.fr\/wp-content\/uploads\/calendriersmedia\/2017 (17).jpg\"><img loading=\"lazy\" src=\"https:\/\/www.calendriers-artistiques.fr\/wp-content\/uploads\/calendriersmedia\/vignette.jpg\" alt=\"\" width=\"33\" height=\"85\" class=\"alignnone size-full wp-image-24\" \/><\/a><\/td>\n<\/tr>\n<tr class=\"row-170 even\">\n\t<td class=\"column-1\">HARNES<\/td><td class=\"column-2\">RUE DES FUSILLES<\/td><td class=\"column-3\">LA PHARMACIE SAINT ROCH<\/td><td class=\"column-4\">PAS-DE-CALAIS<\/td><td class=\"column-5\">2017<\/td><td class=\"column-6\"><a href=\"https:\/\/www.calendriers-artistiques.fr\/wp-content\/uploads\/calendriersmedia\/2017 (18).jpg\"><img loading=\"lazy\" src=\"https:\/\/www.calendriers-artistiques.fr\/wp-content\/uploads\/calendriersmedia\/vignette.jpg\" alt=\"\" width=\"33\" height=\"85\" class=\"alignnone size-full wp-image-24\" \/><\/a><\/td>\n<\/tr>\n<tr class=\"row-171 odd\">\n\t<td class=\"column-1\">HAUBOURDIN<\/td><td class=\"column-2\">RUE DU GENERAL DAME<\/td><td class=\"column-3\">LA PHARMACIE DU P'TIT BELGIQUE<\/td><td class=\"column-4\">NORD<\/td><td class=\"column-5\">2017<\/td><td class=\"column-6\"><a href=\"https:\/\/www.calendriers-artistiques.fr\/wp-content\/uploads\/calendriersmedia\/2017 (19).jpg\"><img loading=\"lazy\" src=\"https:\/\/www.calendriers-artistiques.fr\/wp-content\/uploads\/calendriersmedia\/vignette.jpg\" alt=\"\" width=\"33\" height=\"85\" class=\"alignnone size-full wp-image-24\" \/><\/a><\/td>\n<\/tr>\n<tr class=\"row-172 even\">\n\t<td class=\"column-1\">HERMIES<\/td><td class=\"column-2\">GRAND'PLACE<\/td><td class=\"column-3\">LA PHARMACIE CORBIER<\/td><td class=\"column-4\">PAS-DE-CALAIS<\/td><td class=\"column-5\">2017<\/td><td class=\"column-6\"><a href=\"https:\/\/www.calendriers-artistiques.fr\/wp-content\/uploads\/calendriersmedia\/2017 (20).jpg\"><img loading=\"lazy\" src=\"https:\/\/www.calendriers-artistiques.fr\/wp-content\/uploads\/calendriersmedia\/vignette.jpg\" alt=\"\" width=\"33\" height=\"85\" class=\"alignnone size-full wp-image-24\" \/><\/a><\/td>\n<\/tr>\n<tr class=\"row-173 odd\">\n\t<td class=\"column-1\">HOMBLIERES<\/td><td class=\"column-2\">RUE JEAN BUDNYCK<\/td><td class=\"column-3\">LA PHARMACIE BASSET<\/td><td class=\"column-4\">AISNE<\/td><td class=\"column-5\">2017<\/td><td class=\"column-6\"><a href=\"https:\/\/www.calendriers-artistiques.fr\/wp-content\/uploads\/calendriersmedia\/2017 (21).jpg\"><img loading=\"lazy\" src=\"https:\/\/www.calendriers-artistiques.fr\/wp-content\/uploads\/calendriersmedia\/vignette.jpg\" alt=\"\" width=\"33\" height=\"85\" class=\"alignnone size-full wp-image-24\" \/><\/a><\/td>\n<\/tr>\n<tr class=\"row-174 even\">\n\t<td class=\"column-1\">JOUY-LE-MOUTIER<\/td><td class=\"column-2\">BOULEVARD DE L'OISE<\/td><td class=\"column-3\">LA PHARMACIE DES MERISIERS<\/td><td class=\"column-4\">VAL-D'OISE<\/td><td class=\"column-5\">2017<\/td><td class=\"column-6\"><a href=\"https:\/\/www.calendriers-artistiques.fr\/wp-content\/uploads\/calendriersmedia\/2017 (22).jpg\"><img loading=\"lazy\" src=\"https:\/\/www.calendriers-artistiques.fr\/wp-content\/uploads\/calendriersmedia\/vignette.jpg\" alt=\"\" width=\"33\" height=\"85\" class=\"alignnone size-full wp-image-24\" \/><\/a><\/td>\n<\/tr>\n<tr class=\"row-175 odd\">\n\t<td class=\"column-1\">LA GORGUE<\/td><td class=\"column-2\">RUE DU GENERAL DE GAULLE<\/td><td class=\"column-3\">LA PHARMACIE LOOCK<\/td><td class=\"column-4\">NORD<\/td><td class=\"column-5\">2017<\/td><td class=\"column-6\"><a href=\"https:\/\/www.calendriers-artistiques.fr\/wp-content\/uploads\/calendriersmedia\/2017 (23).jpg\"><img loading=\"lazy\" src=\"https:\/\/www.calendriers-artistiques.fr\/wp-content\/uploads\/calendriersmedia\/vignette.jpg\" alt=\"\" width=\"33\" height=\"85\" class=\"alignnone size-full wp-image-24\" \/><\/a><\/td>\n<\/tr>\n<tr class=\"row-176 even\">\n\t<td class=\"column-1\">LAIGNES<\/td><td class=\"column-2\">GRAND'RUE PORTE LA CROIX<\/td><td class=\"column-3\">LA PHARMACIE VESSIE<\/td><td class=\"column-4\">C\u00d4TE-D'OR<\/td><td class=\"column-5\">2017<\/td><td class=\"column-6\"><a href=\"https:\/\/www.calendriers-artistiques.fr\/wp-content\/uploads\/calendriersmedia\/2017 (24).jpg\"><img loading=\"lazy\" src=\"https:\/\/www.calendriers-artistiques.fr\/wp-content\/uploads\/calendriersmedia\/vignette.jpg\" alt=\"\" width=\"33\" height=\"85\" class=\"alignnone size-full wp-image-24\" \/><\/a><\/td>\n<\/tr>\n<tr class=\"row-177 odd\">\n\t<td class=\"column-1\">LA NEUVILLE-EN-HEZ<\/td><td class=\"column-2\">RUE DU GENERAL DE GAULLE<\/td><td class=\"column-3\">LA PHARMACIE DU PAYS DE HEZ<\/td><td class=\"column-4\">OISE<\/td><td class=\"column-5\">2017<\/td><td class=\"column-6\"><a href=\"https:\/\/www.calendriers-artistiques.fr\/wp-content\/uploads\/calendriersmedia\/2017 (25).jpg\"><img loading=\"lazy\" src=\"https:\/\/www.calendriers-artistiques.fr\/wp-content\/uploads\/calendriersmedia\/vignette.jpg\" alt=\"\" width=\"33\" height=\"85\" class=\"alignnone size-full wp-image-24\" \/><\/a><\/td>\n<\/tr>\n<tr class=\"row-178 even\">\n\t<td class=\"column-1\">LONGUEAU<\/td><td class=\"column-2\">AVENUE HENRI BARBUSSE<\/td><td class=\"column-3\">LA PHARMACIE COINTE<\/td><td class=\"column-4\">SOMME<\/td><td class=\"column-5\">2017<\/td><td class=\"column-6\"><a href=\"https:\/\/www.calendriers-artistiques.fr\/wp-content\/uploads\/calendriersmedia\/2017 (26).jpg\"><img loading=\"lazy\" src=\"https:\/\/www.calendriers-artistiques.fr\/wp-content\/uploads\/calendriersmedia\/vignette.jpg\" alt=\"\" width=\"33\" height=\"85\" class=\"alignnone size-full wp-image-24\" \/><\/a><\/td>\n<\/tr>\n<tr class=\"row-179 odd\">\n\t<td class=\"column-1\">MAILLY-MAILLET<\/td><td class=\"column-2\">RUE EUGENE DUPRE<\/td><td class=\"column-3\">LA PHARMACIE LECLERCQ<\/td><td class=\"column-4\">SOMME<\/td><td class=\"column-5\">2017<\/td><td class=\"column-6\"><a href=\"https:\/\/www.calendriers-artistiques.fr\/wp-content\/uploads\/calendriersmedia\/2017 (27).jpg\"><img loading=\"lazy\" src=\"https:\/\/www.calendriers-artistiques.fr\/wp-content\/uploads\/calendriersmedia\/vignette.jpg\" alt=\"\" width=\"33\" height=\"85\" class=\"alignnone size-full wp-image-24\" \/><\/a><\/td>\n<\/tr>\n<tr class=\"row-180 even\">\n\t<td class=\"column-1\">MERLIMONT<\/td><td class=\"column-2\">RUE AUGUSTE BIBLOCQ<\/td><td class=\"column-3\">LA PHARMACIE DE MERLIMONT<\/td><td class=\"column-4\">PAS-DE-CALAIS<\/td><td class=\"column-5\">2017<\/td><td class=\"column-6\"><a href=\"https:\/\/www.calendriers-artistiques.fr\/wp-content\/uploads\/calendriersmedia\/2017 (28).jpg\"><img loading=\"lazy\" src=\"https:\/\/www.calendriers-artistiques.fr\/wp-content\/uploads\/calendriersmedia\/vignette.jpg\" alt=\"\" width=\"33\" height=\"85\" class=\"alignnone size-full wp-image-24\" \/><\/a><\/td>\n<\/tr>\n<tr class=\"row-181 odd\">\n\t<td class=\"column-1\">MERU<\/td><td class=\"column-2\">RUE CHARLES BOUDEVILLE<\/td><td class=\"column-3\">LA PHARMACIE LEULLIER<\/td><td class=\"column-4\">OISE<\/td><td class=\"column-5\">2017<\/td><td class=\"column-6\"><a href=\"https:\/\/www.calendriers-artistiques.fr\/wp-content\/uploads\/calendriersmedia\/2017 (29).jpg\"><img loading=\"lazy\" src=\"https:\/\/www.calendriers-artistiques.fr\/wp-content\/uploads\/calendriersmedia\/vignette.jpg\" alt=\"\" width=\"33\" height=\"85\" class=\"alignnone size-full wp-image-24\" \/><\/a><\/td>\n<\/tr>\n<tr class=\"row-182 even\">\n\t<td class=\"column-1\">MONTBARD<\/td><td class=\"column-2\">RUE ANATOLE HUGOT<\/td><td class=\"column-3\">LA PHARMACIE BUFFON<\/td><td class=\"column-4\">C\u00d4TE-D'OR<\/td><td class=\"column-5\">2017<\/td><td class=\"column-6\"><a href=\"https:\/\/www.calendriers-artistiques.fr\/wp-content\/uploads\/calendriersmedia\/2017 (30).jpg\"><img loading=\"lazy\" src=\"https:\/\/www.calendriers-artistiques.fr\/wp-content\/uploads\/calendriersmedia\/vignette.jpg\" alt=\"\" width=\"33\" height=\"85\" class=\"alignnone size-full wp-image-24\" \/><\/a><\/td>\n<\/tr>\n<tr class=\"row-183 odd\">\n\t<td class=\"column-1\">NESLE<\/td><td class=\"column-2\">RUE GAMBETTA<\/td><td class=\"column-3\">LA PHARMACIE NESLOISE<\/td><td class=\"column-4\">SOMME<\/td><td class=\"column-5\">2017<\/td><td class=\"column-6\"><a href=\"https:\/\/www.calendriers-artistiques.fr\/wp-content\/uploads\/calendriersmedia\/2017 (31).jpg\"><img loading=\"lazy\" src=\"https:\/\/www.calendriers-artistiques.fr\/wp-content\/uploads\/calendriersmedia\/vignette.jpg\" alt=\"\" width=\"33\" height=\"85\" class=\"alignnone size-full wp-image-24\" \/><\/a><\/td>\n<\/tr>\n<tr class=\"row-184 even\">\n\t<td class=\"column-1\">ORCHIES<\/td><td class=\"column-2\">PLACE DU GENERAL DE GAULLE<\/td><td class=\"column-3\">LA PHARMACIE DE L'H\u00d4TEL DE VILLE<\/td><td class=\"column-4\">NORD<\/td><td class=\"column-5\">2017<\/td><td class=\"column-6\"><a href=\"https:\/\/www.calendriers-artistiques.fr\/wp-content\/uploads\/calendriersmedia\/2017 (32).jpg\"><img loading=\"lazy\" src=\"https:\/\/www.calendriers-artistiques.fr\/wp-content\/uploads\/calendriersmedia\/vignette.jpg\" alt=\"\" width=\"33\" height=\"85\" class=\"alignnone size-full wp-image-24\" \/><\/a><\/td>\n<\/tr>\n<tr class=\"row-185 odd\">\n\t<td class=\"column-1\">PONTORSON<\/td><td class=\"column-2\">PLACE DE L'H\u00d4TEL DE VILLE<\/td><td class=\"column-3\">LA PHARMACIE PONT D'ORSON<\/td><td class=\"column-4\">MANCHE<\/td><td class=\"column-5\">2017<\/td><td class=\"column-6\"><a href=\"https:\/\/www.calendriers-artistiques.fr\/wp-content\/uploads\/calendriersmedia\/2017 (33).jpg\"><img loading=\"lazy\" src=\"https:\/\/www.calendriers-artistiques.fr\/wp-content\/uploads\/calendriersmedia\/vignette.jpg\" alt=\"\" width=\"33\" height=\"85\" class=\"alignnone size-full wp-image-24\" \/><\/a><\/td>\n<\/tr>\n<tr class=\"row-186 even\">\n\t<td class=\"column-1\">R\u00c2CHES<\/td><td class=\"column-2\">ROUTE NATIONALE<\/td><td class=\"column-3\">LA PHARMACIE TANT<\/td><td class=\"column-4\">NORD<\/td><td class=\"column-5\">2017<\/td><td class=\"column-6\"><a href=\"https:\/\/www.calendriers-artistiques.fr\/wp-content\/uploads\/calendriersmedia\/2017 (34).jpg\"><img loading=\"lazy\" src=\"https:\/\/www.calendriers-artistiques.fr\/wp-content\/uploads\/calendriersmedia\/vignette.jpg\" alt=\"\" width=\"33\" height=\"85\" class=\"alignnone size-full wp-image-24\" \/><\/a><\/td>\n<\/tr>\n<tr class=\"row-187 odd\">\n\t<td class=\"column-1\">REVIN<\/td><td class=\"column-2\">RUE VICTOR HUGO<\/td><td class=\"column-3\">LA PHARMACIE DU CENTRE<\/td><td class=\"column-4\">ARDENNES<\/td><td class=\"column-5\">2017<\/td><td class=\"column-6\"><a href=\"https:\/\/www.calendriers-artistiques.fr\/wp-content\/uploads\/calendriersmedia\/2017 (35).jpg\"><img loading=\"lazy\" src=\"https:\/\/www.calendriers-artistiques.fr\/wp-content\/uploads\/calendriersmedia\/vignette.jpg\" alt=\"\" width=\"33\" height=\"85\" class=\"alignnone size-full wp-image-24\" \/><\/a><\/td>\n<\/tr>\n<tr class=\"row-188 even\">\n\t<td class=\"column-1\">SAINS-DU-NORD<\/td><td class=\"column-2\">RUE JEAN JAURES<\/td><td class=\"column-3\">LA PHARMANE GALERNEAU<\/td><td class=\"column-4\">NORD<\/td><td class=\"column-5\">2017<\/td><td class=\"column-6\"><a href=\"https:\/\/www.calendriers-artistiques.fr\/wp-content\/uploads\/calendriersmedia\/2017 (36).jpg\"><img loading=\"lazy\" src=\"https:\/\/www.calendriers-artistiques.fr\/wp-content\/uploads\/calendriersmedia\/vignette.jpg\" alt=\"\" width=\"33\" height=\"85\" class=\"alignnone size-full wp-image-24\" \/><\/a><\/td>\n<\/tr>\n<tr class=\"row-189 odd\">\n\t<td class=\"column-1\">SAINT BROLADRE<\/td><td class=\"column-2\">RUE DE LA BOUSSAQUIERE<\/td><td class=\"column-3\">LA PHARMACIE DES POLDERS<\/td><td class=\"column-4\">ILLE-ET-VILAINE<\/td><td class=\"column-5\">2017<\/td><td class=\"column-6\"><a href=\"https:\/\/www.calendriers-artistiques.fr\/wp-content\/uploads\/calendriersmedia\/2017 (37).jpg\"><img loading=\"lazy\" src=\"https:\/\/www.calendriers-artistiques.fr\/wp-content\/uploads\/calendriersmedia\/vignette.jpg\" alt=\"\" width=\"33\" height=\"85\" class=\"alignnone size-full wp-image-24\" \/><\/a><\/td>\n<\/tr>\n<tr class=\"row-190 even\">\n\t<td class=\"column-1\">SAINTE-SAVINE<\/td><td class=\"column-2\">RUE DES NO\u00cbS<\/td><td class=\"column-3\">LA PHARMACIE DE L'OLIVIER<\/td><td class=\"column-4\">AUBE<\/td><td class=\"column-5\">2017<\/td><td class=\"column-6\"><a href=\"https:\/\/www.calendriers-artistiques.fr\/wp-content\/uploads\/calendriersmedia\/2017 (38).jpg\"><img loading=\"lazy\" src=\"https:\/\/www.calendriers-artistiques.fr\/wp-content\/uploads\/calendriersmedia\/vignette.jpg\" alt=\"\" width=\"33\" height=\"85\" class=\"alignnone size-full wp-image-24\" \/><\/a><\/td>\n<\/tr>\n<tr class=\"row-191 odd\">\n\t<td class=\"column-1\">SAINT FLORENTIN<\/td><td class=\"column-2\">PLACE MAURICE RAVEL<\/td><td class=\"column-3\">LA PHARMACIE LEBRETON-GUIGNARD<\/td><td class=\"column-4\">YONNE<\/td><td class=\"column-5\">2017<\/td><td class=\"column-6\"><a href=\"https:\/\/www.calendriers-artistiques.fr\/wp-content\/uploads\/calendriersmedia\/2017 (39).jpg\"><img loading=\"lazy\" src=\"https:\/\/www.calendriers-artistiques.fr\/wp-content\/uploads\/calendriersmedia\/vignette.jpg\" alt=\"\" width=\"33\" height=\"85\" class=\"alignnone size-full wp-image-24\" \/><\/a><\/td>\n<\/tr>\n<tr class=\"row-192 even\">\n\t<td class=\"column-1\">SAINT-LEGER-LES-DOMART<\/td><td class=\"column-2\">RUE DE LA GARE<\/td><td class=\"column-3\">LA PHARMACIE PICOT<\/td><td class=\"column-4\">SOMME<\/td><td class=\"column-5\">2017<\/td><td class=\"column-6\"><a href=\"https:\/\/www.calendriers-artistiques.fr\/wp-content\/uploads\/calendriersmedia\/2017 (40).jpg\"><img loading=\"lazy\" src=\"https:\/\/www.calendriers-artistiques.fr\/wp-content\/uploads\/calendriersmedia\/vignette.jpg\" alt=\"\" width=\"33\" height=\"85\" class=\"alignnone size-full wp-image-24\" \/><\/a><\/td>\n<\/tr>\n<tr class=\"row-193 odd\">\n\t<td class=\"column-1\">SAINT-MALO<\/td><td class=\"column-2\">AVENUE JEAN JAURES<\/td><td class=\"column-3\">LA PHARMACIE DE LA GARE<\/td><td class=\"column-4\">ILLE-ET-VILAINE<\/td><td class=\"column-5\">2017<\/td><td class=\"column-6\"><a href=\"https:\/\/www.calendriers-artistiques.fr\/wp-content\/uploads\/calendriersmedia\/2017 (41).jpg\"><img loading=\"lazy\" src=\"https:\/\/www.calendriers-artistiques.fr\/wp-content\/uploads\/calendriersmedia\/vignette.jpg\" alt=\"\" width=\"33\" height=\"85\" class=\"alignnone size-full wp-image-24\" \/><\/a><\/td>\n<\/tr>\n<tr class=\"row-194 even\">\n\t<td class=\"column-1\">SAINT-MALO<\/td><td class=\"column-2\">BOULEVARD DE ROCHEBONNE<\/td><td class=\"column-3\">LA PHARMACIE DE ROCHEBONNE<\/td><td class=\"column-4\">ILLE-ET-VILAINE<\/td><td class=\"column-5\">2017<\/td><td class=\"column-6\"><a href=\"https:\/\/www.calendriers-artistiques.fr\/wp-content\/uploads\/calendriersmedia\/2017 (42).jpg\"><img loading=\"lazy\" src=\"https:\/\/www.calendriers-artistiques.fr\/wp-content\/uploads\/calendriersmedia\/vignette.jpg\" alt=\"\" width=\"33\" height=\"85\" class=\"alignnone size-full wp-image-24\" \/><\/a><\/td>\n<\/tr>\n<tr class=\"row-195 odd\">\n\t<td class=\"column-1\">SAINT-SAULVE<\/td><td class=\"column-2\">RUE JEAN JAURES<\/td><td class=\"column-3\">LA PHARMACIE DU CENTRE<\/td><td class=\"column-4\">NORD<\/td><td class=\"column-5\">2017<\/td><td class=\"column-6\"><a href=\"https:\/\/www.calendriers-artistiques.fr\/wp-content\/uploads\/calendriersmedia\/2017 (43).jpg\"><img loading=\"lazy\" src=\"https:\/\/www.calendriers-artistiques.fr\/wp-content\/uploads\/calendriersmedia\/vignette.jpg\" alt=\"\" width=\"33\" height=\"85\" class=\"alignnone size-full wp-image-24\" \/><\/a><\/td>\n<\/tr>\n<tr class=\"row-196 even\">\n\t<td class=\"column-1\">SEES<\/td><td class=\"column-2\">RUE DE LA REPUBLIQUE<\/td><td class=\"column-3\">LA PHARMACIE DE LA REPUBLIQUE<\/td><td class=\"column-4\">ORNE<\/td><td class=\"column-5\">2017<\/td><td class=\"column-6\"><a href=\"https:\/\/www.calendriers-artistiques.fr\/wp-content\/uploads\/calendriersmedia\/2017 (44).jpg\"><img loading=\"lazy\" src=\"https:\/\/www.calendriers-artistiques.fr\/wp-content\/uploads\/calendriersmedia\/vignette.jpg\" alt=\"\" width=\"33\" height=\"85\" class=\"alignnone size-full wp-image-24\" \/><\/a><\/td>\n<\/tr>\n<tr class=\"row-197 odd\">\n\t<td class=\"column-1\">SERAUCOURT-LE-GRAND<\/td><td class=\"column-2\">RUE LOUISE ROBERT DE LA TOUR<\/td><td class=\"column-3\">LA PHARMACIE ALAVOINE<\/td><td class=\"column-4\">AISNE<\/td><td class=\"column-5\">2017<\/td><td class=\"column-6\"><a href=\"https:\/\/www.calendriers-artistiques.fr\/wp-content\/uploads\/calendriersmedia\/2017 (45).jpg\"><img loading=\"lazy\" src=\"https:\/\/www.calendriers-artistiques.fr\/wp-content\/uploads\/calendriersmedia\/vignette.jpg\" alt=\"\" width=\"33\" height=\"85\" class=\"alignnone size-full wp-image-24\" \/><\/a><\/td>\n<\/tr>\n<tr class=\"row-198 even\">\n\t<td class=\"column-1\">VALENCIENNES<\/td><td class=\"column-2\">AVENUE ALBERT 1er<\/td><td class=\"column-3\">LA PHARMACIE DE L'EUROPE<\/td><td class=\"column-4\">NORD<\/td><td class=\"column-5\">2017<\/td><td class=\"column-6\"><a href=\"https:\/\/www.calendriers-artistiques.fr\/wp-content\/uploads\/calendriersmedia\/2017 (46).jpg\"><img loading=\"lazy\" src=\"https:\/\/www.calendriers-artistiques.fr\/wp-content\/uploads\/calendriersmedia\/vignette.jpg\" alt=\"\" width=\"33\" height=\"85\" class=\"alignnone size-full wp-image-24\" \/><\/a><\/td>\n<\/tr>\n<tr class=\"row-199 odd\">\n\t<td class=\"column-1\">VERVINS<\/td><td class=\"column-2\">PLACE DU GENERAL DE GAULLE<\/td><td class=\"column-3\">LA PHARMACIE DE LA THIERACHE<\/td><td class=\"column-4\">AISNE<\/td><td class=\"column-5\">2017<\/td><td class=\"column-6\"><a href=\"https:\/\/www.calendriers-artistiques.fr\/wp-content\/uploads\/calendriersmedia\/2017 (47).jpg\"><img loading=\"lazy\" src=\"https:\/\/www.calendriers-artistiques.fr\/wp-content\/uploads\/calendriersmedia\/vignette.jpg\" alt=\"\" width=\"33\" height=\"85\" class=\"alignnone size-full wp-image-24\" \/><\/a><\/td>\n<\/tr>\n<tr class=\"row-200 even\">\n\t<td class=\"column-1\">VIGNY<\/td><td class=\"column-2\">RUE BAUDOIN<\/td><td class=\"column-3\">LA PHARMACIE DURAND<\/td><td class=\"column-4\">VAL-D'OISE<\/td><td class=\"column-5\">2017<\/td><td class=\"column-6\"><a href=\"https:\/\/www.calendriers-artistiques.fr\/wp-content\/uploads\/calendriersmedia\/2017 (48).jpg\"><img loading=\"lazy\" src=\"https:\/\/www.calendriers-artistiques.fr\/wp-content\/uploads\/calendriersmedia\/vignette.jpg\" alt=\"\" width=\"33\" height=\"85\" class=\"alignnone size-full wp-image-24\" \/><\/a><\/td>\n<\/tr>\n<tr class=\"row-201 odd\">\n\t<td class=\"column-1\">VOUZIERS<\/td><td class=\"column-2\">PLACE CARNOT<\/td><td class=\"column-3\">LA PHARMACIE CENTRALE<\/td><td class=\"column-4\">ARDENNES<\/td><td class=\"column-5\">2017<\/td><td class=\"column-6\"><a href=\"https:\/\/www.calendriers-artistiques.fr\/wp-content\/uploads\/calendriersmedia\/2017 (49).jpg\"><img loading=\"lazy\" src=\"https:\/\/www.calendriers-artistiques.fr\/wp-content\/uploads\/calendriersmedia\/vignette.jpg\" alt=\"\" width=\"33\" height=\"85\" class=\"alignnone size-full wp-image-24\" \/><\/a><\/td>\n<\/tr>\n<tr class=\"row-202 even\">\n\t<td class=\"column-1\">AULNOYE-AYMERIES<\/td><td class=\"column-2\">RUE DE L'H\u00d4TEL DE VILLE<\/td><td class=\"column-3\">LA PHARMACIE DE L'H\u00d4TEL DE VILLE<\/td><td class=\"column-4\">NORD<\/td><td class=\"column-5\">2016<\/td><td class=\"column-6\"><a href=\"https:\/\/www.calendriers-artistiques.fr\/wp-content\/uploads\/calendriersmedia\/2016 (1).jpg\"><img loading=\"lazy\" src=\"https:\/\/www.calendriers-artistiques.fr\/wp-content\/uploads\/calendriersmedia\/2016 (1).jpg\" alt=\"\" width=\"33\" height=\"85\" class=\"alignnone size-full wp-image-24\" \/><\/a><\/td>\n<\/tr>\n<tr class=\"row-203 odd\">\n\t<td class=\"column-1\">BAPAUME<\/td><td class=\"column-2\">RUE DE PERONNE<\/td><td class=\"column-3\">LA PHARMACIE CENTRALE<\/td><td class=\"column-4\">PAS-DE-CALAIS<\/td><td class=\"column-5\">2016<\/td><td class=\"column-6\"><a href=\"https:\/\/www.calendriers-artistiques.fr\/wp-content\/uploads\/calendriersmedia\/2016 (2).jpg\"><img loading=\"lazy\" src=\"https:\/\/www.calendriers-artistiques.fr\/wp-content\/uploads\/calendriersmedia\/2016 (2).jpg\" alt=\"\" width=\"33\" height=\"85\" class=\"alignnone size-full wp-image-24\" \/><\/a><\/td>\n<\/tr>\n<tr class=\"row-204 even\">\n\t<td class=\"column-1\">BEGARD<\/td><td class=\"column-2\">PLACE DU CENTRE<\/td><td class=\"column-3\">LA PHARMACIE EVEN-DOLLO<\/td><td class=\"column-4\">C\u00d4TES-D'ARMOR<\/td><td class=\"column-5\">2016<\/td><td class=\"column-6\"><a href=\"https:\/\/www.calendriers-artistiques.fr\/wp-content\/uploads\/calendriersmedia\/2016 (3).jpg\"><img loading=\"lazy\" src=\"https:\/\/www.calendriers-artistiques.fr\/wp-content\/uploads\/calendriersmedia\/2016 (3).jpg\" alt=\"\" width=\"33\" height=\"85\" class=\"alignnone size-full wp-image-24\" \/><\/a><\/td>\n<\/tr>\n<tr class=\"row-205 odd\">\n\t<td class=\"column-1\">BERCK-SUR-MER<\/td><td class=\"column-2\">RUE CARNOT<\/td><td class=\"column-3\">LA PHARMACIE COURTOT<\/td><td class=\"column-4\">PAS-DE-CALAIS<\/td><td class=\"column-5\">2016<\/td><td class=\"column-6\"><a href=\"https:\/\/www.calendriers-artistiques.fr\/wp-content\/uploads\/calendriersmedia\/2016 (4).jpg\"><img loading=\"lazy\" src=\"https:\/\/www.calendriers-artistiques.fr\/wp-content\/uploads\/calendriersmedia\/2016 (4).jpg\" alt=\"\" width=\"33\" height=\"85\" class=\"alignnone size-full wp-image-24\" \/><\/a><\/td>\n<\/tr>\n<tr class=\"row-206 even\">\n\t<td class=\"column-1\">BOURBOURG<\/td><td class=\"column-2\">PLACE DU GENERAL DE GAULLE<\/td><td class=\"column-3\">LA PHARMACIE BECART<\/td><td class=\"column-4\">NORD<\/td><td class=\"column-5\">2016<\/td><td class=\"column-6\"><a href=\"https:\/\/www.calendriers-artistiques.fr\/wp-content\/uploads\/calendriersmedia\/2016 (5).jpg\"><img loading=\"lazy\" src=\"https:\/\/www.calendriers-artistiques.fr\/wp-content\/uploads\/calendriersmedia\/2016 (5).jpg\" alt=\"\" width=\"33\" height=\"85\" class=\"alignnone size-full wp-image-24\" \/><\/a><\/td>\n<\/tr>\n<tr class=\"row-207 odd\">\n\t<td class=\"column-1\">BREHAL<\/td><td class=\"column-2\">RUE DU GENERAL DE GAULLE<\/td><td class=\"column-3\">LA PHARMACIE PATIN<\/td><td class=\"column-4\">MANCHE<\/td><td class=\"column-5\">2016<\/td><td class=\"column-6\"><a href=\"https:\/\/www.calendriers-artistiques.fr\/wp-content\/uploads\/calendriersmedia\/2016 (6).jpg\"><img loading=\"lazy\" src=\"https:\/\/www.calendriers-artistiques.fr\/wp-content\/uploads\/calendriersmedia\/2016 (6).jpg\" alt=\"\" width=\"33\" height=\"85\" class=\"alignnone size-full wp-image-24\" \/><\/a><\/td>\n<\/tr>\n<tr class=\"row-208 even\">\n\t<td class=\"column-1\">CALONNE-RICOUART<\/td><td class=\"column-2\">PLACE RENE LANNOY<\/td><td class=\"column-3\">LA PHARMACIE DE L'H\u00d4TEL DE VILLE<\/td><td class=\"column-4\">PAS-DE-CALAIS<\/td><td class=\"column-5\">2016<\/td><td class=\"column-6\"><a href=\"https:\/\/www.calendriers-artistiques.fr\/wp-content\/uploads\/calendriersmedia\/2016 (7).jpg\"><img loading=\"lazy\" src=\"https:\/\/www.calendriers-artistiques.fr\/wp-content\/uploads\/calendriersmedia\/2016 (7).jpg\" alt=\"\" width=\"33\" height=\"85\" class=\"alignnone size-full wp-image-24\" \/><\/a><\/td>\n<\/tr>\n<tr class=\"row-209 odd\">\n\t<td class=\"column-1\">CATILLON-SUR-SAMBRE<\/td><td class=\"column-2\">GRAND'PLACE<\/td><td class=\"column-3\">LA PHARMACIE DE CATILLON<\/td><td class=\"column-4\">NORD<\/td><td class=\"column-5\">2016<\/td><td class=\"column-6\"><a href=\"https:\/\/www.calendriers-artistiques.fr\/wp-content\/uploads\/calendriersmedia\/2016 (8).jpg\"><img loading=\"lazy\" src=\"https:\/\/www.calendriers-artistiques.fr\/wp-content\/uploads\/calendriersmedia\/2016 (8).jpg\" alt=\"\" width=\"33\" height=\"85\" class=\"alignnone size-full wp-image-24\" \/><\/a><\/td>\n<\/tr>\n<tr class=\"row-210 even\">\n\t<td class=\"column-1\">CAVAN<\/td><td class=\"column-2\">\"LE BOURG\" RUE MAURICE DENIS<\/td><td class=\"column-3\">LA PHARMACIE BARBIER-PINDIC<\/td><td class=\"column-4\">C\u00d4TES-D'ARMOR<\/td><td class=\"column-5\">2016<\/td><td class=\"column-6\"><a href=\"https:\/\/www.calendriers-artistiques.fr\/wp-content\/uploads\/calendriersmedia\/2016 (9).jpg\"><img loading=\"lazy\" src=\"https:\/\/www.calendriers-artistiques.fr\/wp-content\/uploads\/calendriersmedia\/2016 (9).jpg\" alt=\"\" width=\"33\" height=\"85\" class=\"alignnone size-full wp-image-24\" \/><\/a><\/td>\n<\/tr>\n<tr class=\"row-211 odd\">\n\t<td class=\"column-1\">CHAMPIGNEULLES<\/td><td class=\"column-2\">RUE DE FROUARD<\/td><td class=\"column-3\">LA PHARMACIE DES ARCADES<\/td><td class=\"column-4\">MEURTHE-ET-MOSELLE<\/td><td class=\"column-5\">2016<\/td><td class=\"column-6\"><a href=\"https:\/\/www.calendriers-artistiques.fr\/wp-content\/uploads\/calendriersmedia\/2016 (10).jpg\"><img loading=\"lazy\" src=\"https:\/\/www.calendriers-artistiques.fr\/wp-content\/uploads\/calendriersmedia\/2016 (10).jpg\" alt=\"\" width=\"33\" height=\"85\" class=\"alignnone size-full wp-image-24\" \/><\/a><\/td>\n<\/tr>\n<tr class=\"row-212 even\">\n\t<td class=\"column-1\">CHERBOURG-OCTEVILLE<\/td><td class=\"column-2\">BOULEVARD SCHUMAN<\/td><td class=\"column-3\">LA PHARMACIE SCHUMAN<\/td><td class=\"column-4\">MANCHE<\/td><td class=\"column-5\">2016<\/td><td class=\"column-6\"><a href=\"https:\/\/www.calendriers-artistiques.fr\/wp-content\/uploads\/calendriersmedia\/2016 (11).jpg\"><img loading=\"lazy\" src=\"https:\/\/www.calendriers-artistiques.fr\/wp-content\/uploads\/calendriersmedia\/2016 (11).jpg\" alt=\"\" width=\"33\" height=\"85\" class=\"alignnone size-full wp-image-24\" \/><\/a><\/td>\n<\/tr>\n<tr class=\"row-213 odd\">\n\t<td class=\"column-1\">COUSSEY<\/td><td class=\"column-2\">GRANDE RUE<\/td><td class=\"column-3\">LA PHARMACIE DE COUSSEY<\/td><td class=\"column-4\">VOSGES<\/td><td class=\"column-5\">2016<\/td><td class=\"column-6\"><a href=\"https:\/\/www.calendriers-artistiques.fr\/wp-content\/uploads\/calendriersmedia\/2016 (12).jpg\"><img loading=\"lazy\" src=\"https:\/\/www.calendriers-artistiques.fr\/wp-content\/uploads\/calendriersmedia\/2016 (12).jpg\" alt=\"\" width=\"33\" height=\"85\" class=\"alignnone size-full wp-image-24\" \/><\/a><\/td>\n<\/tr>\n<tr class=\"row-214 even\">\n\t<td class=\"column-1\">DEVILLE<\/td><td class=\"column-2\">GRAND'RUE<\/td><td class=\"column-3\">LA PHARMACIE CHARDARD<\/td><td class=\"column-4\">ARDENNES<\/td><td class=\"column-5\">2016<\/td><td class=\"column-6\"><a href=\"https:\/\/www.calendriers-artistiques.fr\/wp-content\/uploads\/calendriersmedia\/2016 (13).jpg\"><img loading=\"lazy\" src=\"https:\/\/www.calendriers-artistiques.fr\/wp-content\/uploads\/calendriersmedia\/2016 (13).jpg\" alt=\"\" width=\"33\" height=\"85\" class=\"alignnone size-full wp-image-24\" \/><\/a><\/td>\n<\/tr>\n<tr class=\"row-215 odd\">\n\t<td class=\"column-1\">DENAIN<\/td><td class=\"column-2\">CENTRE COMMERCIAL CARREFOUR<\/td><td class=\"column-3\">LA PHARMACIE MOULAR<\/td><td class=\"column-4\">NORD<\/td><td class=\"column-5\">2016<\/td><td class=\"column-6\"><a href=\"https:\/\/www.calendriers-artistiques.fr\/wp-content\/uploads\/calendriersmedia\/2016 (14).jpg\"><img loading=\"lazy\" src=\"https:\/\/www.calendriers-artistiques.fr\/wp-content\/uploads\/calendriersmedia\/2016 (14).jpg\" alt=\"\" width=\"33\" height=\"85\" class=\"alignnone size-full wp-image-24\" \/><\/a><\/td>\n<\/tr>\n<tr class=\"row-216 even\">\n\t<td class=\"column-1\">EPEHY<\/td><td class=\"column-2\">RUE RAOUL TROCME<\/td><td class=\"column-3\">LA PHARMACIE VAILLANT<\/td><td class=\"column-4\">SOMME<\/td><td class=\"column-5\">2016<\/td><td class=\"column-6\"><a href=\"https:\/\/www.calendriers-artistiques.fr\/wp-content\/uploads\/calendriersmedia\/2016 (15).jpg\"><img loading=\"lazy\" src=\"https:\/\/www.calendriers-artistiques.fr\/wp-content\/uploads\/calendriersmedia\/2016 (15).jpg\" alt=\"\" width=\"33\" height=\"85\" class=\"alignnone size-full wp-image-24\" \/><\/a><\/td>\n<\/tr>\n<tr class=\"row-217 odd\">\n\t<td class=\"column-1\">EU<\/td><td class=\"column-2\">RUE DU MARECHAL FOCH<\/td><td class=\"column-3\">LA PHARMACIE DE LA T\u00c3\u0160TE D'HOMME<\/td><td class=\"column-4\">SEINE-MARITIME<\/td><td class=\"column-5\">2016<\/td><td class=\"column-6\"><a href=\"https:\/\/www.calendriers-artistiques.fr\/wp-content\/uploads\/calendriersmedia\/2016 (16).jpg\"><img loading=\"lazy\" src=\"https:\/\/www.calendriers-artistiques.fr\/wp-content\/uploads\/calendriersmedia\/2016 (16).jpg\" alt=\"\" width=\"33\" height=\"85\" class=\"alignnone size-full wp-image-24\" \/><\/a><\/td>\n<\/tr>\n<tr class=\"row-218 even\">\n\t<td class=\"column-1\">FLINES-LEZ-MORTAGNE<\/td><td class=\"column-2\">RUE MARCEAU TISON<\/td><td class=\"column-3\">LA PHARMACIE DE FLINES<\/td><td class=\"column-4\">NORD<\/td><td class=\"column-5\">2016<\/td><td class=\"column-6\"><a href=\"https:\/\/www.calendriers-artistiques.fr\/wp-content\/uploads\/calendriersmedia\/2016 (17).jpg\"><img loading=\"lazy\" src=\"https:\/\/www.calendriers-artistiques.fr\/wp-content\/uploads\/calendriersmedia\/2016 (17).jpg\" alt=\"\" width=\"33\" height=\"85\" class=\"alignnone size-full wp-image-24\" \/><\/a><\/td>\n<\/tr>\n<tr class=\"row-219 odd\">\n\t<td class=\"column-1\">FRESNES-SUR-ESCAUT<\/td><td class=\"column-2\">PLACE VAILLANT COUTURRIER<\/td><td class=\"column-3\">LA PHARMACIE DE LA GRAND PLACE<\/td><td class=\"column-4\">NORD<\/td><td class=\"column-5\">2016<\/td><td class=\"column-6\"><a href=\"https:\/\/www.calendriers-artistiques.fr\/wp-content\/uploads\/calendriersmedia\/2016 (18).jpg\"><img loading=\"lazy\" src=\"https:\/\/www.calendriers-artistiques.fr\/wp-content\/uploads\/calendriersmedia\/2016 (18).jpg\" alt=\"\" width=\"33\" height=\"85\" class=\"alignnone size-full wp-image-24\" \/><\/a><\/td>\n<\/tr>\n<tr class=\"row-220 even\">\n\t<td class=\"column-1\">GRAND-FORT-PHILIPPE<\/td><td class=\"column-2\">RUE ALBERT 1er<\/td><td class=\"column-3\">LA PHARMACIE DUHAMEL<\/td><td class=\"column-4\">NORD<\/td><td class=\"column-5\">2016<\/td><td class=\"column-6\"><a href=\"https:\/\/www.calendriers-artistiques.fr\/wp-content\/uploads\/calendriersmedia\/2016 (19).jpg\"><img loading=\"lazy\" src=\"https:\/\/www.calendriers-artistiques.fr\/wp-content\/uploads\/calendriersmedia\/2016 (19).jpg\" alt=\"\" width=\"33\" height=\"85\" class=\"alignnone size-full wp-image-24\" \/><\/a><\/td>\n<\/tr>\n<tr class=\"row-221 odd\">\n\t<td class=\"column-1\">GREZ-SUR-LOING<\/td><td class=\"column-2\">RUE VICTOR HUGO<\/td><td class=\"column-3\">LA PHARMACIE DE GREZ-SUR-LOING<\/td><td class=\"column-4\">SEINE-ET-MARNE<\/td><td class=\"column-5\">2016<\/td><td class=\"column-6\"><a href=\"https:\/\/www.calendriers-artistiques.fr\/wp-content\/uploads\/calendriersmedia\/2016 (20).jpg\"><img loading=\"lazy\" src=\"https:\/\/www.calendriers-artistiques.fr\/wp-content\/uploads\/calendriersmedia\/2016 (20).jpg\" alt=\"\" width=\"33\" height=\"85\" class=\"alignnone size-full wp-image-24\" \/><\/a><\/td>\n<\/tr>\n<tr class=\"row-222 even\">\n\t<td class=\"column-1\">HANGEST-EN-SANTERRE<\/td><td class=\"column-2\">PLACE DE LA MAIRIE<\/td><td class=\"column-3\">LA PHARMACIE BERTOUX-FORESTIER<\/td><td class=\"column-4\">SOMME<\/td><td class=\"column-5\">2016<\/td><td class=\"column-6\"><a href=\"https:\/\/www.calendriers-artistiques.fr\/wp-content\/uploads\/calendriersmedia\/2016 (21).jpg\"><img loading=\"lazy\" src=\"https:\/\/www.calendriers-artistiques.fr\/wp-content\/uploads\/calendriersmedia\/2016 (21).jpg\" alt=\"\" width=\"33\" height=\"85\" class=\"alignnone size-full wp-image-24\" \/><\/a><\/td>\n<\/tr>\n<tr class=\"row-223 odd\">\n\t<td class=\"column-1\">HOMBLIERES<\/td><td class=\"column-2\">RUE JEAN BUDNYCK<\/td><td class=\"column-3\">LA PHARMACIE BASSET<\/td><td class=\"column-4\">AISNE<\/td><td class=\"column-5\">2016<\/td><td class=\"column-6\"><a href=\"https:\/\/www.calendriers-artistiques.fr\/wp-content\/uploads\/calendriersmedia\/2016 (22).jpg\"><img loading=\"lazy\" src=\"https:\/\/www.calendriers-artistiques.fr\/wp-content\/uploads\/calendriersmedia\/2016 (22).jpg\" alt=\"\" width=\"33\" height=\"85\" class=\"alignnone size-full wp-image-24\" \/><\/a><\/td>\n<\/tr>\n<tr class=\"row-224 even\">\n\t<td class=\"column-1\">ISBERGUES<\/td><td class=\"column-2\">RUE ROGER SALENGRO<\/td><td class=\"column-3\">LA PHARMACIE DES ACIERIES<\/td><td class=\"column-4\">PAS-DE-CALAIS<\/td><td class=\"column-5\">2016<\/td><td class=\"column-6\"><a href=\"https:\/\/www.calendriers-artistiques.fr\/wp-content\/uploads\/calendriersmedia\/2016 (23).jpg\"><img loading=\"lazy\" src=\"https:\/\/www.calendriers-artistiques.fr\/wp-content\/uploads\/calendriersmedia\/2016 (23).jpg\" alt=\"\" width=\"33\" height=\"85\" class=\"alignnone size-full wp-image-24\" \/><\/a><\/td>\n<\/tr>\n<tr class=\"row-225 odd\">\n\t<td class=\"column-1\">JOUY-LE-MOUTIER<\/td><td class=\"column-2\">BOULEVARD DE L'OISE<\/td><td class=\"column-3\">LA PHARMACIE DES MERISIERS<\/td><td class=\"column-4\">VAL-D'OISE<\/td><td class=\"column-5\">2016<\/td><td class=\"column-6\"><a href=\"https:\/\/www.calendriers-artistiques.fr\/wp-content\/uploads\/calendriersmedia\/2016 (24).jpg\"><img loading=\"lazy\" src=\"https:\/\/www.calendriers-artistiques.fr\/wp-content\/uploads\/calendriersmedia\/2016 (24).jpg\" alt=\"\" width=\"33\" height=\"85\" class=\"alignnone size-full wp-image-24\" \/><\/a><\/td>\n<\/tr>\n<tr class=\"row-226 even\">\n\t<td class=\"column-1\">LAMORLAYE<\/td><td class=\"column-2\">RUE DU GENERAL LECLERC<\/td><td class=\"column-3\">LA PHARMACIE DE LAMORLAYE<\/td><td class=\"column-4\">OISE<\/td><td class=\"column-5\">2016<\/td><td class=\"column-6\"><a href=\"https:\/\/www.calendriers-artistiques.fr\/wp-content\/uploads\/calendriersmedia\/2016 (25).jpg\"><img loading=\"lazy\" src=\"https:\/\/www.calendriers-artistiques.fr\/wp-content\/uploads\/calendriersmedia\/2016 (25).jpg\" alt=\"\" width=\"33\" height=\"85\" class=\"alignnone size-full wp-image-24\" \/><\/a><\/td>\n<\/tr>\n<tr class=\"row-227 odd\">\n\t<td class=\"column-1\">LIGNY-EN-BARROIS<\/td><td class=\"column-2\">RUE DU GENERAL DE GAULLE<\/td><td class=\"column-3\">LA PHARMACIE DU PARC<\/td><td class=\"column-4\">MEUSE<\/td><td class=\"column-5\">2016<\/td><td class=\"column-6\"><a href=\"https:\/\/www.calendriers-artistiques.fr\/wp-content\/uploads\/calendriersmedia\/2016 (26).jpg\"><img loading=\"lazy\" src=\"https:\/\/www.calendriers-artistiques.fr\/wp-content\/uploads\/calendriersmedia\/2016 (26).jpg\" alt=\"\" width=\"33\" height=\"85\" class=\"alignnone size-full wp-image-24\" \/><\/a><\/td>\n<\/tr>\n<tr class=\"row-228 even\">\n\t<td class=\"column-1\">MARLY<\/td><td class=\"column-2\">RUE DE SAINT-SAULVE<\/td><td class=\"column-3\">LA PHARMACIE DU R\u00d4LEUR<\/td><td class=\"column-4\">NORD<\/td><td class=\"column-5\">2016<\/td><td class=\"column-6\"><a href=\"https:\/\/www.calendriers-artistiques.fr\/wp-content\/uploads\/calendriersmedia\/2016 (27).jpg\"><img loading=\"lazy\" src=\"https:\/\/www.calendriers-artistiques.fr\/wp-content\/uploads\/calendriersmedia\/2016 (27).jpg\" alt=\"\" width=\"33\" height=\"85\" class=\"alignnone size-full wp-image-24\" \/><\/a><\/td>\n<\/tr>\n<tr class=\"row-229 odd\">\n\t<td class=\"column-1\">MAZINGARBE<\/td><td class=\"column-2\">BOULEVARD ARTHUR LAMENDIN<\/td><td class=\"column-3\">LA PHARMACIE DE LA CITE 2<\/td><td class=\"column-4\">PAS-DE-CALAIS<\/td><td class=\"column-5\">2016<\/td><td class=\"column-6\"><a href=\"https:\/\/www.calendriers-artistiques.fr\/wp-content\/uploads\/calendriersmedia\/2016 (28).jpg\"><img loading=\"lazy\" src=\"https:\/\/www.calendriers-artistiques.fr\/wp-content\/uploads\/calendriersmedia\/2016 (28).jpg\" alt=\"\" width=\"33\" height=\"85\" class=\"alignnone size-full wp-image-24\" \/><\/a><\/td>\n<\/tr>\n<tr class=\"row-230 even\">\n\t<td class=\"column-1\">MERS-LES-BAINS<\/td><td class=\"column-2\">RUE MARCEL HOLLEVILLE<\/td><td class=\"column-3\">LA PHARMACIE DE LA PLACE<\/td><td class=\"column-4\">SOMME<\/td><td class=\"column-5\">2016<\/td><td class=\"column-6\"><a href=\"https:\/\/www.calendriers-artistiques.fr\/wp-content\/uploads\/calendriersmedia\/2016 (29).jpg\"><img loading=\"lazy\" src=\"https:\/\/www.calendriers-artistiques.fr\/wp-content\/uploads\/calendriersmedia\/2016 (29).jpg\" alt=\"\" width=\"33\" height=\"85\" class=\"alignnone size-full wp-image-24\" \/><\/a><\/td>\n<\/tr>\n<tr class=\"row-231 odd\">\n\t<td class=\"column-1\">MERU<\/td><td class=\"column-2\">RUE CHARLES BOUDEVILLE<\/td><td class=\"column-3\">LA PHARMACIE LEULLIER<\/td><td class=\"column-4\">OISE<\/td><td class=\"column-5\">2016<\/td><td class=\"column-6\"><a href=\"https:\/\/www.calendriers-artistiques.fr\/wp-content\/uploads\/calendriersmedia\/2016 (30).jpg\"><img loading=\"lazy\" src=\"https:\/\/www.calendriers-artistiques.fr\/wp-content\/uploads\/calendriersmedia\/2016 (30).jpg\" alt=\"\" width=\"33\" height=\"85\" class=\"alignnone size-full wp-image-24\" \/><\/a><\/td>\n<\/tr>\n<tr class=\"row-232 even\">\n\t<td class=\"column-1\">MONTFORT-SUR-RISLE<\/td><td class=\"column-2\">SUE SAINT-PIERRE<\/td><td class=\"column-3\">LA PHARMACIE DE LA VALLEE <\/td><td class=\"column-4\">EURE<\/td><td class=\"column-5\">2016<\/td><td class=\"column-6\"><a href=\"https:\/\/www.calendriers-artistiques.fr\/wp-content\/uploads\/calendriersmedia\/2016 (31).jpg\"><img loading=\"lazy\" src=\"https:\/\/www.calendriers-artistiques.fr\/wp-content\/uploads\/calendriersmedia\/2016 (31).jpg\" alt=\"\" width=\"33\" height=\"85\" class=\"alignnone size-full wp-image-24\" \/><\/a><\/td>\n<\/tr>\n<tr class=\"row-233 odd\">\n\t<td class=\"column-1\">MONTFORT-SUR-RISLE<\/td><td class=\"column-2\">RUE SAINT PIERRE <\/td><td class=\"column-3\">LA PHARMACIE DE LA VALLEE <\/td><td class=\"column-4\">EURE<\/td><td class=\"column-5\">2016<\/td><td class=\"column-6\"><a href=\"https:\/\/www.calendriers-artistiques.fr\/wp-content\/uploads\/calendriersmedia\/2016 (32).jpg\"><img loading=\"lazy\" src=\"https:\/\/www.calendriers-artistiques.fr\/wp-content\/uploads\/calendriersmedia\/2016 (32).jpg\" alt=\"\" width=\"33\" height=\"85\" class=\"alignnone size-full wp-image-24\" \/><\/a><\/td>\n<\/tr>\n<tr class=\"row-234 even\">\n\t<td class=\"column-1\">MORTREE<\/td><td class=\"column-2\">GRANDE RUE<\/td><td class=\"column-3\">LA PHARMACIE DU PAYS D\u00d4<\/td><td class=\"column-4\">ORNE<\/td><td class=\"column-5\">2016<\/td><td class=\"column-6\"><a href=\"https:\/\/www.calendriers-artistiques.fr\/wp-content\/uploads\/calendriersmedia\/2016 (33).jpg\"><img loading=\"lazy\" src=\"https:\/\/www.calendriers-artistiques.fr\/wp-content\/uploads\/calendriersmedia\/2016 (33).jpg\" alt=\"\" width=\"33\" height=\"85\" class=\"alignnone size-full wp-image-24\" \/><\/a><\/td>\n<\/tr>\n<tr class=\"row-235 odd\">\n\t<td class=\"column-1\">NESLE<\/td><td class=\"column-2\">RUE GAMBETTA<\/td><td class=\"column-3\">LA PHARMACIE NESLOISE<\/td><td class=\"column-4\">SOMME<\/td><td class=\"column-5\">2016<\/td><td class=\"column-6\"><a href=\"https:\/\/www.calendriers-artistiques.fr\/wp-content\/uploads\/calendriersmedia\/2016 (34).jpg\"><img loading=\"lazy\" src=\"https:\/\/www.calendriers-artistiques.fr\/wp-content\/uploads\/calendriersmedia\/2016 (34).jpg\" alt=\"\" width=\"33\" height=\"85\" class=\"alignnone size-full wp-image-24\" \/><\/a><\/td>\n<\/tr>\n<tr class=\"row-236 even\">\n\t<td class=\"column-1\">ORCHIES<\/td><td class=\"column-2\">PLACE DU GENERAL DE GAULLE<\/td><td class=\"column-3\">LA PHARMACIE DE L'H\u00d4TEL DE VILLE<\/td><td class=\"column-4\">NORD<\/td><td class=\"column-5\">2016<\/td><td class=\"column-6\"><a href=\"https:\/\/www.calendriers-artistiques.fr\/wp-content\/uploads\/calendriersmedia\/2016 (35).jpg\"><img loading=\"lazy\" src=\"https:\/\/www.calendriers-artistiques.fr\/wp-content\/uploads\/calendriersmedia\/2016 (35).jpg\" alt=\"\" width=\"33\" height=\"85\" class=\"alignnone size-full wp-image-24\" \/><\/a><\/td>\n<\/tr>\n<tr class=\"row-237 odd\">\n\t<td class=\"column-1\">PLOEUC-SUR-LIE<\/td><td class=\"column-2\">RUE DE MONTIFAULT<\/td><td class=\"column-3\">LA PHARMACIE BOUVRAIS-RAULT<\/td><td class=\"column-4\">C\u00d4TES-D'ARMOR<\/td><td class=\"column-5\">2016<\/td><td class=\"column-6\"><a href=\"https:\/\/www.calendriers-artistiques.fr\/wp-content\/uploads\/calendriersmedia\/2016 (36).jpg\"><img loading=\"lazy\" src=\"https:\/\/www.calendriers-artistiques.fr\/wp-content\/uploads\/calendriersmedia\/2016 (36).jpg\" alt=\"\" width=\"33\" height=\"85\" class=\"alignnone size-full wp-image-24\" \/><\/a><\/td>\n<\/tr>\n<tr class=\"row-238 even\">\n\t<td class=\"column-1\">PONTORSON<\/td><td class=\"column-2\">PLACE DE L'H\u00d4TEL DE VILLE<\/td><td class=\"column-3\">LA PHARMACIE PONT D'ORSON<\/td><td class=\"column-4\">MANCHE<\/td><td class=\"column-5\">2016<\/td><td class=\"column-6\"><a href=\"https:\/\/www.calendriers-artistiques.fr\/wp-content\/uploads\/calendriersmedia\/2016 (37).jpg\"><img loading=\"lazy\" src=\"https:\/\/www.calendriers-artistiques.fr\/wp-content\/uploads\/calendriersmedia\/2016 (37).jpg\" alt=\"\" width=\"33\" height=\"85\" class=\"alignnone size-full wp-image-24\" \/><\/a><\/td>\n<\/tr>\n<tr class=\"row-239 odd\">\n\t<td class=\"column-1\">REVIN<\/td><td class=\"column-2\">RUE VICTOR HUGO<\/td><td class=\"column-3\">LA PHARMACIE DU CENTRE<\/td><td class=\"column-4\">ARDENNES<\/td><td class=\"column-5\">2016<\/td><td class=\"column-6\"><a href=\"https:\/\/www.calendriers-artistiques.fr\/wp-content\/uploads\/calendriersmedia\/2016 (38).jpg\"><img loading=\"lazy\" src=\"https:\/\/www.calendriers-artistiques.fr\/wp-content\/uploads\/calendriersmedia\/2016 (38).jpg\" alt=\"\" width=\"33\" height=\"85\" class=\"alignnone size-full wp-image-24\" \/><\/a><\/td>\n<\/tr>\n<tr class=\"row-240 even\">\n\t<td class=\"column-1\">RUE<\/td><td class=\"column-2\">PLACE DE VERDUN<\/td><td class=\"column-3\">LA PHARMACIE DU BEFFROI<\/td><td class=\"column-4\">SOMME<\/td><td class=\"column-5\">2016<\/td><td class=\"column-6\"><a href=\"https:\/\/www.calendriers-artistiques.fr\/wp-content\/uploads\/calendriersmedia\/2016 (39).jpg\"><img loading=\"lazy\" src=\"https:\/\/www.calendriers-artistiques.fr\/wp-content\/uploads\/calendriersmedia\/2016 (39).jpg\" alt=\"\" width=\"33\" height=\"85\" class=\"alignnone size-full wp-image-24\" \/><\/a><\/td>\n<\/tr>\n<tr class=\"row-241 odd\">\n\t<td class=\"column-1\">SAINS-DU-NORD<\/td><td class=\"column-2\">RUE JEAN JAURES<\/td><td class=\"column-3\">LA PHARMACIE GALERNEAU<\/td><td class=\"column-4\">NORD<\/td><td class=\"column-5\">2016<\/td><td class=\"column-6\"><a href=\"https:\/\/www.calendriers-artistiques.fr\/wp-content\/uploads\/calendriersmedia\/2016 (40).jpg\"><img loading=\"lazy\" src=\"https:\/\/www.calendriers-artistiques.fr\/wp-content\/uploads\/calendriersmedia\/2016 (40).jpg\" alt=\"\" width=\"33\" height=\"85\" class=\"alignnone size-full wp-image-24\" \/><\/a><\/td>\n<\/tr>\n<tr class=\"row-242 even\">\n\t<td class=\"column-1\">SAINT-BRIEUC<\/td><td class=\"column-2\">PLACE DE LA CITE<\/td><td class=\"column-3\">LA PHARMACIE DE L'UNIVERSITE<\/td><td class=\"column-4\">C\u00d4TES-D'ARMOR<\/td><td class=\"column-5\">2016<\/td><td class=\"column-6\"><a href=\"https:\/\/www.calendriers-artistiques.fr\/wp-content\/uploads\/calendriersmedia\/2016 (41).jpg\"><img loading=\"lazy\" src=\"https:\/\/www.calendriers-artistiques.fr\/wp-content\/uploads\/calendriersmedia\/2016 (41).jpg\" alt=\"\" width=\"33\" height=\"85\" class=\"alignnone size-full wp-image-24\" \/><\/a><\/td>\n<\/tr>\n<tr class=\"row-243 odd\">\n\t<td class=\"column-1\">SAINT-DIZIER<\/td><td class=\"column-2\">AVENUE DE LA REPUBLIQUE<\/td><td class=\"column-3\">LA PHARMACIE DE LA REPUBLIQUE<\/td><td class=\"column-4\">HAUTE-MARNE<\/td><td class=\"column-5\">2016<\/td><td class=\"column-6\"><a href=\"https:\/\/www.calendriers-artistiques.fr\/wp-content\/uploads\/calendriersmedia\/2016 (42).jpg\"><img loading=\"lazy\" src=\"https:\/\/www.calendriers-artistiques.fr\/wp-content\/uploads\/calendriersmedia\/2016 (42).jpg\" alt=\"\" width=\"33\" height=\"85\" class=\"alignnone size-full wp-image-24\" \/><\/a><\/td>\n<\/tr>\n<tr class=\"row-244 even\">\n\t<td class=\"column-1\">SAINT-GEORGES-DU-VIEVRE<\/td><td class=\"column-2\">PLACE DE LA MAIRIE<\/td><td class=\"column-3\">LA PHARMACIE SAINT-GEORGES<\/td><td class=\"column-4\">EURE<\/td><td class=\"column-5\">2016<\/td><td class=\"column-6\"><a href=\"https:\/\/www.calendriers-artistiques.fr\/wp-content\/uploads\/calendriersmedia\/2016 (43).jpg\"><img loading=\"lazy\" src=\"https:\/\/www.calendriers-artistiques.fr\/wp-content\/uploads\/calendriersmedia\/2016 (43).jpg\" alt=\"\" width=\"33\" height=\"85\" class=\"alignnone size-full wp-image-24\" \/><\/a><\/td>\n<\/tr>\n<tr class=\"row-245 odd\">\n\t<td class=\"column-1\">SAINT-GEORGES-DU-VIEVRE<\/td><td class=\"column-2\">PLACE DE LA MAIRIE<\/td><td class=\"column-3\">LA PHARMACIE SAINT-GEORGES<\/td><td class=\"column-4\">EURE<\/td><td class=\"column-5\">2016<\/td><td class=\"column-6\"><a href=\"https:\/\/www.calendriers-artistiques.fr\/wp-content\/uploads\/calendriersmedia\/2016 (44).jpg\"><img loading=\"lazy\" src=\"https:\/\/www.calendriers-artistiques.fr\/wp-content\/uploads\/calendriersmedia\/2016 (44).jpg\" alt=\"\" width=\"33\" height=\"85\" class=\"alignnone size-full wp-image-24\" \/><\/a><\/td>\n<\/tr>\n<tr class=\"row-246 even\">\n\t<td class=\"column-1\">SAINT-MELOIR-DES-ONDES<\/td><td class=\"column-2\">RUE DE LA BAIE<\/td><td class=\"column-3\">LA PHARMACIE DES ONDES<\/td><td class=\"column-4\">ILLE-ET-VILAINE<\/td><td class=\"column-5\">2016<\/td><td class=\"column-6\"><a href=\"https:\/\/www.calendriers-artistiques.fr\/wp-content\/uploads\/calendriersmedia\/2016 (45).jpg\"><img loading=\"lazy\" src=\"https:\/\/www.calendriers-artistiques.fr\/wp-content\/uploads\/calendriersmedia\/2016 (45).jpg\" alt=\"\" width=\"33\" height=\"85\" class=\"alignnone size-full wp-image-24\" \/><\/a><\/td>\n<\/tr>\n<tr class=\"row-247 odd\">\n\t<td class=\"column-1\">SAINT-OMER<\/td><td class=\"column-2\">PLACE VICTOR HUGO<\/td><td class=\"column-3\">LA PHARMACIE GRAFF<\/td><td class=\"column-4\">PAS-DE-CALAIS<\/td><td class=\"column-5\">2016<\/td><td class=\"column-6\"><a href=\"https:\/\/www.calendriers-artistiques.fr\/wp-content\/uploads\/calendriersmedia\/2016 (46).jpg\"><img loading=\"lazy\" src=\"https:\/\/www.calendriers-artistiques.fr\/wp-content\/uploads\/calendriersmedia\/2016 (46).jpg\" alt=\"\" width=\"33\" height=\"85\" class=\"alignnone size-full wp-image-24\" \/><\/a><\/td>\n<\/tr>\n<tr class=\"row-248 even\">\n\t<td class=\"column-1\">SAINT-RIQUIER<\/td><td class=\"column-2\">PLACE DE L'EGLISE<\/td><td class=\"column-3\">LA PHARMACIE VERMES<\/td><td class=\"column-4\">SOMME<\/td><td class=\"column-5\">2016<\/td><td class=\"column-6\"><a href=\"https:\/\/www.calendriers-artistiques.fr\/wp-content\/uploads\/calendriersmedia\/2016 (47).jpg\"><img loading=\"lazy\" src=\"https:\/\/www.calendriers-artistiques.fr\/wp-content\/uploads\/calendriersmedia\/2016 (47).jpg\" alt=\"\" width=\"33\" height=\"85\" class=\"alignnone size-full wp-image-24\" \/><\/a><\/td>\n<\/tr>\n<tr class=\"row-249 odd\">\n\t<td class=\"column-1\">SALEUX<\/td><td class=\"column-2\">RUE JEAN CATELAS<\/td><td class=\"column-3\">LA PHARMACIE CAVEL-DUPOND<\/td><td class=\"column-4\">SOMME<\/td><td class=\"column-5\">2016<\/td><td class=\"column-6\"><a href=\"https:\/\/www.calendriers-artistiques.fr\/wp-content\/uploads\/calendriersmedia\/2016 (48).jpg\"><img loading=\"lazy\" src=\"https:\/\/www.calendriers-artistiques.fr\/wp-content\/uploads\/calendriersmedia\/2016 (48).jpg\" alt=\"\" width=\"33\" height=\"85\" class=\"alignnone size-full wp-image-24\" \/><\/a><\/td>\n<\/tr>\n<tr class=\"row-250 even\">\n\t<td class=\"column-1\">SERAUCOURT-LE-GRAND<\/td><td class=\"column-2\">RUE LOUISE ROBERT DE LA TOUR<\/td><td class=\"column-3\">LA PHARMACIE ALAVOINE<\/td><td class=\"column-4\">AISNE<\/td><td class=\"column-5\">2016<\/td><td class=\"column-6\"><a href=\"https:\/\/www.calendriers-artistiques.fr\/wp-content\/uploads\/calendriersmedia\/2016 (49).jpg\"><img loading=\"lazy\" src=\"https:\/\/www.calendriers-artistiques.fr\/wp-content\/uploads\/calendriersmedia\/2016 (49).jpg\" alt=\"\" width=\"33\" height=\"85\" class=\"alignnone size-full wp-image-24\" \/><\/a><\/td>\n<\/tr>\n<tr class=\"row-251 odd\">\n\t<td class=\"column-1\">TOURLAVILLE<\/td><td class=\"column-2\">RUE DU GENERAL DE GAULLE<\/td><td class=\"column-3\">LA PHARMACIE DE LA PLACE<\/td><td class=\"column-4\"><\/td><td class=\"column-5\">2016<\/td><td class=\"column-6\"><a href=\"https:\/\/www.calendriers-artistiques.fr\/wp-content\/uploads\/calendriersmedia\/2016 (50).jpg\"><img loading=\"lazy\" src=\"https:\/\/www.calendriers-artistiques.fr\/wp-content\/uploads\/calendriersmedia\/2016 (50).jpg\" alt=\"\" width=\"33\" height=\"85\" class=\"alignnone size-full wp-image-24\" \/><\/a><\/td>\n<\/tr>\n<tr class=\"row-252 even\">\n\t<td class=\"column-1\">TOURVILLE-SUR-ODON<\/td><td class=\"column-2\">ROUTE DE BRETAGNE<\/td><td class=\"column-3\">LA PHARMACIE MARAIS<\/td><td class=\"column-4\">CALVADOS<\/td><td class=\"column-5\">2016<\/td><td class=\"column-6\"><a href=\"https:\/\/www.calendriers-artistiques.fr\/wp-content\/uploads\/calendriersmedia\/2016 (51).jpg\"><img loading=\"lazy\" src=\"https:\/\/www.calendriers-artistiques.fr\/wp-content\/uploads\/calendriersmedia\/2016 (51).jpg\" alt=\"\" width=\"33\" height=\"85\" class=\"alignnone size-full wp-image-24\" \/><\/a><\/td>\n<\/tr>\n<tr class=\"row-253 odd\">\n\t<td class=\"column-1\">VIEILLE-EGILSE<\/td><td class=\"column-2\">ROUTE DE BOURBOURG<\/td><td class=\"column-3\">LA PHARMACIE DES 2 EGLISES<\/td><td class=\"column-4\">PAS-DE-CALAIS<\/td><td class=\"column-5\">2016<\/td><td class=\"column-6\"><a href=\"https:\/\/www.calendriers-artistiques.fr\/wp-content\/uploads\/calendriersmedia\/2016 (52).jpg\"><img loading=\"lazy\" src=\"https:\/\/www.calendriers-artistiques.fr\/wp-content\/uploads\/calendriersmedia\/2016 (52).jpg\" alt=\"\" width=\"33\" height=\"85\" class=\"alignnone size-full wp-image-24\" \/><\/a><\/td>\n<\/tr>\n<tr class=\"row-254 even\">\n\t<td class=\"column-1\">VIESLY<\/td><td class=\"column-2\">RUE DE LA MAIRIE<\/td><td class=\"column-3\">LA PHARMACIE DES AUBEPINES<\/td><td class=\"column-4\">NORD<\/td><td class=\"column-5\">2016<\/td><td class=\"column-6\"><a href=\"https:\/\/www.calendriers-artistiques.fr\/wp-content\/uploads\/calendriersmedia\/2016 (53).jpg\"><img loading=\"lazy\" src=\"https:\/\/www.calendriers-artistiques.fr\/wp-content\/uploads\/calendriersmedia\/2016 (53).jpg\" alt=\"\" width=\"33\" height=\"85\" class=\"alignnone size-full wp-image-24\" \/><\/a><\/td>\n<\/tr>\n<tr class=\"row-255 odd\">\n\t<td class=\"column-1\">LA PHARMACIE DE MONTSORT<\/td><td class=\"column-2\">RUE DU MANS<\/td><td class=\"column-3\">ALENCON<\/td><td class=\"column-4\">ORNE<\/td><td class=\"column-5\">2015<\/td><td class=\"column-6\"><a href=\"https:\/\/www.calendriers-artistiques.fr\/wp-content\/uploads\/calendriersmedia\/2015 (1).jpg\"><img loading=\"lazy\" src=\"https:\/\/www.calendriers-artistiques.fr\/wp-content\/uploads\/calendriersmedia\/vignette.jpg\" alt=\"\" width=\"33\" height=\"85\" class=\"alignnone size-full wp-image-24\" \/><\/a><\/td>\n<\/tr>\n<tr class=\"row-256 even\">\n\t<td class=\"column-1\">LA PHARMACIE CLAUSIER<\/td><td class=\"column-2\">RUE DE LIMOURS<\/td><td class=\"column-3\">ANGERVILLIERS<\/td><td class=\"column-4\">ESSONNE<\/td><td class=\"column-5\">2015<\/td><td class=\"column-6\"><a href=\"https:\/\/www.calendriers-artistiques.fr\/wp-content\/uploads\/calendriersmedia\/2015 (2).jpg\"><img loading=\"lazy\" src=\"https:\/\/www.calendriers-artistiques.fr\/wp-content\/uploads\/calendriersmedia\/vignette.jpg\" alt=\"\" width=\"33\" height=\"85\" class=\"alignnone size-full wp-image-24\" \/><\/a><\/td>\n<\/tr>\n<tr class=\"row-257 odd\">\n\t<td class=\"column-1\">LA PHARMACIE DES ECOLES<\/td><td class=\"column-2\">RUE GEORGES CLEMENCEAU<\/td><td class=\"column-3\">ANGRES<\/td><td class=\"column-4\">PAS-DE-CALAIS<\/td><td class=\"column-5\">2015<\/td><td class=\"column-6\"><a href=\"https:\/\/www.calendriers-artistiques.fr\/wp-content\/uploads\/calendriersmedia\/2015 (3).jpg\"><img loading=\"lazy\" src=\"https:\/\/www.calendriers-artistiques.fr\/wp-content\/uploads\/calendriersmedia\/vignette.jpg\" alt=\"\" width=\"33\" height=\"85\" class=\"alignnone size-full wp-image-24\" \/><\/a><\/td>\n<\/tr>\n<tr class=\"row-258 even\">\n\t<td class=\"column-1\">LA PHARMACIE JEAN JAURES<\/td><td class=\"column-2\">RUE JEAN JAURES<\/td><td class=\"column-3\">AULNOYE-AYMERIES<\/td><td class=\"column-4\">NORD<\/td><td class=\"column-5\">2015<\/td><td class=\"column-6\"><a href=\"https:\/\/www.calendriers-artistiques.fr\/wp-content\/uploads\/calendriersmedia\/2015 (4).jpg\"><img loading=\"lazy\" src=\"https:\/\/www.calendriers-artistiques.fr\/wp-content\/uploads\/calendriersmedia\/vignette.jpg\" alt=\"\" width=\"33\" height=\"85\" class=\"alignnone size-full wp-image-24\" \/><\/a><\/td>\n<\/tr>\n<tr class=\"row-259 odd\">\n\t<td class=\"column-1\">LA PHARMACIE DE L'AUTHIE<\/td><td class=\"column-2\">PLACE DE L'H\u00c3\u0192\u00e2\u20ac\u009dTEL DE VILLE<\/td><td class=\"column-3\">AUXI-LE-CH\u00c3\u0192\u00e2\u20ac\u0161TEAU<\/td><td class=\"column-4\">PAS-DE-CALAIS<\/td><td class=\"column-5\">2015<\/td><td class=\"column-6\"><a href=\"https:\/\/www.calendriers-artistiques.fr\/wp-content\/uploads\/calendriersmedia\/2015 (5).jpg\"><img loading=\"lazy\" src=\"https:\/\/www.calendriers-artistiques.fr\/wp-content\/uploads\/calendriersmedia\/vignette.jpg\" alt=\"\" width=\"33\" height=\"85\" class=\"alignnone size-full wp-image-24\" \/><\/a><\/td>\n<\/tr>\n<tr class=\"row-260 even\">\n\t<td class=\"column-1\">LA PHARMACIE BOUCHER<\/td><td class=\"column-2\">BOULEVARD GABRIEL PERI<\/td><td class=\"column-3\">AVION<\/td><td class=\"column-4\">PAS-DE-CALAIS<\/td><td class=\"column-5\">2015<\/td><td class=\"column-6\"><a href=\"https:\/\/www.calendriers-artistiques.fr\/wp-content\/uploads\/calendriersmedia\/2015 (6).jpg\"><img loading=\"lazy\" src=\"https:\/\/www.calendriers-artistiques.fr\/wp-content\/uploads\/calendriersmedia\/vignette.jpg\" alt=\"\" width=\"33\" height=\"85\" class=\"alignnone size-full wp-image-24\" \/><\/a><\/td>\n<\/tr>\n<tr class=\"row-261 odd\">\n\t<td class=\"column-1\">NOTRE PHARMACIE DU CENTRE<\/td><td class=\"column-2\">BOULEVARD GABRIEL PERI<\/td><td class=\"column-3\">AVION<\/td><td class=\"column-4\">PAS-DE-CALAIS<\/td><td class=\"column-5\">2015<\/td><td class=\"column-6\"><a href=\"https:\/\/www.calendriers-artistiques.fr\/wp-content\/uploads\/calendriersmedia\/2015 (7).jpg\"><img loading=\"lazy\" src=\"https:\/\/www.calendriers-artistiques.fr\/wp-content\/uploads\/calendriersmedia\/vignette.jpg\" alt=\"\" width=\"33\" height=\"85\" class=\"alignnone size-full wp-image-24\" \/><\/a><\/td>\n<\/tr>\n<tr class=\"row-262 even\">\n\t<td class=\"column-1\">LA PHARMACIE DE LA PETITE SUISSE<\/td><td class=\"column-2\">AVENUE VICTOR CLAUDE<\/td><td class=\"column-3\">BLENOD-LES-PONT-A-MOUSSON<\/td><td class=\"column-4\">MEURTHE-ET-MOSELLE<\/td><td class=\"column-5\">2015<\/td><td class=\"column-6\"><a href=\"https:\/\/www.calendriers-artistiques.fr\/wp-content\/uploads\/calendriersmedia\/2015 (8).jpg\"><img loading=\"lazy\" src=\"https:\/\/www.calendriers-artistiques.fr\/wp-content\/uploads\/calendriersmedia\/vignette.jpg\" alt=\"\" width=\"33\" height=\"85\" class=\"alignnone size-full wp-image-24\" \/><\/a><\/td>\n<\/tr>\n<tr class=\"row-263 odd\">\n\t<td class=\"column-1\">LA PHARMACIE PATIN<\/td><td class=\"column-2\">RUE DU GENERAL DE GAULLE<\/td><td class=\"column-3\">BREHAL<\/td><td class=\"column-4\">MANCHE<\/td><td class=\"column-5\">2015<\/td><td class=\"column-6\"><a href=\"https:\/\/www.calendriers-artistiques.fr\/wp-content\/uploads\/calendriersmedia\/2015 (9).jpg\"><img loading=\"lazy\" src=\"https:\/\/www.calendriers-artistiques.fr\/wp-content\/uploads\/calendriersmedia\/vignette.jpg\" alt=\"\" width=\"33\" height=\"85\" class=\"alignnone size-full wp-image-24\" \/><\/a><\/td>\n<\/tr>\n<tr class=\"row-264 even\">\n\t<td class=\"column-1\">LA PHARMACIE NAPOLEON<\/td><td class=\"column-2\">PLACE DE L'H\u00c3\u0192\u00e2\u20ac\u009dTEL DE VILLE<\/td><td class=\"column-3\">BRIENNE-LE-CHATEAU<\/td><td class=\"column-4\">AUBE<\/td><td class=\"column-5\">2015<\/td><td class=\"column-6\"><a href=\"https:\/\/www.calendriers-artistiques.fr\/wp-content\/uploads\/calendriersmedia\/2015 (10).jpg\"><img loading=\"lazy\" src=\"https:\/\/www.calendriers-artistiques.fr\/wp-content\/uploads\/calendriersmedia\/vignette.jpg\" alt=\"\" width=\"33\" height=\"85\" class=\"alignnone size-full wp-image-24\" \/><\/a><\/td>\n<\/tr>\n<tr class=\"row-265 odd\">\n\t<td class=\"column-1\">LA GRANDE PHARMACIE DE LA GARE<\/td><td class=\"column-2\">RUE ROGER SALENGRO<\/td><td class=\"column-3\">BULLY-LES-MINES<\/td><td class=\"column-4\">PAS-DE-CALAIS<\/td><td class=\"column-5\">2015<\/td><td class=\"column-6\"><a href=\"https:\/\/www.calendriers-artistiques.fr\/wp-content\/uploads\/calendriersmedia\/2015 (11).jpg\"><img loading=\"lazy\" src=\"https:\/\/www.calendriers-artistiques.fr\/wp-content\/uploads\/calendriersmedia\/vignette.jpg\" alt=\"\" width=\"33\" height=\"85\" class=\"alignnone size-full wp-image-24\" \/><\/a><\/td>\n<\/tr>\n<tr class=\"row-266 even\">\n\t<td class=\"column-1\">LA  PHARMACIE BRASSEUR<\/td><td class=\"column-2\">RUE FLORENT EVRARD<\/td><td class=\"column-3\">CARVIN<\/td><td class=\"column-4\">PAS-DE-CALAIS<\/td><td class=\"column-5\">2015<\/td><td class=\"column-6\"><a href=\"https:\/\/www.calendriers-artistiques.fr\/wp-content\/uploads\/calendriersmedia\/2015 (12).jpg\"><img loading=\"lazy\" src=\"https:\/\/www.calendriers-artistiques.fr\/wp-content\/uploads\/calendriersmedia\/vignette.jpg\" alt=\"\" width=\"33\" height=\"85\" class=\"alignnone size-full wp-image-24\" \/><\/a><\/td>\n<\/tr>\n<tr class=\"row-267 odd\">\n\t<td class=\"column-1\">LA PHARMACIE DE CERISY-LA-FOR\u00c3\u0192\u00c5\u00a0T<\/td><td class=\"column-2\">PLACE DU MARCHE<\/td><td class=\"column-3\">CERISY-LA-FOR\u00c3\u0192\u00c5\u00a0T<\/td><td class=\"column-4\">MANCHE<\/td><td class=\"column-5\">2015<\/td><td class=\"column-6\"><a href=\"https:\/\/www.calendriers-artistiques.fr\/wp-content\/uploads\/calendriersmedia\/2015 (13).jpg\"><img loading=\"lazy\" src=\"https:\/\/www.calendriers-artistiques.fr\/wp-content\/uploads\/calendriersmedia\/vignette.jpg\" alt=\"\" width=\"33\" height=\"85\" class=\"alignnone size-full wp-image-24\" \/><\/a><\/td>\n<\/tr>\n<tr class=\"row-268 even\">\n\t<td class=\"column-1\">LA PHARMACIE DE LA CHAUSSEE<\/td><td class=\"column-2\">RUE DE LA CHAUSSEE<\/td><td class=\"column-3\">CHAUNY<\/td><td class=\"column-4\">AISNE<\/td><td class=\"column-5\">2015<\/td><td class=\"column-6\"><a href=\"https:\/\/www.calendriers-artistiques.fr\/wp-content\/uploads\/calendriersmedia\/2015 (14).jpg\"><img loading=\"lazy\" src=\"https:\/\/www.calendriers-artistiques.fr\/wp-content\/uploads\/calendriersmedia\/vignette.jpg\" alt=\"\" width=\"33\" height=\"85\" class=\"alignnone size-full wp-image-24\" \/><\/a><\/td>\n<\/tr>\n<tr class=\"row-269 odd\">\n\t<td class=\"column-1\">LA PHARMACIE DU PORT<\/td><td class=\"column-2\">RUE DE SOISSONS<\/td><td class=\"column-3\">COMPIEGNE<\/td><td class=\"column-4\">OISE<\/td><td class=\"column-5\">2015<\/td><td class=\"column-6\"><a href=\"https:\/\/www.calendriers-artistiques.fr\/wp-content\/uploads\/calendriersmedia\/2015 (15).jpg\"><img loading=\"lazy\" src=\"https:\/\/www.calendriers-artistiques.fr\/wp-content\/uploads\/calendriersmedia\/vignette.jpg\" alt=\"\" width=\"33\" height=\"85\" class=\"alignnone size-full wp-image-24\" \/><\/a><\/td>\n<\/tr>\n<tr class=\"row-270 even\">\n\t<td class=\"column-1\">LA PHARMACIE DE COUSSEY<\/td><td class=\"column-2\">GRANDE RUE<\/td><td class=\"column-3\">COUSSEY<\/td><td class=\"column-4\">VOSGES<\/td><td class=\"column-5\">2015<\/td><td class=\"column-6\"><a href=\"https:\/\/www.calendriers-artistiques.fr\/wp-content\/uploads\/calendriersmedia\/2015 (16).jpg\"><img loading=\"lazy\" src=\"https:\/\/www.calendriers-artistiques.fr\/wp-content\/uploads\/calendriersmedia\/vignette.jpg\" alt=\"\" width=\"33\" height=\"85\" class=\"alignnone size-full wp-image-24\" \/><\/a><\/td>\n<\/tr>\n<tr class=\"row-271 odd\">\n\t<td class=\"column-1\">LA PHARMACIE LETELLIER<\/td><td class=\"column-2\">RUE DE CORNEHOTTE<\/td><td class=\"column-3\">DARGNIES<\/td><td class=\"column-4\">SOMME<\/td><td class=\"column-5\">2015<\/td><td class=\"column-6\"><a href=\"https:\/\/www.calendriers-artistiques.fr\/wp-content\/uploads\/calendriersmedia\/2015 (17).jpg\"><img loading=\"lazy\" src=\"https:\/\/www.calendriers-artistiques.fr\/wp-content\/uploads\/calendriersmedia\/vignette.jpg\" alt=\"\" width=\"33\" height=\"85\" class=\"alignnone size-full wp-image-24\" \/><\/a><\/td>\n<\/tr>\n<tr class=\"row-272 even\">\n\t<td class=\"column-1\">LA PHARMACIE CHARDARD<\/td><td class=\"column-2\">GRANDE'RUE<\/td><td class=\"column-3\">DEVILLE<\/td><td class=\"column-4\">ARDENNES<\/td><td class=\"column-5\">2015<\/td><td class=\"column-6\"><a href=\"https:\/\/www.calendriers-artistiques.fr\/wp-content\/uploads\/calendriersmedia\/2015 (18).jpg\"><img loading=\"lazy\" src=\"https:\/\/www.calendriers-artistiques.fr\/wp-content\/uploads\/calendriersmedia\/vignette.jpg\" alt=\"\" width=\"33\" height=\"85\" class=\"alignnone size-full wp-image-24\" \/><\/a><\/td>\n<\/tr>\n<tr class=\"row-273 odd\">\n\t<td class=\"column-1\">LA PHARMACIE THOURET<\/td><td class=\"column-2\">PLACE THIERS<\/td><td class=\"column-3\">ERNEE<\/td><td class=\"column-4\">MAYENNE<\/td><td class=\"column-5\">2015<\/td><td class=\"column-6\"><a href=\"https:\/\/www.calendriers-artistiques.fr\/wp-content\/uploads\/calendriersmedia\/2015 (19).jpg\"><img loading=\"lazy\" src=\"https:\/\/www.calendriers-artistiques.fr\/wp-content\/uploads\/calendriersmedia\/vignette.jpg\" alt=\"\" width=\"33\" height=\"85\" class=\"alignnone size-full wp-image-24\" \/><\/a><\/td>\n<\/tr>\n<tr class=\"row-274 even\">\n\t<td class=\"column-1\">LA PHARMACIEMONPAYS<\/td><td class=\"column-2\">RUE FAIDHERBE<\/td><td class=\"column-3\">FOURNES-EN-WEPPES<\/td><td class=\"column-4\">NORD<\/td><td class=\"column-5\">2015<\/td><td class=\"column-6\"><a href=\"https:\/\/www.calendriers-artistiques.fr\/wp-content\/uploads\/calendriersmedia\/2015 (20).jpg\"><img loading=\"lazy\" src=\"https:\/\/www.calendriers-artistiques.fr\/wp-content\/uploads\/calendriersmedia\/vignette.jpg\" alt=\"\" width=\"33\" height=\"85\" class=\"alignnone size-full wp-image-24\" \/><\/a><\/td>\n<\/tr>\n<tr class=\"row-275 odd\">\n\t<td class=\"column-1\">LA PHARMACIE DE LA GRAND PLACE<\/td><td class=\"column-2\">PLACE VAILLANT COUTURRIER<\/td><td class=\"column-3\">FRESNES-SUR-ESCAUT<\/td><td class=\"column-4\">NORD<\/td><td class=\"column-5\">2015<\/td><td class=\"column-6\"><a href=\"https:\/\/www.calendriers-artistiques.fr\/wp-content\/uploads\/calendriersmedia\/2015 (21).jpg\"><img loading=\"lazy\" src=\"https:\/\/www.calendriers-artistiques.fr\/wp-content\/uploads\/calendriersmedia\/vignette.jpg\" alt=\"\" width=\"33\" height=\"85\" class=\"alignnone size-full wp-image-24\" \/><\/a><\/td>\n<\/tr>\n<tr class=\"row-276 even\">\n\t<td class=\"column-1\">LA PHARMACIE DU POINT CENTRAL<\/td><td class=\"column-2\">RUE DE METZ<\/td><td class=\"column-3\">FROUARD<\/td><td class=\"column-4\">MEURTHE-ET-MOSELLE<\/td><td class=\"column-5\">2015<\/td><td class=\"column-6\"><a href=\"https:\/\/www.calendriers-artistiques.fr\/wp-content\/uploads\/calendriersmedia\/2015 (22).jpg\"><img loading=\"lazy\" src=\"https:\/\/www.calendriers-artistiques.fr\/wp-content\/uploads\/calendriersmedia\/vignette.jpg\" alt=\"\" width=\"33\" height=\"85\" class=\"alignnone size-full wp-image-24\" \/><\/a><\/td>\n<\/tr>\n<tr class=\"row-277 odd\">\n\t<td class=\"column-1\">LA PHARMACIE DE LA MAIRIE<\/td><td class=\"column-2\">RUE DE LA MAIRIE<\/td><td class=\"column-3\">GOUVIEUX<\/td><td class=\"column-4\">OISE<\/td><td class=\"column-5\">2015<\/td><td class=\"column-6\"><a href=\"https:\/\/www.calendriers-artistiques.fr\/wp-content\/uploads\/calendriersmedia\/2015 (23).jpg\"><img loading=\"lazy\" src=\"https:\/\/www.calendriers-artistiques.fr\/wp-content\/uploads\/calendriersmedia\/vignette.jpg\" alt=\"\" width=\"33\" height=\"85\" class=\"alignnone size-full wp-image-24\" \/><\/a><\/td>\n<\/tr>\n<tr class=\"row-278 even\">\n\t<td class=\"column-1\">MA PHARMACIE<\/td><td class=\"column-2\">PLACE PASTEUR<\/td><td class=\"column-3\">GRENAY<\/td><td class=\"column-4\">PAS-DE-CALAIS<\/td><td class=\"column-5\">2015<\/td><td class=\"column-6\"><a href=\"https:\/\/www.calendriers-artistiques.fr\/wp-content\/uploads\/calendriersmedia\/2015 (24).jpg\"><img loading=\"lazy\" src=\"https:\/\/www.calendriers-artistiques.fr\/wp-content\/uploads\/calendriersmedia\/vignette.jpg\" alt=\"\" width=\"33\" height=\"85\" class=\"alignnone size-full wp-image-24\" \/><\/a><\/td>\n<\/tr>\n<tr class=\"row-279 odd\">\n\t<td class=\"column-1\">LA PHARMACIE DUBOIS<\/td><td class=\"column-2\">RUE JEAN-BAPTISTE CORBEL<\/td><td class=\"column-3\">HENANBIHEN<\/td><td class=\"column-4\">C\u00c3\u0192\u00e2\u20ac\u201cTES-D'ARMOR<\/td><td class=\"column-5\">2015<\/td><td class=\"column-6\"><a href=\"https:\/\/www.calendriers-artistiques.fr\/wp-content\/uploads\/calendriersmedia\/2015 (25).jpg\"><img loading=\"lazy\" src=\"https:\/\/www.calendriers-artistiques.fr\/wp-content\/uploads\/calendriersmedia\/vignette.jpg\" alt=\"\" width=\"33\" height=\"85\" class=\"alignnone size-full wp-image-24\" \/><\/a><\/td>\n<\/tr>\n<tr class=\"row-280 even\">\n\t<td class=\"column-1\">LA PHARMACIE BASSET<\/td><td class=\"column-2\">RUE JEAN BUDNYCK<\/td><td class=\"column-3\">HOMBLIERES<\/td><td class=\"column-4\">AISNE<\/td><td class=\"column-5\">2015<\/td><td class=\"column-6\"><a href=\"https:\/\/www.calendriers-artistiques.fr\/wp-content\/uploads\/calendriersmedia\/2015 (26).jpg\"><img loading=\"lazy\" src=\"https:\/\/www.calendriers-artistiques.fr\/wp-content\/uploads\/calendriersmedia\/vignette.jpg\" alt=\"\" width=\"33\" height=\"85\" class=\"alignnone size-full wp-image-24\" \/><\/a><\/td>\n<\/tr>\n<tr class=\"row-281 odd\">\n\t<td class=\"column-1\">LA PHARMACIE DES MERISIERS<\/td><td class=\"column-2\">BOULEVARD DE L'OISE<\/td><td class=\"column-3\">JOUY-LE-MOUTIER<\/td><td class=\"column-4\">VAL-D'OISE<\/td><td class=\"column-5\">2015<\/td><td class=\"column-6\"><a href=\"https:\/\/www.calendriers-artistiques.fr\/wp-content\/uploads\/calendriersmedia\/2015 (27).jpg\"><img loading=\"lazy\" src=\"https:\/\/www.calendriers-artistiques.fr\/wp-content\/uploads\/calendriersmedia\/vignette.jpg\" alt=\"\" width=\"33\" height=\"85\" class=\"alignnone size-full wp-image-24\" \/><\/a><\/td>\n<\/tr>\n<tr class=\"row-282 even\">\n\t<td class=\"column-1\">LA PHARMACIE DE LA GARE<\/td><td class=\"column-2\">RUE DE LA GARE<\/td><td class=\"column-3\">LE MERLERAULT<\/td><td class=\"column-4\">ORNE<\/td><td class=\"column-5\">2015<\/td><td class=\"column-6\"><a href=\"https:\/\/www.calendriers-artistiques.fr\/wp-content\/uploads\/calendriersmedia\/2015 (28).jpg\"><img loading=\"lazy\" src=\"https:\/\/www.calendriers-artistiques.fr\/wp-content\/uploads\/calendriersmedia\/vignette.jpg\" alt=\"\" width=\"33\" height=\"85\" class=\"alignnone size-full wp-image-24\" \/><\/a><\/td>\n<\/tr>\n<tr class=\"row-283 odd\">\n\t<td class=\"column-1\">LA PHARMACIE CARPENTIER<\/td><td class=\"column-2\">PLACE DU MARCHE<\/td><td class=\"column-3\">LE SAP<\/td><td class=\"column-4\">ORNE<\/td><td class=\"column-5\">2015<\/td><td class=\"column-6\"><a href=\"https:\/\/www.calendriers-artistiques.fr\/wp-content\/uploads\/calendriersmedia\/2015 (29).jpg\"><img loading=\"lazy\" src=\"https:\/\/www.calendriers-artistiques.fr\/wp-content\/uploads\/calendriersmedia\/vignette.jpg\" alt=\"\" width=\"33\" height=\"85\" class=\"alignnone size-full wp-image-24\" \/><\/a><\/td>\n<\/tr>\n<tr class=\"row-284 even\">\n\t<td class=\"column-1\">LA PHARMACIE CHEVALIER-DELCOURT<\/td><td class=\"column-2\">QUAI FRANCOIS 1er<\/td><td class=\"column-3\">LE TREPORT<\/td><td class=\"column-4\">SEINE-MARITIME<\/td><td class=\"column-5\">2015<\/td><td class=\"column-6\"><a href=\"https:\/\/www.calendriers-artistiques.fr\/wp-content\/uploads\/calendriersmedia\/2015 (30).jpg\"><img loading=\"lazy\" src=\"https:\/\/www.calendriers-artistiques.fr\/wp-content\/uploads\/calendriersmedia\/vignette.jpg\" alt=\"\" width=\"33\" height=\"85\" class=\"alignnone size-full wp-image-24\" \/><\/a><\/td>\n<\/tr>\n<tr class=\"row-285 odd\">\n\t<td class=\"column-1\">LA PHARMACIE DU PARC<\/td><td class=\"column-2\">RUE DU GENERALDE GAULLE<\/td><td class=\"column-3\">LIGNY-EN-BARROIS<\/td><td class=\"column-4\">MEUSE<\/td><td class=\"column-5\">2015<\/td><td class=\"column-6\"><a href=\"https:\/\/www.calendriers-artistiques.fr\/wp-content\/uploads\/calendriersmedia\/2015 (31).jpg\"><img loading=\"lazy\" src=\"https:\/\/www.calendriers-artistiques.fr\/wp-content\/uploads\/calendriersmedia\/vignette.jpg\" alt=\"\" width=\"33\" height=\"85\" class=\"alignnone size-full wp-image-24\" \/><\/a><\/td>\n<\/tr>\n<tr class=\"row-286 even\">\n\t<td class=\"column-1\">LA PHARMACIE THORRE<\/td><td class=\"column-2\">AVENUE DES PRUNUS<\/td><td class=\"column-3\">LOUARGAT<\/td><td class=\"column-4\">C\u00c3\u0192\u00e2\u20ac\u201cTES-D'ARMOR<\/td><td class=\"column-5\">2015<\/td><td class=\"column-6\"><a href=\"https:\/\/www.calendriers-artistiques.fr\/wp-content\/uploads\/calendriersmedia\/2015 (32).jpg\"><img loading=\"lazy\" src=\"https:\/\/www.calendriers-artistiques.fr\/wp-content\/uploads\/calendriersmedia\/vignette.jpg\" alt=\"\" width=\"33\" height=\"85\" class=\"alignnone size-full wp-image-24\" \/><\/a><\/td>\n<\/tr>\n<tr class=\"row-287 odd\">\n\t<td class=\"column-1\">LA PHARMACIE DE LA PLACE<\/td><td class=\"column-2\">RUE MARCEL HOLLEVILLE<\/td><td class=\"column-3\">MERS-LES-BAINS<\/td><td class=\"column-4\">SOMME<\/td><td class=\"column-5\">2015<\/td><td class=\"column-6\"><a href=\"https:\/\/www.calendriers-artistiques.fr\/wp-content\/uploads\/calendriersmedia\/2015 (33).jpg\"><img loading=\"lazy\" src=\"https:\/\/www.calendriers-artistiques.fr\/wp-content\/uploads\/calendriersmedia\/vignette.jpg\" alt=\"\" width=\"33\" height=\"85\" class=\"alignnone size-full wp-image-24\" \/><\/a><\/td>\n<\/tr>\n<tr class=\"row-288 even\">\n\t<td class=\"column-1\">LA PHARMACIE LEULLIER<\/td><td class=\"column-2\">RUE CHARLES BOUDEVILLE<\/td><td class=\"column-3\">MERU<\/td><td class=\"column-4\">OISE<\/td><td class=\"column-5\">2015<\/td><td class=\"column-6\"><a href=\"https:\/\/www.calendriers-artistiques.fr\/wp-content\/uploads\/calendriersmedia\/2015 (34).jpg\"><img loading=\"lazy\" src=\"https:\/\/www.calendriers-artistiques.fr\/wp-content\/uploads\/calendriersmedia\/vignette.jpg\" alt=\"\" width=\"33\" height=\"85\" class=\"alignnone size-full wp-image-24\" \/><\/a><\/td>\n<\/tr>\n<tr class=\"row-289 odd\">\n\t<td class=\"column-1\">LA PHARMACIE DE LA VALLEE<\/td><td class=\"column-2\">RUE SAINT PIERRE<\/td><td class=\"column-3\">MONTFORT-SUR-RISLE<\/td><td class=\"column-4\">EURE<\/td><td class=\"column-5\">2015<\/td><td class=\"column-6\"><a href=\"https:\/\/www.calendriers-artistiques.fr\/wp-content\/uploads\/calendriersmedia\/2015 (35).jpg\"><img loading=\"lazy\" src=\"https:\/\/www.calendriers-artistiques.fr\/wp-content\/uploads\/calendriersmedia\/vignette.jpg\" alt=\"\" width=\"33\" height=\"85\" class=\"alignnone size-full wp-image-24\" \/><\/a><\/td>\n<\/tr>\n<tr class=\"row-290 even\">\n\t<td class=\"column-1\">LA PHARMACIE NESLOISE<\/td><td class=\"column-2\">RUE GAMBETTA<\/td><td class=\"column-3\">NESLE<\/td><td class=\"column-4\">SOMME<\/td><td class=\"column-5\">2015<\/td><td class=\"column-6\"><a href=\"https:\/\/www.calendriers-artistiques.fr\/wp-content\/uploads\/calendriersmedia\/2015 (36).jpg\"><img loading=\"lazy\" src=\"https:\/\/www.calendriers-artistiques.fr\/wp-content\/uploads\/calendriersmedia\/vignette.jpg\" alt=\"\" width=\"33\" height=\"85\" class=\"alignnone size-full wp-image-24\" \/><\/a><\/td>\n<\/tr>\n<tr class=\"row-291 odd\">\n\t<td class=\"column-1\">LA PHARMACIE DE L'ORBIQUET<\/td><td class=\"column-2\">RUE GRANDE<\/td><td class=\"column-3\">ORBEC<\/td><td class=\"column-4\">CALVADOS<\/td><td class=\"column-5\">2015<\/td><td class=\"column-6\"><a href=\"https:\/\/www.calendriers-artistiques.fr\/wp-content\/uploads\/calendriersmedia\/2015 (37).jpg\"><img loading=\"lazy\" src=\"https:\/\/www.calendriers-artistiques.fr\/wp-content\/uploads\/calendriersmedia\/vignette.jpg\" alt=\"\" width=\"33\" height=\"85\" class=\"alignnone size-full wp-image-24\" \/><\/a><\/td>\n<\/tr>\n<tr class=\"row-292 even\">\n\t<td class=\"column-1\">LA PHARMACIE DE L'H\u00c3\u0192\u00e2\u20ac\u009dTEL DE VILLE<\/td><td class=\"column-2\">PLACE DU GENERAL DE GAULLE<\/td><td class=\"column-3\">ORCHIES<\/td><td class=\"column-4\">NORD<\/td><td class=\"column-5\">2015<\/td><td class=\"column-6\"><a href=\"https:\/\/www.calendriers-artistiques.fr\/wp-content\/uploads\/calendriersmedia\/2015 (38).jpg\"><img loading=\"lazy\" src=\"https:\/\/www.calendriers-artistiques.fr\/wp-content\/uploads\/calendriersmedia\/vignette.jpg\" alt=\"\" width=\"33\" height=\"85\" class=\"alignnone size-full wp-image-24\" \/><\/a><\/td>\n<\/tr>\n<tr class=\"row-293 odd\">\n\t<td class=\"column-1\">LA PHARMACIE PONT D'ORSON<\/td><td class=\"column-2\">PLACE DE L'H\u00c3\u0192\u00e2\u20ac\u009dTEL DE VILLE<\/td><td class=\"column-3\">PONTORSON<\/td><td class=\"column-4\">MANCHE<\/td><td class=\"column-5\">2015<\/td><td class=\"column-6\"><a href=\"https:\/\/www.calendriers-artistiques.fr\/wp-content\/uploads\/calendriersmedia\/2015 (39).jpg\"><img loading=\"lazy\" src=\"https:\/\/www.calendriers-artistiques.fr\/wp-content\/uploads\/calendriersmedia\/vignette.jpg\" alt=\"\" width=\"33\" height=\"85\" class=\"alignnone size-full wp-image-24\" \/><\/a><\/td>\n<\/tr>\n<tr class=\"row-294 even\">\n\t<td class=\"column-1\">LA PHARMACIE PRODHOMME<\/td><td class=\"column-2\">PLACE NOTRE DAME<\/td><td class=\"column-3\">PUTANGES-PONT-ECREPIN<\/td><td class=\"column-4\">ORNE<\/td><td class=\"column-5\">2015<\/td><td class=\"column-6\"><a href=\"https:\/\/www.calendriers-artistiques.fr\/wp-content\/uploads\/calendriersmedia\/2015 (40).jpg\"><img loading=\"lazy\" src=\"https:\/\/www.calendriers-artistiques.fr\/wp-content\/uploads\/calendriersmedia\/vignette.jpg\" alt=\"\" width=\"33\" height=\"85\" class=\"alignnone size-full wp-image-24\" \/><\/a><\/td>\n<\/tr>\n<tr class=\"row-295 odd\">\n\t<td class=\"column-1\">LA PHARMACIE DU CENTRE<\/td><td class=\"column-2\">RUE VICTOR HUGO<\/td><td class=\"column-3\">REVIN<\/td><td class=\"column-4\">ARDENNES<\/td><td class=\"column-5\">2015<\/td><td class=\"column-6\"><a href=\"https:\/\/www.calendriers-artistiques.fr\/wp-content\/uploads\/calendriersmedia\/2015 (41).jpg\"><img loading=\"lazy\" src=\"https:\/\/www.calendriers-artistiques.fr\/wp-content\/uploads\/calendriersmedia\/vignette.jpg\" alt=\"\" width=\"33\" height=\"85\" class=\"alignnone size-full wp-image-24\" \/><\/a><\/td>\n<\/tr>\n<tr class=\"row-296 even\">\n\t<td class=\"column-1\">LA PHARMACIE FAURE<\/td><td class=\"column-2\">RUE PASTEUR<\/td><td class=\"column-3\">RIMOGNE<\/td><td class=\"column-4\">ARDENNES<\/td><td class=\"column-5\">2015<\/td><td class=\"column-6\"><a href=\"https:\/\/www.calendriers-artistiques.fr\/wp-content\/uploads\/calendriersmedia\/2015 (42).jpg\"><img loading=\"lazy\" src=\"https:\/\/www.calendriers-artistiques.fr\/wp-content\/uploads\/calendriersmedia\/vignette.jpg\" alt=\"\" width=\"33\" height=\"85\" class=\"alignnone size-full wp-image-24\" \/><\/a><\/td>\n<\/tr>\n<tr class=\"row-297 odd\">\n\t<td class=\"column-1\">LA PHARMACIE WALA-CANDON<\/td><td class=\"column-2\">RUE DE LA LIBERTE<\/td><td class=\"column-3\">RONCEY<\/td><td class=\"column-4\">MANCHE<\/td><td class=\"column-5\">2015<\/td><td class=\"column-6\"><a href=\"https:\/\/www.calendriers-artistiques.fr\/wp-content\/uploads\/calendriersmedia\/2015 (43).jpg\"><img loading=\"lazy\" src=\"https:\/\/www.calendriers-artistiques.fr\/wp-content\/uploads\/calendriersmedia\/vignette.jpg\" alt=\"\" width=\"33\" height=\"85\" class=\"alignnone size-full wp-image-24\" \/><\/a><\/td>\n<\/tr>\n<tr class=\"row-298 even\">\n\t<td class=\"column-1\">LA PHARMACIE DEBRUYNE<\/td><td class=\"column-2\">PLACE DU MARECHAL LECLERC<\/td><td class=\"column-3\">ROSIERES-EN-SANTERRE<\/td><td class=\"column-4\">SOMME<\/td><td class=\"column-5\">2015<\/td><td class=\"column-6\"><a href=\"https:\/\/www.calendriers-artistiques.fr\/wp-content\/uploads\/calendriersmedia\/2015 (44).jpg\"><img loading=\"lazy\" src=\"https:\/\/www.calendriers-artistiques.fr\/wp-content\/uploads\/calendriersmedia\/vignette.jpg\" alt=\"\" width=\"33\" height=\"85\" class=\"alignnone size-full wp-image-24\" \/><\/a><\/td>\n<\/tr>\n<tr class=\"row-299 odd\">\n\t<td class=\"column-1\">LA PHARMACIE DU BEFFROI<\/td><td class=\"column-2\">PLACE DE VERDUN<\/td><td class=\"column-3\">RUE<\/td><td class=\"column-4\">SOMME<\/td><td class=\"column-5\">2015<\/td><td class=\"column-6\"><a href=\"https:\/\/www.calendriers-artistiques.fr\/wp-content\/uploads\/calendriersmedia\/2015 (45).jpg\"><img loading=\"lazy\" src=\"https:\/\/www.calendriers-artistiques.fr\/wp-content\/uploads\/calendriersmedia\/vignette.jpg\" alt=\"\" width=\"33\" height=\"85\" class=\"alignnone size-full wp-image-24\" \/><\/a><\/td>\n<\/tr>\n<tr class=\"row-300 even\">\n\t<td class=\"column-1\">LA PHARMACIE MOULLART<\/td><td class=\"column-2\">RUE DU TITRE<\/td><td class=\"column-3\">SAILLY-FLIBEAUCOURT<\/td><td class=\"column-4\">SOMME<\/td><td class=\"column-5\">2015<\/td><td class=\"column-6\"><a href=\"https:\/\/www.calendriers-artistiques.fr\/wp-content\/uploads\/calendriersmedia\/2015 (46).jpg\"><img loading=\"lazy\" src=\"https:\/\/www.calendriers-artistiques.fr\/wp-content\/uploads\/calendriersmedia\/vignette.jpg\" alt=\"\" width=\"33\" height=\"85\" class=\"alignnone size-full wp-image-24\" \/><\/a><\/td>\n<\/tr>\n<tr class=\"row-301 odd\">\n\t<td class=\"column-1\">LA PHARMACIE LE GALL<\/td><td class=\"column-2\">RUE THEODULE RIBOT<\/td><td class=\"column-3\">SAINT-BRIEUC<\/td><td class=\"column-4\">C\u00c3\u0192\u00e2\u20ac\u009dTES-D'ARMOR<\/td><td class=\"column-5\">2015<\/td><td class=\"column-6\"><a href=\"https:\/\/www.calendriers-artistiques.fr\/wp-content\/uploads\/calendriersmedia\/2015 (47).jpg\"><img loading=\"lazy\" src=\"https:\/\/www.calendriers-artistiques.fr\/wp-content\/uploads\/calendriersmedia\/vignette.jpg\" alt=\"\" width=\"33\" height=\"85\" class=\"alignnone size-full wp-image-24\" \/><\/a><\/td>\n<\/tr>\n<tr class=\"row-302 even\">\n\t<td class=\"column-1\">LA PHARMACIE SAINT-GEORGES<\/td><td class=\"column-2\">PLACE DE LA MAIRIE<\/td><td class=\"column-3\">SAINT-GEORGES-DU-VIEVRE<\/td><td class=\"column-4\">EURE<\/td><td class=\"column-5\">2015<\/td><td class=\"column-6\"><a href=\"https:\/\/www.calendriers-artistiques.fr\/wp-content\/uploads\/calendriersmedia\/2015 (48).jpg\"><img loading=\"lazy\" src=\"https:\/\/www.calendriers-artistiques.fr\/wp-content\/uploads\/calendriersmedia\/vignette.jpg\" alt=\"\" width=\"33\" height=\"85\" class=\"alignnone size-full wp-image-24\" \/><\/a><\/td>\n<\/tr>\n<tr class=\"row-303 odd\">\n\t<td class=\"column-1\">LA PHARMACIE GONIDEC<\/td><td class=\"column-2\">RUE DU CENTRE<\/td><td class=\"column-3\">SAINT-JULIEN<\/td><td class=\"column-4\">C\u00c3\u0192\u00e2\u20ac\u009dTES-D'ARMOR<\/td><td class=\"column-5\">2015<\/td><td class=\"column-6\"><a href=\"https:\/\/www.calendriers-artistiques.fr\/wp-content\/uploads\/calendriersmedia\/2015 (49).jpg\"><img loading=\"lazy\" src=\"https:\/\/www.calendriers-artistiques.fr\/wp-content\/uploads\/calendriersmedia\/vignette.jpg\" alt=\"\" width=\"33\" height=\"85\" class=\"alignnone size-full wp-image-24\" \/><\/a><\/td>\n<\/tr>\n<tr class=\"row-304 even\">\n\t<td class=\"column-1\">LA PHARMACIE VERMERSCH<\/td><td class=\"column-2\">RUE DE LA REPUBLIQUE<\/td><td class=\"column-3\">SAINT-POL-SUR-MER<\/td><td class=\"column-4\">NORD<\/td><td class=\"column-5\">2015<\/td><td class=\"column-6\"><a href=\"https:\/\/www.calendriers-artistiques.fr\/wp-content\/uploads\/calendriersmedia\/2015 (50).jpg\"><img loading=\"lazy\" src=\"https:\/\/www.calendriers-artistiques.fr\/wp-content\/uploads\/calendriersmedia\/vignette.jpg\" alt=\"\" width=\"33\" height=\"85\" class=\"alignnone size-full wp-image-24\" \/><\/a><\/td>\n<\/tr>\n<tr class=\"row-305 odd\">\n\t<td class=\"column-1\">LA PHARMACIE VERMES<\/td><td class=\"column-2\">PLACE DE L'EGLISE<\/td><td class=\"column-3\">SAINT-RIQUIER<\/td><td class=\"column-4\">SOMME<\/td><td class=\"column-5\">2015<\/td><td class=\"column-6\"><a href=\"https:\/\/www.calendriers-artistiques.fr\/wp-content\/uploads\/calendriersmedia\/2015 (51).jpg\"><img loading=\"lazy\" src=\"https:\/\/www.calendriers-artistiques.fr\/wp-content\/uploads\/calendriersmedia\/vignette.jpg\" alt=\"\" width=\"33\" height=\"85\" class=\"alignnone size-full wp-image-24\" \/><\/a><\/td>\n<\/tr>\n<tr class=\"row-306 even\">\n\t<td class=\"column-1\">LA PHARMACIE DE LA BAIE<\/td><td class=\"column-2\">GRANDE RUE<\/td><td class=\"column-3\">SARTILLY<\/td><td class=\"column-4\">MANCHE<\/td><td class=\"column-5\">2015<\/td><td class=\"column-6\"><a href=\"https:\/\/www.calendriers-artistiques.fr\/wp-content\/uploads\/calendriersmedia\/2015 (52).jpg\"><img loading=\"lazy\" src=\"https:\/\/www.calendriers-artistiques.fr\/wp-content\/uploads\/calendriersmedia\/vignette.jpg\" alt=\"\" width=\"33\" height=\"85\" class=\"alignnone size-full wp-image-24\" \/><\/a><\/td>\n<\/tr>\n<tr class=\"row-307 odd\">\n\t<td class=\"column-1\">LA PHARMACIE SAINT-REMI<\/td><td class=\"column-2\">AVENUE DE BOURGOIN<\/td><td class=\"column-3\">SAULT-LES-RETHEL<\/td><td class=\"column-4\">ARDENNES<\/td><td class=\"column-5\">2015<\/td><td class=\"column-6\"><a href=\"https:\/\/www.calendriers-artistiques.fr\/wp-content\/uploads\/calendriersmedia\/2015 (53).jpg\"><img loading=\"lazy\" src=\"https:\/\/www.calendriers-artistiques.fr\/wp-content\/uploads\/calendriersmedia\/vignette.jpg\" alt=\"\" width=\"33\" height=\"85\" class=\"alignnone size-full wp-image-24\" \/><\/a><\/td>\n<\/tr>\n<tr class=\"row-308 even\">\n\t<td class=\"column-1\">LA PHARMACIE LEONARD<\/td><td class=\"column-2\">RUE GEORGES DUHAMEL<\/td><td class=\"column-3\">SEPTEUIL<\/td><td class=\"column-4\">YVELINES<\/td><td class=\"column-5\">2015<\/td><td class=\"column-6\"><a href=\"https:\/\/www.calendriers-artistiques.fr\/wp-content\/uploads\/calendriersmedia\/2015 (54).jpg\"><img loading=\"lazy\" src=\"https:\/\/www.calendriers-artistiques.fr\/wp-content\/uploads\/calendriersmedia\/vignette.jpg\" alt=\"\" width=\"33\" height=\"85\" class=\"alignnone size-full wp-image-24\" \/><\/a><\/td>\n<\/tr>\n<tr class=\"row-309 odd\">\n\t<td class=\"column-1\">LA PHARMACIE ALAVOINE<\/td><td class=\"column-2\">RUE LOUISE ROBERT DE LA TOUR<\/td><td class=\"column-3\">SERAUCOURT-LE-GRAND<\/td><td class=\"column-4\">AISNE<\/td><td class=\"column-5\">2015<\/td><td class=\"column-6\"><a href=\"https:\/\/www.calendriers-artistiques.fr\/wp-content\/uploads\/calendriersmedia\/2015 (55).jpg\"><img loading=\"lazy\" src=\"https:\/\/www.calendriers-artistiques.fr\/wp-content\/uploads\/calendriersmedia\/vignette.jpg\" alt=\"\" width=\"33\" height=\"85\" class=\"alignnone size-full wp-image-24\" \/><\/a><\/td>\n<\/tr>\n<tr class=\"row-310 even\">\n\t<td class=\"column-1\">LA PHARMACIE DES CYTISES<\/td><td class=\"column-2\">AVENUE DE VERDUN<\/td><td class=\"column-3\">STENAY<\/td><td class=\"column-4\">MEUSE<\/td><td class=\"column-5\">2015<\/td><td class=\"column-6\"><a href=\"https:\/\/www.calendriers-artistiques.fr\/wp-content\/uploads\/calendriersmedia\/2015 (56).jpg\"><img loading=\"lazy\" src=\"https:\/\/www.calendriers-artistiques.fr\/wp-content\/uploads\/calendriersmedia\/vignette.jpg\" alt=\"\" width=\"33\" height=\"85\" class=\"alignnone size-full wp-image-24\" \/><\/a><\/td>\n<\/tr>\n<tr class=\"row-311 odd\">\n\t<td class=\"column-1\">LA PHARMACIE DE LA GARE<\/td><td class=\"column-2\">RUE PIERRE SEMARD<\/td><td class=\"column-3\">TERGNIER<\/td><td class=\"column-4\">AISNE<\/td><td class=\"column-5\">2015<\/td><td class=\"column-6\"><a href=\"https:\/\/www.calendriers-artistiques.fr\/wp-content\/uploads\/calendriersmedia\/2015 (57).jpg\"><img loading=\"lazy\" src=\"https:\/\/www.calendriers-artistiques.fr\/wp-content\/uploads\/calendriersmedia\/vignette.jpg\" alt=\"\" width=\"33\" height=\"85\" class=\"alignnone size-full wp-image-24\" \/><\/a><\/td>\n<\/tr>\n<tr class=\"row-312 even\">\n\t<td class=\"column-1\">LA PHARMACIE DU PARC<\/td><td class=\"column-2\">RUE DE LA PORTE SAINT MARTIN<\/td><td class=\"column-3\">THOIRY<\/td><td class=\"column-4\">YVELINES<\/td><td class=\"column-5\">2015<\/td><td class=\"column-6\"><a href=\"https:\/\/www.calendriers-artistiques.fr\/wp-content\/uploads\/calendriersmedia\/2015 (58).jpg\"><img loading=\"lazy\" src=\"https:\/\/www.calendriers-artistiques.fr\/wp-content\/uploads\/calendriersmedia\/vignette.jpg\" alt=\"\" width=\"33\" height=\"85\" class=\"alignnone size-full wp-image-24\" \/><\/a><\/td>\n<\/tr>\n<tr class=\"row-313 odd\">\n\t<td class=\"column-1\">LA PHARMACIE VIEL<\/td><td class=\"column-2\">RUE DE LA REPUBLIQUE<\/td><td class=\"column-3\">TRUN<\/td><td class=\"column-4\">ORNE<\/td><td class=\"column-5\">2015<\/td><td class=\"column-6\"><a href=\"https:\/\/www.calendriers-artistiques.fr\/wp-content\/uploads\/calendriersmedia\/2015 (59).jpg\"><img loading=\"lazy\" src=\"https:\/\/www.calendriers-artistiques.fr\/wp-content\/uploads\/calendriersmedia\/vignette.jpg\" alt=\"\" width=\"33\" height=\"85\" class=\"alignnone size-full wp-image-24\" \/><\/a><\/td>\n<\/tr>\n<tr class=\"row-314 even\">\n\t<td class=\"column-1\">LA PHARMACIE HIVES-JORION<\/td><td class=\"column-2\">RUE DE FAMARS<\/td><td class=\"column-3\">VALENCIENNES<\/td><td class=\"column-4\">NORD<\/td><td class=\"column-5\">2015<\/td><td class=\"column-6\"><a href=\"https:\/\/www.calendriers-artistiques.fr\/wp-content\/uploads\/calendriersmedia\/2015 (60).jpg\"><img loading=\"lazy\" src=\"https:\/\/www.calendriers-artistiques.fr\/wp-content\/uploads\/calendriersmedia\/vignette.jpg\" alt=\"\" width=\"33\" height=\"85\" class=\"alignnone size-full wp-image-24\" \/><\/a><\/td>\n<\/tr>\n<tr class=\"row-315 odd\">\n\t<td class=\"column-1\">LA PHARMACIE LETAROUILLY<\/td><td class=\"column-2\">BOULEVARD DIVISION LECLERC<\/td><td class=\"column-3\">VALOGNES<\/td><td class=\"column-4\">MANCHE<\/td><td class=\"column-5\">2015<\/td><td class=\"column-6\"><a href=\"https:\/\/www.calendriers-artistiques.fr\/wp-content\/uploads\/calendriersmedia\/2015 (61).jpg\"><img loading=\"lazy\" src=\"https:\/\/www.calendriers-artistiques.fr\/wp-content\/uploads\/calendriersmedia\/vignette.jpg\" alt=\"\" width=\"33\" height=\"85\" class=\"alignnone size-full wp-image-24\" \/><\/a><\/td>\n<\/tr>\n<tr class=\"row-316 even\">\n\t<td class=\"column-1\">LA PHARMACIE DE VILLIERS-EN-LIEU<\/td><td class=\"column-2\">GRANDE RUE<\/td><td class=\"column-3\">VILLIERS-EN-LIEU<\/td><td class=\"column-4\">HAUTE MARNE<\/td><td class=\"column-5\">2015<\/td><td class=\"column-6\"><a href=\"https:\/\/www.calendriers-artistiques.fr\/wp-content\/uploads\/calendriersmedia\/2015 (62).jpg\"><img loading=\"lazy\" src=\"https:\/\/www.calendriers-artistiques.fr\/wp-content\/uploads\/calendriersmedia\/vignette.jpg\" alt=\"\" width=\"33\" height=\"85\" class=\"alignnone size-full wp-image-24\" \/><\/a><\/td>\n<\/tr>\n<tr class=\"row-317 odd\">\n\t<td class=\"column-1\">LA PHARMACIE LECLERE-JOUEN<\/td><td class=\"column-2\">PLACE AMBROISE CROIZAT<\/td><td class=\"column-3\">ANDEVILLE<\/td><td class=\"column-4\">OISE<\/td><td class=\"column-5\">2014<\/td><td class=\"column-6\"><a href=\"https:\/\/www.calendriers-artistiques.fr\/wp-content\/uploads\/calendriersmedia\/2014 (1).jpg\"><img loading=\"lazy\" src=\"https:\/\/www.calendriers-artistiques.fr\/wp-content\/uploads\/calendriersmedia\/vignette.jpg\" alt=\"\" width=\"33\" height=\"85\" class=\"alignnone size-full wp-image-24\" \/><\/a><\/td>\n<\/tr>\n<tr class=\"row-318 even\">\n\t<td class=\"column-1\">LA PHARMACIE CENTRALE<\/td><td class=\"column-2\">PLACE DU MARCHE<\/td><td class=\"column-3\">ARPAJON<\/td><td class=\"column-4\">ESSONNE<\/td><td class=\"column-5\">2014<\/td><td class=\"column-6\"><a href=\"https:\/\/www.calendriers-artistiques.fr\/wp-content\/uploads\/calendriersmedia\/2014 (2).jpg\"><img loading=\"lazy\" src=\"https:\/\/www.calendriers-artistiques.fr\/wp-content\/uploads\/calendriersmedia\/vignette.jpg\" alt=\"\" width=\"33\" height=\"85\" class=\"alignnone size-full wp-image-24\" \/><\/a><\/td>\n<\/tr>\n<tr class=\"row-319 odd\">\n\t<td class=\"column-1\">LA PHARMACIE DELILLE<\/td><td class=\"column-2\">RUE JEAN MERMOZ<\/td><td class=\"column-3\">AUBENTON<\/td><td class=\"column-4\">AISNE<\/td><td class=\"column-5\">2014<\/td><td class=\"column-6\"><a href=\"https:\/\/www.calendriers-artistiques.fr\/wp-content\/uploads\/calendriersmedia\/2014 (3).jpg\"><img loading=\"lazy\" src=\"https:\/\/www.calendriers-artistiques.fr\/wp-content\/uploads\/calendriersmedia\/vignette.jpg\" alt=\"\" width=\"33\" height=\"85\" class=\"alignnone size-full wp-image-24\" \/><\/a><\/td>\n<\/tr>\n<tr class=\"row-320 even\">\n\t<td class=\"column-1\">LA PHARMACIE DE L'H\u00c3\u0192\u00e2\u20ac\u009dTEL DE VILLE<\/td><td class=\"column-2\">RUE DE L'H\u00c3\u0192\u00e2\u20ac\u009dTEL DE VILLE<\/td><td class=\"column-3\">AULNOYE-AYMERIES<\/td><td class=\"column-4\">NORD<\/td><td class=\"column-5\">2014<\/td><td class=\"column-6\"><a href=\"https:\/\/www.calendriers-artistiques.fr\/wp-content\/uploads\/calendriersmedia\/2014 (4).jpg\"><img loading=\"lazy\" src=\"https:\/\/www.calendriers-artistiques.fr\/wp-content\/uploads\/calendriersmedia\/vignette.jpg\" alt=\"\" width=\"33\" height=\"85\" class=\"alignnone size-full wp-image-24\" \/><\/a><\/td>\n<\/tr>\n<tr class=\"row-321 odd\">\n\t<td class=\"column-1\">LA PHARMACIE DU PRIEURE<\/td><td class=\"column-2\">RUE DE SABLE<\/td><td class=\"column-3\">AUVERS LE HAMON<\/td><td class=\"column-4\">SARTHE<\/td><td class=\"column-5\">2014<\/td><td class=\"column-6\"><a href=\"https:\/\/www.calendriers-artistiques.fr\/wp-content\/uploads\/calendriersmedia\/2014 (5).jpg\"><img loading=\"lazy\" src=\"https:\/\/www.calendriers-artistiques.fr\/wp-content\/uploads\/calendriersmedia\/vignette.jpg\" alt=\"\" width=\"33\" height=\"85\" class=\"alignnone size-full wp-image-24\" \/><\/a><\/td>\n<\/tr>\n<tr class=\"row-322 even\">\n\t<td class=\"column-1\">LA PHARMACIE DE MORMAL<\/td><td class=\"column-2\">PLACE DU GENERAL DE GAULLE<\/td><td class=\"column-3\">BERLAIMONT<\/td><td class=\"column-4\">NORD<\/td><td class=\"column-5\">2014<\/td><td class=\"column-6\"><a href=\"https:\/\/www.calendriers-artistiques.fr\/wp-content\/uploads\/calendriersmedia\/2014 (6).jpg\"><img loading=\"lazy\" src=\"https:\/\/www.calendriers-artistiques.fr\/wp-content\/uploads\/calendriersmedia\/vignette.jpg\" alt=\"\" width=\"33\" height=\"85\" class=\"alignnone size-full wp-image-24\" \/><\/a><\/td>\n<\/tr>\n<tr class=\"row-323 odd\">\n\t<td class=\"column-1\">LA PHARMACIE DE BIEVRES<\/td><td class=\"column-2\">PLACE EDOUARD CHENNEVIERE<\/td><td class=\"column-3\">BIEVRES<\/td><td class=\"column-4\">ESSONNE<\/td><td class=\"column-5\">2014<\/td><td class=\"column-6\"><a href=\"https:\/\/www.calendriers-artistiques.fr\/wp-content\/uploads\/calendriersmedia\/2014 (7).jpg\"><img loading=\"lazy\" src=\"https:\/\/www.calendriers-artistiques.fr\/wp-content\/uploads\/calendriersmedia\/vignette.jpg\" alt=\"\" width=\"33\" height=\"85\" class=\"alignnone size-full wp-image-24\" \/><\/a><\/td>\n<\/tr>\n<tr class=\"row-324 even\">\n\t<td class=\"column-1\">LA PHARMACIE ABITEBOUL<\/td><td class=\"column-2\">RUE DU GENERAL DE GAULLE<\/td><td class=\"column-3\">BRESLES<\/td><td class=\"column-4\">OISE<\/td><td class=\"column-5\">2014<\/td><td class=\"column-6\"><a href=\"https:\/\/www.calendriers-artistiques.fr\/wp-content\/uploads\/calendriersmedia\/2014 (8).jpg\"><img loading=\"lazy\" src=\"https:\/\/www.calendriers-artistiques.fr\/wp-content\/uploads\/calendriersmedia\/vignette.jpg\" alt=\"\" width=\"33\" height=\"85\" class=\"alignnone size-full wp-image-24\" \/><\/a><\/td>\n<\/tr>\n<tr class=\"row-325 odd\">\n\t<td class=\"column-1\">LA PHARMACIE DE LA NOUVELLE FRANCE<\/td><td class=\"column-2\">BOULEVARD VICTOR HUGO<\/td><td class=\"column-3\">CALAIS<\/td><td class=\"column-4\">PAS-DE-CALAIS<\/td><td class=\"column-5\">2014<\/td><td class=\"column-6\"><a href=\"https:\/\/www.calendriers-artistiques.fr\/wp-content\/uploads\/calendriersmedia\/2014 (9).jpg\"><img loading=\"lazy\" src=\"https:\/\/www.calendriers-artistiques.fr\/wp-content\/uploads\/calendriersmedia\/vignette.jpg\" alt=\"\" width=\"33\" height=\"85\" class=\"alignnone size-full wp-image-24\" \/><\/a><\/td>\n<\/tr>\n<tr class=\"row-326 even\">\n\t<td class=\"column-1\">LA PHARMACIE DU MARCHE<\/td><td class=\"column-2\">RUE DU GENERAL DE GAULLE<\/td><td class=\"column-3\">CANY-BARVILLE<\/td><td class=\"column-4\">SEINE-MARITIME<\/td><td class=\"column-5\">2014<\/td><td class=\"column-6\"><a href=\"https:\/\/www.calendriers-artistiques.fr\/wp-content\/uploads\/calendriersmedia\/2014 (10).jpg\"><img loading=\"lazy\" src=\"https:\/\/www.calendriers-artistiques.fr\/wp-content\/uploads\/calendriersmedia\/vignette.jpg\" alt=\"\" width=\"33\" height=\"85\" class=\"alignnone size-full wp-image-24\" \/><\/a><\/td>\n<\/tr>\n<tr class=\"row-327 odd\">\n\t<td class=\"column-1\">LA PHARMACIE AURIOL<\/td><td class=\"column-2\">PLACE GRIMAULT<\/td><td class=\"column-3\">CERNAY-LA-VILLE<\/td><td class=\"column-4\">YVELINES<\/td><td class=\"column-5\">2014<\/td><td class=\"column-6\"><a href=\"https:\/\/www.calendriers-artistiques.fr\/wp-content\/uploads\/calendriersmedia\/2014 (11).jpg\"><img loading=\"lazy\" src=\"https:\/\/www.calendriers-artistiques.fr\/wp-content\/uploads\/calendriersmedia\/vignette.jpg\" alt=\"\" width=\"33\" height=\"85\" class=\"alignnone size-full wp-image-24\" \/><\/a><\/td>\n<\/tr>\n<tr class=\"row-328 even\">\n\t<td class=\"column-1\">LA PHARMACIE DU VIEUX MOULIN<\/td><td class=\"column-2\">RUE DU MOULIN<\/td><td class=\"column-3\">CHARLEVILLE-MEZIERES<\/td><td class=\"column-4\">ARDENNES<\/td><td class=\"column-5\">2014<\/td><td class=\"column-6\"><a href=\"https:\/\/www.calendriers-artistiques.fr\/wp-content\/uploads\/calendriersmedia\/2014 (12).jpg\"><img loading=\"lazy\" src=\"https:\/\/www.calendriers-artistiques.fr\/wp-content\/uploads\/calendriersmedia\/vignette.jpg\" alt=\"\" width=\"33\" height=\"85\" class=\"alignnone size-full wp-image-24\" \/><\/a><\/td>\n<\/tr>\n<tr class=\"row-329 odd\">\n\t<td class=\"column-1\">LA PHARMACIE DE NEVERS<\/td><td class=\"column-2\">PLACE DE NEVERS<\/td><td class=\"column-3\">CHARLEVILLE-MEZIERES<\/td><td class=\"column-4\">ARDENNES<\/td><td class=\"column-5\">2014<\/td><td class=\"column-6\"><a href=\"https:\/\/www.calendriers-artistiques.fr\/wp-content\/uploads\/calendriersmedia\/2014 (13).jpg\"><img loading=\"lazy\" src=\"https:\/\/www.calendriers-artistiques.fr\/wp-content\/uploads\/calendriersmedia\/vignette.jpg\" alt=\"\" width=\"33\" height=\"85\" class=\"alignnone size-full wp-image-24\" \/><\/a><\/td>\n<\/tr>\n<tr class=\"row-330 even\">\n\t<td class=\"column-1\">LA PHARMACIEDE LA RIVIERE<\/td><td class=\"column-2\">RUE DE L'INDUSTRIE<\/td><td class=\"column-3\">CONFLANS-SUR-LANTERNE<\/td><td class=\"column-4\">HAUTE-SA\u00c3\u0192\u00e2\u20ac\u009dNE<\/td><td class=\"column-5\">2014<\/td><td class=\"column-6\"><a href=\"https:\/\/www.calendriers-artistiques.fr\/wp-content\/uploads\/calendriersmedia\/2014 (14).jpg\"><img loading=\"lazy\" src=\"https:\/\/www.calendriers-artistiques.fr\/wp-content\/uploads\/calendriersmedia\/vignette.jpg\" alt=\"\" width=\"33\" height=\"85\" class=\"alignnone size-full wp-image-24\" \/><\/a><\/td>\n<\/tr>\n<tr class=\"row-331 odd\">\n\t<td class=\"column-1\">LA PHARMACIE DU PARC<\/td><td class=\"column-2\">RUE DU DOCTEUR THOUVENEL<\/td><td class=\"column-3\">CONTREXEVILLE<\/td><td class=\"column-4\">VOSGES<\/td><td class=\"column-5\">2014<\/td><td class=\"column-6\"><a href=\"https:\/\/www.calendriers-artistiques.fr\/wp-content\/uploads\/calendriersmedia\/2014 (15).jpg\"><img loading=\"lazy\" src=\"https:\/\/www.calendriers-artistiques.fr\/wp-content\/uploads\/calendriersmedia\/vignette.jpg\" alt=\"\" width=\"33\" height=\"85\" class=\"alignnone size-full wp-image-24\" \/><\/a><\/td>\n<\/tr>\n<tr class=\"row-332 even\">\n\t<td class=\"column-1\">LA GRANDE PHARMACIE JAURES<\/td><td class=\"column-2\">BOULEVARD JEAN JAURES<\/td><td class=\"column-3\">COUDEKERQUE-BRANCHE<\/td><td class=\"column-4\">NORD<\/td><td class=\"column-5\">2014<\/td><td class=\"column-6\"><a href=\"https:\/\/www.calendriers-artistiques.fr\/wp-content\/uploads\/calendriersmedia\/2014 (16).jpg\"><img loading=\"lazy\" src=\"https:\/\/www.calendriers-artistiques.fr\/wp-content\/uploads\/calendriersmedia\/vignette.jpg\" alt=\"\" width=\"33\" height=\"85\" class=\"alignnone size-full wp-image-24\" \/><\/a><\/td>\n<\/tr>\n<tr class=\"row-333 odd\">\n\t<td class=\"column-1\">LA PHARMACIE DE COUSSEY<\/td><td class=\"column-2\">GRANDE RUE<\/td><td class=\"column-3\">COUSSEY<\/td><td class=\"column-4\">VOSGES<\/td><td class=\"column-5\">2014<\/td><td class=\"column-6\"><a href=\"https:\/\/www.calendriers-artistiques.fr\/wp-content\/uploads\/calendriersmedia\/2014 (17).jpg\"><img loading=\"lazy\" src=\"https:\/\/www.calendriers-artistiques.fr\/wp-content\/uploads\/calendriersmedia\/vignette.jpg\" alt=\"\" width=\"33\" height=\"85\" class=\"alignnone size-full wp-image-24\" \/><\/a><\/td>\n<\/tr>\n<tr class=\"row-334 even\">\n\t<td class=\"column-1\">LA PHARMACIE CHARDARD<\/td><td class=\"column-2\">GRANDE'RUE<\/td><td class=\"column-3\">DEVILLE<\/td><td class=\"column-4\">ARDENNES<\/td><td class=\"column-5\">2014<\/td><td class=\"column-6\"><a href=\"https:\/\/www.calendriers-artistiques.fr\/wp-content\/uploads\/calendriersmedia\/2014 (18).jpg\"><img loading=\"lazy\" src=\"https:\/\/www.calendriers-artistiques.fr\/wp-content\/uploads\/calendriersmedia\/vignette.jpg\" alt=\"\" width=\"33\" height=\"85\" class=\"alignnone size-full wp-image-24\" \/><\/a><\/td>\n<\/tr>\n<tr class=\"row-335 odd\">\n\t<td class=\"column-1\">LA PHARMACIE POMME<\/td><td class=\"column-2\">ROUTE DE COUTANCES<\/td><td class=\"column-3\">DONVILLE-LES-BAINS<\/td><td class=\"column-4\">MANCHE<\/td><td class=\"column-5\">2014<\/td><td class=\"column-6\"><a href=\"https:\/\/www.calendriers-artistiques.fr\/wp-content\/uploads\/calendriersmedia\/2014 (19).jpg\"><img loading=\"lazy\" src=\"https:\/\/www.calendriers-artistiques.fr\/wp-content\/uploads\/calendriersmedia\/vignette.jpg\" alt=\"\" width=\"33\" height=\"85\" class=\"alignnone size-full wp-image-24\" \/><\/a><\/td>\n<\/tr>\n<tr class=\"row-336 even\">\n\t<td class=\"column-1\">LA PHARMACIE DU CH\u00c3\u0192\u00e2\u20ac\u0161TEAU<\/td><td class=\"column-2\">RUE DE CHARTRES<\/td><td class=\"column-3\">DOURDAN<\/td><td class=\"column-4\">ESSONNE<\/td><td class=\"column-5\">2014<\/td><td class=\"column-6\"><a href=\"https:\/\/www.calendriers-artistiques.fr\/wp-content\/uploads\/calendriersmedia\/2014 (20).jpg\"><img loading=\"lazy\" src=\"https:\/\/www.calendriers-artistiques.fr\/wp-content\/uploads\/calendriersmedia\/vignette.jpg\" alt=\"\" width=\"33\" height=\"85\" class=\"alignnone size-full wp-image-24\" \/><\/a><\/td>\n<\/tr>\n<tr class=\"row-337 odd\">\n\t<td class=\"column-1\">LA PHARMACIE LEPOITTEVIN<\/td><td class=\"column-2\">RUE GAMBETTA<\/td><td class=\"column-3\">EQUEURDREVILLE-HAINNEVILLE<\/td><td class=\"column-4\">MANCHE<\/td><td class=\"column-5\">2014<\/td><td class=\"column-6\"><a href=\"https:\/\/www.calendriers-artistiques.fr\/wp-content\/uploads\/calendriersmedia\/2014 (21).jpg\"><img loading=\"lazy\" src=\"https:\/\/www.calendriers-artistiques.fr\/wp-content\/uploads\/calendriersmedia\/vignette.jpg\" alt=\"\" width=\"33\" height=\"85\" class=\"alignnone size-full wp-image-24\" \/><\/a><\/td>\n<\/tr>\n<tr class=\"row-338 even\">\n\t<td class=\"column-1\">LA PHARMACIE THOURET<\/td><td class=\"column-2\">PLACE THIERS<\/td><td class=\"column-3\">ERNEE<\/td><td class=\"column-4\">MAYENNE<\/td><td class=\"column-5\">2014<\/td><td class=\"column-6\"><a href=\"https:\/\/www.calendriers-artistiques.fr\/wp-content\/uploads\/calendriersmedia\/2014 (22).jpg\"><img loading=\"lazy\" src=\"https:\/\/www.calendriers-artistiques.fr\/wp-content\/uploads\/calendriersmedia\/vignette.jpg\" alt=\"\" width=\"33\" height=\"85\" class=\"alignnone size-full wp-image-24\" \/><\/a><\/td>\n<\/tr>\n<tr class=\"row-339 odd\">\n\t<td class=\"column-1\">LA PHARMACIE CAUQUY-MAIGNER<\/td><td class=\"column-2\">RUE DE LA FONTAINE<\/td><td class=\"column-3\">EVRON<\/td><td class=\"column-4\">MAYENNE<\/td><td class=\"column-5\">2014<\/td><td class=\"column-6\"><a href=\"https:\/\/www.calendriers-artistiques.fr\/wp-content\/uploads\/calendriersmedia\/2014 (23).jpg\"><img loading=\"lazy\" src=\"https:\/\/www.calendriers-artistiques.fr\/wp-content\/uploads\/calendriersmedia\/vignette.jpg\" alt=\"\" width=\"33\" height=\"85\" class=\"alignnone size-full wp-image-24\" \/><\/a><\/td>\n<\/tr>\n<tr class=\"row-340 even\">\n\t<td class=\"column-1\">LA PHARMACIE VITI<\/td><td class=\"column-2\">PLACE REINE MATHILDE<\/td><td class=\"column-3\">FALAISE<\/td><td class=\"column-4\">CALVADOS<\/td><td class=\"column-5\">2014<\/td><td class=\"column-6\"><a href=\"https:\/\/www.calendriers-artistiques.fr\/wp-content\/uploads\/calendriersmedia\/2014 (24).jpg\"><img loading=\"lazy\" src=\"https:\/\/www.calendriers-artistiques.fr\/wp-content\/uploads\/calendriersmedia\/vignette.jpg\" alt=\"\" width=\"33\" height=\"85\" class=\"alignnone size-full wp-image-24\" \/><\/a><\/td>\n<\/tr>\n<tr class=\"row-341 odd\">\n\t<td class=\"column-1\">LA PHARMACIE DE SAINT-ETIENNE<\/td><td class=\"column-2\">RUE SAINT-ETIENNE<\/td><td class=\"column-3\">FECAMP<\/td><td class=\"column-4\">SEINE-MARITIME<\/td><td class=\"column-5\">2014<\/td><td class=\"column-6\"><a href=\"https:\/\/www.calendriers-artistiques.fr\/wp-content\/uploads\/calendriersmedia\/2014 (25).jpg\"><img loading=\"lazy\" src=\"https:\/\/www.calendriers-artistiques.fr\/wp-content\/uploads\/calendriersmedia\/vignette.jpg\" alt=\"\" width=\"33\" height=\"85\" class=\"alignnone size-full wp-image-24\" \/><\/a><\/td>\n<\/tr>\n<tr class=\"row-342 even\">\n\t<td class=\"column-1\">LA PHARMACIE BRISSET<\/td><td class=\"column-2\">ROUTE DE DIELETTE<\/td><td class=\"column-3\">FLAMANVILLE<\/td><td class=\"column-4\">MANCHE<\/td><td class=\"column-5\">2014<\/td><td class=\"column-6\"><a href=\"https:\/\/www.calendriers-artistiques.fr\/wp-content\/uploads\/calendriersmedia\/2014 (26).jpg\"><img loading=\"lazy\" src=\"https:\/\/www.calendriers-artistiques.fr\/wp-content\/uploads\/calendriersmedia\/vignette.jpg\" alt=\"\" width=\"33\" height=\"85\" class=\"alignnone size-full wp-image-24\" \/><\/a><\/td>\n<\/tr>\n<tr class=\"row-343 odd\">\n\t<td class=\"column-1\">LA PHARMACIE LETESSIER<\/td><td class=\"column-2\">RUE CLEMENCEAU<\/td><td class=\"column-3\">GRANVILLE<\/td><td class=\"column-4\">MANCHE<\/td><td class=\"column-5\">2014<\/td><td class=\"column-6\"><a href=\"https:\/\/www.calendriers-artistiques.fr\/wp-content\/uploads\/calendriersmedia\/2014 (27).jpg\"><img loading=\"lazy\" src=\"https:\/\/www.calendriers-artistiques.fr\/wp-content\/uploads\/calendriersmedia\/vignette.jpg\" alt=\"\" width=\"33\" height=\"85\" class=\"alignnone size-full wp-image-24\" \/><\/a><\/td>\n<\/tr>\n<tr class=\"row-344 even\">\n\t<td class=\"column-1\">LA PHARMACIE DAVID-SCHNEIDER<\/td><td class=\"column-2\">RUE DE LA LIBERATION<\/td><td class=\"column-3\">HARCOURT<\/td><td class=\"column-4\">EURE<\/td><td class=\"column-5\">2014<\/td><td class=\"column-6\"><a href=\"https:\/\/www.calendriers-artistiques.fr\/wp-content\/uploads\/calendriersmedia\/2014 (28).jpg\"><img loading=\"lazy\" src=\"https:\/\/www.calendriers-artistiques.fr\/wp-content\/uploads\/calendriersmedia\/vignette.jpg\" alt=\"\" width=\"33\" height=\"85\" class=\"alignnone size-full wp-image-24\" \/><\/a><\/td>\n<\/tr>\n<tr class=\"row-345 odd\">\n\t<td class=\"column-1\">LA PHARMACIE DU GRAND MOULIN<\/td><td class=\"column-2\">RUE DES FUSILLES<\/td><td class=\"column-3\">HARNES<\/td><td class=\"column-4\">PAS-DE-CALAIS<\/td><td class=\"column-5\">2014<\/td><td class=\"column-6\"><a href=\"https:\/\/www.calendriers-artistiques.fr\/wp-content\/uploads\/calendriersmedia\/2014 (29).jpg\"><img loading=\"lazy\" src=\"https:\/\/www.calendriers-artistiques.fr\/wp-content\/uploads\/calendriersmedia\/vignette.jpg\" alt=\"\" width=\"33\" height=\"85\" class=\"alignnone size-full wp-image-24\" \/><\/a><\/td>\n<\/tr>\n<tr class=\"row-346 even\">\n\t<td class=\"column-1\">LA PHARMACIE BENIAC-LABBE<\/td><td class=\"column-2\">RUE SADI CARNOT<\/td><td class=\"column-3\">HAUBOURDIN<\/td><td class=\"column-4\">NORD<\/td><td class=\"column-5\">2014<\/td><td class=\"column-6\"><a href=\"https:\/\/www.calendriers-artistiques.fr\/wp-content\/uploads\/calendriersmedia\/2014 (30).jpg\"><img loading=\"lazy\" src=\"https:\/\/www.calendriers-artistiques.fr\/wp-content\/uploads\/calendriersmedia\/vignette.jpg\" alt=\"\" width=\"33\" height=\"85\" class=\"alignnone size-full wp-image-24\" \/><\/a><\/td>\n<\/tr>\n<tr class=\"row-347 odd\">\n\t<td class=\"column-1\">LA PHARMACIE GOMES-BUI<\/td><td class=\"column-2\">ALLEE DES BOIS<\/td><td class=\"column-3\">HERBLAY<\/td><td class=\"column-4\">VAL-D'OISE<\/td><td class=\"column-5\">2014<\/td><td class=\"column-6\"><a href=\"https:\/\/www.calendriers-artistiques.fr\/wp-content\/uploads\/calendriersmedia\/2014 (31).jpg\"><img loading=\"lazy\" src=\"https:\/\/www.calendriers-artistiques.fr\/wp-content\/uploads\/calendriersmedia\/vignette.jpg\" alt=\"\" width=\"33\" height=\"85\" class=\"alignnone size-full wp-image-24\" \/><\/a><\/td>\n<\/tr>\n<tr class=\"row-348 even\">\n\t<td class=\"column-1\">LA PHARMACIE BASSET<\/td><td class=\"column-2\">RUE JEAN BUDNYCK<\/td><td class=\"column-3\">HOMBLIERES<\/td><td class=\"column-4\">AISNE<\/td><td class=\"column-5\">2014<\/td><td class=\"column-6\"><a href=\"https:\/\/www.calendriers-artistiques.fr\/wp-content\/uploads\/calendriersmedia\/2014 (32).jpg\"><img loading=\"lazy\" src=\"https:\/\/www.calendriers-artistiques.fr\/wp-content\/uploads\/calendriersmedia\/vignette.jpg\" alt=\"\" width=\"33\" height=\"85\" class=\"alignnone size-full wp-image-24\" \/><\/a><\/td>\n<\/tr>\n<tr class=\"row-349 odd\">\n\t<td class=\"column-1\">LA PHARMACIE DES MERISIERS<\/td><td class=\"column-2\">BOULEVARD DE L'OISE<\/td><td class=\"column-3\">JOUY-LE-MOUTIER<\/td><td class=\"column-4\">VAL-D'OISE<\/td><td class=\"column-5\">2014<\/td><td class=\"column-6\"><a href=\"https:\/\/www.calendriers-artistiques.fr\/wp-content\/uploads\/calendriersmedia\/2014 (33).jpg\"><img loading=\"lazy\" src=\"https:\/\/www.calendriers-artistiques.fr\/wp-content\/uploads\/calendriersmedia\/vignette.jpg\" alt=\"\" width=\"33\" height=\"85\" class=\"alignnone size-full wp-image-24\" \/><\/a><\/td>\n<\/tr>\n<tr class=\"row-350 even\">\n\t<td class=\"column-1\">LA PHARMACIE CLAIREFONTAINE<\/td><td class=\"column-2\">RUE PREMARTINE<\/td><td class=\"column-3\">LE MANS<\/td><td class=\"column-4\">SARTHE<\/td><td class=\"column-5\">2014<\/td><td class=\"column-6\"><a href=\"https:\/\/www.calendriers-artistiques.fr\/wp-content\/uploads\/calendriersmedia\/2014 (34).jpg\"><img loading=\"lazy\" src=\"https:\/\/www.calendriers-artistiques.fr\/wp-content\/uploads\/calendriersmedia\/vignette.jpg\" alt=\"\" width=\"33\" height=\"85\" class=\"alignnone size-full wp-image-24\" \/><\/a><\/td>\n<\/tr>\n<tr class=\"row-351 odd\">\n\t<td class=\"column-1\">LA PHARMACIE TURMEL<\/td><td class=\"column-2\">AVENUE DU GENERAL DE GAULLE<\/td><td class=\"column-3\">LE MANS<\/td><td class=\"column-4\">SARTHE<\/td><td class=\"column-5\">2014<\/td><td class=\"column-6\"><a href=\"https:\/\/www.calendriers-artistiques.fr\/wp-content\/uploads\/calendriersmedia\/2014 (35).jpg\"><img loading=\"lazy\" src=\"https:\/\/www.calendriers-artistiques.fr\/wp-content\/uploads\/calendriersmedia\/vignette.jpg\" alt=\"\" width=\"33\" height=\"85\" class=\"alignnone size-full wp-image-24\" \/><\/a><\/td>\n<\/tr>\n<tr class=\"row-352 even\">\n\t<td class=\"column-1\">LA PHARMACIE ROSE-LAHOUSTE<\/td><td class=\"column-2\">PLACE POINCARE<\/td><td class=\"column-3\">LE PORTEL<\/td><td class=\"column-4\">PAS-DE-CALAIS<\/td><td class=\"column-5\">2014<\/td><td class=\"column-6\"><a href=\"https:\/\/www.calendriers-artistiques.fr\/wp-content\/uploads\/calendriersmedia\/2014 (36).jpg\"><img loading=\"lazy\" src=\"https:\/\/www.calendriers-artistiques.fr\/wp-content\/uploads\/calendriersmedia\/vignette.jpg\" alt=\"\" width=\"33\" height=\"85\" class=\"alignnone size-full wp-image-24\" \/><\/a><\/td>\n<\/tr>\n<tr class=\"row-353 odd\">\n\t<td class=\"column-1\">LA PHARMACIE DU MARCHE<\/td><td class=\"column-2\">AVENUE DU GENERAL LECLERC<\/td><td class=\"column-3\">LES CLAYES-SOUS-BOIS<\/td><td class=\"column-4\">YVELINES<\/td><td class=\"column-5\">2014<\/td><td class=\"column-6\"><a href=\"https:\/\/www.calendriers-artistiques.fr\/wp-content\/uploads\/calendriersmedia\/2014 (37).jpg\"><img loading=\"lazy\" src=\"https:\/\/www.calendriers-artistiques.fr\/wp-content\/uploads\/calendriersmedia\/vignette.jpg\" alt=\"\" width=\"33\" height=\"85\" class=\"alignnone size-full wp-image-24\" \/><\/a><\/td>\n<\/tr>\n<tr class=\"row-354 even\">\n\t<td class=\"column-1\">LA PHARMACIEDU CENTRE<\/td><td class=\"column-2\">RUE DE L'ARTOIRE<\/td><td class=\"column-3\">LES ESSARTS-LE-ROI<\/td><td class=\"column-4\">YVELINES<\/td><td class=\"column-5\">2014<\/td><td class=\"column-6\"><a href=\"https:\/\/www.calendriers-artistiques.fr\/wp-content\/uploads\/calendriersmedia\/2014 (38).jpg\"><img loading=\"lazy\" src=\"https:\/\/www.calendriers-artistiques.fr\/wp-content\/uploads\/calendriersmedia\/vignette.jpg\" alt=\"\" width=\"33\" height=\"85\" class=\"alignnone size-full wp-image-24\" \/><\/a><\/td>\n<\/tr>\n<tr class=\"row-355 odd\">\n\t<td class=\"column-1\">LA PHARMACIE DETRIGNE<\/td><td class=\"column-2\">RUE DE L'H\u00c3\u0192\u00e2\u20ac\u009dTEL DE VILLE<\/td><td class=\"column-3\">LES HAUTES-RIVIERES<\/td><td class=\"column-4\">ARDENNES<\/td><td class=\"column-5\">2014<\/td><td class=\"column-6\"><a href=\"https:\/\/www.calendriers-artistiques.fr\/wp-content\/uploads\/calendriersmedia\/2014 (39).jpg\"><img loading=\"lazy\" src=\"https:\/\/www.calendriers-artistiques.fr\/wp-content\/uploads\/calendriersmedia\/vignette.jpg\" alt=\"\" width=\"33\" height=\"85\" class=\"alignnone size-full wp-image-24\" \/><\/a><\/td>\n<\/tr>\n<tr class=\"row-356 even\">\n\t<td class=\"column-1\">LA PHARMACIE ZOLLI<\/td><td class=\"column-2\">RUE BRETECHE<\/td><td class=\"column-3\">LE TRAIT<\/td><td class=\"column-4\">SEINE-MARITIME<\/td><td class=\"column-5\">2014<\/td><td class=\"column-6\"><a href=\"https:\/\/www.calendriers-artistiques.fr\/wp-content\/uploads\/calendriersmedia\/2014 (40).jpg\"><img loading=\"lazy\" src=\"https:\/\/www.calendriers-artistiques.fr\/wp-content\/uploads\/calendriersmedia\/vignette.jpg\" alt=\"\" width=\"33\" height=\"85\" class=\"alignnone size-full wp-image-24\" \/><\/a><\/td>\n<\/tr>\n<tr class=\"row-357 odd\">\n\t<td class=\"column-1\">LA PHARMACIE DU PARC<\/td><td class=\"column-2\">RUE DU GENERAL DE GAULLE<\/td><td class=\"column-3\">LIGNY-EN-BARROIS<\/td><td class=\"column-4\">MEUSE<\/td><td class=\"column-5\">2014<\/td><td class=\"column-6\"><a href=\"https:\/\/www.calendriers-artistiques.fr\/wp-content\/uploads\/calendriersmedia\/2014 (41).jpg\"><img loading=\"lazy\" src=\"https:\/\/www.calendriers-artistiques.fr\/wp-content\/uploads\/calendriersmedia\/vignette.jpg\" alt=\"\" width=\"33\" height=\"85\" class=\"alignnone size-full wp-image-24\" \/><\/a><\/td>\n<\/tr>\n<tr class=\"row-358 even\">\n\t<td class=\"column-1\">LA PHARMACIE DU LYCEE<\/td><td class=\"column-2\">RUE DU GENERAL LECLERC<\/td><td class=\"column-3\">LISIEUX<\/td><td class=\"column-4\">CALVADOS<\/td><td class=\"column-5\">2014<\/td><td class=\"column-6\"><a href=\"https:\/\/www.calendriers-artistiques.fr\/wp-content\/uploads\/calendriersmedia\/2014 (42).jpg\"><img loading=\"lazy\" src=\"https:\/\/www.calendriers-artistiques.fr\/wp-content\/uploads\/calendriersmedia\/vignette.jpg\" alt=\"\" width=\"33\" height=\"85\" class=\"alignnone size-full wp-image-24\" \/><\/a><\/td>\n<\/tr>\n<tr class=\"row-359 odd\">\n\t<td class=\"column-1\">LA PHARMACIE LEULLIER<\/td><td class=\"column-2\">RUE CHARLES BOUDEVILLE<\/td><td class=\"column-3\">MERU<\/td><td class=\"column-4\">OISE<\/td><td class=\"column-5\">2014<\/td><td class=\"column-6\"><a href=\"https:\/\/www.calendriers-artistiques.fr\/wp-content\/uploads\/calendriersmedia\/2014 (43).jpg\"><img loading=\"lazy\" src=\"https:\/\/www.calendriers-artistiques.fr\/wp-content\/uploads\/calendriersmedia\/vignette.jpg\" alt=\"\" width=\"33\" height=\"85\" class=\"alignnone size-full wp-image-24\" \/><\/a><\/td>\n<\/tr>\n<tr class=\"row-360 even\">\n\t<td class=\"column-1\">LA PHARMACIE JEANNE D'ARC<\/td><td class=\"column-2\">RUE NEUVE<\/td><td class=\"column-3\">NEUFCH\u00c3\u0192\u00e2\u20ac\u0161TEAU<\/td><td class=\"column-4\">VOSGES<\/td><td class=\"column-5\">2014<\/td><td class=\"column-6\"><a href=\"https:\/\/www.calendriers-artistiques.fr\/wp-content\/uploads\/calendriersmedia\/2014 (44).jpg\"><img loading=\"lazy\" src=\"https:\/\/www.calendriers-artistiques.fr\/wp-content\/uploads\/calendriersmedia\/vignette.jpg\" alt=\"\" width=\"33\" height=\"85\" class=\"alignnone size-full wp-image-24\" \/><\/a><\/td>\n<\/tr>\n<tr class=\"row-361 odd\">\n\t<td class=\"column-1\">LA PHARMACIE SOGNE<\/td><td class=\"column-2\">RUE CHANZY<\/td><td class=\"column-3\">NOUZONVILLE<\/td><td class=\"column-4\">ARDENNES<\/td><td class=\"column-5\">2014<\/td><td class=\"column-6\"><a href=\"https:\/\/www.calendriers-artistiques.fr\/wp-content\/uploads\/calendriersmedia\/2014 (45).jpg\"><img loading=\"lazy\" src=\"https:\/\/www.calendriers-artistiques.fr\/wp-content\/uploads\/calendriersmedia\/vignette.jpg\" alt=\"\" width=\"33\" height=\"85\" class=\"alignnone size-full wp-image-24\" \/><\/a><\/td>\n<\/tr>\n<tr class=\"row-362 even\">\n\t<td class=\"column-1\">LA PHARMACIE DE L'H\u00c3\u0192\u00e2\u20ac\u009dTEL DE VILLE<\/td><td class=\"column-2\">PLACE DU GENERAL DE GAULLE<\/td><td class=\"column-3\">ORCHIES<\/td><td class=\"column-4\">NORD<\/td><td class=\"column-5\">2014<\/td><td class=\"column-6\"><a href=\"https:\/\/www.calendriers-artistiques.fr\/wp-content\/uploads\/calendriersmedia\/2014 (46).jpg\"><img loading=\"lazy\" src=\"https:\/\/www.calendriers-artistiques.fr\/wp-content\/uploads\/calendriersmedia\/vignette.jpg\" alt=\"\" width=\"33\" height=\"85\" class=\"alignnone size-full wp-image-24\" \/><\/a><\/td>\n<\/tr>\n<tr class=\"row-363 odd\">\n\t<td class=\"column-1\">LA PHARMACIE ROSE<\/td><td class=\"column-2\">RUE DU PROFESSEUR CLERC<\/td><td class=\"column-3\">OUTREAU<\/td><td class=\"column-4\">PAS-DE-CALAIS<\/td><td class=\"column-5\">2014<\/td><td class=\"column-6\"><a href=\"https:\/\/www.calendriers-artistiques.fr\/wp-content\/uploads\/calendriersmedia\/2014 (47).jpg\"><img loading=\"lazy\" src=\"https:\/\/www.calendriers-artistiques.fr\/wp-content\/uploads\/calendriersmedia\/vignette.jpg\" alt=\"\" width=\"33\" height=\"85\" class=\"alignnone size-full wp-image-24\" \/><\/a><\/td>\n<\/tr>\n<tr class=\"row-364 even\">\n\t<td class=\"column-1\">LA PHARMACIE DELEAU<\/td><td class=\"column-2\">RUE GUSTAVE COLIEZ<\/td><td class=\"column-3\">PECQUENCOURT<\/td><td class=\"column-4\">NORD<\/td><td class=\"column-5\">2014<\/td><td class=\"column-6\"><a href=\"https:\/\/www.calendriers-artistiques.fr\/wp-content\/uploads\/calendriersmedia\/2014 (48).jpg\"><img loading=\"lazy\" src=\"https:\/\/www.calendriers-artistiques.fr\/wp-content\/uploads\/calendriersmedia\/vignette.jpg\" alt=\"\" width=\"33\" height=\"85\" class=\"alignnone size-full wp-image-24\" \/><\/a><\/td>\n<\/tr>\n<tr class=\"row-365 odd\">\n\t<td class=\"column-1\">LA PHARMACIE DE LA DOUVE<\/td><td class=\"column-2\">RUE DE LA MARNE<\/td><td class=\"column-3\">PICAUVILLE<\/td><td class=\"column-4\">MANCHE<\/td><td class=\"column-5\">2014<\/td><td class=\"column-6\"><a href=\"https:\/\/www.calendriers-artistiques.fr\/wp-content\/uploads\/calendriersmedia\/2014 (49).jpg\"><img loading=\"lazy\" src=\"https:\/\/www.calendriers-artistiques.fr\/wp-content\/uploads\/calendriersmedia\/vignette.jpg\" alt=\"\" width=\"33\" height=\"85\" class=\"alignnone size-full wp-image-24\" \/><\/a><\/td>\n<\/tr>\n<tr class=\"row-366 even\">\n\t<td class=\"column-1\">LA PHARMACIE JOULAN-SERVIN<\/td><td class=\"column-2\">RUE DE L'H\u00c3\u0192\u00e2\u20ac\u009dTEL DE VILLE<\/td><td class=\"column-3\">PLENEUF-VAL-ANDRE<\/td><td class=\"column-4\">C\u00c3\u0192\u00e2\u20ac\u009dTES-D'ARMOR<\/td><td class=\"column-5\">2014<\/td><td class=\"column-6\"><a href=\"https:\/\/www.calendriers-artistiques.fr\/wp-content\/uploads\/calendriersmedia\/2014 (50).jpg\"><img loading=\"lazy\" src=\"https:\/\/www.calendriers-artistiques.fr\/wp-content\/uploads\/calendriersmedia\/vignette.jpg\" alt=\"\" width=\"33\" height=\"85\" class=\"alignnone size-full wp-image-24\" \/><\/a><\/td>\n<\/tr>\n<tr class=\"row-367 odd\">\n\t<td class=\"column-1\">LA PHARMACIE DE PLESLIN-TRIGAVOU<\/td><td class=\"column-2\">RUE DU GENERAL DE GAULLE<\/td><td class=\"column-3\">PLESLIN-TRIGAVOU<\/td><td class=\"column-4\">C\u00c3\u0192\u00e2\u20ac\u009dTES-D'ARMOR<\/td><td class=\"column-5\">2014<\/td><td class=\"column-6\"><a href=\"https:\/\/www.calendriers-artistiques.fr\/wp-content\/uploads\/calendriersmedia\/2014 (51).jpg\"><img loading=\"lazy\" src=\"https:\/\/www.calendriers-artistiques.fr\/wp-content\/uploads\/calendriersmedia\/vignette.jpg\" alt=\"\" width=\"33\" height=\"85\" class=\"alignnone size-full wp-image-24\" \/><\/a><\/td>\n<\/tr>\n<tr class=\"row-368 even\">\n\t<td class=\"column-1\">LA PHARMACIE BOUVRAIS-RAULT<\/td><td class=\"column-2\">RUE DE MINTIFAULT<\/td><td class=\"column-3\">PLOEUC-SUR-LIE<\/td><td class=\"column-4\">C\u00c3\u0192\u00e2\u20ac\u009dTES-D'ARMOR<\/td><td class=\"column-5\">2014<\/td><td class=\"column-6\"><a href=\"https:\/\/www.calendriers-artistiques.fr\/wp-content\/uploads\/calendriersmedia\/2014 (52).jpg\"><img loading=\"lazy\" src=\"https:\/\/www.calendriers-artistiques.fr\/wp-content\/uploads\/calendriersmedia\/vignette.jpg\" alt=\"\" width=\"33\" height=\"85\" class=\"alignnone size-full wp-image-24\" \/><\/a><\/td>\n<\/tr>\n<tr class=\"row-369 odd\">\n\t<td class=\"column-1\">LA PHARMACIE ARNOLD<\/td><td class=\"column-2\">PLACE ABBE OLERON<\/td><td class=\"column-3\">PLUDUNO<\/td><td class=\"column-4\">C\u00c3\u0192\u00e2\u20ac\u009dTES-D'ARMOR<\/td><td class=\"column-5\">2014<\/td><td class=\"column-6\"><a href=\"https:\/\/www.calendriers-artistiques.fr\/wp-content\/uploads\/calendriersmedia\/2014 (53).jpg\"><img loading=\"lazy\" src=\"https:\/\/www.calendriers-artistiques.fr\/wp-content\/uploads\/calendriersmedia\/vignette.jpg\" alt=\"\" width=\"33\" height=\"85\" class=\"alignnone size-full wp-image-24\" \/><\/a><\/td>\n<\/tr>\n<tr class=\"row-370 even\">\n\t<td class=\"column-1\">LA PHARMACIE PONT D'ORSON<\/td><td class=\"column-2\">PLACE DE L'H\u00c3\u0192\u00e2\u20ac\u009dTEL DE VILLE<\/td><td class=\"column-3\">PONTORSON<\/td><td class=\"column-4\">MANCHE<\/td><td class=\"column-5\">2014<\/td><td class=\"column-6\"><a href=\"https:\/\/www.calendriers-artistiques.fr\/wp-content\/uploads\/calendriersmedia\/2014 (54).jpg\"><img loading=\"lazy\" src=\"https:\/\/www.calendriers-artistiques.fr\/wp-content\/uploads\/calendriersmedia\/vignette.jpg\" alt=\"\" width=\"33\" height=\"85\" class=\"alignnone size-full wp-image-24\" \/><\/a><\/td>\n<\/tr>\n<tr class=\"row-371 odd\">\n\t<td class=\"column-1\">LA PHARMACIE DU MADON<\/td><td class=\"column-2\">RUE JEAN JAURES<\/td><td class=\"column-3\">PONT-SAINT-VINCENT<\/td><td class=\"column-4\">MEURTHE-ET-MOSELLE<\/td><td class=\"column-5\">2014<\/td><td class=\"column-6\"><a href=\"https:\/\/www.calendriers-artistiques.fr\/wp-content\/uploads\/calendriersmedia\/2014 (55).jpg\"><img loading=\"lazy\" src=\"https:\/\/www.calendriers-artistiques.fr\/wp-content\/uploads\/calendriersmedia\/vignette.jpg\" alt=\"\" width=\"33\" height=\"85\" class=\"alignnone size-full wp-image-24\" \/><\/a><\/td>\n<\/tr>\n<tr class=\"row-372 even\">\n\t<td class=\"column-1\">LA PHARMACIE DES COURLIS<\/td><td class=\"column-2\">RUE ROGER GLINEL<\/td><td class=\"column-3\">QUERQUEVILLE<\/td><td class=\"column-4\">MANCHE<\/td><td class=\"column-5\">2014<\/td><td class=\"column-6\"><a href=\"https:\/\/www.calendriers-artistiques.fr\/wp-content\/uploads\/calendriersmedia\/2014 (56).jpg\"><img loading=\"lazy\" src=\"https:\/\/www.calendriers-artistiques.fr\/wp-content\/uploads\/calendriersmedia\/vignette.jpg\" alt=\"\" width=\"33\" height=\"85\" class=\"alignnone size-full wp-image-24\" \/><\/a><\/td>\n<\/tr>\n<tr class=\"row-373 odd\">\n\t<td class=\"column-1\">LA PHARMACIE DU CENTRE<\/td><td class=\"column-2\">GRANDE RUE<\/td><td class=\"column-3\">QUINTIN<\/td><td class=\"column-4\">C\u00c3\u0192\u00e2\u20ac\u009dTES-D'ARMOR<\/td><td class=\"column-5\">2014<\/td><td class=\"column-6\"><a href=\"https:\/\/www.calendriers-artistiques.fr\/wp-content\/uploads\/calendriersmedia\/2014 (57).jpg\"><img loading=\"lazy\" src=\"https:\/\/www.calendriers-artistiques.fr\/wp-content\/uploads\/calendriersmedia\/vignette.jpg\" alt=\"\" width=\"33\" height=\"85\" class=\"alignnone size-full wp-image-24\" \/><\/a><\/td>\n<\/tr>\n<tr class=\"row-374 even\">\n\t<td class=\"column-1\">LA PHARMACIE DE LA COURTINE<\/td><td class=\"column-2\">RUE DE LA COURTINE<\/td><td class=\"column-3\">REMIREMONT<\/td><td class=\"column-4\">VOSGES<\/td><td class=\"column-5\">2014<\/td><td class=\"column-6\"><a href=\"https:\/\/www.calendriers-artistiques.fr\/wp-content\/uploads\/calendriersmedia\/2014 (58).jpg\"><img loading=\"lazy\" src=\"https:\/\/www.calendriers-artistiques.fr\/wp-content\/uploads\/calendriersmedia\/vignette.jpg\" alt=\"\" width=\"33\" height=\"85\" class=\"alignnone size-full wp-image-24\" \/><\/a><\/td>\n<\/tr>\n<tr class=\"row-375 odd\">\n\t<td class=\"column-1\">LA PHARMACIE DE LA HALLE<\/td><td class=\"column-2\">RUE VICTOR HUGO<\/td><td class=\"column-3\">REVIN<\/td><td class=\"column-4\">ARDENNES<\/td><td class=\"column-5\">2014<\/td><td class=\"column-6\"><a href=\"https:\/\/www.calendriers-artistiques.fr\/wp-content\/uploads\/calendriersmedia\/2014 (59).jpg\"><img loading=\"lazy\" src=\"https:\/\/www.calendriers-artistiques.fr\/wp-content\/uploads\/calendriersmedia\/vignette.jpg\" alt=\"\" width=\"33\" height=\"85\" class=\"alignnone size-full wp-image-24\" \/><\/a><\/td>\n<\/tr>\n<tr class=\"row-376 even\">\n\t<td class=\"column-1\">LA PHARMACIE DE LA CROIX D'YONVILLE<\/td><td class=\"column-2\">RUE DE LA CROIX D'YONVILLE<\/td><td class=\"column-3\">ROUEN<\/td><td class=\"column-4\">SEINE-MARITIME<\/td><td class=\"column-5\">2014<\/td><td class=\"column-6\"><a href=\"https:\/\/www.calendriers-artistiques.fr\/wp-content\/uploads\/calendriersmedia\/2014 (60).jpg\"><img loading=\"lazy\" src=\"https:\/\/www.calendriers-artistiques.fr\/wp-content\/uploads\/calendriersmedia\/vignette.jpg\" alt=\"\" width=\"33\" height=\"85\" class=\"alignnone size-full wp-image-24\" \/><\/a><\/td>\n<\/tr>\n<tr class=\"row-377 odd\">\n\t<td class=\"column-1\">LA PHARMACIE DU BEFFROI<\/td><td class=\"column-2\">PLACE DE VERDUN<\/td><td class=\"column-3\">RUE<\/td><td class=\"column-4\">SOMME<\/td><td class=\"column-5\">2014<\/td><td class=\"column-6\"><a href=\"https:\/\/www.calendriers-artistiques.fr\/wp-content\/uploads\/calendriersmedia\/2014 (61).jpg\"><img loading=\"lazy\" src=\"https:\/\/www.calendriers-artistiques.fr\/wp-content\/uploads\/calendriersmedia\/vignette.jpg\" alt=\"\" width=\"33\" height=\"85\" class=\"alignnone size-full wp-image-24\" \/><\/a><\/td>\n<\/tr>\n<tr class=\"row-378 even\">\n\t<td class=\"column-1\">LA PHARMACIE DES VOSGES<\/td><td class=\"column-2\">RUE DE LORRAINE<\/td><td class=\"column-3\">RUPT-SUR-MOSELLE<\/td><td class=\"column-4\">VOSGES<\/td><td class=\"column-5\">2014<\/td><td class=\"column-6\"><a href=\"https:\/\/www.calendriers-artistiques.fr\/wp-content\/uploads\/calendriersmedia\/2014 (62).jpg\"><img loading=\"lazy\" src=\"https:\/\/www.calendriers-artistiques.fr\/wp-content\/uploads\/calendriersmedia\/vignette.jpg\" alt=\"\" width=\"33\" height=\"85\" class=\"alignnone size-full wp-image-24\" \/><\/a><\/td>\n<\/tr>\n<tr class=\"row-379 odd\">\n\t<td class=\"column-1\">LA PHARMACIE DES POLDERS<\/td><td class=\"column-2\">RUE DE LA BOUSSAQUIERE<\/td><td class=\"column-3\">SAINT-BROLADRE<\/td><td class=\"column-4\">ILLE-ET-VILAINE<\/td><td class=\"column-5\">2014<\/td><td class=\"column-6\"><a href=\"https:\/\/www.calendriers-artistiques.fr\/wp-content\/uploads\/calendriersmedia\/2014 (63).jpg\"><img loading=\"lazy\" src=\"https:\/\/www.calendriers-artistiques.fr\/wp-content\/uploads\/calendriersmedia\/vignette.jpg\" alt=\"\" width=\"33\" height=\"85\" class=\"alignnone size-full wp-image-24\" \/><\/a><\/td>\n<\/tr>\n<tr class=\"row-380 even\">\n\t<td class=\"column-1\">LA PHARMACIE DEROUET-PILLET<\/td><td class=\"column-2\">PLACE AMBROISE DE LORE<\/td><td class=\"column-3\">SAINTE-SUZANNE<\/td><td class=\"column-4\">MAYENNE<\/td><td class=\"column-5\">2014<\/td><td class=\"column-6\"><a href=\"https:\/\/www.calendriers-artistiques.fr\/wp-content\/uploads\/calendriersmedia\/2014 (64).jpg\"><img loading=\"lazy\" src=\"https:\/\/www.calendriers-artistiques.fr\/wp-content\/uploads\/calendriersmedia\/vignette.jpg\" alt=\"\" width=\"33\" height=\"85\" class=\"alignnone size-full wp-image-24\" \/><\/a><\/td>\n<\/tr>\n<tr class=\"row-381 odd\">\n\t<td class=\"column-1\">LA PHARMACIE DE LA ROUTE<\/td><td class=\"column-2\">ROUTE NATIONALE<\/td><td class=\"column-3\">SAINT-JEAN-D'ASSE<\/td><td class=\"column-4\">SARTHE<\/td><td class=\"column-5\">2014<\/td><td class=\"column-6\"><a href=\"https:\/\/www.calendriers-artistiques.fr\/wp-content\/uploads\/calendriersmedia\/2014 (65).jpg\"><img loading=\"lazy\" src=\"https:\/\/www.calendriers-artistiques.fr\/wp-content\/uploads\/calendriersmedia\/vignette.jpg\" alt=\"\" width=\"33\" height=\"85\" class=\"alignnone size-full wp-image-24\" \/><\/a><\/td>\n<\/tr>\n<tr class=\"row-382 even\">\n\t<td class=\"column-1\">LA PHARMACIE DE SAINT-LUNAIRE<\/td><td class=\"column-2\">RUE DE L'ANCIEN MARCHE<\/td><td class=\"column-3\">SAINT-LUNAIRE<\/td><td class=\"column-4\">ILLE-ET-VILAINE<\/td><td class=\"column-5\">2014<\/td><td class=\"column-6\"><a href=\"https:\/\/www.calendriers-artistiques.fr\/wp-content\/uploads\/calendriersmedia\/2014 (66).jpg\"><img loading=\"lazy\" src=\"https:\/\/www.calendriers-artistiques.fr\/wp-content\/uploads\/calendriersmedia\/vignette.jpg\" alt=\"\" width=\"33\" height=\"85\" class=\"alignnone size-full wp-image-24\" \/><\/a><\/td>\n<\/tr>\n<tr class=\"row-383 odd\">\n\t<td class=\"column-1\">LA PHARMACIE VERMES<\/td><td class=\"column-2\">PLACE DE L'EGLISE<\/td><td class=\"column-3\">SAINT-RIQUIER<\/td><td class=\"column-4\">SOMME<\/td><td class=\"column-5\">2014<\/td><td class=\"column-6\"><a href=\"https:\/\/www.calendriers-artistiques.fr\/wp-content\/uploads\/calendriersmedia\/2014 (67).jpg\"><img loading=\"lazy\" src=\"https:\/\/www.calendriers-artistiques.fr\/wp-content\/uploads\/calendriersmedia\/vignette.jpg\" alt=\"\" width=\"33\" height=\"85\" class=\"alignnone size-full wp-image-24\" \/><\/a><\/td>\n<\/tr>\n<tr class=\"row-384 even\">\n\t<td class=\"column-1\">LA PHARMACIE DE LA PLACE<\/td><td class=\"column-2\">RUE DU GENERAL DE GAULLE<\/td><td class=\"column-3\">TOURLAVILLE<\/td><td class=\"column-4\">MANCHE<\/td><td class=\"column-5\">2014<\/td><td class=\"column-6\"><a href=\"https:\/\/www.calendriers-artistiques.fr\/wp-content\/uploads\/calendriersmedia\/2014 (68).jpg\"><img loading=\"lazy\" src=\"https:\/\/www.calendriers-artistiques.fr\/wp-content\/uploads\/calendriersmedia\/vignette.jpg\" alt=\"\" width=\"33\" height=\"85\" class=\"alignnone size-full wp-image-24\" \/><\/a><\/td>\n<\/tr>\n<tr class=\"row-385 odd\">\n\t<td class=\"column-1\">LA PHARMACIE DU CENTRE<\/td><td class=\"column-2\">RUE HENRI DURRE<\/td><td class=\"column-3\">TRITH-SAINT-LEGER<\/td><td class=\"column-4\">NORD<\/td><td class=\"column-5\">2014<\/td><td class=\"column-6\"><a href=\"https:\/\/www.calendriers-artistiques.fr\/wp-content\/uploads\/calendriersmedia\/2014 (69).jpg\"><img loading=\"lazy\" src=\"https:\/\/www.calendriers-artistiques.fr\/wp-content\/uploads\/calendriersmedia\/vignette.jpg\" alt=\"\" width=\"33\" height=\"85\" class=\"alignnone size-full wp-image-24\" \/><\/a><\/td>\n<\/tr>\n<tr class=\"row-386 even\">\n\t<td class=\"column-1\">LA PHARMACIE PLAIDEUX<\/td><td class=\"column-2\">RUE SAINT-LAURENT<\/td><td class=\"column-3\">URVILLE-NACQUEVILLE<\/td><td class=\"column-4\">MANCHE<\/td><td class=\"column-5\">2014<\/td><td class=\"column-6\"><a href=\"https:\/\/www.calendriers-artistiques.fr\/wp-content\/uploads\/calendriersmedia\/2014 (70).jpg\"><img loading=\"lazy\" src=\"https:\/\/www.calendriers-artistiques.fr\/wp-content\/uploads\/calendriersmedia\/vignette.jpg\" alt=\"\" width=\"33\" height=\"85\" class=\"alignnone size-full wp-image-24\" \/><\/a><\/td>\n<\/tr>\n<tr class=\"row-387 odd\">\n\t<td class=\"column-1\">LA PHARMACIE DE L'OCEANE<\/td><td class=\"column-2\">ROUTE DU MANS<\/td><td class=\"column-3\">VAIGES<\/td><td class=\"column-4\">MAYENNE<\/td><td class=\"column-5\">2014<\/td><td class=\"column-6\"><a href=\"https:\/\/www.calendriers-artistiques.fr\/wp-content\/uploads\/calendriersmedia\/2014 (71).jpg\"><img loading=\"lazy\" src=\"https:\/\/www.calendriers-artistiques.fr\/wp-content\/uploads\/calendriersmedia\/vignette.jpg\" alt=\"\" width=\"33\" height=\"85\" class=\"alignnone size-full wp-image-24\" \/><\/a><\/td>\n<\/tr>\n<tr class=\"row-388 even\">\n\t<td class=\"column-1\">LA PHARMACIE DE VERNY<\/td><td class=\"column-2\">RUE DE LA MAIRIE<\/td><td class=\"column-3\">VERNY<\/td><td class=\"column-4\">MOSELLE<\/td><td class=\"column-5\">2014<\/td><td class=\"column-6\"><a href=\"https:\/\/www.calendriers-artistiques.fr\/wp-content\/uploads\/calendriersmedia\/2014 (72).jpg\"><img loading=\"lazy\" src=\"https:\/\/www.calendriers-artistiques.fr\/wp-content\/uploads\/calendriersmedia\/vignette.jpg\" alt=\"\" width=\"33\" height=\"85\" class=\"alignnone size-full wp-image-24\" \/><\/a><\/td>\n<\/tr>\n<tr class=\"row-389 odd\">\n\t<td class=\"column-1\">LA PHARMACIE DE LA VALLEE D'AUGE<\/td><td class=\"column-2\">PLACE MACKAU<\/td><td class=\"column-3\">VIMOUTIERS<\/td><td class=\"column-4\">ORNE<\/td><td class=\"column-5\">2014<\/td><td class=\"column-6\"><a href=\"https:\/\/www.calendriers-artistiques.fr\/wp-content\/uploads\/calendriersmedia\/2014 (73).jpg\"><img loading=\"lazy\" src=\"https:\/\/www.calendriers-artistiques.fr\/wp-content\/uploads\/calendriersmedia\/vignette.jpg\" alt=\"\" width=\"33\" height=\"85\" class=\"alignnone size-full wp-image-24\" \/><\/a><\/td>\n<\/tr>\n<tr class=\"row-390 even\">\n\t<td class=\"column-1\">LA PHARMACIE DES SOURCES<\/td><td class=\"column-2\">PLACE DU GENERAL DE GAULLE<\/td><td class=\"column-3\">VITTEL<\/td><td class=\"column-4\">VOSGES<\/td><td class=\"column-5\">2014<\/td><td class=\"column-6\"><a href=\"https:\/\/www.calendriers-artistiques.fr\/wp-content\/uploads\/calendriersmedia\/2014 (74).jpg\"><img loading=\"lazy\" src=\"https:\/\/www.calendriers-artistiques.fr\/wp-content\/uploads\/calendriersmedia\/vignette.jpg\" alt=\"\" width=\"33\" height=\"85\" class=\"alignnone size-full wp-image-24\" \/><\/a><\/td>\n<\/tr>\n<tr class=\"row-391 odd\">\n\t<td class=\"column-1\">LA PLARMACIE DE L'EGLISE<\/td><td class=\"column-2\">RUE ACHILLE PINTEAUX<\/td><td class=\"column-3\">WAVRIN<\/td><td class=\"column-4\">NORD<\/td><td class=\"column-5\">2014<\/td><td class=\"column-6\"><a href=\"https:\/\/www.calendriers-artistiques.fr\/wp-content\/uploads\/calendriersmedia\/2014 (75).jpg\"><img loading=\"lazy\" src=\"https:\/\/www.calendriers-artistiques.fr\/wp-content\/uploads\/calendriersmedia\/vignette.jpg\" alt=\"\" width=\"33\" height=\"85\" class=\"alignnone size-full wp-image-24\" \/><\/a><\/td>\n<\/tr>\n<tr class=\"row-392 even\">\n\t<td class=\"column-1\">ALBERT<\/td><td class=\"column-2\">RUE DE LA LIBERATION<\/td><td class=\"column-3\">LA PHARMACIE DEMAZEAU<\/td><td class=\"column-4\">SOMME<\/td><td class=\"column-5\">2013<\/td><td class=\"column-6\"><a href=\"https:\/\/www.calendriers-artistiques.fr\/wp-content\/uploads\/calendriersmedia\/2013 (1).jpg\"><img loading=\"lazy\" src=\"https:\/\/www.calendriers-artistiques.fr\/wp-content\/uploads\/calendriersmedia\/vignette.jpg\" alt=\"\" width=\"33\" height=\"85\" class=\"alignnone size-full wp-image-24\" \/><\/a><\/td>\n<\/tr>\n<tr class=\"row-393 odd\">\n\t<td class=\"column-1\">ALENCON<\/td><td class=\"column-2\">GRANDE RUE<\/td><td class=\"column-3\">LA PHARMACIE GRIGNON NOTRE-DAME<\/td><td class=\"column-4\">ORNE<\/td><td class=\"column-5\">2013<\/td><td class=\"column-6\"><a href=\"https:\/\/www.calendriers-artistiques.fr\/wp-content\/uploads\/calendriersmedia\/2013 (2).jpg\"><img loading=\"lazy\" src=\"https:\/\/www.calendriers-artistiques.fr\/wp-content\/uploads\/calendriersmedia\/vignette.jpg\" alt=\"\" width=\"33\" height=\"85\" class=\"alignnone size-full wp-image-24\" \/><\/a><\/td>\n<\/tr>\n<tr class=\"row-394 even\">\n\t<td class=\"column-1\">ARMENTIERES<\/td><td class=\"column-2\">RUE DE LILLE<\/td><td class=\"column-3\">LA PHARMACIE DE LA POSTE<\/td><td class=\"column-4\">NORD<\/td><td class=\"column-5\">2013<\/td><td class=\"column-6\"><a href=\"https:\/\/www.calendriers-artistiques.fr\/wp-content\/uploads\/calendriersmedia\/2013 (3).jpg\"><img loading=\"lazy\" src=\"https:\/\/www.calendriers-artistiques.fr\/wp-content\/uploads\/calendriersmedia\/vignette.jpg\" alt=\"\" width=\"33\" height=\"85\" class=\"alignnone size-full wp-image-24\" \/><\/a><\/td>\n<\/tr>\n<tr class=\"row-395 odd\">\n\t<td class=\"column-1\">AUCHY-LES-MINES<\/td><td class=\"column-2\">RUE IGNACE HUMBLOT<\/td><td class=\"column-3\">LA PHARMACIE OSSET<\/td><td class=\"column-4\">PAS-DE-CALAIS<\/td><td class=\"column-5\">2013<\/td><td class=\"column-6\"><a href=\"https:\/\/www.calendriers-artistiques.fr\/wp-content\/uploads\/calendriersmedia\/2013 (4).jpg\"><img loading=\"lazy\" src=\"https:\/\/www.calendriers-artistiques.fr\/wp-content\/uploads\/calendriersmedia\/vignette.jpg\" alt=\"\" width=\"33\" height=\"85\" class=\"alignnone size-full wp-image-24\" \/><\/a><\/td>\n<\/tr>\n<tr class=\"row-396 even\">\n\t<td class=\"column-1\">BAR-LE-DUC<\/td><td class=\"column-2\">RUE COUCHOT<\/td><td class=\"column-3\">LA PHARMACIE DU MARCHE<\/td><td class=\"column-4\">MEUSE<\/td><td class=\"column-5\">2013<\/td><td class=\"column-6\"><a href=\"https:\/\/www.calendriers-artistiques.fr\/wp-content\/uploads\/calendriersmedia\/2013 (5).jpg\"><img loading=\"lazy\" src=\"https:\/\/www.calendriers-artistiques.fr\/wp-content\/uploads\/calendriersmedia\/vignette.jpg\" alt=\"\" width=\"33\" height=\"85\" class=\"alignnone size-full wp-image-24\" \/><\/a><\/td>\n<\/tr>\n<tr class=\"row-397 odd\">\n\t<td class=\"column-1\">BAYEUX<\/td><td class=\"column-2\">RUE SAINT-PATRICE<\/td><td class=\"column-3\">LA PHARMACIE SAINT PATRICE<\/td><td class=\"column-4\">CALVADOS<\/td><td class=\"column-5\">2013<\/td><td class=\"column-6\"><a href=\"https:\/\/www.calendriers-artistiques.fr\/wp-content\/uploads\/calendriersmedia\/2013 (6).jpg\"><img loading=\"lazy\" src=\"https:\/\/www.calendriers-artistiques.fr\/wp-content\/uploads\/calendriersmedia\/vignette.jpg\" alt=\"\" width=\"33\" height=\"85\" class=\"alignnone size-full wp-image-24\" \/><\/a><\/td>\n<\/tr>\n<tr class=\"row-398 even\">\n\t<td class=\"column-1\">BIACHE-SAINT-VAAST<\/td><td class=\"column-2\">RUE CLEMENCEAU<\/td><td class=\"column-3\">LA PHARMACIE LATOUR-MASQUELIN<\/td><td class=\"column-4\">PAS-DE-CALAIS<\/td><td class=\"column-5\">2013<\/td><td class=\"column-6\"><a href=\"https:\/\/www.calendriers-artistiques.fr\/wp-content\/uploads\/calendriersmedia\/2013 (7).jpg\"><img loading=\"lazy\" src=\"https:\/\/www.calendriers-artistiques.fr\/wp-content\/uploads\/calendriersmedia\/vignette.jpg\" alt=\"\" width=\"33\" height=\"85\" class=\"alignnone size-full wp-image-24\" \/><\/a><\/td>\n<\/tr>\n<tr class=\"row-399 odd\">\n\t<td class=\"column-1\">BOULIGNY<\/td><td class=\"column-2\">RUE DU DISPENSAIRE<\/td><td class=\"column-3\">LA PHARMACIE KLEIN<\/td><td class=\"column-4\">MEUSE<\/td><td class=\"column-5\">2013<\/td><td class=\"column-6\"><a href=\"https:\/\/www.calendriers-artistiques.fr\/wp-content\/uploads\/calendriersmedia\/2013 (8).jpg\"><img loading=\"lazy\" src=\"https:\/\/www.calendriers-artistiques.fr\/wp-content\/uploads\/calendriersmedia\/vignette.jpg\" alt=\"\" width=\"33\" height=\"85\" class=\"alignnone size-full wp-image-24\" \/><\/a><\/td>\n<\/tr>\n<tr class=\"row-400 even\">\n\t<td class=\"column-1\">CALAIS<\/td><td class=\"column-2\">DOULEVARD JACQUARD<\/td><td class=\"column-3\">LA PHARMACIE JACQUARD<\/td><td class=\"column-4\">PAS-DE-CALAIS<\/td><td class=\"column-5\">2013<\/td><td class=\"column-6\"><a href=\"https:\/\/www.calendriers-artistiques.fr\/wp-content\/uploads\/calendriersmedia\/2013 (9).jpg\"><img loading=\"lazy\" src=\"https:\/\/www.calendriers-artistiques.fr\/wp-content\/uploads\/calendriersmedia\/vignette.jpg\" alt=\"\" width=\"33\" height=\"85\" class=\"alignnone size-full wp-image-24\" \/><\/a><\/td>\n<\/tr>\n<tr class=\"row-401 odd\">\n\t<td class=\"column-1\">CANCALE<\/td><td class=\"column-2\">PLACE DE L'EGLISE<\/td><td class=\"column-3\">LA PHARMACIE CEUS-MENARD<\/td><td class=\"column-4\">ILLE-ET-VILAINE<\/td><td class=\"column-5\">2013<\/td><td class=\"column-6\"><a href=\"https:\/\/www.calendriers-artistiques.fr\/wp-content\/uploads\/calendriersmedia\/2013 (10).jpg\"><img loading=\"lazy\" src=\"https:\/\/www.calendriers-artistiques.fr\/wp-content\/uploads\/calendriersmedia\/vignette.jpg\" alt=\"\" width=\"33\" height=\"85\" class=\"alignnone size-full wp-image-24\" \/><\/a><\/td>\n<\/tr>\n<tr class=\"row-402 even\">\n\t<td class=\"column-1\">CHAMPS-SUR-MARNE<\/td><td class=\"column-2\">PLACE DU BOIS DE GR\u00c3\u0192\u00e2\u20ac\u0161CE<\/td><td class=\"column-3\">LA PHARMACIE DU BOIS DE GR\u00c3\u0192\u00e2\u20ac\u0161CE<\/td><td class=\"column-4\">SEINE-ET-MARNE<\/td><td class=\"column-5\">2013<\/td><td class=\"column-6\"><a href=\"https:\/\/www.calendriers-artistiques.fr\/wp-content\/uploads\/calendriersmedia\/2013 (11).jpg\"><img loading=\"lazy\" src=\"https:\/\/www.calendriers-artistiques.fr\/wp-content\/uploads\/calendriersmedia\/vignette.jpg\" alt=\"\" width=\"33\" height=\"85\" class=\"alignnone size-full wp-image-24\" \/><\/a><\/td>\n<\/tr>\n<tr class=\"row-403 odd\">\n\t<td class=\"column-1\">CHAVANGES<\/td><td class=\"column-2\">RUE DU GILLIARD<\/td><td class=\"column-3\">LA PHARMACIE DE CHAVANGES<\/td><td class=\"column-4\">AUBE<\/td><td class=\"column-5\">2013<\/td><td class=\"column-6\"><a href=\"https:\/\/www.calendriers-artistiques.fr\/wp-content\/uploads\/calendriersmedia\/2013 (12).jpg\"><img loading=\"lazy\" src=\"https:\/\/www.calendriers-artistiques.fr\/wp-content\/uploads\/calendriersmedia\/vignette.jpg\" alt=\"\" width=\"33\" height=\"85\" class=\"alignnone size-full wp-image-24\" \/><\/a><\/td>\n<\/tr>\n<tr class=\"row-404 even\">\n\t<td class=\"column-1\">CHOQUES<\/td><td class=\"column-2\">RUE PRINCIPALE<\/td><td class=\"column-3\">LA PHARMACIE WALBECQ<\/td><td class=\"column-4\">PAS-DE-CALAIS<\/td><td class=\"column-5\">2013<\/td><td class=\"column-6\"><a href=\"https:\/\/www.calendriers-artistiques.fr\/wp-content\/uploads\/calendriersmedia\/2013 (13).jpg\"><img loading=\"lazy\" src=\"https:\/\/www.calendriers-artistiques.fr\/wp-content\/uploads\/calendriersmedia\/vignette.jpg\" alt=\"\" width=\"33\" height=\"85\" class=\"alignnone size-full wp-image-24\" \/><\/a><\/td>\n<\/tr>\n<tr class=\"row-405 odd\">\n\t<td class=\"column-1\">COURDIMANCHE<\/td><td class=\"column-2\">CHEMIN DES CYGNES<\/td><td class=\"column-3\">LA PHARMACIE DE LA LOUVIERE<\/td><td class=\"column-4\">VAL-D'OISE<\/td><td class=\"column-5\">2013<\/td><td class=\"column-6\"><a href=\"https:\/\/www.calendriers-artistiques.fr\/wp-content\/uploads\/calendriersmedia\/2013 (14).jpg\"><img loading=\"lazy\" src=\"https:\/\/www.calendriers-artistiques.fr\/wp-content\/uploads\/calendriersmedia\/vignette.jpg\" alt=\"\" width=\"33\" height=\"85\" class=\"alignnone size-full wp-image-24\" \/><\/a><\/td>\n<\/tr>\n<tr class=\"row-406 even\">\n\t<td class=\"column-1\">DEVILLE<\/td><td class=\"column-2\">GRAND'RUE<\/td><td class=\"column-3\">LA PHARMACIE CHARDARD<\/td><td class=\"column-4\">ARDENNES<\/td><td class=\"column-5\">2013<\/td><td class=\"column-6\"><a href=\"https:\/\/www.calendriers-artistiques.fr\/wp-content\/uploads\/calendriersmedia\/2013 (15).jpg\"><img loading=\"lazy\" src=\"https:\/\/www.calendriers-artistiques.fr\/wp-content\/uploads\/calendriersmedia\/vignette.jpg\" alt=\"\" width=\"33\" height=\"85\" class=\"alignnone size-full wp-image-24\" \/><\/a><\/td>\n<\/tr>\n<tr class=\"row-407 odd\">\n\t<td class=\"column-1\">DOCELLES<\/td><td class=\"column-2\">RUE DE LA LIBERATION<\/td><td class=\"column-3\">LA PHARMACIE REMY-SCHIOCHET<\/td><td class=\"column-4\">VOSGES<\/td><td class=\"column-5\">2013<\/td><td class=\"column-6\"><a href=\"https:\/\/www.calendriers-artistiques.fr\/wp-content\/uploads\/calendriersmedia\/2013 (16).jpg\"><img loading=\"lazy\" src=\"https:\/\/www.calendriers-artistiques.fr\/wp-content\/uploads\/calendriersmedia\/vignette.jpg\" alt=\"\" width=\"33\" height=\"85\" class=\"alignnone size-full wp-image-24\" \/><\/a><\/td>\n<\/tr>\n<tr class=\"row-408 even\">\n\t<td class=\"column-1\">DUNKERQUE<\/td><td class=\"column-2\">PLACE DE LA REPUBLIQUE<\/td><td class=\"column-3\">LA PHARMACIE DE LA REPUBLIQUE<\/td><td class=\"column-4\">NORD<\/td><td class=\"column-5\">2013<\/td><td class=\"column-6\"><a href=\"https:\/\/www.calendriers-artistiques.fr\/wp-content\/uploads\/calendriersmedia\/2013 (17).jpg\"><img loading=\"lazy\" src=\"https:\/\/www.calendriers-artistiques.fr\/wp-content\/uploads\/calendriersmedia\/vignette.jpg\" alt=\"\" width=\"33\" height=\"85\" class=\"alignnone size-full wp-image-24\" \/><\/a><\/td>\n<\/tr>\n<tr class=\"row-409 odd\">\n\t<td class=\"column-1\">ELOYES<\/td><td class=\"column-2\">RUE DES DONJONS<\/td><td class=\"column-3\">LA PHARMACIE DES CUVEAUX<\/td><td class=\"column-4\">VOSGES<\/td><td class=\"column-5\">2013<\/td><td class=\"column-6\"><a href=\"https:\/\/www.calendriers-artistiques.fr\/wp-content\/uploads\/calendriersmedia\/2013 (18).jpg\"><img loading=\"lazy\" src=\"https:\/\/www.calendriers-artistiques.fr\/wp-content\/uploads\/calendriersmedia\/vignette.jpg\" alt=\"\" width=\"33\" height=\"85\" class=\"alignnone size-full wp-image-24\" \/><\/a><\/td>\n<\/tr>\n<tr class=\"row-410 even\">\n\t<td class=\"column-1\">ERQUY<\/td><td class=\"column-2\">RUE CLEMENCEAU<\/td><td class=\"column-3\">LA PHARMACIE HAMON<\/td><td class=\"column-4\">C\u00c3\u0192\u00e2\u20ac\u009dTES-D'ARMOR<\/td><td class=\"column-5\">2013<\/td><td class=\"column-6\"><a href=\"https:\/\/www.calendriers-artistiques.fr\/wp-content\/uploads\/calendriersmedia\/2013 (19).jpg\"><img loading=\"lazy\" src=\"https:\/\/www.calendriers-artistiques.fr\/wp-content\/uploads\/calendriersmedia\/vignette.jpg\" alt=\"\" width=\"33\" height=\"85\" class=\"alignnone size-full wp-image-24\" \/><\/a><\/td>\n<\/tr>\n<tr class=\"row-411 odd\">\n\t<td class=\"column-1\">FEIGNIES<\/td><td class=\"column-2\">RUE PAUL DEUDON<\/td><td class=\"column-3\">LA PHARMACIE DE LA GARE<\/td><td class=\"column-4\">NORD<\/td><td class=\"column-5\">2013<\/td><td class=\"column-6\"><a href=\"https:\/\/www.calendriers-artistiques.fr\/wp-content\/uploads\/calendriersmedia\/2013 (20).jpg\"><img loading=\"lazy\" src=\"https:\/\/www.calendriers-artistiques.fr\/wp-content\/uploads\/calendriersmedia\/vignette.jpg\" alt=\"\" width=\"33\" height=\"85\" class=\"alignnone size-full wp-image-24\" \/><\/a><\/td>\n<\/tr>\n<tr class=\"row-412 even\">\n\t<td class=\"column-1\">FROUARD<\/td><td class=\"column-2\">RUE DE METZ<\/td><td class=\"column-3\">LA PHARMACIE DU POINT CENTRAL<\/td><td class=\"column-4\">MEURTHE-ET-MOSELLE<\/td><td class=\"column-5\">2013<\/td><td class=\"column-6\"><a href=\"https:\/\/www.calendriers-artistiques.fr\/wp-content\/uploads\/calendriersmedia\/2013 (21).jpg\"><img loading=\"lazy\" src=\"https:\/\/www.calendriers-artistiques.fr\/wp-content\/uploads\/calendriersmedia\/vignette.jpg\" alt=\"\" width=\"33\" height=\"85\" class=\"alignnone size-full wp-image-24\" \/><\/a><\/td>\n<\/tr>\n<tr class=\"row-413 odd\">\n\t<td class=\"column-1\">GOLBEY<\/td><td class=\"column-2\">RUE D'EPINAL<\/td><td class=\"column-3\">LA PHARMACIE MAILLERET<\/td><td class=\"column-4\">VOSGES<\/td><td class=\"column-5\">2013<\/td><td class=\"column-6\"><a href=\"https:\/\/www.calendriers-artistiques.fr\/wp-content\/uploads\/calendriersmedia\/2013 (22).jpg\"><img loading=\"lazy\" src=\"https:\/\/www.calendriers-artistiques.fr\/wp-content\/uploads\/calendriersmedia\/vignette.jpg\" alt=\"\" width=\"33\" height=\"85\" class=\"alignnone size-full wp-image-24\" \/><\/a><\/td>\n<\/tr>\n<tr class=\"row-414 even\">\n\t<td class=\"column-1\">GRAVELINES<\/td><td class=\"column-2\">RUE LEON BLUM<\/td><td class=\"column-3\">LA PHARMACIE DU BEFFROI<\/td><td class=\"column-4\">NORD<\/td><td class=\"column-5\">2013<\/td><td class=\"column-6\"><a href=\"https:\/\/www.calendriers-artistiques.fr\/wp-content\/uploads\/calendriersmedia\/2013 (23).jpg\"><img loading=\"lazy\" src=\"https:\/\/www.calendriers-artistiques.fr\/wp-content\/uploads\/calendriersmedia\/vignette.jpg\" alt=\"\" width=\"33\" height=\"85\" class=\"alignnone size-full wp-image-24\" \/><\/a><\/td>\n<\/tr>\n<tr class=\"row-415 odd\">\n\t<td class=\"column-1\">HOMBLIERES<\/td><td class=\"column-2\">RUE JEAN BUDNYCK<\/td><td class=\"column-3\">LA PHARMACIE BASSET<\/td><td class=\"column-4\">AISNE<\/td><td class=\"column-5\">2013<\/td><td class=\"column-6\"><a href=\"https:\/\/www.calendriers-artistiques.fr\/wp-content\/uploads\/calendriersmedia\/2013 (24).jpg\"><img loading=\"lazy\" src=\"https:\/\/www.calendriers-artistiques.fr\/wp-content\/uploads\/calendriersmedia\/vignette.jpg\" alt=\"\" width=\"33\" height=\"85\" class=\"alignnone size-full wp-image-24\" \/><\/a><\/td>\n<\/tr>\n<tr class=\"row-416 even\">\n\t<td class=\"column-1\">JOUDREVILLE<\/td><td class=\"column-2\">AVENUE DE LA MINE<\/td><td class=\"column-3\">LA PHARMACIE JACOT<\/td><td class=\"column-4\">MEURTHE-ET-MOSELLE<\/td><td class=\"column-5\">2013<\/td><td class=\"column-6\"><a href=\"https:\/\/www.calendriers-artistiques.fr\/wp-content\/uploads\/calendriersmedia\/2013 (25).jpg\"><img loading=\"lazy\" src=\"https:\/\/www.calendriers-artistiques.fr\/wp-content\/uploads\/calendriersmedia\/vignette.jpg\" alt=\"\" width=\"33\" height=\"85\" class=\"alignnone size-full wp-image-24\" \/><\/a><\/td>\n<\/tr>\n<tr class=\"row-417 odd\">\n\t<td class=\"column-1\">JOUY-LE-MOUTIER<\/td><td class=\"column-2\">BOULEVARD DE L'OISE<\/td><td class=\"column-3\">LA PHARMACIE DES MERISIERS<\/td><td class=\"column-4\">VAL-D'OISE<\/td><td class=\"column-5\">2013<\/td><td class=\"column-6\"><a href=\"https:\/\/www.calendriers-artistiques.fr\/wp-content\/uploads\/calendriersmedia\/2013 (26).jpg\"><img loading=\"lazy\" src=\"https:\/\/www.calendriers-artistiques.fr\/wp-content\/uploads\/calendriersmedia\/vignette.jpg\" alt=\"\" width=\"33\" height=\"85\" class=\"alignnone size-full wp-image-24\" \/><\/a><\/td>\n<\/tr>\n<tr class=\"row-418 even\">\n\t<td class=\"column-1\">LA CHAPELLE-MONTLIGEON<\/td><td class=\"column-2\">RUE PRINCIPALE<\/td><td class=\"column-3\">LA PHARMACIE DE LA BASILIQUE<\/td><td class=\"column-4\">ORNE<\/td><td class=\"column-5\">2013<\/td><td class=\"column-6\"><a href=\"https:\/\/www.calendriers-artistiques.fr\/wp-content\/uploads\/calendriersmedia\/2013 (27).jpg\"><img loading=\"lazy\" src=\"https:\/\/www.calendriers-artistiques.fr\/wp-content\/uploads\/calendriersmedia\/vignette.jpg\" alt=\"\" width=\"33\" height=\"85\" class=\"alignnone size-full wp-image-24\" \/><\/a><\/td>\n<\/tr>\n<tr class=\"row-419 odd\">\n\t<td class=\"column-1\">LAPUGNOY<\/td><td class=\"column-2\">RUE JEAN JAURES<\/td><td class=\"column-3\">LA PHARMACIE DE LA CLARENCE<\/td><td class=\"column-4\">PAS-DE-CALAIS<\/td><td class=\"column-5\">2013<\/td><td class=\"column-6\"><a href=\"https:\/\/www.calendriers-artistiques.fr\/wp-content\/uploads\/calendriersmedia\/2013 (28).jpg\"><img loading=\"lazy\" src=\"https:\/\/www.calendriers-artistiques.fr\/wp-content\/uploads\/calendriersmedia\/vignette.jpg\" alt=\"\" width=\"33\" height=\"85\" class=\"alignnone size-full wp-image-24\" \/><\/a><\/td>\n<\/tr>\n<tr class=\"row-420 even\">\n\t<td class=\"column-1\">LE BENY-BOCAGE<\/td><td class=\"column-2\">PLACE DU DOCTEUR JEAN MAUGEAIS<\/td><td class=\"column-3\">LA PHARMACIE LETEURTRE<\/td><td class=\"column-4\">CALVADOS<\/td><td class=\"column-5\">2013<\/td><td class=\"column-6\"><a href=\"https:\/\/www.calendriers-artistiques.fr\/wp-content\/uploads\/calendriersmedia\/2013 (29).jpg\"><img loading=\"lazy\" src=\"https:\/\/www.calendriers-artistiques.fr\/wp-content\/uploads\/calendriersmedia\/vignette.jpg\" alt=\"\" width=\"33\" height=\"85\" class=\"alignnone size-full wp-image-24\" \/><\/a><\/td>\n<\/tr>\n<tr class=\"row-421 odd\">\n\t<td class=\"column-1\">LENS<\/td><td class=\"column-2\">PLACE JEAN JAURES<\/td><td class=\"column-3\">LA PHARMACIE SAINT-LEGER<\/td><td class=\"column-4\">PAS-DE-CALAIS<\/td><td class=\"column-5\">2013<\/td><td class=\"column-6\"><a href=\"https:\/\/www.calendriers-artistiques.fr\/wp-content\/uploads\/calendriersmedia\/2013 (30).jpg\"><img loading=\"lazy\" src=\"https:\/\/www.calendriers-artistiques.fr\/wp-content\/uploads\/calendriersmedia\/vignette.jpg\" alt=\"\" width=\"33\" height=\"85\" class=\"alignnone size-full wp-image-24\" \/><\/a><\/td>\n<\/tr>\n<tr class=\"row-422 even\">\n\t<td class=\"column-1\">LIGNY-EN-BARROIS<\/td><td class=\"column-2\">RUE DU GENERALDE GAULLE<\/td><td class=\"column-3\">LA PHARMACIE DU PARC<\/td><td class=\"column-4\">MEUSE<\/td><td class=\"column-5\">2013<\/td><td class=\"column-6\"><a href=\"https:\/\/www.calendriers-artistiques.fr\/wp-content\/uploads\/calendriersmedia\/2013 (31).jpg\"><img loading=\"lazy\" src=\"https:\/\/www.calendriers-artistiques.fr\/wp-content\/uploads\/calendriersmedia\/vignette.jpg\" alt=\"\" width=\"33\" height=\"85\" class=\"alignnone size-full wp-image-24\" \/><\/a><\/td>\n<\/tr>\n<tr class=\"row-423 odd\">\n\t<td class=\"column-1\">LOON-PLAGE<\/td><td class=\"column-2\">RUE GEORGES PONPIDOU<\/td><td class=\"column-3\">LA PHARMACIE DECROOCQ<\/td><td class=\"column-4\">NORD<\/td><td class=\"column-5\">2013<\/td><td class=\"column-6\"><a href=\"https:\/\/www.calendriers-artistiques.fr\/wp-content\/uploads\/calendriersmedia\/2013 (32).jpg\"><img loading=\"lazy\" src=\"https:\/\/www.calendriers-artistiques.fr\/wp-content\/uploads\/calendriersmedia\/vignette.jpg\" alt=\"\" width=\"33\" height=\"85\" class=\"alignnone size-full wp-image-24\" \/><\/a><\/td>\n<\/tr>\n<tr class=\"row-424 even\">\n\t<td class=\"column-1\">MALZEVILLE<\/td><td class=\"column-2\">AVENUE DU GENERAL LECLERC<\/td><td class=\"column-3\">LA PHARMACIE METZELARD<\/td><td class=\"column-4\">MEURTHE-ET-MOSELLE<\/td><td class=\"column-5\">2013<\/td><td class=\"column-6\"><a href=\"https:\/\/www.calendriers-artistiques.fr\/wp-content\/uploads\/calendriersmedia\/2013 (33).jpg\"><img loading=\"lazy\" src=\"https:\/\/www.calendriers-artistiques.fr\/wp-content\/uploads\/calendriersmedia\/vignette.jpg\" alt=\"\" width=\"33\" height=\"85\" class=\"alignnone size-full wp-image-24\" \/><\/a><\/td>\n<\/tr>\n<tr class=\"row-425 odd\">\n\t<td class=\"column-1\">MARCELCAVE<\/td><td class=\"column-2\">AVENUE DE LA MAIRIE<\/td><td class=\"column-3\">LA PHARMACIE VOITURIER<\/td><td class=\"column-4\">SOMME<\/td><td class=\"column-5\">2013<\/td><td class=\"column-6\"><a href=\"https:\/\/www.calendriers-artistiques.fr\/wp-content\/uploads\/calendriersmedia\/2013 (34).jpg\"><img loading=\"lazy\" src=\"https:\/\/www.calendriers-artistiques.fr\/wp-content\/uploads\/calendriersmedia\/vignette.jpg\" alt=\"\" width=\"33\" height=\"85\" class=\"alignnone size-full wp-image-24\" \/><\/a><\/td>\n<\/tr>\n<tr class=\"row-426 even\">\n\t<td class=\"column-1\">MIRECOURT<\/td><td class=\"column-2\">RUE DU GENERAL LECLERC<\/td><td class=\"column-3\">LA PHARMACIE CENTRALE<\/td><td class=\"column-4\">VOSGES<\/td><td class=\"column-5\">2013<\/td><td class=\"column-6\"><a href=\"https:\/\/www.calendriers-artistiques.fr\/wp-content\/uploads\/calendriersmedia\/2013 (35).jpg\"><img loading=\"lazy\" src=\"https:\/\/www.calendriers-artistiques.fr\/wp-content\/uploads\/calendriersmedia\/vignette.jpg\" alt=\"\" width=\"33\" height=\"85\" class=\"alignnone size-full wp-image-24\" \/><\/a><\/td>\n<\/tr>\n<tr class=\"row-427 odd\">\n\t<td class=\"column-1\">MOURMELON-LE-GRAND<\/td><td class=\"column-2\">PLACE CLEMENCEAU<\/td><td class=\"column-3\">LA PHARMACIE CLEMENCEAU<\/td><td class=\"column-4\">MARNE<\/td><td class=\"column-5\">2013<\/td><td class=\"column-6\"><a href=\"https:\/\/www.calendriers-artistiques.fr\/wp-content\/uploads\/calendriersmedia\/2013 (36).jpg\"><img loading=\"lazy\" src=\"https:\/\/www.calendriers-artistiques.fr\/wp-content\/uploads\/calendriersmedia\/vignette.jpg\" alt=\"\" width=\"33\" height=\"85\" class=\"alignnone size-full wp-image-24\" \/><\/a><\/td>\n<\/tr>\n<tr class=\"row-428 even\">\n\t<td class=\"column-1\">NEUFCH\u00c3\u0192\u00e2\u20ac\u0161TEL EN SAOSNOIS<\/td><td class=\"column-2\">RUE MARCEL GRAFFIN<\/td><td class=\"column-3\">LA PHARMACIE DE NEUFCH\u00c3\u0192\u00e2\u20ac\u0161TEL<\/td><td class=\"column-4\">SARTHE<\/td><td class=\"column-5\">2013<\/td><td class=\"column-6\"><a href=\"https:\/\/www.calendriers-artistiques.fr\/wp-content\/uploads\/calendriersmedia\/2013 (37).jpg\"><img loading=\"lazy\" src=\"https:\/\/www.calendriers-artistiques.fr\/wp-content\/uploads\/calendriersmedia\/vignette.jpg\" alt=\"\" width=\"33\" height=\"85\" class=\"alignnone size-full wp-image-24\" \/><\/a><\/td>\n<\/tr>\n<tr class=\"row-429 odd\">\n\t<td class=\"column-1\">NOYELLES-GODAULT<\/td><td class=\"column-2\">RUE DE VERDUN<\/td><td class=\"column-3\">LA PHARMACIE DE L'H\u00c3\u0192\u00e2\u20ac\u009dTEL DE VILLE<\/td><td class=\"column-4\">PAS-DE-CALAIS<\/td><td class=\"column-5\">2013<\/td><td class=\"column-6\"><a href=\"https:\/\/www.calendriers-artistiques.fr\/wp-content\/uploads\/calendriersmedia\/2013 (38).jpg\"><img loading=\"lazy\" src=\"https:\/\/www.calendriers-artistiques.fr\/wp-content\/uploads\/calendriersmedia\/vignette.jpg\" alt=\"\" width=\"33\" height=\"85\" class=\"alignnone size-full wp-image-24\" \/><\/a><\/td>\n<\/tr>\n<tr class=\"row-430 even\">\n\t<td class=\"column-1\">ORCHIES<\/td><td class=\"column-2\">PLACE DU GENERAL DE GAULLE<\/td><td class=\"column-3\">LA PHARMACIE DE L'H\u00c3\u0192\u00e2\u20ac\u009dTEL DE VILLE<\/td><td class=\"column-4\">NORD<\/td><td class=\"column-5\">2013<\/td><td class=\"column-6\"><a href=\"https:\/\/www.calendriers-artistiques.fr\/wp-content\/uploads\/calendriersmedia\/2013 (39).jpg\"><img loading=\"lazy\" src=\"https:\/\/www.calendriers-artistiques.fr\/wp-content\/uploads\/calendriersmedia\/vignette.jpg\" alt=\"\" width=\"33\" height=\"85\" class=\"alignnone size-full wp-image-24\" \/><\/a><\/td>\n<\/tr>\n<tr class=\"row-431 odd\">\n\t<td class=\"column-1\">POMPEY<\/td><td class=\"column-2\">AVENUE DU GENERAL DE GAULLE<\/td><td class=\"column-3\">LA PHARMACIE LIEGEOIS<\/td><td class=\"column-4\">MEURTHE-ET-MOSELLE<\/td><td class=\"column-5\">2013<\/td><td class=\"column-6\"><a href=\"https:\/\/www.calendriers-artistiques.fr\/wp-content\/uploads\/calendriersmedia\/2013 (40).jpg\"><img loading=\"lazy\" src=\"https:\/\/www.calendriers-artistiques.fr\/wp-content\/uploads\/calendriersmedia\/vignette.jpg\" alt=\"\" width=\"33\" height=\"85\" class=\"alignnone size-full wp-image-24\" \/><\/a><\/td>\n<\/tr>\n<tr class=\"row-432 even\">\n\t<td class=\"column-1\">PONTORSON<\/td><td class=\"column-2\">PLACE DE L'HOTEL DE VILLE<\/td><td class=\"column-3\">LA PHARMACIE PONT D'ORSON<\/td><td class=\"column-4\">MANCHE<\/td><td class=\"column-5\">2013<\/td><td class=\"column-6\"><a href=\"https:\/\/www.calendriers-artistiques.fr\/wp-content\/uploads\/calendriersmedia\/2013 (41).jpg\"><img loading=\"lazy\" src=\"https:\/\/www.calendriers-artistiques.fr\/wp-content\/uploads\/calendriersmedia\/vignette.jpg\" alt=\"\" width=\"33\" height=\"85\" class=\"alignnone size-full wp-image-24\" \/><\/a><\/td>\n<\/tr>\n<tr class=\"row-433 odd\">\n\t<td class=\"column-1\">PONT-SUR-SAMBRE<\/td><td class=\"column-2\">GRAND'RUE<\/td><td class=\"column-3\">LA PHARMACIE SEVIN<\/td><td class=\"column-4\">NORD<\/td><td class=\"column-5\">2013<\/td><td class=\"column-6\"><a href=\"https:\/\/www.calendriers-artistiques.fr\/wp-content\/uploads\/calendriersmedia\/2013 (42).jpg\"><img loading=\"lazy\" src=\"https:\/\/www.calendriers-artistiques.fr\/wp-content\/uploads\/calendriersmedia\/vignette.jpg\" alt=\"\" width=\"33\" height=\"85\" class=\"alignnone size-full wp-image-24\" \/><\/a><\/td>\n<\/tr>\n<tr class=\"row-434 even\">\n\t<td class=\"column-1\">PONTVALLAIN<\/td><td class=\"column-2\">RUE DU 11 NOVEMBRE<\/td><td class=\"column-3\">LA PHARMACIE BOUDINEAU<\/td><td class=\"column-4\">SARTHE<\/td><td class=\"column-5\">2013<\/td><td class=\"column-6\"><a href=\"https:\/\/www.calendriers-artistiques.fr\/wp-content\/uploads\/calendriersmedia\/2013 (43).jpg\"><img loading=\"lazy\" src=\"https:\/\/www.calendriers-artistiques.fr\/wp-content\/uploads\/calendriersmedia\/vignette.jpg\" alt=\"\" width=\"33\" height=\"85\" class=\"alignnone size-full wp-image-24\" \/><\/a><\/td>\n<\/tr>\n<tr class=\"row-435 odd\">\n\t<td class=\"column-1\">RAUCOURT-ET-FLABA<\/td><td class=\"column-2\">RUE DU PAVE<\/td><td class=\"column-3\">LA PHARMACIE DU PAVE<\/td><td class=\"column-4\">ARDENNES<\/td><td class=\"column-5\">2013<\/td><td class=\"column-6\"><a href=\"https:\/\/www.calendriers-artistiques.fr\/wp-content\/uploads\/calendriersmedia\/2013 (44).jpg\"><img loading=\"lazy\" src=\"https:\/\/www.calendriers-artistiques.fr\/wp-content\/uploads\/calendriersmedia\/vignette.jpg\" alt=\"\" width=\"33\" height=\"85\" class=\"alignnone size-full wp-image-24\" \/><\/a><\/td>\n<\/tr>\n<tr class=\"row-436 even\">\n\t<td class=\"column-1\">REMONCOURT<\/td><td class=\"column-2\">GRANDE RUE<\/td><td class=\"column-3\">LA PHARMACIE BANET<\/td><td class=\"column-4\">VOSGES<\/td><td class=\"column-5\">2013<\/td><td class=\"column-6\"><a href=\"https:\/\/www.calendriers-artistiques.fr\/wp-content\/uploads\/calendriersmedia\/2013 (45).jpg\"><img loading=\"lazy\" src=\"https:\/\/www.calendriers-artistiques.fr\/wp-content\/uploads\/calendriersmedia\/vignette.jpg\" alt=\"\" width=\"33\" height=\"85\" class=\"alignnone size-full wp-image-24\" \/><\/a><\/td>\n<\/tr>\n<tr class=\"row-437 odd\">\n\t<td class=\"column-1\">REVIN<\/td><td class=\"column-2\">RUE VICTOR HUGO<\/td><td class=\"column-3\">LA PHARMACIE DE LA HALLE<\/td><td class=\"column-4\">ARDENNES<\/td><td class=\"column-5\">2013<\/td><td class=\"column-6\"><a href=\"https:\/\/www.calendriers-artistiques.fr\/wp-content\/uploads\/calendriersmedia\/2013 (46).jpg\"><img loading=\"lazy\" src=\"https:\/\/www.calendriers-artistiques.fr\/wp-content\/uploads\/calendriersmedia\/vignette.jpg\" alt=\"\" width=\"33\" height=\"85\" class=\"alignnone size-full wp-image-24\" \/><\/a><\/td>\n<\/tr>\n<tr class=\"row-438 even\">\n\t<td class=\"column-1\">ROSENDA\u00c3\u0192\u00e2\u20ac\u00b9L<\/td><td class=\"column-2\">RUE PAUL MACHY<\/td><td class=\"column-3\">LA PHARMACIEDE LA MAIRIE<\/td><td class=\"column-4\">NORD<\/td><td class=\"column-5\">2013<\/td><td class=\"column-6\"><a href=\"https:\/\/www.calendriers-artistiques.fr\/wp-content\/uploads\/calendriersmedia\/2013 (47).jpg\"><img loading=\"lazy\" src=\"https:\/\/www.calendriers-artistiques.fr\/wp-content\/uploads\/calendriersmedia\/vignette.jpg\" alt=\"\" width=\"33\" height=\"85\" class=\"alignnone size-full wp-image-24\" \/><\/a><\/td>\n<\/tr>\n<tr class=\"row-439 odd\">\n\t<td class=\"column-1\">RUE<\/td><td class=\"column-2\">PLACE DE VERDUN<\/td><td class=\"column-3\">LA PHARMACIE DU BEFFROI<\/td><td class=\"column-4\">SOMME<\/td><td class=\"column-5\">2013<\/td><td class=\"column-6\"><a href=\"https:\/\/www.calendriers-artistiques.fr\/wp-content\/uploads\/calendriersmedia\/2013 (48).jpg\"><img loading=\"lazy\" src=\"https:\/\/www.calendriers-artistiques.fr\/wp-content\/uploads\/calendriersmedia\/vignette.jpg\" alt=\"\" width=\"33\" height=\"85\" class=\"alignnone size-full wp-image-24\" \/><\/a><\/td>\n<\/tr>\n<tr class=\"row-440 even\">\n\t<td class=\"column-1\">SAINTE SAVINE<\/td><td class=\"column-2\">RUE DES NO\u00c3\u0192\u00e2\u20ac\u00b9S<\/td><td class=\"column-3\">LA PHARMACIE DE L'OLIVIER<\/td><td class=\"column-4\">AUBE<\/td><td class=\"column-5\">2013<\/td><td class=\"column-6\"><a href=\"https:\/\/www.calendriers-artistiques.fr\/wp-content\/uploads\/calendriersmedia\/2013 (49).jpg\"><img loading=\"lazy\" src=\"https:\/\/www.calendriers-artistiques.fr\/wp-content\/uploads\/calendriersmedia\/vignette.jpg\" alt=\"\" width=\"33\" height=\"85\" class=\"alignnone size-full wp-image-24\" \/><\/a><\/td>\n<\/tr>\n<tr class=\"row-441 odd\">\n\t<td class=\"column-1\">SAINT-ETIENNE-LES-REMIREMONT<\/td><td class=\"column-2\">GRAND'RUE<\/td><td class=\"column-3\">LA PHARMACIE PETIT JEAN<\/td><td class=\"column-4\">VOSGES<\/td><td class=\"column-5\">2013<\/td><td class=\"column-6\"><a href=\"https:\/\/www.calendriers-artistiques.fr\/wp-content\/uploads\/calendriersmedia\/2013 (50).jpg\"><img loading=\"lazy\" src=\"https:\/\/www.calendriers-artistiques.fr\/wp-content\/uploads\/calendriersmedia\/vignette.jpg\" alt=\"\" width=\"33\" height=\"85\" class=\"alignnone size-full wp-image-24\" \/><\/a><\/td>\n<\/tr>\n<tr class=\"row-442 even\">\n\t<td class=\"column-1\">SAINT-MALO<\/td><td class=\"column-2\">RUE DE L'ABBE FOURE<\/td><td class=\"column-3\">LA PHARMACIE DE ROTHENEUF<\/td><td class=\"column-4\">ILLE-ET-VILAINE<\/td><td class=\"column-5\">2013<\/td><td class=\"column-6\"><a href=\"https:\/\/www.calendriers-artistiques.fr\/wp-content\/uploads\/calendriersmedia\/2013 (51).jpg\"><img loading=\"lazy\" src=\"https:\/\/www.calendriers-artistiques.fr\/wp-content\/uploads\/calendriersmedia\/vignette.jpg\" alt=\"\" width=\"33\" height=\"85\" class=\"alignnone size-full wp-image-24\" \/><\/a><\/td>\n<\/tr>\n<tr class=\"row-443 odd\">\n\t<td class=\"column-1\">SAINT-MARS D'OUTILLE<\/td><td class=\"column-2\">RUE GAMBETTA<\/td><td class=\"column-3\">LA PHARMACIE BENOIST<\/td><td class=\"column-4\">SARTHE<\/td><td class=\"column-5\">2013<\/td><td class=\"column-6\"><a href=\"https:\/\/www.calendriers-artistiques.fr\/wp-content\/uploads\/calendriersmedia\/2013 (52).jpg\"><img loading=\"lazy\" src=\"https:\/\/www.calendriers-artistiques.fr\/wp-content\/uploads\/calendriersmedia\/vignette.jpg\" alt=\"\" width=\"33\" height=\"85\" class=\"alignnone size-full wp-image-24\" \/><\/a><\/td>\n<\/tr>\n<tr class=\"row-444 even\">\n\t<td class=\"column-1\">SAINT-MELOIR-DES-ONDES<\/td><td class=\"column-2\">RUE DE LA BAIE<\/td><td class=\"column-3\">LA PHARMACIE DES ONDES<\/td><td class=\"column-4\">ILLE-ET-VILAINE<\/td><td class=\"column-5\">2013<\/td><td class=\"column-6\"><a href=\"https:\/\/www.calendriers-artistiques.fr\/wp-content\/uploads\/calendriersmedia\/2013 (53).jpg\"><img loading=\"lazy\" src=\"https:\/\/www.calendriers-artistiques.fr\/wp-content\/uploads\/calendriersmedia\/vignette.jpg\" alt=\"\" width=\"33\" height=\"85\" class=\"alignnone size-full wp-image-24\" \/><\/a><\/td>\n<\/tr>\n<tr class=\"row-445 odd\">\n\t<td class=\"column-1\">SAINT-POIS<\/td><td class=\"column-2\">GRANDE RUE<\/td><td class=\"column-3\">LA PHARMACIE DE SAINT-POIS<\/td><td class=\"column-4\">MANCHE<\/td><td class=\"column-5\">2013<\/td><td class=\"column-6\"><a href=\"https:\/\/www.calendriers-artistiques.fr\/wp-content\/uploads\/calendriersmedia\/2013 (54).jpg\"><img loading=\"lazy\" src=\"https:\/\/www.calendriers-artistiques.fr\/wp-content\/uploads\/calendriersmedia\/vignette.jpg\" alt=\"\" width=\"33\" height=\"85\" class=\"alignnone size-full wp-image-24\" \/><\/a><\/td>\n<\/tr>\n<tr class=\"row-446 even\">\n\t<td class=\"column-1\">SAINT-RIQUIER<\/td><td class=\"column-2\">PLAVE DE L'EGLISE<\/td><td class=\"column-3\">LA PHARMACIE VERMES<\/td><td class=\"column-4\">SOMME<\/td><td class=\"column-5\">2013<\/td><td class=\"column-6\"><a href=\"https:\/\/www.calendriers-artistiques.fr\/wp-content\/uploads\/calendriersmedia\/2013 (55).jpg\"><img loading=\"lazy\" src=\"https:\/\/www.calendriers-artistiques.fr\/wp-content\/uploads\/calendriersmedia\/vignette.jpg\" alt=\"\" width=\"33\" height=\"85\" class=\"alignnone size-full wp-image-24\" \/><\/a><\/td>\n<\/tr>\n<tr class=\"row-447 odd\">\n\t<td class=\"column-1\">SANCHEVILLE<\/td><td class=\"column-2\">PLACE DU MARCHE<\/td><td class=\"column-3\">LA PHARMACIE MAZZOLINI<\/td><td class=\"column-4\">EURE-ET-LOIR<\/td><td class=\"column-5\">2013<\/td><td class=\"column-6\"><a href=\"https:\/\/www.calendriers-artistiques.fr\/wp-content\/uploads\/calendriersmedia\/2013 (56).jpg\"><img loading=\"lazy\" src=\"https:\/\/www.calendriers-artistiques.fr\/wp-content\/uploads\/calendriersmedia\/vignette.jpg\" alt=\"\" width=\"33\" height=\"85\" class=\"alignnone size-full wp-image-24\" \/><\/a><\/td>\n<\/tr>\n<tr class=\"row-448 even\">\n\t<td class=\"column-1\">SAULT-LES-RETHEL<\/td><td class=\"column-2\">AVENUE DE BOURGOIN<\/td><td class=\"column-3\">LA PHARMACIE SAINT-REMI<\/td><td class=\"column-4\">ARDENNES<\/td><td class=\"column-5\">2013<\/td><td class=\"column-6\"><a href=\"https:\/\/www.calendriers-artistiques.fr\/wp-content\/uploads\/calendriersmedia\/2013 (57).jpg\"><img loading=\"lazy\" src=\"https:\/\/www.calendriers-artistiques.fr\/wp-content\/uploads\/calendriersmedia\/vignette.jpg\" alt=\"\" width=\"33\" height=\"85\" class=\"alignnone size-full wp-image-24\" \/><\/a><\/td>\n<\/tr>\n<tr class=\"row-449 odd\">\n\t<td class=\"column-1\">SOMAIN<\/td><td class=\"column-2\">RUE LEON GAMBETTA<\/td><td class=\"column-3\">LA PHARMACIE DUFFOURG-LEGAREZ<\/td><td class=\"column-4\">NORD<\/td><td class=\"column-5\">2013<\/td><td class=\"column-6\"><a href=\"https:\/\/www.calendriers-artistiques.fr\/wp-content\/uploads\/calendriersmedia\/2013 (58).jpg\"><img loading=\"lazy\" src=\"https:\/\/www.calendriers-artistiques.fr\/wp-content\/uploads\/calendriersmedia\/vignette.jpg\" alt=\"\" width=\"33\" height=\"85\" class=\"alignnone size-full wp-image-24\" \/><\/a><\/td>\n<\/tr>\n<tr class=\"row-450 even\">\n\t<td class=\"column-1\">TORCY<\/td><td class=\"column-2\">RUE DE PARIS<\/td><td class=\"column-3\">LA PHARMACUE DU PARC<\/td><td class=\"column-4\">SEINE-ET-MARNE<\/td><td class=\"column-5\">2013<\/td><td class=\"column-6\"><a href=\"https:\/\/www.calendriers-artistiques.fr\/wp-content\/uploads\/calendriersmedia\/2013 (59).jpg\"><img loading=\"lazy\" src=\"https:\/\/www.calendriers-artistiques.fr\/wp-content\/uploads\/calendriersmedia\/vignette.jpg\" alt=\"\" width=\"33\" height=\"85\" class=\"alignnone size-full wp-image-24\" \/><\/a><\/td>\n<\/tr>\n<tr class=\"row-451 odd\">\n\t<td class=\"column-1\">VARENNES-EN-ARGONNE<\/td><td class=\"column-2\">RUE DE CHEPPY<\/td><td class=\"column-3\">LA PHARMACIE DES VIGNES DES C\u00c3\u0192\u00e2\u20ac\u009dTES<\/td><td class=\"column-4\">MEUSE<\/td><td class=\"column-5\">2013<\/td><td class=\"column-6\"><a href=\"https:\/\/www.calendriers-artistiques.fr\/wp-content\/uploads\/calendriersmedia\/2013 (60).jpg\"><img loading=\"lazy\" src=\"https:\/\/www.calendriers-artistiques.fr\/wp-content\/uploads\/calendriersmedia\/vignette.jpg\" alt=\"\" width=\"33\" height=\"85\" class=\"alignnone size-full wp-image-24\" \/><\/a><\/td>\n<\/tr>\n<tr class=\"row-452 even\">\n\t<td class=\"column-1\">VERVINS<\/td><td class=\"column-2\">RUE DU GENERAL DE GAULLE<\/td><td class=\"column-3\">LA PHARMACIE DE LA THIERACHE<\/td><td class=\"column-4\">AISNE<\/td><td class=\"column-5\">2013<\/td><td class=\"column-6\"><a href=\"https:\/\/www.calendriers-artistiques.fr\/wp-content\/uploads\/calendriersmedia\/2013 (61).jpg\"><img loading=\"lazy\" src=\"https:\/\/www.calendriers-artistiques.fr\/wp-content\/uploads\/calendriersmedia\/vignette.jpg\" alt=\"\" width=\"33\" height=\"85\" class=\"alignnone size-full wp-image-24\" \/><\/a><\/td>\n<\/tr>\n<tr class=\"row-453 odd\">\n\t<td class=\"column-1\">VILLERS-LES-NANCY<\/td><td class=\"column-2\">AVENUE DU GENERAL LECLERC<\/td><td class=\"column-3\">LA PHARMACIE DES AIGUILLETTES<\/td><td class=\"column-4\">MEURTHE-ET-MOSELLE<\/td><td class=\"column-5\">2013<\/td><td class=\"column-6\"><a href=\"https:\/\/www.calendriers-artistiques.fr\/wp-content\/uploads\/calendriersmedia\/2013 (62).jpg\"><img loading=\"lazy\" src=\"https:\/\/www.calendriers-artistiques.fr\/wp-content\/uploads\/calendriersmedia\/vignette.jpg\" alt=\"\" width=\"33\" height=\"85\" class=\"alignnone size-full wp-image-24\" \/><\/a><\/td>\n<\/tr>\n<tr class=\"row-454 even\">\n\t<td class=\"column-1\">VITRY-LE-FRANCOIS<\/td><td class=\"column-2\">RUE FLANDRES-DUNKERQUE<\/td><td class=\"column-3\">LA PHARMACIE ROME SAINT-CHARLES<\/td><td class=\"column-4\">MARNE<\/td><td class=\"column-5\">2013<\/td><td class=\"column-6\"><a href=\"https:\/\/www.calendriers-artistiques.fr\/wp-content\/uploads\/calendriersmedia\/2013 (63).jpg\"><img loading=\"lazy\" src=\"https:\/\/www.calendriers-artistiques.fr\/wp-content\/uploads\/calendriersmedia\/vignette.jpg\" alt=\"\" width=\"33\" height=\"85\" class=\"alignnone size-full wp-image-24\" \/><\/a><\/td>\n<\/tr>\n<tr class=\"row-455 odd\">\n\t<td class=\"column-1\">VILLEPARISIS<\/td><td class=\"column-2\">RUE DE RUZE<\/td><td class=\"column-3\">LA PHARMACIE DE LA MAIRIE<\/td><td class=\"column-4\">SEINE-ET-MARNE<\/td><td class=\"column-5\">2013<\/td><td class=\"column-6\"><a href=\"https:\/\/www.calendriers-artistiques.fr\/wp-content\/uploads\/calendriersmedia\/2013 (64).jpg\"><img loading=\"lazy\" src=\"https:\/\/www.calendriers-artistiques.fr\/wp-content\/uploads\/calendriersmedia\/vignette.jpg\" alt=\"\" width=\"33\" height=\"85\" class=\"alignnone size-full wp-image-24\" \/><\/a><\/td>\n<\/tr>\n<tr class=\"row-456 even\">\n\t<td class=\"column-1\">WIMEREUX<\/td><td class=\"column-2\">RUE DU BON AIR<\/td><td class=\"column-3\">LA PHARMACIE DEGRAVE<\/td><td class=\"column-4\">PAS-DE-CALAIS<\/td><td class=\"column-5\">2013<\/td><td class=\"column-6\"><a href=\"https:\/\/www.calendriers-artistiques.fr\/wp-content\/uploads\/calendriersmedia\/2013 (65).jpg\"><img loading=\"lazy\" src=\"https:\/\/www.calendriers-artistiques.fr\/wp-content\/uploads\/calendriersmedia\/vignette.jpg\" alt=\"\" width=\"33\" height=\"85\" class=\"alignnone size-full wp-image-24\" \/><\/a><\/td>\n<\/tr>\n<tr class=\"row-457 odd\">\n\t<td class=\"column-1\">XERTIGNY<\/td><td class=\"column-2\">RUE DU COMMANDANT SAINT-SERNIN<\/td><td class=\"column-3\">LA PHARMACIE DES COQUELICOTS<\/td><td class=\"column-4\">VOSGES<\/td><td class=\"column-5\">2013<\/td><td class=\"column-6\"><a href=\"https:\/\/www.calendriers-artistiques.fr\/wp-content\/uploads\/calendriersmedia\/2013 (66).jpg\"><img loading=\"lazy\" src=\"https:\/\/www.calendriers-artistiques.fr\/wp-content\/uploads\/calendriersmedia\/vignette.jpg\" alt=\"\" width=\"33\" height=\"85\" class=\"alignnone size-full wp-image-24\" \/><\/a><\/td>\n<\/tr>\n<tr class=\"row-458 even\">\n\t<td class=\"column-1\">YEVRES<\/td><td class=\"column-2\">RUE EMILE DELAVALLEE<\/td><td class=\"column-3\">LA PHARMACIE DE L'OZANNE<\/td><td class=\"column-4\">EURE-ET-LOIR<\/td><td class=\"column-5\">2013<\/td><td class=\"column-6\"><a href=\"https:\/\/www.calendriers-artistiques.fr\/wp-content\/uploads\/calendriersmedia\/2013 (67).jpg\"><img loading=\"lazy\" src=\"https:\/\/www.calendriers-artistiques.fr\/wp-content\/uploads\/calendriersmedia\/vignette.jpg\" alt=\"\" width=\"33\" height=\"85\" class=\"alignnone size-full wp-image-24\" \/><\/a><\/td>\n<\/tr>\n<tr class=\"row-459 odd\">\n\t<td class=\"column-1\">ALENCON<\/td><td class=\"column-2\">AVENUE DE COURTEILLE<\/td><td class=\"column-3\">LA PHARMACIE GUILBAULT<\/td><td class=\"column-4\">ORNE<\/td><td class=\"column-5\">2012<\/td><td class=\"column-6\"><a href=\"https:\/\/www.calendriers-artistiques.fr\/wp-content\/uploads\/calendriersmedia\/2012 (1).jpg\"><img loading=\"lazy\" src=\"https:\/\/www.calendriers-artistiques.fr\/wp-content\/uploads\/calendriersmedia\/vignette.jpg\" alt=\"\" width=\"33\" height=\"85\" class=\"alignnone size-full wp-image-24\" \/><\/a><\/td>\n<\/tr>\n<tr class=\"row-460 even\">\n\t<td class=\"column-1\">ALENCON<\/td><td class=\"column-2\">AVENUE DE QUAKEMBR\u00c3\u0192\u00c5\u201cCK<\/td><td class=\"column-3\">LA PHARMACIE LERICHE<\/td><td class=\"column-4\">ORNE<\/td><td class=\"column-5\">2012<\/td><td class=\"column-6\"><a href=\"https:\/\/www.calendriers-artistiques.fr\/wp-content\/uploads\/calendriersmedia\/2012 (2).jpg\"><img loading=\"lazy\" src=\"https:\/\/www.calendriers-artistiques.fr\/wp-content\/uploads\/calendriersmedia\/vignette.jpg\" alt=\"\" width=\"33\" height=\"85\" class=\"alignnone size-full wp-image-24\" \/><\/a><\/td>\n<\/tr>\n<tr class=\"row-461 odd\">\n\t<td class=\"column-1\">AUBENTON<\/td><td class=\"column-2\">RUE JEAN MERMOZ<\/td><td class=\"column-3\">LA PHARMACIE DELILLE<\/td><td class=\"column-4\">AISNE<\/td><td class=\"column-5\">2012<\/td><td class=\"column-6\"><a href=\"https:\/\/www.calendriers-artistiques.fr\/wp-content\/uploads\/calendriersmedia\/2012 (3).jpg\"><img loading=\"lazy\" src=\"https:\/\/www.calendriers-artistiques.fr\/wp-content\/uploads\/calendriersmedia\/vignette.jpg\" alt=\"\" width=\"33\" height=\"85\" class=\"alignnone size-full wp-image-24\" \/><\/a><\/td>\n<\/tr>\n<tr class=\"row-462 even\">\n\t<td class=\"column-1\">AUBIGNY-AU-BAC<\/td><td class=\"column-2\">RUE CALMETTE<\/td><td class=\"column-3\">LA PHARMACIE DE LA SENSEE<\/td><td class=\"column-4\">NORD<\/td><td class=\"column-5\">2012<\/td><td class=\"column-6\"><a href=\"https:\/\/www.calendriers-artistiques.fr\/wp-content\/uploads\/calendriersmedia\/2012 (4).jpg\"><img loading=\"lazy\" src=\"https:\/\/www.calendriers-artistiques.fr\/wp-content\/uploads\/calendriersmedia\/vignette.jpg\" alt=\"\" width=\"33\" height=\"85\" class=\"alignnone size-full wp-image-24\" \/><\/a><\/td>\n<\/tr>\n<tr class=\"row-463 odd\">\n\t<td class=\"column-1\">BAR-SUR-AUBE<\/td><td class=\"column-2\">RUE NATIONALE<\/td><td class=\"column-3\">LA PHARMACIE DU MARCHE<\/td><td class=\"column-4\">AUBE<\/td><td class=\"column-5\">2012<\/td><td class=\"column-6\"><a href=\"https:\/\/www.calendriers-artistiques.fr\/wp-content\/uploads\/calendriersmedia\/2012 (5).jpg\"><img loading=\"lazy\" src=\"https:\/\/www.calendriers-artistiques.fr\/wp-content\/uploads\/calendriersmedia\/vignette.jpg\" alt=\"\" width=\"33\" height=\"85\" class=\"alignnone size-full wp-image-24\" \/><\/a><\/td>\n<\/tr>\n<tr class=\"row-464 even\">\n\t<td class=\"column-1\">BERNES-SUR-OISE<\/td><td class=\"column-2\">RUE DES ECOLES<\/td><td class=\"column-3\">LA PHARMACIE COILLET<\/td><td class=\"column-4\">VAL-D'OISE<\/td><td class=\"column-5\">2012<\/td><td class=\"column-6\"><a href=\"https:\/\/www.calendriers-artistiques.fr\/wp-content\/uploads\/calendriersmedia\/2012 (6).jpg\"><img loading=\"lazy\" src=\"https:\/\/www.calendriers-artistiques.fr\/wp-content\/uploads\/calendriersmedia\/vignette.jpg\" alt=\"\" width=\"33\" height=\"85\" class=\"alignnone size-full wp-image-24\" \/><\/a><\/td>\n<\/tr>\n<tr class=\"row-465 odd\">\n\t<td class=\"column-1\">BEUVRY<\/td><td class=\"column-2\">ROUTE NATIONALE<\/td><td class=\"column-3\">LA PHARMACIE DELALANDE<\/td><td class=\"column-4\">PAS-DE-CALAIS<\/td><td class=\"column-5\">2012<\/td><td class=\"column-6\"><a href=\"https:\/\/www.calendriers-artistiques.fr\/wp-content\/uploads\/calendriersmedia\/2012 (7).jpg\"><img loading=\"lazy\" src=\"https:\/\/www.calendriers-artistiques.fr\/wp-content\/uploads\/calendriersmedia\/vignette.jpg\" alt=\"\" width=\"33\" height=\"85\" class=\"alignnone size-full wp-image-24\" \/><\/a><\/td>\n<\/tr>\n<tr class=\"row-466 even\">\n\t<td class=\"column-1\">BEYNES<\/td><td class=\"column-2\">CENTRE COMMERCIAL PETITE MAULDRE<\/td><td class=\"column-3\">LA PHARMACIE BEDEL<\/td><td class=\"column-4\">YVELINES<\/td><td class=\"column-5\">2012<\/td><td class=\"column-6\"><a href=\"https:\/\/www.calendriers-artistiques.fr\/wp-content\/uploads\/calendriersmedia\/2012 (8).jpg\"><img loading=\"lazy\" src=\"https:\/\/www.calendriers-artistiques.fr\/wp-content\/uploads\/calendriersmedia\/vignette.jpg\" alt=\"\" width=\"33\" height=\"85\" class=\"alignnone size-full wp-image-24\" \/><\/a><\/td>\n<\/tr>\n<tr class=\"row-467 odd\">\n\t<td class=\"column-1\">BRIE-COMPTE-ROBERT<\/td><td class=\"column-2\">RUE PASTEUR<\/td><td class=\"column-3\">LA PHARMACIE PASTEUR<\/td><td class=\"column-4\">SEINE-ET-MARNE<\/td><td class=\"column-5\">2012<\/td><td class=\"column-6\"><a href=\"https:\/\/www.calendriers-artistiques.fr\/wp-content\/uploads\/calendriersmedia\/2012 (9).jpg\"><img loading=\"lazy\" src=\"https:\/\/www.calendriers-artistiques.fr\/wp-content\/uploads\/calendriersmedia\/vignette.jpg\" alt=\"\" width=\"33\" height=\"85\" class=\"alignnone size-full wp-image-24\" \/><\/a><\/td>\n<\/tr>\n<tr class=\"row-468 even\">\n\t<td class=\"column-1\">CH\u00c3\u0192\u00e2\u20ac\u0161LON-EN-CHAMPAGNE<\/td><td class=\"column-2\">AVENUE DES ALLIES<\/td><td class=\"column-3\">LA PHARMACIE DES ALLIES<\/td><td class=\"column-4\">MARNE<\/td><td class=\"column-5\">2012<\/td><td class=\"column-6\"><a href=\"https:\/\/www.calendriers-artistiques.fr\/wp-content\/uploads\/calendriersmedia\/2012 (10).jpg\"><img loading=\"lazy\" src=\"https:\/\/www.calendriers-artistiques.fr\/wp-content\/uploads\/calendriersmedia\/vignette.jpg\" alt=\"\" width=\"33\" height=\"85\" class=\"alignnone size-full wp-image-24\" \/><\/a><\/td>\n<\/tr>\n<tr class=\"row-469 odd\">\n\t<td class=\"column-1\">CHAMPIGNY<\/td><td class=\"column-2\">RUE DU CH\u00c3\u0192\u00e2\u20ac\u0161TEAU<\/td><td class=\"column-3\">LA PHARMACIE VENARD-LEGRAND<\/td><td class=\"column-4\">YONNE<\/td><td class=\"column-5\">2012<\/td><td class=\"column-6\"><a href=\"https:\/\/www.calendriers-artistiques.fr\/wp-content\/uploads\/calendriersmedia\/2012 (11).jpg\"><img loading=\"lazy\" src=\"https:\/\/www.calendriers-artistiques.fr\/wp-content\/uploads\/calendriersmedia\/vignette.jpg\" alt=\"\" width=\"33\" height=\"85\" class=\"alignnone size-full wp-image-24\" \/><\/a><\/td>\n<\/tr>\n<tr class=\"row-470 even\">\n\t<td class=\"column-1\">CHARLEVILLE-MEZIERES<\/td><td class=\"column-2\">PLACE DUCALE<\/td><td class=\"column-3\">LA PHARMACIE DAUMONT<\/td><td class=\"column-4\">ARDENNES<\/td><td class=\"column-5\">2012<\/td><td class=\"column-6\"><a href=\"https:\/\/www.calendriers-artistiques.fr\/wp-content\/uploads\/calendriersmedia\/2012 (12).jpg\"><img loading=\"lazy\" src=\"https:\/\/www.calendriers-artistiques.fr\/wp-content\/uploads\/calendriersmedia\/vignette.jpg\" alt=\"\" width=\"33\" height=\"85\" class=\"alignnone size-full wp-image-24\" \/><\/a><\/td>\n<\/tr>\n<tr class=\"row-471 odd\">\n\t<td class=\"column-1\">CHARLEVILLE-MEZIERES<\/td><td class=\"column-2\">AVENUE D'ARCHES<\/td><td class=\"column-3\">LA PHARMACIE ROUSSEL<\/td><td class=\"column-4\">ARDENNES<\/td><td class=\"column-5\">2012<\/td><td class=\"column-6\"><a href=\"https:\/\/www.calendriers-artistiques.fr\/wp-content\/uploads\/calendriersmedia\/2012 (13).jpg\"><img loading=\"lazy\" src=\"https:\/\/www.calendriers-artistiques.fr\/wp-content\/uploads\/calendriersmedia\/vignette.jpg\" alt=\"\" width=\"33\" height=\"85\" class=\"alignnone size-full wp-image-24\" \/><\/a><\/td>\n<\/tr>\n<tr class=\"row-472 even\">\n\t<td class=\"column-1\">CHARTRES<\/td><td class=\"column-2\">MAIL JEAN DUNOIS<\/td><td class=\"column-3\">LA PHARMACIE DU MAIL<\/td><td class=\"column-4\">EURE-ET-LOIR<\/td><td class=\"column-5\">2012<\/td><td class=\"column-6\"><a href=\"https:\/\/www.calendriers-artistiques.fr\/wp-content\/uploads\/calendriersmedia\/2012 (14).jpg\"><img loading=\"lazy\" src=\"https:\/\/www.calendriers-artistiques.fr\/wp-content\/uploads\/calendriersmedia\/vignette.jpg\" alt=\"\" width=\"33\" height=\"85\" class=\"alignnone size-full wp-image-24\" \/><\/a><\/td>\n<\/tr>\n<tr class=\"row-473 odd\">\n\t<td class=\"column-1\">CHARTRES<\/td><td class=\"column-2\">RUE NO\u00c3\u0192\u00e2\u20ac\u00b9L BALLAY<\/td><td class=\"column-3\">LA PHARMACIE RIBEYRE<\/td><td class=\"column-4\">EURE-ET-LOIR<\/td><td class=\"column-5\">2012<\/td><td class=\"column-6\"><a href=\"https:\/\/www.calendriers-artistiques.fr\/wp-content\/uploads\/calendriersmedia\/2012 (15).jpg\"><img loading=\"lazy\" src=\"https:\/\/www.calendriers-artistiques.fr\/wp-content\/uploads\/calendriersmedia\/vignette.jpg\" alt=\"\" width=\"33\" height=\"85\" class=\"alignnone size-full wp-image-24\" \/><\/a><\/td>\n<\/tr>\n<tr class=\"row-474 even\">\n\t<td class=\"column-1\">CHEVRIERES<\/td><td class=\"column-2\">PLACE SAINT-GEORGES<\/td><td class=\"column-3\">LA PHARMACIE DUPIF<\/td><td class=\"column-4\">OISE<\/td><td class=\"column-5\">2012<\/td><td class=\"column-6\"><a href=\"https:\/\/www.calendriers-artistiques.fr\/wp-content\/uploads\/calendriersmedia\/2012 (16).jpg\"><img loading=\"lazy\" src=\"https:\/\/www.calendriers-artistiques.fr\/wp-content\/uploads\/calendriersmedia\/vignette.jpg\" alt=\"\" width=\"33\" height=\"85\" class=\"alignnone size-full wp-image-24\" \/><\/a><\/td>\n<\/tr>\n<tr class=\"row-475 odd\">\n\t<td class=\"column-1\">COMBS-LA-VILLE<\/td><td class=\"column-2\">RUE DE LA GRANDE FERME<\/td><td class=\"column-3\">LA PHARMACIE DU VIEUX PAYS<\/td><td class=\"column-4\">SEINE-ET-MARNE<\/td><td class=\"column-5\">2012<\/td><td class=\"column-6\"><a href=\"https:\/\/www.calendriers-artistiques.fr\/wp-content\/uploads\/calendriersmedia\/2012 (17).jpg\"><img loading=\"lazy\" src=\"https:\/\/www.calendriers-artistiques.fr\/wp-content\/uploads\/calendriersmedia\/vignette.jpg\" alt=\"\" width=\"33\" height=\"85\" class=\"alignnone size-full wp-image-24\" \/><\/a><\/td>\n<\/tr>\n<tr class=\"row-476 even\">\n\t<td class=\"column-1\">COUSANCES-LES-FORGES<\/td><td class=\"column-2\">RUE ANDRE LEBLAND<\/td><td class=\"column-3\">LA PHARMACIE PREVOT<\/td><td class=\"column-4\">MEUSE<\/td><td class=\"column-5\">2012<\/td><td class=\"column-6\"><a href=\"https:\/\/www.calendriers-artistiques.fr\/wp-content\/uploads\/calendriersmedia\/2012 (18).jpg\"><img loading=\"lazy\" src=\"https:\/\/www.calendriers-artistiques.fr\/wp-content\/uploads\/calendriersmedia\/vignette.jpg\" alt=\"\" width=\"33\" height=\"85\" class=\"alignnone size-full wp-image-24\" \/><\/a><\/td>\n<\/tr>\n<tr class=\"row-477 odd\">\n\t<td class=\"column-1\">COUSOLRE<\/td><td class=\"column-2\">PLACE CHARLES DE GAULLE<\/td><td class=\"column-3\">LA PHARMACIE DE LA THURE<\/td><td class=\"column-4\">NORD<\/td><td class=\"column-5\">2012<\/td><td class=\"column-6\"><a href=\"https:\/\/www.calendriers-artistiques.fr\/wp-content\/uploads\/calendriersmedia\/2012 (19).jpg\"><img loading=\"lazy\" src=\"https:\/\/www.calendriers-artistiques.fr\/wp-content\/uploads\/calendriersmedia\/vignette.jpg\" alt=\"\" width=\"33\" height=\"85\" class=\"alignnone size-full wp-image-24\" \/><\/a><\/td>\n<\/tr>\n<tr class=\"row-478 even\">\n\t<td class=\"column-1\">CRESPIERES<\/td><td class=\"column-2\">RUE DE MONCEL<\/td><td class=\"column-3\">LA PHARMACIE PIRIOU<\/td><td class=\"column-4\">YVELINES<\/td><td class=\"column-5\">2012<\/td><td class=\"column-6\"><a href=\"https:\/\/www.calendriers-artistiques.fr\/wp-content\/uploads\/calendriersmedia\/2012 (20).jpg\"><img loading=\"lazy\" src=\"https:\/\/www.calendriers-artistiques.fr\/wp-content\/uploads\/calendriersmedia\/vignette.jpg\" alt=\"\" width=\"33\" height=\"85\" class=\"alignnone size-full wp-image-24\" \/><\/a><\/td>\n<\/tr>\n<tr class=\"row-479 odd\">\n\t<td class=\"column-1\">DEVILLE<\/td><td class=\"column-2\">GRAND'RUE<\/td><td class=\"column-3\">LA PHARMACIE CHARDARD<\/td><td class=\"column-4\">ARDENNES<\/td><td class=\"column-5\">2012<\/td><td class=\"column-6\"><a href=\"https:\/\/www.calendriers-artistiques.fr\/wp-content\/uploads\/calendriersmedia\/2012 (21).jpg\"><img loading=\"lazy\" src=\"https:\/\/www.calendriers-artistiques.fr\/wp-content\/uploads\/calendriersmedia\/vignette.jpg\" alt=\"\" width=\"33\" height=\"85\" class=\"alignnone size-full wp-image-24\" \/><\/a><\/td>\n<\/tr>\n<tr class=\"row-480 even\">\n\t<td class=\"column-1\">DINARD<\/td><td class=\"column-2\">PLACE DU GENERAL DE GAULLE<\/td><td class=\"column-3\">LA PHARMACIE DU PRIEURE<\/td><td class=\"column-4\">ILLE-ET-VILAINE<\/td><td class=\"column-5\">2012<\/td><td class=\"column-6\"><a href=\"https:\/\/www.calendriers-artistiques.fr\/wp-content\/uploads\/calendriersmedia\/2012 (22).jpg\"><img loading=\"lazy\" src=\"https:\/\/www.calendriers-artistiques.fr\/wp-content\/uploads\/calendriersmedia\/vignette.jpg\" alt=\"\" width=\"33\" height=\"85\" class=\"alignnone size-full wp-image-24\" \/><\/a><\/td>\n<\/tr>\n<tr class=\"row-481 odd\">\n\t<td class=\"column-1\">ERNEE<\/td><td class=\"column-2\">PLACE THIERS<\/td><td class=\"column-3\">LA PHARMACIE THOURET<\/td><td class=\"column-4\">MAYENNE<\/td><td class=\"column-5\">2012<\/td><td class=\"column-6\"><a href=\"https:\/\/www.calendriers-artistiques.fr\/wp-content\/uploads\/calendriersmedia\/2012 (23).jpg\"><img loading=\"lazy\" src=\"https:\/\/www.calendriers-artistiques.fr\/wp-content\/uploads\/calendriersmedia\/vignette.jpg\" alt=\"\" width=\"33\" height=\"85\" class=\"alignnone size-full wp-image-24\" \/><\/a><\/td>\n<\/tr>\n<tr class=\"row-482 even\">\n\t<td class=\"column-1\">FERIN<\/td><td class=\"column-2\">RUE MONTET<\/td><td class=\"column-3\">LA PHARMACIE MARTIN<\/td><td class=\"column-4\">NORD<\/td><td class=\"column-5\">2012<\/td><td class=\"column-6\"><a href=\"https:\/\/www.calendriers-artistiques.fr\/wp-content\/uploads\/calendriersmedia\/2012 (24).jpg\"><img loading=\"lazy\" src=\"https:\/\/www.calendriers-artistiques.fr\/wp-content\/uploads\/calendriersmedia\/vignette.jpg\" alt=\"\" width=\"33\" height=\"85\" class=\"alignnone size-full wp-image-24\" \/><\/a><\/td>\n<\/tr>\n<tr class=\"row-483 odd\">\n\t<td class=\"column-1\">FONTAINEBLEAU<\/td><td class=\"column-2\">RUE GRANDE<\/td><td class=\"column-3\">LA PHARMACIE DE LA SALAMANDRE<\/td><td class=\"column-4\">SEINE-ET-MARNE<\/td><td class=\"column-5\">2012<\/td><td class=\"column-6\"><a href=\"https:\/\/www.calendriers-artistiques.fr\/wp-content\/uploads\/calendriersmedia\/2012 (25).jpg\"><img loading=\"lazy\" src=\"https:\/\/www.calendriers-artistiques.fr\/wp-content\/uploads\/calendriersmedia\/vignette.jpg\" alt=\"\" width=\"33\" height=\"85\" class=\"alignnone size-full wp-image-24\" \/><\/a><\/td>\n<\/tr>\n<tr class=\"row-484 even\">\n\t<td class=\"column-1\">FRESNES-SUR-ESCAUT<\/td><td class=\"column-2\">PLACE VAILLANT COUTURIER<\/td><td class=\"column-3\">LA PHARMACIE DE LA GRAND'PLACE<\/td><td class=\"column-4\">NORD<\/td><td class=\"column-5\">2012<\/td><td class=\"column-6\"><a href=\"https:\/\/www.calendriers-artistiques.fr\/wp-content\/uploads\/calendriersmedia\/2012 (26).jpg\"><img loading=\"lazy\" src=\"https:\/\/www.calendriers-artistiques.fr\/wp-content\/uploads\/calendriersmedia\/vignette.jpg\" alt=\"\" width=\"33\" height=\"85\" class=\"alignnone size-full wp-image-24\" \/><\/a><\/td>\n<\/tr>\n<tr class=\"row-485 odd\">\n\t<td class=\"column-1\">HIRSON<\/td><td class=\"column-2\">AVENUE FRANCOIS MITTERAND<\/td><td class=\"column-3\">LA PHARMACIE DE LA GARE<\/td><td class=\"column-4\">AISNE<\/td><td class=\"column-5\">2012<\/td><td class=\"column-6\"><a href=\"https:\/\/www.calendriers-artistiques.fr\/wp-content\/uploads\/calendriersmedia\/2012 (27).jpg\"><img loading=\"lazy\" src=\"https:\/\/www.calendriers-artistiques.fr\/wp-content\/uploads\/calendriersmedia\/vignette.jpg\" alt=\"\" width=\"33\" height=\"85\" class=\"alignnone size-full wp-image-24\" \/><\/a><\/td>\n<\/tr>\n<tr class=\"row-486 even\">\n\t<td class=\"column-1\">INSMING<\/td><td class=\"column-2\">RUE SAINTE-ANNE<\/td><td class=\"column-3\">LA PHARMACIE SCHMITT<\/td><td class=\"column-4\">MOSELLE<\/td><td class=\"column-5\">2012<\/td><td class=\"column-6\"><a href=\"https:\/\/www.calendriers-artistiques.fr\/wp-content\/uploads\/calendriersmedia\/2012 (28).jpg\"><img loading=\"lazy\" src=\"https:\/\/www.calendriers-artistiques.fr\/wp-content\/uploads\/calendriersmedia\/vignette.jpg\" alt=\"\" width=\"33\" height=\"85\" class=\"alignnone size-full wp-image-24\" \/><\/a><\/td>\n<\/tr>\n<tr class=\"row-487 odd\">\n\t<td class=\"column-1\">JEUMONT<\/td><td class=\"column-2\">BOULEVARD HENRI DUNANT<\/td><td class=\"column-3\">LA PHARMACIE DE LA TOUR<\/td><td class=\"column-4\">NORD<\/td><td class=\"column-5\">2012<\/td><td class=\"column-6\"><a href=\"https:\/\/www.calendriers-artistiques.fr\/wp-content\/uploads\/calendriersmedia\/2012 (29).jpg\"><img loading=\"lazy\" src=\"https:\/\/www.calendriers-artistiques.fr\/wp-content\/uploads\/calendriersmedia\/vignette.jpg\" alt=\"\" width=\"33\" height=\"85\" class=\"alignnone size-full wp-image-24\" \/><\/a><\/td>\n<\/tr>\n<tr class=\"row-488 even\">\n\t<td class=\"column-1\">JOUY-LE-MOUTIER<\/td><td class=\"column-2\">BOULEVARD DE L'OISE<\/td><td class=\"column-3\">LA PHARMACIE DES MERISIERS<\/td><td class=\"column-4\">VAL-D'OISE<\/td><td class=\"column-5\">2012<\/td><td class=\"column-6\"><a href=\"https:\/\/www.calendriers-artistiques.fr\/wp-content\/uploads\/calendriersmedia\/2012 (30).jpg\"><img loading=\"lazy\" src=\"https:\/\/www.calendriers-artistiques.fr\/wp-content\/uploads\/calendriersmedia\/vignette.jpg\" alt=\"\" width=\"33\" height=\"85\" class=\"alignnone size-full wp-image-24\" \/><\/a><\/td>\n<\/tr>\n<tr class=\"row-489 odd\">\n\t<td class=\"column-1\">LA FERTE-MACE<\/td><td class=\"column-2\">PLACE DU GENERAL LECLERC<\/td><td class=\"column-3\">LA PHARMACIE CENTRALE FERTOISE<\/td><td class=\"column-4\">ORNE<\/td><td class=\"column-5\">2012<\/td><td class=\"column-6\"><a href=\"https:\/\/www.calendriers-artistiques.fr\/wp-content\/uploads\/calendriersmedia\/2012 (31).jpg\"><img loading=\"lazy\" src=\"https:\/\/www.calendriers-artistiques.fr\/wp-content\/uploads\/calendriersmedia\/vignette.jpg\" alt=\"\" width=\"33\" height=\"85\" class=\"alignnone size-full wp-image-24\" \/><\/a><\/td>\n<\/tr>\n<tr class=\"row-490 even\">\n\t<td class=\"column-1\">LE TREPORT<\/td><td class=\"column-2\">QUAI FRANCOIS PREMIER<\/td><td class=\"column-3\">LA PHARMACIE CHEVALIER<\/td><td class=\"column-4\">SEINE-MARITIME<\/td><td class=\"column-5\">2012<\/td><td class=\"column-6\"><a href=\"https:\/\/www.calendriers-artistiques.fr\/wp-content\/uploads\/calendriersmedia\/2012 (32).jpg\"><img loading=\"lazy\" src=\"https:\/\/www.calendriers-artistiques.fr\/wp-content\/uploads\/calendriersmedia\/vignette.jpg\" alt=\"\" width=\"33\" height=\"85\" class=\"alignnone size-full wp-image-24\" \/><\/a><\/td>\n<\/tr>\n<tr class=\"row-491 odd\">\n\t<td class=\"column-1\">LIGNY-EN-BARROIS<\/td><td class=\"column-2\">RUE DU GENERAL DE GAULLE<\/td><td class=\"column-3\">LA PHARMACIE DU PARC<\/td><td class=\"column-4\">MEUSE<\/td><td class=\"column-5\">2012<\/td><td class=\"column-6\"><a href=\"https:\/\/www.calendriers-artistiques.fr\/wp-content\/uploads\/calendriersmedia\/2012 (33).jpg\"><img loading=\"lazy\" src=\"https:\/\/www.calendriers-artistiques.fr\/wp-content\/uploads\/calendriersmedia\/vignette.jpg\" alt=\"\" width=\"33\" height=\"85\" class=\"alignnone size-full wp-image-24\" \/><\/a><\/td>\n<\/tr>\n<tr class=\"row-492 even\">\n\t<td class=\"column-1\">LOISY-SUR-MARNE<\/td><td class=\"column-2\">RUE DE CHOISET<\/td><td class=\"column-3\">LA PHARMACIE DE CHOISY<\/td><td class=\"column-4\">MARNE<\/td><td class=\"column-5\">2012<\/td><td class=\"column-6\"><a href=\"https:\/\/www.calendriers-artistiques.fr\/wp-content\/uploads\/calendriersmedia\/2012 (34).jpg\"><img loading=\"lazy\" src=\"https:\/\/www.calendriers-artistiques.fr\/wp-content\/uploads\/calendriersmedia\/vignette.jpg\" alt=\"\" width=\"33\" height=\"85\" class=\"alignnone size-full wp-image-24\" \/><\/a><\/td>\n<\/tr>\n<tr class=\"row-493 odd\">\n\t<td class=\"column-1\">MASNY<\/td><td class=\"column-2\">RUE GABRIEL PERI<\/td><td class=\"column-3\">LA PHARMACIE RICHART<\/td><td class=\"column-4\">NORD<\/td><td class=\"column-5\">2012<\/td><td class=\"column-6\"><a href=\"https:\/\/www.calendriers-artistiques.fr\/wp-content\/uploads\/calendriersmedia\/2012 (35).jpg\"><img loading=\"lazy\" src=\"https:\/\/www.calendriers-artistiques.fr\/wp-content\/uploads\/calendriersmedia\/vignette.jpg\" alt=\"\" width=\"33\" height=\"85\" class=\"alignnone size-full wp-image-24\" \/><\/a><\/td>\n<\/tr>\n<tr class=\"row-494 even\">\n\t<td class=\"column-1\">MEAUX<\/td><td class=\"column-2\">RUE DU GRAND CERF<\/td><td class=\"column-3\">LA PHARMACIE DU GRAND CERF<\/td><td class=\"column-4\">SEINE-ET-MARNE<\/td><td class=\"column-5\">2012<\/td><td class=\"column-6\"><a href=\"https:\/\/www.calendriers-artistiques.fr\/wp-content\/uploads\/calendriersmedia\/2012 (36).jpg\"><img loading=\"lazy\" src=\"https:\/\/www.calendriers-artistiques.fr\/wp-content\/uploads\/calendriersmedia\/vignette.jpg\" alt=\"\" width=\"33\" height=\"85\" class=\"alignnone size-full wp-image-24\" \/><\/a><\/td>\n<\/tr>\n<tr class=\"row-495 odd\">\n\t<td class=\"column-1\">MERLIMONT<\/td><td class=\"column-2\">RUE AUGUSTE BIBLOCQ<\/td><td class=\"column-3\">LA PHARMACIE DE MERLIMONT<\/td><td class=\"column-4\">PAS-DE-CALAIS<\/td><td class=\"column-5\">2012<\/td><td class=\"column-6\"><a href=\"https:\/\/www.calendriers-artistiques.fr\/wp-content\/uploads\/calendriersmedia\/2012 (37).jpg\"><img loading=\"lazy\" src=\"https:\/\/www.calendriers-artistiques.fr\/wp-content\/uploads\/calendriersmedia\/vignette.jpg\" alt=\"\" width=\"33\" height=\"85\" class=\"alignnone size-full wp-image-24\" \/><\/a><\/td>\n<\/tr>\n<tr class=\"row-496 even\">\n\t<td class=\"column-1\">MERU<\/td><td class=\"column-2\">RUE CHARLES BOUDEVILLE<\/td><td class=\"column-3\">LA PHARMACIE LEULLIER<\/td><td class=\"column-4\">OISE<\/td><td class=\"column-5\">2012<\/td><td class=\"column-6\"><a href=\"https:\/\/www.calendriers-artistiques.fr\/wp-content\/uploads\/calendriersmedia\/2012 (38).jpg\"><img loading=\"lazy\" src=\"https:\/\/www.calendriers-artistiques.fr\/wp-content\/uploads\/calendriersmedia\/vignette.jpg\" alt=\"\" width=\"33\" height=\"85\" class=\"alignnone size-full wp-image-24\" \/><\/a><\/td>\n<\/tr>\n<tr class=\"row-497 odd\">\n\t<td class=\"column-1\">MOISSY-CRAMAYEL<\/td><td class=\"column-2\">PLACE DU 14 JUILLET<\/td><td class=\"column-3\">LA PHARMACIE DES ARCADES<\/td><td class=\"column-4\">SEINE-ET-MARNE<\/td><td class=\"column-5\">2012<\/td><td class=\"column-6\"><a href=\"https:\/\/www.calendriers-artistiques.fr\/wp-content\/uploads\/calendriersmedia\/2012 (39).jpg\"><img loading=\"lazy\" src=\"https:\/\/www.calendriers-artistiques.fr\/wp-content\/uploads\/calendriersmedia\/vignette.jpg\" alt=\"\" width=\"33\" height=\"85\" class=\"alignnone size-full wp-image-24\" \/><\/a><\/td>\n<\/tr>\n<tr class=\"row-498 even\">\n\t<td class=\"column-1\">MORTREE<\/td><td class=\"column-2\">GRANDE RUE<\/td><td class=\"column-3\">LA PHARMACIE DU PAYS D'\u00c3\u0192\u00e2\u20ac\u009d<\/td><td class=\"column-4\">ORNE<\/td><td class=\"column-5\">2012<\/td><td class=\"column-6\"><a href=\"https:\/\/www.calendriers-artistiques.fr\/wp-content\/uploads\/calendriersmedia\/2012 (40).jpg\"><img loading=\"lazy\" src=\"https:\/\/www.calendriers-artistiques.fr\/wp-content\/uploads\/calendriersmedia\/vignette.jpg\" alt=\"\" width=\"33\" height=\"85\" class=\"alignnone size-full wp-image-24\" \/><\/a><\/td>\n<\/tr>\n<tr class=\"row-499 odd\">\n\t<td class=\"column-1\">NIDERVILLER<\/td><td class=\"column-2\">RUE DE LA FA\u00c3\u0192\u00c2\u008fENCERIE<\/td><td class=\"column-3\">LA PHARMACIE DE LA FA\u00c3\u0192\u00c2\u008fENCERIE<\/td><td class=\"column-4\">MOSELLE<\/td><td class=\"column-5\">2012<\/td><td class=\"column-6\"><a href=\"https:\/\/www.calendriers-artistiques.fr\/wp-content\/uploads\/calendriersmedia\/2012 (41).jpg\"><img loading=\"lazy\" src=\"https:\/\/www.calendriers-artistiques.fr\/wp-content\/uploads\/calendriersmedia\/vignette.jpg\" alt=\"\" width=\"33\" height=\"85\" class=\"alignnone size-full wp-image-24\" \/><\/a><\/td>\n<\/tr>\n<tr class=\"row-500 even\">\n\t<td class=\"column-1\">NOUZONVILLE<\/td><td class=\"column-2\">RUE CHANZY<\/td><td class=\"column-3\">LA PHARMACIE SOGNE<\/td><td class=\"column-4\">ARDENNES<\/td><td class=\"column-5\">2012<\/td><td class=\"column-6\"><a href=\"https:\/\/www.calendriers-artistiques.fr\/wp-content\/uploads\/calendriersmedia\/2012 (42).jpg\"><img loading=\"lazy\" src=\"https:\/\/www.calendriers-artistiques.fr\/wp-content\/uploads\/calendriersmedia\/vignette.jpg\" alt=\"\" width=\"33\" height=\"85\" class=\"alignnone size-full wp-image-24\" \/><\/a><\/td>\n<\/tr>\n<tr class=\"row-501 odd\">\n\t<td class=\"column-1\">OISEMONT<\/td><td class=\"column-2\">CENTRE COMMERCIAL<\/td><td class=\"column-3\">LA PHARMACIE DU VIMEU VERT<\/td><td class=\"column-4\">SOMME<\/td><td class=\"column-5\">2012<\/td><td class=\"column-6\"><a href=\"https:\/\/www.calendriers-artistiques.fr\/wp-content\/uploads\/calendriersmedia\/2012 (43).jpg\"><img loading=\"lazy\" src=\"https:\/\/www.calendriers-artistiques.fr\/wp-content\/uploads\/calendriersmedia\/vignette.jpg\" alt=\"\" width=\"33\" height=\"85\" class=\"alignnone size-full wp-image-24\" \/><\/a><\/td>\n<\/tr>\n<tr class=\"row-502 even\">\n\t<td class=\"column-1\">ORCHIES<\/td><td class=\"column-2\">PLACE DU GENERAL DE GAULLE<\/td><td class=\"column-3\">LA PHARMACIE DE L'H\u00c3\u0192\u00e2\u20ac\u009dTEL DE VILLE<\/td><td class=\"column-4\">NORD<\/td><td class=\"column-5\">2012<\/td><td class=\"column-6\"><a href=\"https:\/\/www.calendriers-artistiques.fr\/wp-content\/uploads\/calendriersmedia\/2012 (44).jpg\"><img loading=\"lazy\" src=\"https:\/\/www.calendriers-artistiques.fr\/wp-content\/uploads\/calendriersmedia\/vignette.jpg\" alt=\"\" width=\"33\" height=\"85\" class=\"alignnone size-full wp-image-24\" \/><\/a><\/td>\n<\/tr>\n<tr class=\"row-503 odd\">\n\t<td class=\"column-1\">PONTAULT-COMBAULT<\/td><td class=\"column-2\">RUE DES BERCHERES<\/td><td class=\"column-3\">LA PHARMACIE DES BERCHERES<\/td><td class=\"column-4\">SEINE-ET-MARNE<\/td><td class=\"column-5\">2012<\/td><td class=\"column-6\"><a href=\"https:\/\/www.calendriers-artistiques.fr\/wp-content\/uploads\/calendriersmedia\/2012 (45).jpg\"><img loading=\"lazy\" src=\"https:\/\/www.calendriers-artistiques.fr\/wp-content\/uploads\/calendriersmedia\/vignette.jpg\" alt=\"\" width=\"33\" height=\"85\" class=\"alignnone size-full wp-image-24\" \/><\/a><\/td>\n<\/tr>\n<tr class=\"row-504 even\">\n\t<td class=\"column-1\">PONTORSON<\/td><td class=\"column-2\">PLACE DE L'HOTEL DE VILLE<\/td><td class=\"column-3\">LA PHARMACIE PONT D'ORSON<\/td><td class=\"column-4\">MANCHE<\/td><td class=\"column-5\">2012<\/td><td class=\"column-6\"><a href=\"https:\/\/www.calendriers-artistiques.fr\/wp-content\/uploads\/calendriersmedia\/2012 (46).jpg\"><img loading=\"lazy\" src=\"https:\/\/www.calendriers-artistiques.fr\/wp-content\/uploads\/calendriersmedia\/vignette.jpg\" alt=\"\" width=\"33\" height=\"85\" class=\"alignnone size-full wp-image-24\" \/><\/a><\/td>\n<\/tr>\n<tr class=\"row-505 odd\">\n\t<td class=\"column-1\">PONT-SAINTE-MAXENCE<\/td><td class=\"column-2\">RUE CHARLES LESCOT<\/td><td class=\"column-3\">LA PHARMACIE DE LA MAIRIE<\/td><td class=\"column-4\">OISE<\/td><td class=\"column-5\">2012<\/td><td class=\"column-6\"><a href=\"https:\/\/www.calendriers-artistiques.fr\/wp-content\/uploads\/calendriersmedia\/2012 (47).jpg\"><img loading=\"lazy\" src=\"https:\/\/www.calendriers-artistiques.fr\/wp-content\/uploads\/calendriersmedia\/vignette.jpg\" alt=\"\" width=\"33\" height=\"85\" class=\"alignnone size-full wp-image-24\" \/><\/a><\/td>\n<\/tr>\n<tr class=\"row-506 even\">\n\t<td class=\"column-1\">PONT-SUR-YONNE<\/td><td class=\"column-2\">RUE DE L'EGLISE<\/td><td class=\"column-3\">LA PHARMACIE FILAINE<\/td><td class=\"column-4\">YONNE<\/td><td class=\"column-5\">2012<\/td><td class=\"column-6\"><a href=\"https:\/\/www.calendriers-artistiques.fr\/wp-content\/uploads\/calendriersmedia\/2012 (48).jpg\"><img loading=\"lazy\" src=\"https:\/\/www.calendriers-artistiques.fr\/wp-content\/uploads\/calendriersmedia\/vignette.jpg\" alt=\"\" width=\"33\" height=\"85\" class=\"alignnone size-full wp-image-24\" \/><\/a><\/td>\n<\/tr>\n<tr class=\"row-507 odd\">\n\t<td class=\"column-1\">PRUNAY-LE-GILLON<\/td><td class=\"column-2\">RUE DE LA MAIRIE<\/td><td class=\"column-3\">LA PHARMACIE DE BEAUCE<\/td><td class=\"column-4\">EURE-ET-LOIR<\/td><td class=\"column-5\">2012<\/td><td class=\"column-6\"><a href=\"https:\/\/www.calendriers-artistiques.fr\/wp-content\/uploads\/calendriersmedia\/2012 (49).jpg\"><img loading=\"lazy\" src=\"https:\/\/www.calendriers-artistiques.fr\/wp-content\/uploads\/calendriersmedia\/vignette.jpg\" alt=\"\" width=\"33\" height=\"85\" class=\"alignnone size-full wp-image-24\" \/><\/a><\/td>\n<\/tr>\n<tr class=\"row-508 even\">\n\t<td class=\"column-1\">QUINCY-VIOSINS<\/td><td class=\"column-2\">PLACE RENE BENOIST<\/td><td class=\"column-3\">LA PHARMACIE MATELIN<\/td><td class=\"column-4\">SEINE-ET-MARNE<\/td><td class=\"column-5\">2012<\/td><td class=\"column-6\"><a href=\"https:\/\/www.calendriers-artistiques.fr\/wp-content\/uploads\/calendriersmedia\/2012 (50).jpg\"><img loading=\"lazy\" src=\"https:\/\/www.calendriers-artistiques.fr\/wp-content\/uploads\/calendriersmedia\/vignette.jpg\" alt=\"\" width=\"33\" height=\"85\" class=\"alignnone size-full wp-image-24\" \/><\/a><\/td>\n<\/tr>\n<tr class=\"row-509 odd\">\n\t<td class=\"column-1\">RANTIGNY<\/td><td class=\"column-2\">RELAIS DE LA POSTE<\/td><td class=\"column-3\">LA PHARMACIE PARMENTIER<\/td><td class=\"column-4\">OISE<\/td><td class=\"column-5\">2012<\/td><td class=\"column-6\"><a href=\"https:\/\/www.calendriers-artistiques.fr\/wp-content\/uploads\/calendriersmedia\/2012 (51).jpg\"><img loading=\"lazy\" src=\"https:\/\/www.calendriers-artistiques.fr\/wp-content\/uploads\/calendriersmedia\/vignette.jpg\" alt=\"\" width=\"33\" height=\"85\" class=\"alignnone size-full wp-image-24\" \/><\/a><\/td>\n<\/tr>\n<tr class=\"row-510 even\">\n\t<td class=\"column-1\">REMILLY<\/td><td class=\"column-2\">PLACE SAINT-MARTIN<\/td><td class=\"column-3\">LA PHARMACIE LAURENT<\/td><td class=\"column-4\">MOSELLE<\/td><td class=\"column-5\">2012<\/td><td class=\"column-6\"><a href=\"https:\/\/www.calendriers-artistiques.fr\/wp-content\/uploads\/calendriersmedia\/2012 (52).jpg\"><img loading=\"lazy\" src=\"https:\/\/www.calendriers-artistiques.fr\/wp-content\/uploads\/calendriersmedia\/vignette.jpg\" alt=\"\" width=\"33\" height=\"85\" class=\"alignnone size-full wp-image-24\" \/><\/a><\/td>\n<\/tr>\n<tr class=\"row-511 odd\">\n\t<td class=\"column-1\">RETHEL<\/td><td class=\"column-2\">AVENUE GAMBETTA<\/td><td class=\"column-3\">LA PHARMACIE LEFEVRE<\/td><td class=\"column-4\">ARDENNES<\/td><td class=\"column-5\">2012<\/td><td class=\"column-6\"><a href=\"https:\/\/www.calendriers-artistiques.fr\/wp-content\/uploads\/calendriersmedia\/2012 (53).jpg\"><img loading=\"lazy\" src=\"https:\/\/www.calendriers-artistiques.fr\/wp-content\/uploads\/calendriersmedia\/vignette.jpg\" alt=\"\" width=\"33\" height=\"85\" class=\"alignnone size-full wp-image-24\" \/><\/a><\/td>\n<\/tr>\n<tr class=\"row-512 even\">\n\t<td class=\"column-1\">REVIN<\/td><td class=\"column-2\">RUE VICTOR HUGO<\/td><td class=\"column-3\">LA PHARMACIE DE LA HALLE<\/td><td class=\"column-4\">ARDENNES<\/td><td class=\"column-5\">2012<\/td><td class=\"column-6\"><a href=\"https:\/\/www.calendriers-artistiques.fr\/wp-content\/uploads\/calendriersmedia\/2012 (54).jpg\"><img loading=\"lazy\" src=\"https:\/\/www.calendriers-artistiques.fr\/wp-content\/uploads\/calendriersmedia\/vignette.jpg\" alt=\"\" width=\"33\" height=\"85\" class=\"alignnone size-full wp-image-24\" \/><\/a><\/td>\n<\/tr>\n<tr class=\"row-513 odd\">\n\t<td class=\"column-1\">ROSENDA\u00c3\u0192\u00e2\u20ac\u00b9L<\/td><td class=\"column-2\">RUE PAUL MACHY<\/td><td class=\"column-3\">LA PHARMACIE DE LA MAIRIE<\/td><td class=\"column-4\">NORD<\/td><td class=\"column-5\">2012<\/td><td class=\"column-6\"><a href=\"https:\/\/www.calendriers-artistiques.fr\/wp-content\/uploads\/calendriersmedia\/2012 (55).jpg\"><img loading=\"lazy\" src=\"https:\/\/www.calendriers-artistiques.fr\/wp-content\/uploads\/calendriersmedia\/vignette.jpg\" alt=\"\" width=\"33\" height=\"85\" class=\"alignnone size-full wp-image-24\" \/><\/a><\/td>\n<\/tr>\n<tr class=\"row-514 even\">\n\t<td class=\"column-1\">SAINS-DU-NORD<\/td><td class=\"column-2\">RUE JEAN JAURES<\/td><td class=\"column-3\">LA PHARMACIE GALERNEAU<\/td><td class=\"column-4\">NORD<\/td><td class=\"column-5\">2012<\/td><td class=\"column-6\"><a href=\"https:\/\/www.calendriers-artistiques.fr\/wp-content\/uploads\/calendriersmedia\/2012 (56).jpg\"><img loading=\"lazy\" src=\"https:\/\/www.calendriers-artistiques.fr\/wp-content\/uploads\/calendriersmedia\/vignette.jpg\" alt=\"\" width=\"33\" height=\"85\" class=\"alignnone size-full wp-image-24\" \/><\/a><\/td>\n<\/tr>\n<tr class=\"row-515 odd\">\n\t<td class=\"column-1\">SAINT-CLEMENT<\/td><td class=\"column-2\">AVENUE DE LA DIVISION LECLERC<\/td><td class=\"column-3\">LA PHARMACIE DE SAINT CLEMENT<\/td><td class=\"column-4\">MEURTHE-ET-MOSELLE<\/td><td class=\"column-5\">2012<\/td><td class=\"column-6\"><a href=\"https:\/\/www.calendriers-artistiques.fr\/wp-content\/uploads\/calendriersmedia\/2012 (57).jpg\"><img loading=\"lazy\" src=\"https:\/\/www.calendriers-artistiques.fr\/wp-content\/uploads\/calendriersmedia\/vignette.jpg\" alt=\"\" width=\"33\" height=\"85\" class=\"alignnone size-full wp-image-24\" \/><\/a><\/td>\n<\/tr>\n<tr class=\"row-516 even\">\n\t<td class=\"column-1\">SAINT-DIZIER<\/td><td class=\"column-2\">AVENUE DE LA REPUBLIQUE<\/td><td class=\"column-3\">LA PHARMACIE DE LA NOUE<\/td><td class=\"column-4\">HAUTE-MARNE<\/td><td class=\"column-5\">2012<\/td><td class=\"column-6\"><a href=\"https:\/\/www.calendriers-artistiques.fr\/wp-content\/uploads\/calendriersmedia\/2012 (58).jpg\"><img loading=\"lazy\" src=\"https:\/\/www.calendriers-artistiques.fr\/wp-content\/uploads\/calendriersmedia\/vignette.jpg\" alt=\"\" width=\"33\" height=\"85\" class=\"alignnone size-full wp-image-24\" \/><\/a><\/td>\n<\/tr>\n<tr class=\"row-517 odd\">\n\t<td class=\"column-1\">SAINT-LUNAIRE<\/td><td class=\"column-2\">RUE DE L'ANCIEN MARCHE<\/td><td class=\"column-3\">LA PHARMACIE DE SAINT-LUNAIRE<\/td><td class=\"column-4\">ILLE-ET-VILAINE<\/td><td class=\"column-5\">2012<\/td><td class=\"column-6\"><a href=\"https:\/\/www.calendriers-artistiques.fr\/wp-content\/uploads\/calendriersmedia\/2012 (59).jpg\"><img loading=\"lazy\" src=\"https:\/\/www.calendriers-artistiques.fr\/wp-content\/uploads\/calendriersmedia\/vignette.jpg\" alt=\"\" width=\"33\" height=\"85\" class=\"alignnone size-full wp-image-24\" \/><\/a><\/td>\n<\/tr>\n<tr class=\"row-518 even\">\n\t<td class=\"column-1\">SAINT-MALO<\/td><td class=\"column-2\">RUE SAINT-VINCENT<\/td><td class=\"column-3\">LA PHARMACIE LECOCQ-DELAHAYE<\/td><td class=\"column-4\">ILLE-ET-VILAINE<\/td><td class=\"column-5\">2012<\/td><td class=\"column-6\"><a href=\"https:\/\/www.calendriers-artistiques.fr\/wp-content\/uploads\/calendriersmedia\/2012 (60).jpg\"><img loading=\"lazy\" src=\"https:\/\/www.calendriers-artistiques.fr\/wp-content\/uploads\/calendriersmedia\/vignette.jpg\" alt=\"\" width=\"33\" height=\"85\" class=\"alignnone size-full wp-image-24\" \/><\/a><\/td>\n<\/tr>\n<tr class=\"row-519 odd\">\n\t<td class=\"column-1\">SAINT-MELOIR-DES-ONDES<\/td><td class=\"column-2\">RUE DE LA BAIE<\/td><td class=\"column-3\">LA PHARMACIE DES ONDES<\/td><td class=\"column-4\">ILLE-ET-VILAINE<\/td><td class=\"column-5\">2012<\/td><td class=\"column-6\"><a href=\"https:\/\/www.calendriers-artistiques.fr\/wp-content\/uploads\/calendriersmedia\/2012 (61).jpg\"><img loading=\"lazy\" src=\"https:\/\/www.calendriers-artistiques.fr\/wp-content\/uploads\/calendriersmedia\/vignette.jpg\" alt=\"\" width=\"33\" height=\"85\" class=\"alignnone size-full wp-image-24\" \/><\/a><\/td>\n<\/tr>\n<tr class=\"row-520 even\">\n\t<td class=\"column-1\">SAINT-OUEN-L'AUM\u00c3\u0192\u00e2\u20ac\u009dNE<\/td><td class=\"column-2\">RUE DE PARIS<\/td><td class=\"column-3\">LA PHARMACIE DU PARC<\/td><td class=\"column-4\">VAL-D'OISE<\/td><td class=\"column-5\">2012<\/td><td class=\"column-6\"><a href=\"https:\/\/www.calendriers-artistiques.fr\/wp-content\/uploads\/calendriersmedia\/2012 (62).jpg\"><img loading=\"lazy\" src=\"https:\/\/www.calendriers-artistiques.fr\/wp-content\/uploads\/calendriersmedia\/vignette.jpg\" alt=\"\" width=\"33\" height=\"85\" class=\"alignnone size-full wp-image-24\" \/><\/a><\/td>\n<\/tr>\n<tr class=\"row-521 odd\">\n\t<td class=\"column-1\">SAINT-PIERRE DU PERRAY<\/td><td class=\"column-2\">RUE DU COMMERCE<\/td><td class=\"column-3\">LA PHARMACIE ALIQUOT-VIALAT<\/td><td class=\"column-4\">ESSONNE<\/td><td class=\"column-5\">2012<\/td><td class=\"column-6\"><a href=\"https:\/\/www.calendriers-artistiques.fr\/wp-content\/uploads\/calendriersmedia\/2012 (63).jpg\"><img loading=\"lazy\" src=\"https:\/\/www.calendriers-artistiques.fr\/wp-content\/uploads\/calendriersmedia\/vignette.jpg\" alt=\"\" width=\"33\" height=\"85\" class=\"alignnone size-full wp-image-24\" \/><\/a><\/td>\n<\/tr>\n<tr class=\"row-522 even\">\n\t<td class=\"column-1\">SAINT-RIQUIER<\/td><td class=\"column-2\">PLACE DE L'EGLISE<\/td><td class=\"column-3\">LA PHARMACIE VERMES<\/td><td class=\"column-4\">SOMME<\/td><td class=\"column-5\">2012<\/td><td class=\"column-6\"><a href=\"https:\/\/www.calendriers-artistiques.fr\/wp-content\/uploads\/calendriersmedia\/2012 (64).jpg\"><img loading=\"lazy\" src=\"https:\/\/www.calendriers-artistiques.fr\/wp-content\/uploads\/calendriersmedia\/vignette.jpg\" alt=\"\" width=\"33\" height=\"85\" class=\"alignnone size-full wp-image-24\" \/><\/a><\/td>\n<\/tr>\n<tr class=\"row-523 odd\">\n\t<td class=\"column-1\">SEES<\/td><td class=\"column-2\">RUE DE LA REPUBLIQUE<\/td><td class=\"column-3\">LA PHARMACIE DE LA REPUBLIQUE<\/td><td class=\"column-4\">ORNE<\/td><td class=\"column-5\">2012<\/td><td class=\"column-6\"><a href=\"https:\/\/www.calendriers-artistiques.fr\/wp-content\/uploads\/calendriersmedia\/2012 (65).jpg\"><img loading=\"lazy\" src=\"https:\/\/www.calendriers-artistiques.fr\/wp-content\/uploads\/calendriersmedia\/vignette.jpg\" alt=\"\" width=\"33\" height=\"85\" class=\"alignnone size-full wp-image-24\" \/><\/a><\/td>\n<\/tr>\n<tr class=\"row-524 even\">\n\t<td class=\"column-1\">SEPTEUIL<\/td><td class=\"column-2\">RUE GEORGES DUHAMEL<\/td><td class=\"column-3\">LA PHARMACIE LEONARD<\/td><td class=\"column-4\">YVELINES<\/td><td class=\"column-5\">2012<\/td><td class=\"column-6\"><a href=\"https:\/\/www.calendriers-artistiques.fr\/wp-content\/uploads\/calendriersmedia\/2012 (66).jpg\"><img loading=\"lazy\" src=\"https:\/\/www.calendriers-artistiques.fr\/wp-content\/uploads\/calendriersmedia\/vignette.jpg\" alt=\"\" width=\"33\" height=\"85\" class=\"alignnone size-full wp-image-24\" \/><\/a><\/td>\n<\/tr>\n<tr class=\"row-525 odd\">\n\t<td class=\"column-1\">SIGNY-LE-PETIT<\/td><td class=\"column-2\">PLACE DE L'EGLISE<\/td><td class=\"column-3\">LA PHARMACIE SAINT-NICOLAS<\/td><td class=\"column-4\">ARDENNES<\/td><td class=\"column-5\">2012<\/td><td class=\"column-6\"><a href=\"https:\/\/www.calendriers-artistiques.fr\/wp-content\/uploads\/calendriersmedia\/2012 (67).jpg\"><img loading=\"lazy\" src=\"https:\/\/www.calendriers-artistiques.fr\/wp-content\/uploads\/calendriersmedia\/vignette.jpg\" alt=\"\" width=\"33\" height=\"85\" class=\"alignnone size-full wp-image-24\" \/><\/a><\/td>\n<\/tr>\n<tr class=\"row-526 even\">\n\t<td class=\"column-1\">THIONVILLE<\/td><td class=\"column-2\">AVENUE ALBERT 1er<\/td><td class=\"column-3\">LA PARMACIE DU PARC<\/td><td class=\"column-4\">MOSELLE<\/td><td class=\"column-5\">2012<\/td><td class=\"column-6\"><a href=\"https:\/\/www.calendriers-artistiques.fr\/wp-content\/uploads\/calendriersmedia\/2012 (68).jpg\"><img loading=\"lazy\" src=\"https:\/\/www.calendriers-artistiques.fr\/wp-content\/uploads\/calendriersmedia\/vignette.jpg\" alt=\"\" width=\"33\" height=\"85\" class=\"alignnone size-full wp-image-24\" \/><\/a><\/td>\n<\/tr>\n<tr class=\"row-527 odd\">\n\t<td class=\"column-1\">TOURCOING<\/td><td class=\"column-2\">BOULEVARD GAMBETTA<\/td><td class=\"column-3\">L'AGENCE DEBAISIEUX IMMOBILIER<\/td><td class=\"column-4\">NORD<\/td><td class=\"column-5\">2012<\/td><td class=\"column-6\"><a href=\"https:\/\/www.calendriers-artistiques.fr\/wp-content\/uploads\/calendriersmedia\/2012 (69).jpg\"><img loading=\"lazy\" src=\"https:\/\/www.calendriers-artistiques.fr\/wp-content\/uploads\/calendriersmedia\/vignette.jpg\" alt=\"\" width=\"33\" height=\"85\" class=\"alignnone size-full wp-image-24\" \/><\/a><\/td>\n<\/tr>\n<tr class=\"row-528 even\">\n\t<td class=\"column-1\">VENDIN-LE-VIEIL<\/td><td class=\"column-2\">RUE CASIMIR BEUGNET<\/td><td class=\"column-3\">LA PHARMACIE BELIART<\/td><td class=\"column-4\">PAS-DE-CALAIS<\/td><td class=\"column-5\">2012<\/td><td class=\"column-6\"><a href=\"https:\/\/www.calendriers-artistiques.fr\/wp-content\/uploads\/calendriersmedia\/2012 (70).jpg\"><img loading=\"lazy\" src=\"https:\/\/www.calendriers-artistiques.fr\/wp-content\/uploads\/calendriersmedia\/vignette.jpg\" alt=\"\" width=\"33\" height=\"85\" class=\"alignnone size-full wp-image-24\" \/><\/a><\/td>\n<\/tr>\n<tr class=\"row-529 odd\">\n\t<td class=\"column-1\">VIEUX-CONDE<\/td><td class=\"column-2\">RUE CASTIAU<\/td><td class=\"column-3\">LA PHARMACIE DEHAUT et VANHEEMS<\/td><td class=\"column-4\">NORD<\/td><td class=\"column-5\">2012<\/td><td class=\"column-6\"><a href=\"https:\/\/www.calendriers-artistiques.fr\/wp-content\/uploads\/calendriersmedia\/2012 (71).jpg\"><img loading=\"lazy\" src=\"https:\/\/www.calendriers-artistiques.fr\/wp-content\/uploads\/calendriersmedia\/vignette.jpg\" alt=\"\" width=\"33\" height=\"85\" class=\"alignnone size-full wp-image-24\" \/><\/a><\/td>\n<\/tr>\n<tr class=\"row-530 even\">\n\t<td class=\"column-1\">VILLENNES-SUR-SEINE<\/td><td class=\"column-2\">RUE DU MARECHAL LECLERC<\/td><td class=\"column-3\">LA PHARMACIE DE LA FONTAINE<\/td><td class=\"column-4\">YVELINES<\/td><td class=\"column-5\">2012<\/td><td class=\"column-6\"><a href=\"https:\/\/www.calendriers-artistiques.fr\/wp-content\/uploads\/calendriersmedia\/2012 (72).jpg\"><img loading=\"lazy\" src=\"https:\/\/www.calendriers-artistiques.fr\/wp-content\/uploads\/calendriersmedia\/vignette.jpg\" alt=\"\" width=\"33\" height=\"85\" class=\"alignnone size-full wp-image-24\" \/><\/a><\/td>\n<\/tr>\n<tr class=\"row-531 odd\">\n\t<td class=\"column-1\">VILLIERS-EN-LIEU<\/td><td class=\"column-2\">GRANDE RUE<\/td><td class=\"column-3\">LA PHARMACIE DE VILLIERS-EN-LIEU<\/td><td class=\"column-4\">HAUTE-MARNE<\/td><td class=\"column-5\">2012<\/td><td class=\"column-6\"><a href=\"https:\/\/www.calendriers-artistiques.fr\/wp-content\/uploads\/calendriersmedia\/2012 (73).jpg\"><img loading=\"lazy\" src=\"https:\/\/www.calendriers-artistiques.fr\/wp-content\/uploads\/calendriersmedia\/vignette.jpg\" alt=\"\" width=\"33\" height=\"85\" class=\"alignnone size-full wp-image-24\" \/><\/a><\/td>\n<\/tr>\n<tr class=\"row-532 even\">\n\t<td class=\"column-1\">ACHIET-LE-GRAND<\/td><td class=\"column-2\">ROUTE DE BAPAUME<\/td><td class=\"column-3\">LA PHARMACIE DOSSET<\/td><td class=\"column-4\">PAS-DE-CALAIS<\/td><td class=\"column-5\">2011<\/td><td class=\"column-6\"><a href=\"https:\/\/www.calendriers-artistiques.fr\/wp-content\/uploads\/calendriersmedia\/2011 (1).jpg\"><img loading=\"lazy\" src=\"https:\/\/www.calendriers-artistiques.fr\/wp-content\/uploads\/calendriersmedia\/vignette.jpg\" alt=\"\" width=\"33\" height=\"85\" class=\"alignnone size-full wp-image-24\" \/><\/a><\/td>\n<\/tr>\n<tr class=\"row-533 odd\">\n\t<td class=\"column-1\">AGON-COUTAINVILLE<\/td><td class=\"column-2\">AVENUE DES ANCIENS DE LA 2\u00c3\u201a\u00c2\u00b0 DB<\/td><td class=\"column-3\">LA PHARMACIE SELLIER<\/td><td class=\"column-4\">MANCHE<\/td><td class=\"column-5\">2011<\/td><td class=\"column-6\"><a href=\"https:\/\/www.calendriers-artistiques.fr\/wp-content\/uploads\/calendriersmedia\/2011 (2).jpg\"><img loading=\"lazy\" src=\"https:\/\/www.calendriers-artistiques.fr\/wp-content\/uploads\/calendriersmedia\/vignette.jpg\" alt=\"\" width=\"33\" height=\"85\" class=\"alignnone size-full wp-image-24\" \/><\/a><\/td>\n<\/tr>\n<tr class=\"row-534 even\">\n\t<td class=\"column-1\">AILLY-LE-HAUT-CLOCHER<\/td><td class=\"column-2\">ROUTE NATIONALE<\/td><td class=\"column-3\">LA PHARMACIE DU HAUT CLOCHER<\/td><td class=\"column-4\">SOMME<\/td><td class=\"column-5\">2011<\/td><td class=\"column-6\"><a href=\"https:\/\/www.calendriers-artistiques.fr\/wp-content\/uploads\/calendriersmedia\/2011 (3).jpg\"><img loading=\"lazy\" src=\"https:\/\/www.calendriers-artistiques.fr\/wp-content\/uploads\/calendriersmedia\/vignette.jpg\" alt=\"\" width=\"33\" height=\"85\" class=\"alignnone size-full wp-image-24\" \/><\/a><\/td>\n<\/tr>\n<tr class=\"row-535 odd\">\n\t<td class=\"column-1\">ALBERT<\/td><td class=\"column-2\">RUE JEANNE D'HARCOURT<\/td><td class=\"column-3\">LA PHARMACIE DU CENTRE<\/td><td class=\"column-4\">SOMME<\/td><td class=\"column-5\">2011<\/td><td class=\"column-6\"><a href=\"https:\/\/www.calendriers-artistiques.fr\/wp-content\/uploads\/calendriersmedia\/2011 (4).jpg\"><img loading=\"lazy\" src=\"https:\/\/www.calendriers-artistiques.fr\/wp-content\/uploads\/calendriersmedia\/vignette.jpg\" alt=\"\" width=\"33\" height=\"85\" class=\"alignnone size-full wp-image-24\" \/><\/a><\/td>\n<\/tr>\n<tr class=\"row-536 even\">\n\t<td class=\"column-1\">ALGRANGE<\/td><td class=\"column-2\">RUE DU MARECHAL FOCH<\/td><td class=\"column-3\">LA PHARMACIE PRINCIPALE<\/td><td class=\"column-4\">MOSELLE<\/td><td class=\"column-5\">2011<\/td><td class=\"column-6\"><a href=\"https:\/\/www.calendriers-artistiques.fr\/wp-content\/uploads\/calendriersmedia\/2011 (5).jpg\"><img loading=\"lazy\" src=\"https:\/\/www.calendriers-artistiques.fr\/wp-content\/uploads\/calendriersmedia\/vignette.jpg\" alt=\"\" width=\"33\" height=\"85\" class=\"alignnone size-full wp-image-24\" \/><\/a><\/td>\n<\/tr>\n<tr class=\"row-537 odd\">\n\t<td class=\"column-1\">ANNEZIN<\/td><td class=\"column-2\">PLACE HERMANT<\/td><td class=\"column-3\">LA PHARMACIE DU CENTRE<\/td><td class=\"column-4\">PAS-DE-CALAIS<\/td><td class=\"column-5\">2011<\/td><td class=\"column-6\"><a href=\"https:\/\/www.calendriers-artistiques.fr\/wp-content\/uploads\/calendriersmedia\/2011 (6).jpg\"><img loading=\"lazy\" src=\"https:\/\/www.calendriers-artistiques.fr\/wp-content\/uploads\/calendriersmedia\/vignette.jpg\" alt=\"\" width=\"33\" height=\"85\" class=\"alignnone size-full wp-image-24\" \/><\/a><\/td>\n<\/tr>\n<tr class=\"row-538 even\">\n\t<td class=\"column-1\">ARGUEIL<\/td><td class=\"column-2\">PLACE DU MARCHE AUX ETOUPES<\/td><td class=\"column-3\">LA PHARMACIE VUILHORGNE<\/td><td class=\"column-4\">SEINE-MARITIME<\/td><td class=\"column-5\">2011<\/td><td class=\"column-6\"><a href=\"https:\/\/www.calendriers-artistiques.fr\/wp-content\/uploads\/calendriersmedia\/2011 (7).jpg\"><img loading=\"lazy\" src=\"https:\/\/www.calendriers-artistiques.fr\/wp-content\/uploads\/calendriersmedia\/vignette.jpg\" alt=\"\" width=\"33\" height=\"85\" class=\"alignnone size-full wp-image-24\" \/><\/a><\/td>\n<\/tr>\n<tr class=\"row-539 odd\">\n\t<td class=\"column-1\">ARRAS<\/td><td class=\"column-2\">RUE MEAULENS<\/td><td class=\"column-3\">LA BOUTIQUE DU MATERIEL MEDICAL<\/td><td class=\"column-4\">PAS-DE-CALAIS<\/td><td class=\"column-5\">2011<\/td><td class=\"column-6\"><a href=\"https:\/\/www.calendriers-artistiques.fr\/wp-content\/uploads\/calendriersmedia\/2011 (8).jpg\"><img loading=\"lazy\" src=\"https:\/\/www.calendriers-artistiques.fr\/wp-content\/uploads\/calendriersmedia\/vignette.jpg\" alt=\"\" width=\"33\" height=\"85\" class=\"alignnone size-full wp-image-24\" \/><\/a><\/td>\n<\/tr>\n<tr class=\"row-540 even\">\n\t<td class=\"column-1\">AULNOYE-AYMERIES<\/td><td class=\"column-2\">RUE JEAN JAURES<\/td><td class=\"column-3\">LA PHARMACIE JEAN JAURES<\/td><td class=\"column-4\">NORD<\/td><td class=\"column-5\">2011<\/td><td class=\"column-6\"><a href=\"https:\/\/www.calendriers-artistiques.fr\/wp-content\/uploads\/calendriersmedia\/2011 (9).jpg\"><img loading=\"lazy\" src=\"https:\/\/www.calendriers-artistiques.fr\/wp-content\/uploads\/calendriersmedia\/vignette.jpg\" alt=\"\" width=\"33\" height=\"85\" class=\"alignnone size-full wp-image-24\" \/><\/a><\/td>\n<\/tr>\n<tr class=\"row-541 odd\">\n\t<td class=\"column-1\">BARLIN<\/td><td class=\"column-2\">RUE DE FRESNICOURT<\/td><td class=\"column-3\">LA PHARMACIE DES POETES<\/td><td class=\"column-4\">PAS-DE-CALAIS<\/td><td class=\"column-5\">2011<\/td><td class=\"column-6\"><a href=\"https:\/\/www.calendriers-artistiques.fr\/wp-content\/uploads\/calendriersmedia\/2011 (10).jpg\"><img loading=\"lazy\" src=\"https:\/\/www.calendriers-artistiques.fr\/wp-content\/uploads\/calendriersmedia\/vignette.jpg\" alt=\"\" width=\"33\" height=\"85\" class=\"alignnone size-full wp-image-24\" \/><\/a><\/td>\n<\/tr>\n<tr class=\"row-542 even\">\n\t<td class=\"column-1\">BEAUVAIS<\/td><td class=\"column-2\">CENTRE COMMERCIAL JEAN ROSTAND<\/td><td class=\"column-3\">LA PHARMACIE JEAN ROSTAND<\/td><td class=\"column-4\">OISE<\/td><td class=\"column-5\">2011<\/td><td class=\"column-6\"><a href=\"https:\/\/www.calendriers-artistiques.fr\/wp-content\/uploads\/calendriersmedia\/2011 (11).jpg\"><img loading=\"lazy\" src=\"https:\/\/www.calendriers-artistiques.fr\/wp-content\/uploads\/calendriersmedia\/vignette.jpg\" alt=\"\" width=\"33\" height=\"85\" class=\"alignnone size-full wp-image-24\" \/><\/a><\/td>\n<\/tr>\n<tr class=\"row-543 odd\">\n\t<td class=\"column-1\">BERMERAIN<\/td><td class=\"column-2\">RUE DE L'EGLISE<\/td><td class=\"column-3\">LA PHARMACIEGOUBET-LECOMTE<\/td><td class=\"column-4\">NORD<\/td><td class=\"column-5\">2011<\/td><td class=\"column-6\"><a href=\"https:\/\/www.calendriers-artistiques.fr\/wp-content\/uploads\/calendriersmedia\/2011 (12).jpg\"><img loading=\"lazy\" src=\"https:\/\/www.calendriers-artistiques.fr\/wp-content\/uploads\/calendriersmedia\/vignette.jpg\" alt=\"\" width=\"33\" height=\"85\" class=\"alignnone size-full wp-image-24\" \/><\/a><\/td>\n<\/tr>\n<tr class=\"row-544 even\">\n\t<td class=\"column-1\">BERNAVILLE<\/td><td class=\"column-2\">RUE DU GENERAL CREPIN<\/td><td class=\"column-3\">LA PHARMACIEVANHERSECKE<\/td><td class=\"column-4\">SOMME<\/td><td class=\"column-5\">2011<\/td><td class=\"column-6\"><a href=\"https:\/\/www.calendriers-artistiques.fr\/wp-content\/uploads\/calendriersmedia\/2011 (13).jpg\"><img loading=\"lazy\" src=\"https:\/\/www.calendriers-artistiques.fr\/wp-content\/uploads\/calendriersmedia\/vignette.jpg\" alt=\"\" width=\"33\" height=\"85\" class=\"alignnone size-full wp-image-24\" \/><\/a><\/td>\n<\/tr>\n<tr class=\"row-545 odd\">\n\t<td class=\"column-1\">BORAN-SUR-OISE<\/td><td class=\"column-2\">RUE DU CH\u00c3\u0192\u00e2\u20ac\u0161TEAU<\/td><td class=\"column-3\">LA PHARMACIE DU CH\u00c3\u0192\u00e2\u20ac\u0161TEAU<\/td><td class=\"column-4\">OISE<\/td><td class=\"column-5\">2011<\/td><td class=\"column-6\"><a href=\"https:\/\/www.calendriers-artistiques.fr\/wp-content\/uploads\/calendriersmedia\/2011 (14).jpg\"><img loading=\"lazy\" src=\"https:\/\/www.calendriers-artistiques.fr\/wp-content\/uploads\/calendriersmedia\/vignette.jpg\" alt=\"\" width=\"33\" height=\"85\" class=\"alignnone size-full wp-image-24\" \/><\/a><\/td>\n<\/tr>\n<tr class=\"row-546 even\">\n\t<td class=\"column-1\">BOULIGNY<\/td><td class=\"column-2\">RUE DE LA LIBERATION<\/td><td class=\"column-3\">LA PHARMACIE BRAVETTI<\/td><td class=\"column-4\">MEUSE<\/td><td class=\"column-5\">2011<\/td><td class=\"column-6\"><a href=\"https:\/\/www.calendriers-artistiques.fr\/wp-content\/uploads\/calendriersmedia\/2011 (15).jpg\"><img loading=\"lazy\" src=\"https:\/\/www.calendriers-artistiques.fr\/wp-content\/uploads\/calendriersmedia\/vignette.jpg\" alt=\"\" width=\"33\" height=\"85\" class=\"alignnone size-full wp-image-24\" \/><\/a><\/td>\n<\/tr>\n<tr class=\"row-547 odd\">\n\t<td class=\"column-1\">BRIEY<\/td><td class=\"column-2\">RUE LEON WINSBACK<\/td><td class=\"column-3\">LA PHARMACIE EVRARD<\/td><td class=\"column-4\">MEURTHE-ET-MOSELLE<\/td><td class=\"column-5\">2011<\/td><td class=\"column-6\"><a href=\"https:\/\/www.calendriers-artistiques.fr\/wp-content\/uploads\/calendriersmedia\/2011 (16).jpg\"><img loading=\"lazy\" src=\"https:\/\/www.calendriers-artistiques.fr\/wp-content\/uploads\/calendriersmedia\/vignette.jpg\" alt=\"\" width=\"33\" height=\"85\" class=\"alignnone size-full wp-image-24\" \/><\/a><\/td>\n<\/tr>\n<tr class=\"row-548 even\">\n\t<td class=\"column-1\">CAUFFRY<\/td><td class=\"column-2\">RUE TRACCINE<\/td><td class=\"column-3\">LA PHARMACIE DE CAUFFRY<\/td><td class=\"column-4\">OISE<\/td><td class=\"column-5\">2011<\/td><td class=\"column-6\"><a href=\"https:\/\/www.calendriers-artistiques.fr\/wp-content\/uploads\/calendriersmedia\/2011 (17).jpg\"><img loading=\"lazy\" src=\"https:\/\/www.calendriers-artistiques.fr\/wp-content\/uploads\/calendriersmedia\/vignette.jpg\" alt=\"\" width=\"33\" height=\"85\" class=\"alignnone size-full wp-image-24\" \/><\/a><\/td>\n<\/tr>\n<tr class=\"row-549 odd\">\n\t<td class=\"column-1\">CHAMBLY<\/td><td class=\"column-2\">RUE MARC SEGUIN<\/td><td class=\"column-3\">LA PHARMACIE GAMBIER<\/td><td class=\"column-4\">OISE<\/td><td class=\"column-5\">2011<\/td><td class=\"column-6\"><a href=\"https:\/\/www.calendriers-artistiques.fr\/wp-content\/uploads\/calendriersmedia\/2011 (18).jpg\"><img loading=\"lazy\" src=\"https:\/\/www.calendriers-artistiques.fr\/wp-content\/uploads\/calendriersmedia\/vignette.jpg\" alt=\"\" width=\"33\" height=\"85\" class=\"alignnone size-full wp-image-24\" \/><\/a><\/td>\n<\/tr>\n<tr class=\"row-550 even\">\n\t<td class=\"column-1\">CHANTELOUP-LES-VIGNES<\/td><td class=\"column-2\">RUE DU GENERAL LECLERC<\/td><td class=\"column-3\">LA PHARMACIE LOMBARD-MESLIN<\/td><td class=\"column-4\">YVELINES<\/td><td class=\"column-5\">2011<\/td><td class=\"column-6\"><a href=\"https:\/\/www.calendriers-artistiques.fr\/wp-content\/uploads\/calendriersmedia\/2011 (19).jpg\"><img loading=\"lazy\" src=\"https:\/\/www.calendriers-artistiques.fr\/wp-content\/uploads\/calendriersmedia\/vignette.jpg\" alt=\"\" width=\"33\" height=\"85\" class=\"alignnone size-full wp-image-24\" \/><\/a><\/td>\n<\/tr>\n<tr class=\"row-551 odd\">\n\t<td class=\"column-1\">CHARLEVAL<\/td><td class=\"column-2\">GRANDE RUE<\/td><td class=\"column-3\">LA PHARMACIE DE CHARLEVAL<\/td><td class=\"column-4\">EURE<\/td><td class=\"column-5\">2011<\/td><td class=\"column-6\"><a href=\"https:\/\/www.calendriers-artistiques.fr\/wp-content\/uploads\/calendriersmedia\/2011 (20).jpg\"><img loading=\"lazy\" src=\"https:\/\/www.calendriers-artistiques.fr\/wp-content\/uploads\/calendriersmedia\/vignette.jpg\" alt=\"\" width=\"33\" height=\"85\" class=\"alignnone size-full wp-image-24\" \/><\/a><\/td>\n<\/tr>\n<tr class=\"row-552 even\">\n\t<td class=\"column-1\">COLLEGIEN<\/td><td class=\"column-2\">PLACE MIREILLE MORVAN<\/td><td class=\"column-3\">LA PHARMACIE DE COLLEGIEN<\/td><td class=\"column-4\">SEINE-ET-MARNE<\/td><td class=\"column-5\">2011<\/td><td class=\"column-6\"><a href=\"https:\/\/www.calendriers-artistiques.fr\/wp-content\/uploads\/calendriersmedia\/2011 (21).jpg\"><img loading=\"lazy\" src=\"https:\/\/www.calendriers-artistiques.fr\/wp-content\/uploads\/calendriersmedia\/vignette.jpg\" alt=\"\" width=\"33\" height=\"85\" class=\"alignnone size-full wp-image-24\" \/><\/a><\/td>\n<\/tr>\n<tr class=\"row-553 odd\">\n\t<td class=\"column-1\">COMBLES<\/td><td class=\"column-2\">GRANDE RUE<\/td><td class=\"column-3\">LA PHARMACIE BRANDAO-COURTOIS<\/td><td class=\"column-4\">SOMME<\/td><td class=\"column-5\">2011<\/td><td class=\"column-6\"><a href=\"https:\/\/www.calendriers-artistiques.fr\/wp-content\/uploads\/calendriersmedia\/2011 (22).jpg\"><img loading=\"lazy\" src=\"https:\/\/www.calendriers-artistiques.fr\/wp-content\/uploads\/calendriersmedia\/vignette.jpg\" alt=\"\" width=\"33\" height=\"85\" class=\"alignnone size-full wp-image-24\" \/><\/a><\/td>\n<\/tr>\n<tr class=\"row-554 even\">\n\t<td class=\"column-1\">COMPIEGNE<\/td><td class=\"column-2\">RUE DE NORMANDIE<\/td><td class=\"column-3\">LA PHARMACIE MALBEZIN<\/td><td class=\"column-4\">OISE<\/td><td class=\"column-5\">2011<\/td><td class=\"column-6\"><a href=\"https:\/\/www.calendriers-artistiques.fr\/wp-content\/uploads\/calendriersmedia\/2011 (23).jpg\"><img loading=\"lazy\" src=\"https:\/\/www.calendriers-artistiques.fr\/wp-content\/uploads\/calendriersmedia\/vignette.jpg\" alt=\"\" width=\"33\" height=\"85\" class=\"alignnone size-full wp-image-24\" \/><\/a><\/td>\n<\/tr>\n<tr class=\"row-555 odd\">\n\t<td class=\"column-1\">CONFLANS-SAINTE-HONORINE<\/td><td class=\"column-2\">RUE MAURICE BERTEAUX<\/td><td class=\"column-3\">LA PHARMACIE DE CONFLANS<\/td><td class=\"column-4\">YVELINES<\/td><td class=\"column-5\">2011<\/td><td class=\"column-6\"><a href=\"https:\/\/www.calendriers-artistiques.fr\/wp-content\/uploads\/calendriersmedia\/2011 (24).jpg\"><img loading=\"lazy\" src=\"https:\/\/www.calendriers-artistiques.fr\/wp-content\/uploads\/calendriersmedia\/vignette.jpg\" alt=\"\" width=\"33\" height=\"85\" class=\"alignnone size-full wp-image-24\" \/><\/a><\/td>\n<\/tr>\n<tr class=\"row-556 even\">\n\t<td class=\"column-1\">COSNES ET ROMAIN<\/td><td class=\"column-2\">RUE DE BRETAGNE<\/td><td class=\"column-3\">LA PHARMACIE LAMARQUE<\/td><td class=\"column-4\">MEURTHE-ET-MOSELLE<\/td><td class=\"column-5\">2011<\/td><td class=\"column-6\"><a href=\"https:\/\/www.calendriers-artistiques.fr\/wp-content\/uploads\/calendriersmedia\/2011 (25).jpg\"><img loading=\"lazy\" src=\"https:\/\/www.calendriers-artistiques.fr\/wp-content\/uploads\/calendriersmedia\/vignette.jpg\" alt=\"\" width=\"33\" height=\"85\" class=\"alignnone size-full wp-image-24\" \/><\/a><\/td>\n<\/tr>\n<tr class=\"row-557 odd\">\n\t<td class=\"column-1\">COURPALAY<\/td><td class=\"column-2\">PLACE DE LA MAIRIE<\/td><td class=\"column-3\">LA PHARMACIE DU VILLAGE<\/td><td class=\"column-4\">SEINE-ET-MARNE<\/td><td class=\"column-5\">2011<\/td><td class=\"column-6\"><a href=\"https:\/\/www.calendriers-artistiques.fr\/wp-content\/uploads\/calendriersmedia\/2011 (26).jpg\"><img loading=\"lazy\" src=\"https:\/\/www.calendriers-artistiques.fr\/wp-content\/uploads\/calendriersmedia\/vignette.jpg\" alt=\"\" width=\"33\" height=\"85\" class=\"alignnone size-full wp-image-24\" \/><\/a><\/td>\n<\/tr>\n<tr class=\"row-558 even\">\n\t<td class=\"column-1\">CRIEL<\/td><td class=\"column-2\">RUE JEAN JAURES<\/td><td class=\"column-3\">LA PHARMACIE DE LA FONTAINE<\/td><td class=\"column-4\">OISE<\/td><td class=\"column-5\">2011<\/td><td class=\"column-6\"><a href=\"https:\/\/www.calendriers-artistiques.fr\/wp-content\/uploads\/calendriersmedia\/2011 (27).jpg\"><img loading=\"lazy\" src=\"https:\/\/www.calendriers-artistiques.fr\/wp-content\/uploads\/calendriersmedia\/vignette.jpg\" alt=\"\" width=\"33\" height=\"85\" class=\"alignnone size-full wp-image-24\" \/><\/a><\/td>\n<\/tr>\n<tr class=\"row-559 odd\">\n\t<td class=\"column-1\">DOMPIERRE-BECQUINCOURT<\/td><td class=\"column-2\">RUE D'ASSEVILLERS<\/td><td class=\"column-3\">LA PHARMACIE VAINT<\/td><td class=\"column-4\">SOMME<\/td><td class=\"column-5\">2011<\/td><td class=\"column-6\"><a href=\"https:\/\/www.calendriers-artistiques.fr\/wp-content\/uploads\/calendriersmedia\/2011 (28).jpg\"><img loading=\"lazy\" src=\"https:\/\/www.calendriers-artistiques.fr\/wp-content\/uploads\/calendriersmedia\/vignette.jpg\" alt=\"\" width=\"33\" height=\"85\" class=\"alignnone size-full wp-image-24\" \/><\/a><\/td>\n<\/tr>\n<tr class=\"row-560 even\">\n\t<td class=\"column-1\">DONVILLE-LES-BAINS<\/td><td class=\"column-2\">ROUTE DE COUTANCES<\/td><td class=\"column-3\">LA PHARMACIE POMME<\/td><td class=\"column-4\">MANCHE<\/td><td class=\"column-5\">2011<\/td><td class=\"column-6\"><a href=\"https:\/\/www.calendriers-artistiques.fr\/wp-content\/uploads\/calendriersmedia\/2011 (29).jpg\"><img loading=\"lazy\" src=\"https:\/\/www.calendriers-artistiques.fr\/wp-content\/uploads\/calendriersmedia\/vignette.jpg\" alt=\"\" width=\"33\" height=\"85\" class=\"alignnone size-full wp-image-24\" \/><\/a><\/td>\n<\/tr>\n<tr class=\"row-561 odd\">\n\t<td class=\"column-1\">FLERS<\/td><td class=\"column-2\">PLACE DU GENERAL LECLERC<\/td><td class=\"column-3\">LA PHARMACIE DESRUES<\/td><td class=\"column-4\">ORNE<\/td><td class=\"column-5\">2011<\/td><td class=\"column-6\"><a href=\"https:\/\/www.calendriers-artistiques.fr\/wp-content\/uploads\/calendriersmedia\/2011 (30).jpg\"><img loading=\"lazy\" src=\"https:\/\/www.calendriers-artistiques.fr\/wp-content\/uploads\/calendriersmedia\/vignette.jpg\" alt=\"\" width=\"33\" height=\"85\" class=\"alignnone size-full wp-image-24\" \/><\/a><\/td>\n<\/tr>\n<tr class=\"row-562 even\">\n\t<td class=\"column-1\">FLORANGE<\/td><td class=\"column-2\">GRAND'RUE<\/td><td class=\"column-3\">LA PHARMACIE SAINTE-THERESE<\/td><td class=\"column-4\">MOSELLE<\/td><td class=\"column-5\">2011<\/td><td class=\"column-6\"><a href=\"https:\/\/www.calendriers-artistiques.fr\/wp-content\/uploads\/calendriersmedia\/2011 (31).jpg\"><img loading=\"lazy\" src=\"https:\/\/www.calendriers-artistiques.fr\/wp-content\/uploads\/calendriersmedia\/vignette.jpg\" alt=\"\" width=\"33\" height=\"85\" class=\"alignnone size-full wp-image-24\" \/><\/a><\/td>\n<\/tr>\n<tr class=\"row-563 odd\">\n\t<td class=\"column-1\">FONTAINEBLEAU<\/td><td class=\"column-2\">RUE GRANDE<\/td><td class=\"column-3\">LA PHARMACIE LECOCQ<\/td><td class=\"column-4\">SEINE-ET-MARNE<\/td><td class=\"column-5\">2011<\/td><td class=\"column-6\"><a href=\"https:\/\/www.calendriers-artistiques.fr\/wp-content\/uploads\/calendriersmedia\/2011 (32).jpg\"><img loading=\"lazy\" src=\"https:\/\/www.calendriers-artistiques.fr\/wp-content\/uploads\/calendriersmedia\/vignette.jpg\" alt=\"\" width=\"33\" height=\"85\" class=\"alignnone size-full wp-image-24\" \/><\/a><\/td>\n<\/tr>\n<tr class=\"row-564 even\">\n\t<td class=\"column-1\">FORBACH<\/td><td class=\"column-2\">RUE NATIONALE<\/td><td class=\"column-3\">LA PHARMACIE CENTRALE<\/td><td class=\"column-4\">MOSELLE<\/td><td class=\"column-5\">2011<\/td><td class=\"column-6\"><a href=\"https:\/\/www.calendriers-artistiques.fr\/wp-content\/uploads\/calendriersmedia\/2011 (33).jpg\"><img loading=\"lazy\" src=\"https:\/\/www.calendriers-artistiques.fr\/wp-content\/uploads\/calendriersmedia\/vignette.jpg\" alt=\"\" width=\"33\" height=\"85\" class=\"alignnone size-full wp-image-24\" \/><\/a><\/td>\n<\/tr>\n<tr class=\"row-565 odd\">\n\t<td class=\"column-1\">GAINNEVILLE<\/td><td class=\"column-2\">RUE DE LA LIBERATION<\/td><td class=\"column-3\">LA PHARMACIE REQUIER<\/td><td class=\"column-4\">SEINE-MARITIME<\/td><td class=\"column-5\">2011<\/td><td class=\"column-6\"><a href=\"https:\/\/www.calendriers-artistiques.fr\/wp-content\/uploads\/calendriersmedia\/2011 (34).jpg\"><img loading=\"lazy\" src=\"https:\/\/www.calendriers-artistiques.fr\/wp-content\/uploads\/calendriersmedia\/vignette.jpg\" alt=\"\" width=\"33\" height=\"85\" class=\"alignnone size-full wp-image-24\" \/><\/a><\/td>\n<\/tr>\n<tr class=\"row-566 even\">\n\t<td class=\"column-1\">GOUVIEUX<\/td><td class=\"column-2\">RUE DE LA MAIRIE<\/td><td class=\"column-3\">LA PHARMACIE DE LA MAIRIE<\/td><td class=\"column-4\">OISE<\/td><td class=\"column-5\">2011<\/td><td class=\"column-6\"><a href=\"https:\/\/www.calendriers-artistiques.fr\/wp-content\/uploads\/calendriersmedia\/2011 (35).jpg\"><img loading=\"lazy\" src=\"https:\/\/www.calendriers-artistiques.fr\/wp-content\/uploads\/calendriersmedia\/vignette.jpg\" alt=\"\" width=\"33\" height=\"85\" class=\"alignnone size-full wp-image-24\" \/><\/a><\/td>\n<\/tr>\n<tr class=\"row-567 odd\">\n\t<td class=\"column-1\">GRANVILLE<\/td><td class=\"column-2\">RUE LECAMPION<\/td><td class=\"column-3\">LA PHARMACIE CENTRALE<\/td><td class=\"column-4\">MANCHE<\/td><td class=\"column-5\">2011<\/td><td class=\"column-6\"><a href=\"https:\/\/www.calendriers-artistiques.fr\/wp-content\/uploads\/calendriersmedia\/2011 (36).jpg\"><img loading=\"lazy\" src=\"https:\/\/www.calendriers-artistiques.fr\/wp-content\/uploads\/calendriersmedia\/vignette.jpg\" alt=\"\" width=\"33\" height=\"85\" class=\"alignnone size-full wp-image-24\" \/><\/a><\/td>\n<\/tr>\n<tr class=\"row-568 even\">\n\t<td class=\"column-1\">GRETZ-ARMAINVILLIERS<\/td><td class=\"column-2\">BOULEVARD ARISTIDE BRIAND<\/td><td class=\"column-3\">LA PHARMACIE DE L'EOLE<\/td><td class=\"column-4\">SEINE-ET-MARNE<\/td><td class=\"column-5\">2011<\/td><td class=\"column-6\"><a href=\"https:\/\/www.calendriers-artistiques.fr\/wp-content\/uploads\/calendriersmedia\/2011 (37).jpg\"><img loading=\"lazy\" src=\"https:\/\/www.calendriers-artistiques.fr\/wp-content\/uploads\/calendriersmedia\/vignette.jpg\" alt=\"\" width=\"33\" height=\"85\" class=\"alignnone size-full wp-image-24\" \/><\/a><\/td>\n<\/tr>\n<tr class=\"row-569 odd\">\n\t<td class=\"column-1\">GRUCHET-LE-VALASSE<\/td><td class=\"column-2\">RUE DU MARECHAL FOCH<\/td><td class=\"column-3\">LA PHARMACIE DU VALASSE<\/td><td class=\"column-4\">SEINE-MARITIME<\/td><td class=\"column-5\">2011<\/td><td class=\"column-6\"><a href=\"https:\/\/www.calendriers-artistiques.fr\/wp-content\/uploads\/calendriersmedia\/2011 (38).jpg\"><img loading=\"lazy\" src=\"https:\/\/www.calendriers-artistiques.fr\/wp-content\/uploads\/calendriersmedia\/vignette.jpg\" alt=\"\" width=\"33\" height=\"85\" class=\"alignnone size-full wp-image-24\" \/><\/a><\/td>\n<\/tr>\n<tr class=\"row-570 even\">\n\t<td class=\"column-1\">HAZEBROUCK<\/td><td class=\"column-2\">RUE DE LA CLEF<\/td><td class=\"column-3\">LA PHARMACIE MARIS<\/td><td class=\"column-4\">NORD<\/td><td class=\"column-5\">2011<\/td><td class=\"column-6\"><a href=\"https:\/\/www.calendriers-artistiques.fr\/wp-content\/uploads\/calendriersmedia\/2011 (39).jpg\"><img loading=\"lazy\" src=\"https:\/\/www.calendriers-artistiques.fr\/wp-content\/uploads\/calendriersmedia\/vignette.jpg\" alt=\"\" width=\"33\" height=\"85\" class=\"alignnone size-full wp-image-24\" \/><\/a><\/td>\n<\/tr>\n<tr class=\"row-571 odd\">\n\t<td class=\"column-1\">HENIN-BEAUMONT<\/td><td class=\"column-2\">BOULEVARD SCHWEITZER<\/td><td class=\"column-3\">LA BOUTIQUE DU MATERIEL MEDICAL<\/td><td class=\"column-4\">PAS-DE-CALAIS<\/td><td class=\"column-5\">2011<\/td><td class=\"column-6\"><a href=\"https:\/\/www.calendriers-artistiques.fr\/wp-content\/uploads\/calendriersmedia\/2011 (40).jpg\"><img loading=\"lazy\" src=\"https:\/\/www.calendriers-artistiques.fr\/wp-content\/uploads\/calendriersmedia\/vignette.jpg\" alt=\"\" width=\"33\" height=\"85\" class=\"alignnone size-full wp-image-24\" \/><\/a><\/td>\n<\/tr>\n<tr class=\"row-572 even\">\n\t<td class=\"column-1\">HERSIN-COUPIGNY<\/td><td class=\"column-2\">RUE EMILE BASLY<\/td><td class=\"column-3\">LA PHARMACIE CLAIRE-FONTAINE<\/td><td class=\"column-4\">PAS-DE-CALAIS<\/td><td class=\"column-5\">2011<\/td><td class=\"column-6\"><a href=\"https:\/\/www.calendriers-artistiques.fr\/wp-content\/uploads\/calendriersmedia\/2011 (41).jpg\"><img loading=\"lazy\" src=\"https:\/\/www.calendriers-artistiques.fr\/wp-content\/uploads\/calendriersmedia\/vignette.jpg\" alt=\"\" width=\"33\" height=\"85\" class=\"alignnone size-full wp-image-24\" \/><\/a><\/td>\n<\/tr>\n<tr class=\"row-573 odd\">\n\t<td class=\"column-1\">HESDIN-L'ABBE<\/td><td class=\"column-2\">DOMAINE DU MANOIR<\/td><td class=\"column-3\">LA PHARMACIE LEBLANC<\/td><td class=\"column-4\">PAS-DE-CALAIS<\/td><td class=\"column-5\">2011<\/td><td class=\"column-6\"><a href=\"https:\/\/www.calendriers-artistiques.fr\/wp-content\/uploads\/calendriersmedia\/2011 (42).jpg\"><img loading=\"lazy\" src=\"https:\/\/www.calendriers-artistiques.fr\/wp-content\/uploads\/calendriersmedia\/vignette.jpg\" alt=\"\" width=\"33\" height=\"85\" class=\"alignnone size-full wp-image-24\" \/><\/a><\/td>\n<\/tr>\n<tr class=\"row-574 even\">\n\t<td class=\"column-1\">JEUMONT<\/td><td class=\"column-2\">BOULEVARD HENRI DUNANT<\/td><td class=\"column-3\">LA PHARMACIE DE LA TOUR<\/td><td class=\"column-4\">NORD<\/td><td class=\"column-5\">2011<\/td><td class=\"column-6\"><a href=\"https:\/\/www.calendriers-artistiques.fr\/wp-content\/uploads\/calendriersmedia\/2011 (43).jpg\"><img loading=\"lazy\" src=\"https:\/\/www.calendriers-artistiques.fr\/wp-content\/uploads\/calendriersmedia\/vignette.jpg\" alt=\"\" width=\"33\" height=\"85\" class=\"alignnone size-full wp-image-24\" \/><\/a><\/td>\n<\/tr>\n<tr class=\"row-575 odd\">\n\t<td class=\"column-1\">JOEUF<\/td><td class=\"column-2\">RUE FRANCHEPRE<\/td><td class=\"column-3\">LA PHARMACIE MARTINI<\/td><td class=\"column-4\">MEURTHE-ET-MOSELLE<\/td><td class=\"column-5\">2011<\/td><td class=\"column-6\"><a href=\"https:\/\/www.calendriers-artistiques.fr\/wp-content\/uploads\/calendriersmedia\/2011 (44).jpg\"><img loading=\"lazy\" src=\"https:\/\/www.calendriers-artistiques.fr\/wp-content\/uploads\/calendriersmedia\/vignette.jpg\" alt=\"\" width=\"33\" height=\"85\" class=\"alignnone size-full wp-image-24\" \/><\/a><\/td>\n<\/tr>\n<tr class=\"row-576 even\">\n\t<td class=\"column-1\">JOUY-LE-MOUTIER<\/td><td class=\"column-2\">BOULEVARD DE L'OISE<\/td><td class=\"column-3\">LA PHARMACIE DES MERISIERS<\/td><td class=\"column-4\">VAL-D'OISE<\/td><td class=\"column-5\">2011<\/td><td class=\"column-6\"><a href=\"https:\/\/www.calendriers-artistiques.fr\/wp-content\/uploads\/calendriersmedia\/2011 (45).jpg\"><img loading=\"lazy\" src=\"https:\/\/www.calendriers-artistiques.fr\/wp-content\/uploads\/calendriersmedia\/vignette.jpg\" alt=\"\" width=\"33\" height=\"85\" class=\"alignnone size-full wp-image-24\" \/><\/a><\/td>\n<\/tr>\n<tr class=\"row-577 odd\">\n\t<td class=\"column-1\">KNUTANGE<\/td><td class=\"column-2\">RUE DE LA REPUBLIQUE<\/td><td class=\"column-3\">LA PHARMACIE SCHMIDT<\/td><td class=\"column-4\">MOSELLE<\/td><td class=\"column-5\">2011<\/td><td class=\"column-6\"><a href=\"https:\/\/www.calendriers-artistiques.fr\/wp-content\/uploads\/calendriersmedia\/2011 (46).jpg\"><img loading=\"lazy\" src=\"https:\/\/www.calendriers-artistiques.fr\/wp-content\/uploads\/calendriersmedia\/vignette.jpg\" alt=\"\" width=\"33\" height=\"85\" class=\"alignnone size-full wp-image-24\" \/><\/a><\/td>\n<\/tr>\n<tr class=\"row-578 even\">\n\t<td class=\"column-1\">LAMORLAYE<\/td><td class=\"column-2\">RUE DU GENERAL LECLERC<\/td><td class=\"column-3\">LA PHARMACIE DOHEIN<\/td><td class=\"column-4\">OISE<\/td><td class=\"column-5\">2011<\/td><td class=\"column-6\"><a href=\"https:\/\/www.calendriers-artistiques.fr\/wp-content\/uploads\/calendriersmedia\/2011 (47).jpg\"><img loading=\"lazy\" src=\"https:\/\/www.calendriers-artistiques.fr\/wp-content\/uploads\/calendriersmedia\/vignette.jpg\" alt=\"\" width=\"33\" height=\"85\" class=\"alignnone size-full wp-image-24\" \/><\/a><\/td>\n<\/tr>\n<tr class=\"row-579 odd\">\n\t<td class=\"column-1\">LA RIVIERE-SAINT-SAUVEUR<\/td><td class=\"column-2\">RUE DU BOURG<\/td><td class=\"column-3\">LA PHARMACIE DE LA RIVIERE<\/td><td class=\"column-4\">CALVADOS<\/td><td class=\"column-5\">2011<\/td><td class=\"column-6\"><a href=\"https:\/\/www.calendriers-artistiques.fr\/wp-content\/uploads\/calendriersmedia\/2011 (48).jpg\"><img loading=\"lazy\" src=\"https:\/\/www.calendriers-artistiques.fr\/wp-content\/uploads\/calendriersmedia\/vignette.jpg\" alt=\"\" width=\"33\" height=\"85\" class=\"alignnone size-full wp-image-24\" \/><\/a><\/td>\n<\/tr>\n<tr class=\"row-580 even\">\n\t<td class=\"column-1\">LE HAVRE<\/td><td class=\"column-2\">RUE CASIMIR DELAVIGNE<\/td><td class=\"column-3\">LA PHARMACIE DANTON<\/td><td class=\"column-4\">SEINE-MARITIME<\/td><td class=\"column-5\">2011<\/td><td class=\"column-6\"><a href=\"https:\/\/www.calendriers-artistiques.fr\/wp-content\/uploads\/calendriersmedia\/2011 (49).jpg\"><img loading=\"lazy\" src=\"https:\/\/www.calendriers-artistiques.fr\/wp-content\/uploads\/calendriersmedia\/vignette.jpg\" alt=\"\" width=\"33\" height=\"85\" class=\"alignnone size-full wp-image-24\" \/><\/a><\/td>\n<\/tr>\n<tr class=\"row-581 odd\">\n\t<td class=\"column-1\">LENS<\/td><td class=\"column-2\">AVENUE ALFRED MA\u00c3\u0192\u00e2\u20ac\u00b9S<\/td><td class=\"column-3\">LA BOUTIQUE DU MATERIEL MEDICAL<\/td><td class=\"column-4\">PAS-DE-CALAIS<\/td><td class=\"column-5\">2011<\/td><td class=\"column-6\"><a href=\"https:\/\/www.calendriers-artistiques.fr\/wp-content\/uploads\/calendriersmedia\/2011 (50).jpg\"><img loading=\"lazy\" src=\"https:\/\/www.calendriers-artistiques.fr\/wp-content\/uploads\/calendriersmedia\/vignette.jpg\" alt=\"\" width=\"33\" height=\"85\" class=\"alignnone size-full wp-image-24\" \/><\/a><\/td>\n<\/tr>\n<tr class=\"row-582 even\">\n\t<td class=\"column-1\">LE PLESSIS-BELLEVILLE<\/td><td class=\"column-2\">RUE DU VERT BUISSON<\/td><td class=\"column-3\">LA PHARMACIE BLASSEL<\/td><td class=\"column-4\">OISE<\/td><td class=\"column-5\">2011<\/td><td class=\"column-6\"><a href=\"https:\/\/www.calendriers-artistiques.fr\/wp-content\/uploads\/calendriersmedia\/2011 (51).jpg\"><img loading=\"lazy\" src=\"https:\/\/www.calendriers-artistiques.fr\/wp-content\/uploads\/calendriersmedia\/vignette.jpg\" alt=\"\" width=\"33\" height=\"85\" class=\"alignnone size-full wp-image-24\" \/><\/a><\/td>\n<\/tr>\n<tr class=\"row-583 odd\">\n\t<td class=\"column-1\">LE PLESSIS-TREVISE<\/td><td class=\"column-2\">ALLEE AMBALAIS<\/td><td class=\"column-3\">LA PHARMACIE DU MARCHE<\/td><td class=\"column-4\">VAL-DE-MARNE<\/td><td class=\"column-5\">2011<\/td><td class=\"column-6\"><a href=\"https:\/\/www.calendriers-artistiques.fr\/wp-content\/uploads\/calendriersmedia\/2011 (52).jpg\"><img loading=\"lazy\" src=\"https:\/\/www.calendriers-artistiques.fr\/wp-content\/uploads\/calendriersmedia\/vignette.jpg\" alt=\"\" width=\"33\" height=\"85\" class=\"alignnone size-full wp-image-24\" \/><\/a><\/td>\n<\/tr>\n<tr class=\"row-584 even\">\n\t<td class=\"column-1\">LES ANDELYS<\/td><td class=\"column-2\">RUE MARCEL LEFEVRE<\/td><td class=\"column-3\">LA PHARMACIE PRINCIPALE DES ANDELYS<\/td><td class=\"column-4\">EURE<\/td><td class=\"column-5\">2011<\/td><td class=\"column-6\"><a href=\"https:\/\/www.calendriers-artistiques.fr\/wp-content\/uploads\/calendriersmedia\/2011 (53).jpg\"><img loading=\"lazy\" src=\"https:\/\/www.calendriers-artistiques.fr\/wp-content\/uploads\/calendriersmedia\/vignette.jpg\" alt=\"\" width=\"33\" height=\"85\" class=\"alignnone size-full wp-image-24\" \/><\/a><\/td>\n<\/tr>\n<tr class=\"row-585 odd\">\n\t<td class=\"column-1\">LESQUIN<\/td><td class=\"column-2\">ROUTE DE DOUAI<\/td><td class=\"column-3\">LA BOUTIQUE DU MATERIEL MEDICAL<\/td><td class=\"column-4\">NORD<\/td><td class=\"column-5\">2011<\/td><td class=\"column-6\"><a href=\"https:\/\/www.calendriers-artistiques.fr\/wp-content\/uploads\/calendriersmedia\/2011 (54).jpg\"><img loading=\"lazy\" src=\"https:\/\/www.calendriers-artistiques.fr\/wp-content\/uploads\/calendriersmedia\/vignette.jpg\" alt=\"\" width=\"33\" height=\"85\" class=\"alignnone size-full wp-image-24\" \/><\/a><\/td>\n<\/tr>\n<tr class=\"row-586 even\">\n\t<td class=\"column-1\">L'H\u00c3\u0192\u00e2\u20ac\u009dPITAL<\/td><td class=\"column-2\">RUE FOCH<\/td><td class=\"column-3\">LA PHARMACIE LORRAINE<\/td><td class=\"column-4\">MOSELLE<\/td><td class=\"column-5\">2011<\/td><td class=\"column-6\"><a href=\"https:\/\/www.calendriers-artistiques.fr\/wp-content\/uploads\/calendriersmedia\/2011 (55).jpg\"><img loading=\"lazy\" src=\"https:\/\/www.calendriers-artistiques.fr\/wp-content\/uploads\/calendriersmedia\/vignette.jpg\" alt=\"\" width=\"33\" height=\"85\" class=\"alignnone size-full wp-image-24\" \/><\/a><\/td>\n<\/tr>\n<tr class=\"row-587 odd\">\n\t<td class=\"column-1\">LIBERCOURT<\/td><td class=\"column-2\">RUE CYPRIEN QUINET<\/td><td class=\"column-3\">LA BOUTIQUE DU MATERIEL MEDICAL<\/td><td class=\"column-4\">PAS-DE-CALAIS<\/td><td class=\"column-5\">2011<\/td><td class=\"column-6\"><a href=\"https:\/\/www.calendriers-artistiques.fr\/wp-content\/uploads\/calendriersmedia\/2011 (56).jpg\"><img loading=\"lazy\" src=\"https:\/\/www.calendriers-artistiques.fr\/wp-content\/uploads\/calendriersmedia\/vignette.jpg\" alt=\"\" width=\"33\" height=\"85\" class=\"alignnone size-full wp-image-24\" \/><\/a><\/td>\n<\/tr>\n<tr class=\"row-588 even\">\n\t<td class=\"column-1\">LONGPRE-LES-CORPS-SAINTS<\/td><td class=\"column-2\">RUE DU MOULIN<\/td><td class=\"column-3\">LA PHARMACIE DU MOULIN<\/td><td class=\"column-4\">SOMME<\/td><td class=\"column-5\">2011<\/td><td class=\"column-6\"><a href=\"https:\/\/www.calendriers-artistiques.fr\/wp-content\/uploads\/calendriersmedia\/2011 (57).jpg\"><img loading=\"lazy\" src=\"https:\/\/www.calendriers-artistiques.fr\/wp-content\/uploads\/calendriersmedia\/vignette.jpg\" alt=\"\" width=\"33\" height=\"85\" class=\"alignnone size-full wp-image-24\" \/><\/a><\/td>\n<\/tr>\n<tr class=\"row-589 odd\">\n\t<td class=\"column-1\">LYONS-LA-FOR\u00c3\u0192\u00c5\u00a0T<\/td><td class=\"column-2\">RUE DE L'HOTEL DE VILLE<\/td><td class=\"column-3\">LA PHARMACIE DE LA HALLE<\/td><td class=\"column-4\">EURE<\/td><td class=\"column-5\">2011<\/td><td class=\"column-6\"><a href=\"https:\/\/www.calendriers-artistiques.fr\/wp-content\/uploads\/calendriersmedia\/2011 (58).jpg\"><img loading=\"lazy\" src=\"https:\/\/www.calendriers-artistiques.fr\/wp-content\/uploads\/calendriersmedia\/vignette.jpg\" alt=\"\" width=\"33\" height=\"85\" class=\"alignnone size-full wp-image-24\" \/><\/a><\/td>\n<\/tr>\n<tr class=\"row-590 even\">\n\t<td class=\"column-1\">MAGNY-EN-VEXIN<\/td><td class=\"column-2\">PLACE DE LA HALLE<\/td><td class=\"column-3\">LA PHARMACIE RIGAL<\/td><td class=\"column-4\">VAL-D'OISE<\/td><td class=\"column-5\">2011<\/td><td class=\"column-6\"><a href=\"https:\/\/www.calendriers-artistiques.fr\/wp-content\/uploads\/calendriersmedia\/2011 (59).jpg\"><img loading=\"lazy\" src=\"https:\/\/www.calendriers-artistiques.fr\/wp-content\/uploads\/calendriersmedia\/vignette.jpg\" alt=\"\" width=\"33\" height=\"85\" class=\"alignnone size-full wp-image-24\" \/><\/a><\/td>\n<\/tr>\n<tr class=\"row-591 odd\">\n\t<td class=\"column-1\">MAGNY-LE-HONGRE<\/td><td class=\"column-2\">RUE DES LABOURS<\/td><td class=\"column-3\">LA PHARMACIE DE MAGNY<\/td><td class=\"column-4\">SEINE-ET-MARNE<\/td><td class=\"column-5\">2011<\/td><td class=\"column-6\"><a href=\"https:\/\/www.calendriers-artistiques.fr\/wp-content\/uploads\/calendriersmedia\/2011 (60).jpg\"><img loading=\"lazy\" src=\"https:\/\/www.calendriers-artistiques.fr\/wp-content\/uploads\/calendriersmedia\/vignette.jpg\" alt=\"\" width=\"33\" height=\"85\" class=\"alignnone size-full wp-image-24\" \/><\/a><\/td>\n<\/tr>\n<tr class=\"row-592 even\">\n\t<td class=\"column-1\">MENILLES<\/td><td class=\"column-2\">RUE ARISTIDE BRIAND<\/td><td class=\"column-3\">LA PHARMACIE DU MARCHE<\/td><td class=\"column-4\">EURE<\/td><td class=\"column-5\">2011<\/td><td class=\"column-6\"><a href=\"https:\/\/www.calendriers-artistiques.fr\/wp-content\/uploads\/calendriersmedia\/2011 (61).jpg\"><img loading=\"lazy\" src=\"https:\/\/www.calendriers-artistiques.fr\/wp-content\/uploads\/calendriersmedia\/vignette.jpg\" alt=\"\" width=\"33\" height=\"85\" class=\"alignnone size-full wp-image-24\" \/><\/a><\/td>\n<\/tr>\n<tr class=\"row-593 odd\">\n\t<td class=\"column-1\">MERTEN<\/td><td class=\"column-2\">PLACE DU CH\u00c3\u0192\u00e2\u20ac\u0161TEAU<\/td><td class=\"column-3\">LA PHARMACIE ANDRE<\/td><td class=\"column-4\">MOSELLE<\/td><td class=\"column-5\">2011<\/td><td class=\"column-6\"><a href=\"https:\/\/www.calendriers-artistiques.fr\/wp-content\/uploads\/calendriersmedia\/2011 (62).jpg\"><img loading=\"lazy\" src=\"https:\/\/www.calendriers-artistiques.fr\/wp-content\/uploads\/calendriersmedia\/vignette.jpg\" alt=\"\" width=\"33\" height=\"85\" class=\"alignnone size-full wp-image-24\" \/><\/a><\/td>\n<\/tr>\n<tr class=\"row-594 even\">\n\t<td class=\"column-1\">MORET-SUR-LOING<\/td><td class=\"column-2\">RUE GRANDE<\/td><td class=\"column-3\">LA PHARMACIE DU LOING<\/td><td class=\"column-4\">SEINE-ET-MARNE<\/td><td class=\"column-5\">2011<\/td><td class=\"column-6\"><a href=\"https:\/\/www.calendriers-artistiques.fr\/wp-content\/uploads\/calendriersmedia\/2011 (63).jpg\"><img loading=\"lazy\" src=\"https:\/\/www.calendriers-artistiques.fr\/wp-content\/uploads\/calendriersmedia\/vignette.jpg\" alt=\"\" width=\"33\" height=\"85\" class=\"alignnone size-full wp-image-24\" \/><\/a><\/td>\n<\/tr>\n<tr class=\"row-595 odd\">\n\t<td class=\"column-1\">MOUVAUX<\/td><td class=\"column-2\">RUE DE LILLE<\/td><td class=\"column-3\">LA PHARMACIE DELCOUR-BUYSSE<\/td><td class=\"column-4\">NORD<\/td><td class=\"column-5\">2011<\/td><td class=\"column-6\"><a href=\"https:\/\/www.calendriers-artistiques.fr\/wp-content\/uploads\/calendriersmedia\/2011 (64).jpg\"><img loading=\"lazy\" src=\"https:\/\/www.calendriers-artistiques.fr\/wp-content\/uploads\/calendriersmedia\/vignette.jpg\" alt=\"\" width=\"33\" height=\"85\" class=\"alignnone size-full wp-image-24\" \/><\/a><\/td>\n<\/tr>\n<tr class=\"row-596 even\">\n\t<td class=\"column-1\">NANTEUIL-LE-HAUDOUIN<\/td><td class=\"column-2\">RUE DE PARIS<\/td><td class=\"column-3\">LA PHARMACIE DU HAUDOUIN<\/td><td class=\"column-4\">OISE<\/td><td class=\"column-5\">2011<\/td><td class=\"column-6\"><a href=\"https:\/\/www.calendriers-artistiques.fr\/wp-content\/uploads\/calendriersmedia\/2011 (65).jpg\"><img loading=\"lazy\" src=\"https:\/\/www.calendriers-artistiques.fr\/wp-content\/uploads\/calendriersmedia\/vignette.jpg\" alt=\"\" width=\"33\" height=\"85\" class=\"alignnone size-full wp-image-24\" \/><\/a><\/td>\n<\/tr>\n<tr class=\"row-597 odd\">\n\t<td class=\"column-1\">ORCHIES<\/td><td class=\"column-2\">PLACE DU GENERAL DE GAULLE<\/td><td class=\"column-3\">LA PHARMACIE DE L'H\u00c3\u0192\u00e2\u20ac\u009dTEL DE VILLE<\/td><td class=\"column-4\">NORD<\/td><td class=\"column-5\">2011<\/td><td class=\"column-6\"><a href=\"https:\/\/www.calendriers-artistiques.fr\/wp-content\/uploads\/calendriersmedia\/2011 (66).jpg\"><img loading=\"lazy\" src=\"https:\/\/www.calendriers-artistiques.fr\/wp-content\/uploads\/calendriersmedia\/vignette.jpg\" alt=\"\" width=\"33\" height=\"85\" class=\"alignnone size-full wp-image-24\" \/><\/a><\/td>\n<\/tr>\n<tr class=\"row-598 even\">\n\t<td class=\"column-1\">PARMAIN<\/td><td class=\"column-2\">RUE DU GENERAL DE GAULLE<\/td><td class=\"column-3\">LA PHARMACIE DES ARCADES<\/td><td class=\"column-4\">VAL-D'OISE<\/td><td class=\"column-5\">2011<\/td><td class=\"column-6\"><a href=\"https:\/\/www.calendriers-artistiques.fr\/wp-content\/uploads\/calendriersmedia\/2011 (67).jpg\"><img loading=\"lazy\" src=\"https:\/\/www.calendriers-artistiques.fr\/wp-content\/uploads\/calendriersmedia\/vignette.jpg\" alt=\"\" width=\"33\" height=\"85\" class=\"alignnone size-full wp-image-24\" \/><\/a><\/td>\n<\/tr>\n<tr class=\"row-599 odd\">\n\t<td class=\"column-1\">PERSAN<\/td><td class=\"column-2\">AVENUE JACQUES VOGT<\/td><td class=\"column-3\">LA PHARMACIE VAUDOU<\/td><td class=\"column-4\">VAL-D'OISE<\/td><td class=\"column-5\">2011<\/td><td class=\"column-6\"><a href=\"https:\/\/www.calendriers-artistiques.fr\/wp-content\/uploads\/calendriersmedia\/2011 (68).jpg\"><img loading=\"lazy\" src=\"https:\/\/www.calendriers-artistiques.fr\/wp-content\/uploads\/calendriersmedia\/vignette.jpg\" alt=\"\" width=\"33\" height=\"85\" class=\"alignnone size-full wp-image-24\" \/><\/a><\/td>\n<\/tr>\n<tr class=\"row-600 even\">\n\t<td class=\"column-1\">PONTORSON<\/td><td class=\"column-2\">PLACE DE L'H\u00c3\u0192\u00e2\u20ac\u009dTEL DE VILLE<\/td><td class=\"column-3\">LA PHARMACIE PONT D'ORSON<\/td><td class=\"column-4\">MANCHE<\/td><td class=\"column-5\">2011<\/td><td class=\"column-6\"><a href=\"https:\/\/www.calendriers-artistiques.fr\/wp-content\/uploads\/calendriersmedia\/2011 (69).jpg\"><img loading=\"lazy\" src=\"https:\/\/www.calendriers-artistiques.fr\/wp-content\/uploads\/calendriersmedia\/vignette.jpg\" alt=\"\" width=\"33\" height=\"85\" class=\"alignnone size-full wp-image-24\" \/><\/a><\/td>\n<\/tr>\n<tr class=\"row-601 odd\">\n\t<td class=\"column-1\">PONT-REMY<\/td><td class=\"column-2\">PLACE DU MAISNIEL<\/td><td class=\"column-3\">LA PHARMACIE DES DIX PONTS<\/td><td class=\"column-4\">SOMME<\/td><td class=\"column-5\">2011<\/td><td class=\"column-6\"><a href=\"https:\/\/www.calendriers-artistiques.fr\/wp-content\/uploads\/calendriersmedia\/2011 (70).jpg\"><img loading=\"lazy\" src=\"https:\/\/www.calendriers-artistiques.fr\/wp-content\/uploads\/calendriersmedia\/vignette.jpg\" alt=\"\" width=\"33\" height=\"85\" class=\"alignnone size-full wp-image-24\" \/><\/a><\/td>\n<\/tr>\n<tr class=\"row-602 even\">\n\t<td class=\"column-1\">REVIN<\/td><td class=\"column-2\">RUE VICTOR HUGO<\/td><td class=\"column-3\">LA PHARMACIE DE LA HALLE<\/td><td class=\"column-4\">ARDENNES<\/td><td class=\"column-5\">2011<\/td><td class=\"column-6\"><a href=\"https:\/\/www.calendriers-artistiques.fr\/wp-content\/uploads\/calendriersmedia\/2011 (71).jpg\"><img loading=\"lazy\" src=\"https:\/\/www.calendriers-artistiques.fr\/wp-content\/uploads\/calendriersmedia\/vignette.jpg\" alt=\"\" width=\"33\" height=\"85\" class=\"alignnone size-full wp-image-24\" \/><\/a><\/td>\n<\/tr>\n<tr class=\"row-603 odd\">\n\t<td class=\"column-1\">ROMILLY-SUR-SEINE<\/td><td class=\"column-2\">RUE ARISTIDE BRIAND<\/td><td class=\"column-3\">LA PHARMACIE RAMBERTI<\/td><td class=\"column-4\">AUBE<\/td><td class=\"column-5\">2011<\/td><td class=\"column-6\"><a href=\"https:\/\/www.calendriers-artistiques.fr\/wp-content\/uploads\/calendriersmedia\/2011 (72).jpg\"><img loading=\"lazy\" src=\"https:\/\/www.calendriers-artistiques.fr\/wp-content\/uploads\/calendriersmedia\/vignette.jpg\" alt=\"\" width=\"33\" height=\"85\" class=\"alignnone size-full wp-image-24\" \/><\/a><\/td>\n<\/tr>\n<tr class=\"row-604 even\">\n\t<td class=\"column-1\">RONCQ<\/td><td class=\"column-2\">RUE DE LILLE<\/td><td class=\"column-3\">LA PHARMACIE POTENCIER<\/td><td class=\"column-4\">NORD<\/td><td class=\"column-5\">2011<\/td><td class=\"column-6\"><a href=\"https:\/\/www.calendriers-artistiques.fr\/wp-content\/uploads\/calendriersmedia\/2011 (73).jpg\"><img loading=\"lazy\" src=\"https:\/\/www.calendriers-artistiques.fr\/wp-content\/uploads\/calendriersmedia\/vignette.jpg\" alt=\"\" width=\"33\" height=\"85\" class=\"alignnone size-full wp-image-24\" \/><\/a><\/td>\n<\/tr>\n<tr class=\"row-605 odd\">\n\t<td class=\"column-1\">RONCQ<\/td><td class=\"column-2\">RUE DE LILLE<\/td><td class=\"column-3\">LA PHARMACIE POTENCIER-BINAUT<\/td><td class=\"column-4\">NORD<\/td><td class=\"column-5\">2011<\/td><td class=\"column-6\"><a href=\"https:\/\/www.calendriers-artistiques.fr\/wp-content\/uploads\/calendriersmedia\/2011 (74).jpg\"><img loading=\"lazy\" src=\"https:\/\/www.calendriers-artistiques.fr\/wp-content\/uploads\/calendriersmedia\/vignette.jpg\" alt=\"\" width=\"33\" height=\"85\" class=\"alignnone size-full wp-image-24\" \/><\/a><\/td>\n<\/tr>\n<tr class=\"row-606 even\">\n\t<td class=\"column-1\">ROSENDA\u00c3\u0192\u00e2\u20ac\u00b9L<\/td><td class=\"column-2\">RUE PAUL MACHY<\/td><td class=\"column-3\">LA PHARMACIE DE LA MAIRIE<\/td><td class=\"column-4\">NORD<\/td><td class=\"column-5\">2011<\/td><td class=\"column-6\"><a href=\"https:\/\/www.calendriers-artistiques.fr\/wp-content\/uploads\/calendriersmedia\/2011 (75).jpg\"><img loading=\"lazy\" src=\"https:\/\/www.calendriers-artistiques.fr\/wp-content\/uploads\/calendriersmedia\/vignette.jpg\" alt=\"\" width=\"33\" height=\"85\" class=\"alignnone size-full wp-image-24\" \/><\/a><\/td>\n<\/tr>\n<tr class=\"row-607 odd\">\n\t<td class=\"column-1\">SAINS-EN-GOHELLE<\/td><td class=\"column-2\">BOULEVARD DU GENERAL LECLERC<\/td><td class=\"column-3\">LA PHARMACIE DU CENTRE<\/td><td class=\"column-4\">PAS-DE-CALAIS<\/td><td class=\"column-5\">2011<\/td><td class=\"column-6\"><a href=\"https:\/\/www.calendriers-artistiques.fr\/wp-content\/uploads\/calendriersmedia\/2011 (76).jpg\"><img loading=\"lazy\" src=\"https:\/\/www.calendriers-artistiques.fr\/wp-content\/uploads\/calendriersmedia\/vignette.jpg\" alt=\"\" width=\"33\" height=\"85\" class=\"alignnone size-full wp-image-24\" \/><\/a><\/td>\n<\/tr>\n<tr class=\"row-608 even\">\n\t<td class=\"column-1\">SAINTE-ADRESSE<\/td><td class=\"column-2\">RUE ALBERT DUBOSC<\/td><td class=\"column-3\">LA PHARMACIE DE L'EGLISE<\/td><td class=\"column-4\">SEINE-MARITIME<\/td><td class=\"column-5\">2011<\/td><td class=\"column-6\"><a href=\"https:\/\/www.calendriers-artistiques.fr\/wp-content\/uploads\/calendriersmedia\/2011 (77).jpg\"><img loading=\"lazy\" src=\"https:\/\/www.calendriers-artistiques.fr\/wp-content\/uploads\/calendriersmedia\/vignette.jpg\" alt=\"\" width=\"33\" height=\"85\" class=\"alignnone size-full wp-image-24\" \/><\/a><\/td>\n<\/tr>\n<tr class=\"row-609 odd\">\n\t<td class=\"column-1\">SAINT-L\u00c3\u0192\u00e2\u20ac\u009d<\/td><td class=\"column-2\">RUE HAVIN<\/td><td class=\"column-3\">LA PHARMACIE DU CENTRE<\/td><td class=\"column-4\">MANCHE<\/td><td class=\"column-5\">2011<\/td><td class=\"column-6\"><a href=\"https:\/\/www.calendriers-artistiques.fr\/wp-content\/uploads\/calendriersmedia\/2011 (78).jpg\"><img loading=\"lazy\" src=\"https:\/\/www.calendriers-artistiques.fr\/wp-content\/uploads\/calendriersmedia\/vignette.jpg\" alt=\"\" width=\"33\" height=\"85\" class=\"alignnone size-full wp-image-24\" \/><\/a><\/td>\n<\/tr>\n<tr class=\"row-610 even\">\n\t<td class=\"column-1\">SAINT L\u00c3\u0192\u00e2\u20ac\u009d<\/td><td class=\"column-2\">PLACE DU GENERAL DE GAULLE<\/td><td class=\"column-3\">LA PHARMACIE SAINT LAUD<\/td><td class=\"column-4\">MANCHE<\/td><td class=\"column-5\">2011<\/td><td class=\"column-6\"><a href=\"https:\/\/www.calendriers-artistiques.fr\/wp-content\/uploads\/calendriersmedia\/2011 (79).jpg\"><img loading=\"lazy\" src=\"https:\/\/www.calendriers-artistiques.fr\/wp-content\/uploads\/calendriersmedia\/vignette.jpg\" alt=\"\" width=\"33\" height=\"85\" class=\"alignnone size-full wp-image-24\" \/><\/a><\/td>\n<\/tr>\n<tr class=\"row-611 odd\">\n\t<td class=\"column-1\">SAINT OMER<\/td><td class=\"column-2\">PLACE FOCH<\/td><td class=\"column-3\">LA PHARMACIE GALBY<\/td><td class=\"column-4\">PAS-DE-CALAIS<\/td><td class=\"column-5\">2011<\/td><td class=\"column-6\"><a href=\"https:\/\/www.calendriers-artistiques.fr\/wp-content\/uploads\/calendriersmedia\/2011 (80).jpg\"><img loading=\"lazy\" src=\"https:\/\/www.calendriers-artistiques.fr\/wp-content\/uploads\/calendriersmedia\/vignette.jpg\" alt=\"\" width=\"33\" height=\"85\" class=\"alignnone size-full wp-image-24\" \/><\/a><\/td>\n<\/tr>\n<tr class=\"row-612 even\">\n\t<td class=\"column-1\">SAINT-OUEN-L'AUM\u00c3\u0192\u00e2\u20ac\u009dNE<\/td><td class=\"column-2\">ZAC DE LIESSE<\/td><td class=\"column-3\">LA PHARMACIE DU VAL DE LIESSE<\/td><td class=\"column-4\">VAL-D'OISE<\/td><td class=\"column-5\">2011<\/td><td class=\"column-6\"><a href=\"https:\/\/www.calendriers-artistiques.fr\/wp-content\/uploads\/calendriersmedia\/2011 (81).jpg\"><img loading=\"lazy\" src=\"https:\/\/www.calendriers-artistiques.fr\/wp-content\/uploads\/calendriersmedia\/vignette.jpg\" alt=\"\" width=\"33\" height=\"85\" class=\"alignnone size-full wp-image-24\" \/><\/a><\/td>\n<\/tr>\n<tr class=\"row-613 odd\">\n\t<td class=\"column-1\">SAINT-PATHUS<\/td><td class=\"column-2\">ALLEE DE LA POSTE<\/td><td class=\"column-3\">LA PHARMACIE DE LA POSTE<\/td><td class=\"column-4\">SEINE-ET-MARNE<\/td><td class=\"column-5\">2011<\/td><td class=\"column-6\"><a href=\"https:\/\/www.calendriers-artistiques.fr\/wp-content\/uploads\/calendriersmedia\/2011 (82).jpg\"><img loading=\"lazy\" src=\"https:\/\/www.calendriers-artistiques.fr\/wp-content\/uploads\/calendriersmedia\/vignette.jpg\" alt=\"\" width=\"33\" height=\"85\" class=\"alignnone size-full wp-image-24\" \/><\/a><\/td>\n<\/tr>\n<tr class=\"row-614 even\">\n\t<td class=\"column-1\">SAINT-VENANT<\/td><td class=\"column-2\">RUE DU FAUBOURG<\/td><td class=\"column-3\">LA PHARMACIE DE LA LYS<\/td><td class=\"column-4\">PAS-DE-CALAIS<\/td><td class=\"column-5\">2011<\/td><td class=\"column-6\"><a href=\"https:\/\/www.calendriers-artistiques.fr\/wp-content\/uploads\/calendriersmedia\/2011 (83).jpg\"><img loading=\"lazy\" src=\"https:\/\/www.calendriers-artistiques.fr\/wp-content\/uploads\/calendriersmedia\/vignette.jpg\" alt=\"\" width=\"33\" height=\"85\" class=\"alignnone size-full wp-image-24\" \/><\/a><\/td>\n<\/tr>\n<tr class=\"row-615 odd\">\n\t<td class=\"column-1\">SARREBOURG<\/td><td class=\"column-2\">PLACE DU MARCHE<\/td><td class=\"column-3\">LA PHARMACIE DU MARCHE<\/td><td class=\"column-4\">MOSELLE<\/td><td class=\"column-5\">2011<\/td><td class=\"column-6\"><a href=\"https:\/\/www.calendriers-artistiques.fr\/wp-content\/uploads\/calendriersmedia\/2011 (84).jpg\"><img loading=\"lazy\" src=\"https:\/\/www.calendriers-artistiques.fr\/wp-content\/uploads\/calendriersmedia\/vignette.jpg\" alt=\"\" width=\"33\" height=\"85\" class=\"alignnone size-full wp-image-24\" \/><\/a><\/td>\n<\/tr>\n<tr class=\"row-616 even\">\n\t<td class=\"column-1\">SARS-POTERIES<\/td><td class=\"column-2\">RUE DU GENERAL DE GAULLE<\/td><td class=\"column-3\">LA PHARMACIE DU SARS<\/td><td class=\"column-4\">NORD<\/td><td class=\"column-5\">2011<\/td><td class=\"column-6\"><a href=\"https:\/\/www.calendriers-artistiques.fr\/wp-content\/uploads\/calendriersmedia\/2011 (85).jpg\"><img loading=\"lazy\" src=\"https:\/\/www.calendriers-artistiques.fr\/wp-content\/uploads\/calendriersmedia\/vignette.jpg\" alt=\"\" width=\"33\" height=\"85\" class=\"alignnone size-full wp-image-24\" \/><\/a><\/td>\n<\/tr>\n<tr class=\"row-617 odd\">\n\t<td class=\"column-1\">SARTYLLY<\/td><td class=\"column-2\">GRANDE RUE<\/td><td class=\"column-3\">LA PHARMACIE DE LA BAIE<\/td><td class=\"column-4\">MANCHE<\/td><td class=\"column-5\">2011<\/td><td class=\"column-6\"><a href=\"https:\/\/www.calendriers-artistiques.fr\/wp-content\/uploads\/calendriersmedia\/2011 (86).jpg\"><img loading=\"lazy\" src=\"https:\/\/www.calendriers-artistiques.fr\/wp-content\/uploads\/calendriersmedia\/vignette.jpg\" alt=\"\" width=\"33\" height=\"85\" class=\"alignnone size-full wp-image-24\" \/><\/a><\/td>\n<\/tr>\n<tr class=\"row-618 even\">\n\t<td class=\"column-1\">SIN-LE-NOBLE<\/td><td class=\"column-2\">PLACE JEAN JAURES<\/td><td class=\"column-3\">LA BOUTIQUE DU MATERIEL MEDICAL<\/td><td class=\"column-4\">NORD<\/td><td class=\"column-5\">2011<\/td><td class=\"column-6\"><a href=\"https:\/\/www.calendriers-artistiques.fr\/wp-content\/uploads\/calendriersmedia\/2011 (87).jpg\"><img loading=\"lazy\" src=\"https:\/\/www.calendriers-artistiques.fr\/wp-content\/uploads\/calendriersmedia\/vignette.jpg\" alt=\"\" width=\"33\" height=\"85\" class=\"alignnone size-full wp-image-24\" \/><\/a><\/td>\n<\/tr>\n<tr class=\"row-619 odd\">\n\t<td class=\"column-1\">TAVERNY<\/td><td class=\"column-2\">AVENUE DE VERDUN<\/td><td class=\"column-3\">LA PHARMACIE LEJEUNE<\/td><td class=\"column-4\">VAL-D'OISE<\/td><td class=\"column-5\">2011<\/td><td class=\"column-6\"><a href=\"https:\/\/www.calendriers-artistiques.fr\/wp-content\/uploads\/calendriersmedia\/2011 (88).jpg\"><img loading=\"lazy\" src=\"https:\/\/www.calendriers-artistiques.fr\/wp-content\/uploads\/calendriersmedia\/vignette.jpg\" alt=\"\" width=\"33\" height=\"85\" class=\"alignnone size-full wp-image-24\" \/><\/a><\/td>\n<\/tr>\n<tr class=\"row-620 even\">\n\t<td class=\"column-1\">TOURCOING<\/td><td class=\"column-2\">BOULEVARD GAMBETTA<\/td><td class=\"column-3\">DEBAISIEUX IMMOBILIER<\/td><td class=\"column-4\">NORD<\/td><td class=\"column-5\">2011<\/td><td class=\"column-6\"><a href=\"https:\/\/www.calendriers-artistiques.fr\/wp-content\/uploads\/calendriersmedia\/2011 (89).jpg\"><img loading=\"lazy\" src=\"https:\/\/www.calendriers-artistiques.fr\/wp-content\/uploads\/calendriersmedia\/vignette.jpg\" alt=\"\" width=\"33\" height=\"85\" class=\"alignnone size-full wp-image-24\" \/><\/a><\/td>\n<\/tr>\n<tr class=\"row-621 odd\">\n\t<td class=\"column-1\">TRILPORT<\/td><td class=\"column-2\">AVENUE DE VERDUN<\/td><td class=\"column-3\">LA PHARMACIE BARBIER<\/td><td class=\"column-4\">SEINE-ET-MARNE<\/td><td class=\"column-5\">2011<\/td><td class=\"column-6\"><a href=\"https:\/\/www.calendriers-artistiques.fr\/wp-content\/uploads\/calendriersmedia\/2011 (90).jpg\"><img loading=\"lazy\" src=\"https:\/\/www.calendriers-artistiques.fr\/wp-content\/uploads\/calendriersmedia\/vignette.jpg\" alt=\"\" width=\"33\" height=\"85\" class=\"alignnone size-full wp-image-24\" \/><\/a><\/td>\n<\/tr>\n<tr class=\"row-622 even\">\n\t<td class=\"column-1\">VALENCIENNES<\/td><td class=\"column-2\">RUE DE FAMARS<\/td><td class=\"column-3\">LA PHARMACIE HIVES-JORION<\/td><td class=\"column-4\">NORD<\/td><td class=\"column-5\">2011<\/td><td class=\"column-6\"><a href=\"https:\/\/www.calendriers-artistiques.fr\/wp-content\/uploads\/calendriersmedia\/2011 (91).jpg\"><img loading=\"lazy\" src=\"https:\/\/www.calendriers-artistiques.fr\/wp-content\/uploads\/calendriersmedia\/vignette.jpg\" alt=\"\" width=\"33\" height=\"85\" class=\"alignnone size-full wp-image-24\" \/><\/a><\/td>\n<\/tr>\n<tr class=\"row-623 odd\">\n\t<td class=\"column-1\">VENDIN-LE-VIEIL<\/td><td class=\"column-2\">RUE CASIMIR BEUGNET<\/td><td class=\"column-3\">LA PHARMACIE BELIART<\/td><td class=\"column-4\">PAS-DE-CALAIS<\/td><td class=\"column-5\">2011<\/td><td class=\"column-6\"><a href=\"https:\/\/www.calendriers-artistiques.fr\/wp-content\/uploads\/calendriersmedia\/2011 (92).jpg\"><img loading=\"lazy\" src=\"https:\/\/www.calendriers-artistiques.fr\/wp-content\/uploads\/calendriersmedia\/vignette.jpg\" alt=\"\" width=\"33\" height=\"85\" class=\"alignnone size-full wp-image-24\" \/><\/a><\/td>\n<\/tr>\n<tr class=\"row-624 even\">\n\t<td class=\"column-1\">VERNOUILLET<\/td><td class=\"column-2\">PLACE DU GENERAL DE GAULLE<\/td><td class=\"column-3\">LA PHARMACIE DE LA POSTE<\/td><td class=\"column-4\">YVELINES<\/td><td class=\"column-5\">2011<\/td><td class=\"column-6\"><a href=\"https:\/\/www.calendriers-artistiques.fr\/wp-content\/uploads\/calendriersmedia\/2011 (93).jpg\"><img loading=\"lazy\" src=\"https:\/\/www.calendriers-artistiques.fr\/wp-content\/uploads\/calendriersmedia\/vignette.jpg\" alt=\"\" width=\"33\" height=\"85\" class=\"alignnone size-full wp-image-24\" \/><\/a><\/td>\n<\/tr>\n<tr class=\"row-625 odd\">\n\t<td class=\"column-1\">VIEUX-CONDE<\/td><td class=\"column-2\">RUE GAMBETTA<\/td><td class=\"column-3\">LA PHARMACIE MERLIN<\/td><td class=\"column-4\">NORD<\/td><td class=\"column-5\">2011<\/td><td class=\"column-6\"><a href=\"https:\/\/www.calendriers-artistiques.fr\/wp-content\/uploads\/calendriersmedia\/2011 (94).jpg\"><img loading=\"lazy\" src=\"https:\/\/www.calendriers-artistiques.fr\/wp-content\/uploads\/calendriersmedia\/vignette.jpg\" alt=\"\" width=\"33\" height=\"85\" class=\"alignnone size-full wp-image-24\" \/><\/a><\/td>\n<\/tr>\n<tr class=\"row-626 even\">\n\t<td class=\"column-1\">ABBEVILLE<\/td><td class=\"column-2\">RUE SAINT VULFRAN<\/td><td class=\"column-3\">LA PHARMACIE SAINT VULFRAN<\/td><td class=\"column-4\">SOMME<\/td><td class=\"column-5\">2010<\/td><td class=\"column-6\"><a href=\"https:\/\/www.calendriers-artistiques.fr\/wp-content\/uploads\/calendriersmedia\/2010 (1).jpg\"><img loading=\"lazy\" src=\"https:\/\/www.calendriers-artistiques.fr\/wp-content\/uploads\/calendriersmedia\/vignette.jpg\" alt=\"\" width=\"33\" height=\"85\" class=\"alignnone size-full wp-image-24\" \/><\/a><\/td>\n<\/tr>\n<tr class=\"row-627 odd\">\n\t<td class=\"column-1\">ACHICOURT<\/td><td class=\"column-2\">ROUTE DE BAPAUME<\/td><td class=\"column-3\">LA PHARMACIE VAUSSELIN<\/td><td class=\"column-4\">PAS-DE-CALAIS<\/td><td class=\"column-5\">2010<\/td><td class=\"column-6\"><a href=\"https:\/\/www.calendriers-artistiques.fr\/wp-content\/uploads\/calendriersmedia\/2010 (2).jpg\"><img loading=\"lazy\" src=\"https:\/\/www.calendriers-artistiques.fr\/wp-content\/uploads\/calendriersmedia\/vignette.jpg\" alt=\"\" width=\"33\" height=\"85\" class=\"alignnone size-full wp-image-24\" \/><\/a><\/td>\n<\/tr>\n<tr class=\"row-628 even\">\n\t<td class=\"column-1\">ACHIET LE GRAND<\/td><td class=\"column-2\">ROUTE DE BAPAUME<\/td><td class=\"column-3\">LA PHARMACIE DOSSET<\/td><td class=\"column-4\">PAS-DE-CALAIS<\/td><td class=\"column-5\">2010<\/td><td class=\"column-6\"><a href=\"https:\/\/www.calendriers-artistiques.fr\/wp-content\/uploads\/calendriersmedia\/2010 (3).jpg\"><img loading=\"lazy\" src=\"https:\/\/www.calendriers-artistiques.fr\/wp-content\/uploads\/calendriersmedia\/vignette.jpg\" alt=\"\" width=\"33\" height=\"85\" class=\"alignnone size-full wp-image-24\" \/><\/a><\/td>\n<\/tr>\n<tr class=\"row-629 odd\">\n\t<td class=\"column-1\">AGNEAUX<\/td><td class=\"column-2\">PLACE DE LA PALIERE<\/td><td class=\"column-3\">LA PHARMACIE PALLIX<\/td><td class=\"column-4\">MANCHE<\/td><td class=\"column-5\">2010<\/td><td class=\"column-6\"><a href=\"https:\/\/www.calendriers-artistiques.fr\/wp-content\/uploads\/calendriersmedia\/2010 (4).jpg\"><img loading=\"lazy\" src=\"https:\/\/www.calendriers-artistiques.fr\/wp-content\/uploads\/calendriersmedia\/vignette.jpg\" alt=\"\" width=\"33\" height=\"85\" class=\"alignnone size-full wp-image-24\" \/><\/a><\/td>\n<\/tr>\n<tr class=\"row-630 even\">\n\t<td class=\"column-1\">ALLOUAGNE<\/td><td class=\"column-2\">RUE DU GENERAL LECLERC<\/td><td class=\"column-3\">LA PHARMACIE FRYDER-GILLER<\/td><td class=\"column-4\">PAS-DE-CALAIS<\/td><td class=\"column-5\">2010<\/td><td class=\"column-6\"><a href=\"https:\/\/www.calendriers-artistiques.fr\/wp-content\/uploads\/calendriersmedia\/2010 (5).jpg\"><img loading=\"lazy\" src=\"https:\/\/www.calendriers-artistiques.fr\/wp-content\/uploads\/calendriersmedia\/vignette.jpg\" alt=\"\" width=\"33\" height=\"85\" class=\"alignnone size-full wp-image-24\" \/><\/a><\/td>\n<\/tr>\n<tr class=\"row-631 odd\">\n\t<td class=\"column-1\">ARRAS<\/td><td class=\"column-2\">RUE MEAULEANS<\/td><td class=\"column-3\">LA BOUTIQUE DU MATERIEL MEDICAL<\/td><td class=\"column-4\">PAS-DE-CALAIS<\/td><td class=\"column-5\">2010<\/td><td class=\"column-6\"><a href=\"https:\/\/www.calendriers-artistiques.fr\/wp-content\/uploads\/calendriersmedia\/2010 (6).jpg\"><img loading=\"lazy\" src=\"https:\/\/www.calendriers-artistiques.fr\/wp-content\/uploads\/calendriersmedia\/vignette.jpg\" alt=\"\" width=\"33\" height=\"85\" class=\"alignnone size-full wp-image-24\" \/><\/a><\/td>\n<\/tr>\n<tr class=\"row-632 even\">\n\t<td class=\"column-1\">AULNOYE-AYMERIES<\/td><td class=\"column-2\">PLACE SERGE JUSTE<\/td><td class=\"column-3\">LA PHARMACIE DE LA GARE<\/td><td class=\"column-4\">NORD<\/td><td class=\"column-5\">2010<\/td><td class=\"column-6\"><a href=\"https:\/\/www.calendriers-artistiques.fr\/wp-content\/uploads\/calendriersmedia\/2010 (7).jpg\"><img loading=\"lazy\" src=\"https:\/\/www.calendriers-artistiques.fr\/wp-content\/uploads\/calendriersmedia\/vignette.jpg\" alt=\"\" width=\"33\" height=\"85\" class=\"alignnone size-full wp-image-24\" \/><\/a><\/td>\n<\/tr>\n<tr class=\"row-633 odd\">\n\t<td class=\"column-1\">AULNOYE-AYMERIES<\/td><td class=\"column-2\">PLACE DE L'H\u00c3\u0192\u00e2\u20ac\u009dTEL DE VILLE<\/td><td class=\"column-3\">LA PHARMACIE DE L'H\u00c3\u0192\u00e2\u20ac\u009dTEL DE VILLE<\/td><td class=\"column-4\">NORD<\/td><td class=\"column-5\">2010<\/td><td class=\"column-6\"><a href=\"https:\/\/www.calendriers-artistiques.fr\/wp-content\/uploads\/calendriersmedia\/2010 (8).jpg\"><img loading=\"lazy\" src=\"https:\/\/www.calendriers-artistiques.fr\/wp-content\/uploads\/calendriersmedia\/vignette.jpg\" alt=\"\" width=\"33\" height=\"85\" class=\"alignnone size-full wp-image-24\" \/><\/a><\/td>\n<\/tr>\n<tr class=\"row-634 even\">\n\t<td class=\"column-1\">AUXI-LE-CH\u00c3\u0192\u00e2\u20ac\u0161TEAU<\/td><td class=\"column-2\">PLACE DE L'H\u00c3\u0192\u00e2\u20ac\u009dTEL DE VILLE<\/td><td class=\"column-3\">LA PHARMACIE DE L'AUTHIE<\/td><td class=\"column-4\">PAS-DE-CALAIS<\/td><td class=\"column-5\">2010<\/td><td class=\"column-6\"><a href=\"https:\/\/www.calendriers-artistiques.fr\/wp-content\/uploads\/calendriersmedia\/2010 (9).jpg\"><img loading=\"lazy\" src=\"https:\/\/www.calendriers-artistiques.fr\/wp-content\/uploads\/calendriersmedia\/vignette.jpg\" alt=\"\" width=\"33\" height=\"85\" class=\"alignnone size-full wp-image-24\" \/><\/a><\/td>\n<\/tr>\n<tr class=\"row-635 odd\">\n\t<td class=\"column-1\">BACHANT<\/td><td class=\"column-2\">RUE MAURICE POIRETTE<\/td><td class=\"column-3\">LA PHARMACIE PONT D'ORSON<\/td><td class=\"column-4\">NORD<\/td><td class=\"column-5\">2010<\/td><td class=\"column-6\"><a href=\"https:\/\/www.calendriers-artistiques.fr\/wp-content\/uploads\/calendriersmedia\/2010 (10).jpg\"><img loading=\"lazy\" src=\"https:\/\/www.calendriers-artistiques.fr\/wp-content\/uploads\/calendriersmedia\/vignette.jpg\" alt=\"\" width=\"33\" height=\"85\" class=\"alignnone size-full wp-image-24\" \/><\/a><\/td>\n<\/tr>\n<tr class=\"row-636 even\">\n\t<td class=\"column-1\">BAYEUX<\/td><td class=\"column-2\">RUE SAINT PATRICE<\/td><td class=\"column-3\">LA PHARMACIE SAINT PATRICE<\/td><td class=\"column-4\">CALVADOS<\/td><td class=\"column-5\">2010<\/td><td class=\"column-6\"><a href=\"https:\/\/www.calendriers-artistiques.fr\/wp-content\/uploads\/calendriersmedia\/2010 (11).jpg\"><img loading=\"lazy\" src=\"https:\/\/www.calendriers-artistiques.fr\/wp-content\/uploads\/calendriersmedia\/vignette.jpg\" alt=\"\" width=\"33\" height=\"85\" class=\"alignnone size-full wp-image-24\" \/><\/a><\/td>\n<\/tr>\n<tr class=\"row-637 odd\">\n\t<td class=\"column-1\">BEAULIEU-LES-FONTAINES<\/td><td class=\"column-2\">RUE DE NESLE<\/td><td class=\"column-3\">LA PHARMACIE BOUQUET<\/td><td class=\"column-4\">OISE<\/td><td class=\"column-5\">2010<\/td><td class=\"column-6\"><a href=\"https:\/\/www.calendriers-artistiques.fr\/wp-content\/uploads\/calendriersmedia\/2010 (12).jpg\"><img loading=\"lazy\" src=\"https:\/\/www.calendriers-artistiques.fr\/wp-content\/uploads\/calendriersmedia\/vignette.jpg\" alt=\"\" width=\"33\" height=\"85\" class=\"alignnone size-full wp-image-24\" \/><\/a><\/td>\n<\/tr>\n<tr class=\"row-638 even\">\n\t<td class=\"column-1\">BEAUMONT-SUR-OISE<\/td><td class=\"column-2\">PLACE GABRIEL PERI<\/td><td class=\"column-3\">LA PHARMACIE GRIMAUXT-PARMENTIER<\/td><td class=\"column-4\">VAL-D'OISE<\/td><td class=\"column-5\">2010<\/td><td class=\"column-6\"><a href=\"https:\/\/www.calendriers-artistiques.fr\/wp-content\/uploads\/calendriersmedia\/2010 (13).jpg\"><img loading=\"lazy\" src=\"https:\/\/www.calendriers-artistiques.fr\/wp-content\/uploads\/calendriersmedia\/vignette.jpg\" alt=\"\" width=\"33\" height=\"85\" class=\"alignnone size-full wp-image-24\" \/><\/a><\/td>\n<\/tr>\n<tr class=\"row-639 odd\">\n\t<td class=\"column-1\">BEAUVAIS<\/td><td class=\"column-2\">RUE DE LA MADELEINE<\/td><td class=\"column-3\">LA PHARMACIE DES HALLES<\/td><td class=\"column-4\">OISE<\/td><td class=\"column-5\">2010<\/td><td class=\"column-6\"><a href=\"https:\/\/www.calendriers-artistiques.fr\/wp-content\/uploads\/calendriersmedia\/2010 (14).jpg\"><img loading=\"lazy\" src=\"https:\/\/www.calendriers-artistiques.fr\/wp-content\/uploads\/calendriersmedia\/vignette.jpg\" alt=\"\" width=\"33\" height=\"85\" class=\"alignnone size-full wp-image-24\" \/><\/a><\/td>\n<\/tr>\n<tr class=\"row-640 even\">\n\t<td class=\"column-1\">BERLAIMONT<\/td><td class=\"column-2\">PLACE DU GENERAL DE GAULLE<\/td><td class=\"column-3\">LA PHARMACIE DE MORMAL<\/td><td class=\"column-4\">NORD<\/td><td class=\"column-5\">2010<\/td><td class=\"column-6\"><a href=\"https:\/\/www.calendriers-artistiques.fr\/wp-content\/uploads\/calendriersmedia\/2010 (15).jpg\"><img loading=\"lazy\" src=\"https:\/\/www.calendriers-artistiques.fr\/wp-content\/uploads\/calendriersmedia\/vignette.jpg\" alt=\"\" width=\"33\" height=\"85\" class=\"alignnone size-full wp-image-24\" \/><\/a><\/td>\n<\/tr>\n<tr class=\"row-641 odd\">\n\t<td class=\"column-1\">BERNAVILLE<\/td><td class=\"column-2\">RUE DU GENERAL CREPIN<\/td><td class=\"column-3\">LA PHARMACIE VANHERSECKE<\/td><td class=\"column-4\">SOMME<\/td><td class=\"column-5\">2010<\/td><td class=\"column-6\"><a href=\"https:\/\/www.calendriers-artistiques.fr\/wp-content\/uploads\/calendriersmedia\/2010 (16).jpg\"><img loading=\"lazy\" src=\"https:\/\/www.calendriers-artistiques.fr\/wp-content\/uploads\/calendriersmedia\/vignette.jpg\" alt=\"\" width=\"33\" height=\"85\" class=\"alignnone size-full wp-image-24\" \/><\/a><\/td>\n<\/tr>\n<tr class=\"row-642 even\">\n\t<td class=\"column-1\">BEYNES<\/td><td class=\"column-2\">CENTRE COMMERCIAL PETITE MAULDRE<\/td><td class=\"column-3\">LA PHARMACIE BEDEL<\/td><td class=\"column-4\">YVELINES<\/td><td class=\"column-5\">2010<\/td><td class=\"column-6\"><a href=\"https:\/\/www.calendriers-artistiques.fr\/wp-content\/uploads\/calendriersmedia\/2010 (17).jpg\"><img loading=\"lazy\" src=\"https:\/\/www.calendriers-artistiques.fr\/wp-content\/uploads\/calendriersmedia\/vignette.jpg\" alt=\"\" width=\"33\" height=\"85\" class=\"alignnone size-full wp-image-24\" \/><\/a><\/td>\n<\/tr>\n<tr class=\"row-643 odd\">\n\t<td class=\"column-1\">BOLLEZEELE<\/td><td class=\"column-2\">GRAND PLACE<\/td><td class=\"column-3\">LA PHARMACIE SAUTIERE<\/td><td class=\"column-4\">NORD<\/td><td class=\"column-5\">2010<\/td><td class=\"column-6\"><a href=\"https:\/\/www.calendriers-artistiques.fr\/wp-content\/uploads\/calendriersmedia\/2010 (18).jpg\"><img loading=\"lazy\" src=\"https:\/\/www.calendriers-artistiques.fr\/wp-content\/uploads\/calendriersmedia\/vignette.jpg\" alt=\"\" width=\"33\" height=\"85\" class=\"alignnone size-full wp-image-24\" \/><\/a><\/td>\n<\/tr>\n<tr class=\"row-644 even\">\n\t<td class=\"column-1\">BRENOUILLE<\/td><td class=\"column-2\">PLACE LAMARTINE<\/td><td class=\"column-3\">LA PHARMACIE MOUCHART<\/td><td class=\"column-4\">OISE<\/td><td class=\"column-5\">2010<\/td><td class=\"column-6\"><a href=\"https:\/\/www.calendriers-artistiques.fr\/wp-content\/uploads\/calendriersmedia\/2010 (19).jpg\"><img loading=\"lazy\" src=\"https:\/\/www.calendriers-artistiques.fr\/wp-content\/uploads\/calendriersmedia\/vignette.jpg\" alt=\"\" width=\"33\" height=\"85\" class=\"alignnone size-full wp-image-24\" \/><\/a><\/td>\n<\/tr>\n<tr class=\"row-645 odd\">\n\t<td class=\"column-1\">BREVAL<\/td><td class=\"column-2\">PLACE BIHOREL<\/td><td class=\"column-3\">LA PHARMACIE DE BREVAL<\/td><td class=\"column-4\">YVELINES<\/td><td class=\"column-5\">2010<\/td><td class=\"column-6\"><a href=\"https:\/\/www.calendriers-artistiques.fr\/wp-content\/uploads\/calendriersmedia\/2010 (20).jpg\"><img loading=\"lazy\" src=\"https:\/\/www.calendriers-artistiques.fr\/wp-content\/uploads\/calendriersmedia\/vignette.jpg\" alt=\"\" width=\"33\" height=\"85\" class=\"alignnone size-full wp-image-24\" \/><\/a><\/td>\n<\/tr>\n<tr class=\"row-646 even\">\n\t<td class=\"column-1\">BULLES<\/td><td class=\"column-2\">RUE NOTRE DAME<\/td><td class=\"column-3\">LA PHARMACIE SYO\u00c3\u0192\u00e2\u20ac\u00b9N<\/td><td class=\"column-4\">OISE<\/td><td class=\"column-5\">2010<\/td><td class=\"column-6\"><a href=\"https:\/\/www.calendriers-artistiques.fr\/wp-content\/uploads\/calendriersmedia\/2010 (21).jpg\"><img loading=\"lazy\" src=\"https:\/\/www.calendriers-artistiques.fr\/wp-content\/uploads\/calendriersmedia\/vignette.jpg\" alt=\"\" width=\"33\" height=\"85\" class=\"alignnone size-full wp-image-24\" \/><\/a><\/td>\n<\/tr>\n<tr class=\"row-647 odd\">\n\t<td class=\"column-1\">BULLY-LES-MINES<\/td><td class=\"column-2\">RUE ROGER SALENGRO<\/td><td class=\"column-3\">LA PHARMACIE PRINCIPALE<\/td><td class=\"column-4\">PAS-DE-CALAIS<\/td><td class=\"column-5\">2010<\/td><td class=\"column-6\"><a href=\"https:\/\/www.calendriers-artistiques.fr\/wp-content\/uploads\/calendriersmedia\/2010 (22).jpg\"><img loading=\"lazy\" src=\"https:\/\/www.calendriers-artistiques.fr\/wp-content\/uploads\/calendriersmedia\/vignette.jpg\" alt=\"\" width=\"33\" height=\"85\" class=\"alignnone size-full wp-image-24\" \/><\/a><\/td>\n<\/tr>\n<tr class=\"row-648 even\">\n\t<td class=\"column-1\">BURY<\/td><td class=\"column-2\">RUE HERMINIE<\/td><td class=\"column-3\">LA PHARMACIE DE BURY<\/td><td class=\"column-4\">OISE<\/td><td class=\"column-5\">2010<\/td><td class=\"column-6\"><a href=\"https:\/\/www.calendriers-artistiques.fr\/wp-content\/uploads\/calendriersmedia\/2010 (23).jpg\"><img loading=\"lazy\" src=\"https:\/\/www.calendriers-artistiques.fr\/wp-content\/uploads\/calendriersmedia\/vignette.jpg\" alt=\"\" width=\"33\" height=\"85\" class=\"alignnone size-full wp-image-24\" \/><\/a><\/td>\n<\/tr>\n<tr class=\"row-649 odd\">\n\t<td class=\"column-1\">CALONNE-RICOUART<\/td><td class=\"column-2\">PLACE RENE LANNOY<\/td><td class=\"column-3\">LA PHARMACIE DE L'H\u00c3\u0192\u00e2\u20ac\u009dTEL DE VILLE<\/td><td class=\"column-4\">PAS-DE-CALAIS<\/td><td class=\"column-5\">2010<\/td><td class=\"column-6\"><a href=\"https:\/\/www.calendriers-artistiques.fr\/wp-content\/uploads\/calendriersmedia\/2010 (24).jpg\"><img loading=\"lazy\" src=\"https:\/\/www.calendriers-artistiques.fr\/wp-content\/uploads\/calendriersmedia\/vignette.jpg\" alt=\"\" width=\"33\" height=\"85\" class=\"alignnone size-full wp-image-24\" \/><\/a><\/td>\n<\/tr>\n<tr class=\"row-650 even\">\n\t<td class=\"column-1\">CAMBRAI<\/td><td class=\"column-2\">AVENUE MICHELET<\/td><td class=\"column-3\">LA PHARMACIE DU PONT MICHELET<\/td><td class=\"column-4\">NORD<\/td><td class=\"column-5\">2010<\/td><td class=\"column-6\"><a href=\"https:\/\/www.calendriers-artistiques.fr\/wp-content\/uploads\/calendriersmedia\/2010 (25).jpg\"><img loading=\"lazy\" src=\"https:\/\/www.calendriers-artistiques.fr\/wp-content\/uploads\/calendriersmedia\/vignette.jpg\" alt=\"\" width=\"33\" height=\"85\" class=\"alignnone size-full wp-image-24\" \/><\/a><\/td>\n<\/tr>\n<tr class=\"row-651 odd\">\n\t<td class=\"column-1\">CANNES<\/td><td class=\"column-2\">BOULEVARD DE LA CROISETTE<\/td><td class=\"column-3\">LA PHARMACIE DE LA CROISETTE<\/td><td class=\"column-4\">ALPES-MARITIMES<\/td><td class=\"column-5\">2010<\/td><td class=\"column-6\"><a href=\"https:\/\/www.calendriers-artistiques.fr\/wp-content\/uploads\/calendriersmedia\/2010 (26).jpg\"><img loading=\"lazy\" src=\"https:\/\/www.calendriers-artistiques.fr\/wp-content\/uploads\/calendriersmedia\/vignette.jpg\" alt=\"\" width=\"33\" height=\"85\" class=\"alignnone size-full wp-image-24\" \/><\/a><\/td>\n<\/tr>\n<tr class=\"row-652 even\">\n\t<td class=\"column-1\">CARCES<\/td><td class=\"column-2\">RUE DU MARECHAL FOCH<\/td><td class=\"column-3\">LA PHARMACIE BARCHET<\/td><td class=\"column-4\">VAR<\/td><td class=\"column-5\">2010<\/td><td class=\"column-6\"><a href=\"https:\/\/www.calendriers-artistiques.fr\/wp-content\/uploads\/calendriersmedia\/2010 (27).jpg\"><img loading=\"lazy\" src=\"https:\/\/www.calendriers-artistiques.fr\/wp-content\/uploads\/calendriersmedia\/vignette.jpg\" alt=\"\" width=\"33\" height=\"85\" class=\"alignnone size-full wp-image-24\" \/><\/a><\/td>\n<\/tr>\n<tr class=\"row-653 odd\">\n\t<td class=\"column-1\">CERISY-LA-FOR\u00c3\u0192\u00c5\u00a0T<\/td><td class=\"column-2\">PLACE DU MARCHE<\/td><td class=\"column-3\">LA PHARMACIE DE CERISY-LA-FOR\u00c3\u0192\u00c5\u00a0T<\/td><td class=\"column-4\">MANCHE<\/td><td class=\"column-5\">2010<\/td><td class=\"column-6\"><a href=\"https:\/\/www.calendriers-artistiques.fr\/wp-content\/uploads\/calendriersmedia\/2010 (28).jpg\"><img loading=\"lazy\" src=\"https:\/\/www.calendriers-artistiques.fr\/wp-content\/uploads\/calendriersmedia\/vignette.jpg\" alt=\"\" width=\"33\" height=\"85\" class=\"alignnone size-full wp-image-24\" \/><\/a><\/td>\n<\/tr>\n<tr class=\"row-654 even\">\n\t<td class=\"column-1\">CEYRAT<\/td><td class=\"column-2\">RUE GABRIEL PERI BOISSEJOUR<\/td><td class=\"column-3\">LA PHARMACIE CLUZEL<\/td><td class=\"column-4\">PUY-DE-D\u00c3\u0192\u00e2\u20ac\u009dME<\/td><td class=\"column-5\">2010<\/td><td class=\"column-6\"><a href=\"https:\/\/www.calendriers-artistiques.fr\/wp-content\/uploads\/calendriersmedia\/2010 (29).jpg\"><img loading=\"lazy\" src=\"https:\/\/www.calendriers-artistiques.fr\/wp-content\/uploads\/calendriersmedia\/vignette.jpg\" alt=\"\" width=\"33\" height=\"85\" class=\"alignnone size-full wp-image-24\" \/><\/a><\/td>\n<\/tr>\n<tr class=\"row-655 odd\">\n\t<td class=\"column-1\">CH\u00c3\u0192\u00e2\u20ac\u0161LONS-EN-CHAMPAGNE<\/td><td class=\"column-2\">RUE PASTEUR<\/td><td class=\"column-3\">LA PHARMACIE PASTEUR<\/td><td class=\"column-4\">MARNE<\/td><td class=\"column-5\">2010<\/td><td class=\"column-6\"><a href=\"https:\/\/www.calendriers-artistiques.fr\/wp-content\/uploads\/calendriersmedia\/2010 (30).jpg\"><img loading=\"lazy\" src=\"https:\/\/www.calendriers-artistiques.fr\/wp-content\/uploads\/calendriersmedia\/vignette.jpg\" alt=\"\" width=\"33\" height=\"85\" class=\"alignnone size-full wp-image-24\" \/><\/a><\/td>\n<\/tr>\n<tr class=\"row-656 even\">\n\t<td class=\"column-1\">CLERMONT<\/td><td class=\"column-2\">RUE DE LA REPUBLIQUE<\/td><td class=\"column-3\">LA PHARMACIE PHILIPPOT-DUBOIS<\/td><td class=\"column-4\">OISE<\/td><td class=\"column-5\">2010<\/td><td class=\"column-6\"><a href=\"https:\/\/www.calendriers-artistiques.fr\/wp-content\/uploads\/calendriersmedia\/2010 (31).jpg\"><img loading=\"lazy\" src=\"https:\/\/www.calendriers-artistiques.fr\/wp-content\/uploads\/calendriersmedia\/vignette.jpg\" alt=\"\" width=\"33\" height=\"85\" class=\"alignnone size-full wp-image-24\" \/><\/a><\/td>\n<\/tr>\n<tr class=\"row-657 odd\">\n\t<td class=\"column-1\">COUDUN<\/td><td class=\"column-2\">RUE SAINT-HILAIRE<\/td><td class=\"column-3\">LA PHARMACIE BACCIOCHINI<\/td><td class=\"column-4\">OISE<\/td><td class=\"column-5\">2010<\/td><td class=\"column-6\"><a href=\"https:\/\/www.calendriers-artistiques.fr\/wp-content\/uploads\/calendriersmedia\/2010 (32).jpg\"><img loading=\"lazy\" src=\"https:\/\/www.calendriers-artistiques.fr\/wp-content\/uploads\/calendriersmedia\/vignette.jpg\" alt=\"\" width=\"33\" height=\"85\" class=\"alignnone size-full wp-image-24\" \/><\/a><\/td>\n<\/tr>\n<tr class=\"row-658 even\">\n\t<td class=\"column-1\">COURSEULLES-SUR-MER<\/td><td class=\"column-2\">RUE DE LA MER<\/td><td class=\"column-3\">LA PHARMACIE GAZENGEL-MARMONTEL<\/td><td class=\"column-4\">CALVADOS<\/td><td class=\"column-5\">2010<\/td><td class=\"column-6\"><a href=\"https:\/\/www.calendriers-artistiques.fr\/wp-content\/uploads\/calendriersmedia\/2010 (33).jpg\"><img loading=\"lazy\" src=\"https:\/\/www.calendriers-artistiques.fr\/wp-content\/uploads\/calendriersmedia\/vignette.jpg\" alt=\"\" width=\"33\" height=\"85\" class=\"alignnone size-full wp-image-24\" \/><\/a><\/td>\n<\/tr>\n<tr class=\"row-659 odd\">\n\t<td class=\"column-1\">CREPY-EN-VALOIS<\/td><td class=\"column-2\">RUE NATIONALE<\/td><td class=\"column-3\">LA PHARMACIE PRINCIPALE<\/td><td class=\"column-4\">OISE<\/td><td class=\"column-5\">2010<\/td><td class=\"column-6\"><a href=\"https:\/\/www.calendriers-artistiques.fr\/wp-content\/uploads\/calendriersmedia\/2010 (34).jpg\"><img loading=\"lazy\" src=\"https:\/\/www.calendriers-artistiques.fr\/wp-content\/uploads\/calendriersmedia\/vignette.jpg\" alt=\"\" width=\"33\" height=\"85\" class=\"alignnone size-full wp-image-24\" \/><\/a><\/td>\n<\/tr>\n<tr class=\"row-660 even\">\n\t<td class=\"column-1\">DESVRES<\/td><td class=\"column-2\">RUE DES POTIERS<\/td><td class=\"column-3\">LA PHARMACIE DES POTIERS<\/td><td class=\"column-4\">PAS-DE-CALAIS<\/td><td class=\"column-5\">2010<\/td><td class=\"column-6\"><a href=\"https:\/\/www.calendriers-artistiques.fr\/wp-content\/uploads\/calendriersmedia\/2010 (35).jpg\"><img loading=\"lazy\" src=\"https:\/\/www.calendriers-artistiques.fr\/wp-content\/uploads\/calendriersmedia\/vignette.jpg\" alt=\"\" width=\"33\" height=\"85\" class=\"alignnone size-full wp-image-24\" \/><\/a><\/td>\n<\/tr>\n<tr class=\"row-661 odd\">\n\t<td class=\"column-1\">DEVILLE<\/td><td class=\"column-2\">GRAND'RUE<\/td><td class=\"column-3\">LA PHARMACIE CHARDARD<\/td><td class=\"column-4\">ARDENNES<\/td><td class=\"column-5\">2010<\/td><td class=\"column-6\"><a href=\"https:\/\/www.calendriers-artistiques.fr\/wp-content\/uploads\/calendriersmedia\/2010 (36).jpg\"><img loading=\"lazy\" src=\"https:\/\/www.calendriers-artistiques.fr\/wp-content\/uploads\/calendriersmedia\/vignette.jpg\" alt=\"\" width=\"33\" height=\"85\" class=\"alignnone size-full wp-image-24\" \/><\/a><\/td>\n<\/tr>\n<tr class=\"row-662 even\">\n\t<td class=\"column-1\">DIVION<\/td><td class=\"column-2\">RUE BODELOT<\/td><td class=\"column-3\">LA PHARMACIE ZOLA<\/td><td class=\"column-4\">PAS-DE-CALAIS<\/td><td class=\"column-5\">2010<\/td><td class=\"column-6\"><a href=\"https:\/\/www.calendriers-artistiques.fr\/wp-content\/uploads\/calendriersmedia\/2010 (37).jpg\"><img loading=\"lazy\" src=\"https:\/\/www.calendriers-artistiques.fr\/wp-content\/uploads\/calendriersmedia\/vignette.jpg\" alt=\"\" width=\"33\" height=\"85\" class=\"alignnone size-full wp-image-24\" \/><\/a><\/td>\n<\/tr>\n<tr class=\"row-663 odd\">\n\t<td class=\"column-1\">DOMBASLE-EN-ARGONNE<\/td><td class=\"column-2\">CARREFOUR DE LA LIBERATION<\/td><td class=\"column-3\">LA PHARMACIE DE DOMBASLE-EN-ARGONNE<\/td><td class=\"column-4\">MEUSE<\/td><td class=\"column-5\">2010<\/td><td class=\"column-6\"><a href=\"https:\/\/www.calendriers-artistiques.fr\/wp-content\/uploads\/calendriersmedia\/2010 (38).jpg\"><img loading=\"lazy\" src=\"https:\/\/www.calendriers-artistiques.fr\/wp-content\/uploads\/calendriersmedia\/vignette.jpg\" alt=\"\" width=\"33\" height=\"85\" class=\"alignnone size-full wp-image-24\" \/><\/a><\/td>\n<\/tr>\n<tr class=\"row-664 even\">\n\t<td class=\"column-1\">EPAIGNES<\/td><td class=\"column-2\">ROUTE  DES ANGLAIS<\/td><td class=\"column-3\">LA PHARMACIEGUETTIER-POIRIER<\/td><td class=\"column-4\">EURE<\/td><td class=\"column-5\">2010<\/td><td class=\"column-6\"><a href=\"https:\/\/www.calendriers-artistiques.fr\/wp-content\/uploads\/calendriersmedia\/2010 (39).jpg\"><img loading=\"lazy\" src=\"https:\/\/www.calendriers-artistiques.fr\/wp-content\/uploads\/calendriersmedia\/vignette.jpg\" alt=\"\" width=\"33\" height=\"85\" class=\"alignnone size-full wp-image-24\" \/><\/a><\/td>\n<\/tr>\n<tr class=\"row-665 odd\">\n\t<td class=\"column-1\">EPERLECQUES<\/td><td class=\"column-2\">RUE DU GANDSPETTE<\/td><td class=\"column-3\">LA PHARMACIE OUTTIER<\/td><td class=\"column-4\">PAS-DE-CALAIS<\/td><td class=\"column-5\">2010<\/td><td class=\"column-6\"><a href=\"https:\/\/www.calendriers-artistiques.fr\/wp-content\/uploads\/calendriersmedia\/2010 (40).jpg\"><img loading=\"lazy\" src=\"https:\/\/www.calendriers-artistiques.fr\/wp-content\/uploads\/calendriersmedia\/vignette.jpg\" alt=\"\" width=\"33\" height=\"85\" class=\"alignnone size-full wp-image-24\" \/><\/a><\/td>\n<\/tr>\n<tr class=\"row-666 even\">\n\t<td class=\"column-1\">FAUVILLE-EN-CAUX<\/td><td class=\"column-2\">RUE BERNARD THELU<\/td><td class=\"column-3\">LA PHARMACIE THEUBET-DELERUE<\/td><td class=\"column-4\">SEINE-MARITIME<\/td><td class=\"column-5\">2010<\/td><td class=\"column-6\"><a href=\"https:\/\/www.calendriers-artistiques.fr\/wp-content\/uploads\/calendriersmedia\/2010 (41).jpg\"><img loading=\"lazy\" src=\"https:\/\/www.calendriers-artistiques.fr\/wp-content\/uploads\/calendriersmedia\/vignette.jpg\" alt=\"\" width=\"33\" height=\"85\" class=\"alignnone size-full wp-image-24\" \/><\/a><\/td>\n<\/tr>\n<tr class=\"row-667 odd\">\n\t<td class=\"column-1\">FERRIERE-LA-GRANDE<\/td><td class=\"column-2\">RUE VICTOR HUGO<\/td><td class=\"column-3\">LA PHARMACIE DE L'EGLISE<\/td><td class=\"column-4\">NORD<\/td><td class=\"column-5\">2010<\/td><td class=\"column-6\"><a href=\"https:\/\/www.calendriers-artistiques.fr\/wp-content\/uploads\/calendriersmedia\/2010 (42).jpg\"><img loading=\"lazy\" src=\"https:\/\/www.calendriers-artistiques.fr\/wp-content\/uploads\/calendriersmedia\/vignette.jpg\" alt=\"\" width=\"33\" height=\"85\" class=\"alignnone size-full wp-image-24\" \/><\/a><\/td>\n<\/tr>\n<tr class=\"row-668 even\">\n\t<td class=\"column-1\">FLEVILLE DEVANT NANCY<\/td><td class=\"column-2\">RUE DU CH\u00c3\u0192\u00e2\u20ac\u0161TEAU<\/td><td class=\"column-3\">LA PHARMACIE REMY<\/td><td class=\"column-4\">MEURTHE-ET-MOSELLE<\/td><td class=\"column-5\">2010<\/td><td class=\"column-6\"><a href=\"https:\/\/www.calendriers-artistiques.fr\/wp-content\/uploads\/calendriersmedia\/2010 (43).jpg\"><img loading=\"lazy\" src=\"https:\/\/www.calendriers-artistiques.fr\/wp-content\/uploads\/calendriersmedia\/vignette.jpg\" alt=\"\" width=\"33\" height=\"85\" class=\"alignnone size-full wp-image-24\" \/><\/a><\/td>\n<\/tr>\n<tr class=\"row-669 odd\">\n\t<td class=\"column-1\">FLINES-LEZ-RACHES<\/td><td class=\"column-2\">RUE DES RESISTANTS<\/td><td class=\"column-3\">LA PHARMACIE DES 4 SAISONS<\/td><td class=\"column-4\">NORD<\/td><td class=\"column-5\">2010<\/td><td class=\"column-6\"><a href=\"https:\/\/www.calendriers-artistiques.fr\/wp-content\/uploads\/calendriersmedia\/2010 (44).jpg\"><img loading=\"lazy\" src=\"https:\/\/www.calendriers-artistiques.fr\/wp-content\/uploads\/calendriersmedia\/vignette.jpg\" alt=\"\" width=\"33\" height=\"85\" class=\"alignnone size-full wp-image-24\" \/><\/a><\/td>\n<\/tr>\n<tr class=\"row-670 even\">\n\t<td class=\"column-1\">FORGES-LES-EAUX<\/td><td class=\"column-2\">RUE ALBERT BROCHET<\/td><td class=\"column-3\">LA PHARMACIE DE L'H\u00c3\u0192\u00e2\u20ac\u009dTEL DE VILLE<\/td><td class=\"column-4\">SEINE-MARITIME<\/td><td class=\"column-5\">2010<\/td><td class=\"column-6\"><a href=\"https:\/\/www.calendriers-artistiques.fr\/wp-content\/uploads\/calendriersmedia\/2010 (45).jpg\"><img loading=\"lazy\" src=\"https:\/\/www.calendriers-artistiques.fr\/wp-content\/uploads\/calendriersmedia\/vignette.jpg\" alt=\"\" width=\"33\" height=\"85\" class=\"alignnone size-full wp-image-24\" \/><\/a><\/td>\n<\/tr>\n<tr class=\"row-671 odd\">\n\t<td class=\"column-1\">FOUCARMONT<\/td><td class=\"column-2\">RUE DOUCE<\/td><td class=\"column-3\">LA PHARMACIE DE L'YERES<\/td><td class=\"column-4\">SEINE-MARITIME<\/td><td class=\"column-5\">2010<\/td><td class=\"column-6\"><a href=\"https:\/\/www.calendriers-artistiques.fr\/wp-content\/uploads\/calendriersmedia\/2010 (46).jpg\"><img loading=\"lazy\" src=\"https:\/\/www.calendriers-artistiques.fr\/wp-content\/uploads\/calendriersmedia\/vignette.jpg\" alt=\"\" width=\"33\" height=\"85\" class=\"alignnone size-full wp-image-24\" \/><\/a><\/td>\n<\/tr>\n<tr class=\"row-672 even\">\n\t<td class=\"column-1\">FOUQUEREUIL<\/td><td class=\"column-2\">RUE DE L'EGLISE<\/td><td class=\"column-3\">LA PHARMACIE DE L'EGLISE<\/td><td class=\"column-4\">PAS-DE-CALAIS<\/td><td class=\"column-5\">2010<\/td><td class=\"column-6\"><a href=\"https:\/\/www.calendriers-artistiques.fr\/wp-content\/uploads\/calendriersmedia\/2010 (47).jpg\"><img loading=\"lazy\" src=\"https:\/\/www.calendriers-artistiques.fr\/wp-content\/uploads\/calendriersmedia\/vignette.jpg\" alt=\"\" width=\"33\" height=\"85\" class=\"alignnone size-full wp-image-24\" \/><\/a><\/td>\n<\/tr>\n<tr class=\"row-673 odd\">\n\t<td class=\"column-1\">FRENEUSE<\/td><td class=\"column-2\">CENTRE COMMERCIAL INTERMARCHE<\/td><td class=\"column-3\">LA PHARMACIE PRINCIPALE<\/td><td class=\"column-4\">YVELINES<\/td><td class=\"column-5\">2010<\/td><td class=\"column-6\"><a href=\"https:\/\/www.calendriers-artistiques.fr\/wp-content\/uploads\/calendriersmedia\/2010 (48).jpg\"><img loading=\"lazy\" src=\"https:\/\/www.calendriers-artistiques.fr\/wp-content\/uploads\/calendriersmedia\/vignette.jpg\" alt=\"\" width=\"33\" height=\"85\" class=\"alignnone size-full wp-image-24\" \/><\/a><\/td>\n<\/tr>\n<tr class=\"row-674 even\">\n\t<td class=\"column-1\">GRAVELINES<\/td><td class=\"column-2\">RUE PIERRE BROSSOLETTE<\/td><td class=\"column-3\">LA PHARMACIE DU PHARE<\/td><td class=\"column-4\">NORD<\/td><td class=\"column-5\">2010<\/td><td class=\"column-6\"><a href=\"https:\/\/www.calendriers-artistiques.fr\/wp-content\/uploads\/calendriersmedia\/2010 (49).jpg\"><img loading=\"lazy\" src=\"https:\/\/www.calendriers-artistiques.fr\/wp-content\/uploads\/calendriersmedia\/vignette.jpg\" alt=\"\" width=\"33\" height=\"85\" class=\"alignnone size-full wp-image-24\" \/><\/a><\/td>\n<\/tr>\n<tr class=\"row-675 odd\">\n\t<td class=\"column-1\">GUERVILLE<\/td><td class=\"column-2\">RUE DE L'ETAPE<\/td><td class=\"column-3\">LA PHARMACIE BALLERINI<\/td><td class=\"column-4\">YVELINES<\/td><td class=\"column-5\">2010<\/td><td class=\"column-6\"><a href=\"https:\/\/www.calendriers-artistiques.fr\/wp-content\/uploads\/calendriersmedia\/2010 (50).jpg\"><img loading=\"lazy\" src=\"https:\/\/www.calendriers-artistiques.fr\/wp-content\/uploads\/calendriersmedia\/vignette.jpg\" alt=\"\" width=\"33\" height=\"85\" class=\"alignnone size-full wp-image-24\" \/><\/a><\/td>\n<\/tr>\n<tr class=\"row-676 even\">\n\t<td class=\"column-1\">HENIN-BEAUMONT<\/td><td class=\"column-2\">BOULEVARD SCHWEITZER<\/td><td class=\"column-3\">LA BOUTIQUE DU MATERIEL MEDICAL<\/td><td class=\"column-4\">PAS-DE-CALAIS<\/td><td class=\"column-5\">2010<\/td><td class=\"column-6\"><a href=\"https:\/\/www.calendriers-artistiques.fr\/wp-content\/uploads\/calendriersmedia\/2010 (51).jpg\"><img loading=\"lazy\" src=\"https:\/\/www.calendriers-artistiques.fr\/wp-content\/uploads\/calendriersmedia\/vignette.jpg\" alt=\"\" width=\"33\" height=\"85\" class=\"alignnone size-full wp-image-24\" \/><\/a><\/td>\n<\/tr>\n<tr class=\"row-677 odd\">\n\t<td class=\"column-1\">HERSIN-COUPIGNY<\/td><td class=\"column-2\">PLACE DE LA LIBERTE<\/td><td class=\"column-3\">LA PHARMACIE MOLON<\/td><td class=\"column-4\">PAS-DE-CALAIS<\/td><td class=\"column-5\">2010<\/td><td class=\"column-6\"><a href=\"https:\/\/www.calendriers-artistiques.fr\/wp-content\/uploads\/calendriersmedia\/2010 (52).jpg\"><img loading=\"lazy\" src=\"https:\/\/www.calendriers-artistiques.fr\/wp-content\/uploads\/calendriersmedia\/vignette.jpg\" alt=\"\" width=\"33\" height=\"85\" class=\"alignnone size-full wp-image-24\" \/><\/a><\/td>\n<\/tr>\n<tr class=\"row-678 even\">\n\t<td class=\"column-1\">HOUDAIN<\/td><td class=\"column-2\">RUE HENRI DUNANT<\/td><td class=\"column-3\">LA PHARMACIE DE LA POSTE<\/td><td class=\"column-4\">PAS-DE-CALAIS<\/td><td class=\"column-5\">2010<\/td><td class=\"column-6\"><a href=\"https:\/\/www.calendriers-artistiques.fr\/wp-content\/uploads\/calendriersmedia\/2010 (53).jpg\"><img loading=\"lazy\" src=\"https:\/\/www.calendriers-artistiques.fr\/wp-content\/uploads\/calendriersmedia\/vignette.jpg\" alt=\"\" width=\"33\" height=\"85\" class=\"alignnone size-full wp-image-24\" \/><\/a><\/td>\n<\/tr>\n<tr class=\"row-679 odd\">\n\t<td class=\"column-1\">JEUMONT<\/td><td class=\"column-2\">RUE JEAN JAURES<\/td><td class=\"column-3\">LA PHARMACIE DE LA SAMBRE<\/td><td class=\"column-4\">NORD<\/td><td class=\"column-5\">2010<\/td><td class=\"column-6\"><a href=\"https:\/\/www.calendriers-artistiques.fr\/wp-content\/uploads\/calendriersmedia\/2010 (54).jpg\"><img loading=\"lazy\" src=\"https:\/\/www.calendriers-artistiques.fr\/wp-content\/uploads\/calendriersmedia\/vignette.jpg\" alt=\"\" width=\"33\" height=\"85\" class=\"alignnone size-full wp-image-24\" \/><\/a><\/td>\n<\/tr>\n<tr class=\"row-680 even\">\n\t<td class=\"column-1\">LA FERE<\/td><td class=\"column-2\">RUE DE LA REPUBLIQUE<\/td><td class=\"column-3\">LA PHARMACIE DECOTTE<\/td><td class=\"column-4\">AISNE<\/td><td class=\"column-5\">2010<\/td><td class=\"column-6\"><a href=\"https:\/\/www.calendriers-artistiques.fr\/wp-content\/uploads\/calendriersmedia\/2010 (55).jpg\"><img loading=\"lazy\" src=\"https:\/\/www.calendriers-artistiques.fr\/wp-content\/uploads\/calendriersmedia\/vignette.jpg\" alt=\"\" width=\"33\" height=\"85\" class=\"alignnone size-full wp-image-24\" \/><\/a><\/td>\n<\/tr>\n<tr class=\"row-681 odd\">\n\t<td class=\"column-1\">LEMPDES<\/td><td class=\"column-2\">RUE DU PUY-DE-D\u00c3\u0192\u00e2\u20ac\u009dME<\/td><td class=\"column-3\">LA PHARMACIE OLIVER<\/td><td class=\"column-4\">PUY-DE-D\u00c3\u0192\u00e2\u20ac\u009dME<\/td><td class=\"column-5\">2010<\/td><td class=\"column-6\"><a href=\"https:\/\/www.calendriers-artistiques.fr\/wp-content\/uploads\/calendriersmedia\/2010 (56).jpg\"><img loading=\"lazy\" src=\"https:\/\/www.calendriers-artistiques.fr\/wp-content\/uploads\/calendriersmedia\/vignette.jpg\" alt=\"\" width=\"33\" height=\"85\" class=\"alignnone size-full wp-image-24\" \/><\/a><\/td>\n<\/tr>\n<tr class=\"row-682 even\">\n\t<td class=\"column-1\">LENS<\/td><td class=\"column-2\">AVENUE ALFRED MA\u00c3\u0192\u00e2\u20ac\u00b9S<\/td><td class=\"column-3\">LA BOUTIQUE DU MATERIEL MEDICAL<\/td><td class=\"column-4\">PAS-DE-CALAIS<\/td><td class=\"column-5\">2010<\/td><td class=\"column-6\"><a href=\"https:\/\/www.calendriers-artistiques.fr\/wp-content\/uploads\/calendriersmedia\/2010 (57).jpg\"><img loading=\"lazy\" src=\"https:\/\/www.calendriers-artistiques.fr\/wp-content\/uploads\/calendriersmedia\/vignette.jpg\" alt=\"\" width=\"33\" height=\"85\" class=\"alignnone size-full wp-image-24\" \/><\/a><\/td>\n<\/tr>\n<tr class=\"row-683 odd\">\n\t<td class=\"column-1\">LESQUIN<\/td><td class=\"column-2\">ROUTE DE DOUAI<\/td><td class=\"column-3\">LA BOUTIQUE DU MATERIEL MEDICAL<\/td><td class=\"column-4\">NORD<\/td><td class=\"column-5\">2010<\/td><td class=\"column-6\"><a href=\"https:\/\/www.calendriers-artistiques.fr\/wp-content\/uploads\/calendriersmedia\/2010 (58).jpg\"><img loading=\"lazy\" src=\"https:\/\/www.calendriers-artistiques.fr\/wp-content\/uploads\/calendriersmedia\/vignette.jpg\" alt=\"\" width=\"33\" height=\"85\" class=\"alignnone size-full wp-image-24\" \/><\/a><\/td>\n<\/tr>\n<tr class=\"row-684 even\">\n\t<td class=\"column-1\">LIBERCOURT<\/td><td class=\"column-2\">RUE CYPRIEN QUINET<\/td><td class=\"column-3\">LA BOUTIQUE DU MATERIEL MEDICAL<\/td><td class=\"column-4\">PAS-DE-CALAIS<\/td><td class=\"column-5\">2010<\/td><td class=\"column-6\"><a href=\"https:\/\/www.calendriers-artistiques.fr\/wp-content\/uploads\/calendriersmedia\/2010 (59).jpg\"><img loading=\"lazy\" src=\"https:\/\/www.calendriers-artistiques.fr\/wp-content\/uploads\/calendriersmedia\/vignette.jpg\" alt=\"\" width=\"33\" height=\"85\" class=\"alignnone size-full wp-image-24\" \/><\/a><\/td>\n<\/tr>\n<tr class=\"row-685 odd\">\n\t<td class=\"column-1\">LIEUREY<\/td><td class=\"column-2\">GRANDE RUE<\/td><td class=\"column-3\">LA PHARMACIE GUETTIER<\/td><td class=\"column-4\">EURE<\/td><td class=\"column-5\">2010<\/td><td class=\"column-6\"><a href=\"https:\/\/www.calendriers-artistiques.fr\/wp-content\/uploads\/calendriersmedia\/2010 (60).jpg\"><img loading=\"lazy\" src=\"https:\/\/www.calendriers-artistiques.fr\/wp-content\/uploads\/calendriersmedia\/vignette.jpg\" alt=\"\" width=\"33\" height=\"85\" class=\"alignnone size-full wp-image-24\" \/><\/a><\/td>\n<\/tr>\n<tr class=\"row-686 even\">\n\t<td class=\"column-1\">LILLERS<\/td><td class=\"column-2\">PLACE ROGER SALENGRO<\/td><td class=\"column-3\">LA PHARMACIE DEVISE<\/td><td class=\"column-4\">PAS-DE-CALAIS<\/td><td class=\"column-5\">2010<\/td><td class=\"column-6\"><a href=\"https:\/\/www.calendriers-artistiques.fr\/wp-content\/uploads\/calendriersmedia\/2010 (61).jpg\"><img loading=\"lazy\" src=\"https:\/\/www.calendriers-artistiques.fr\/wp-content\/uploads\/calendriersmedia\/vignette.jpg\" alt=\"\" width=\"33\" height=\"85\" class=\"alignnone size-full wp-image-24\" \/><\/a><\/td>\n<\/tr>\n<tr class=\"row-687 odd\">\n\t<td class=\"column-1\">LUCHEUX<\/td><td class=\"column-2\">RUE DU PONT DES MOINES<\/td><td class=\"column-3\">LA PHARMACIE DE LUCHEUX<\/td><td class=\"column-4\">SOMME<\/td><td class=\"column-5\">2010<\/td><td class=\"column-6\"><a href=\"https:\/\/www.calendriers-artistiques.fr\/wp-content\/uploads\/calendriersmedia\/2010 (62).jpg\"><img loading=\"lazy\" src=\"https:\/\/www.calendriers-artistiques.fr\/wp-content\/uploads\/calendriersmedia\/vignette.jpg\" alt=\"\" width=\"33\" height=\"85\" class=\"alignnone size-full wp-image-24\" \/><\/a><\/td>\n<\/tr>\n<tr class=\"row-688 even\">\n\t<td class=\"column-1\">MAIDIERES<\/td><td class=\"column-2\">RUE SAINT-PIERRE<\/td><td class=\"column-3\">LA PHARMACIE SOUMOY<\/td><td class=\"column-4\">MEURTHE-ET-MOSELLE<\/td><td class=\"column-5\">2010<\/td><td class=\"column-6\"><a href=\"https:\/\/www.calendriers-artistiques.fr\/wp-content\/uploads\/calendriersmedia\/2010 (63).jpg\"><img loading=\"lazy\" src=\"https:\/\/www.calendriers-artistiques.fr\/wp-content\/uploads\/calendriersmedia\/vignette.jpg\" alt=\"\" width=\"33\" height=\"85\" class=\"alignnone size-full wp-image-24\" \/><\/a><\/td>\n<\/tr>\n<tr class=\"row-689 odd\">\n\t<td class=\"column-1\">MARETZ<\/td><td class=\"column-2\">RUE GALLIENI<\/td><td class=\"column-3\">LA PHARMACIE DELEPOULE<\/td><td class=\"column-4\">NORD<\/td><td class=\"column-5\">2010<\/td><td class=\"column-6\"><a href=\"https:\/\/www.calendriers-artistiques.fr\/wp-content\/uploads\/calendriersmedia\/2010 (64).jpg\"><img loading=\"lazy\" src=\"https:\/\/www.calendriers-artistiques.fr\/wp-content\/uploads\/calendriersmedia\/vignette.jpg\" alt=\"\" width=\"33\" height=\"85\" class=\"alignnone size-full wp-image-24\" \/><\/a><\/td>\n<\/tr>\n<tr class=\"row-690 even\">\n\t<td class=\"column-1\">MAREUIL-CAUBERT<\/td><td class=\"column-2\">RUE JACQUES MOIGNET<\/td><td class=\"column-3\">LA PHARMACIE FRANCOIS<\/td><td class=\"column-4\">SOMME<\/td><td class=\"column-5\">2010<\/td><td class=\"column-6\"><a href=\"https:\/\/www.calendriers-artistiques.fr\/wp-content\/uploads\/calendriersmedia\/2010 (65).jpg\"><img loading=\"lazy\" src=\"https:\/\/www.calendriers-artistiques.fr\/wp-content\/uploads\/calendriersmedia\/vignette.jpg\" alt=\"\" width=\"33\" height=\"85\" class=\"alignnone size-full wp-image-24\" \/><\/a><\/td>\n<\/tr>\n<tr class=\"row-691 odd\">\n\t<td class=\"column-1\">MONTIGNY-EN-OSTREVENT<\/td><td class=\"column-2\">RUE RAYMOND HONORE<\/td><td class=\"column-3\">LA PHARMACIE HETTE<\/td><td class=\"column-4\">NORD<\/td><td class=\"column-5\">2010<\/td><td class=\"column-6\"><a href=\"https:\/\/www.calendriers-artistiques.fr\/wp-content\/uploads\/calendriersmedia\/2010 (66).jpg\"><img loading=\"lazy\" src=\"https:\/\/www.calendriers-artistiques.fr\/wp-content\/uploads\/calendriersmedia\/vignette.jpg\" alt=\"\" width=\"33\" height=\"85\" class=\"alignnone size-full wp-image-24\" \/><\/a><\/td>\n<\/tr>\n<tr class=\"row-692 even\">\n\t<td class=\"column-1\">NANCY<\/td><td class=\"column-2\">PLACE DE LA COMMANDERIE<\/td><td class=\"column-3\">LA PHARMACIE  DE LA COMMANDERIE<\/td><td class=\"column-4\">MEURTHE-ET-MOSELLE<\/td><td class=\"column-5\">2010<\/td><td class=\"column-6\"><a href=\"https:\/\/www.calendriers-artistiques.fr\/wp-content\/uploads\/calendriersmedia\/2010 (67).jpg\"><img loading=\"lazy\" src=\"https:\/\/www.calendriers-artistiques.fr\/wp-content\/uploads\/calendriersmedia\/vignette.jpg\" alt=\"\" width=\"33\" height=\"85\" class=\"alignnone size-full wp-image-24\" \/><\/a><\/td>\n<\/tr>\n<tr class=\"row-693 odd\">\n\t<td class=\"column-1\">NEUVILLE-EN-FERRAIN<\/td><td class=\"column-2\">RUE DE TOURCOING<\/td><td class=\"column-3\">LE RESTAURANT LES GRILLONS<\/td><td class=\"column-4\">NORD<\/td><td class=\"column-5\">2010<\/td><td class=\"column-6\"><a href=\"https:\/\/www.calendriers-artistiques.fr\/wp-content\/uploads\/calendriersmedia\/2010 (68).jpg\"><img loading=\"lazy\" src=\"https:\/\/www.calendriers-artistiques.fr\/wp-content\/uploads\/calendriersmedia\/vignette.jpg\" alt=\"\" width=\"33\" height=\"85\" class=\"alignnone size-full wp-image-24\" \/><\/a><\/td>\n<\/tr>\n<tr class=\"row-694 even\">\n\t<td class=\"column-1\">NORDAUSQUES<\/td><td class=\"column-2\">ROUTE NATIONALE<\/td><td class=\"column-3\">LA PHARMACIE DE LA HEM<\/td><td class=\"column-4\">PAS-DE-CALAIS<\/td><td class=\"column-5\">2010<\/td><td class=\"column-6\"><a href=\"https:\/\/www.calendriers-artistiques.fr\/wp-content\/uploads\/calendriersmedia\/2010 (69).jpg\"><img loading=\"lazy\" src=\"https:\/\/www.calendriers-artistiques.fr\/wp-content\/uploads\/calendriersmedia\/vignette.jpg\" alt=\"\" width=\"33\" height=\"85\" class=\"alignnone size-full wp-image-24\" \/><\/a><\/td>\n<\/tr>\n<tr class=\"row-695 odd\">\n\t<td class=\"column-1\">ORCHIES<\/td><td class=\"column-2\">PLACE DU GENERAL DE GAULLE<\/td><td class=\"column-3\">LA PHARMACIE DE L'H\u00c3\u0192\u00e2\u20ac\u009dTEL DE VILLE<\/td><td class=\"column-4\">NORD<\/td><td class=\"column-5\">2010<\/td><td class=\"column-6\"><a href=\"https:\/\/www.calendriers-artistiques.fr\/wp-content\/uploads\/calendriersmedia\/2010 (70).jpg\"><img loading=\"lazy\" src=\"https:\/\/www.calendriers-artistiques.fr\/wp-content\/uploads\/calendriersmedia\/vignette.jpg\" alt=\"\" width=\"33\" height=\"85\" class=\"alignnone size-full wp-image-24\" \/><\/a><\/td>\n<\/tr>\n<tr class=\"row-696 even\">\n\t<td class=\"column-1\">PAVILLY<\/td><td class=\"column-2\">RUE JEAN MAILLARD<\/td><td class=\"column-3\">LA PHARMACIE VANDECANDELAERE<\/td><td class=\"column-4\">SEINE-MARITIME<\/td><td class=\"column-5\">2010<\/td><td class=\"column-6\"><a href=\"https:\/\/www.calendriers-artistiques.fr\/wp-content\/uploads\/calendriersmedia\/2010 (71).jpg\"><img loading=\"lazy\" src=\"https:\/\/www.calendriers-artistiques.fr\/wp-content\/uploads\/calendriersmedia\/vignette.jpg\" alt=\"\" width=\"33\" height=\"85\" class=\"alignnone size-full wp-image-24\" \/><\/a><\/td>\n<\/tr>\n<tr class=\"row-697 odd\">\n\t<td class=\"column-1\">PERNES-LES-FONTAINES<\/td><td class=\"column-2\">PLACE ARISTIDE BRIAND<\/td><td class=\"column-3\">LA PHARMACIE TENON<\/td><td class=\"column-4\">VAUCLUSE<\/td><td class=\"column-5\">2010<\/td><td class=\"column-6\"><a href=\"https:\/\/www.calendriers-artistiques.fr\/wp-content\/uploads\/calendriersmedia\/2010 (72).jpg\"><img loading=\"lazy\" src=\"https:\/\/www.calendriers-artistiques.fr\/wp-content\/uploads\/calendriersmedia\/vignette.jpg\" alt=\"\" width=\"33\" height=\"85\" class=\"alignnone size-full wp-image-24\" \/><\/a><\/td>\n<\/tr>\n<tr class=\"row-698 even\">\n\t<td class=\"column-1\">PINON<\/td><td class=\"column-2\">RUE DU 7eme B.C.A<\/td><td class=\"column-3\">LA PHARMACIE COUSSEMACQ-MOUILLER<\/td><td class=\"column-4\">AISNE<\/td><td class=\"column-5\">2010<\/td><td class=\"column-6\"><a href=\"https:\/\/www.calendriers-artistiques.fr\/wp-content\/uploads\/calendriersmedia\/2010 (73).jpg\"><img loading=\"lazy\" src=\"https:\/\/www.calendriers-artistiques.fr\/wp-content\/uploads\/calendriersmedia\/vignette.jpg\" alt=\"\" width=\"33\" height=\"85\" class=\"alignnone size-full wp-image-24\" \/><\/a><\/td>\n<\/tr>\n<tr class=\"row-699 odd\">\n\t<td class=\"column-1\">PONTPOINT<\/td><td class=\"column-2\">RUE SAINT PATERNE<\/td><td class=\"column-3\">LA PHARMACIE KARAYAN<\/td><td class=\"column-4\">OISE<\/td><td class=\"column-5\">2010<\/td><td class=\"column-6\"><a href=\"https:\/\/www.calendriers-artistiques.fr\/wp-content\/uploads\/calendriersmedia\/2010 (74).jpg\"><img loading=\"lazy\" src=\"https:\/\/www.calendriers-artistiques.fr\/wp-content\/uploads\/calendriersmedia\/vignette.jpg\" alt=\"\" width=\"33\" height=\"85\" class=\"alignnone size-full wp-image-24\" \/><\/a><\/td>\n<\/tr>\n<tr class=\"row-700 even\">\n\t<td class=\"column-1\">RACHES<\/td><td class=\"column-2\">ROUTE NATIONALE<\/td><td class=\"column-3\">LA PHARMACIE LESPAGNOL<\/td><td class=\"column-4\">PAS-DE-CALAIS<\/td><td class=\"column-5\">2010<\/td><td class=\"column-6\"><a href=\"https:\/\/www.calendriers-artistiques.fr\/wp-content\/uploads\/calendriersmedia\/2010 (75).jpg\"><img loading=\"lazy\" src=\"https:\/\/www.calendriers-artistiques.fr\/wp-content\/uploads\/calendriersmedia\/vignette.jpg\" alt=\"\" width=\"33\" height=\"85\" class=\"alignnone size-full wp-image-24\" \/><\/a><\/td>\n<\/tr>\n<tr class=\"row-701 odd\">\n\t<td class=\"column-1\">RANTIGNY<\/td><td class=\"column-2\">RELAIS DE LA POSTE<\/td><td class=\"column-3\">LA PHARMACIE PARMENTIER<\/td><td class=\"column-4\">OISE<\/td><td class=\"column-5\">2010<\/td><td class=\"column-6\"><a href=\"https:\/\/www.calendriers-artistiques.fr\/wp-content\/uploads\/calendriersmedia\/2010 (76).jpg\"><img loading=\"lazy\" src=\"https:\/\/www.calendriers-artistiques.fr\/wp-content\/uploads\/calendriersmedia\/vignette.jpg\" alt=\"\" width=\"33\" height=\"85\" class=\"alignnone size-full wp-image-24\" \/><\/a><\/td>\n<\/tr>\n<tr class=\"row-702 even\">\n\t<td class=\"column-1\">RETHEL<\/td><td class=\"column-2\">RUE COLBERT<\/td><td class=\"column-3\">RALPH PETIT OPTICIENS<\/td><td class=\"column-4\">ARDENNES<\/td><td class=\"column-5\">2010<\/td><td class=\"column-6\"><a href=\"https:\/\/www.calendriers-artistiques.fr\/wp-content\/uploads\/calendriersmedia\/2010 (77).jpg\"><img loading=\"lazy\" src=\"https:\/\/www.calendriers-artistiques.fr\/wp-content\/uploads\/calendriersmedia\/vignette.jpg\" alt=\"\" width=\"33\" height=\"85\" class=\"alignnone size-full wp-image-24\" \/><\/a><\/td>\n<\/tr>\n<tr class=\"row-703 odd\">\n\t<td class=\"column-1\">REVIN<\/td><td class=\"column-2\">RUE VICTOR HUGO<\/td><td class=\"column-3\">LA PHARMACIE DE LA HALLE<\/td><td class=\"column-4\">ARDENNES<\/td><td class=\"column-5\">2010<\/td><td class=\"column-6\"><a href=\"https:\/\/www.calendriers-artistiques.fr\/wp-content\/uploads\/calendriersmedia\/2010 (78).jpg\"><img loading=\"lazy\" src=\"https:\/\/www.calendriers-artistiques.fr\/wp-content\/uploads\/calendriersmedia\/vignette.jpg\" alt=\"\" width=\"33\" height=\"85\" class=\"alignnone size-full wp-image-24\" \/><\/a><\/td>\n<\/tr>\n<tr class=\"row-704 even\">\n\t<td class=\"column-1\">RONCQ<\/td><td class=\"column-2\">RUE DE LILLE<\/td><td class=\"column-3\">LA PHARMACIE POTENCIER<\/td><td class=\"column-4\">NORD<\/td><td class=\"column-5\">2010<\/td><td class=\"column-6\"><a href=\"https:\/\/www.calendriers-artistiques.fr\/wp-content\/uploads\/calendriersmedia\/2010 (79).jpg\"><img loading=\"lazy\" src=\"https:\/\/www.calendriers-artistiques.fr\/wp-content\/uploads\/calendriersmedia\/vignette.jpg\" alt=\"\" width=\"33\" height=\"85\" class=\"alignnone size-full wp-image-24\" \/><\/a><\/td>\n<\/tr>\n<tr class=\"row-705 odd\">\n\t<td class=\"column-1\">RONCQ<\/td><td class=\"column-2\">RUE DE LILLE<\/td><td class=\"column-3\">LA PHARMACIE POTENCIER-BINAUT<\/td><td class=\"column-4\">NORD<\/td><td class=\"column-5\">2010<\/td><td class=\"column-6\"><a href=\"https:\/\/www.calendriers-artistiques.fr\/wp-content\/uploads\/calendriersmedia\/2010 (80).jpg\"><img loading=\"lazy\" src=\"https:\/\/www.calendriers-artistiques.fr\/wp-content\/uploads\/calendriersmedia\/vignette.jpg\" alt=\"\" width=\"33\" height=\"85\" class=\"alignnone size-full wp-image-24\" \/><\/a><\/td>\n<\/tr>\n<tr class=\"row-706 even\">\n\t<td class=\"column-1\">ROSENDA\u00c3\u0192\u00e2\u20ac\u00b9L<\/td><td class=\"column-2\">RUE PAUL MACHY<\/td><td class=\"column-3\">LA PHARMACIE DE LA MAIRIE<\/td><td class=\"column-4\">NORD<\/td><td class=\"column-5\">2010<\/td><td class=\"column-6\"><a href=\"https:\/\/www.calendriers-artistiques.fr\/wp-content\/uploads\/calendriersmedia\/2010 (81).jpg\"><img loading=\"lazy\" src=\"https:\/\/www.calendriers-artistiques.fr\/wp-content\/uploads\/calendriersmedia\/vignette.jpg\" alt=\"\" width=\"33\" height=\"85\" class=\"alignnone size-full wp-image-24\" \/><\/a><\/td>\n<\/tr>\n<tr class=\"row-707 odd\">\n\t<td class=\"column-1\">ROSOY-SUR-SERRE<\/td><td class=\"column-2\">RUE DU GENERAL ADOLPHE MARTIN<\/td><td class=\"column-3\">LA PHARMACIE BOCQUET<\/td><td class=\"column-4\">AISNE<\/td><td class=\"column-5\">2010<\/td><td class=\"column-6\"><a href=\"https:\/\/www.calendriers-artistiques.fr\/wp-content\/uploads\/calendriersmedia\/2010 (82).jpg\"><img loading=\"lazy\" src=\"https:\/\/www.calendriers-artistiques.fr\/wp-content\/uploads\/calendriersmedia\/vignette.jpg\" alt=\"\" width=\"33\" height=\"85\" class=\"alignnone size-full wp-image-24\" \/><\/a><\/td>\n<\/tr>\n<tr class=\"row-708 even\">\n\t<td class=\"column-1\">SAILLY-FLIBEAUCOURT<\/td><td class=\"column-2\">RUE DU TITRE<\/td><td class=\"column-3\">LA PHARMACIE MOULLART<\/td><td class=\"column-4\">SOMME<\/td><td class=\"column-5\">2010<\/td><td class=\"column-6\"><a href=\"https:\/\/www.calendriers-artistiques.fr\/wp-content\/uploads\/calendriersmedia\/2010 (83).jpg\"><img loading=\"lazy\" src=\"https:\/\/www.calendriers-artistiques.fr\/wp-content\/uploads\/calendriersmedia\/vignette.jpg\" alt=\"\" width=\"33\" height=\"85\" class=\"alignnone size-full wp-image-24\" \/><\/a><\/td>\n<\/tr>\n<tr class=\"row-709 odd\">\n\t<td class=\"column-1\">SAINTE-MENEHOULD<\/td><td class=\"column-2\">RUE D'AUSTERLITZ<\/td><td class=\"column-3\">LA PHARMACIE DE L'ARGONNE<\/td><td class=\"column-4\">MARNE<\/td><td class=\"column-5\">2010<\/td><td class=\"column-6\"><a href=\"https:\/\/www.calendriers-artistiques.fr\/wp-content\/uploads\/calendriersmedia\/2010 (84).jpg\"><img loading=\"lazy\" src=\"https:\/\/www.calendriers-artistiques.fr\/wp-content\/uploads\/calendriersmedia\/vignette.jpg\" alt=\"\" width=\"33\" height=\"85\" class=\"alignnone size-full wp-image-24\" \/><\/a><\/td>\n<\/tr>\n<tr class=\"row-710 even\">\n\t<td class=\"column-1\">SAINT-GATIEN-DES-BOIS<\/td><td class=\"column-2\">RUE DES BRIOLEURS<\/td><td class=\"column-3\">LA PHARMACIE PIERROT-DULIEU<\/td><td class=\"column-4\">CALVADOS<\/td><td class=\"column-5\">2010<\/td><td class=\"column-6\"><a href=\"https:\/\/www.calendriers-artistiques.fr\/wp-content\/uploads\/calendriersmedia\/2010 (85).jpg\"><img loading=\"lazy\" src=\"https:\/\/www.calendriers-artistiques.fr\/wp-content\/uploads\/calendriersmedia\/vignette.jpg\" alt=\"\" width=\"33\" height=\"85\" class=\"alignnone size-full wp-image-24\" \/><\/a><\/td>\n<\/tr>\n<tr class=\"row-711 odd\">\n\t<td class=\"column-1\">SAINT-JUST-EN-CHAUSSEE<\/td><td class=\"column-2\">RUE DE PARIS<\/td><td class=\"column-3\">LA PHARMACIE CONVERS et LEFEVRE<\/td><td class=\"column-4\">OISE<\/td><td class=\"column-5\">2010<\/td><td class=\"column-6\"><a href=\"https:\/\/www.calendriers-artistiques.fr\/wp-content\/uploads\/calendriersmedia\/2010 (86).jpg\"><img loading=\"lazy\" src=\"https:\/\/www.calendriers-artistiques.fr\/wp-content\/uploads\/calendriersmedia\/vignette.jpg\" alt=\"\" width=\"33\" height=\"85\" class=\"alignnone size-full wp-image-24\" \/><\/a><\/td>\n<\/tr>\n<tr class=\"row-712 even\">\n\t<td class=\"column-1\">SAINT MAX<\/td><td class=\"column-2\">RUE JEAN VIII<\/td><td class=\"column-3\">LA PHARMACIE JEAN VIII<\/td><td class=\"column-4\">MEURTHE-ET-MOSELLE<\/td><td class=\"column-5\">2010<\/td><td class=\"column-6\"><a href=\"https:\/\/www.calendriers-artistiques.fr\/wp-content\/uploads\/calendriersmedia\/2010 (87).jpg\"><img loading=\"lazy\" src=\"https:\/\/www.calendriers-artistiques.fr\/wp-content\/uploads\/calendriersmedia\/vignette.jpg\" alt=\"\" width=\"33\" height=\"85\" class=\"alignnone size-full wp-image-24\" \/><\/a><\/td>\n<\/tr>\n<tr class=\"row-713 odd\">\n\t<td class=\"column-1\">SAINT-MEMMIE<\/td><td class=\"column-2\">AVENUE JACQUES SIMON<\/td><td class=\"column-3\">LA PHARMACIE GOUAILLE<\/td><td class=\"column-4\">MARNE<\/td><td class=\"column-5\">2010<\/td><td class=\"column-6\"><a href=\"https:\/\/www.calendriers-artistiques.fr\/wp-content\/uploads\/calendriersmedia\/2010 (88).jpg\"><img loading=\"lazy\" src=\"https:\/\/www.calendriers-artistiques.fr\/wp-content\/uploads\/calendriersmedia\/vignette.jpg\" alt=\"\" width=\"33\" height=\"85\" class=\"alignnone size-full wp-image-24\" \/><\/a><\/td>\n<\/tr>\n<tr class=\"row-714 even\">\n\t<td class=\"column-1\">SAINT-OMER<\/td><td class=\"column-2\">PLACE FOCH<\/td><td class=\"column-3\">LA PHARMACIE GALBY<\/td><td class=\"column-4\">PAS-DE-CALAIS<\/td><td class=\"column-5\">2010<\/td><td class=\"column-6\"><a href=\"https:\/\/www.calendriers-artistiques.fr\/wp-content\/uploads\/calendriersmedia\/2010 (89).jpg\"><img loading=\"lazy\" src=\"https:\/\/www.calendriers-artistiques.fr\/wp-content\/uploads\/calendriersmedia\/vignette.jpg\" alt=\"\" width=\"33\" height=\"85\" class=\"alignnone size-full wp-image-24\" \/><\/a><\/td>\n<\/tr>\n<tr class=\"row-715 odd\">\n\t<td class=\"column-1\">SAINT-RIQUIER<\/td><td class=\"column-2\">PLACE DE L'EGLISE<\/td><td class=\"column-3\">LA PHARMACIE VERMES<\/td><td class=\"column-4\">SOMME<\/td><td class=\"column-5\">2010<\/td><td class=\"column-6\"><a href=\"https:\/\/www.calendriers-artistiques.fr\/wp-content\/uploads\/calendriersmedia\/2010 (90).jpg\"><img loading=\"lazy\" src=\"https:\/\/www.calendriers-artistiques.fr\/wp-content\/uploads\/calendriersmedia\/vignette.jpg\" alt=\"\" width=\"33\" height=\"85\" class=\"alignnone size-full wp-image-24\" \/><\/a><\/td>\n<\/tr>\n<tr class=\"row-716 even\">\n\t<td class=\"column-1\">SIN-LE-NOBLE<\/td><td class=\"column-2\">PLACE JEAN JAURES<\/td><td class=\"column-3\">LA BOUTIQUE DU MATERIEL MEDICAL<\/td><td class=\"column-4\">NORD<\/td><td class=\"column-5\">2010<\/td><td class=\"column-6\"><a href=\"https:\/\/www.calendriers-artistiques.fr\/wp-content\/uploads\/calendriersmedia\/2010 (91).jpg\"><img loading=\"lazy\" src=\"https:\/\/www.calendriers-artistiques.fr\/wp-content\/uploads\/calendriersmedia\/vignette.jpg\" alt=\"\" width=\"33\" height=\"85\" class=\"alignnone size-full wp-image-24\" \/><\/a><\/td>\n<\/tr>\n<tr class=\"row-717 odd\">\n\t<td class=\"column-1\">STEENVOORDE<\/td><td class=\"column-2\">PLACE SAINT-PIERRE<\/td><td class=\"column-3\">LA PHARMACIE SAINT-PIERRE<\/td><td class=\"column-4\">NORD<\/td><td class=\"column-5\">2010<\/td><td class=\"column-6\"><a href=\"https:\/\/www.calendriers-artistiques.fr\/wp-content\/uploads\/calendriersmedia\/2010 (92).jpg\"><img loading=\"lazy\" src=\"https:\/\/www.calendriers-artistiques.fr\/wp-content\/uploads\/calendriersmedia\/vignette.jpg\" alt=\"\" width=\"33\" height=\"85\" class=\"alignnone size-full wp-image-24\" \/><\/a><\/td>\n<\/tr>\n<tr class=\"row-718 even\">\n\t<td class=\"column-1\">STENAY<\/td><td class=\"column-2\">PLACE RAYMOND POINCARE<\/td><td class=\"column-3\">LA PHARMACIE DES ARCADES<\/td><td class=\"column-4\">MEUSE<\/td><td class=\"column-5\">2010<\/td><td class=\"column-6\"><a href=\"https:\/\/www.calendriers-artistiques.fr\/wp-content\/uploads\/calendriersmedia\/2010 (93).jpg\"><img loading=\"lazy\" src=\"https:\/\/www.calendriers-artistiques.fr\/wp-content\/uploads\/calendriersmedia\/vignette.jpg\" alt=\"\" width=\"33\" height=\"85\" class=\"alignnone size-full wp-image-24\" \/><\/a><\/td>\n<\/tr>\n<tr class=\"row-719 odd\">\n\t<td class=\"column-1\">STENAY<\/td><td class=\"column-2\">PLACE DE LA REPUBLIQUE<\/td><td class=\"column-3\">LA PHARMACIE LAURENT<\/td><td class=\"column-4\">MEUSE<\/td><td class=\"column-5\">2010<\/td><td class=\"column-6\"><a href=\"https:\/\/www.calendriers-artistiques.fr\/wp-content\/uploads\/calendriersmedia\/2010 (94).jpg\"><img loading=\"lazy\" src=\"https:\/\/www.calendriers-artistiques.fr\/wp-content\/uploads\/calendriersmedia\/vignette.jpg\" alt=\"\" width=\"33\" height=\"85\" class=\"alignnone size-full wp-image-24\" \/><\/a><\/td>\n<\/tr>\n<tr class=\"row-720 even\">\n\t<td class=\"column-1\">THOIRY<\/td><td class=\"column-2\">RUE DE LA PORTE SAINT-MARTIN<\/td><td class=\"column-3\">LA PHARMACIE BENOIST<\/td><td class=\"column-4\">YVELINES<\/td><td class=\"column-5\">2010<\/td><td class=\"column-6\"><a href=\"https:\/\/www.calendriers-artistiques.fr\/wp-content\/uploads\/calendriersmedia\/2010 (95).jpg\"><img loading=\"lazy\" src=\"https:\/\/www.calendriers-artistiques.fr\/wp-content\/uploads\/calendriersmedia\/vignette.jpg\" alt=\"\" width=\"33\" height=\"85\" class=\"alignnone size-full wp-image-24\" \/><\/a><\/td>\n<\/tr>\n<tr class=\"row-721 odd\">\n\t<td class=\"column-1\">THOUROTTE<\/td><td class=\"column-2\">RUE HONORE ESTIENNE D'ORVES<\/td><td class=\"column-3\">LA PHARMACIE HERVO<\/td><td class=\"column-4\">OISE<\/td><td class=\"column-5\">2010<\/td><td class=\"column-6\"><a href=\"https:\/\/www.calendriers-artistiques.fr\/wp-content\/uploads\/calendriersmedia\/2010 (96).jpg\"><img loading=\"lazy\" src=\"https:\/\/www.calendriers-artistiques.fr\/wp-content\/uploads\/calendriersmedia\/vignette.jpg\" alt=\"\" width=\"33\" height=\"85\" class=\"alignnone size-full wp-image-24\" \/><\/a><\/td>\n<\/tr>\n<tr class=\"row-722 even\">\n\t<td class=\"column-1\">T\u00c3\u0192\u00e2\u20ac\u009dTES<\/td><td class=\"column-2\">RUE GUY DE MAUPASSANT<\/td><td class=\"column-3\">LA PHARMACIE DE T\u00c3\u0192\u00e2\u20ac\u009dTES<\/td><td class=\"column-4\">SEINE-MARITIME<\/td><td class=\"column-5\">2010<\/td><td class=\"column-6\"><a href=\"https:\/\/www.calendriers-artistiques.fr\/wp-content\/uploads\/calendriersmedia\/2010 (97).jpg\"><img loading=\"lazy\" src=\"https:\/\/www.calendriers-artistiques.fr\/wp-content\/uploads\/calendriersmedia\/vignette.jpg\" alt=\"\" width=\"33\" height=\"85\" class=\"alignnone size-full wp-image-24\" \/><\/a><\/td>\n<\/tr>\n<tr class=\"row-723 odd\">\n\t<td class=\"column-1\">TOURCOING<\/td><td class=\"column-2\">BOULEVARD GAMBETTA<\/td><td class=\"column-3\">DEBAISIEUX IMMOBILIER<\/td><td class=\"column-4\">NORD<\/td><td class=\"column-5\">2010<\/td><td class=\"column-6\"><a href=\"https:\/\/www.calendriers-artistiques.fr\/wp-content\/uploads\/calendriersmedia\/2010 (98).jpg\"><img loading=\"lazy\" src=\"https:\/\/www.calendriers-artistiques.fr\/wp-content\/uploads\/calendriersmedia\/vignette.jpg\" alt=\"\" width=\"33\" height=\"85\" class=\"alignnone size-full wp-image-24\" \/><\/a><\/td>\n<\/tr>\n<tr class=\"row-724 even\">\n\t<td class=\"column-1\">TOURCOING<\/td><td class=\"column-2\">BOULEVARD GAMBETTA et RUE DE GAND<\/td><td class=\"column-3\">DEBAISIEUX IMMOBILIER<\/td><td class=\"column-4\">NORD<\/td><td class=\"column-5\">2010<\/td><td class=\"column-6\"><a href=\"https:\/\/www.calendriers-artistiques.fr\/wp-content\/uploads\/calendriersmedia\/2010 (99).jpg\"><img loading=\"lazy\" src=\"https:\/\/www.calendriers-artistiques.fr\/wp-content\/uploads\/calendriersmedia\/vignette.jpg\" alt=\"\" width=\"33\" height=\"85\" class=\"alignnone size-full wp-image-24\" \/><\/a><\/td>\n<\/tr>\n<tr class=\"row-725 odd\">\n\t<td class=\"column-1\">TURRETOT<\/td><td class=\"column-2\">PLACE DE CAUX<\/td><td class=\"column-3\">LA PHARMACIE MICHENEAU<\/td><td class=\"column-4\">SEINE-MARITIME<\/td><td class=\"column-5\">2010<\/td><td class=\"column-6\"><a href=\"https:\/\/www.calendriers-artistiques.fr\/wp-content\/uploads\/calendriersmedia\/2010 (100).jpg\"><img loading=\"lazy\" src=\"https:\/\/www.calendriers-artistiques.fr\/wp-content\/uploads\/calendriersmedia\/vignette.jpg\" alt=\"\" width=\"33\" height=\"85\" class=\"alignnone size-full wp-image-24\" \/><\/a><\/td>\n<\/tr>\n<tr class=\"row-726 even\">\n\t<td class=\"column-1\">VAILLY-SUR-SEINE<\/td><td class=\"column-2\">RUE ALEXANDRE LEGRY<\/td><td class=\"column-3\">LA PHARMACIE MILLET<\/td><td class=\"column-4\">AISNE<\/td><td class=\"column-5\">2010<\/td><td class=\"column-6\"><a href=\"https:\/\/www.calendriers-artistiques.fr\/wp-content\/uploads\/calendriersmedia\/2010 (101).jpg\"><img loading=\"lazy\" src=\"https:\/\/www.calendriers-artistiques.fr\/wp-content\/uploads\/calendriersmedia\/vignette.jpg\" alt=\"\" width=\"33\" height=\"85\" class=\"alignnone size-full wp-image-24\" \/><\/a><\/td>\n<\/tr>\n<tr class=\"row-727 odd\">\n\t<td class=\"column-1\">VALENCIENNES<\/td><td class=\"column-2\">PLACE DU CANADA<\/td><td class=\"column-3\">LA PHARMACIE DE LA PLACE DU CANADA<\/td><td class=\"column-4\">NORD<\/td><td class=\"column-5\">2010<\/td><td class=\"column-6\"><a href=\"https:\/\/www.calendriers-artistiques.fr\/wp-content\/uploads\/calendriersmedia\/2010 (102).jpg\"><img loading=\"lazy\" src=\"https:\/\/www.calendriers-artistiques.fr\/wp-content\/uploads\/calendriersmedia\/vignette.jpg\" alt=\"\" width=\"33\" height=\"85\" class=\"alignnone size-full wp-image-24\" \/><\/a><\/td>\n<\/tr>\n<tr class=\"row-728 even\">\n\t<td class=\"column-1\">VARANGEVILLE<\/td><td class=\"column-2\">RUE GABRIEL PERI<\/td><td class=\"column-3\">LA PHARMACIE GUERICOLAS-RANDON<\/td><td class=\"column-4\">MEURTHE-ET-MOSELLE<\/td><td class=\"column-5\">2010<\/td><td class=\"column-6\"><a href=\"https:\/\/www.calendriers-artistiques.fr\/wp-content\/uploads\/calendriersmedia\/2010 (103).jpg\"><img loading=\"lazy\" src=\"https:\/\/www.calendriers-artistiques.fr\/wp-content\/uploads\/calendriersmedia\/vignette.jpg\" alt=\"\" width=\"33\" height=\"85\" class=\"alignnone size-full wp-image-24\" \/><\/a><\/td>\n<\/tr>\n<tr class=\"row-729 odd\">\n\t<td class=\"column-1\">VETHEUIL<\/td><td class=\"column-2\">RUE DE L'EGLISE<\/td><td class=\"column-3\">LA PHARMACIECHAMBRION<\/td><td class=\"column-4\">VAL-D'OISE<\/td><td class=\"column-5\">2010<\/td><td class=\"column-6\"><a href=\"https:\/\/www.calendriers-artistiques.fr\/wp-content\/uploads\/calendriersmedia\/2010 (104).jpg\"><img loading=\"lazy\" src=\"https:\/\/www.calendriers-artistiques.fr\/wp-content\/uploads\/calendriersmedia\/vignette.jpg\" alt=\"\" width=\"33\" height=\"85\" class=\"alignnone size-full wp-image-24\" \/><\/a><\/td>\n<\/tr>\n<tr class=\"row-730 even\">\n\t<td class=\"column-1\">VILLERS-COTTER\u00c3\u0192\u00c5\u00a0TS<\/td><td class=\"column-2\">PLACE DU DOCTEUR MOUFLIER<\/td><td class=\"column-3\">LA PHARMACIE PRINCIPALE<\/td><td class=\"column-4\">AISNE<\/td><td class=\"column-5\">2010<\/td><td class=\"column-6\"><a href=\"https:\/\/www.calendriers-artistiques.fr\/wp-content\/uploads\/calendriersmedia\/2010 (105).jpg\"><img loading=\"lazy\" src=\"https:\/\/www.calendriers-artistiques.fr\/wp-content\/uploads\/calendriersmedia\/vignette.jpg\" alt=\"\" width=\"33\" height=\"85\" class=\"alignnone size-full wp-image-24\" \/><\/a><\/td>\n<\/tr>\n<tr class=\"row-731 odd\">\n\t<td class=\"column-1\">VOUZIERS<\/td><td class=\"column-2\">PLACE CARNOT<\/td><td class=\"column-3\">LA PHARMACIE CENTRALE<\/td><td class=\"column-4\">ARDENNES<\/td><td class=\"column-5\">2010<\/td><td class=\"column-6\"><a href=\"https:\/\/www.calendriers-artistiques.fr\/wp-content\/uploads\/calendriersmedia\/2010 (106).jpg\"><img loading=\"lazy\" src=\"https:\/\/www.calendriers-artistiques.fr\/wp-content\/uploads\/calendriersmedia\/vignette.jpg\" alt=\"\" width=\"33\" height=\"85\" class=\"alignnone size-full wp-image-24\" \/><\/a><\/td>\n<\/tr>\n<tr class=\"row-732 even\">\n\t<td class=\"column-1\">WORMOUTH<\/td><td class=\"column-2\">PLACE DU GENERAL DE GAULLE<\/td><td class=\"column-3\">LA PHARMACIE STEVENOOT<\/td><td class=\"column-4\">NORD<\/td><td class=\"column-5\">2010<\/td><td class=\"column-6\"><a href=\"https:\/\/www.calendriers-artistiques.fr\/wp-content\/uploads\/calendriersmedia\/2010 (107).jpg\"><img loading=\"lazy\" src=\"https:\/\/www.calendriers-artistiques.fr\/wp-content\/uploads\/calendriersmedia\/vignette.jpg\" alt=\"\" width=\"33\" height=\"85\" class=\"alignnone size-full wp-image-24\" \/><\/a><\/td>\n<\/tr>\n<tr class=\"row-733 odd\">\n\t<td class=\"column-1\">YPORT<\/td><td class=\"column-2\">RUE EMMANUEL FOY<\/td><td class=\"column-3\">LA PHARMACIE CAPRON<\/td><td class=\"column-4\">SEINE-MARITIME<\/td><td class=\"column-5\">2010<\/td><td class=\"column-6\"><a href=\"https:\/\/www.calendriers-artistiques.fr\/wp-content\/uploads\/calendriersmedia\/2010 (108).jpg\"><img loading=\"lazy\" src=\"https:\/\/www.calendriers-artistiques.fr\/wp-content\/uploads\/calendriersmedia\/vignette.jpg\" alt=\"\" width=\"33\" height=\"85\" class=\"alignnone size-full wp-image-24\" \/><\/a><\/td>\n<\/tr>\n<tr class=\"row-734 even\">\n\t<td class=\"column-1\">AMBOISE<\/td><td class=\"column-2\">QUAI DU GENERAL DE GAULLE<\/td><td class=\"column-3\">LA PHARMACIE DU MAIL<\/td><td class=\"column-4\">INDRE-ET-LOIRE<\/td><td class=\"column-5\">2009<\/td><td class=\"column-6\"><a href=\"https:\/\/www.calendriers-artistiques.fr\/wp-content\/uploads\/calendriersmedia\/2009 (1).jpg\"><img loading=\"lazy\" src=\"https:\/\/www.calendriers-artistiques.fr\/wp-content\/uploads\/calendriersmedia\/vignette.jpg\" alt=\"\" width=\"33\" height=\"85\" class=\"alignnone size-full wp-image-24\" \/><\/a><\/td>\n<\/tr>\n<tr class=\"row-735 odd\">\n\t<td class=\"column-1\">ARCACHON<\/td><td class=\"column-2\">COURS LAMARQUE<\/td><td class=\"column-3\">LA PHARMACIE DE LA CHAPELLE<\/td><td class=\"column-4\">GIRONDE<\/td><td class=\"column-5\">2009<\/td><td class=\"column-6\"><a href=\"https:\/\/www.calendriers-artistiques.fr\/wp-content\/uploads\/calendriersmedia\/2009 (2).jpg\"><img loading=\"lazy\" src=\"https:\/\/www.calendriers-artistiques.fr\/wp-content\/uploads\/calendriersmedia\/vignette.jpg\" alt=\"\" width=\"33\" height=\"85\" class=\"alignnone size-full wp-image-24\" \/><\/a><\/td>\n<\/tr>\n<tr class=\"row-736 even\">\n\t<td class=\"column-1\">AUMALE<\/td><td class=\"column-2\">RUE DE L'ABBE D'AUCHY<\/td><td class=\"column-3\">LA PHARMACIE PETIT<\/td><td class=\"column-4\">SEINE-MARITIME<\/td><td class=\"column-5\">2009<\/td><td class=\"column-6\"><a href=\"https:\/\/www.calendriers-artistiques.fr\/wp-content\/uploads\/calendriersmedia\/2009 (3).jpg\"><img loading=\"lazy\" src=\"https:\/\/www.calendriers-artistiques.fr\/wp-content\/uploads\/calendriersmedia\/vignette.jpg\" alt=\"\" width=\"33\" height=\"85\" class=\"alignnone size-full wp-image-24\" \/><\/a><\/td>\n<\/tr>\n<tr class=\"row-737 odd\">\n\t<td class=\"column-1\">AURIOL<\/td><td class=\"column-2\">CARREFOUR DES ARTAUDS<\/td><td class=\"column-3\">LA PHARMACIE PUJOL<\/td><td class=\"column-4\">BOUCHES-DU-RH\u00c3\u0192\u00e2\u20ac\u009dNE<\/td><td class=\"column-5\">2009<\/td><td class=\"column-6\"><a href=\"https:\/\/www.calendriers-artistiques.fr\/wp-content\/uploads\/calendriersmedia\/2009 (4).jpg\"><img loading=\"lazy\" src=\"https:\/\/www.calendriers-artistiques.fr\/wp-content\/uploads\/calendriersmedia\/vignette.jpg\" alt=\"\" width=\"33\" height=\"85\" class=\"alignnone size-full wp-image-24\" \/><\/a><\/td>\n<\/tr>\n<tr class=\"row-738 even\">\n\t<td class=\"column-1\">BEAUMATZ-LES-LOGES<\/td><td class=\"column-2\">RUE NATIONALE<\/td><td class=\"column-3\">LA PHARMACIE DES LOGES<\/td><td class=\"column-4\">PAS-DE-CALAIS<\/td><td class=\"column-5\">2009<\/td><td class=\"column-6\"><a href=\"https:\/\/www.calendriers-artistiques.fr\/wp-content\/uploads\/calendriersmedia\/2009 (5).jpg\"><img loading=\"lazy\" src=\"https:\/\/www.calendriers-artistiques.fr\/wp-content\/uploads\/calendriersmedia\/vignette.jpg\" alt=\"\" width=\"33\" height=\"85\" class=\"alignnone size-full wp-image-24\" \/><\/a><\/td>\n<\/tr>\n<tr class=\"row-739 odd\">\n\t<td class=\"column-1\">BETHENCOURT-SUR-MER<\/td><td class=\"column-2\">RUE DE GAMACHES<\/td><td class=\"column-3\">LA PHARMACIE L.DE ROCCO<\/td><td class=\"column-4\">SOMME<\/td><td class=\"column-5\">2009<\/td><td class=\"column-6\"><a href=\"https:\/\/www.calendriers-artistiques.fr\/wp-content\/uploads\/calendriersmedia\/2009 (6).jpg\"><img loading=\"lazy\" src=\"https:\/\/www.calendriers-artistiques.fr\/wp-content\/uploads\/calendriersmedia\/vignette.jpg\" alt=\"\" width=\"33\" height=\"85\" class=\"alignnone size-full wp-image-24\" \/><\/a><\/td>\n<\/tr>\n<tr class=\"row-740 even\">\n\t<td class=\"column-1\">BETHENY<\/td><td class=\"column-2\">ALLES DES FRERES MORANE<\/td><td class=\"column-3\">LA PHARMACIE AUBERT-CULLOT<\/td><td class=\"column-4\">MARNE<\/td><td class=\"column-5\">2009<\/td><td class=\"column-6\"><a href=\"https:\/\/www.calendriers-artistiques.fr\/wp-content\/uploads\/calendriersmedia\/2009 (7).jpg\"><img loading=\"lazy\" src=\"https:\/\/www.calendriers-artistiques.fr\/wp-content\/uploads\/calendriersmedia\/vignette.jpg\" alt=\"\" width=\"33\" height=\"85\" class=\"alignnone size-full wp-image-24\" \/><\/a><\/td>\n<\/tr>\n<tr class=\"row-741 odd\">\n\t<td class=\"column-1\">BLERE<\/td><td class=\"column-2\">PLACE DE LA LIBERATION<\/td><td class=\"column-3\">LA PHARMACIE GOSSELIN<\/td><td class=\"column-4\">INDRE-ET-LOIRE<\/td><td class=\"column-5\">2009<\/td><td class=\"column-6\"><a href=\"https:\/\/www.calendriers-artistiques.fr\/wp-content\/uploads\/calendriersmedia\/2009 (8).jpg\"><img loading=\"lazy\" src=\"https:\/\/www.calendriers-artistiques.fr\/wp-content\/uploads\/calendriersmedia\/vignette.jpg\" alt=\"\" width=\"33\" height=\"85\" class=\"alignnone size-full wp-image-24\" \/><\/a><\/td>\n<\/tr>\n<tr class=\"row-742 even\">\n\t<td class=\"column-1\">BOURRE<\/td><td class=\"column-2\">ROUTE DE TOUR<\/td><td class=\"column-3\">LA PHARMACIE SENECHAL<\/td><td class=\"column-4\">LOIR-ET-CHER<\/td><td class=\"column-5\">2009<\/td><td class=\"column-6\"><a href=\"https:\/\/www.calendriers-artistiques.fr\/wp-content\/uploads\/calendriersmedia\/2009 (9).jpg\"><img loading=\"lazy\" src=\"https:\/\/www.calendriers-artistiques.fr\/wp-content\/uploads\/calendriersmedia\/vignette.jpg\" alt=\"\" width=\"33\" height=\"85\" class=\"alignnone size-full wp-image-24\" \/><\/a><\/td>\n<\/tr>\n<tr class=\"row-743 odd\">\n\t<td class=\"column-1\">BREAUTE<\/td><td class=\"column-2\">PLACE SUCHETET<\/td><td class=\"column-3\">LA PHARMACIE GEULIN<\/td><td class=\"column-4\">SEINE-MARITIME<\/td><td class=\"column-5\">2009<\/td><td class=\"column-6\"><a href=\"https:\/\/www.calendriers-artistiques.fr\/wp-content\/uploads\/calendriersmedia\/2009 (10).jpg\"><img loading=\"lazy\" src=\"https:\/\/www.calendriers-artistiques.fr\/wp-content\/uploads\/calendriersmedia\/vignette.jpg\" alt=\"\" width=\"33\" height=\"85\" class=\"alignnone size-full wp-image-24\" \/><\/a><\/td>\n<\/tr>\n<tr class=\"row-744 even\">\n\t<td class=\"column-1\">CANNES<\/td><td class=\"column-2\">BOULEVARD DE LA CROISETTE<\/td><td class=\"column-3\">LA PHARMACIE DE LA CROISETTE<\/td><td class=\"column-4\">ALPES-MARITIMES<\/td><td class=\"column-5\">2009<\/td><td class=\"column-6\"><a href=\"https:\/\/www.calendriers-artistiques.fr\/wp-content\/uploads\/calendriersmedia\/2009 (11).jpg\"><img loading=\"lazy\" src=\"https:\/\/www.calendriers-artistiques.fr\/wp-content\/uploads\/calendriersmedia\/vignette.jpg\" alt=\"\" width=\"33\" height=\"85\" class=\"alignnone size-full wp-image-24\" \/><\/a><\/td>\n<\/tr>\n<tr class=\"row-745 odd\">\n\t<td class=\"column-1\">CANY-BARVILLE<\/td><td class=\"column-2\">RUE DU GENERAL DE GAULLE<\/td><td class=\"column-3\">LA PHARMACIE JUMEAU<\/td><td class=\"column-4\">SEINE-MARITIME<\/td><td class=\"column-5\">2009<\/td><td class=\"column-6\"><a href=\"https:\/\/www.calendriers-artistiques.fr\/wp-content\/uploads\/calendriersmedia\/2009 (12).jpg\"><img loading=\"lazy\" src=\"https:\/\/www.calendriers-artistiques.fr\/wp-content\/uploads\/calendriersmedia\/vignette.jpg\" alt=\"\" width=\"33\" height=\"85\" class=\"alignnone size-full wp-image-24\" \/><\/a><\/td>\n<\/tr>\n<tr class=\"row-746 even\">\n\t<td class=\"column-1\">CHAUNY<\/td><td class=\"column-2\">RUE DE LA CHAUSSEE<\/td><td class=\"column-3\">LA PHARMACIE DE LA CHAUSSEE<\/td><td class=\"column-4\">AISNE<\/td><td class=\"column-5\">2009<\/td><td class=\"column-6\"><a href=\"https:\/\/www.calendriers-artistiques.fr\/wp-content\/uploads\/calendriersmedia\/2009 (13).jpg\"><img loading=\"lazy\" src=\"https:\/\/www.calendriers-artistiques.fr\/wp-content\/uploads\/calendriersmedia\/vignette.jpg\" alt=\"\" width=\"33\" height=\"85\" class=\"alignnone size-full wp-image-24\" \/><\/a><\/td>\n<\/tr>\n<tr class=\"row-747 odd\">\n\t<td class=\"column-1\">CLAIROIX<\/td><td class=\"column-2\">RUE ARONDE<\/td><td class=\"column-3\">LA PHARMACIE FIEVET<\/td><td class=\"column-4\">OISE<\/td><td class=\"column-5\">2009<\/td><td class=\"column-6\"><a href=\"https:\/\/www.calendriers-artistiques.fr\/wp-content\/uploads\/calendriersmedia\/2009 (14).jpg\"><img loading=\"lazy\" src=\"https:\/\/www.calendriers-artistiques.fr\/wp-content\/uploads\/calendriersmedia\/vignette.jpg\" alt=\"\" width=\"33\" height=\"85\" class=\"alignnone size-full wp-image-24\" \/><\/a><\/td>\n<\/tr>\n<tr class=\"row-748 even\">\n\t<td class=\"column-1\">COMPIEGNE<\/td><td class=\"column-2\">RUE NORMANDE<\/td><td class=\"column-3\">LA PHARMACIE MALBEZIN<\/td><td class=\"column-4\">OISE<\/td><td class=\"column-5\">2009<\/td><td class=\"column-6\"><a href=\"https:\/\/www.calendriers-artistiques.fr\/wp-content\/uploads\/calendriersmedia\/2009 (15).jpg\"><img loading=\"lazy\" src=\"https:\/\/www.calendriers-artistiques.fr\/wp-content\/uploads\/calendriersmedia\/vignette.jpg\" alt=\"\" width=\"33\" height=\"85\" class=\"alignnone size-full wp-image-24\" \/><\/a><\/td>\n<\/tr>\n<tr class=\"row-749 odd\">\n\t<td class=\"column-1\">CONTREXEVILLE<\/td><td class=\"column-2\">RUE DU SHAH DE PERSE<\/td><td class=\"column-3\">LA PHARMACIE THERMALE<\/td><td class=\"column-4\">VOSGES<\/td><td class=\"column-5\">2009<\/td><td class=\"column-6\"><a href=\"https:\/\/www.calendriers-artistiques.fr\/wp-content\/uploads\/calendriersmedia\/2009 (16).jpg\"><img loading=\"lazy\" src=\"https:\/\/www.calendriers-artistiques.fr\/wp-content\/uploads\/calendriersmedia\/vignette.jpg\" alt=\"\" width=\"33\" height=\"85\" class=\"alignnone size-full wp-image-24\" \/><\/a><\/td>\n<\/tr>\n<tr class=\"row-750 even\">\n\t<td class=\"column-1\">CORMONTREUIL<\/td><td class=\"column-2\">AVENUE DU ROUSSILLON<\/td><td class=\"column-3\">LA PHARMACIE RUBIO<\/td><td class=\"column-4\">MARNE<\/td><td class=\"column-5\">2009<\/td><td class=\"column-6\"><a href=\"https:\/\/www.calendriers-artistiques.fr\/wp-content\/uploads\/calendriersmedia\/2009 (17).jpg\"><img loading=\"lazy\" src=\"https:\/\/www.calendriers-artistiques.fr\/wp-content\/uploads\/calendriersmedia\/vignette.jpg\" alt=\"\" width=\"33\" height=\"85\" class=\"alignnone size-full wp-image-24\" \/><\/a><\/td>\n<\/tr>\n<tr class=\"row-751 odd\">\n\t<td class=\"column-1\">CRIEL-SUR-MER<\/td><td class=\"column-2\">PLACE DU GENERAL DE GAULLE<\/td><td class=\"column-3\">LA MAIRIE DE CRIEL-SUR-MER<\/td><td class=\"column-4\">SEINE-MARITIME<\/td><td class=\"column-5\">2009<\/td><td class=\"column-6\"><a href=\"https:\/\/www.calendriers-artistiques.fr\/wp-content\/uploads\/calendriersmedia\/2009 (18).jpg\"><img loading=\"lazy\" src=\"https:\/\/www.calendriers-artistiques.fr\/wp-content\/uploads\/calendriersmedia\/vignette.jpg\" alt=\"\" width=\"33\" height=\"85\" class=\"alignnone size-full wp-image-24\" \/><\/a><\/td>\n<\/tr>\n<tr class=\"row-752 even\">\n\t<td class=\"column-1\">DEAUVILLE<\/td><td class=\"column-2\">AVENUE DE LA REPUBLIQUE<\/td><td class=\"column-3\">LA PHARMACIE DE L'EGLISE<\/td><td class=\"column-4\">CALVADOS<\/td><td class=\"column-5\">2009<\/td><td class=\"column-6\"><a href=\"https:\/\/www.calendriers-artistiques.fr\/wp-content\/uploads\/calendriersmedia\/2009 (19).jpg\"><img loading=\"lazy\" src=\"https:\/\/www.calendriers-artistiques.fr\/wp-content\/uploads\/calendriersmedia\/vignette.jpg\" alt=\"\" width=\"33\" height=\"85\" class=\"alignnone size-full wp-image-24\" \/><\/a><\/td>\n<\/tr>\n<tr class=\"row-753 odd\">\n\t<td class=\"column-1\">DIVION<\/td><td class=\"column-2\">RUE BODELOT<\/td><td class=\"column-3\">LA PHARMACIE ZOLA<\/td><td class=\"column-4\">PAS-DE-CALAIS<\/td><td class=\"column-5\">2009<\/td><td class=\"column-6\"><a href=\"https:\/\/www.calendriers-artistiques.fr\/wp-content\/uploads\/calendriersmedia\/2009 (20).jpg\"><img loading=\"lazy\" src=\"https:\/\/www.calendriers-artistiques.fr\/wp-content\/uploads\/calendriersmedia\/vignette.jpg\" alt=\"\" width=\"33\" height=\"85\" class=\"alignnone size-full wp-image-24\" \/><\/a><\/td>\n<\/tr>\n<tr class=\"row-754 even\">\n\t<td class=\"column-1\">DOMBASLE<\/td><td class=\"column-2\">RUE GABRIEL PERI<\/td><td class=\"column-3\">LA PHARMACIECOTTEL<\/td><td class=\"column-4\">MEURTHE-ET-MOSELLE<\/td><td class=\"column-5\">2009<\/td><td class=\"column-6\"><a href=\"https:\/\/www.calendriers-artistiques.fr\/wp-content\/uploads\/calendriersmedia\/2009 (21).jpg\"><img loading=\"lazy\" src=\"https:\/\/www.calendriers-artistiques.fr\/wp-content\/uploads\/calendriersmedia\/vignette.jpg\" alt=\"\" width=\"33\" height=\"85\" class=\"alignnone size-full wp-image-24\" \/><\/a><\/td>\n<\/tr>\n<tr class=\"row-755 odd\">\n\t<td class=\"column-1\">EPINAL<\/td><td class=\"column-2\">RUE DU CHAR D'ARGENT<\/td><td class=\"column-3\">LA PHARMACIE DE L'EST<\/td><td class=\"column-4\">VOSGES<\/td><td class=\"column-5\">2009<\/td><td class=\"column-6\"><a href=\"https:\/\/www.calendriers-artistiques.fr\/wp-content\/uploads\/calendriersmedia\/2009 (22).jpg\"><img loading=\"lazy\" src=\"https:\/\/www.calendriers-artistiques.fr\/wp-content\/uploads\/calendriersmedia\/vignette.jpg\" alt=\"\" width=\"33\" height=\"85\" class=\"alignnone size-full wp-image-24\" \/><\/a><\/td>\n<\/tr>\n<tr class=\"row-756 even\">\n\t<td class=\"column-1\">FECAMP<\/td><td class=\"column-2\">QUAI BERIGNY<\/td><td class=\"column-3\">LA PHARMACIE DE LA MARINE<\/td><td class=\"column-4\">SEINE-MARITIME<\/td><td class=\"column-5\">2009<\/td><td class=\"column-6\"><a href=\"https:\/\/www.calendriers-artistiques.fr\/wp-content\/uploads\/calendriersmedia\/2009 (23).jpg\"><img loading=\"lazy\" src=\"https:\/\/www.calendriers-artistiques.fr\/wp-content\/uploads\/calendriersmedia\/vignette.jpg\" alt=\"\" width=\"33\" height=\"85\" class=\"alignnone size-full wp-image-24\" \/><\/a><\/td>\n<\/tr>\n<tr class=\"row-757 odd\">\n\t<td class=\"column-1\">FOUQUIERES-LES-LENS<\/td><td class=\"column-2\">ROUTE NATIONALE<\/td><td class=\"column-3\">LA PHARMACIE GRAIRE<\/td><td class=\"column-4\">PAS-DE-CALAIS<\/td><td class=\"column-5\">2009<\/td><td class=\"column-6\"><a href=\"https:\/\/www.calendriers-artistiques.fr\/wp-content\/uploads\/calendriersmedia\/2009 (24).jpg\"><img loading=\"lazy\" src=\"https:\/\/www.calendriers-artistiques.fr\/wp-content\/uploads\/calendriersmedia\/vignette.jpg\" alt=\"\" width=\"33\" height=\"85\" class=\"alignnone size-full wp-image-24\" \/><\/a><\/td>\n<\/tr>\n<tr class=\"row-758 even\">\n\t<td class=\"column-1\">GLAGEON<\/td><td class=\"column-2\">RUE ROLAND ROULEAU<\/td><td class=\"column-3\">LA PHARMACIE JAGIELSKI<\/td><td class=\"column-4\">NORD<\/td><td class=\"column-5\">2009<\/td><td class=\"column-6\"><a href=\"https:\/\/www.calendriers-artistiques.fr\/wp-content\/uploads\/calendriersmedia\/2009 (25).jpg\"><img loading=\"lazy\" src=\"https:\/\/www.calendriers-artistiques.fr\/wp-content\/uploads\/calendriersmedia\/vignette.jpg\" alt=\"\" width=\"33\" height=\"85\" class=\"alignnone size-full wp-image-24\" \/><\/a><\/td>\n<\/tr>\n<tr class=\"row-759 odd\">\n\t<td class=\"column-1\">GODERVILLE<\/td><td class=\"column-2\">PLACE DE VERDUN<\/td><td class=\"column-3\">LA PHARMACIE BOURSETTE<\/td><td class=\"column-4\">SEINE-MARITIME<\/td><td class=\"column-5\">2009<\/td><td class=\"column-6\"><a href=\"https:\/\/www.calendriers-artistiques.fr\/wp-content\/uploads\/calendriersmedia\/2009 (26).jpg\"><img loading=\"lazy\" src=\"https:\/\/www.calendriers-artistiques.fr\/wp-content\/uploads\/calendriersmedia\/vignette.jpg\" alt=\"\" width=\"33\" height=\"85\" class=\"alignnone size-full wp-image-24\" \/><\/a><\/td>\n<\/tr>\n<tr class=\"row-760 even\">\n\t<td class=\"column-1\">GUISE<\/td><td class=\"column-2\">RUE CAMILLE DESMOULINS<\/td><td class=\"column-3\">LA PHARMACIE DU FORT<\/td><td class=\"column-4\">AISNE<\/td><td class=\"column-5\">2009<\/td><td class=\"column-6\"><a href=\"https:\/\/www.calendriers-artistiques.fr\/wp-content\/uploads\/calendriersmedia\/2009 (27).jpg\"><img loading=\"lazy\" src=\"https:\/\/www.calendriers-artistiques.fr\/wp-content\/uploads\/calendriersmedia\/vignette.jpg\" alt=\"\" width=\"33\" height=\"85\" class=\"alignnone size-full wp-image-24\" \/><\/a><\/td>\n<\/tr>\n<tr class=\"row-761 odd\">\n\t<td class=\"column-1\">HENIN-BEAUMONT<\/td><td class=\"column-2\">BOULEVARD DU DOCTEUR SCHWEITZER<\/td><td class=\"column-3\">LA BOUTIQUE DU MATERIEL MEDICAL<\/td><td class=\"column-4\">PAS-DE-CALAIS<\/td><td class=\"column-5\">2009<\/td><td class=\"column-6\"><a href=\"https:\/\/www.calendriers-artistiques.fr\/wp-content\/uploads\/calendriersmedia\/2009 (28).jpg\"><img loading=\"lazy\" src=\"https:\/\/www.calendriers-artistiques.fr\/wp-content\/uploads\/calendriersmedia\/vignette.jpg\" alt=\"\" width=\"33\" height=\"85\" class=\"alignnone size-full wp-image-24\" \/><\/a><\/td>\n<\/tr>\n<tr class=\"row-762 even\">\n\t<td class=\"column-1\">HAUMONT<\/td><td class=\"column-2\">RUE GAMBETTA<\/td><td class=\"column-3\">LA PHARMACIE DE LA GARE<\/td><td class=\"column-4\">NORD<\/td><td class=\"column-5\">2009<\/td><td class=\"column-6\"><a href=\"https:\/\/www.calendriers-artistiques.fr\/wp-content\/uploads\/calendriersmedia\/2009 (29).jpg\"><img loading=\"lazy\" src=\"https:\/\/www.calendriers-artistiques.fr\/wp-content\/uploads\/calendriersmedia\/vignette.jpg\" alt=\"\" width=\"33\" height=\"85\" class=\"alignnone size-full wp-image-24\" \/><\/a><\/td>\n<\/tr>\n<tr class=\"row-763 odd\">\n\t<td class=\"column-1\">LE SAP<\/td><td class=\"column-2\">ROUTE DE GACE<\/td><td class=\"column-3\">LE FOYER LOUISE MARIE<\/td><td class=\"column-4\">ORNE<\/td><td class=\"column-5\">2009<\/td><td class=\"column-6\"><a href=\"https:\/\/www.calendriers-artistiques.fr\/wp-content\/uploads\/calendriersmedia\/2009 (30).jpg\"><img loading=\"lazy\" src=\"https:\/\/www.calendriers-artistiques.fr\/wp-content\/uploads\/calendriersmedia\/vignette.jpg\" alt=\"\" width=\"33\" height=\"85\" class=\"alignnone size-full wp-image-24\" \/><\/a><\/td>\n<\/tr>\n<tr class=\"row-764 even\">\n\t<td class=\"column-1\">LESQUIN<\/td><td class=\"column-2\">ROUTE DE DOUAI<\/td><td class=\"column-3\">LA BOUTIQUE DU MATERIEL MEDICAL<\/td><td class=\"column-4\">NORD<\/td><td class=\"column-5\">2009<\/td><td class=\"column-6\"><a href=\"https:\/\/www.calendriers-artistiques.fr\/wp-content\/uploads\/calendriersmedia\/2009 (31).jpg\"><img loading=\"lazy\" src=\"https:\/\/www.calendriers-artistiques.fr\/wp-content\/uploads\/calendriersmedia\/vignette.jpg\" alt=\"\" width=\"33\" height=\"85\" class=\"alignnone size-full wp-image-24\" \/><\/a><\/td>\n<\/tr>\n<tr class=\"row-765 odd\">\n\t<td class=\"column-1\">LE TREPORT<\/td><td class=\"column-2\">QUAI FRANCOIS 1er<\/td><td class=\"column-3\">LA PHARMACIE CHEVALIER<\/td><td class=\"column-4\">SEINE-MARITIME<\/td><td class=\"column-5\">2009<\/td><td class=\"column-6\"><a href=\"https:\/\/www.calendriers-artistiques.fr\/wp-content\/uploads\/calendriersmedia\/2009 (32).jpg\"><img loading=\"lazy\" src=\"https:\/\/www.calendriers-artistiques.fr\/wp-content\/uploads\/calendriersmedia\/vignette.jpg\" alt=\"\" width=\"33\" height=\"85\" class=\"alignnone size-full wp-image-24\" \/><\/a><\/td>\n<\/tr>\n<tr class=\"row-766 even\">\n\t<td class=\"column-1\">LEVES<\/td><td class=\"column-2\">RUE DE JOSAPHAT<\/td><td class=\"column-3\">LA PHARMACIE COLAS-PICCININ<\/td><td class=\"column-4\">EURE-ET-LOIR<\/td><td class=\"column-5\">2009<\/td><td class=\"column-6\"><a href=\"https:\/\/www.calendriers-artistiques.fr\/wp-content\/uploads\/calendriersmedia\/2009 (33).jpg\"><img loading=\"lazy\" src=\"https:\/\/www.calendriers-artistiques.fr\/wp-content\/uploads\/calendriersmedia\/vignette.jpg\" alt=\"\" width=\"33\" height=\"85\" class=\"alignnone size-full wp-image-24\" \/><\/a><\/td>\n<\/tr>\n<tr class=\"row-767 odd\">\n\t<td class=\"column-1\">LIBERCOURT<\/td><td class=\"column-2\">RUE CYPRIEN QUINET<\/td><td class=\"column-3\">LA BOUTIQUE DU MATERIEL MEDICAL<\/td><td class=\"column-4\">PAS-DE-CALAIS<\/td><td class=\"column-5\">2009<\/td><td class=\"column-6\"><a href=\"https:\/\/www.calendriers-artistiques.fr\/wp-content\/uploads\/calendriersmedia\/2009 (34).jpg\"><img loading=\"lazy\" src=\"https:\/\/www.calendriers-artistiques.fr\/wp-content\/uploads\/calendriersmedia\/vignette.jpg\" alt=\"\" width=\"33\" height=\"85\" class=\"alignnone size-full wp-image-24\" \/><\/a><\/td>\n<\/tr>\n<tr class=\"row-768 even\">\n\t<td class=\"column-1\">LIBERCOURT<\/td><td class=\"column-2\">BOULEVARD SCHUMAN<\/td><td class=\"column-3\">LA PHARMACIE MAJCHRZAK<\/td><td class=\"column-4\">PAS-DE-CALAIS<\/td><td class=\"column-5\">2009<\/td><td class=\"column-6\"><a href=\"https:\/\/www.calendriers-artistiques.fr\/wp-content\/uploads\/calendriersmedia\/2009 (35).jpg\"><img loading=\"lazy\" src=\"https:\/\/www.calendriers-artistiques.fr\/wp-content\/uploads\/calendriersmedia\/vignette.jpg\" alt=\"\" width=\"33\" height=\"85\" class=\"alignnone size-full wp-image-24\" \/><\/a><\/td>\n<\/tr>\n<tr class=\"row-769 odd\">\n\t<td class=\"column-1\">LIBOURNE<\/td><td class=\"column-2\">AVENUE DES COMBATTANTS EN AFN<\/td><td class=\"column-3\">LA PHARMACIE DE L'EPINETTE<\/td><td class=\"column-4\">GIRONDE<\/td><td class=\"column-5\">2009<\/td><td class=\"column-6\"><a href=\"https:\/\/www.calendriers-artistiques.fr\/wp-content\/uploads\/calendriersmedia\/2009 (36).jpg\"><img loading=\"lazy\" src=\"https:\/\/www.calendriers-artistiques.fr\/wp-content\/uploads\/calendriersmedia\/vignette.jpg\" alt=\"\" width=\"33\" height=\"85\" class=\"alignnone size-full wp-image-24\" \/><\/a><\/td>\n<\/tr>\n<tr class=\"row-770 even\">\n\t<td class=\"column-1\">LIEVIN<\/td><td class=\"column-2\">RUE FRANCOIS COURTIN<\/td><td class=\"column-3\">LA PHARMACIE NOUVELLE<\/td><td class=\"column-4\">PAS-DE-CALAIS<\/td><td class=\"column-5\">2009<\/td><td class=\"column-6\"><a href=\"https:\/\/www.calendriers-artistiques.fr\/wp-content\/uploads\/calendriersmedia\/2009 (37).jpg\"><img loading=\"lazy\" src=\"https:\/\/www.calendriers-artistiques.fr\/wp-content\/uploads\/calendriersmedia\/vignette.jpg\" alt=\"\" width=\"33\" height=\"85\" class=\"alignnone size-full wp-image-24\" \/><\/a><\/td>\n<\/tr>\n<tr class=\"row-771 odd\">\n\t<td class=\"column-1\">LILLE<\/td><td class=\"column-2\">RUE DU FAUBOURG DES POSTES<\/td><td class=\"column-3\">LA PHARMACIE DU FAUBOURG<\/td><td class=\"column-4\">NORD<\/td><td class=\"column-5\">2009<\/td><td class=\"column-6\"><a href=\"https:\/\/www.calendriers-artistiques.fr\/wp-content\/uploads\/calendriersmedia\/2009 (38).jpg\"><img loading=\"lazy\" src=\"https:\/\/www.calendriers-artistiques.fr\/wp-content\/uploads\/calendriersmedia\/vignette.jpg\" alt=\"\" width=\"33\" height=\"85\" class=\"alignnone size-full wp-image-24\" \/><\/a><\/td>\n<\/tr>\n<tr class=\"row-772 even\">\n\t<td class=\"column-1\">LONGUEAU<\/td><td class=\"column-2\">AVENUE HENRI BARBUSSE<\/td><td class=\"column-3\">LA PHARMACIE SATCHIVI<\/td><td class=\"column-4\">SOMME<\/td><td class=\"column-5\">2009<\/td><td class=\"column-6\"><a href=\"https:\/\/www.calendriers-artistiques.fr\/wp-content\/uploads\/calendriersmedia\/2009 (39).jpg\"><img loading=\"lazy\" src=\"https:\/\/www.calendriers-artistiques.fr\/wp-content\/uploads\/calendriersmedia\/vignette.jpg\" alt=\"\" width=\"33\" height=\"85\" class=\"alignnone size-full wp-image-24\" \/><\/a><\/td>\n<\/tr>\n<tr class=\"row-773 odd\">\n\t<td class=\"column-1\">LUCE<\/td><td class=\"column-2\">RUE DU MARECHAL LECLERC<\/td><td class=\"column-3\">LA PHARMACIE BAL<\/td><td class=\"column-4\">EURE-ET-LOIR<\/td><td class=\"column-5\">2009<\/td><td class=\"column-6\"><a href=\"https:\/\/www.calendriers-artistiques.fr\/wp-content\/uploads\/calendriersmedia\/2009 (40).jpg\"><img loading=\"lazy\" src=\"https:\/\/www.calendriers-artistiques.fr\/wp-content\/uploads\/calendriersmedia\/vignette.jpg\" alt=\"\" width=\"33\" height=\"85\" class=\"alignnone size-full wp-image-24\" \/><\/a><\/td>\n<\/tr>\n<tr class=\"row-774 even\">\n\t<td class=\"column-1\">MAING<\/td><td class=\"column-2\">RUE JEAN JAURES<\/td><td class=\"column-3\">LA PHARMACIE DESROUSSEAUX<\/td><td class=\"column-4\">NORD<\/td><td class=\"column-5\">2009<\/td><td class=\"column-6\"><a href=\"https:\/\/www.calendriers-artistiques.fr\/wp-content\/uploads\/calendriersmedia\/2009 (41).jpg\"><img loading=\"lazy\" src=\"https:\/\/www.calendriers-artistiques.fr\/wp-content\/uploads\/calendriersmedia\/vignette.jpg\" alt=\"\" width=\"33\" height=\"85\" class=\"alignnone size-full wp-image-24\" \/><\/a><\/td>\n<\/tr>\n<tr class=\"row-775 odd\">\n\t<td class=\"column-1\">MARESQUEL-ECQUEMICOURT<\/td><td class=\"column-2\">ROUTE DE MONTREUIL<\/td><td class=\"column-3\">LA PHARMACIE AVERLANT<\/td><td class=\"column-4\">PAS-DE-CALAIS<\/td><td class=\"column-5\">2009<\/td><td class=\"column-6\"><a href=\"https:\/\/www.calendriers-artistiques.fr\/wp-content\/uploads\/calendriersmedia\/2009 (42).jpg\"><img loading=\"lazy\" src=\"https:\/\/www.calendriers-artistiques.fr\/wp-content\/uploads\/calendriersmedia\/vignette.jpg\" alt=\"\" width=\"33\" height=\"85\" class=\"alignnone size-full wp-image-24\" \/><\/a><\/td>\n<\/tr>\n<tr class=\"row-776 even\">\n\t<td class=\"column-1\">MARLY<\/td><td class=\"column-2\">RUE PAUL VAILLANT COUTURIER<\/td><td class=\"column-3\">LA PHARMACIE DE LA BRIQUETTE<\/td><td class=\"column-4\">NORD<\/td><td class=\"column-5\">2009<\/td><td class=\"column-6\"><a href=\"https:\/\/www.calendriers-artistiques.fr\/wp-content\/uploads\/calendriersmedia\/2009 (43).jpg\"><img loading=\"lazy\" src=\"https:\/\/www.calendriers-artistiques.fr\/wp-content\/uploads\/calendriersmedia\/vignette.jpg\" alt=\"\" width=\"33\" height=\"85\" class=\"alignnone size-full wp-image-24\" \/><\/a><\/td>\n<\/tr>\n<tr class=\"row-777 odd\">\n\t<td class=\"column-1\">MERS-LES-BAINS<\/td><td class=\"column-2\">RUE PIERRE ET MARIE CURIE<\/td><td class=\"column-3\">LA PHARMACIE NAFTEUX<\/td><td class=\"column-4\">SOMME<\/td><td class=\"column-5\">2009<\/td><td class=\"column-6\"><a href=\"https:\/\/www.calendriers-artistiques.fr\/wp-content\/uploads\/calendriersmedia\/2009 (44).jpg\"><img loading=\"lazy\" src=\"https:\/\/www.calendriers-artistiques.fr\/wp-content\/uploads\/calendriersmedia\/vignette.jpg\" alt=\"\" width=\"33\" height=\"85\" class=\"alignnone size-full wp-image-24\" \/><\/a><\/td>\n<\/tr>\n<tr class=\"row-778 even\">\n\t<td class=\"column-1\">MERS-LES-BAINS<\/td><td class=\"column-2\">RUE ANDRE DUMONT<\/td><td class=\"column-3\">LA PHARMACIE DE LA PLACE<\/td><td class=\"column-4\">SOMME<\/td><td class=\"column-5\">2009<\/td><td class=\"column-6\"><a href=\"https:\/\/www.calendriers-artistiques.fr\/wp-content\/uploads\/calendriersmedia\/2009 (45).jpg\"><img loading=\"lazy\" src=\"https:\/\/www.calendriers-artistiques.fr\/wp-content\/uploads\/calendriersmedia\/vignette.jpg\" alt=\"\" width=\"33\" height=\"85\" class=\"alignnone size-full wp-image-24\" \/><\/a><\/td>\n<\/tr>\n<tr class=\"row-779 odd\">\n\t<td class=\"column-1\">MONS-EN-PEVELE<\/td><td class=\"column-2\">RUE DU MOULIN<\/td><td class=\"column-3\">LA PHARMACIE DE LA FONTAINE SAINT-JEAN<\/td><td class=\"column-4\">NORD<\/td><td class=\"column-5\">2009<\/td><td class=\"column-6\"><a href=\"https:\/\/www.calendriers-artistiques.fr\/wp-content\/uploads\/calendriersmedia\/2009 (46).jpg\"><img loading=\"lazy\" src=\"https:\/\/www.calendriers-artistiques.fr\/wp-content\/uploads\/calendriersmedia\/vignette.jpg\" alt=\"\" width=\"33\" height=\"85\" class=\"alignnone size-full wp-image-24\" \/><\/a><\/td>\n<\/tr>\n<tr class=\"row-780 even\">\n\t<td class=\"column-1\">MONTFORT-SUR-RISLE<\/td><td class=\"column-2\">RUE SAINT PIERRE<\/td><td class=\"column-3\">LA PHARMACIE DE LA VALLEE<\/td><td class=\"column-4\">EURE<\/td><td class=\"column-5\">2009<\/td><td class=\"column-6\"><a href=\"https:\/\/www.calendriers-artistiques.fr\/wp-content\/uploads\/calendriersmedia\/2009 (47).jpg\"><img loading=\"lazy\" src=\"https:\/\/www.calendriers-artistiques.fr\/wp-content\/uploads\/calendriersmedia\/vignette.jpg\" alt=\"\" width=\"33\" height=\"85\" class=\"alignnone size-full wp-image-24\" \/><\/a><\/td>\n<\/tr>\n<tr class=\"row-781 odd\">\n\t<td class=\"column-1\">MOURMELON-LE -GRAND<\/td><td class=\"column-2\">PLACE CLEMENCEAU<\/td><td class=\"column-3\">LA PHARMACIE CLEMENCEAU<\/td><td class=\"column-4\">MARNE<\/td><td class=\"column-5\">2009<\/td><td class=\"column-6\"><a href=\"https:\/\/www.calendriers-artistiques.fr\/wp-content\/uploads\/calendriersmedia\/2009 (48).jpg\"><img loading=\"lazy\" src=\"https:\/\/www.calendriers-artistiques.fr\/wp-content\/uploads\/calendriersmedia\/vignette.jpg\" alt=\"\" width=\"33\" height=\"85\" class=\"alignnone size-full wp-image-24\" \/><\/a><\/td>\n<\/tr>\n<tr class=\"row-782 even\">\n\t<td class=\"column-1\">MOUVAUX<\/td><td class=\"column-2\">RUE DE LILLE<\/td><td class=\"column-3\">LA PHARMACIE DELCOUR-BUYSSE<\/td><td class=\"column-4\">NORD<\/td><td class=\"column-5\">2009<\/td><td class=\"column-6\"><a href=\"https:\/\/www.calendriers-artistiques.fr\/wp-content\/uploads\/calendriersmedia\/2009 (49).jpg\"><img loading=\"lazy\" src=\"https:\/\/www.calendriers-artistiques.fr\/wp-content\/uploads\/calendriersmedia\/vignette.jpg\" alt=\"\" width=\"33\" height=\"85\" class=\"alignnone size-full wp-image-24\" \/><\/a><\/td>\n<\/tr>\n<tr class=\"row-783 odd\">\n\t<td class=\"column-1\">NEUVILLE-SUR-ESCAUT<\/td><td class=\"column-2\">RUE JEAN JAURES<\/td><td class=\"column-3\">LA VIE TRANQUILLE<\/td><td class=\"column-4\">NORD<\/td><td class=\"column-5\">2009<\/td><td class=\"column-6\"><a href=\"https:\/\/www.calendriers-artistiques.fr\/wp-content\/uploads\/calendriersmedia\/2009 (50).jpg\"><img loading=\"lazy\" src=\"https:\/\/www.calendriers-artistiques.fr\/wp-content\/uploads\/calendriersmedia\/vignette.jpg\" alt=\"\" width=\"33\" height=\"85\" class=\"alignnone size-full wp-image-24\" \/><\/a><\/td>\n<\/tr>\n<tr class=\"row-784 even\">\n\t<td class=\"column-1\">ORBEC<\/td><td class=\"column-2\">RUE GRANDE<\/td><td class=\"column-3\">LA PHARMACIE DE L'ORBIQUET<\/td><td class=\"column-4\">CALVADOS<\/td><td class=\"column-5\">2009<\/td><td class=\"column-6\"><a href=\"https:\/\/www.calendriers-artistiques.fr\/wp-content\/uploads\/calendriersmedia\/2009 (51).jpg\"><img loading=\"lazy\" src=\"https:\/\/www.calendriers-artistiques.fr\/wp-content\/uploads\/calendriersmedia\/vignette.jpg\" alt=\"\" width=\"33\" height=\"85\" class=\"alignnone size-full wp-image-24\" \/><\/a><\/td>\n<\/tr>\n<tr class=\"row-785 odd\">\n\t<td class=\"column-1\">ORCHIES<\/td><td class=\"column-2\">PLACE DU GENERAL DE GAULLE<\/td><td class=\"column-3\">LA PHARMACIE DE L'H\u00c3\u0192\u00e2\u20ac\u009dTEL DE VILLE<\/td><td class=\"column-4\">NORD<\/td><td class=\"column-5\">2009<\/td><td class=\"column-6\"><a href=\"https:\/\/www.calendriers-artistiques.fr\/wp-content\/uploads\/calendriersmedia\/2009 (52).jpg\"><img loading=\"lazy\" src=\"https:\/\/www.calendriers-artistiques.fr\/wp-content\/uploads\/calendriersmedia\/vignette.jpg\" alt=\"\" width=\"33\" height=\"85\" class=\"alignnone size-full wp-image-24\" \/><\/a><\/td>\n<\/tr>\n<tr class=\"row-786 even\">\n\t<td class=\"column-1\">PERNES-LES-FONTAINES<\/td><td class=\"column-2\">PLACE ARISTIDE BRIAND<\/td><td class=\"column-3\">LA PHARMACIE TENON<\/td><td class=\"column-4\">VAUCLUSE<\/td><td class=\"column-5\">2009<\/td><td class=\"column-6\"><a href=\"https:\/\/www.calendriers-artistiques.fr\/wp-content\/uploads\/calendriersmedia\/2009 (53).jpg\"><img loading=\"lazy\" src=\"https:\/\/www.calendriers-artistiques.fr\/wp-content\/uploads\/calendriersmedia\/vignette.jpg\" alt=\"\" width=\"33\" height=\"85\" class=\"alignnone size-full wp-image-24\" \/><\/a><\/td>\n<\/tr>\n<tr class=\"row-787 odd\">\n\t<td class=\"column-1\">PIERRES<\/td><td class=\"column-2\">RESIDENCE SAINT-GILLES<\/td><td class=\"column-3\">LA PHARMACIE SAINT-GILLES<\/td><td class=\"column-4\">EURE-ET-LOIR<\/td><td class=\"column-5\">2009<\/td><td class=\"column-6\"><a href=\"https:\/\/www.calendriers-artistiques.fr\/wp-content\/uploads\/calendriersmedia\/2009 (54).jpg\"><img loading=\"lazy\" src=\"https:\/\/www.calendriers-artistiques.fr\/wp-content\/uploads\/calendriersmedia\/vignette.jpg\" alt=\"\" width=\"33\" height=\"85\" class=\"alignnone size-full wp-image-24\" \/><\/a><\/td>\n<\/tr>\n<tr class=\"row-788 even\">\n\t<td class=\"column-1\">PONT-AUDEMER<\/td><td class=\"column-2\">RUE THIERS<\/td><td class=\"column-3\">LA PHARMACIE DEHESDIN-LUTTON<\/td><td class=\"column-4\">EURE<\/td><td class=\"column-5\">2009<\/td><td class=\"column-6\"><a href=\"https:\/\/www.calendriers-artistiques.fr\/wp-content\/uploads\/calendriersmedia\/2009 (55).jpg\"><img loading=\"lazy\" src=\"https:\/\/www.calendriers-artistiques.fr\/wp-content\/uploads\/calendriersmedia\/vignette.jpg\" alt=\"\" width=\"33\" height=\"85\" class=\"alignnone size-full wp-image-24\" \/><\/a><\/td>\n<\/tr>\n<tr class=\"row-789 odd\">\n\t<td class=\"column-1\">PORT-SAINTE-MARIE<\/td><td class=\"column-2\">RUE PASTEUR<\/td><td class=\"column-3\">LA PHARMACIE PASTEUR<\/td><td class=\"column-4\">LOT-ET-GARONNE<\/td><td class=\"column-5\">2009<\/td><td class=\"column-6\"><a href=\"https:\/\/www.calendriers-artistiques.fr\/wp-content\/uploads\/calendriersmedia\/2009 (56).jpg\"><img loading=\"lazy\" src=\"https:\/\/www.calendriers-artistiques.fr\/wp-content\/uploads\/calendriersmedia\/vignette.jpg\" alt=\"\" width=\"33\" height=\"85\" class=\"alignnone size-full wp-image-24\" \/><\/a><\/td>\n<\/tr>\n<tr class=\"row-790 even\">\n\t<td class=\"column-1\">PROUVY<\/td><td class=\"column-2\">RUE ROGER SALENGRO<\/td><td class=\"column-3\">LA PHARMACIE SALMI<\/td><td class=\"column-4\">NORD<\/td><td class=\"column-5\">2009<\/td><td class=\"column-6\"><a href=\"https:\/\/www.calendriers-artistiques.fr\/wp-content\/uploads\/calendriersmedia\/2009 (57).jpg\"><img loading=\"lazy\" src=\"https:\/\/www.calendriers-artistiques.fr\/wp-content\/uploads\/calendriersmedia\/vignette.jpg\" alt=\"\" width=\"33\" height=\"85\" class=\"alignnone size-full wp-image-24\" \/><\/a><\/td>\n<\/tr>\n<tr class=\"row-791 odd\">\n\t<td class=\"column-1\">RACHES<\/td><td class=\"column-2\">ROUTE NATIONALE<\/td><td class=\"column-3\">LA PHARMACIE LESPAGNOL<\/td><td class=\"column-4\">NORD<\/td><td class=\"column-5\">2009<\/td><td class=\"column-6\"><a href=\"https:\/\/www.calendriers-artistiques.fr\/wp-content\/uploads\/calendriersmedia\/2009 (58).jpg\"><img loading=\"lazy\" src=\"https:\/\/www.calendriers-artistiques.fr\/wp-content\/uploads\/calendriersmedia\/vignette.jpg\" alt=\"\" width=\"33\" height=\"85\" class=\"alignnone size-full wp-image-24\" \/><\/a><\/td>\n<\/tr>\n<tr class=\"row-792 even\">\n\t<td class=\"column-1\">REIMS<\/td><td class=\"column-2\">PLACE SAINT-THIMOTHEE<\/td><td class=\"column-3\">LA PHARMACIE DIEU LUMIERE<\/td><td class=\"column-4\">MARNE<\/td><td class=\"column-5\">2009<\/td><td class=\"column-6\"><a href=\"https:\/\/www.calendriers-artistiques.fr\/wp-content\/uploads\/calendriersmedia\/2009 (59).jpg\"><img loading=\"lazy\" src=\"https:\/\/www.calendriers-artistiques.fr\/wp-content\/uploads\/calendriersmedia\/vignette.jpg\" alt=\"\" width=\"33\" height=\"85\" class=\"alignnone size-full wp-image-24\" \/><\/a><\/td>\n<\/tr>\n<tr class=\"row-793 odd\">\n\t<td class=\"column-1\">RETHEL<\/td><td class=\"column-2\">AVENUE GAMBETTA<\/td><td class=\"column-3\">LA PHARMACIE LEFEVRE<\/td><td class=\"column-4\">ARDENNES<\/td><td class=\"column-5\">2009<\/td><td class=\"column-6\"><a href=\"https:\/\/www.calendriers-artistiques.fr\/wp-content\/uploads\/calendriersmedia\/2009 (60).jpg\"><img loading=\"lazy\" src=\"https:\/\/www.calendriers-artistiques.fr\/wp-content\/uploads\/calendriersmedia\/vignette.jpg\" alt=\"\" width=\"33\" height=\"85\" class=\"alignnone size-full wp-image-24\" \/><\/a><\/td>\n<\/tr>\n<tr class=\"row-794 even\">\n\t<td class=\"column-1\">REVIN<\/td><td class=\"column-2\">RUE VICTOR HUGO<\/td><td class=\"column-3\">LA PHARMACIE DE LA HALLE<\/td><td class=\"column-4\">ARDENNES<\/td><td class=\"column-5\">2009<\/td><td class=\"column-6\"><a href=\"https:\/\/www.calendriers-artistiques.fr\/wp-content\/uploads\/calendriersmedia\/2009 (61).jpg\"><img loading=\"lazy\" src=\"https:\/\/www.calendriers-artistiques.fr\/wp-content\/uploads\/calendriersmedia\/vignette.jpg\" alt=\"\" width=\"33\" height=\"85\" class=\"alignnone size-full wp-image-24\" \/><\/a><\/td>\n<\/tr>\n<tr class=\"row-795 odd\">\n\t<td class=\"column-1\">RONCQ<\/td><td class=\"column-2\">RUE DE LILLE<\/td><td class=\"column-3\">LA PHARMACIE POTENCIER<\/td><td class=\"column-4\">NORD<\/td><td class=\"column-5\">2009<\/td><td class=\"column-6\"><a href=\"https:\/\/www.calendriers-artistiques.fr\/wp-content\/uploads\/calendriersmedia\/2009 (62).jpg\"><img loading=\"lazy\" src=\"https:\/\/www.calendriers-artistiques.fr\/wp-content\/uploads\/calendriersmedia\/vignette.jpg\" alt=\"\" width=\"33\" height=\"85\" class=\"alignnone size-full wp-image-24\" \/><\/a><\/td>\n<\/tr>\n<tr class=\"row-796 even\">\n\t<td class=\"column-1\">RONCQ<\/td><td class=\"column-2\">RUE DE LILLE<\/td><td class=\"column-3\">LA PHARMACIE POTENCIER-BINAUT<\/td><td class=\"column-4\">NORD<\/td><td class=\"column-5\">2009<\/td><td class=\"column-6\"><a href=\"https:\/\/www.calendriers-artistiques.fr\/wp-content\/uploads\/calendriersmedia\/2009 (63).jpg\"><img loading=\"lazy\" src=\"https:\/\/www.calendriers-artistiques.fr\/wp-content\/uploads\/calendriersmedia\/vignette.jpg\" alt=\"\" width=\"33\" height=\"85\" class=\"alignnone size-full wp-image-24\" \/><\/a><\/td>\n<\/tr>\n<tr class=\"row-797 odd\">\n\t<td class=\"column-1\">ROQUEBRUNE-SUR-ARGENS<\/td><td class=\"column-2\">AVENUE DU GENERAL DE GAULLE<\/td><td class=\"column-3\">LA PHARMACIE DU ROCHER<\/td><td class=\"column-4\">VAR<\/td><td class=\"column-5\">2009<\/td><td class=\"column-6\"><a href=\"https:\/\/www.calendriers-artistiques.fr\/wp-content\/uploads\/calendriersmedia\/2009 (64).jpg\"><img loading=\"lazy\" src=\"https:\/\/www.calendriers-artistiques.fr\/wp-content\/uploads\/calendriersmedia\/vignette.jpg\" alt=\"\" width=\"33\" height=\"85\" class=\"alignnone size-full wp-image-24\" \/><\/a><\/td>\n<\/tr>\n<tr class=\"row-798 even\">\n\t<td class=\"column-1\">ROSENDA\u00c3\u0192\u00e2\u20ac\u00b9L<\/td><td class=\"column-2\">RUE PAUL MACHY<\/td><td class=\"column-3\">LA PHARMACIE DE LA MAIRIE<\/td><td class=\"column-4\">NORD<\/td><td class=\"column-5\">2009<\/td><td class=\"column-6\"><a href=\"https:\/\/www.calendriers-artistiques.fr\/wp-content\/uploads\/calendriersmedia\/2009 (65).jpg\"><img loading=\"lazy\" src=\"https:\/\/www.calendriers-artistiques.fr\/wp-content\/uploads\/calendriersmedia\/vignette.jpg\" alt=\"\" width=\"33\" height=\"85\" class=\"alignnone size-full wp-image-24\" \/><\/a><\/td>\n<\/tr>\n<tr class=\"row-799 odd\">\n\t<td class=\"column-1\">SAINTE-GAUBURGE-SAINTE-COLOMBE<\/td><td class=\"column-2\">GRANDE RUE<\/td><td class=\"column-3\">LA PHARMACIE MORRUZZI<\/td><td class=\"column-4\">ORNE<\/td><td class=\"column-5\">2009<\/td><td class=\"column-6\"><a href=\"https:\/\/www.calendriers-artistiques.fr\/wp-content\/uploads\/calendriersmedia\/2009 (66).jpg\"><img loading=\"lazy\" src=\"https:\/\/www.calendriers-artistiques.fr\/wp-content\/uploads\/calendriersmedia\/vignette.jpg\" alt=\"\" width=\"33\" height=\"85\" class=\"alignnone size-full wp-image-24\" \/><\/a><\/td>\n<\/tr>\n<tr class=\"row-800 even\">\n\t<td class=\"column-1\">SAINTE-HELENE<\/td><td class=\"column-2\">ROUTE DE L'OCEAN<\/td><td class=\"column-3\">LA PHARMACIE RIPOCHE<\/td><td class=\"column-4\">GIRONDE<\/td><td class=\"column-5\">2009<\/td><td class=\"column-6\"><a href=\"https:\/\/www.calendriers-artistiques.fr\/wp-content\/uploads\/calendriersmedia\/2009 (67).jpg\"><img loading=\"lazy\" src=\"https:\/\/www.calendriers-artistiques.fr\/wp-content\/uploads\/calendriersmedia\/vignette.jpg\" alt=\"\" width=\"33\" height=\"85\" class=\"alignnone size-full wp-image-24\" \/><\/a><\/td>\n<\/tr>\n<tr class=\"row-801 odd\">\n\t<td class=\"column-1\">SAINTE-MARIE-AUX-MINES<\/td><td class=\"column-2\">RUE DE-LATTRE-DE-TASSSIGNY<\/td><td class=\"column-3\">LA PHARMACIE DU CYGNE<\/td><td class=\"column-4\">HAUT-RHIN<\/td><td class=\"column-5\">2009<\/td><td class=\"column-6\"><a href=\"https:\/\/www.calendriers-artistiques.fr\/wp-content\/uploads\/calendriersmedia\/2009 (68).jpg\"><img loading=\"lazy\" src=\"https:\/\/www.calendriers-artistiques.fr\/wp-content\/uploads\/calendriersmedia\/vignette.jpg\" alt=\"\" width=\"33\" height=\"85\" class=\"alignnone size-full wp-image-24\" \/><\/a><\/td>\n<\/tr>\n<tr class=\"row-802 even\">\n\t<td class=\"column-1\">SAINT-GEORGES-DU-VIEVRE<\/td><td class=\"column-2\">PLACE DE LA MAIRIE<\/td><td class=\"column-3\">LA PHARMACIE SAINT-GEORGES<\/td><td class=\"column-4\">EURE<\/td><td class=\"column-5\">2009<\/td><td class=\"column-6\"><a href=\"https:\/\/www.calendriers-artistiques.fr\/wp-content\/uploads\/calendriersmedia\/2009 (69).jpg\"><img loading=\"lazy\" src=\"https:\/\/www.calendriers-artistiques.fr\/wp-content\/uploads\/calendriersmedia\/vignette.jpg\" alt=\"\" width=\"33\" height=\"85\" class=\"alignnone size-full wp-image-24\" \/><\/a><\/td>\n<\/tr>\n<tr class=\"row-803 odd\">\n\t<td class=\"column-1\">SAINT-LAURENT-BLANGY<\/td><td class=\"column-2\">RUE DU GENERAL DE GAULLE<\/td><td class=\"column-3\">LA PHARMACIE DELGATTE<\/td><td class=\"column-4\">PAS-DE-CALAIS<\/td><td class=\"column-5\">2009<\/td><td class=\"column-6\"><a href=\"https:\/\/www.calendriers-artistiques.fr\/wp-content\/uploads\/calendriersmedia\/2009 (70).jpg\"><img loading=\"lazy\" src=\"https:\/\/www.calendriers-artistiques.fr\/wp-content\/uploads\/calendriersmedia\/vignette.jpg\" alt=\"\" width=\"33\" height=\"85\" class=\"alignnone size-full wp-image-24\" \/><\/a><\/td>\n<\/tr>\n<tr class=\"row-804 even\">\n\t<td class=\"column-1\">SAINT-NICOLAS D'ALIERMONT<\/td><td class=\"column-2\">RUE ROBERT LEFRANC<\/td><td class=\"column-3\">LA PHARMACIE MAUGER<\/td><td class=\"column-4\">SEINE-MARITIME<\/td><td class=\"column-5\">2009<\/td><td class=\"column-6\"><a href=\"https:\/\/www.calendriers-artistiques.fr\/wp-content\/uploads\/calendriersmedia\/2009 (71).jpg\"><img loading=\"lazy\" src=\"https:\/\/www.calendriers-artistiques.fr\/wp-content\/uploads\/calendriersmedia\/vignette.jpg\" alt=\"\" width=\"33\" height=\"85\" class=\"alignnone size-full wp-image-24\" \/><\/a><\/td>\n<\/tr>\n<tr class=\"row-805 odd\">\n\t<td class=\"column-1\">SAINT-OMER<\/td><td class=\"column-2\">PLACE FOCH<\/td><td class=\"column-3\">LA PHARMACIE GALBY<\/td><td class=\"column-4\">PAS-DE-CALAIS<\/td><td class=\"column-5\">2009<\/td><td class=\"column-6\"><a href=\"https:\/\/www.calendriers-artistiques.fr\/wp-content\/uploads\/calendriersmedia\/2009 (72).jpg\"><img loading=\"lazy\" src=\"https:\/\/www.calendriers-artistiques.fr\/wp-content\/uploads\/calendriersmedia\/vignette.jpg\" alt=\"\" width=\"33\" height=\"85\" class=\"alignnone size-full wp-image-24\" \/><\/a><\/td>\n<\/tr>\n<tr class=\"row-806 even\">\n\t<td class=\"column-1\">SAINT-PAUL<\/td><td class=\"column-2\">ROND POINT SAINTE-CLAIRE<\/td><td class=\"column-3\">LA PHARMACIE DE SAINT-PAUL<\/td><td class=\"column-4\">ALPES-MARITIMES<\/td><td class=\"column-5\">2009<\/td><td class=\"column-6\"><a href=\"https:\/\/www.calendriers-artistiques.fr\/wp-content\/uploads\/calendriersmedia\/2009 (73).jpg\"><img loading=\"lazy\" src=\"https:\/\/www.calendriers-artistiques.fr\/wp-content\/uploads\/calendriersmedia\/vignette.jpg\" alt=\"\" width=\"33\" height=\"85\" class=\"alignnone size-full wp-image-24\" \/><\/a><\/td>\n<\/tr>\n<tr class=\"row-807 odd\">\n\t<td class=\"column-1\">SAINT-PIERRE-SUR-DIVES<\/td><td class=\"column-2\">RUE DE FALAISE<\/td><td class=\"column-3\">LA PHARMACIE HOSTE<\/td><td class=\"column-4\">CALVADOS<\/td><td class=\"column-5\">2009<\/td><td class=\"column-6\"><a href=\"https:\/\/www.calendriers-artistiques.fr\/wp-content\/uploads\/calendriersmedia\/2009 (74).jpg\"><img loading=\"lazy\" src=\"https:\/\/www.calendriers-artistiques.fr\/wp-content\/uploads\/calendriersmedia\/vignette.jpg\" alt=\"\" width=\"33\" height=\"85\" class=\"alignnone size-full wp-image-24\" \/><\/a><\/td>\n<\/tr>\n<tr class=\"row-808 even\">\n\t<td class=\"column-1\">SAINT-RIQUIER<\/td><td class=\"column-2\">PLACE DE L'EGLISE<\/td><td class=\"column-3\">LA PHARMACIE VERMES<\/td><td class=\"column-4\">SOMME<\/td><td class=\"column-5\">2009<\/td><td class=\"column-6\"><a href=\"https:\/\/www.calendriers-artistiques.fr\/wp-content\/uploads\/calendriersmedia\/2009 (75).jpg\"><img loading=\"lazy\" src=\"https:\/\/www.calendriers-artistiques.fr\/wp-content\/uploads\/calendriersmedia\/vignette.jpg\" alt=\"\" width=\"33\" height=\"85\" class=\"alignnone size-full wp-image-24\" \/><\/a><\/td>\n<\/tr>\n<tr class=\"row-809 odd\">\n\t<td class=\"column-1\">SIN-LE-NOBLE<\/td><td class=\"column-2\">PLACE JEAN JAURES<\/td><td class=\"column-3\">LA BOUTIQUE DU MATERIEL MEDICAL<\/td><td class=\"column-4\">NORD<\/td><td class=\"column-5\">2009<\/td><td class=\"column-6\"><a href=\"https:\/\/www.calendriers-artistiques.fr\/wp-content\/uploads\/calendriersmedia\/2009 (76).jpg\"><img loading=\"lazy\" src=\"https:\/\/www.calendriers-artistiques.fr\/wp-content\/uploads\/calendriersmedia\/vignette.jpg\" alt=\"\" width=\"33\" height=\"85\" class=\"alignnone size-full wp-image-24\" \/><\/a><\/td>\n<\/tr>\n<tr class=\"row-810 even\">\n\t<td class=\"column-1\">SPINCOURT<\/td><td class=\"column-2\">RUE DU FAUBOURG<\/td><td class=\"column-3\">LA PHARMACIE DE L'OTHAIN<\/td><td class=\"column-4\">MEUSE<\/td><td class=\"column-5\">2009<\/td><td class=\"column-6\"><a href=\"https:\/\/www.calendriers-artistiques.fr\/wp-content\/uploads\/calendriersmedia\/2009 (77).jpg\"><img loading=\"lazy\" src=\"https:\/\/www.calendriers-artistiques.fr\/wp-content\/uploads\/calendriersmedia\/vignette.jpg\" alt=\"\" width=\"33\" height=\"85\" class=\"alignnone size-full wp-image-24\" \/><\/a><\/td>\n<\/tr>\n<tr class=\"row-811 odd\">\n\t<td class=\"column-1\">TERGNIER<\/td><td class=\"column-2\">RUE PIERRE SEMARD<\/td><td class=\"column-3\">LA PHARMACIE DE LA GARE<\/td><td class=\"column-4\">AISNE<\/td><td class=\"column-5\">2009<\/td><td class=\"column-6\"><a href=\"https:\/\/www.calendriers-artistiques.fr\/wp-content\/uploads\/calendriersmedia\/2009 (78).jpg\"><img loading=\"lazy\" src=\"https:\/\/www.calendriers-artistiques.fr\/wp-content\/uploads\/calendriersmedia\/vignette.jpg\" alt=\"\" width=\"33\" height=\"85\" class=\"alignnone size-full wp-image-24\" \/><\/a><\/td>\n<\/tr>\n<tr class=\"row-812 even\">\n\t<td class=\"column-1\">TOURCOING<\/td><td class=\"column-2\">BOULEVARD GAMBETTA<\/td><td class=\"column-3\">DEBAISIEUX IMMOBILIER<\/td><td class=\"column-4\">NORD<\/td><td class=\"column-5\">2009<\/td><td class=\"column-6\"><a href=\"https:\/\/www.calendriers-artistiques.fr\/wp-content\/uploads\/calendriersmedia\/2009 (79).jpg\"><img loading=\"lazy\" src=\"https:\/\/www.calendriers-artistiques.fr\/wp-content\/uploads\/calendriersmedia\/vignette.jpg\" alt=\"\" width=\"33\" height=\"85\" class=\"alignnone size-full wp-image-24\" \/><\/a><\/td>\n<\/tr>\n<tr class=\"row-813 odd\">\n\t<td class=\"column-1\">VALENCAY<\/td><td class=\"column-2\">RUE DE LA REPUBLIQUE<\/td><td class=\"column-3\">LA PHARMACIE BOURNAZEL<\/td><td class=\"column-4\">INDRE<\/td><td class=\"column-5\">2009<\/td><td class=\"column-6\"><a href=\"https:\/\/www.calendriers-artistiques.fr\/wp-content\/uploads\/calendriersmedia\/2009 (80).jpg\"><img loading=\"lazy\" src=\"https:\/\/www.calendriers-artistiques.fr\/wp-content\/uploads\/calendriersmedia\/vignette.jpg\" alt=\"\" width=\"33\" height=\"85\" class=\"alignnone size-full wp-image-24\" \/><\/a><\/td>\n<\/tr>\n<tr class=\"row-814 even\">\n\t<td class=\"column-1\">VEND\u00c3\u0192\u00e2\u20ac\u009dME<\/td><td class=\"column-2\">RUE DE COURTIRAS<\/td><td class=\"column-3\">LA PHARMACIE DE COURTIRAS<\/td><td class=\"column-4\">LOIR-ET-CHER<\/td><td class=\"column-5\">2009<\/td><td class=\"column-6\"><a href=\"https:\/\/www.calendriers-artistiques.fr\/wp-content\/uploads\/calendriersmedia\/2009 (81).jpg\"><img loading=\"lazy\" src=\"https:\/\/www.calendriers-artistiques.fr\/wp-content\/uploads\/calendriersmedia\/vignette.jpg\" alt=\"\" width=\"33\" height=\"85\" class=\"alignnone size-full wp-image-24\" \/><\/a><\/td>\n<\/tr>\n<tr class=\"row-815 odd\">\n\t<td class=\"column-1\">VIC-SUR-AISNE<\/td><td class=\"column-2\">PLACE DU GENERAL DE GAULLE<\/td><td class=\"column-3\">LA PHARMACIEDU DONJON<\/td><td class=\"column-4\">AISNE<\/td><td class=\"column-5\">2009<\/td><td class=\"column-6\"><a href=\"https:\/\/www.calendriers-artistiques.fr\/wp-content\/uploads\/calendriersmedia\/2009 (82).jpg\"><img loading=\"lazy\" src=\"https:\/\/www.calendriers-artistiques.fr\/wp-content\/uploads\/calendriersmedia\/vignette.jpg\" alt=\"\" width=\"33\" height=\"85\" class=\"alignnone size-full wp-image-24\" \/><\/a><\/td>\n<\/tr>\n<tr class=\"row-816 even\">\n\t<td class=\"column-1\">VIDAUBAN<\/td><td class=\"column-2\">PLACE CLEMENCEAU<\/td><td class=\"column-3\">LA PHARMACIE DE LA FONTAINE<\/td><td class=\"column-4\">VAR<\/td><td class=\"column-5\">2009<\/td><td class=\"column-6\"><a href=\"https:\/\/www.calendriers-artistiques.fr\/wp-content\/uploads\/calendriersmedia\/2009 (83).jpg\"><img loading=\"lazy\" src=\"https:\/\/www.calendriers-artistiques.fr\/wp-content\/uploads\/calendriersmedia\/vignette.jpg\" alt=\"\" width=\"33\" height=\"85\" class=\"alignnone size-full wp-image-24\" \/><\/a><\/td>\n<\/tr>\n<tr class=\"row-817 odd\">\n\t<td class=\"column-1\">VIDAUBAN<\/td><td class=\"column-2\">AVENUE CHARLES PELLEGRIN<\/td><td class=\"column-3\">LA PHARMACIE DE LA MONTAGNE<\/td><td class=\"column-4\">VAR<\/td><td class=\"column-5\">2009<\/td><td class=\"column-6\"><a href=\"https:\/\/www.calendriers-artistiques.fr\/wp-content\/uploads\/calendriersmedia\/2009 (84).jpg\"><img loading=\"lazy\" src=\"https:\/\/www.calendriers-artistiques.fr\/wp-content\/uploads\/calendriersmedia\/vignette.jpg\" alt=\"\" width=\"33\" height=\"85\" class=\"alignnone size-full wp-image-24\" \/><\/a><\/td>\n<\/tr>\n<tr class=\"row-818 even\">\n\t<td class=\"column-1\">VIDAUBAN<\/td><td class=\"column-2\">AVENUE WILSON<\/td><td class=\"column-3\">LA PHARMACIE SAINTE-BRIGITTE<\/td><td class=\"column-4\">VAR<\/td><td class=\"column-5\">2009<\/td><td class=\"column-6\"><a href=\"https:\/\/www.calendriers-artistiques.fr\/wp-content\/uploads\/calendriersmedia\/2009 (85).jpg\"><img loading=\"lazy\" src=\"https:\/\/www.calendriers-artistiques.fr\/wp-content\/uploads\/calendriersmedia\/vignette.jpg\" alt=\"\" width=\"33\" height=\"85\" class=\"alignnone size-full wp-image-24\" \/><\/a><\/td>\n<\/tr>\n<tr class=\"row-819 odd\">\n\t<td class=\"column-1\">VITTEL<\/td><td class=\"column-2\">RUE DE VERDUN<\/td><td class=\"column-3\">LA PHARMACIE CENTRALE<\/td><td class=\"column-4\">VOSGES<\/td><td class=\"column-5\">2009<\/td><td class=\"column-6\"><a href=\"https:\/\/www.calendriers-artistiques.fr\/wp-content\/uploads\/calendriersmedia\/2009 (86).jpg\"><img loading=\"lazy\" src=\"https:\/\/www.calendriers-artistiques.fr\/wp-content\/uploads\/calendriersmedia\/vignette.jpg\" alt=\"\" width=\"33\" height=\"85\" class=\"alignnone size-full wp-image-24\" \/><\/a><\/td>\n<\/tr>\n<tr class=\"row-820 even\">\n\t<td class=\"column-1\">VRON<\/td><td class=\"column-2\">RUE LEON TERNISIEN<\/td><td class=\"column-3\">LA PHARMACIE SOUART-LANNOY<\/td><td class=\"column-4\">SOMME<\/td><td class=\"column-5\">2009<\/td><td class=\"column-6\"><a href=\"https:\/\/www.calendriers-artistiques.fr\/wp-content\/uploads\/calendriersmedia\/2009 (87).jpg\"><img loading=\"lazy\" src=\"https:\/\/www.calendriers-artistiques.fr\/wp-content\/uploads\/calendriersmedia\/vignette.jpg\" alt=\"\" width=\"33\" height=\"85\" class=\"alignnone size-full wp-image-24\" \/><\/a><\/td>\n<\/tr>\n<tr class=\"row-821 odd\">\n\t<td class=\"column-1\">WATTRELOS<\/td><td class=\"column-2\">RUE ALFRED DELECOURT<\/td><td class=\"column-3\">LA PHARMACIE BIOCHE<\/td><td class=\"column-4\">NORD<\/td><td class=\"column-5\">2009<\/td><td class=\"column-6\"><a href=\"https:\/\/www.calendriers-artistiques.fr\/wp-content\/uploads\/calendriersmedia\/2009 (88).jpg\"><img loading=\"lazy\" src=\"https:\/\/www.calendriers-artistiques.fr\/wp-content\/uploads\/calendriersmedia\/vignette.jpg\" alt=\"\" width=\"33\" height=\"85\" class=\"alignnone size-full wp-image-24\" \/><\/a><\/td>\n<\/tr>\n<tr class=\"row-822 even\">\n\t<td class=\"column-1\">WATTRELOS<\/td><td class=\"column-2\">RUE JEAN JAURES<\/td><td class=\"column-3\">LA PHARMACIE FOUQUET<\/td><td class=\"column-4\">NORD<\/td><td class=\"column-5\">2009<\/td><td class=\"column-6\"><a href=\"https:\/\/www.calendriers-artistiques.fr\/wp-content\/uploads\/calendriersmedia\/2009 (89).jpg\"><img loading=\"lazy\" src=\"https:\/\/www.calendriers-artistiques.fr\/wp-content\/uploads\/calendriersmedia\/vignette.jpg\" alt=\"\" width=\"33\" height=\"85\" class=\"alignnone size-full wp-image-24\" \/><\/a><\/td>\n<\/tr>\n<tr class=\"row-823 odd\">\n\t<td class=\"column-1\">WITRY-LES-REIMS<\/td><td class=\"column-2\">PLACE GAMBETTA<\/td><td class=\"column-3\">LA PHARMACIE DE LA PAIX<\/td><td class=\"column-4\">MARNE<\/td><td class=\"column-5\">2009<\/td><td class=\"column-6\"><a href=\"https:\/\/www.calendriers-artistiques.fr\/wp-content\/uploads\/calendriersmedia\/2009 (90).jpg\"><img loading=\"lazy\" src=\"https:\/\/www.calendriers-artistiques.fr\/wp-content\/uploads\/calendriersmedia\/vignette.jpg\" alt=\"\" width=\"33\" height=\"85\" class=\"alignnone size-full wp-image-24\" \/><\/a><\/td>\n<\/tr>\n<tr class=\"row-824 even\">\n\t<td class=\"column-1\">WIZERNES<\/td><td class=\"column-2\">RUE DE SAINT-OMER<\/td><td class=\"column-3\">LA PHARMACIE ROTRU<\/td><td class=\"column-4\">PAS-DE-CALAIS<\/td><td class=\"column-5\">2009<\/td><td class=\"column-6\"><a href=\"https:\/\/www.calendriers-artistiques.fr\/wp-content\/uploads\/calendriersmedia\/2009 (91).jpg\"><img loading=\"lazy\" src=\"https:\/\/www.calendriers-artistiques.fr\/wp-content\/uploads\/calendriersmedia\/vignette.jpg\" alt=\"\" width=\"33\" height=\"85\" class=\"alignnone size-full wp-image-24\" \/><\/a><\/td>\n<\/tr>\n<tr class=\"row-825 odd\">\n\t<td class=\"column-1\">ACHIET-LE-GRAND<\/td><td class=\"column-2\">RUE DE BAPAUME<\/td><td class=\"column-3\">LA PHARMACIE DOSSET<\/td><td class=\"column-4\">PAS-DE-CALAIS<\/td><td class=\"column-5\">2008<\/td><td class=\"column-6\"><a href=\"https:\/\/www.calendriers-artistiques.fr\/wp-content\/uploads\/calendriersmedia\/2008 (1).jpg\"><img loading=\"lazy\" src=\"https:\/\/www.calendriers-artistiques.fr\/wp-content\/uploads\/calendriersmedia\/vignette.jpg\" alt=\"\" width=\"33\" height=\"85\" class=\"alignnone size-full wp-image-24\" \/><\/a><\/td>\n<\/tr>\n<tr class=\"row-826 even\">\n\t<td class=\"column-1\">AMBOISE<\/td><td class=\"column-2\">QUAI DU GENERAL DE GAULLE<\/td><td class=\"column-3\">LA PHARMACIE DU MAIL<\/td><td class=\"column-4\">INDRE-ET-LOIRE<\/td><td class=\"column-5\">2008<\/td><td class=\"column-6\"><a href=\"https:\/\/www.calendriers-artistiques.fr\/wp-content\/uploads\/calendriersmedia\/2008 (2).jpg\"><img loading=\"lazy\" src=\"https:\/\/www.calendriers-artistiques.fr\/wp-content\/uploads\/calendriersmedia\/vignette.jpg\" alt=\"\" width=\"33\" height=\"85\" class=\"alignnone size-full wp-image-24\" \/><\/a><\/td>\n<\/tr>\n<tr class=\"row-827 odd\">\n\t<td class=\"column-1\">ANGRES<\/td><td class=\"column-2\">RUE GEORGES CLEMENCEAU<\/td><td class=\"column-3\">LA PHARMACIE DES ECOLES<\/td><td class=\"column-4\">PAS-DE-CALAIS<\/td><td class=\"column-5\">2008<\/td><td class=\"column-6\"><a href=\"https:\/\/www.calendriers-artistiques.fr\/wp-content\/uploads\/calendriersmedia\/2008 (3).jpg\"><img loading=\"lazy\" src=\"https:\/\/www.calendriers-artistiques.fr\/wp-content\/uploads\/calendriersmedia\/vignette.jpg\" alt=\"\" width=\"33\" height=\"85\" class=\"alignnone size-full wp-image-24\" \/><\/a><\/td>\n<\/tr>\n<tr class=\"row-828 even\">\n\t<td class=\"column-1\">AULT<\/td><td class=\"column-2\">AVENUE DU GENERAL LECLERC<\/td><td class=\"column-3\">LA PHARMACIE CORNAILLE<\/td><td class=\"column-4\">SOMME<\/td><td class=\"column-5\">2008<\/td><td class=\"column-6\"><a href=\"https:\/\/www.calendriers-artistiques.fr\/wp-content\/uploads\/calendriersmedia\/2008 (4).jpg\"><img loading=\"lazy\" src=\"https:\/\/www.calendriers-artistiques.fr\/wp-content\/uploads\/calendriersmedia\/vignette.jpg\" alt=\"\" width=\"33\" height=\"85\" class=\"alignnone size-full wp-image-24\" \/><\/a><\/td>\n<\/tr>\n<tr class=\"row-829 odd\">\n\t<td class=\"column-1\">BERCK-SUR-MER<\/td><td class=\"column-2\">PLACE DE L'H\u00c3\u0192\u00e2\u20ac\u009dTEL DE VILLE<\/td><td class=\"column-3\">LA PHARMACIE DE L'H\u00c3\u0192\u00e2\u20ac\u009dTEL DE VILLE<\/td><td class=\"column-4\">PAS-DE-CALAIS<\/td><td class=\"column-5\">2008<\/td><td class=\"column-6\"><a href=\"https:\/\/www.calendriers-artistiques.fr\/wp-content\/uploads\/calendriersmedia\/2008 (5).jpg\"><img loading=\"lazy\" src=\"https:\/\/www.calendriers-artistiques.fr\/wp-content\/uploads\/calendriersmedia\/vignette.jpg\" alt=\"\" width=\"33\" height=\"85\" class=\"alignnone size-full wp-image-24\" \/><\/a><\/td>\n<\/tr>\n<tr class=\"row-830 even\">\n\t<td class=\"column-1\">BERSEE<\/td><td class=\"column-2\">RUE DU PAVE<\/td><td class=\"column-3\">LA PHARMACIE NOLF<\/td><td class=\"column-4\">NORD<\/td><td class=\"column-5\">2008<\/td><td class=\"column-6\"><a href=\"https:\/\/www.calendriers-artistiques.fr\/wp-content\/uploads\/calendriersmedia\/2008 (6).jpg\"><img loading=\"lazy\" src=\"https:\/\/www.calendriers-artistiques.fr\/wp-content\/uploads\/calendriersmedia\/vignette.jpg\" alt=\"\" width=\"33\" height=\"85\" class=\"alignnone size-full wp-image-24\" \/><\/a><\/td>\n<\/tr>\n<tr class=\"row-831 odd\">\n\t<td class=\"column-1\">BEUZEVILLE<\/td><td class=\"column-2\">RUE CONSTANT FOUCHE<\/td><td class=\"column-3\">LA PHARMACIE HEUSSE<\/td><td class=\"column-4\">EURE<\/td><td class=\"column-5\">2008<\/td><td class=\"column-6\"><a href=\"https:\/\/www.calendriers-artistiques.fr\/wp-content\/uploads\/calendriersmedia\/2008 (7).jpg\"><img loading=\"lazy\" src=\"https:\/\/www.calendriers-artistiques.fr\/wp-content\/uploads\/calendriersmedia\/vignette.jpg\" alt=\"\" width=\"33\" height=\"85\" class=\"alignnone size-full wp-image-24\" \/><\/a><\/td>\n<\/tr>\n<tr class=\"row-832 even\">\n\t<td class=\"column-1\">BLANDECQUES<\/td><td class=\"column-2\">PLACE DE LA LIBERATION<\/td><td class=\"column-3\">LA PHARMACIE DERAMBURE<\/td><td class=\"column-4\">PAS-DE-CALAIS<\/td><td class=\"column-5\">2008<\/td><td class=\"column-6\"><a href=\"https:\/\/www.calendriers-artistiques.fr\/wp-content\/uploads\/calendriersmedia\/2008 (8).jpg\"><img loading=\"lazy\" src=\"https:\/\/www.calendriers-artistiques.fr\/wp-content\/uploads\/calendriersmedia\/vignette.jpg\" alt=\"\" width=\"33\" height=\"85\" class=\"alignnone size-full wp-image-24\" \/><\/a><\/td>\n<\/tr>\n<tr class=\"row-833 odd\">\n\t<td class=\"column-1\">BLERE<\/td><td class=\"column-2\">PLACE DE LA LIBERATION<\/td><td class=\"column-3\">LA PHARMACIE GOSSELIN<\/td><td class=\"column-4\">INDRE-ET-LOIRE<\/td><td class=\"column-5\">2008<\/td><td class=\"column-6\"><a href=\"https:\/\/www.calendriers-artistiques.fr\/wp-content\/uploads\/calendriersmedia\/2008 (9).jpg\"><img loading=\"lazy\" src=\"https:\/\/www.calendriers-artistiques.fr\/wp-content\/uploads\/calendriersmedia\/vignette.jpg\" alt=\"\" width=\"33\" height=\"85\" class=\"alignnone size-full wp-image-24\" \/><\/a><\/td>\n<\/tr>\n<tr class=\"row-834 even\">\n\t<td class=\"column-1\">BOULOGNE-SUR-MER<\/td><td class=\"column-2\">RUE PORTE NEUVE<\/td><td class=\"column-3\">LA PHARMACIE DU DERNIER SOU<\/td><td class=\"column-4\">PAS-DE-CALAIS<\/td><td class=\"column-5\">2008<\/td><td class=\"column-6\"><a href=\"https:\/\/www.calendriers-artistiques.fr\/wp-content\/uploads\/calendriersmedia\/2008 (10).jpg\"><img loading=\"lazy\" src=\"https:\/\/www.calendriers-artistiques.fr\/wp-content\/uploads\/calendriersmedia\/vignette.jpg\" alt=\"\" width=\"33\" height=\"85\" class=\"alignnone size-full wp-image-24\" \/><\/a><\/td>\n<\/tr>\n<tr class=\"row-835 odd\">\n\t<td class=\"column-1\">BOURTH<\/td><td class=\"column-2\">RUE CHANDAI<\/td><td class=\"column-3\">LA PHARMACIEDUFAY-LAUNAY<\/td><td class=\"column-4\">EURE<\/td><td class=\"column-5\">2008<\/td><td class=\"column-6\"><a href=\"https:\/\/www.calendriers-artistiques.fr\/wp-content\/uploads\/calendriersmedia\/2008 (11).jpg\"><img loading=\"lazy\" src=\"https:\/\/www.calendriers-artistiques.fr\/wp-content\/uploads\/calendriersmedia\/vignette.jpg\" alt=\"\" width=\"33\" height=\"85\" class=\"alignnone size-full wp-image-24\" \/><\/a><\/td>\n<\/tr>\n<tr class=\"row-836 even\">\n\t<td class=\"column-1\">BRUAY-LA-BUISSIERE<\/td><td class=\"column-2\">RUE ROGER SALENGRO<\/td><td class=\"column-3\">LA PHARMACIE DU STADE PARC<\/td><td class=\"column-4\">PAS-DE-CALAIS<\/td><td class=\"column-5\">2008<\/td><td class=\"column-6\"><a href=\"https:\/\/www.calendriers-artistiques.fr\/wp-content\/uploads\/calendriersmedia\/2008 (12).jpg\"><img loading=\"lazy\" src=\"https:\/\/www.calendriers-artistiques.fr\/wp-content\/uploads\/calendriersmedia\/vignette.jpg\" alt=\"\" width=\"33\" height=\"85\" class=\"alignnone size-full wp-image-24\" \/><\/a><\/td>\n<\/tr>\n<tr class=\"row-837 odd\">\n\t<td class=\"column-1\">CAGNES-SUR-MER<\/td><td class=\"column-2\">PLACE DU GENERAL DE GAULLE<\/td><td class=\"column-3\">LA PHARMACIE DE PROVENCE<\/td><td class=\"column-4\">ALPES-MARITIMES<\/td><td class=\"column-5\">2008<\/td><td class=\"column-6\"><a href=\"https:\/\/www.calendriers-artistiques.fr\/wp-content\/uploads\/calendriersmedia\/2008 (13).jpg\"><img loading=\"lazy\" src=\"https:\/\/www.calendriers-artistiques.fr\/wp-content\/uploads\/calendriersmedia\/vignette.jpg\" alt=\"\" width=\"33\" height=\"85\" class=\"alignnone size-full wp-image-24\" \/><\/a><\/td>\n<\/tr>\n<tr class=\"row-838 even\">\n\t<td class=\"column-1\">CALAIS<\/td><td class=\"column-2\">PLACE CONDE<\/td><td class=\"column-3\">LA PHARMACIE DES CAILLOUX<\/td><td class=\"column-4\">PAS-DE-CALAIS<\/td><td class=\"column-5\">2008<\/td><td class=\"column-6\"><a href=\"https:\/\/www.calendriers-artistiques.fr\/wp-content\/uploads\/calendriersmedia\/2008 (14).jpg\"><img loading=\"lazy\" src=\"https:\/\/www.calendriers-artistiques.fr\/wp-content\/uploads\/calendriersmedia\/vignette.jpg\" alt=\"\" width=\"33\" height=\"85\" class=\"alignnone size-full wp-image-24\" \/><\/a><\/td>\n<\/tr>\n<tr class=\"row-839 odd\">\n\t<td class=\"column-1\">CALAIS<\/td><td class=\"column-2\">BOULEVARD JACQUARD<\/td><td class=\"column-3\">LA PHARMACIE JACQUARD<\/td><td class=\"column-4\">PAS-DE-CALAIS<\/td><td class=\"column-5\">2008<\/td><td class=\"column-6\"><a href=\"https:\/\/www.calendriers-artistiques.fr\/wp-content\/uploads\/calendriersmedia\/2008 (15).jpg\"><img loading=\"lazy\" src=\"https:\/\/www.calendriers-artistiques.fr\/wp-content\/uploads\/calendriersmedia\/vignette.jpg\" alt=\"\" width=\"33\" height=\"85\" class=\"alignnone size-full wp-image-24\" \/><\/a><\/td>\n<\/tr>\n<tr class=\"row-840 even\">\n\t<td class=\"column-1\">CHARLEVILLE-MEZIERES<\/td><td class=\"column-2\">RUE FERROUL<\/td><td class=\"column-3\">LA PHARMACIE BERTHELOT<\/td><td class=\"column-4\">ARDENNES<\/td><td class=\"column-5\">2008<\/td><td class=\"column-6\"><a href=\"https:\/\/www.calendriers-artistiques.fr\/wp-content\/uploads\/calendriersmedia\/2008 (16).jpg\"><img loading=\"lazy\" src=\"https:\/\/www.calendriers-artistiques.fr\/wp-content\/uploads\/calendriersmedia\/vignette.jpg\" alt=\"\" width=\"33\" height=\"85\" class=\"alignnone size-full wp-image-24\" \/><\/a><\/td>\n<\/tr>\n<tr class=\"row-841 odd\">\n\t<td class=\"column-1\">CHARLEVILLE-MEZIERES<\/td><td class=\"column-2\">RUE ALBERT POULAIN<\/td><td class=\"column-3\">LA PHARMACIE DE L'EUROPE<\/td><td class=\"column-4\">ARDENNES<\/td><td class=\"column-5\">2008<\/td><td class=\"column-6\"><a href=\"https:\/\/www.calendriers-artistiques.fr\/wp-content\/uploads\/calendriersmedia\/2008 (17).jpg\"><img loading=\"lazy\" src=\"https:\/\/www.calendriers-artistiques.fr\/wp-content\/uploads\/calendriersmedia\/vignette.jpg\" alt=\"\" width=\"33\" height=\"85\" class=\"alignnone size-full wp-image-24\" \/><\/a><\/td>\n<\/tr>\n<tr class=\"row-842 even\">\n\t<td class=\"column-1\">CHARLEVILLE-MEZIERES<\/td><td class=\"column-2\">PLACE DUCALE<\/td><td class=\"column-3\">LA PHARMACIE GROS<\/td><td class=\"column-4\">ARDENNES<\/td><td class=\"column-5\">2008<\/td><td class=\"column-6\"><a href=\"https:\/\/www.calendriers-artistiques.fr\/wp-content\/uploads\/calendriersmedia\/2008 (18).jpg\"><img loading=\"lazy\" src=\"https:\/\/www.calendriers-artistiques.fr\/wp-content\/uploads\/calendriersmedia\/vignette.jpg\" alt=\"\" width=\"33\" height=\"85\" class=\"alignnone size-full wp-image-24\" \/><\/a><\/td>\n<\/tr>\n<tr class=\"row-843 odd\">\n\t<td class=\"column-1\">COMPIEGNE<\/td><td class=\"column-2\">RUE DE SOISSONS<\/td><td class=\"column-3\">LA PHARMACIE DU PORT<\/td><td class=\"column-4\">OISE<\/td><td class=\"column-5\">2008<\/td><td class=\"column-6\"><a href=\"https:\/\/www.calendriers-artistiques.fr\/wp-content\/uploads\/calendriersmedia\/2008 (19).jpg\"><img loading=\"lazy\" src=\"https:\/\/www.calendriers-artistiques.fr\/wp-content\/uploads\/calendriersmedia\/vignette.jpg\" alt=\"\" width=\"33\" height=\"85\" class=\"alignnone size-full wp-image-24\" \/><\/a><\/td>\n<\/tr>\n<tr class=\"row-844 even\">\n\t<td class=\"column-1\">COUDEKERQUE-BRANCHE<\/td><td class=\"column-2\">RUE DES ACACIAS<\/td><td class=\"column-3\">LA PHARMACIE DES ACACIAS<\/td><td class=\"column-4\">NORD<\/td><td class=\"column-5\">2008<\/td><td class=\"column-6\"><a href=\"https:\/\/www.calendriers-artistiques.fr\/wp-content\/uploads\/calendriersmedia\/2008 (20).jpg\"><img loading=\"lazy\" src=\"https:\/\/www.calendriers-artistiques.fr\/wp-content\/uploads\/calendriersmedia\/vignette.jpg\" alt=\"\" width=\"33\" height=\"85\" class=\"alignnone size-full wp-image-24\" \/><\/a><\/td>\n<\/tr>\n<tr class=\"row-845 odd\">\n\t<td class=\"column-1\">DEAUVILLE<\/td><td class=\"column-2\">PLACE MORNY<\/td><td class=\"column-3\">LA PHARMACIE DE L'ORLOGE<\/td><td class=\"column-4\">CALVADOS<\/td><td class=\"column-5\">2008<\/td><td class=\"column-6\"><a href=\"https:\/\/www.calendriers-artistiques.fr\/wp-content\/uploads\/calendriersmedia\/2008 (21).jpg\"><img loading=\"lazy\" src=\"https:\/\/www.calendriers-artistiques.fr\/wp-content\/uploads\/calendriersmedia\/vignette.jpg\" alt=\"\" width=\"33\" height=\"85\" class=\"alignnone size-full wp-image-24\" \/><\/a><\/td>\n<\/tr>\n<tr class=\"row-846 even\">\n\t<td class=\"column-1\">DENAIN<\/td><td class=\"column-2\">RUE LAZARE BERNARD<\/td><td class=\"column-3\">LA PHARMACIE GAMBETTA<\/td><td class=\"column-4\">NORD<\/td><td class=\"column-5\">2008<\/td><td class=\"column-6\"><a href=\"https:\/\/www.calendriers-artistiques.fr\/wp-content\/uploads\/calendriersmedia\/2008 (22).jpg\"><img loading=\"lazy\" src=\"https:\/\/www.calendriers-artistiques.fr\/wp-content\/uploads\/calendriersmedia\/vignette.jpg\" alt=\"\" width=\"33\" height=\"85\" class=\"alignnone size-full wp-image-24\" \/><\/a><\/td>\n<\/tr>\n<tr class=\"row-847 odd\">\n\t<td class=\"column-1\">DIVION<\/td><td class=\"column-2\">RUE BODELOT<\/td><td class=\"column-3\">LA PHARMACIE ZOLA<\/td><td class=\"column-4\">PAS-DE-CALAIS<\/td><td class=\"column-5\">2008<\/td><td class=\"column-6\"><a href=\"https:\/\/www.calendriers-artistiques.fr\/wp-content\/uploads\/calendriersmedia\/2008 (23).jpg\"><img loading=\"lazy\" src=\"https:\/\/www.calendriers-artistiques.fr\/wp-content\/uploads\/calendriersmedia\/vignette.jpg\" alt=\"\" width=\"33\" height=\"85\" class=\"alignnone size-full wp-image-24\" \/><\/a><\/td>\n<\/tr>\n<tr class=\"row-848 even\">\n\t<td class=\"column-1\">DRAGUIGNAN<\/td><td class=\"column-2\">AVENUE CARNOT<\/td><td class=\"column-3\">LA PHARMACIE CARNOT<\/td><td class=\"column-4\">VAR<\/td><td class=\"column-5\">2008<\/td><td class=\"column-6\"><a href=\"https:\/\/www.calendriers-artistiques.fr\/wp-content\/uploads\/calendriersmedia\/2008 (24).jpg\"><img loading=\"lazy\" src=\"https:\/\/www.calendriers-artistiques.fr\/wp-content\/uploads\/calendriersmedia\/vignette.jpg\" alt=\"\" width=\"33\" height=\"85\" class=\"alignnone size-full wp-image-24\" \/><\/a><\/td>\n<\/tr>\n<tr class=\"row-849 odd\">\n\t<td class=\"column-1\">ENVERMEU<\/td><td class=\"column-2\">RUE DU MARCHE<\/td><td class=\"column-3\">LA PHARMACIE PICARD<\/td><td class=\"column-4\">SEINE-MARITIME<\/td><td class=\"column-5\">2008<\/td><td class=\"column-6\"><a href=\"https:\/\/www.calendriers-artistiques.fr\/wp-content\/uploads\/calendriersmedia\/2008 (25).jpg\"><img loading=\"lazy\" src=\"https:\/\/www.calendriers-artistiques.fr\/wp-content\/uploads\/calendriersmedia\/vignette.jpg\" alt=\"\" width=\"33\" height=\"85\" class=\"alignnone size-full wp-image-24\" \/><\/a><\/td>\n<\/tr>\n<tr class=\"row-850 even\">\n\t<td class=\"column-1\">EPERNAY<\/td><td class=\"column-2\">RUE SAINT-THIBAULT<\/td><td class=\"column-3\">LA PHARMACIE HOMEOPATHIQUE DES ARCHERS<\/td><td class=\"column-4\">MARNE<\/td><td class=\"column-5\">2008<\/td><td class=\"column-6\"><a href=\"https:\/\/www.calendriers-artistiques.fr\/wp-content\/uploads\/calendriersmedia\/2008 (26).jpg\"><img loading=\"lazy\" src=\"https:\/\/www.calendriers-artistiques.fr\/wp-content\/uploads\/calendriersmedia\/vignette.jpg\" alt=\"\" width=\"33\" height=\"85\" class=\"alignnone size-full wp-image-24\" \/><\/a><\/td>\n<\/tr>\n<tr class=\"row-851 odd\">\n\t<td class=\"column-1\">FEIGNIES<\/td><td class=\"column-2\">RUE PAUL DEUDON<\/td><td class=\"column-3\">LA PHARMACIE DE LA GARE<\/td><td class=\"column-4\">NORD<\/td><td class=\"column-5\">2008<\/td><td class=\"column-6\"><a href=\"https:\/\/www.calendriers-artistiques.fr\/wp-content\/uploads\/calendriersmedia\/2008 (27).jpg\"><img loading=\"lazy\" src=\"https:\/\/www.calendriers-artistiques.fr\/wp-content\/uploads\/calendriersmedia\/vignette.jpg\" alt=\"\" width=\"33\" height=\"85\" class=\"alignnone size-full wp-image-24\" \/><\/a><\/td>\n<\/tr>\n<tr class=\"row-852 even\">\n\t<td class=\"column-1\">FLESSELLES<\/td><td class=\"column-2\">RUE DE LA VIGNE<\/td><td class=\"column-3\">LA PHARMACIE DE LA VIGNE<\/td><td class=\"column-4\">SOMME<\/td><td class=\"column-5\">2008<\/td><td class=\"column-6\"><a href=\"https:\/\/www.calendriers-artistiques.fr\/wp-content\/uploads\/calendriersmedia\/2008 (28).jpg\"><img loading=\"lazy\" src=\"https:\/\/www.calendriers-artistiques.fr\/wp-content\/uploads\/calendriersmedia\/vignette.jpg\" alt=\"\" width=\"33\" height=\"85\" class=\"alignnone size-full wp-image-24\" \/><\/a><\/td>\n<\/tr>\n<tr class=\"row-853 odd\">\n\t<td class=\"column-1\">FOURMIES<\/td><td class=\"column-2\">QUARTIER DE LA MARLIERE<\/td><td class=\"column-3\">LA PHARMACIE DE LA MARLIERE<\/td><td class=\"column-4\">NORD<\/td><td class=\"column-5\">2008<\/td><td class=\"column-6\"><a href=\"https:\/\/www.calendriers-artistiques.fr\/wp-content\/uploads\/calendriersmedia\/2008 (29).jpg\"><img loading=\"lazy\" src=\"https:\/\/www.calendriers-artistiques.fr\/wp-content\/uploads\/calendriersmedia\/vignette.jpg\" alt=\"\" width=\"33\" height=\"85\" class=\"alignnone size-full wp-image-24\" \/><\/a><\/td>\n<\/tr>\n<tr class=\"row-854 even\">\n\t<td class=\"column-1\">FRIVILLE-ESCARBOTIN<\/td><td class=\"column-2\">RUE HENRI BARBUSSE<\/td><td class=\"column-3\">LA PHARMACIE LEFORT<\/td><td class=\"column-4\">SOMME<\/td><td class=\"column-5\">2008<\/td><td class=\"column-6\"><a href=\"https:\/\/www.calendriers-artistiques.fr\/wp-content\/uploads\/calendriersmedia\/2008 (30).jpg\"><img loading=\"lazy\" src=\"https:\/\/www.calendriers-artistiques.fr\/wp-content\/uploads\/calendriersmedia\/vignette.jpg\" alt=\"\" width=\"33\" height=\"85\" class=\"alignnone size-full wp-image-24\" \/><\/a><\/td>\n<\/tr>\n<tr class=\"row-855 odd\">\n\t<td class=\"column-1\">GOLBEY<\/td><td class=\"column-2\">RUE DU GENERAL LECLERC<\/td><td class=\"column-3\">LA PHARMACIE CORNELISE<\/td><td class=\"column-4\">VOSGES<\/td><td class=\"column-5\">2008<\/td><td class=\"column-6\"><a href=\"https:\/\/www.calendriers-artistiques.fr\/wp-content\/uploads\/calendriersmedia\/2008 (31).jpg\"><img loading=\"lazy\" src=\"https:\/\/www.calendriers-artistiques.fr\/wp-content\/uploads\/calendriersmedia\/vignette.jpg\" alt=\"\" width=\"33\" height=\"85\" class=\"alignnone size-full wp-image-24\" \/><\/a><\/td>\n<\/tr>\n<tr class=\"row-856 even\">\n\t<td class=\"column-1\">HENIN-BEAUMONT<\/td><td class=\"column-2\">BOULEVARD SCHWEITZER<\/td><td class=\"column-3\">LA BOUTIQUE DU MATERIEL MEDICAL<\/td><td class=\"column-4\">PAS-DE-CALAIS<\/td><td class=\"column-5\">2008<\/td><td class=\"column-6\"><a href=\"https:\/\/www.calendriers-artistiques.fr\/wp-content\/uploads\/calendriersmedia\/2008 (32).jpg\"><img loading=\"lazy\" src=\"https:\/\/www.calendriers-artistiques.fr\/wp-content\/uploads\/calendriersmedia\/vignette.jpg\" alt=\"\" width=\"33\" height=\"85\" class=\"alignnone size-full wp-image-24\" \/><\/a><\/td>\n<\/tr>\n<tr class=\"row-857 odd\">\n\t<td class=\"column-1\">HENIN-BEAUMONT<\/td><td class=\"column-2\">PLACE DE LA REPUBLIQUE<\/td><td class=\"column-3\">LA PHARMACIE VERTRAY<\/td><td class=\"column-4\">PAS-DE-CALAIS<\/td><td class=\"column-5\">2008<\/td><td class=\"column-6\"><a href=\"https:\/\/www.calendriers-artistiques.fr\/wp-content\/uploads\/calendriersmedia\/2008 (33).jpg\"><img loading=\"lazy\" src=\"https:\/\/www.calendriers-artistiques.fr\/wp-content\/uploads\/calendriersmedia\/vignette.jpg\" alt=\"\" width=\"33\" height=\"85\" class=\"alignnone size-full wp-image-24\" \/><\/a><\/td>\n<\/tr>\n<tr class=\"row-858 even\">\n\t<td class=\"column-1\">HERIN<\/td><td class=\"column-2\">PLACE HENRI DURRE<\/td><td class=\"column-3\">LA PHARMACIE LEFEVRE<\/td><td class=\"column-4\">NORD<\/td><td class=\"column-5\">2008<\/td><td class=\"column-6\"><a href=\"https:\/\/www.calendriers-artistiques.fr\/wp-content\/uploads\/calendriersmedia\/2008 (34).jpg\"><img loading=\"lazy\" src=\"https:\/\/www.calendriers-artistiques.fr\/wp-content\/uploads\/calendriersmedia\/vignette.jpg\" alt=\"\" width=\"33\" height=\"85\" class=\"alignnone size-full wp-image-24\" \/><\/a><\/td>\n<\/tr>\n<tr class=\"row-859 odd\">\n\t<td class=\"column-1\">HESDIN<\/td><td class=\"column-2\">PLACE D'ARMES<\/td><td class=\"column-3\">LA PHARMACIE DE LA PLACE<\/td><td class=\"column-4\">PAS-DE-CALAIS<\/td><td class=\"column-5\">2008<\/td><td class=\"column-6\"><a href=\"https:\/\/www.calendriers-artistiques.fr\/wp-content\/uploads\/calendriersmedia\/2008 (35).jpg\"><img loading=\"lazy\" src=\"https:\/\/www.calendriers-artistiques.fr\/wp-content\/uploads\/calendriersmedia\/vignette.jpg\" alt=\"\" width=\"33\" height=\"85\" class=\"alignnone size-full wp-image-24\" \/><\/a><\/td>\n<\/tr>\n<tr class=\"row-860 even\">\n\t<td class=\"column-1\">HONFLEUR<\/td><td class=\"column-2\">RUE DE LA REPUBLIQUE<\/td><td class=\"column-3\">LA PHARMACIE DE LA REPUBLIQUE<\/td><td class=\"column-4\">CALVADOS<\/td><td class=\"column-5\">2008<\/td><td class=\"column-6\"><a href=\"https:\/\/www.calendriers-artistiques.fr\/wp-content\/uploads\/calendriersmedia\/2008 (36).jpg\"><img loading=\"lazy\" src=\"https:\/\/www.calendriers-artistiques.fr\/wp-content\/uploads\/calendriersmedia\/vignette.jpg\" alt=\"\" width=\"33\" height=\"85\" class=\"alignnone size-full wp-image-24\" \/><\/a><\/td>\n<\/tr>\n<tr class=\"row-861 odd\">\n\t<td class=\"column-1\">HOUPLINES<\/td><td class=\"column-2\">RUE VICTOR HUGO<\/td><td class=\"column-3\">LA PHARMACIE PUTKOWNICK<\/td><td class=\"column-4\">NORD<\/td><td class=\"column-5\">2008<\/td><td class=\"column-6\"><a href=\"https:\/\/www.calendriers-artistiques.fr\/wp-content\/uploads\/calendriersmedia\/2008 (37).jpg\"><img loading=\"lazy\" src=\"https:\/\/www.calendriers-artistiques.fr\/wp-content\/uploads\/calendriersmedia\/vignette.jpg\" alt=\"\" width=\"33\" height=\"85\" class=\"alignnone size-full wp-image-24\" \/><\/a><\/td>\n<\/tr>\n<tr class=\"row-862 even\">\n\t<td class=\"column-1\">IWUY<\/td><td class=\"column-2\">RUE DU MARECHAL FOCH<\/td><td class=\"column-3\">LA PHARMACIE LEDRU<\/td><td class=\"column-4\">NORD<\/td><td class=\"column-5\">2008<\/td><td class=\"column-6\"><a href=\"https:\/\/www.calendriers-artistiques.fr\/wp-content\/uploads\/calendriersmedia\/2008 (38).jpg\"><img loading=\"lazy\" src=\"https:\/\/www.calendriers-artistiques.fr\/wp-content\/uploads\/calendriersmedia\/vignette.jpg\" alt=\"\" width=\"33\" height=\"85\" class=\"alignnone size-full wp-image-24\" \/><\/a><\/td>\n<\/tr>\n<tr class=\"row-863 odd\">\n\t<td class=\"column-1\">L'AIGLE<\/td><td class=\"column-2\">RUE DE L'ABREUVOIR SAINT-MARTIN<\/td><td class=\"column-3\">LA PHARMACIE DE L'ABREUVOIR<\/td><td class=\"column-4\">ORNE<\/td><td class=\"column-5\">2008<\/td><td class=\"column-6\"><a href=\"https:\/\/www.calendriers-artistiques.fr\/wp-content\/uploads\/calendriersmedia\/2008 (39).jpg\"><img loading=\"lazy\" src=\"https:\/\/www.calendriers-artistiques.fr\/wp-content\/uploads\/calendriersmedia\/vignette.jpg\" alt=\"\" width=\"33\" height=\"85\" class=\"alignnone size-full wp-image-24\" \/><\/a><\/td>\n<\/tr>\n<tr class=\"row-864 even\">\n\t<td class=\"column-1\">LA MADELEINE<\/td><td class=\"column-2\">RUE DU PARC<\/td><td class=\"column-3\">LA PHARMACIE DE LA NOUVELLE MADELEINE<\/td><td class=\"column-4\">NORD<\/td><td class=\"column-5\">2008<\/td><td class=\"column-6\"><a href=\"https:\/\/www.calendriers-artistiques.fr\/wp-content\/uploads\/calendriersmedia\/2008 (40).jpg\"><img loading=\"lazy\" src=\"https:\/\/www.calendriers-artistiques.fr\/wp-content\/uploads\/calendriersmedia\/vignette.jpg\" alt=\"\" width=\"33\" height=\"85\" class=\"alignnone size-full wp-image-24\" \/><\/a><\/td>\n<\/tr>\n<tr class=\"row-865 odd\">\n\t<td class=\"column-1\">LA ROCHE-VINEUSE<\/td><td class=\"column-2\">ROUTE DE M\u00c3\u0192\u00e2\u20ac\u0161CON<\/td><td class=\"column-3\">LA PHARMACIEPLAULT-DUMORTIER<\/td><td class=\"column-4\">SA\u00c3\u0192\u00e2\u20ac\u009dNE-ET-LOIRE<\/td><td class=\"column-5\">2008<\/td><td class=\"column-6\"><a href=\"https:\/\/www.calendriers-artistiques.fr\/wp-content\/uploads\/calendriersmedia\/2008 (41).jpg\"><img loading=\"lazy\" src=\"https:\/\/www.calendriers-artistiques.fr\/wp-content\/uploads\/calendriersmedia\/vignette.jpg\" alt=\"\" width=\"33\" height=\"85\" class=\"alignnone size-full wp-image-24\" \/><\/a><\/td>\n<\/tr>\n<tr class=\"row-866 even\">\n\t<td class=\"column-1\">LASSIGNY<\/td><td class=\"column-2\">PLACE DU SOUVENIR<\/td><td class=\"column-3\">LA PHARMACIE NODITZA<\/td><td class=\"column-4\">OISE<\/td><td class=\"column-5\">2008<\/td><td class=\"column-6\"><a href=\"https:\/\/www.calendriers-artistiques.fr\/wp-content\/uploads\/calendriersmedia\/2008 (42).jpg\"><img loading=\"lazy\" src=\"https:\/\/www.calendriers-artistiques.fr\/wp-content\/uploads\/calendriersmedia\/vignette.jpg\" alt=\"\" width=\"33\" height=\"85\" class=\"alignnone size-full wp-image-24\" \/><\/a><\/td>\n<\/tr>\n<tr class=\"row-867 odd\">\n\t<td class=\"column-1\">LE NOUVION-EN-THIERACHE<\/td><td class=\"column-2\">RUE ROBERT DEGON<\/td><td class=\"column-3\">LA PHARMACIE JOVENIAUX<\/td><td class=\"column-4\">AISNE<\/td><td class=\"column-5\">2008<\/td><td class=\"column-6\"><a href=\"https:\/\/www.calendriers-artistiques.fr\/wp-content\/uploads\/calendriersmedia\/2008 (43).jpg\"><img loading=\"lazy\" src=\"https:\/\/www.calendriers-artistiques.fr\/wp-content\/uploads\/calendriersmedia\/vignette.jpg\" alt=\"\" width=\"33\" height=\"85\" class=\"alignnone size-full wp-image-24\" \/><\/a><\/td>\n<\/tr>\n<tr class=\"row-868 even\">\n\t<td class=\"column-1\">LE SAP<\/td><td class=\"column-2\">PLACE DU MARCHE<\/td><td class=\"column-3\">LA PHARMACIE CARPENTIER<\/td><td class=\"column-4\">ORNE<\/td><td class=\"column-5\">2008<\/td><td class=\"column-6\"><a href=\"https:\/\/www.calendriers-artistiques.fr\/wp-content\/uploads\/calendriersmedia\/2008 (44).jpg\"><img loading=\"lazy\" src=\"https:\/\/www.calendriers-artistiques.fr\/wp-content\/uploads\/calendriersmedia\/vignette.jpg\" alt=\"\" width=\"33\" height=\"85\" class=\"alignnone size-full wp-image-24\" \/><\/a><\/td>\n<\/tr>\n<tr class=\"row-869 odd\">\n\t<td class=\"column-1\">LESQUIN<\/td><td class=\"column-2\">ROUTE DE DOUAI<\/td><td class=\"column-3\">LA BOUTIQUE DU MATERIEL MEDICAL<\/td><td class=\"column-4\">NORD<\/td><td class=\"column-5\">2008<\/td><td class=\"column-6\"><a href=\"https:\/\/www.calendriers-artistiques.fr\/wp-content\/uploads\/calendriersmedia\/2008 (45).jpg\"><img loading=\"lazy\" src=\"https:\/\/www.calendriers-artistiques.fr\/wp-content\/uploads\/calendriersmedia\/vignette.jpg\" alt=\"\" width=\"33\" height=\"85\" class=\"alignnone size-full wp-image-24\" \/><\/a><\/td>\n<\/tr>\n<tr class=\"row-870 even\">\n\t<td class=\"column-1\">LIBERCOURT<\/td><td class=\"column-2\">PLACE LEON BLUM<\/td><td class=\"column-3\">LA BOUTIQUE DU MATERIEL MEDICAL<\/td><td class=\"column-4\">PAS-DE-CALAIS<\/td><td class=\"column-5\">2008<\/td><td class=\"column-6\"><a href=\"https:\/\/www.calendriers-artistiques.fr\/wp-content\/uploads\/calendriersmedia\/2008 (46).jpg\"><img loading=\"lazy\" src=\"https:\/\/www.calendriers-artistiques.fr\/wp-content\/uploads\/calendriersmedia\/vignette.jpg\" alt=\"\" width=\"33\" height=\"85\" class=\"alignnone size-full wp-image-24\" \/><\/a><\/td>\n<\/tr>\n<tr class=\"row-871 odd\">\n\t<td class=\"column-1\">LIEVIN<\/td><td class=\"column-2\">RUE FRANCOIS COURTIN<\/td><td class=\"column-3\">LA PHARMACIE NOUVELLE<\/td><td class=\"column-4\">PAS-DE-CALAIS<\/td><td class=\"column-5\">2008<\/td><td class=\"column-6\"><a href=\"https:\/\/www.calendriers-artistiques.fr\/wp-content\/uploads\/calendriersmedia\/2008 (47).jpg\"><img loading=\"lazy\" src=\"https:\/\/www.calendriers-artistiques.fr\/wp-content\/uploads\/calendriersmedia\/vignette.jpg\" alt=\"\" width=\"33\" height=\"85\" class=\"alignnone size-full wp-image-24\" \/><\/a><\/td>\n<\/tr>\n<tr class=\"row-872 even\">\n\t<td class=\"column-1\">LIEVIN<\/td><td class=\"column-2\">AVENUE JEAN JAURES<\/td><td class=\"column-3\">LA PHARMACIE DE RIAUMONT<\/td><td class=\"column-4\">PAS-DE-CALAIS<\/td><td class=\"column-5\">2008<\/td><td class=\"column-6\"><a href=\"https:\/\/www.calendriers-artistiques.fr\/wp-content\/uploads\/calendriersmedia\/2008 (48).jpg\"><img loading=\"lazy\" src=\"https:\/\/www.calendriers-artistiques.fr\/wp-content\/uploads\/calendriersmedia\/vignette.jpg\" alt=\"\" width=\"33\" height=\"85\" class=\"alignnone size-full wp-image-24\" \/><\/a><\/td>\n<\/tr>\n<tr class=\"row-873 odd\">\n\t<td class=\"column-1\">LIVAROT<\/td><td class=\"column-2\">RUE PASTEUR<\/td><td class=\"column-3\">LA PHARMACIE OREAL<\/td><td class=\"column-4\">CALVADOS<\/td><td class=\"column-5\">2008<\/td><td class=\"column-6\"><a href=\"https:\/\/www.calendriers-artistiques.fr\/wp-content\/uploads\/calendriersmedia\/2008 (49).jpg\"><img loading=\"lazy\" src=\"https:\/\/www.calendriers-artistiques.fr\/wp-content\/uploads\/calendriersmedia\/vignette.jpg\" alt=\"\" width=\"33\" height=\"85\" class=\"alignnone size-full wp-image-24\" \/><\/a><\/td>\n<\/tr>\n<tr class=\"row-874 even\">\n\t<td class=\"column-1\">LOISON-SOUS-LENS<\/td><td class=\"column-2\">RUE LEON BLUM<\/td><td class=\"column-3\">LA PHARMACIE LE VILLAGE<\/td><td class=\"column-4\">PAS-DE-CALAIS<\/td><td class=\"column-5\">2008<\/td><td class=\"column-6\"><a href=\"https:\/\/www.calendriers-artistiques.fr\/wp-content\/uploads\/calendriersmedia\/2008 (50).jpg\"><img loading=\"lazy\" src=\"https:\/\/www.calendriers-artistiques.fr\/wp-content\/uploads\/calendriersmedia\/vignette.jpg\" alt=\"\" width=\"33\" height=\"85\" class=\"alignnone size-full wp-image-24\" \/><\/a><\/td>\n<\/tr>\n<tr class=\"row-875 odd\">\n\t<td class=\"column-1\">LUNERAY<\/td><td class=\"column-2\">RUE DU GENERAL DE GAULLE<\/td><td class=\"column-3\">LA PHARMACIE OUVRY<\/td><td class=\"column-4\">SEINE-MARITIME<\/td><td class=\"column-5\">2008<\/td><td class=\"column-6\"><a href=\"https:\/\/www.calendriers-artistiques.fr\/wp-content\/uploads\/calendriersmedia\/2008 (51).jpg\"><img loading=\"lazy\" src=\"https:\/\/www.calendriers-artistiques.fr\/wp-content\/uploads\/calendriersmedia\/vignette.jpg\" alt=\"\" width=\"33\" height=\"85\" class=\"alignnone size-full wp-image-24\" \/><\/a><\/td>\n<\/tr>\n<tr class=\"row-876 even\">\n\t<td class=\"column-1\">LYS-LEZ-LANNOY<\/td><td class=\"column-2\">RUE JULES GUESDE<\/td><td class=\"column-3\">LA PHARMACIE DE LA JUSTICE<\/td><td class=\"column-4\">NORD<\/td><td class=\"column-5\">2008<\/td><td class=\"column-6\"><a href=\"https:\/\/www.calendriers-artistiques.fr\/wp-content\/uploads\/calendriersmedia\/2008 (52).jpg\"><img loading=\"lazy\" src=\"https:\/\/www.calendriers-artistiques.fr\/wp-content\/uploads\/calendriersmedia\/vignette.jpg\" alt=\"\" width=\"33\" height=\"85\" class=\"alignnone size-full wp-image-24\" \/><\/a><\/td>\n<\/tr>\n<tr class=\"row-877 odd\">\n\t<td class=\"column-1\">MAING<\/td><td class=\"column-2\">RUE ANATOLE FRANCE.<\/td><td class=\"column-3\">LA PHARMACIEDELSARTE<\/td><td class=\"column-4\">NORD<\/td><td class=\"column-5\">2008<\/td><td class=\"column-6\"><a href=\"https:\/\/www.calendriers-artistiques.fr\/wp-content\/uploads\/calendriersmedia\/2008 (53).jpg\"><img loading=\"lazy\" src=\"https:\/\/www.calendriers-artistiques.fr\/wp-content\/uploads\/calendriersmedia\/vignette.jpg\" alt=\"\" width=\"33\" height=\"85\" class=\"alignnone size-full wp-image-24\" \/><\/a><\/td>\n<\/tr>\n<tr class=\"row-878 even\">\n\t<td class=\"column-1\">MAUBEUGE<\/td><td class=\"column-2\">ROUTE DE MONS<\/td><td class=\"column-3\">LA PHARMACIE DU FAUBOURG DE MONS<\/td><td class=\"column-4\">NORD<\/td><td class=\"column-5\">2008<\/td><td class=\"column-6\"><a href=\"https:\/\/www.calendriers-artistiques.fr\/wp-content\/uploads\/calendriersmedia\/2008 (54).jpg\"><img loading=\"lazy\" src=\"https:\/\/www.calendriers-artistiques.fr\/wp-content\/uploads\/calendriersmedia\/vignette.jpg\" alt=\"\" width=\"33\" height=\"85\" class=\"alignnone size-full wp-image-24\" \/><\/a><\/td>\n<\/tr>\n<tr class=\"row-879 odd\">\n\t<td class=\"column-1\">MONTRICHARD<\/td><td class=\"column-2\">RUE NATIONALE<\/td><td class=\"column-3\">LA PHARMACIE AVIGNON<\/td><td class=\"column-4\">LOIR-ET-CHER<\/td><td class=\"column-5\">2008<\/td><td class=\"column-6\"><a href=\"https:\/\/www.calendriers-artistiques.fr\/wp-content\/uploads\/calendriersmedia\/2008 (55).jpg\"><img loading=\"lazy\" src=\"https:\/\/www.calendriers-artistiques.fr\/wp-content\/uploads\/calendriersmedia\/vignette.jpg\" alt=\"\" width=\"33\" height=\"85\" class=\"alignnone size-full wp-image-24\" \/><\/a><\/td>\n<\/tr>\n<tr class=\"row-880 even\">\n\t<td class=\"column-1\">MOUVAUX<\/td><td class=\"column-2\">RUE DE LILLE<\/td><td class=\"column-3\">LA PHARMACIE DELCOURT-BUYSSE<\/td><td class=\"column-4\">NORD<\/td><td class=\"column-5\">2008<\/td><td class=\"column-6\"><a href=\"https:\/\/www.calendriers-artistiques.fr\/wp-content\/uploads\/calendriersmedia\/2008 (56).jpg\"><img loading=\"lazy\" src=\"https:\/\/www.calendriers-artistiques.fr\/wp-content\/uploads\/calendriersmedia\/vignette.jpg\" alt=\"\" width=\"33\" height=\"85\" class=\"alignnone size-full wp-image-24\" \/><\/a><\/td>\n<\/tr>\n<tr class=\"row-881 odd\">\n\t<td class=\"column-1\">MOUVAUX<\/td><td class=\"column-2\">RUE DE LILLE<\/td><td class=\"column-3\">LA PHARMACIE DELCOURT-BUYSSE<\/td><td class=\"column-4\">NORD<\/td><td class=\"column-5\">2008<\/td><td class=\"column-6\"><a href=\"https:\/\/www.calendriers-artistiques.fr\/wp-content\/uploads\/calendriersmedia\/2008 (57).jpg\"><img loading=\"lazy\" src=\"https:\/\/www.calendriers-artistiques.fr\/wp-content\/uploads\/calendriersmedia\/vignette.jpg\" alt=\"\" width=\"33\" height=\"85\" class=\"alignnone size-full wp-image-24\" \/><\/a><\/td>\n<\/tr>\n<tr class=\"row-882 even\">\n\t<td class=\"column-1\">NOYELLES-GODAULT<\/td><td class=\"column-2\">RUE DE VERDUN<\/td><td class=\"column-3\">LA PHARMACIE DE L'H\u00c3\u0192\u00e2\u20ac\u009dTEL DE VILLE<\/td><td class=\"column-4\">PAS-DE-CALAIS<\/td><td class=\"column-5\">2008<\/td><td class=\"column-6\"><a href=\"https:\/\/www.calendriers-artistiques.fr\/wp-content\/uploads\/calendriersmedia\/2008 (58).jpg\"><img loading=\"lazy\" src=\"https:\/\/www.calendriers-artistiques.fr\/wp-content\/uploads\/calendriersmedia\/vignette.jpg\" alt=\"\" width=\"33\" height=\"85\" class=\"alignnone size-full wp-image-24\" \/><\/a><\/td>\n<\/tr>\n<tr class=\"row-883 odd\">\n\t<td class=\"column-1\">NOYON<\/td><td class=\"column-2\">RUE DE PARIS<\/td><td class=\"column-3\">LA PHARMACIE FITOUSSI<\/td><td class=\"column-4\">OISE<\/td><td class=\"column-5\">2008<\/td><td class=\"column-6\"><a href=\"https:\/\/www.calendriers-artistiques.fr\/wp-content\/uploads\/calendriersmedia\/2008 (59).jpg\"><img loading=\"lazy\" src=\"https:\/\/www.calendriers-artistiques.fr\/wp-content\/uploads\/calendriersmedia\/vignette.jpg\" alt=\"\" width=\"33\" height=\"85\" class=\"alignnone size-full wp-image-24\" \/><\/a><\/td>\n<\/tr>\n<tr class=\"row-884 even\">\n\t<td class=\"column-1\">ORCHIES<\/td><td class=\"column-2\">PLACE DU GENERAL DE GAULLE<\/td><td class=\"column-3\">LA PHARMACIE DE L'H\u00c3\u0192\u00e2\u20ac\u009dTEL DE VILLE<\/td><td class=\"column-4\">NORD<\/td><td class=\"column-5\">2008<\/td><td class=\"column-6\"><a href=\"https:\/\/www.calendriers-artistiques.fr\/wp-content\/uploads\/calendriersmedia\/2008 (60).jpg\"><img loading=\"lazy\" src=\"https:\/\/www.calendriers-artistiques.fr\/wp-content\/uploads\/calendriersmedia\/vignette.jpg\" alt=\"\" width=\"33\" height=\"85\" class=\"alignnone size-full wp-image-24\" \/><\/a><\/td>\n<\/tr>\n<tr class=\"row-885 odd\">\n\t<td class=\"column-1\">PERENCHIES<\/td><td class=\"column-2\">PLACE DU GENERAL DE GAULLE<\/td><td class=\"column-3\">LA PHARMACIE DELAPIERRE<\/td><td class=\"column-4\">NORD<\/td><td class=\"column-5\">2008<\/td><td class=\"column-6\"><a href=\"https:\/\/www.calendriers-artistiques.fr\/wp-content\/uploads\/calendriersmedia\/2008 (61).jpg\"><img loading=\"lazy\" src=\"https:\/\/www.calendriers-artistiques.fr\/wp-content\/uploads\/calendriersmedia\/vignette.jpg\" alt=\"\" width=\"33\" height=\"85\" class=\"alignnone size-full wp-image-24\" \/><\/a><\/td>\n<\/tr>\n<tr class=\"row-886 even\">\n\t<td class=\"column-1\">PHALEMPIN<\/td><td class=\"column-2\">RUE DU GENERAL DE GAULLE<\/td><td class=\"column-3\">LA PHARMACIE LEMAITRE<\/td><td class=\"column-4\">NORD<\/td><td class=\"column-5\">2008<\/td><td class=\"column-6\"><a href=\"https:\/\/www.calendriers-artistiques.fr\/wp-content\/uploads\/calendriersmedia\/2008 (62).jpg\"><img loading=\"lazy\" src=\"https:\/\/www.calendriers-artistiques.fr\/wp-content\/uploads\/calendriersmedia\/vignette.jpg\" alt=\"\" width=\"33\" height=\"85\" class=\"alignnone size-full wp-image-24\" \/><\/a><\/td>\n<\/tr>\n<tr class=\"row-887 odd\">\n\t<td class=\"column-1\">PLOMBIERES-LES-BAINS<\/td><td class=\"column-2\">RUE STANISLAS<\/td><td class=\"column-3\">LA PHARMACIE DES THERMES<\/td><td class=\"column-4\">VOSGES<\/td><td class=\"column-5\">2008<\/td><td class=\"column-6\"><a href=\"https:\/\/www.calendriers-artistiques.fr\/wp-content\/uploads\/calendriersmedia\/2008 (63).jpg\"><img loading=\"lazy\" src=\"https:\/\/www.calendriers-artistiques.fr\/wp-content\/uploads\/calendriersmedia\/vignette.jpg\" alt=\"\" width=\"33\" height=\"85\" class=\"alignnone size-full wp-image-24\" \/><\/a><\/td>\n<\/tr>\n<tr class=\"row-888 even\">\n\t<td class=\"column-1\">PONT-AUDEMER<\/td><td class=\"column-2\">RUE DE LA REPUBLIQUE<\/td><td class=\"column-3\">LA PHARMACIE LENAIN<\/td><td class=\"column-4\">EURE<\/td><td class=\"column-5\">2008<\/td><td class=\"column-6\"><a href=\"https:\/\/www.calendriers-artistiques.fr\/wp-content\/uploads\/calendriersmedia\/2008 (64).jpg\"><img loading=\"lazy\" src=\"https:\/\/www.calendriers-artistiques.fr\/wp-content\/uploads\/calendriersmedia\/vignette.jpg\" alt=\"\" width=\"33\" height=\"85\" class=\"alignnone size-full wp-image-24\" \/><\/a><\/td>\n<\/tr>\n<tr class=\"row-889 odd\">\n\t<td class=\"column-1\">QUAROUBLE<\/td><td class=\"column-2\">RUE DU COLONEL GLINEUR<\/td><td class=\"column-3\">LA PHARMACIE GADEYNE-COULON<\/td><td class=\"column-4\">NORD<\/td><td class=\"column-5\">2008<\/td><td class=\"column-6\"><a href=\"https:\/\/www.calendriers-artistiques.fr\/wp-content\/uploads\/calendriersmedia\/2008 (65).jpg\"><img loading=\"lazy\" src=\"https:\/\/www.calendriers-artistiques.fr\/wp-content\/uploads\/calendriersmedia\/vignette.jpg\" alt=\"\" width=\"33\" height=\"85\" class=\"alignnone size-full wp-image-24\" \/><\/a><\/td>\n<\/tr>\n<tr class=\"row-890 even\">\n\t<td class=\"column-1\">REIMS<\/td><td class=\"column-2\">PLACE DES ARGONAUTES<\/td><td class=\"column-3\">LA PHARMACIE DES ARGONAUTES<\/td><td class=\"column-4\">MARNE<\/td><td class=\"column-5\">2008<\/td><td class=\"column-6\"><a href=\"https:\/\/www.calendriers-artistiques.fr\/wp-content\/uploads\/calendriersmedia\/2008 (66).jpg\"><img loading=\"lazy\" src=\"https:\/\/www.calendriers-artistiques.fr\/wp-content\/uploads\/calendriersmedia\/vignette.jpg\" alt=\"\" width=\"33\" height=\"85\" class=\"alignnone size-full wp-image-24\" \/><\/a><\/td>\n<\/tr>\n<tr class=\"row-891 odd\">\n\t<td class=\"column-1\">REIMS<\/td><td class=\"column-2\">RUE ALBERT THOMAS<\/td><td class=\"column-3\">LA PHARMACIE CREPAUX<\/td><td class=\"column-4\">MARNE<\/td><td class=\"column-5\">2008<\/td><td class=\"column-6\"><a href=\"https:\/\/www.calendriers-artistiques.fr\/wp-content\/uploads\/calendriersmedia\/2008 (67).jpg\"><img loading=\"lazy\" src=\"https:\/\/www.calendriers-artistiques.fr\/wp-content\/uploads\/calendriersmedia\/vignette.jpg\" alt=\"\" width=\"33\" height=\"85\" class=\"alignnone size-full wp-image-24\" \/><\/a><\/td>\n<\/tr>\n<tr class=\"row-892 even\">\n\t<td class=\"column-1\">REVIN<\/td><td class=\"column-2\">RUE VICTOR HUGO<\/td><td class=\"column-3\">LAPHARMACIE DE LA HALLE<\/td><td class=\"column-4\">ARDENNES<\/td><td class=\"column-5\">2008<\/td><td class=\"column-6\"><a href=\"https:\/\/www.calendriers-artistiques.fr\/wp-content\/uploads\/calendriersmedia\/2008 (68).jpg\"><img loading=\"lazy\" src=\"https:\/\/www.calendriers-artistiques.fr\/wp-content\/uploads\/calendriersmedia\/vignette.jpg\" alt=\"\" width=\"33\" height=\"85\" class=\"alignnone size-full wp-image-24\" \/><\/a><\/td>\n<\/tr>\n<tr class=\"row-893 odd\">\n\t<td class=\"column-1\">RIBECOURT-DRESLINCOURT<\/td><td class=\"column-2\">RUE DE PARIS<\/td><td class=\"column-3\">LA PHARMACIE DE PARIS<\/td><td class=\"column-4\">OISE<\/td><td class=\"column-5\">2008<\/td><td class=\"column-6\"><a href=\"https:\/\/www.calendriers-artistiques.fr\/wp-content\/uploads\/calendriersmedia\/2008 (69).jpg\"><img loading=\"lazy\" src=\"https:\/\/www.calendriers-artistiques.fr\/wp-content\/uploads\/calendriersmedia\/vignette.jpg\" alt=\"\" width=\"33\" height=\"85\" class=\"alignnone size-full wp-image-24\" \/><\/a><\/td>\n<\/tr>\n<tr class=\"row-894 even\">\n\t<td class=\"column-1\">RONCQ<\/td><td class=\"column-2\">RUE DE LILLE<\/td><td class=\"column-3\">LA PHARMACIE POTENCIER<\/td><td class=\"column-4\">NORD<\/td><td class=\"column-5\">2008<\/td><td class=\"column-6\"><a href=\"https:\/\/www.calendriers-artistiques.fr\/wp-content\/uploads\/calendriersmedia\/2008 (70).jpg\"><img loading=\"lazy\" src=\"https:\/\/www.calendriers-artistiques.fr\/wp-content\/uploads\/calendriersmedia\/vignette.jpg\" alt=\"\" width=\"33\" height=\"85\" class=\"alignnone size-full wp-image-24\" \/><\/a><\/td>\n<\/tr>\n<tr class=\"row-895 odd\">\n\t<td class=\"column-1\">RONCQ<\/td><td class=\"column-2\">RUE DE LILLE<\/td><td class=\"column-3\">LA PHARMACIE POTENCIER-BINAUT<\/td><td class=\"column-4\">NORD<\/td><td class=\"column-5\">2008<\/td><td class=\"column-6\"><a href=\"https:\/\/www.calendriers-artistiques.fr\/wp-content\/uploads\/calendriersmedia\/2008 (71).jpg\"><img loading=\"lazy\" src=\"https:\/\/www.calendriers-artistiques.fr\/wp-content\/uploads\/calendriersmedia\/vignette.jpg\" alt=\"\" width=\"33\" height=\"85\" class=\"alignnone size-full wp-image-24\" \/><\/a><\/td>\n<\/tr>\n<tr class=\"row-896 even\">\n\t<td class=\"column-1\">ROSENDA\u00c3\u0192\u00e2\u20ac\u00b9L<\/td><td class=\"column-2\">RUE PAUL MACHY<\/td><td class=\"column-3\">LA PHARMACIE DE LA MAIRIE<\/td><td class=\"column-4\">NORD<\/td><td class=\"column-5\">2008<\/td><td class=\"column-6\"><a href=\"https:\/\/www.calendriers-artistiques.fr\/wp-content\/uploads\/calendriersmedia\/2008 (72).jpg\"><img loading=\"lazy\" src=\"https:\/\/www.calendriers-artistiques.fr\/wp-content\/uploads\/calendriersmedia\/vignette.jpg\" alt=\"\" width=\"33\" height=\"85\" class=\"alignnone size-full wp-image-24\" \/><\/a><\/td>\n<\/tr>\n<tr class=\"row-897 odd\">\n\t<td class=\"column-1\">SAINT-ETIENNE-LES-REMIREMONT<\/td><td class=\"column-2\">GRAND'RUE<\/td><td class=\"column-3\">LA PHARMACIE PETITJEAN<\/td><td class=\"column-4\">VOSGES<\/td><td class=\"column-5\">2008<\/td><td class=\"column-6\"><a href=\"https:\/\/www.calendriers-artistiques.fr\/wp-content\/uploads\/calendriersmedia\/2008 (73).jpg\"><img loading=\"lazy\" src=\"https:\/\/www.calendriers-artistiques.fr\/wp-content\/uploads\/calendriersmedia\/vignette.jpg\" alt=\"\" width=\"33\" height=\"85\" class=\"alignnone size-full wp-image-24\" \/><\/a><\/td>\n<\/tr>\n<tr class=\"row-898 even\">\n\t<td class=\"column-1\">SAINT-OMER<\/td><td class=\"column-2\">PLACE FOCH<\/td><td class=\"column-3\">LA PHARMACIE GALBY<\/td><td class=\"column-4\">PAS-DE-CALAIS<\/td><td class=\"column-5\">2008<\/td><td class=\"column-6\"><a href=\"https:\/\/www.calendriers-artistiques.fr\/wp-content\/uploads\/calendriersmedia\/2008 (74).jpg\"><img loading=\"lazy\" src=\"https:\/\/www.calendriers-artistiques.fr\/wp-content\/uploads\/calendriersmedia\/vignette.jpg\" alt=\"\" width=\"33\" height=\"85\" class=\"alignnone size-full wp-image-24\" \/><\/a><\/td>\n<\/tr>\n<tr class=\"row-899 odd\">\n\t<td class=\"column-1\">SAINT-RAPHA\u00c3\u0192\u00e2\u20ac\u00b9L<\/td><td class=\"column-2\">BOULEVARD D'ALSACE<\/td><td class=\"column-3\">LA PHARMACIE LAMARTINE<\/td><td class=\"column-4\">VAR<\/td><td class=\"column-5\">2008<\/td><td class=\"column-6\"><a href=\"https:\/\/www.calendriers-artistiques.fr\/wp-content\/uploads\/calendriersmedia\/2008 (75).jpg\"><img loading=\"lazy\" src=\"https:\/\/www.calendriers-artistiques.fr\/wp-content\/uploads\/calendriersmedia\/vignette.jpg\" alt=\"\" width=\"33\" height=\"85\" class=\"alignnone size-full wp-image-24\" \/><\/a><\/td>\n<\/tr>\n<tr class=\"row-900 even\">\n\t<td class=\"column-1\">SAINT-SAULVE<\/td><td class=\"column-2\">RUE DES FRERES LUMIERE<\/td><td class=\"column-3\">LA PHARMACIE DE LA PEPINIERE<\/td><td class=\"column-4\">NORD<\/td><td class=\"column-5\">2008<\/td><td class=\"column-6\"><a href=\"https:\/\/www.calendriers-artistiques.fr\/wp-content\/uploads\/calendriersmedia\/2008 (76).jpg\"><img loading=\"lazy\" src=\"https:\/\/www.calendriers-artistiques.fr\/wp-content\/uploads\/calendriersmedia\/vignette.jpg\" alt=\"\" width=\"33\" height=\"85\" class=\"alignnone size-full wp-image-24\" \/><\/a><\/td>\n<\/tr>\n<tr class=\"row-901 odd\">\n\t<td class=\"column-1\">SAINT-SAULVE<\/td><td class=\"column-2\">RUE DES FRERES LUMIERE<\/td><td class=\"column-3\">LA PHARMACIE DE LA PEPINIERE<\/td><td class=\"column-4\">NORD<\/td><td class=\"column-5\">2008<\/td><td class=\"column-6\"><a href=\"https:\/\/www.calendriers-artistiques.fr\/wp-content\/uploads\/calendriersmedia\/2008 (77).jpg\"><img loading=\"lazy\" src=\"https:\/\/www.calendriers-artistiques.fr\/wp-content\/uploads\/calendriersmedia\/vignette.jpg\" alt=\"\" width=\"33\" height=\"85\" class=\"alignnone size-full wp-image-24\" \/><\/a><\/td>\n<\/tr>\n<tr class=\"row-902 even\">\n\t<td class=\"column-1\">SALLAUMINES<\/td><td class=\"column-2\">RUE EDOUARD VAILLANT<\/td><td class=\"column-3\">LA BOUTIQUE DU MATERIEL MEDICAL<\/td><td class=\"column-4\">PAS-DE-CALAIS<\/td><td class=\"column-5\">2008<\/td><td class=\"column-6\"><a href=\"https:\/\/www.calendriers-artistiques.fr\/wp-content\/uploads\/calendriersmedia\/2008 (78).jpg\"><img loading=\"lazy\" src=\"https:\/\/www.calendriers-artistiques.fr\/wp-content\/uploads\/calendriersmedia\/vignette.jpg\" alt=\"\" width=\"33\" height=\"85\" class=\"alignnone size-full wp-image-24\" \/><\/a><\/td>\n<\/tr>\n<tr class=\"row-903 odd\">\n\t<td class=\"column-1\">SEDAN<\/td><td class=\"column-2\">RUE GAMBETTA<\/td><td class=\"column-3\">LA PHARMACIE DEGLAIRE<\/td><td class=\"column-4\">ARDENNES<\/td><td class=\"column-5\">2008<\/td><td class=\"column-6\"><a href=\"https:\/\/www.calendriers-artistiques.fr\/wp-content\/uploads\/calendriersmedia\/2008 (79).jpg\"><img loading=\"lazy\" src=\"https:\/\/www.calendriers-artistiques.fr\/wp-content\/uploads\/calendriersmedia\/vignette.jpg\" alt=\"\" width=\"33\" height=\"85\" class=\"alignnone size-full wp-image-24\" \/><\/a><\/td>\n<\/tr>\n<tr class=\"row-904 even\">\n\t<td class=\"column-1\">SEDAN<\/td><td class=\"column-2\">AVENUE DE LA MARNE<\/td><td class=\"column-3\">LA PHARMACIE DE LA MARNE<\/td><td class=\"column-4\">ARDENNES<\/td><td class=\"column-5\">2008<\/td><td class=\"column-6\"><a href=\"https:\/\/www.calendriers-artistiques.fr\/wp-content\/uploads\/calendriersmedia\/2008 (80).jpg\"><img loading=\"lazy\" src=\"https:\/\/www.calendriers-artistiques.fr\/wp-content\/uploads\/calendriersmedia\/vignette.jpg\" alt=\"\" width=\"33\" height=\"85\" class=\"alignnone size-full wp-image-24\" \/><\/a><\/td>\n<\/tr>\n<tr class=\"row-905 odd\">\n\t<td class=\"column-1\">SELESTAT<\/td><td class=\"column-2\">RUE DES CHEVALIERS<\/td><td class=\"column-3\">LA PHARMACIE DU CYGNE<\/td><td class=\"column-4\">BAS-RHIN<\/td><td class=\"column-5\">2008<\/td><td class=\"column-6\"><a href=\"https:\/\/www.calendriers-artistiques.fr\/wp-content\/uploads\/calendriersmedia\/2008 (81).jpg\"><img loading=\"lazy\" src=\"https:\/\/www.calendriers-artistiques.fr\/wp-content\/uploads\/calendriersmedia\/vignette.jpg\" alt=\"\" width=\"33\" height=\"85\" class=\"alignnone size-full wp-image-24\" \/><\/a><\/td>\n<\/tr>\n<tr class=\"row-906 even\">\n\t<td class=\"column-1\">SIN-LE-NOBLE<\/td><td class=\"column-2\">PLACE JEAN JAURES<\/td><td class=\"column-3\">LA BOUTIQUE DU MATERIEL MEDICAL<\/td><td class=\"column-4\">NORD<\/td><td class=\"column-5\">2008<\/td><td class=\"column-6\"><a href=\"https:\/\/www.calendriers-artistiques.fr\/wp-content\/uploads\/calendriersmedia\/2008 (82).jpg\"><img loading=\"lazy\" src=\"https:\/\/www.calendriers-artistiques.fr\/wp-content\/uploads\/calendriersmedia\/vignette.jpg\" alt=\"\" width=\"33\" height=\"85\" class=\"alignnone size-full wp-image-24\" \/><\/a><\/td>\n<\/tr>\n<tr class=\"row-907 odd\">\n\t<td class=\"column-1\">SOISSONS<\/td><td class=\"column-2\">PLACE LAMARTINE<\/td><td class=\"column-3\">LA PHARMACIE YZERMAN<\/td><td class=\"column-4\">AISNE<\/td><td class=\"column-5\">2008<\/td><td class=\"column-6\"><a href=\"https:\/\/www.calendriers-artistiques.fr\/wp-content\/uploads\/calendriersmedia\/2008 (83).jpg\"><img loading=\"lazy\" src=\"https:\/\/www.calendriers-artistiques.fr\/wp-content\/uploads\/calendriersmedia\/vignette.jpg\" alt=\"\" width=\"33\" height=\"85\" class=\"alignnone size-full wp-image-24\" \/><\/a><\/td>\n<\/tr>\n<tr class=\"row-908 even\">\n\t<td class=\"column-1\">THOUROTTE<\/td><td class=\"column-2\">RUE DE VOG\u00c3\u0192\u00c5\u201cE<\/td><td class=\"column-3\">M I C LES MUTUELLES DE FRANCE<\/td><td class=\"column-4\">OISE<\/td><td class=\"column-5\">2008<\/td><td class=\"column-6\"><a href=\"https:\/\/www.calendriers-artistiques.fr\/wp-content\/uploads\/calendriersmedia\/2008 (84).jpg\"><img loading=\"lazy\" src=\"https:\/\/www.calendriers-artistiques.fr\/wp-content\/uploads\/calendriersmedia\/vignette.jpg\" alt=\"\" width=\"33\" height=\"85\" class=\"alignnone size-full wp-image-24\" \/><\/a><\/td>\n<\/tr>\n<tr class=\"row-909 odd\">\n\t<td class=\"column-1\">TOURCOING<\/td><td class=\"column-2\">GRAND'PLACE<\/td><td class=\"column-3\">LA PHARMACIE CATTEAU<\/td><td class=\"column-4\">NORD<\/td><td class=\"column-5\">2008<\/td><td class=\"column-6\"><a href=\"https:\/\/www.calendriers-artistiques.fr\/wp-content\/uploads\/calendriersmedia\/2008 (85).jpg\"><img loading=\"lazy\" src=\"https:\/\/www.calendriers-artistiques.fr\/wp-content\/uploads\/calendriersmedia\/vignette.jpg\" alt=\"\" width=\"33\" height=\"85\" class=\"alignnone size-full wp-image-24\" \/><\/a><\/td>\n<\/tr>\n<tr class=\"row-910 even\">\n\t<td class=\"column-1\">TOURCOING<\/td><td class=\"column-2\">BOULEVARD GAMBETTA<\/td><td class=\"column-3\">DEBAISIEUX IMMOBILIER<\/td><td class=\"column-4\">NORD<\/td><td class=\"column-5\">2008<\/td><td class=\"column-6\"><a href=\"https:\/\/www.calendriers-artistiques.fr\/wp-content\/uploads\/calendriersmedia\/2008 (86).jpg\"><img loading=\"lazy\" src=\"https:\/\/www.calendriers-artistiques.fr\/wp-content\/uploads\/calendriersmedia\/vignette.jpg\" alt=\"\" width=\"33\" height=\"85\" class=\"alignnone size-full wp-image-24\" \/><\/a><\/td>\n<\/tr>\n<tr class=\"row-911 odd\">\n\t<td class=\"column-1\">TRITH-SAINT-LEGER<\/td><td class=\"column-2\">RUE HENRI DURRE<\/td><td class=\"column-3\">LA PHARMACIE DU CENTRE<\/td><td class=\"column-4\">NORD<\/td><td class=\"column-5\">2008<\/td><td class=\"column-6\"><a href=\"https:\/\/www.calendriers-artistiques.fr\/wp-content\/uploads\/calendriersmedia\/2008 (87).jpg\"><img loading=\"lazy\" src=\"https:\/\/www.calendriers-artistiques.fr\/wp-content\/uploads\/calendriersmedia\/vignette.jpg\" alt=\"\" width=\"33\" height=\"85\" class=\"alignnone size-full wp-image-24\" \/><\/a><\/td>\n<\/tr>\n<tr class=\"row-912 even\">\n\t<td class=\"column-1\">VEND\u00c3\u0192\u00e2\u20ac\u009dME<\/td><td class=\"column-2\">FAUBOURG CHARTRAIN<\/td><td class=\"column-3\">LA PHARMACIE DU FAUBOURG<\/td><td class=\"column-4\">LOIR-ET-CHER<\/td><td class=\"column-5\">2008<\/td><td class=\"column-6\"><a href=\"https:\/\/www.calendriers-artistiques.fr\/wp-content\/uploads\/calendriersmedia\/2008 (88).jpg\"><img loading=\"lazy\" src=\"https:\/\/www.calendriers-artistiques.fr\/wp-content\/uploads\/calendriersmedia\/vignette.jpg\" alt=\"\" width=\"33\" height=\"85\" class=\"alignnone size-full wp-image-24\" \/><\/a><\/td>\n<\/tr>\n<tr class=\"row-913 odd\">\n\t<td class=\"column-1\">VENETTE<\/td><td class=\"column-2\">RUE DE COMPIEGNE<\/td><td class=\"column-3\">LA PHARMACIE CARTON-HARRISSART<\/td><td class=\"column-4\">OISE<\/td><td class=\"column-5\">2008<\/td><td class=\"column-6\"><a href=\"https:\/\/www.calendriers-artistiques.fr\/wp-content\/uploads\/calendriersmedia\/2008 (89).jpg\"><img loading=\"lazy\" src=\"https:\/\/www.calendriers-artistiques.fr\/wp-content\/uploads\/calendriersmedia\/vignette.jpg\" alt=\"\" width=\"33\" height=\"85\" class=\"alignnone size-full wp-image-24\" \/><\/a><\/td>\n<\/tr>\n<tr class=\"row-914 even\">\n\t<td class=\"column-1\">VERVINS<\/td><td class=\"column-2\">PLACE DU GENERAL DE GAULLE<\/td><td class=\"column-3\">LA PHARMACIE DE LA THIERACHE<\/td><td class=\"column-4\">AISNE<\/td><td class=\"column-5\">2008<\/td><td class=\"column-6\"><a href=\"https:\/\/www.calendriers-artistiques.fr\/wp-content\/uploads\/calendriersmedia\/2008 (90).jpg\"><img loading=\"lazy\" src=\"https:\/\/www.calendriers-artistiques.fr\/wp-content\/uploads\/calendriersmedia\/vignette.jpg\" alt=\"\" width=\"33\" height=\"85\" class=\"alignnone size-full wp-image-24\" \/><\/a><\/td>\n<\/tr>\n<tr class=\"row-915 odd\">\n\t<td class=\"column-1\">VEULES-LES-ROSES<\/td><td class=\"column-2\">RUE DU DOCTEUR PIERRE GIRARD<\/td><td class=\"column-3\">LA PHARMACIE DES TOURELLES<\/td><td class=\"column-4\">SEINE-MARITIME<\/td><td class=\"column-5\">2008<\/td><td class=\"column-6\"><a href=\"https:\/\/www.calendriers-artistiques.fr\/wp-content\/uploads\/calendriersmedia\/2008 (91).jpg\"><img loading=\"lazy\" src=\"https:\/\/www.calendriers-artistiques.fr\/wp-content\/uploads\/calendriersmedia\/vignette.jpg\" alt=\"\" width=\"33\" height=\"85\" class=\"alignnone size-full wp-image-24\" \/><\/a><\/td>\n<\/tr>\n<tr class=\"row-916 even\">\n\t<td class=\"column-1\">VIMY<\/td><td class=\"column-2\">RUE LAMARTINE<\/td><td class=\"column-3\">LA PHARMACIE VIADYS<\/td><td class=\"column-4\">PAS-DE-CALAIS<\/td><td class=\"column-5\">2008<\/td><td class=\"column-6\"><a href=\"https:\/\/www.calendriers-artistiques.fr\/wp-content\/uploads\/calendriersmedia\/2008 (92).jpg\"><img loading=\"lazy\" src=\"https:\/\/www.calendriers-artistiques.fr\/wp-content\/uploads\/calendriersmedia\/vignette.jpg\" alt=\"\" width=\"33\" height=\"85\" class=\"alignnone size-full wp-image-24\" \/><\/a><\/td>\n<\/tr>\n<tr class=\"row-917 odd\">\n\t<td class=\"column-1\">VIRY-NOUREUIL<\/td><td class=\"column-2\">RUE VICTOR HUGO<\/td><td class=\"column-3\">LA PHARMACIE LEPLAT<\/td><td class=\"column-4\">AISNE<\/td><td class=\"column-5\">2008<\/td><td class=\"column-6\"><a href=\"https:\/\/www.calendriers-artistiques.fr\/wp-content\/uploads\/calendriersmedia\/2008 (93).jpg\"><img loading=\"lazy\" src=\"https:\/\/www.calendriers-artistiques.fr\/wp-content\/uploads\/calendriersmedia\/vignette.jpg\" alt=\"\" width=\"33\" height=\"85\" class=\"alignnone size-full wp-image-24\" \/><\/a><\/td>\n<\/tr>\n<tr class=\"row-918 even\">\n\t<td class=\"column-1\">ACHICOURT<\/td><td class=\"column-2\">PLACE JEAN JAURES<\/td><td class=\"column-3\">LA PHARMACIE GOMET-CHOPIS<\/td><td class=\"column-4\">PAS-DE-CALAIS<\/td><td class=\"column-5\">2007<\/td><td class=\"column-6\"><a href=\"https:\/\/www.calendriers-artistiques.fr\/wp-content\/uploads\/calendriersmedia\/2007 (1).jpg\"><img loading=\"lazy\" src=\"https:\/\/www.calendriers-artistiques.fr\/wp-content\/uploads\/calendriersmedia\/vignette.jpg\" alt=\"\" width=\"33\" height=\"85\" class=\"alignnone size-full wp-image-24\" \/><\/a><\/td>\n<\/tr>\n<tr class=\"row-919 odd\">\n\t<td class=\"column-1\">ACHICOURT<\/td><td class=\"column-2\">ROUTE DE BAPAUME<\/td><td class=\"column-3\">LA PHARMACIE VAUSSELIN<\/td><td class=\"column-4\">PAS-DE-CALAIS<\/td><td class=\"column-5\">2007<\/td><td class=\"column-6\"><a href=\"https:\/\/www.calendriers-artistiques.fr\/wp-content\/uploads\/calendriersmedia\/2007 (2).jpg\"><img loading=\"lazy\" src=\"https:\/\/www.calendriers-artistiques.fr\/wp-content\/uploads\/calendriersmedia\/vignette.jpg\" alt=\"\" width=\"33\" height=\"85\" class=\"alignnone size-full wp-image-24\" \/><\/a><\/td>\n<\/tr>\n<tr class=\"row-920 even\">\n\t<td class=\"column-1\">AIX-EN-PROVENCE<\/td><td class=\"column-2\">RUE DU MARECHAL FOCH<\/td><td class=\"column-3\">LA PHARMACIE DE L'H\u00c3\u0192\u00e2\u20ac\u009dTEL DE VILLE<\/td><td class=\"column-4\">BOUCHES-DU-RH\u00c3\u0192\u00e2\u20ac\u009dNE<\/td><td class=\"column-5\">2007<\/td><td class=\"column-6\"><a href=\"https:\/\/www.calendriers-artistiques.fr\/wp-content\/uploads\/calendriersmedia\/2007 (3).jpg\"><img loading=\"lazy\" src=\"https:\/\/www.calendriers-artistiques.fr\/wp-content\/uploads\/calendriersmedia\/vignette.jpg\" alt=\"\" width=\"33\" height=\"85\" class=\"alignnone size-full wp-image-24\" \/><\/a><\/td>\n<\/tr>\n<tr class=\"row-921 odd\">\n\t<td class=\"column-1\">AIX-EN-PROVENCE<\/td><td class=\"column-2\">RUE D'ITALIE ET RUE  DU MARECHAL FOCH<\/td><td class=\"column-3\">LA PHARMACIE D'ITALIE.<\/td><td class=\"column-4\">BOUCHES-DU-RH\u00c3\u0192\u00e2\u20ac\u009dNE<\/td><td class=\"column-5\">2007<\/td><td class=\"column-6\"><a href=\"https:\/\/www.calendriers-artistiques.fr\/wp-content\/uploads\/calendriersmedia\/2007 (4).jpg\"><img loading=\"lazy\" src=\"https:\/\/www.calendriers-artistiques.fr\/wp-content\/uploads\/calendriersmedia\/vignette.jpg\" alt=\"\" width=\"33\" height=\"85\" class=\"alignnone size-full wp-image-24\" \/><\/a><\/td>\n<\/tr>\n<tr class=\"row-922 even\">\n\t<td class=\"column-1\">ANICHE<\/td><td class=\"column-2\">RUE PATOUX<\/td><td class=\"column-3\">LA PHARMACIE DECROOS<\/td><td class=\"column-4\">NORD<\/td><td class=\"column-5\">2007<\/td><td class=\"column-6\"><a href=\"https:\/\/www.calendriers-artistiques.fr\/wp-content\/uploads\/calendriersmedia\/2007 (5).jpg\"><img loading=\"lazy\" src=\"https:\/\/www.calendriers-artistiques.fr\/wp-content\/uploads\/calendriersmedia\/vignette.jpg\" alt=\"\" width=\"33\" height=\"85\" class=\"alignnone size-full wp-image-24\" \/><\/a><\/td>\n<\/tr>\n<tr class=\"row-923 odd\">\n\t<td class=\"column-1\">ANZIN<\/td><td class=\"column-2\">RUE ANATOLE FRANCE<\/td><td class=\"column-3\">LA PHARMACIE DU MUSEE<\/td><td class=\"column-4\">NORD<\/td><td class=\"column-5\">2007<\/td><td class=\"column-6\"><a href=\"https:\/\/www.calendriers-artistiques.fr\/wp-content\/uploads\/calendriersmedia\/2007 (6).jpg\"><img loading=\"lazy\" src=\"https:\/\/www.calendriers-artistiques.fr\/wp-content\/uploads\/calendriersmedia\/vignette.jpg\" alt=\"\" width=\"33\" height=\"85\" class=\"alignnone size-full wp-image-24\" \/><\/a><\/td>\n<\/tr>\n<tr class=\"row-924 even\">\n\t<td class=\"column-1\">ANZIN-SAINT-AUBIN<\/td><td class=\"column-2\">RUE ROGER SALENGRO<\/td><td class=\"column-3\">LA PHARMACIE AERTS<\/td><td class=\"column-4\">PAS-DE-CALAIS<\/td><td class=\"column-5\">2007<\/td><td class=\"column-6\"><a href=\"https:\/\/www.calendriers-artistiques.fr\/wp-content\/uploads\/calendriersmedia\/2007 (7).jpg\"><img loading=\"lazy\" src=\"https:\/\/www.calendriers-artistiques.fr\/wp-content\/uploads\/calendriersmedia\/vignette.jpg\" alt=\"\" width=\"33\" height=\"85\" class=\"alignnone size-full wp-image-24\" \/><\/a><\/td>\n<\/tr>\n<tr class=\"row-925 odd\">\n\t<td class=\"column-1\">AUBERCHICOURT<\/td><td class=\"column-2\">ROUTE DE DOUAI<\/td><td class=\"column-3\">LA PHARMACIE VANHOYE<\/td><td class=\"column-4\">NORD<\/td><td class=\"column-5\">2007<\/td><td class=\"column-6\"><a href=\"https:\/\/www.calendriers-artistiques.fr\/wp-content\/uploads\/calendriersmedia\/2007 (8).jpg\"><img loading=\"lazy\" src=\"https:\/\/www.calendriers-artistiques.fr\/wp-content\/uploads\/calendriersmedia\/vignette.jpg\" alt=\"\" width=\"33\" height=\"85\" class=\"alignnone size-full wp-image-24\" \/><\/a><\/td>\n<\/tr>\n<tr class=\"row-926 even\">\n\t<td class=\"column-1\">AUBY<\/td><td class=\"column-2\">RUE FRANCISCO FERRER<\/td><td class=\"column-3\">LA PHARMACIE WATTELET-DELOFFRE<\/td><td class=\"column-4\">NORD<\/td><td class=\"column-5\">2007<\/td><td class=\"column-6\"><a href=\"https:\/\/www.calendriers-artistiques.fr\/wp-content\/uploads\/calendriersmedia\/2007 (9).jpg\"><img loading=\"lazy\" src=\"https:\/\/www.calendriers-artistiques.fr\/wp-content\/uploads\/calendriersmedia\/vignette.jpg\" alt=\"\" width=\"33\" height=\"85\" class=\"alignnone size-full wp-image-24\" \/><\/a><\/td>\n<\/tr>\n<tr class=\"row-927 odd\">\n\t<td class=\"column-1\">AVION<\/td><td class=\"column-2\">BOULEVARD GABRIEL PERI<\/td><td class=\"column-3\">LA PHARMACIE DU CENTRE<\/td><td class=\"column-4\">PAS-DE-CALAIS<\/td><td class=\"column-5\">2007<\/td><td class=\"column-6\"><a href=\"https:\/\/www.calendriers-artistiques.fr\/wp-content\/uploads\/calendriersmedia\/2007 (10).jpg\"><img loading=\"lazy\" src=\"https:\/\/www.calendriers-artistiques.fr\/wp-content\/uploads\/calendriersmedia\/vignette.jpg\" alt=\"\" width=\"33\" height=\"85\" class=\"alignnone size-full wp-image-24\" \/><\/a><\/td>\n<\/tr>\n<tr class=\"row-928 even\">\n\t<td class=\"column-1\">BAPAUME<\/td><td class=\"column-2\">RUE DE PERONNE<\/td><td class=\"column-3\">LA PHARMACIE CENTRALE<\/td><td class=\"column-4\">PAS-DE-CALAIS<\/td><td class=\"column-5\">2007<\/td><td class=\"column-6\"><a href=\"https:\/\/www.calendriers-artistiques.fr\/wp-content\/uploads\/calendriersmedia\/2007 (11).jpg\"><img loading=\"lazy\" src=\"https:\/\/www.calendriers-artistiques.fr\/wp-content\/uploads\/calendriersmedia\/vignette.jpg\" alt=\"\" width=\"33\" height=\"85\" class=\"alignnone size-full wp-image-24\" \/><\/a><\/td>\n<\/tr>\n<tr class=\"row-929 odd\">\n\t<td class=\"column-1\">BERSEE<\/td><td class=\"column-2\">RUE DU PAVE<\/td><td class=\"column-3\">LA PHARMACIE NOLF<\/td><td class=\"column-4\">NORD<\/td><td class=\"column-5\">2007<\/td><td class=\"column-6\"><a href=\"https:\/\/www.calendriers-artistiques.fr\/wp-content\/uploads\/calendriersmedia\/2007 (12).jpg\"><img loading=\"lazy\" src=\"https:\/\/www.calendriers-artistiques.fr\/wp-content\/uploads\/calendriersmedia\/vignette.jpg\" alt=\"\" width=\"33\" height=\"85\" class=\"alignnone size-full wp-image-24\" \/><\/a><\/td>\n<\/tr>\n<tr class=\"row-930 even\">\n\t<td class=\"column-1\">BOULOGNE-SUR-MER<\/td><td class=\"column-2\">PLACE GODEFROY DE BOUILLON<\/td><td class=\"column-3\">LA PHARMACIE DE L'H\u00c3\u0192\u00e2\u20ac\u009dTEL DE VILLE<\/td><td class=\"column-4\">PAS-DE-CALAIS<\/td><td class=\"column-5\">2007<\/td><td class=\"column-6\"><a href=\"https:\/\/www.calendriers-artistiques.fr\/wp-content\/uploads\/calendriersmedia\/2007 (13).jpg\"><img loading=\"lazy\" src=\"https:\/\/www.calendriers-artistiques.fr\/wp-content\/uploads\/calendriersmedia\/vignette.jpg\" alt=\"\" width=\"33\" height=\"85\" class=\"alignnone size-full wp-image-24\" \/><\/a><\/td>\n<\/tr>\n<tr class=\"row-931 odd\">\n\t<td class=\"column-1\">BOURBOURG<\/td><td class=\"column-2\">PLACE DU GENERAL DE GAULLE<\/td><td class=\"column-3\">LE MATERIEL MEDICAL BECART<\/td><td class=\"column-4\">NORD<\/td><td class=\"column-5\">2007<\/td><td class=\"column-6\"><a href=\"https:\/\/www.calendriers-artistiques.fr\/wp-content\/uploads\/calendriersmedia\/2007 (14).jpg\"><img loading=\"lazy\" src=\"https:\/\/www.calendriers-artistiques.fr\/wp-content\/uploads\/calendriersmedia\/vignette.jpg\" alt=\"\" width=\"33\" height=\"85\" class=\"alignnone size-full wp-image-24\" \/><\/a><\/td>\n<\/tr>\n<tr class=\"row-932 even\">\n\t<td class=\"column-1\">BOUSIES<\/td><td class=\"column-2\">RUE RENE RUELLE<\/td><td class=\"column-3\">LA PHARMACIERICHARD<\/td><td class=\"column-4\">NORD<\/td><td class=\"column-5\">2007<\/td><td class=\"column-6\"><a href=\"https:\/\/www.calendriers-artistiques.fr\/wp-content\/uploads\/calendriersmedia\/2007 (15).jpg\"><img loading=\"lazy\" src=\"https:\/\/www.calendriers-artistiques.fr\/wp-content\/uploads\/calendriersmedia\/vignette.jpg\" alt=\"\" width=\"33\" height=\"85\" class=\"alignnone size-full wp-image-24\" \/><\/a><\/td>\n<\/tr>\n<tr class=\"row-933 odd\">\n\t<td class=\"column-1\">CABOURG<\/td><td class=\"column-2\">AVENUE DE LA MER<\/td><td class=\"column-3\">LA PHARMACIE TORCHET- AUGER<\/td><td class=\"column-4\">CALVADOS<\/td><td class=\"column-5\">2007<\/td><td class=\"column-6\"><a href=\"https:\/\/www.calendriers-artistiques.fr\/wp-content\/uploads\/calendriersmedia\/2007 (16).jpg\"><img loading=\"lazy\" src=\"https:\/\/www.calendriers-artistiques.fr\/wp-content\/uploads\/calendriersmedia\/vignette.jpg\" alt=\"\" width=\"33\" height=\"85\" class=\"alignnone size-full wp-image-24\" \/><\/a><\/td>\n<\/tr>\n<tr class=\"row-934 even\">\n\t<td class=\"column-1\">CALAIS<\/td><td class=\"column-2\">AVENUE LOUIS BLERIOT<\/td><td class=\"column-3\">LA PHARMACIE BRIANE-RAMON<\/td><td class=\"column-4\">PAS-DE-CALAIS<\/td><td class=\"column-5\">2007<\/td><td class=\"column-6\"><a href=\"https:\/\/www.calendriers-artistiques.fr\/wp-content\/uploads\/calendriersmedia\/2007 (17).jpg\"><img loading=\"lazy\" src=\"https:\/\/www.calendriers-artistiques.fr\/wp-content\/uploads\/calendriersmedia\/vignette.jpg\" alt=\"\" width=\"33\" height=\"85\" class=\"alignnone size-full wp-image-24\" \/><\/a><\/td>\n<\/tr>\n<tr class=\"row-935 odd\">\n\t<td class=\"column-1\">CALAIS<\/td><td class=\"column-2\">BOULEVARD JACQUARD<\/td><td class=\"column-3\">LA PHARMACIE JACQUARD<\/td><td class=\"column-4\">PAS-DE-CALAIS<\/td><td class=\"column-5\">2007<\/td><td class=\"column-6\"><a href=\"https:\/\/www.calendriers-artistiques.fr\/wp-content\/uploads\/calendriersmedia\/2007 (18).jpg\"><img loading=\"lazy\" src=\"https:\/\/www.calendriers-artistiques.fr\/wp-content\/uploads\/calendriersmedia\/vignette.jpg\" alt=\"\" width=\"33\" height=\"85\" class=\"alignnone size-full wp-image-24\" \/><\/a><\/td>\n<\/tr>\n<tr class=\"row-936 even\">\n\t<td class=\"column-1\">CALAIS<\/td><td class=\"column-2\">RUE ROYALE<\/td><td class=\"column-3\">LA PHARMACIE ROYALE<\/td><td class=\"column-4\">PAS-DE-CALAIS<\/td><td class=\"column-5\">2007<\/td><td class=\"column-6\"><a href=\"https:\/\/www.calendriers-artistiques.fr\/wp-content\/uploads\/calendriersmedia\/2007 (19).jpg\"><img loading=\"lazy\" src=\"https:\/\/www.calendriers-artistiques.fr\/wp-content\/uploads\/calendriersmedia\/vignette.jpg\" alt=\"\" width=\"33\" height=\"85\" class=\"alignnone size-full wp-image-24\" \/><\/a><\/td>\n<\/tr>\n<tr class=\"row-937 odd\">\n\t<td class=\"column-1\">CARTIGNIES<\/td><td class=\"column-2\">GRAND'PLACE<\/td><td class=\"column-3\">LA PHARMACIE CARETTE<\/td><td class=\"column-4\">NORD<\/td><td class=\"column-5\">2007<\/td><td class=\"column-6\"><a href=\"https:\/\/www.calendriers-artistiques.fr\/wp-content\/uploads\/calendriersmedia\/2007 (20).jpg\"><img loading=\"lazy\" src=\"https:\/\/www.calendriers-artistiques.fr\/wp-content\/uploads\/calendriersmedia\/vignette.jpg\" alt=\"\" width=\"33\" height=\"85\" class=\"alignnone size-full wp-image-24\" \/><\/a><\/td>\n<\/tr>\n<tr class=\"row-938 even\">\n\t<td class=\"column-1\">CH\u00c3\u0192\u00e2\u20ac\u0161LONS-EN-CHAMPAGNE<\/td><td class=\"column-2\">RUE DE LA MARNE<\/td><td class=\"column-3\">LA PHARMACIE DE LA MARNE<\/td><td class=\"column-4\">MARNE<\/td><td class=\"column-5\">2007<\/td><td class=\"column-6\"><a href=\"https:\/\/www.calendriers-artistiques.fr\/wp-content\/uploads\/calendriersmedia\/2007 (21).jpg\"><img loading=\"lazy\" src=\"https:\/\/www.calendriers-artistiques.fr\/wp-content\/uploads\/calendriersmedia\/vignette.jpg\" alt=\"\" width=\"33\" height=\"85\" class=\"alignnone size-full wp-image-24\" \/><\/a><\/td>\n<\/tr>\n<tr class=\"row-939 odd\">\n\t<td class=\"column-1\">CHARLEVILLE-MEZIERES<\/td><td class=\"column-2\">AVENUE D'ARCHES<\/td><td class=\"column-3\">LA PHARMACIE ROUSSEL<\/td><td class=\"column-4\">ARDENNES<\/td><td class=\"column-5\">2007<\/td><td class=\"column-6\"><a href=\"https:\/\/www.calendriers-artistiques.fr\/wp-content\/uploads\/calendriersmedia\/2007 (22).jpg\"><img loading=\"lazy\" src=\"https:\/\/www.calendriers-artistiques.fr\/wp-content\/uploads\/calendriersmedia\/vignette.jpg\" alt=\"\" width=\"33\" height=\"85\" class=\"alignnone size-full wp-image-24\" \/><\/a><\/td>\n<\/tr>\n<tr class=\"row-940 even\">\n\t<td class=\"column-1\">CHOQUES<\/td><td class=\"column-2\">RUE PRINCIPALE<\/td><td class=\"column-3\">LA PHARMACIE TRANCOEN<\/td><td class=\"column-4\">PAS-DE-CALAIS<\/td><td class=\"column-5\">2007<\/td><td class=\"column-6\"><a href=\"https:\/\/www.calendriers-artistiques.fr\/wp-content\/uploads\/calendriersmedia\/2007 (23).jpg\"><img loading=\"lazy\" src=\"https:\/\/www.calendriers-artistiques.fr\/wp-content\/uploads\/calendriersmedia\/vignette.jpg\" alt=\"\" width=\"33\" height=\"85\" class=\"alignnone size-full wp-image-24\" \/><\/a><\/td>\n<\/tr>\n<tr class=\"row-941 odd\">\n\t<td class=\"column-1\">COUDEKERQUE-BRANCHE<\/td><td class=\"column-2\">RUE PASTEUR<\/td><td class=\"column-3\">LA PHARMACIE BENARD<\/td><td class=\"column-4\">NORD<\/td><td class=\"column-5\">2007<\/td><td class=\"column-6\"><a href=\"https:\/\/www.calendriers-artistiques.fr\/wp-content\/uploads\/calendriersmedia\/2007 (24).jpg\"><img loading=\"lazy\" src=\"https:\/\/www.calendriers-artistiques.fr\/wp-content\/uploads\/calendriersmedia\/vignette.jpg\" alt=\"\" width=\"33\" height=\"85\" class=\"alignnone size-full wp-image-24\" \/><\/a><\/td>\n<\/tr>\n<tr class=\"row-942 even\">\n\t<td class=\"column-1\">COUDEKERQUE-BRANCHE<\/td><td class=\"column-2\">PLACE ROGER SALENGRO<\/td><td class=\"column-3\">LA PHARMACIE DIAS-RAGONS<\/td><td class=\"column-4\">NORD<\/td><td class=\"column-5\">2007<\/td><td class=\"column-6\"><a href=\"https:\/\/www.calendriers-artistiques.fr\/wp-content\/uploads\/calendriersmedia\/2007 (25).jpg\"><img loading=\"lazy\" src=\"https:\/\/www.calendriers-artistiques.fr\/wp-content\/uploads\/calendriersmedia\/vignette.jpg\" alt=\"\" width=\"33\" height=\"85\" class=\"alignnone size-full wp-image-24\" \/><\/a><\/td>\n<\/tr>\n<tr class=\"row-943 odd\">\n\t<td class=\"column-1\">DEVILLE<\/td><td class=\"column-2\">GRAND'RUE<\/td><td class=\"column-3\">LA PHARMACIE CHARDARD<\/td><td class=\"column-4\">ARDENNES<\/td><td class=\"column-5\">2007<\/td><td class=\"column-6\"><a href=\"https:\/\/www.calendriers-artistiques.fr\/wp-content\/uploads\/calendriersmedia\/2007 (26).jpg\"><img loading=\"lazy\" src=\"https:\/\/www.calendriers-artistiques.fr\/wp-content\/uploads\/calendriersmedia\/vignette.jpg\" alt=\"\" width=\"33\" height=\"85\" class=\"alignnone size-full wp-image-24\" \/><\/a><\/td>\n<\/tr>\n<tr class=\"row-944 even\">\n\t<td class=\"column-1\">DOURGES<\/td><td class=\"column-2\">RUE DE LA LIBERTE<\/td><td class=\"column-3\">LA PHARMACIE CAUCHE-DUPUICH<\/td><td class=\"column-4\">PAS-DE-CALAIS<\/td><td class=\"column-5\">2007<\/td><td class=\"column-6\"><a href=\"https:\/\/www.calendriers-artistiques.fr\/wp-content\/uploads\/calendriersmedia\/2007 (27).jpg\"><img loading=\"lazy\" src=\"https:\/\/www.calendriers-artistiques.fr\/wp-content\/uploads\/calendriersmedia\/vignette.jpg\" alt=\"\" width=\"33\" height=\"85\" class=\"alignnone size-full wp-image-24\" \/><\/a><\/td>\n<\/tr>\n<tr class=\"row-945 odd\">\n\t<td class=\"column-1\">DUNKERQUE<\/td><td class=\"column-2\">AVENUE DES BAINS<\/td><td class=\"column-3\">LA PHARMACIE DES BAINS<\/td><td class=\"column-4\">NORD<\/td><td class=\"column-5\">2007<\/td><td class=\"column-6\"><a href=\"https:\/\/www.calendriers-artistiques.fr\/wp-content\/uploads\/calendriersmedia\/2007 (28).jpg\"><img loading=\"lazy\" src=\"https:\/\/www.calendriers-artistiques.fr\/wp-content\/uploads\/calendriersmedia\/vignette.jpg\" alt=\"\" width=\"33\" height=\"85\" class=\"alignnone size-full wp-image-24\" \/><\/a><\/td>\n<\/tr>\n<tr class=\"row-946 even\">\n\t<td class=\"column-1\">ENGLEFONTAINE<\/td><td class=\"column-2\">PLACE EUGENE THOMAS<\/td><td class=\"column-3\">LA PHARMACIE FOVEZ<\/td><td class=\"column-4\">NORD<\/td><td class=\"column-5\">2007<\/td><td class=\"column-6\"><a href=\"https:\/\/www.calendriers-artistiques.fr\/wp-content\/uploads\/calendriersmedia\/2007 (29).jpg\"><img loading=\"lazy\" src=\"https:\/\/www.calendriers-artistiques.fr\/wp-content\/uploads\/calendriersmedia\/vignette.jpg\" alt=\"\" width=\"33\" height=\"85\" class=\"alignnone size-full wp-image-24\" \/><\/a><\/td>\n<\/tr>\n<tr class=\"row-947 odd\">\n\t<td class=\"column-1\">ESQUELBECQ<\/td><td class=\"column-2\">PLACE BERGEROT<\/td><td class=\"column-3\">LA PHARMACIE VALOIS<\/td><td class=\"column-4\">NORD<\/td><td class=\"column-5\">2007<\/td><td class=\"column-6\"><a href=\"https:\/\/www.calendriers-artistiques.fr\/wp-content\/uploads\/calendriersmedia\/2007 (30).jpg\"><img loading=\"lazy\" src=\"https:\/\/www.calendriers-artistiques.fr\/wp-content\/uploads\/calendriersmedia\/vignette.jpg\" alt=\"\" width=\"33\" height=\"85\" class=\"alignnone size-full wp-image-24\" \/><\/a><\/td>\n<\/tr>\n<tr class=\"row-948 even\">\n\t<td class=\"column-1\">FEIGNIES<\/td><td class=\"column-2\">RUE DE LA REPUBLIQUE<\/td><td class=\"column-3\">LA PHARMACIE GEURTJENS<\/td><td class=\"column-4\">NORD<\/td><td class=\"column-5\">2007<\/td><td class=\"column-6\"><a href=\"https:\/\/www.calendriers-artistiques.fr\/wp-content\/uploads\/calendriersmedia\/2007 (31).jpg\"><img loading=\"lazy\" src=\"https:\/\/www.calendriers-artistiques.fr\/wp-content\/uploads\/calendriersmedia\/vignette.jpg\" alt=\"\" width=\"33\" height=\"85\" class=\"alignnone size-full wp-image-24\" \/><\/a><\/td>\n<\/tr>\n<tr class=\"row-949 odd\">\n\t<td class=\"column-1\">FORCALQUEIRET<\/td><td class=\"column-2\">AVENUE DE LA LIBERATION<\/td><td class=\"column-3\">LA PHARMACIE CAYRE<\/td><td class=\"column-4\">VAR<\/td><td class=\"column-5\">2007<\/td><td class=\"column-6\"><a href=\"https:\/\/www.calendriers-artistiques.fr\/wp-content\/uploads\/calendriersmedia\/2007 (32).jpg\"><img loading=\"lazy\" src=\"https:\/\/www.calendriers-artistiques.fr\/wp-content\/uploads\/calendriersmedia\/vignette.jpg\" alt=\"\" width=\"33\" height=\"85\" class=\"alignnone size-full wp-image-24\" \/><\/a><\/td>\n<\/tr>\n<tr class=\"row-950 even\">\n\t<td class=\"column-1\">FUMAY<\/td><td class=\"column-2\">PLACE ARISTIDE BRIAND<\/td><td class=\"column-3\">LA PHARMACIE CENTRALE<\/td><td class=\"column-4\">ARDENNES<\/td><td class=\"column-5\">2007<\/td><td class=\"column-6\"><a href=\"https:\/\/www.calendriers-artistiques.fr\/wp-content\/uploads\/calendriersmedia\/2007 (33).jpg\"><img loading=\"lazy\" src=\"https:\/\/www.calendriers-artistiques.fr\/wp-content\/uploads\/calendriersmedia\/vignette.jpg\" alt=\"\" width=\"33\" height=\"85\" class=\"alignnone size-full wp-image-24\" \/><\/a><\/td>\n<\/tr>\n<tr class=\"row-951 odd\">\n\t<td class=\"column-1\">GRANDE-SYNTHE<\/td><td class=\"column-2\">RUE SALVATORE ALLENDE<\/td><td class=\"column-3\">LA PHARMACIE LEGRAND<\/td><td class=\"column-4\">NORD<\/td><td class=\"column-5\">2007<\/td><td class=\"column-6\"><a href=\"https:\/\/www.calendriers-artistiques.fr\/wp-content\/uploads\/calendriersmedia\/2007 (34).jpg\"><img loading=\"lazy\" src=\"https:\/\/www.calendriers-artistiques.fr\/wp-content\/uploads\/calendriersmedia\/vignette.jpg\" alt=\"\" width=\"33\" height=\"85\" class=\"alignnone size-full wp-image-24\" \/><\/a><\/td>\n<\/tr>\n<tr class=\"row-952 even\">\n\t<td class=\"column-1\">HARNES<\/td><td class=\"column-2\">RUE DES FUSILLES<\/td><td class=\"column-3\">LA PHARMACIE SAINT-ROCH<\/td><td class=\"column-4\">PAS-DE-CALAIS<\/td><td class=\"column-5\">2007<\/td><td class=\"column-6\"><a href=\"https:\/\/www.calendriers-artistiques.fr\/wp-content\/uploads\/calendriersmedia\/2007 (35).jpg\"><img loading=\"lazy\" src=\"https:\/\/www.calendriers-artistiques.fr\/wp-content\/uploads\/calendriersmedia\/vignette.jpg\" alt=\"\" width=\"33\" height=\"85\" class=\"alignnone size-full wp-image-24\" \/><\/a><\/td>\n<\/tr>\n<tr class=\"row-953 odd\">\n\t<td class=\"column-1\">HAULCHIN<\/td><td class=\"column-2\">ROUTE NATIONALE<\/td><td class=\"column-3\">LA PHARMACIE GIERS<\/td><td class=\"column-4\">NORD<\/td><td class=\"column-5\">2007<\/td><td class=\"column-6\"><a href=\"https:\/\/www.calendriers-artistiques.fr\/wp-content\/uploads\/calendriersmedia\/2007 (36).jpg\"><img loading=\"lazy\" src=\"https:\/\/www.calendriers-artistiques.fr\/wp-content\/uploads\/calendriersmedia\/vignette.jpg\" alt=\"\" width=\"33\" height=\"85\" class=\"alignnone size-full wp-image-24\" \/><\/a><\/td>\n<\/tr>\n<tr class=\"row-954 even\">\n\t<td class=\"column-1\">HAYBES<\/td><td class=\"column-2\">RUE DU RIVAGE<\/td><td class=\"column-3\">LA PHARMACIE DE LA MEUSE<\/td><td class=\"column-4\">ARDENNES<\/td><td class=\"column-5\">2007<\/td><td class=\"column-6\"><a href=\"https:\/\/www.calendriers-artistiques.fr\/wp-content\/uploads\/calendriersmedia\/2007 (37).jpg\"><img loading=\"lazy\" src=\"https:\/\/www.calendriers-artistiques.fr\/wp-content\/uploads\/calendriersmedia\/vignette.jpg\" alt=\"\" width=\"33\" height=\"85\" class=\"alignnone size-full wp-image-24\" \/><\/a><\/td>\n<\/tr>\n<tr class=\"row-955 odd\">\n\t<td class=\"column-1\">HENIN BEAUMONT<\/td><td class=\"column-2\">BOULEVARD SCHWEITZER<\/td><td class=\"column-3\">LA BOUTIQUE DU MATERIEL MEDICAL<\/td><td class=\"column-4\">PAS-DE-CALAIS<\/td><td class=\"column-5\">2007<\/td><td class=\"column-6\"><a href=\"https:\/\/www.calendriers-artistiques.fr\/wp-content\/uploads\/calendriersmedia\/2007 (38).jpg\"><img loading=\"lazy\" src=\"https:\/\/www.calendriers-artistiques.fr\/wp-content\/uploads\/calendriersmedia\/vignette.jpg\" alt=\"\" width=\"33\" height=\"85\" class=\"alignnone size-full wp-image-24\" \/><\/a><\/td>\n<\/tr>\n<tr class=\"row-956 even\">\n\t<td class=\"column-1\">HENIN-BEAUMONT<\/td><td class=\"column-2\">PLACE JEAN JAURES<\/td><td class=\"column-3\">LA PHARMACIE POLLET-GRODEE<\/td><td class=\"column-4\">PAS-DE-CALAIS<\/td><td class=\"column-5\">2007<\/td><td class=\"column-6\"><a href=\"https:\/\/www.calendriers-artistiques.fr\/wp-content\/uploads\/calendriersmedia\/2007 (39).jpg\"><img loading=\"lazy\" src=\"https:\/\/www.calendriers-artistiques.fr\/wp-content\/uploads\/calendriersmedia\/vignette.jpg\" alt=\"\" width=\"33\" height=\"85\" class=\"alignnone size-full wp-image-24\" \/><\/a><\/td>\n<\/tr>\n<tr class=\"row-957 odd\">\n\t<td class=\"column-1\">HOUPLINES<\/td><td class=\"column-2\">RUE VICTOR HUGO<\/td><td class=\"column-3\">LA PHARMACIE DE LA LYS<\/td><td class=\"column-4\">NORD<\/td><td class=\"column-5\">2007<\/td><td class=\"column-6\"><a href=\"https:\/\/www.calendriers-artistiques.fr\/wp-content\/uploads\/calendriersmedia\/2007 (40).jpg\"><img loading=\"lazy\" src=\"https:\/\/www.calendriers-artistiques.fr\/wp-content\/uploads\/calendriersmedia\/vignette.jpg\" alt=\"\" width=\"33\" height=\"85\" class=\"alignnone size-full wp-image-24\" \/><\/a><\/td>\n<\/tr>\n<tr class=\"row-958 even\">\n\t<td class=\"column-1\">ISBERGUES<\/td><td class=\"column-2\">RUE ROGER SALENGRO<\/td><td class=\"column-3\">LA PHARMACIE DES ACIERIES<\/td><td class=\"column-4\">PAS-DE-CALAIS<\/td><td class=\"column-5\">2007<\/td><td class=\"column-6\"><a href=\"https:\/\/www.calendriers-artistiques.fr\/wp-content\/uploads\/calendriersmedia\/2007 (41).jpg\"><img loading=\"lazy\" src=\"https:\/\/www.calendriers-artistiques.fr\/wp-content\/uploads\/calendriersmedia\/vignette.jpg\" alt=\"\" width=\"33\" height=\"85\" class=\"alignnone size-full wp-image-24\" \/><\/a><\/td>\n<\/tr>\n<tr class=\"row-959 odd\">\n\t<td class=\"column-1\">LA CRAU<\/td><td class=\"column-2\">AVENUE DU LIEUTENANT JEAN TOUCAS<\/td><td class=\"column-3\">LA PHARMACIE DE L'AVENUE<\/td><td class=\"column-4\">VAR<\/td><td class=\"column-5\">2007<\/td><td class=\"column-6\"><a href=\"https:\/\/www.calendriers-artistiques.fr\/wp-content\/uploads\/calendriersmedia\/2007 (42).jpg\"><img loading=\"lazy\" src=\"https:\/\/www.calendriers-artistiques.fr\/wp-content\/uploads\/calendriersmedia\/vignette.jpg\" alt=\"\" width=\"33\" height=\"85\" class=\"alignnone size-full wp-image-24\" \/><\/a><\/td>\n<\/tr>\n<tr class=\"row-960 even\">\n\t<td class=\"column-1\">LA GORGUE<\/td><td class=\"column-2\">RUE DU GENERAL DE GAULLE<\/td><td class=\"column-3\">LA PHARMACIE LOOK<\/td><td class=\"column-4\">NORD<\/td><td class=\"column-5\">2007<\/td><td class=\"column-6\"><a href=\"https:\/\/www.calendriers-artistiques.fr\/wp-content\/uploads\/calendriersmedia\/2007 (43).jpg\"><img loading=\"lazy\" src=\"https:\/\/www.calendriers-artistiques.fr\/wp-content\/uploads\/calendriersmedia\/vignette.jpg\" alt=\"\" width=\"33\" height=\"85\" class=\"alignnone size-full wp-image-24\" \/><\/a><\/td>\n<\/tr>\n<tr class=\"row-961 odd\">\n\t<td class=\"column-1\">LANDRECIES<\/td><td class=\"column-2\">RUE PAUL DELOFFRE<\/td><td class=\"column-3\">LA PHARMACIE GIBAUD<\/td><td class=\"column-4\">NORD<\/td><td class=\"column-5\">2007<\/td><td class=\"column-6\"><a href=\"https:\/\/www.calendriers-artistiques.fr\/wp-content\/uploads\/calendriersmedia\/2007 (44).jpg\"><img loading=\"lazy\" src=\"https:\/\/www.calendriers-artistiques.fr\/wp-content\/uploads\/calendriersmedia\/vignette.jpg\" alt=\"\" width=\"33\" height=\"85\" class=\"alignnone size-full wp-image-24\" \/><\/a><\/td>\n<\/tr>\n<tr class=\"row-962 even\">\n\t<td class=\"column-1\">LAPUGNOY<\/td><td class=\"column-2\">RUE JEAN JAURES<\/td><td class=\"column-3\">LA PHARMACIE DE LA CLARENCE<\/td><td class=\"column-4\">PAS-DE-CALAIS<\/td><td class=\"column-5\">2007<\/td><td class=\"column-6\"><a href=\"https:\/\/www.calendriers-artistiques.fr\/wp-content\/uploads\/calendriersmedia\/2007 (45).jpg\"><img loading=\"lazy\" src=\"https:\/\/www.calendriers-artistiques.fr\/wp-content\/uploads\/calendriersmedia\/vignette.jpg\" alt=\"\" width=\"33\" height=\"85\" class=\"alignnone size-full wp-image-24\" \/><\/a><\/td>\n<\/tr>\n<tr class=\"row-963 odd\">\n\t<td class=\"column-1\">LAVENTIE<\/td><td class=\"column-2\">RUE ROBERT PARFAIT<\/td><td class=\"column-3\">LA PHARMACIE CHAVATTE<\/td><td class=\"column-4\">PAS-DE-CALAIS<\/td><td class=\"column-5\">2007<\/td><td class=\"column-6\"><a href=\"https:\/\/www.calendriers-artistiques.fr\/wp-content\/uploads\/calendriersmedia\/2007 (46).jpg\"><img loading=\"lazy\" src=\"https:\/\/www.calendriers-artistiques.fr\/wp-content\/uploads\/calendriersmedia\/vignette.jpg\" alt=\"\" width=\"33\" height=\"85\" class=\"alignnone size-full wp-image-24\" \/><\/a><\/td>\n<\/tr>\n<tr class=\"row-964 even\">\n\t<td class=\"column-1\">LEFOREST<\/td><td class=\"column-2\">RUE LAZARE CARNOT<\/td><td class=\"column-3\">LA PHARMACIE DELATTRE<\/td><td class=\"column-4\">PAS-DE-CALAIS<\/td><td class=\"column-5\">2007<\/td><td class=\"column-6\"><a href=\"https:\/\/www.calendriers-artistiques.fr\/wp-content\/uploads\/calendriersmedia\/2007 (47).jpg\"><img loading=\"lazy\" src=\"https:\/\/www.calendriers-artistiques.fr\/wp-content\/uploads\/calendriersmedia\/vignette.jpg\" alt=\"\" width=\"33\" height=\"85\" class=\"alignnone size-full wp-image-24\" \/><\/a><\/td>\n<\/tr>\n<tr class=\"row-965 odd\">\n\t<td class=\"column-1\">LENS<\/td><td class=\"column-2\">RUE RENE  LANOY<\/td><td class=\"column-3\">LA PHARMACIE DU QUENTIN<\/td><td class=\"column-4\">PAS-DE-CALAIS<\/td><td class=\"column-5\">2007<\/td><td class=\"column-6\"><a href=\"https:\/\/www.calendriers-artistiques.fr\/wp-content\/uploads\/calendriersmedia\/2007 (48).jpg\"><img loading=\"lazy\" src=\"https:\/\/www.calendriers-artistiques.fr\/wp-content\/uploads\/calendriersmedia\/vignette.jpg\" alt=\"\" width=\"33\" height=\"85\" class=\"alignnone size-full wp-image-24\" \/><\/a><\/td>\n<\/tr>\n<tr class=\"row-966 even\">\n\t<td class=\"column-1\">LENS<\/td><td class=\"column-2\">RUE DE LA PAIX<\/td><td class=\"column-3\">LA PHARMACIE PRINCIPALE<\/td><td class=\"column-4\">PAS-DE-CALAIS<\/td><td class=\"column-5\">2007<\/td><td class=\"column-6\"><a href=\"https:\/\/www.calendriers-artistiques.fr\/wp-content\/uploads\/calendriersmedia\/2007 (49).jpg\"><img loading=\"lazy\" src=\"https:\/\/www.calendriers-artistiques.fr\/wp-content\/uploads\/calendriersmedia\/vignette.jpg\" alt=\"\" width=\"33\" height=\"85\" class=\"alignnone size-full wp-image-24\" \/><\/a><\/td>\n<\/tr>\n<tr class=\"row-967 odd\">\n\t<td class=\"column-1\">LESQUIN<\/td><td class=\"column-2\">ROUTE DE DOUAI<\/td><td class=\"column-3\">LA BOUTIQUE DU MATERIEL MEDICAL<\/td><td class=\"column-4\">NORD<\/td><td class=\"column-5\">2007<\/td><td class=\"column-6\"><a href=\"https:\/\/www.calendriers-artistiques.fr\/wp-content\/uploads\/calendriersmedia\/2007 (50).jpg\"><img loading=\"lazy\" src=\"https:\/\/www.calendriers-artistiques.fr\/wp-content\/uploads\/calendriersmedia\/vignette.jpg\" alt=\"\" width=\"33\" height=\"85\" class=\"alignnone size-full wp-image-24\" \/><\/a><\/td>\n<\/tr>\n<tr class=\"row-968 even\">\n\t<td class=\"column-1\">LIBERCOURT<\/td><td class=\"column-2\">PLACE LEON BLUM<\/td><td class=\"column-3\">LA BOUTIQUE DU MATERIEL MEDICAL<\/td><td class=\"column-4\">PAS-DE-CALAIS<\/td><td class=\"column-5\">2007<\/td><td class=\"column-6\"><a href=\"https:\/\/www.calendriers-artistiques.fr\/wp-content\/uploads\/calendriersmedia\/2007 (51).jpg\"><img loading=\"lazy\" src=\"https:\/\/www.calendriers-artistiques.fr\/wp-content\/uploads\/calendriersmedia\/vignette.jpg\" alt=\"\" width=\"33\" height=\"85\" class=\"alignnone size-full wp-image-24\" \/><\/a><\/td>\n<\/tr>\n<tr class=\"row-969 odd\">\n\t<td class=\"column-1\">LIEVIN<\/td><td class=\"column-2\">RUE JEAN-BAPTISTE DEFERNEZ<\/td><td class=\"column-3\">LA PHARMACIE DEMARQUILLY<\/td><td class=\"column-4\">PAS-DE-CALAIS<\/td><td class=\"column-5\">2007<\/td><td class=\"column-6\"><a href=\"https:\/\/www.calendriers-artistiques.fr\/wp-content\/uploads\/calendriersmedia\/2007 (52).jpg\"><img loading=\"lazy\" src=\"https:\/\/www.calendriers-artistiques.fr\/wp-content\/uploads\/calendriersmedia\/vignette.jpg\" alt=\"\" width=\"33\" height=\"85\" class=\"alignnone size-full wp-image-24\" \/><\/a><\/td>\n<\/tr>\n<tr class=\"row-970 even\">\n\t<td class=\"column-1\">LIEVIN<\/td><td class=\"column-2\">RUE DELEBECQUE<\/td><td class=\"column-3\">LA PHARMACIE DE LA PLAINE<\/td><td class=\"column-4\">PAS-DE-CALAIS<\/td><td class=\"column-5\">2007<\/td><td class=\"column-6\"><a href=\"https:\/\/www.calendriers-artistiques.fr\/wp-content\/uploads\/calendriersmedia\/2007 (53).jpg\"><img loading=\"lazy\" src=\"https:\/\/www.calendriers-artistiques.fr\/wp-content\/uploads\/calendriersmedia\/vignette.jpg\" alt=\"\" width=\"33\" height=\"85\" class=\"alignnone size-full wp-image-24\" \/><\/a><\/td>\n<\/tr>\n<tr class=\"row-971 odd\">\n\t<td class=\"column-1\">LIEVIN<\/td><td class=\"column-2\">AVENUE JEAN JAURES<\/td><td class=\"column-3\">LA PHARMACIE DE RIAUMONT<\/td><td class=\"column-4\">PAS-DE-CALAIS<\/td><td class=\"column-5\">2007<\/td><td class=\"column-6\"><a href=\"https:\/\/www.calendriers-artistiques.fr\/wp-content\/uploads\/calendriersmedia\/2007 (54).jpg\"><img loading=\"lazy\" src=\"https:\/\/www.calendriers-artistiques.fr\/wp-content\/uploads\/calendriersmedia\/vignette.jpg\" alt=\"\" width=\"33\" height=\"85\" class=\"alignnone size-full wp-image-24\" \/><\/a><\/td>\n<\/tr>\n<tr class=\"row-972 even\">\n\t<td class=\"column-1\">LILLE<\/td><td class=\"column-2\">RUE DE SAINT QUENTIN<\/td><td class=\"column-3\">CONSEILS ET AUDITEURS ASSOCIES<\/td><td class=\"column-4\">NORD<\/td><td class=\"column-5\">2007<\/td><td class=\"column-6\"><a href=\"https:\/\/www.calendriers-artistiques.fr\/wp-content\/uploads\/calendriersmedia\/2007 (55).jpg\"><img loading=\"lazy\" src=\"https:\/\/www.calendriers-artistiques.fr\/wp-content\/uploads\/calendriersmedia\/vignette.jpg\" alt=\"\" width=\"33\" height=\"85\" class=\"alignnone size-full wp-image-24\" \/><\/a><\/td>\n<\/tr>\n<tr class=\"row-973 odd\">\n\t<td class=\"column-1\">LILLE<\/td><td class=\"column-2\">PLACE VANHOENACKER<\/td><td class=\"column-3\">LA PHARMACIE FLAMANDE<\/td><td class=\"column-4\">NORD<\/td><td class=\"column-5\">2007<\/td><td class=\"column-6\"><a href=\"https:\/\/www.calendriers-artistiques.fr\/wp-content\/uploads\/calendriersmedia\/2007 (56).jpg\"><img loading=\"lazy\" src=\"https:\/\/www.calendriers-artistiques.fr\/wp-content\/uploads\/calendriersmedia\/vignette.jpg\" alt=\"\" width=\"33\" height=\"85\" class=\"alignnone size-full wp-image-24\" \/><\/a><\/td>\n<\/tr>\n<tr class=\"row-974 even\">\n\t<td class=\"column-1\">LILLE<\/td><td class=\"column-2\">RUE DE LANNOY<\/td><td class=\"column-3\">LA PHARMACIE REYDET-GRUSON<\/td><td class=\"column-4\">NORD<\/td><td class=\"column-5\">2007<\/td><td class=\"column-6\"><a href=\"https:\/\/www.calendriers-artistiques.fr\/wp-content\/uploads\/calendriersmedia\/2007 (57).jpg\"><img loading=\"lazy\" src=\"https:\/\/www.calendriers-artistiques.fr\/wp-content\/uploads\/calendriersmedia\/vignette.jpg\" alt=\"\" width=\"33\" height=\"85\" class=\"alignnone size-full wp-image-24\" \/><\/a><\/td>\n<\/tr>\n<tr class=\"row-975 odd\">\n\t<td class=\"column-1\">LILLE<\/td><td class=\"column-2\">BOULEVARD DE BELFORT<\/td><td class=\"column-3\">LA PHARMACIE DU SUD<\/td><td class=\"column-4\">NORD<\/td><td class=\"column-5\">2007<\/td><td class=\"column-6\"><a href=\"https:\/\/www.calendriers-artistiques.fr\/wp-content\/uploads\/calendriersmedia\/2007 (58).jpg\"><img loading=\"lazy\" src=\"https:\/\/www.calendriers-artistiques.fr\/wp-content\/uploads\/calendriersmedia\/vignette.jpg\" alt=\"\" width=\"33\" height=\"85\" class=\"alignnone size-full wp-image-24\" \/><\/a><\/td>\n<\/tr>\n<tr class=\"row-976 even\">\n\t<td class=\"column-1\">LOON-PLACE<\/td><td class=\"column-2\">RUE GEORGES POMPIDOU<\/td><td class=\"column-3\">LA PHARMACIE DECROOCQ<\/td><td class=\"column-4\">NORD<\/td><td class=\"column-5\">2007<\/td><td class=\"column-6\"><a href=\"https:\/\/www.calendriers-artistiques.fr\/wp-content\/uploads\/calendriersmedia\/2007 (59).jpg\"><img loading=\"lazy\" src=\"https:\/\/www.calendriers-artistiques.fr\/wp-content\/uploads\/calendriersmedia\/vignette.jpg\" alt=\"\" width=\"33\" height=\"85\" class=\"alignnone size-full wp-image-24\" \/><\/a><\/td>\n<\/tr>\n<tr class=\"row-977 odd\">\n\t<td class=\"column-1\">MONS-EN-BAROEUL<\/td><td class=\"column-2\">PLACE DE LA REPUBLIQUE<\/td><td class=\"column-3\">LA PHARMACIE TALAGA-SART<\/td><td class=\"column-4\">NORD<\/td><td class=\"column-5\">2007<\/td><td class=\"column-6\"><a href=\"https:\/\/www.calendriers-artistiques.fr\/wp-content\/uploads\/calendriersmedia\/2007 (60).jpg\"><img loading=\"lazy\" src=\"https:\/\/www.calendriers-artistiques.fr\/wp-content\/uploads\/calendriersmedia\/vignette.jpg\" alt=\"\" width=\"33\" height=\"85\" class=\"alignnone size-full wp-image-24\" \/><\/a><\/td>\n<\/tr>\n<tr class=\"row-978 even\">\n\t<td class=\"column-1\">MOUVAUX<\/td><td class=\"column-2\">RUE DE LILLE<\/td><td class=\"column-3\">LA PHARMACIE DELCOUR-BUYSSE<\/td><td class=\"column-4\">NORD<\/td><td class=\"column-5\">2007<\/td><td class=\"column-6\"><a href=\"https:\/\/www.calendriers-artistiques.fr\/wp-content\/uploads\/calendriersmedia\/2007 (61).jpg\"><img loading=\"lazy\" src=\"https:\/\/www.calendriers-artistiques.fr\/wp-content\/uploads\/calendriersmedia\/vignette.jpg\" alt=\"\" width=\"33\" height=\"85\" class=\"alignnone size-full wp-image-24\" \/><\/a><\/td>\n<\/tr>\n<tr class=\"row-979 odd\">\n\t<td class=\"column-1\">MOUVAUX<\/td><td class=\"column-2\">RUE DE LILLE<\/td><td class=\"column-3\">LA PHARMACIE DELCOUR-BUYSSE<\/td><td class=\"column-4\">NORD<\/td><td class=\"column-5\">2007<\/td><td class=\"column-6\"><a href=\"https:\/\/www.calendriers-artistiques.fr\/wp-content\/uploads\/calendriersmedia\/2007 (62).jpg\"><img loading=\"lazy\" src=\"https:\/\/www.calendriers-artistiques.fr\/wp-content\/uploads\/calendriersmedia\/vignette.jpg\" alt=\"\" width=\"33\" height=\"85\" class=\"alignnone size-full wp-image-24\" \/><\/a><\/td>\n<\/tr>\n<tr class=\"row-980 even\">\n\t<td class=\"column-1\">NOEUX-LES-MINES<\/td><td class=\"column-2\">RUE NATIONALE<\/td><td class=\"column-3\">LA PHARMACIE DE LA POSTE<\/td><td class=\"column-4\">PAS-DE-CALAIS<\/td><td class=\"column-5\">2007<\/td><td class=\"column-6\"><a href=\"https:\/\/www.calendriers-artistiques.fr\/wp-content\/uploads\/calendriersmedia\/2007 (63).jpg\"><img loading=\"lazy\" src=\"https:\/\/www.calendriers-artistiques.fr\/wp-content\/uploads\/calendriersmedia\/vignette.jpg\" alt=\"\" width=\"33\" height=\"85\" class=\"alignnone size-full wp-image-24\" \/><\/a><\/td>\n<\/tr>\n<tr class=\"row-981 odd\">\n\t<td class=\"column-1\">NOYELLES-SOUS-LENS<\/td><td class=\"column-2\">RUE DE LA REPUBLIQUE<\/td><td class=\"column-3\">LA PHARMACIE CADOT<\/td><td class=\"column-4\">PAS-DE-CALAIS<\/td><td class=\"column-5\">2007<\/td><td class=\"column-6\"><a href=\"https:\/\/www.calendriers-artistiques.fr\/wp-content\/uploads\/calendriersmedia\/2007 (64).jpg\"><img loading=\"lazy\" src=\"https:\/\/www.calendriers-artistiques.fr\/wp-content\/uploads\/calendriersmedia\/vignette.jpg\" alt=\"\" width=\"33\" height=\"85\" class=\"alignnone size-full wp-image-24\" \/><\/a><\/td>\n<\/tr>\n<tr class=\"row-982 even\">\n\t<td class=\"column-1\">OIGNIES<\/td><td class=\"column-2\">RUE CROMBEZ<\/td><td class=\"column-3\">LA PHARMACIE DECROOS<\/td><td class=\"column-4\">PAS-DE-CALAIS<\/td><td class=\"column-5\">2007<\/td><td class=\"column-6\"><a href=\"https:\/\/www.calendriers-artistiques.fr\/wp-content\/uploads\/calendriersmedia\/2007 (65).jpg\"><img loading=\"lazy\" src=\"https:\/\/www.calendriers-artistiques.fr\/wp-content\/uploads\/calendriersmedia\/vignette.jpg\" alt=\"\" width=\"33\" height=\"85\" class=\"alignnone size-full wp-image-24\" \/><\/a><\/td>\n<\/tr>\n<tr class=\"row-983 odd\">\n\t<td class=\"column-1\">ORCHIES<\/td><td class=\"column-2\">PLACE DU GENERAL DE GAULLE<\/td><td class=\"column-3\">LA PHARMACIE DE L'H\u00c3\u0192\u00e2\u20ac\u009dTEL DE VILLE<\/td><td class=\"column-4\">NORD<\/td><td class=\"column-5\">2007<\/td><td class=\"column-6\"><a href=\"https:\/\/www.calendriers-artistiques.fr\/wp-content\/uploads\/calendriersmedia\/2007 (66).jpg\"><img loading=\"lazy\" src=\"https:\/\/www.calendriers-artistiques.fr\/wp-content\/uploads\/calendriersmedia\/vignette.jpg\" alt=\"\" width=\"33\" height=\"85\" class=\"alignnone size-full wp-image-24\" \/><\/a><\/td>\n<\/tr>\n<tr class=\"row-984 even\">\n\t<td class=\"column-1\">RIMOGNE<\/td><td class=\"column-2\">RUE PASTEUR<\/td><td class=\"column-3\">LA PHARMACIE FAURE<\/td><td class=\"column-4\">ARDENNES<\/td><td class=\"column-5\">2007<\/td><td class=\"column-6\"><a href=\"https:\/\/www.calendriers-artistiques.fr\/wp-content\/uploads\/calendriersmedia\/2007 (67).jpg\"><img loading=\"lazy\" src=\"https:\/\/www.calendriers-artistiques.fr\/wp-content\/uploads\/calendriersmedia\/vignette.jpg\" alt=\"\" width=\"33\" height=\"85\" class=\"alignnone size-full wp-image-24\" \/><\/a><\/td>\n<\/tr>\n<tr class=\"row-985 odd\">\n\t<td class=\"column-1\">ROEULX<\/td><td class=\"column-2\">RUE JEAN JAURES<\/td><td class=\"column-3\">LA PHARMMACIE DE L'ECLAIREUR<\/td><td class=\"column-4\">NORD<\/td><td class=\"column-5\">2007<\/td><td class=\"column-6\"><a href=\"https:\/\/www.calendriers-artistiques.fr\/wp-content\/uploads\/calendriersmedia\/2007 (68).jpg\"><img loading=\"lazy\" src=\"https:\/\/www.calendriers-artistiques.fr\/wp-content\/uploads\/calendriersmedia\/vignette.jpg\" alt=\"\" width=\"33\" height=\"85\" class=\"alignnone size-full wp-image-24\" \/><\/a><\/td>\n<\/tr>\n<tr class=\"row-986 even\">\n\t<td class=\"column-1\">RONCHIN<\/td><td class=\"column-2\">PLACE DE LA REPUBLIQUE<\/td><td class=\"column-3\">LA PHARMACIE DU GRAND RONCHIN<\/td><td class=\"column-4\">NORD<\/td><td class=\"column-5\">2007<\/td><td class=\"column-6\"><a href=\"https:\/\/www.calendriers-artistiques.fr\/wp-content\/uploads\/calendriersmedia\/2007 (69).jpg\"><img loading=\"lazy\" src=\"https:\/\/www.calendriers-artistiques.fr\/wp-content\/uploads\/calendriersmedia\/vignette.jpg\" alt=\"\" width=\"33\" height=\"85\" class=\"alignnone size-full wp-image-24\" \/><\/a><\/td>\n<\/tr>\n<tr class=\"row-987 odd\">\n\t<td class=\"column-1\">RONCQ<\/td><td class=\"column-2\">RUE DE LILLE<\/td><td class=\"column-3\">LA PHARMACIE POTENCIER<\/td><td class=\"column-4\">NORD<\/td><td class=\"column-5\">2007<\/td><td class=\"column-6\"><a href=\"https:\/\/www.calendriers-artistiques.fr\/wp-content\/uploads\/calendriersmedia\/2007 (70).jpg\"><img loading=\"lazy\" src=\"https:\/\/www.calendriers-artistiques.fr\/wp-content\/uploads\/calendriersmedia\/vignette.jpg\" alt=\"\" width=\"33\" height=\"85\" class=\"alignnone size-full wp-image-24\" \/><\/a><\/td>\n<\/tr>\n<tr class=\"row-988 even\">\n\t<td class=\"column-1\">RONCQ<\/td><td class=\"column-2\">RUE DE LILLE<\/td><td class=\"column-3\">LA PHARMACIE POTENCIER-BINAUT<\/td><td class=\"column-4\">NORD<\/td><td class=\"column-5\">2007<\/td><td class=\"column-6\"><a href=\"https:\/\/www.calendriers-artistiques.fr\/wp-content\/uploads\/calendriersmedia\/2007 (71).jpg\"><img loading=\"lazy\" src=\"https:\/\/www.calendriers-artistiques.fr\/wp-content\/uploads\/calendriersmedia\/vignette.jpg\" alt=\"\" width=\"33\" height=\"85\" class=\"alignnone size-full wp-image-24\" \/><\/a><\/td>\n<\/tr>\n<tr class=\"row-989 odd\">\n\t<td class=\"column-1\">ROSENDA\u00c3\u0192\u00e2\u20ac\u00b9L<\/td><td class=\"column-2\">RUE PAUL MACHY<\/td><td class=\"column-3\">LA PHARMACIE DE LA MAIRIE<\/td><td class=\"column-4\">NORD<\/td><td class=\"column-5\">2007<\/td><td class=\"column-6\"><a href=\"https:\/\/www.calendriers-artistiques.fr\/wp-content\/uploads\/calendriersmedia\/2007 (72).jpg\"><img loading=\"lazy\" src=\"https:\/\/www.calendriers-artistiques.fr\/wp-content\/uploads\/calendriersmedia\/vignette.jpg\" alt=\"\" width=\"33\" height=\"85\" class=\"alignnone size-full wp-image-24\" \/><\/a><\/td>\n<\/tr>\n<tr class=\"row-990 even\">\n\t<td class=\"column-1\">ROUVROY<\/td><td class=\"column-2\">RUE DU GENERAL DE GAULLE<\/td><td class=\"column-3\">LA PHARMACIE ROGER<\/td><td class=\"column-4\">PAS-DE-CALAIS<\/td><td class=\"column-5\">2007<\/td><td class=\"column-6\"><a href=\"https:\/\/www.calendriers-artistiques.fr\/wp-content\/uploads\/calendriersmedia\/2007 (73).jpg\"><img loading=\"lazy\" src=\"https:\/\/www.calendriers-artistiques.fr\/wp-content\/uploads\/calendriersmedia\/vignette.jpg\" alt=\"\" width=\"33\" height=\"85\" class=\"alignnone size-full wp-image-24\" \/><\/a><\/td>\n<\/tr>\n<tr class=\"row-991 odd\">\n\t<td class=\"column-1\">SAINGHIN-EN-WEPPES<\/td><td class=\"column-2\">RUE DU CAPITAINE LHEUREUX<\/td><td class=\"column-3\">LA PHARMACIE BASQUIN-BOITEL<\/td><td class=\"column-4\">NORD<\/td><td class=\"column-5\">2007<\/td><td class=\"column-6\"><a href=\"https:\/\/www.calendriers-artistiques.fr\/wp-content\/uploads\/calendriersmedia\/2007 (74).jpg\"><img loading=\"lazy\" src=\"https:\/\/www.calendriers-artistiques.fr\/wp-content\/uploads\/calendriersmedia\/vignette.jpg\" alt=\"\" width=\"33\" height=\"85\" class=\"alignnone size-full wp-image-24\" \/><\/a><\/td>\n<\/tr>\n<tr class=\"row-992 even\">\n\t<td class=\"column-1\">SAINTE-MARGUERITE<\/td><td class=\"column-2\">AVENUE DU GENERAL DE GAULLE<\/td><td class=\"column-3\">LA PHARMACIE BARTHELEMI<\/td><td class=\"column-4\">VOSGES<\/td><td class=\"column-5\">2007<\/td><td class=\"column-6\"><a href=\"https:\/\/www.calendriers-artistiques.fr\/wp-content\/uploads\/calendriersmedia\/2007 (75).jpg\"><img loading=\"lazy\" src=\"https:\/\/www.calendriers-artistiques.fr\/wp-content\/uploads\/calendriersmedia\/vignette.jpg\" alt=\"\" width=\"33\" height=\"85\" class=\"alignnone size-full wp-image-24\" \/><\/a><\/td>\n<\/tr>\n<tr class=\"row-993 odd\">\n\t<td class=\"column-1\">SAINT-NICOLAS-LES-ARRAS<\/td><td class=\"column-2\">RUE ANATOLE FRANCE<\/td><td class=\"column-3\">LA PHARMACIE THUMEREL<\/td><td class=\"column-4\">PAS-DE-CALAIS<\/td><td class=\"column-5\">2007<\/td><td class=\"column-6\"><a href=\"https:\/\/www.calendriers-artistiques.fr\/wp-content\/uploads\/calendriersmedia\/2007 (76).jpg\"><img loading=\"lazy\" src=\"https:\/\/www.calendriers-artistiques.fr\/wp-content\/uploads\/calendriersmedia\/vignette.jpg\" alt=\"\" width=\"33\" height=\"85\" class=\"alignnone size-full wp-image-24\" \/><\/a><\/td>\n<\/tr>\n<tr class=\"row-994 even\">\n\t<td class=\"column-1\">SAINT-OMER<\/td><td class=\"column-2\">PLACE FOCH<\/td><td class=\"column-3\">LA PHARMACIE GALBY<\/td><td class=\"column-4\">PAS-DE-CALAIS<\/td><td class=\"column-5\">2007<\/td><td class=\"column-6\"><a href=\"https:\/\/www.calendriers-artistiques.fr\/wp-content\/uploads\/calendriersmedia\/2007 (77).jpg\"><img loading=\"lazy\" src=\"https:\/\/www.calendriers-artistiques.fr\/wp-content\/uploads\/calendriersmedia\/vignette.jpg\" alt=\"\" width=\"33\" height=\"85\" class=\"alignnone size-full wp-image-24\" \/><\/a><\/td>\n<\/tr>\n<tr class=\"row-995 odd\">\n\t<td class=\"column-1\">SAINT-POL-SUR-MER<\/td><td class=\"column-2\">PLACE DU CHEVALIER DE SAINT-POL<\/td><td class=\"column-3\">LA PHARMACIE DE LA REPUBLIQUE<\/td><td class=\"column-4\">NORD<\/td><td class=\"column-5\">2007<\/td><td class=\"column-6\"><a href=\"https:\/\/www.calendriers-artistiques.fr\/wp-content\/uploads\/calendriersmedia\/2007 (78).jpg\"><img loading=\"lazy\" src=\"https:\/\/www.calendriers-artistiques.fr\/wp-content\/uploads\/calendriersmedia\/vignette.jpg\" alt=\"\" width=\"33\" height=\"85\" class=\"alignnone size-full wp-image-24\" \/><\/a><\/td>\n<\/tr>\n<tr class=\"row-996 even\">\n\t<td class=\"column-1\">SAINT-POL-SUR-TERNOISE<\/td><td class=\"column-2\">RUE CANTERAINE<\/td><td class=\"column-3\">LA PHARMACIE DELANNOY-COULON<\/td><td class=\"column-4\">PAS-DE-CALAIS<\/td><td class=\"column-5\">2007<\/td><td class=\"column-6\"><a href=\"https:\/\/www.calendriers-artistiques.fr\/wp-content\/uploads\/calendriersmedia\/2007 (79).jpg\"><img loading=\"lazy\" src=\"https:\/\/www.calendriers-artistiques.fr\/wp-content\/uploads\/calendriersmedia\/vignette.jpg\" alt=\"\" width=\"33\" height=\"85\" class=\"alignnone size-full wp-image-24\" \/><\/a><\/td>\n<\/tr>\n<tr class=\"row-997 odd\">\n\t<td class=\"column-1\">SALLAUMINES<\/td><td class=\"column-2\">RUE EDOUARD VAILLANT<\/td><td class=\"column-3\">LA BOUTIQUE DU MATERIEL MEDICAL<\/td><td class=\"column-4\">PAS-DE-CALAIS<\/td><td class=\"column-5\">2007<\/td><td class=\"column-6\"><a href=\"https:\/\/www.calendriers-artistiques.fr\/wp-content\/uploads\/calendriersmedia\/2007 (80).jpg\"><img loading=\"lazy\" src=\"https:\/\/www.calendriers-artistiques.fr\/wp-content\/uploads\/calendriersmedia\/vignette.jpg\" alt=\"\" width=\"33\" height=\"85\" class=\"alignnone size-full wp-image-24\" \/><\/a><\/td>\n<\/tr>\n<tr class=\"row-998 even\">\n\t<td class=\"column-1\">SALLAUMINES<\/td><td class=\"column-2\">RUE EDOUARD VAILLANT<\/td><td class=\"column-3\">LA PHARMACIE DOLINAR<\/td><td class=\"column-4\">PAS-DE-CALAIS<\/td><td class=\"column-5\">2007<\/td><td class=\"column-6\"><a href=\"https:\/\/www.calendriers-artistiques.fr\/wp-content\/uploads\/calendriersmedia\/2007 (81).jpg\"><img loading=\"lazy\" src=\"https:\/\/www.calendriers-artistiques.fr\/wp-content\/uploads\/calendriersmedia\/vignette.jpg\" alt=\"\" width=\"33\" height=\"85\" class=\"alignnone size-full wp-image-24\" \/><\/a><\/td>\n<\/tr>\n<tr class=\"row-999 odd\">\n\t<td class=\"column-1\">SOUCHEZ<\/td><td class=\"column-2\">RUE PIERRE ET MARIE CURIE<\/td><td class=\"column-3\">LA PHARMACIE DHAINES<\/td><td class=\"column-4\">PAS-DE-CALAIS<\/td><td class=\"column-5\">2007<\/td><td class=\"column-6\"><a href=\"https:\/\/www.calendriers-artistiques.fr\/wp-content\/uploads\/calendriersmedia\/2007 (82).jpg\"><img loading=\"lazy\" src=\"https:\/\/www.calendriers-artistiques.fr\/wp-content\/uploads\/calendriersmedia\/vignette.jpg\" alt=\"\" width=\"33\" height=\"85\" class=\"alignnone size-full wp-image-24\" \/><\/a><\/td>\n<\/tr>\n<tr class=\"row-1000 even\">\n\t<td class=\"column-1\">TILLOY-LES-MOFFLAINES<\/td><td class=\"column-2\">AVENUE CHARLES DE GAULLE<\/td><td class=\"column-3\">LA PHARMACIE THAON<\/td><td class=\"column-4\">PAS-DE-CALAIS<\/td><td class=\"column-5\">2007<\/td><td class=\"column-6\"><a href=\"https:\/\/www.calendriers-artistiques.fr\/wp-content\/uploads\/calendriersmedia\/2007 (83).jpg\"><img loading=\"lazy\" src=\"https:\/\/www.calendriers-artistiques.fr\/wp-content\/uploads\/calendriersmedia\/vignette.jpg\" alt=\"\" width=\"33\" height=\"85\" class=\"alignnone size-full wp-image-24\" \/><\/a><\/td>\n<\/tr>\n<tr class=\"row-1001 odd\">\n\t<td class=\"column-1\">TOURCOING<\/td><td class=\"column-2\">RUE ACHILLE TESTELIN<\/td><td class=\"column-3\">LA PHARMACIE ANSART<\/td><td class=\"column-4\">NORD<\/td><td class=\"column-5\">2007<\/td><td class=\"column-6\"><a href=\"https:\/\/www.calendriers-artistiques.fr\/wp-content\/uploads\/calendriersmedia\/2007 (84).jpg\"><img loading=\"lazy\" src=\"https:\/\/www.calendriers-artistiques.fr\/wp-content\/uploads\/calendriersmedia\/vignette.jpg\" alt=\"\" width=\"33\" height=\"85\" class=\"alignnone size-full wp-image-24\" \/><\/a><\/td>\n<\/tr>\n<tr class=\"row-1002 even\">\n\t<td class=\"column-1\">TOURCOING<\/td><td class=\"column-2\">BOULEVARD GAMBETTA<\/td><td class=\"column-3\">DEBAISIEUX IMMOBILIER<\/td><td class=\"column-4\">NORD<\/td><td class=\"column-5\">2007<\/td><td class=\"column-6\"><a href=\"https:\/\/www.calendriers-artistiques.fr\/wp-content\/uploads\/calendriersmedia\/2007 (85).jpg\"><img loading=\"lazy\" src=\"https:\/\/www.calendriers-artistiques.fr\/wp-content\/uploads\/calendriersmedia\/vignette.jpg\" alt=\"\" width=\"33\" height=\"85\" class=\"alignnone size-full wp-image-24\" \/><\/a><\/td>\n<\/tr>\n<tr class=\"row-1003 odd\">\n\t<td class=\"column-1\">TOURCOING<\/td><td class=\"column-2\">BOULEVARD GAMBETTA<\/td><td class=\"column-3\">DEBAISIEUX IMMOBILIER<\/td><td class=\"column-4\">NORD<\/td><td class=\"column-5\">2007<\/td><td class=\"column-6\"><a href=\"https:\/\/www.calendriers-artistiques.fr\/wp-content\/uploads\/calendriersmedia\/2007 (86).jpg\"><img loading=\"lazy\" src=\"https:\/\/www.calendriers-artistiques.fr\/wp-content\/uploads\/calendriersmedia\/vignette.jpg\" alt=\"\" width=\"33\" height=\"85\" class=\"alignnone size-full wp-image-24\" \/><\/a><\/td>\n<\/tr>\n<tr class=\"row-1004 even\">\n\t<td class=\"column-1\">TOURCOING<\/td><td class=\"column-2\">RUE DE MENIN<\/td><td class=\"column-3\">LA PHARMACIE DU PARC<\/td><td class=\"column-4\">NORD<\/td><td class=\"column-5\">2007<\/td><td class=\"column-6\"><a href=\"https:\/\/www.calendriers-artistiques.fr\/wp-content\/uploads\/calendriersmedia\/2007 (87).jpg\"><img loading=\"lazy\" src=\"https:\/\/www.calendriers-artistiques.fr\/wp-content\/uploads\/calendriersmedia\/vignette.jpg\" alt=\"\" width=\"33\" height=\"85\" class=\"alignnone size-full wp-image-24\" \/><\/a><\/td>\n<\/tr>\n<tr class=\"row-1005 odd\">\n\t<td class=\"column-1\">TOURNES<\/td><td class=\"column-2\">RUE RENE DUPONT<\/td><td class=\"column-3\">LA PHARMACIE HENRY-MACQUIN<\/td><td class=\"column-4\">ARDENNES<\/td><td class=\"column-5\">2007<\/td><td class=\"column-6\"><a href=\"https:\/\/www.calendriers-artistiques.fr\/wp-content\/uploads\/calendriersmedia\/2007 (88).jpg\"><img loading=\"lazy\" src=\"https:\/\/www.calendriers-artistiques.fr\/wp-content\/uploads\/calendriersmedia\/vignette.jpg\" alt=\"\" width=\"33\" height=\"85\" class=\"alignnone size-full wp-image-24\" \/><\/a><\/td>\n<\/tr>\n<tr class=\"row-1006 even\">\n\t<td class=\"column-1\">VILLENEUVE-D'ASCQ<\/td><td class=\"column-2\">RUE GASTON BARATTE<\/td><td class=\"column-3\">LA PHARMACIE CARNOIS<\/td><td class=\"column-4\">NORD<\/td><td class=\"column-5\">2007<\/td><td class=\"column-6\"><a href=\"https:\/\/www.calendriers-artistiques.fr\/wp-content\/uploads\/calendriersmedia\/2007 (89).jpg\"><img loading=\"lazy\" src=\"https:\/\/www.calendriers-artistiques.fr\/wp-content\/uploads\/calendriersmedia\/vignette.jpg\" alt=\"\" width=\"33\" height=\"85\" class=\"alignnone size-full wp-image-24\" \/><\/a><\/td>\n<\/tr>\n<tr class=\"row-1007 odd\">\n\t<td class=\"column-1\">VIMY<\/td><td class=\"column-2\">RUE DE L'EGALITE<\/td><td class=\"column-3\">LA PHARMACIE DE LA SOURCE<\/td><td class=\"column-4\">PAS-DE-CALAIS<\/td><td class=\"column-5\">2007<\/td><td class=\"column-6\"><a href=\"https:\/\/www.calendriers-artistiques.fr\/wp-content\/uploads\/calendriersmedia\/2007 (90).jpg\"><img loading=\"lazy\" src=\"https:\/\/www.calendriers-artistiques.fr\/wp-content\/uploads\/calendriersmedia\/vignette.jpg\" alt=\"\" width=\"33\" height=\"85\" class=\"alignnone size-full wp-image-24\" \/><\/a><\/td>\n<\/tr>\n<tr class=\"row-1008 even\">\n\t<td class=\"column-1\">WISSANT<\/td><td class=\"column-2\">PLACE DE LA MAIRIE<\/td><td class=\"column-3\">LA PHARMACIE DE LA C\u00c3\u0192\u00e2\u20ac\u009dTE<\/td><td class=\"column-4\">PAS-DE-CALAIS<\/td><td class=\"column-5\">2007<\/td><td class=\"column-6\"><a href=\"https:\/\/www.calendriers-artistiques.fr\/wp-content\/uploads\/calendriersmedia\/2007 (91).jpg\"><img loading=\"lazy\" src=\"https:\/\/www.calendriers-artistiques.fr\/wp-content\/uploads\/calendriersmedia\/vignette.jpg\" alt=\"\" width=\"33\" height=\"85\" class=\"alignnone size-full wp-image-24\" \/><\/a><\/td>\n<\/tr>\n<tr class=\"row-1009 odd\">\n\t<td class=\"column-1\">WORMHOUT<\/td><td class=\"column-2\">PLACE DU GENERAL DE GAULLE<\/td><td class=\"column-3\">LA PHARMACIE VANDAELE<\/td><td class=\"column-4\">NORD<\/td><td class=\"column-5\">2007<\/td><td class=\"column-6\"><a href=\"https:\/\/www.calendriers-artistiques.fr\/wp-content\/uploads\/calendriersmedia\/2007 (92).jpg\"><img loading=\"lazy\" src=\"https:\/\/www.calendriers-artistiques.fr\/wp-content\/uploads\/calendriersmedia\/vignette.jpg\" alt=\"\" width=\"33\" height=\"85\" class=\"alignnone size-full wp-image-24\" \/><\/a><\/td>\n<\/tr>\n<tr class=\"row-1010 even\">\n\t<td class=\"column-1\">ANNAY<\/td><td class=\"column-2\">RUE MATTEI<\/td><td class=\"column-3\">LA PHARMACIE CANNESSON<\/td><td class=\"column-4\">PAS-DE-CALAIS<\/td><td class=\"column-5\">2006<\/td><td class=\"column-6\"><a href=\"https:\/\/www.calendriers-artistiques.fr\/wp-content\/uploads\/calendriersmedia\/2006 (1).jpg\"><img loading=\"lazy\" src=\"https:\/\/www.calendriers-artistiques.fr\/wp-content\/uploads\/calendriersmedia\/vignette.jpg\" alt=\"\" width=\"33\" height=\"85\" class=\"alignnone size-full wp-image-24\" \/><\/a><\/td>\n<\/tr>\n<tr class=\"row-1011 odd\">\n\t<td class=\"column-1\">BAVAY<\/td><td class=\"column-2\">RUE DES GLATIGNIES<\/td><td class=\"column-3\">LA PHARMACIE DES GLATIGNIES<\/td><td class=\"column-4\">NORD<\/td><td class=\"column-5\">2006<\/td><td class=\"column-6\"><a href=\"https:\/\/www.calendriers-artistiques.fr\/wp-content\/uploads\/calendriersmedia\/2006 (2).jpg\"><img loading=\"lazy\" src=\"https:\/\/www.calendriers-artistiques.fr\/wp-content\/uploads\/calendriersmedia\/vignette.jpg\" alt=\"\" width=\"33\" height=\"85\" class=\"alignnone size-full wp-image-24\" \/><\/a><\/td>\n<\/tr>\n<tr class=\"row-1012 even\">\n\t<td class=\"column-1\">BEAUVOIS-EN-CAMBRAISIS<\/td><td class=\"column-2\">RUE BERTHELOT<\/td><td class=\"column-3\">LA PHARMACIE PETIT<\/td><td class=\"column-4\">NORD<\/td><td class=\"column-5\">2006<\/td><td class=\"column-6\"><a href=\"https:\/\/www.calendriers-artistiques.fr\/wp-content\/uploads\/calendriersmedia\/2006 (3).jpg\"><img loading=\"lazy\" src=\"https:\/\/www.calendriers-artistiques.fr\/wp-content\/uploads\/calendriersmedia\/vignette.jpg\" alt=\"\" width=\"33\" height=\"85\" class=\"alignnone size-full wp-image-24\" \/><\/a><\/td>\n<\/tr>\n<tr class=\"row-1013 odd\">\n\t<td class=\"column-1\">BERCK-SUR-MER<\/td><td class=\"column-2\">RUE DE L'IMPERATRICE<\/td><td class=\"column-3\">LA PHARMACIE DACQUET<\/td><td class=\"column-4\">PAS-DE-CALAIS<\/td><td class=\"column-5\">2006<\/td><td class=\"column-6\"><a href=\"https:\/\/www.calendriers-artistiques.fr\/wp-content\/uploads\/calendriersmedia\/2006 (4).jpg\"><img loading=\"lazy\" src=\"https:\/\/www.calendriers-artistiques.fr\/wp-content\/uploads\/calendriersmedia\/vignette.jpg\" alt=\"\" width=\"33\" height=\"85\" class=\"alignnone size-full wp-image-24\" \/><\/a><\/td>\n<\/tr>\n<tr class=\"row-1014 even\">\n\t<td class=\"column-1\">BETHUNE<\/td><td class=\"column-2\">RUE D'ARRAS<\/td><td class=\"column-3\">LA PHARMACIE MARIS<\/td><td class=\"column-4\">PAS-DE-CALAIS<\/td><td class=\"column-5\">2006<\/td><td class=\"column-6\"><a href=\"https:\/\/www.calendriers-artistiques.fr\/wp-content\/uploads\/calendriersmedia\/2006 (5).jpg\"><img loading=\"lazy\" src=\"https:\/\/www.calendriers-artistiques.fr\/wp-content\/uploads\/calendriersmedia\/vignette.jpg\" alt=\"\" width=\"33\" height=\"85\" class=\"alignnone size-full wp-image-24\" \/><\/a><\/td>\n<\/tr>\n<tr class=\"row-1015 odd\">\n\t<td class=\"column-1\">BOURBOURG<\/td><td class=\"column-2\">PLACE DU GENERAL DE GAULLE<\/td><td class=\"column-3\">LA PHARMACIE BECART<\/td><td class=\"column-4\">NORD<\/td><td class=\"column-5\">2006<\/td><td class=\"column-6\"><a href=\"https:\/\/www.calendriers-artistiques.fr\/wp-content\/uploads\/calendriersmedia\/2006 (6).jpg\"><img loading=\"lazy\" src=\"https:\/\/www.calendriers-artistiques.fr\/wp-content\/uploads\/calendriersmedia\/vignette.jpg\" alt=\"\" width=\"33\" height=\"85\" class=\"alignnone size-full wp-image-24\" \/><\/a><\/td>\n<\/tr>\n<tr class=\"row-1016 even\">\n\t<td class=\"column-1\">BRETEUIL-SUR-ITON<\/td><td class=\"column-2\">RUE ARISTIDE BRIAND<\/td><td class=\"column-3\">LA PHARMACIE BATARD<\/td><td class=\"column-4\">EURE<\/td><td class=\"column-5\">2006<\/td><td class=\"column-6\"><a href=\"https:\/\/www.calendriers-artistiques.fr\/wp-content\/uploads\/calendriersmedia\/2006 (7).jpg\"><img loading=\"lazy\" src=\"https:\/\/www.calendriers-artistiques.fr\/wp-content\/uploads\/calendriersmedia\/vignette.jpg\" alt=\"\" width=\"33\" height=\"85\" class=\"alignnone size-full wp-image-24\" \/><\/a><\/td>\n<\/tr>\n<tr class=\"row-1017 odd\">\n\t<td class=\"column-1\">BRUYERES<\/td><td class=\"column-2\">RUE LEOPOLD<\/td><td class=\"column-3\">LA PHARMACIE BOILEAU<\/td><td class=\"column-4\">VOSGES<\/td><td class=\"column-5\">2006<\/td><td class=\"column-6\"><a href=\"https:\/\/www.calendriers-artistiques.fr\/wp-content\/uploads\/calendriersmedia\/2006 (8).jpg\"><img loading=\"lazy\" src=\"https:\/\/www.calendriers-artistiques.fr\/wp-content\/uploads\/calendriersmedia\/vignette.jpg\" alt=\"\" width=\"33\" height=\"85\" class=\"alignnone size-full wp-image-24\" \/><\/a><\/td>\n<\/tr>\n<tr class=\"row-1018 even\">\n\t<td class=\"column-1\">BULLY-LES-MINES<\/td><td class=\"column-2\">RUE ROGER SALENGRO<\/td><td class=\"column-3\">LA GRANDE PHARMACIE DE LA GARE<\/td><td class=\"column-4\">PAS-DE-CALAIS<\/td><td class=\"column-5\">2006<\/td><td class=\"column-6\"><a href=\"https:\/\/www.calendriers-artistiques.fr\/wp-content\/uploads\/calendriersmedia\/2006 (9).jpg\"><img loading=\"lazy\" src=\"https:\/\/www.calendriers-artistiques.fr\/wp-content\/uploads\/calendriersmedia\/vignette.jpg\" alt=\"\" width=\"33\" height=\"85\" class=\"alignnone size-full wp-image-24\" \/><\/a><\/td>\n<\/tr>\n<tr class=\"row-1019 odd\">\n\t<td class=\"column-1\">BULLY-LES-MINES<\/td><td class=\"column-2\">RUE JEAN JAURES<\/td><td class=\"column-3\">LA PHARMACIE LIEVENS<\/td><td class=\"column-4\">PAS-DE-CALAIS<\/td><td class=\"column-5\">2006<\/td><td class=\"column-6\"><a href=\"https:\/\/www.calendriers-artistiques.fr\/wp-content\/uploads\/calendriersmedia\/2006 (10).jpg\"><img loading=\"lazy\" src=\"https:\/\/www.calendriers-artistiques.fr\/wp-content\/uploads\/calendriersmedia\/vignette.jpg\" alt=\"\" width=\"33\" height=\"85\" class=\"alignnone size-full wp-image-24\" \/><\/a><\/td>\n<\/tr>\n<tr class=\"row-1020 even\">\n\t<td class=\"column-1\">CALAIS<\/td><td class=\"column-2\">AVENUE LOUIS BLERIOT<\/td><td class=\"column-3\">LA PHARMACIE BRIANE RAMONT<\/td><td class=\"column-4\">PAS-DE-CALAIS<\/td><td class=\"column-5\">2006<\/td><td class=\"column-6\"><a href=\"https:\/\/www.calendriers-artistiques.fr\/wp-content\/uploads\/calendriersmedia\/2006 (11).jpg\"><img loading=\"lazy\" src=\"https:\/\/www.calendriers-artistiques.fr\/wp-content\/uploads\/calendriersmedia\/vignette.jpg\" alt=\"\" width=\"33\" height=\"85\" class=\"alignnone size-full wp-image-24\" \/><\/a><\/td>\n<\/tr>\n<tr class=\"row-1021 odd\">\n\t<td class=\"column-1\">CALAIS<\/td><td class=\"column-2\">BOULEVARD GAMBETTA<\/td><td class=\"column-3\">LA PHARMACIE GAMBETTA<\/td><td class=\"column-4\">PAS-DE-CALAIS<\/td><td class=\"column-5\">2006<\/td><td class=\"column-6\"><a href=\"https:\/\/www.calendriers-artistiques.fr\/wp-content\/uploads\/calendriersmedia\/2006 (12).jpg\"><img loading=\"lazy\" src=\"https:\/\/www.calendriers-artistiques.fr\/wp-content\/uploads\/calendriersmedia\/vignette.jpg\" alt=\"\" width=\"33\" height=\"85\" class=\"alignnone size-full wp-image-24\" \/><\/a><\/td>\n<\/tr>\n<tr class=\"row-1022 even\">\n\t<td class=\"column-1\">CARCES<\/td><td class=\"column-2\">RUE DU MARECHAL FOCH<\/td><td class=\"column-3\">LA PHARMACIE BARCHET<\/td><td class=\"column-4\">VAR<\/td><td class=\"column-5\">2006<\/td><td class=\"column-6\"><a href=\"https:\/\/www.calendriers-artistiques.fr\/wp-content\/uploads\/calendriersmedia\/2006 (13).jpg\"><img loading=\"lazy\" src=\"https:\/\/www.calendriers-artistiques.fr\/wp-content\/uploads\/calendriersmedia\/vignette.jpg\" alt=\"\" width=\"33\" height=\"85\" class=\"alignnone size-full wp-image-24\" \/><\/a><\/td>\n<\/tr>\n<tr class=\"row-1023 odd\">\n\t<td class=\"column-1\">CARVIN<\/td><td class=\"column-2\">RUE FLORENT EVRARD<\/td><td class=\"column-3\">LA PHARMACIE BRASSEUR<\/td><td class=\"column-4\">PAS-DE-CALAIS<\/td><td class=\"column-5\">2006<\/td><td class=\"column-6\"><a href=\"https:\/\/www.calendriers-artistiques.fr\/wp-content\/uploads\/calendriersmedia\/2006 (14).jpg\"><img loading=\"lazy\" src=\"https:\/\/www.calendriers-artistiques.fr\/wp-content\/uploads\/calendriersmedia\/vignette.jpg\" alt=\"\" width=\"33\" height=\"85\" class=\"alignnone size-full wp-image-24\" \/><\/a><\/td>\n<\/tr>\n<tr class=\"row-1024 even\">\n\t<td class=\"column-1\">CAUDRY<\/td><td class=\"column-2\">PLACE EUGENE FIEVET<\/td><td class=\"column-3\">LA PHARMACIE DE LA BASILIQUE<\/td><td class=\"column-4\">NORD<\/td><td class=\"column-5\">2006<\/td><td class=\"column-6\"><a href=\"https:\/\/www.calendriers-artistiques.fr\/wp-content\/uploads\/calendriersmedia\/2006 (15).jpg\"><img loading=\"lazy\" src=\"https:\/\/www.calendriers-artistiques.fr\/wp-content\/uploads\/calendriersmedia\/vignette.jpg\" alt=\"\" width=\"33\" height=\"85\" class=\"alignnone size-full wp-image-24\" \/><\/a><\/td>\n<\/tr>\n<tr class=\"row-1025 odd\">\n\t<td class=\"column-1\">COUDEKERQUE-BRANCHE<\/td><td class=\"column-2\">RUE GABRIEL PERI<\/td><td class=\"column-3\">LA PHARMACIE FORNET<\/td><td class=\"column-4\">NORD<\/td><td class=\"column-5\">2006<\/td><td class=\"column-6\"><a href=\"https:\/\/www.calendriers-artistiques.fr\/wp-content\/uploads\/calendriersmedia\/2006 (16).jpg\"><img loading=\"lazy\" src=\"https:\/\/www.calendriers-artistiques.fr\/wp-content\/uploads\/calendriersmedia\/vignette.jpg\" alt=\"\" width=\"33\" height=\"85\" class=\"alignnone size-full wp-image-24\" \/><\/a><\/td>\n<\/tr>\n<tr class=\"row-1026 even\">\n\t<td class=\"column-1\">CROIX<\/td><td class=\"column-2\">AVENUE JUSSIEU<\/td><td class=\"column-3\">LA PHARMACIE DU PARC<\/td><td class=\"column-4\">NORD<\/td><td class=\"column-5\">2006<\/td><td class=\"column-6\"><a href=\"https:\/\/www.calendriers-artistiques.fr\/wp-content\/uploads\/calendriersmedia\/2006 (17).jpg\"><img loading=\"lazy\" src=\"https:\/\/www.calendriers-artistiques.fr\/wp-content\/uploads\/calendriersmedia\/vignette.jpg\" alt=\"\" width=\"33\" height=\"85\" class=\"alignnone size-full wp-image-24\" \/><\/a><\/td>\n<\/tr>\n<tr class=\"row-1027 odd\">\n\t<td class=\"column-1\">CROIX<\/td><td class=\"column-2\">RUE JEAN JAURES<\/td><td class=\"column-3\">LA PHARMACIE MYLLE-BARBIEUX<\/td><td class=\"column-4\">NORD<\/td><td class=\"column-5\">2006<\/td><td class=\"column-6\"><a href=\"https:\/\/www.calendriers-artistiques.fr\/wp-content\/uploads\/calendriersmedia\/2006 (18).jpg\"><img loading=\"lazy\" src=\"https:\/\/www.calendriers-artistiques.fr\/wp-content\/uploads\/calendriersmedia\/vignette.jpg\" alt=\"\" width=\"33\" height=\"85\" class=\"alignnone size-full wp-image-24\" \/><\/a><\/td>\n<\/tr>\n<tr class=\"row-1028 even\">\n\t<td class=\"column-1\">FACHES-THUMESNIL<\/td><td class=\"column-2\">RUE PAUL GAUGUIN<\/td><td class=\"column-3\">LA PHARMACIE GOSSELIN<\/td><td class=\"column-4\">NORD<\/td><td class=\"column-5\">2006<\/td><td class=\"column-6\"><a href=\"https:\/\/www.calendriers-artistiques.fr\/wp-content\/uploads\/calendriersmedia\/2006 (19).jpg\"><img loading=\"lazy\" src=\"https:\/\/www.calendriers-artistiques.fr\/wp-content\/uploads\/calendriersmedia\/vignette.jpg\" alt=\"\" width=\"33\" height=\"85\" class=\"alignnone size-full wp-image-24\" \/><\/a><\/td>\n<\/tr>\n<tr class=\"row-1029 odd\">\n\t<td class=\"column-1\">FRAIZE<\/td><td class=\"column-2\">RUE DU MARECHAL DE LATTRE DE TASSIGNY<\/td><td class=\"column-3\">LA PHARMACIE DE L'H\u00c3\u0192\u00e2\u20ac\u009dTEL DE VILLE<\/td><td class=\"column-4\">VOSGES<\/td><td class=\"column-5\">2006<\/td><td class=\"column-6\"><a href=\"https:\/\/www.calendriers-artistiques.fr\/wp-content\/uploads\/calendriersmedia\/2006 (20).jpg\"><img loading=\"lazy\" src=\"https:\/\/www.calendriers-artistiques.fr\/wp-content\/uploads\/calendriersmedia\/vignette.jpg\" alt=\"\" width=\"33\" height=\"85\" class=\"alignnone size-full wp-image-24\" \/><\/a><\/td>\n<\/tr>\n<tr class=\"row-1030 even\">\n\t<td class=\"column-1\">FRETIN<\/td><td class=\"column-2\">RUE JEAN-BAPTISTE LEBAS<\/td><td class=\"column-3\">LA PHARMACIE DELOBELLE SAVOYE<\/td><td class=\"column-4\">NORD<\/td><td class=\"column-5\">2006<\/td><td class=\"column-6\"><a href=\"https:\/\/www.calendriers-artistiques.fr\/wp-content\/uploads\/calendriersmedia\/2006 (21).jpg\"><img loading=\"lazy\" src=\"https:\/\/www.calendriers-artistiques.fr\/wp-content\/uploads\/calendriersmedia\/vignette.jpg\" alt=\"\" width=\"33\" height=\"85\" class=\"alignnone size-full wp-image-24\" \/><\/a><\/td>\n<\/tr>\n<tr class=\"row-1031 odd\">\n\t<td class=\"column-1\">HAGONDANGE<\/td><td class=\"column-2\">RUE DE LA GARE<\/td><td class=\"column-3\">LA PHARMACIE DU PROGRES<\/td><td class=\"column-4\">MOSELLE<\/td><td class=\"column-5\">2006<\/td><td class=\"column-6\"><a href=\"https:\/\/www.calendriers-artistiques.fr\/wp-content\/uploads\/calendriersmedia\/2006 (22).jpg\"><img loading=\"lazy\" src=\"https:\/\/www.calendriers-artistiques.fr\/wp-content\/uploads\/calendriersmedia\/vignette.jpg\" alt=\"\" width=\"33\" height=\"85\" class=\"alignnone size-full wp-image-24\" \/><\/a><\/td>\n<\/tr>\n<tr class=\"row-1032 even\">\n\t<td class=\"column-1\">HARNES<\/td><td class=\"column-2\">RUE DU 11 NOVEMBRE<\/td><td class=\"column-3\">LA PHARMACIE DU GRAND MOULIN<\/td><td class=\"column-4\">PAS-DE-CALAIS<\/td><td class=\"column-5\">2006<\/td><td class=\"column-6\"><a href=\"https:\/\/www.calendriers-artistiques.fr\/wp-content\/uploads\/calendriersmedia\/2006 (23).jpg\"><img loading=\"lazy\" src=\"https:\/\/www.calendriers-artistiques.fr\/wp-content\/uploads\/calendriersmedia\/vignette.jpg\" alt=\"\" width=\"33\" height=\"85\" class=\"alignnone size-full wp-image-24\" \/><\/a><\/td>\n<\/tr>\n<tr class=\"row-1033 odd\">\n\t<td class=\"column-1\">HAUMONT<\/td><td class=\"column-2\">RUE GAMBETTA<\/td><td class=\"column-3\">LA PHARMACIE VUILLEMIN<\/td><td class=\"column-4\">NORD<\/td><td class=\"column-5\">2006<\/td><td class=\"column-6\"><a href=\"https:\/\/www.calendriers-artistiques.fr\/wp-content\/uploads\/calendriersmedia\/2006 (24).jpg\"><img loading=\"lazy\" src=\"https:\/\/www.calendriers-artistiques.fr\/wp-content\/uploads\/calendriersmedia\/vignette.jpg\" alt=\"\" width=\"33\" height=\"85\" class=\"alignnone size-full wp-image-24\" \/><\/a><\/td>\n<\/tr>\n<tr class=\"row-1034 even\">\n\t<td class=\"column-1\">HAZEBROUCK<\/td><td class=\"column-2\">RUE NOTRE DAME<\/td><td class=\"column-3\">L'OPTIQUE ET LA PHARMACIE DEPELCHIN<\/td><td class=\"column-4\">NORD<\/td><td class=\"column-5\">2006<\/td><td class=\"column-6\"><a href=\"https:\/\/www.calendriers-artistiques.fr\/wp-content\/uploads\/calendriersmedia\/2006 (25).jpg\"><img loading=\"lazy\" src=\"https:\/\/www.calendriers-artistiques.fr\/wp-content\/uploads\/calendriersmedia\/vignette.jpg\" alt=\"\" width=\"33\" height=\"85\" class=\"alignnone size-full wp-image-24\" \/><\/a><\/td>\n<\/tr>\n<tr class=\"row-1035 odd\">\n\t<td class=\"column-1\">HEM<\/td><td class=\"column-2\">AVENUE DU MARECHAL LYAUTEY<\/td><td class=\"column-3\">LA PHARMACIE BEAREZ-COUPE<\/td><td class=\"column-4\">NORD<\/td><td class=\"column-5\">2006<\/td><td class=\"column-6\"><a href=\"https:\/\/www.calendriers-artistiques.fr\/wp-content\/uploads\/calendriersmedia\/2006 (26).jpg\"><img loading=\"lazy\" src=\"https:\/\/www.calendriers-artistiques.fr\/wp-content\/uploads\/calendriersmedia\/vignette.jpg\" alt=\"\" width=\"33\" height=\"85\" class=\"alignnone size-full wp-image-24\" \/><\/a><\/td>\n<\/tr>\n<tr class=\"row-1036 even\">\n\t<td class=\"column-1\">HEM<\/td><td class=\"column-2\">RUE DU GENERAL LECLERCQ<\/td><td class=\"column-3\">LA PHARMACIE CARON<\/td><td class=\"column-4\">NORD<\/td><td class=\"column-5\">2006<\/td><td class=\"column-6\"><a href=\"https:\/\/www.calendriers-artistiques.fr\/wp-content\/uploads\/calendriersmedia\/2006 (27).jpg\"><img loading=\"lazy\" src=\"https:\/\/www.calendriers-artistiques.fr\/wp-content\/uploads\/calendriersmedia\/vignette.jpg\" alt=\"\" width=\"33\" height=\"85\" class=\"alignnone size-full wp-image-24\" \/><\/a><\/td>\n<\/tr>\n<tr class=\"row-1037 odd\">\n\t<td class=\"column-1\">HENIN-BEAUMONT<\/td><td class=\"column-2\">BOULEVARD SCHWEITZER<\/td><td class=\"column-3\">LA BOUTIQUE DU MATERIEL MEDICAL<\/td><td class=\"column-4\">PAS-DE-CALAIS<\/td><td class=\"column-5\">2006<\/td><td class=\"column-6\"><a href=\"https:\/\/www.calendriers-artistiques.fr\/wp-content\/uploads\/calendriersmedia\/2006 (28).jpg\"><img loading=\"lazy\" src=\"https:\/\/www.calendriers-artistiques.fr\/wp-content\/uploads\/calendriersmedia\/vignette.jpg\" alt=\"\" width=\"33\" height=\"85\" class=\"alignnone size-full wp-image-24\" \/><\/a><\/td>\n<\/tr>\n<tr class=\"row-1038 even\">\n\t<td class=\"column-1\">INCHY<\/td><td class=\"column-2\">PLACE EUGENE THOMAS<\/td><td class=\"column-3\">LA PHARMACIE FOVEZ<\/td><td class=\"column-4\">NORD<\/td><td class=\"column-5\">2006<\/td><td class=\"column-6\"><a href=\"https:\/\/www.calendriers-artistiques.fr\/wp-content\/uploads\/calendriersmedia\/2006 (29).jpg\"><img loading=\"lazy\" src=\"https:\/\/www.calendriers-artistiques.fr\/wp-content\/uploads\/calendriersmedia\/vignette.jpg\" alt=\"\" width=\"33\" height=\"85\" class=\"alignnone size-full wp-image-24\" \/><\/a><\/td>\n<\/tr>\n<tr class=\"row-1039 odd\">\n\t<td class=\"column-1\">IWUY<\/td><td class=\"column-2\">RUE DU MARECHAL FOCH<\/td><td class=\"column-3\">LA PHARMACIE LEDRU<\/td><td class=\"column-4\">NORD<\/td><td class=\"column-5\">2006<\/td><td class=\"column-6\"><a href=\"https:\/\/www.calendriers-artistiques.fr\/wp-content\/uploads\/calendriersmedia\/2006 (30).jpg\"><img loading=\"lazy\" src=\"https:\/\/www.calendriers-artistiques.fr\/wp-content\/uploads\/calendriersmedia\/vignette.jpg\" alt=\"\" width=\"33\" height=\"85\" class=\"alignnone size-full wp-image-24\" \/><\/a><\/td>\n<\/tr>\n<tr class=\"row-1040 even\">\n\t<td class=\"column-1\">LA GORGUE<\/td><td class=\"column-2\">RUE JEAN MERMOZ<\/td><td class=\"column-3\">LA PHARMACIE PICOT<\/td><td class=\"column-4\">NORD<\/td><td class=\"column-5\">2006<\/td><td class=\"column-6\"><a href=\"https:\/\/www.calendriers-artistiques.fr\/wp-content\/uploads\/calendriersmedia\/2006 (31).jpg\"><img loading=\"lazy\" src=\"https:\/\/www.calendriers-artistiques.fr\/wp-content\/uploads\/calendriersmedia\/vignette.jpg\" alt=\"\" width=\"33\" height=\"85\" class=\"alignnone size-full wp-image-24\" \/><\/a><\/td>\n<\/tr>\n<tr class=\"row-1041 odd\">\n\t<td class=\"column-1\">LE CATEAU<\/td><td class=\"column-2\">RUE GAMBETTA<\/td><td class=\"column-3\">LA PHARMACIE PRIEUR<\/td><td class=\"column-4\">NORD<\/td><td class=\"column-5\">2006<\/td><td class=\"column-6\"><a href=\"https:\/\/www.calendriers-artistiques.fr\/wp-content\/uploads\/calendriersmedia\/2006 (32).jpg\"><img loading=\"lazy\" src=\"https:\/\/www.calendriers-artistiques.fr\/wp-content\/uploads\/calendriersmedia\/vignette.jpg\" alt=\"\" width=\"33\" height=\"85\" class=\"alignnone size-full wp-image-24\" \/><\/a><\/td>\n<\/tr>\n<tr class=\"row-1042 even\">\n\t<td class=\"column-1\">LEFFRINCKOUCKE<\/td><td class=\"column-2\">RUE DES ANCIENS COMBATTANTS<\/td><td class=\"column-3\">LA PHARMACIE DE LA GARE<\/td><td class=\"column-4\">NORD<\/td><td class=\"column-5\">2006<\/td><td class=\"column-6\"><a href=\"https:\/\/www.calendriers-artistiques.fr\/wp-content\/uploads\/calendriersmedia\/2006 (33).jpg\"><img loading=\"lazy\" src=\"https:\/\/www.calendriers-artistiques.fr\/wp-content\/uploads\/calendriersmedia\/vignette.jpg\" alt=\"\" width=\"33\" height=\"85\" class=\"alignnone size-full wp-image-24\" \/><\/a><\/td>\n<\/tr>\n<tr class=\"row-1043 odd\">\n\t<td class=\"column-1\">LEFFRINCKOUCKE<\/td><td class=\"column-2\">PLACE DELVALLEZ<\/td><td class=\"column-3\">LA PHARMACIE DE LA MER<\/td><td class=\"column-4\">NORD<\/td><td class=\"column-5\">2006<\/td><td class=\"column-6\"><a href=\"https:\/\/www.calendriers-artistiques.fr\/wp-content\/uploads\/calendriersmedia\/2006 (34).jpg\"><img loading=\"lazy\" src=\"https:\/\/www.calendriers-artistiques.fr\/wp-content\/uploads\/calendriersmedia\/vignette.jpg\" alt=\"\" width=\"33\" height=\"85\" class=\"alignnone size-full wp-image-24\" \/><\/a><\/td>\n<\/tr>\n<tr class=\"row-1044 even\">\n\t<td class=\"column-1\">LEFOREST<\/td><td class=\"column-2\">RUE LEON GAMBETTA<\/td><td class=\"column-3\">LA PHARMACIE DE LA PLACE<\/td><td class=\"column-4\">PAS-DE-CALAIS<\/td><td class=\"column-5\">2006<\/td><td class=\"column-6\"><a href=\"https:\/\/www.calendriers-artistiques.fr\/wp-content\/uploads\/calendriersmedia\/2006 (35).jpg\"><img loading=\"lazy\" src=\"https:\/\/www.calendriers-artistiques.fr\/wp-content\/uploads\/calendriersmedia\/vignette.jpg\" alt=\"\" width=\"33\" height=\"85\" class=\"alignnone size-full wp-image-24\" \/><\/a><\/td>\n<\/tr>\n<tr class=\"row-1045 odd\">\n\t<td class=\"column-1\">LE LUC EN PROVENCE<\/td><td class=\"column-2\">RUE DE LA REPUBLIQUE<\/td><td class=\"column-3\">LA PHARMACIE DES ARCADES<\/td><td class=\"column-4\">VAR<\/td><td class=\"column-5\">2006<\/td><td class=\"column-6\"><a href=\"https:\/\/www.calendriers-artistiques.fr\/wp-content\/uploads\/calendriersmedia\/2006 (36).jpg\"><img loading=\"lazy\" src=\"https:\/\/www.calendriers-artistiques.fr\/wp-content\/uploads\/calendriersmedia\/vignette.jpg\" alt=\"\" width=\"33\" height=\"85\" class=\"alignnone size-full wp-image-24\" \/><\/a><\/td>\n<\/tr>\n<tr class=\"row-1046 even\">\n\t<td class=\"column-1\">LESQUIN<\/td><td class=\"column-2\">ROUTE DE DOUAI<\/td><td class=\"column-3\">LA BOUTIQUE DU MATERIEL MEDICAL<\/td><td class=\"column-4\">NORD<\/td><td class=\"column-5\">2006<\/td><td class=\"column-6\"><a href=\"https:\/\/www.calendriers-artistiques.fr\/wp-content\/uploads\/calendriersmedia\/2006 (37).jpg\"><img loading=\"lazy\" src=\"https:\/\/www.calendriers-artistiques.fr\/wp-content\/uploads\/calendriersmedia\/vignette.jpg\" alt=\"\" width=\"33\" height=\"85\" class=\"alignnone size-full wp-image-24\" \/><\/a><\/td>\n<\/tr>\n<tr class=\"row-1047 odd\">\n\t<td class=\"column-1\">LIBERCOURT<\/td><td class=\"column-2\">PLACE LEON BLUM<\/td><td class=\"column-3\">LA BOUTIQUE DU MATERIEL MEDICAL<\/td><td class=\"column-4\">PAS-DE-CALAIS<\/td><td class=\"column-5\">2006<\/td><td class=\"column-6\"><a href=\"https:\/\/www.calendriers-artistiques.fr\/wp-content\/uploads\/calendriersmedia\/2006 (38).jpg\"><img loading=\"lazy\" src=\"https:\/\/www.calendriers-artistiques.fr\/wp-content\/uploads\/calendriersmedia\/vignette.jpg\" alt=\"\" width=\"33\" height=\"85\" class=\"alignnone size-full wp-image-24\" \/><\/a><\/td>\n<\/tr>\n<tr class=\"row-1048 even\">\n\t<td class=\"column-1\">LIBERCOURT<\/td><td class=\"column-2\">RUE CYPRIEN QUINET<\/td><td class=\"column-3\">LA PHARMACIE DE LA POSTE<\/td><td class=\"column-4\">PAS-DE-CALAIS<\/td><td class=\"column-5\">2006<\/td><td class=\"column-6\"><a href=\"https:\/\/www.calendriers-artistiques.fr\/wp-content\/uploads\/calendriersmedia\/2006 (39).jpg\"><img loading=\"lazy\" src=\"https:\/\/www.calendriers-artistiques.fr\/wp-content\/uploads\/calendriersmedia\/vignette.jpg\" alt=\"\" width=\"33\" height=\"85\" class=\"alignnone size-full wp-image-24\" \/><\/a><\/td>\n<\/tr>\n<tr class=\"row-1049 odd\">\n\t<td class=\"column-1\">LILLE<\/td><td class=\"column-2\">RUE PIERRE LEGRAND<\/td><td class=\"column-3\">LA PHARMACIE DU BERGER<\/td><td class=\"column-4\">NORD<\/td><td class=\"column-5\">2006<\/td><td class=\"column-6\"><a href=\"https:\/\/www.calendriers-artistiques.fr\/wp-content\/uploads\/calendriersmedia\/2006 (40).jpg\"><img loading=\"lazy\" src=\"https:\/\/www.calendriers-artistiques.fr\/wp-content\/uploads\/calendriersmedia\/vignette.jpg\" alt=\"\" width=\"33\" height=\"85\" class=\"alignnone size-full wp-image-24\" \/><\/a><\/td>\n<\/tr>\n<tr class=\"row-1050 even\">\n\t<td class=\"column-1\">LILLE<\/td><td class=\"column-2\">RUE DU FAUBOURG DES POSTES<\/td><td class=\"column-3\">LA PHARMACIE DU FAUBOURG<\/td><td class=\"column-4\">NORD<\/td><td class=\"column-5\">2006<\/td><td class=\"column-6\"><a href=\"https:\/\/www.calendriers-artistiques.fr\/wp-content\/uploads\/calendriersmedia\/2006 (41).jpg\"><img loading=\"lazy\" src=\"https:\/\/www.calendriers-artistiques.fr\/wp-content\/uploads\/calendriersmedia\/vignette.jpg\" alt=\"\" width=\"33\" height=\"85\" class=\"alignnone size-full wp-image-24\" \/><\/a><\/td>\n<\/tr>\n<tr class=\"row-1051 odd\">\n\t<td class=\"column-1\">LILLE<\/td><td class=\"column-2\">RUE MASSENA<\/td><td class=\"column-3\">LA PHARMACIE DES HALLES<\/td><td class=\"column-4\">NORD<\/td><td class=\"column-5\">2006<\/td><td class=\"column-6\"><a href=\"https:\/\/www.calendriers-artistiques.fr\/wp-content\/uploads\/calendriersmedia\/2006 (42).jpg\"><img loading=\"lazy\" src=\"https:\/\/www.calendriers-artistiques.fr\/wp-content\/uploads\/calendriersmedia\/vignette.jpg\" alt=\"\" width=\"33\" height=\"85\" class=\"alignnone size-full wp-image-24\" \/><\/a><\/td>\n<\/tr>\n<tr class=\"row-1052 even\">\n\t<td class=\"column-1\">LILLE<\/td><td class=\"column-2\">RUE SAINT SAUVEUR<\/td><td class=\"column-3\">LA PHARMACIE DE L'H\u00c3\u0192\u00e2\u20ac\u009dTEL DE VILLE<\/td><td class=\"column-4\">NORD<\/td><td class=\"column-5\">2006<\/td><td class=\"column-6\"><a href=\"https:\/\/www.calendriers-artistiques.fr\/wp-content\/uploads\/calendriersmedia\/2006 (43).jpg\"><img loading=\"lazy\" src=\"https:\/\/www.calendriers-artistiques.fr\/wp-content\/uploads\/calendriersmedia\/vignette.jpg\" alt=\"\" width=\"33\" height=\"85\" class=\"alignnone size-full wp-image-24\" \/><\/a><\/td>\n<\/tr>\n<tr class=\"row-1053 odd\">\n\t<td class=\"column-1\">LILLE<\/td><td class=\"column-2\">RUE DES POSTES<\/td><td class=\"column-3\">LA PHARMACIE LECLERCQ<\/td><td class=\"column-4\">NORD<\/td><td class=\"column-5\">2006<\/td><td class=\"column-6\"><a href=\"https:\/\/www.calendriers-artistiques.fr\/wp-content\/uploads\/calendriersmedia\/2006 (44).jpg\"><img loading=\"lazy\" src=\"https:\/\/www.calendriers-artistiques.fr\/wp-content\/uploads\/calendriersmedia\/vignette.jpg\" alt=\"\" width=\"33\" height=\"85\" class=\"alignnone size-full wp-image-24\" \/><\/a><\/td>\n<\/tr>\n<tr class=\"row-1054 even\">\n\t<td class=\"column-1\">LOMPREZ<\/td><td class=\"column-2\">RUE DE L'EGLISE<\/td><td class=\"column-3\">LA PHARMACIE TERNAUX<\/td><td class=\"column-4\">NORD<\/td><td class=\"column-5\">2006<\/td><td class=\"column-6\"><a href=\"https:\/\/www.calendriers-artistiques.fr\/wp-content\/uploads\/calendriersmedia\/2006 (45).jpg\"><img loading=\"lazy\" src=\"https:\/\/www.calendriers-artistiques.fr\/wp-content\/uploads\/calendriersmedia\/vignette.jpg\" alt=\"\" width=\"33\" height=\"85\" class=\"alignnone size-full wp-image-24\" \/><\/a><\/td>\n<\/tr>\n<tr class=\"row-1055 odd\">\n\t<td class=\"column-1\">LOOS<\/td><td class=\"column-2\">BOULEVARD DE LA REPUBLIQUE<\/td><td class=\"column-3\">LA PHARMACIE DU BOULEVARD<\/td><td class=\"column-4\">NORD<\/td><td class=\"column-5\">2006<\/td><td class=\"column-6\"><a href=\"https:\/\/www.calendriers-artistiques.fr\/wp-content\/uploads\/calendriersmedia\/2006 (46).jpg\"><img loading=\"lazy\" src=\"https:\/\/www.calendriers-artistiques.fr\/wp-content\/uploads\/calendriersmedia\/vignette.jpg\" alt=\"\" width=\"33\" height=\"85\" class=\"alignnone size-full wp-image-24\" \/><\/a><\/td>\n<\/tr>\n<tr class=\"row-1056 even\">\n\t<td class=\"column-1\">LOUVROIL<\/td><td class=\"column-2\">ROUTE D'AVESNES<\/td><td class=\"column-3\">LA PHARMACIE LALLEMENT-MOREAU<\/td><td class=\"column-4\">NORD<\/td><td class=\"column-5\">2006<\/td><td class=\"column-6\"><a href=\"https:\/\/www.calendriers-artistiques.fr\/wp-content\/uploads\/calendriersmedia\/2006 (47).jpg\"><img loading=\"lazy\" src=\"https:\/\/www.calendriers-artistiques.fr\/wp-content\/uploads\/calendriersmedia\/vignette.jpg\" alt=\"\" width=\"33\" height=\"85\" class=\"alignnone size-full wp-image-24\" \/><\/a><\/td>\n<\/tr>\n<tr class=\"row-1057 odd\">\n\t<td class=\"column-1\">LYS-LEZ-LANNOY<\/td><td class=\"column-2\">RUE JULES GUESDE<\/td><td class=\"column-3\">LA PHARMACIE DE LA JUSTICE<\/td><td class=\"column-4\">NORD<\/td><td class=\"column-5\">2006<\/td><td class=\"column-6\"><a href=\"https:\/\/www.calendriers-artistiques.fr\/wp-content\/uploads\/calendriersmedia\/2006 (48).jpg\"><img loading=\"lazy\" src=\"https:\/\/www.calendriers-artistiques.fr\/wp-content\/uploads\/calendriersmedia\/vignette.jpg\" alt=\"\" width=\"33\" height=\"85\" class=\"alignnone size-full wp-image-24\" \/><\/a><\/td>\n<\/tr>\n<tr class=\"row-1058 even\">\n\t<td class=\"column-1\">MARCQ-EN-BAROEUL<\/td><td class=\"column-2\">RUE ALBERT BAILLY<\/td><td class=\"column-3\">LA PHARMACIE DE LA MARQUE<\/td><td class=\"column-4\">NORD<\/td><td class=\"column-5\">2006<\/td><td class=\"column-6\"><a href=\"https:\/\/www.calendriers-artistiques.fr\/wp-content\/uploads\/calendriersmedia\/2006 (49).jpg\"><img loading=\"lazy\" src=\"https:\/\/www.calendriers-artistiques.fr\/wp-content\/uploads\/calendriersmedia\/vignette.jpg\" alt=\"\" width=\"33\" height=\"85\" class=\"alignnone size-full wp-image-24\" \/><\/a><\/td>\n<\/tr>\n<tr class=\"row-1059 odd\">\n\t<td class=\"column-1\">MARQUETTE<\/td><td class=\"column-2\">PLACE DU GENERAL DE GAULLE<\/td><td class=\"column-3\">LA PHARMACIE DU CENTRE<\/td><td class=\"column-4\">NORD<\/td><td class=\"column-5\">2006<\/td><td class=\"column-6\"><a href=\"https:\/\/www.calendriers-artistiques.fr\/wp-content\/uploads\/calendriersmedia\/2006 (50).jpg\"><img loading=\"lazy\" src=\"https:\/\/www.calendriers-artistiques.fr\/wp-content\/uploads\/calendriersmedia\/vignette.jpg\" alt=\"\" width=\"33\" height=\"85\" class=\"alignnone size-full wp-image-24\" \/><\/a><\/td>\n<\/tr>\n<tr class=\"row-1060 even\">\n\t<td class=\"column-1\">MAUBEUGE<\/td><td class=\"column-2\">RUE D'HAUMONT<\/td><td class=\"column-3\">LA PHARMACIE HEULERS<\/td><td class=\"column-4\">NORD<\/td><td class=\"column-5\">2006<\/td><td class=\"column-6\"><a href=\"https:\/\/www.calendriers-artistiques.fr\/wp-content\/uploads\/calendriersmedia\/2006 (51).jpg\"><img loading=\"lazy\" src=\"https:\/\/www.calendriers-artistiques.fr\/wp-content\/uploads\/calendriersmedia\/vignette.jpg\" alt=\"\" width=\"33\" height=\"85\" class=\"alignnone size-full wp-image-24\" \/><\/a><\/td>\n<\/tr>\n<tr class=\"row-1061 odd\">\n\t<td class=\"column-1\">MONTREUIL-SUR-MER<\/td><td class=\"column-2\">PLACE DARNETAL<\/td><td class=\"column-3\">LA PHARMACIE LEGENDRE<\/td><td class=\"column-4\">PAS-DE-CALAIS<\/td><td class=\"column-5\">2006<\/td><td class=\"column-6\"><a href=\"https:\/\/www.calendriers-artistiques.fr\/wp-content\/uploads\/calendriersmedia\/2006 (52).jpg\"><img loading=\"lazy\" src=\"https:\/\/www.calendriers-artistiques.fr\/wp-content\/uploads\/calendriersmedia\/vignette.jpg\" alt=\"\" width=\"33\" height=\"85\" class=\"alignnone size-full wp-image-24\" \/><\/a><\/td>\n<\/tr>\n<tr class=\"row-1062 even\">\n\t<td class=\"column-1\">MOUVAUX<\/td><td class=\"column-2\">RUE DE LILLE<\/td><td class=\"column-3\">LA PHARMACIE DELCOUR-BUYSSE<\/td><td class=\"column-4\">NORD<\/td><td class=\"column-5\">2006<\/td><td class=\"column-6\"><a href=\"https:\/\/www.calendriers-artistiques.fr\/wp-content\/uploads\/calendriersmedia\/2006 (53).jpg\"><img loading=\"lazy\" src=\"https:\/\/www.calendriers-artistiques.fr\/wp-content\/uploads\/calendriersmedia\/vignette.jpg\" alt=\"\" width=\"33\" height=\"85\" class=\"alignnone size-full wp-image-24\" \/><\/a><\/td>\n<\/tr>\n<tr class=\"row-1063 odd\">\n\t<td class=\"column-1\">NEUF-MESNIL<\/td><td class=\"column-2\">RUE LUCIENNE LEGRAND<\/td><td class=\"column-3\">LA PHARMACIE ENGELHARDT<\/td><td class=\"column-4\">NORD<\/td><td class=\"column-5\">2006<\/td><td class=\"column-6\"><a href=\"https:\/\/www.calendriers-artistiques.fr\/wp-content\/uploads\/calendriersmedia\/2006 (54).jpg\"><img loading=\"lazy\" src=\"https:\/\/www.calendriers-artistiques.fr\/wp-content\/uploads\/calendriersmedia\/vignette.jpg\" alt=\"\" width=\"33\" height=\"85\" class=\"alignnone size-full wp-image-24\" \/><\/a><\/td>\n<\/tr>\n<tr class=\"row-1064 even\">\n\t<td class=\"column-1\">OSTRICOURT<\/td><td class=\"column-2\">PLACE DE LA REPUBLIQUE<\/td><td class=\"column-3\">LA PHARMACIE DE L'ESTREE<\/td><td class=\"column-4\">NORD<\/td><td class=\"column-5\">2006<\/td><td class=\"column-6\"><a href=\"https:\/\/www.calendriers-artistiques.fr\/wp-content\/uploads\/calendriersmedia\/2006 (55).jpg\"><img loading=\"lazy\" src=\"https:\/\/www.calendriers-artistiques.fr\/wp-content\/uploads\/calendriersmedia\/vignette.jpg\" alt=\"\" width=\"33\" height=\"85\" class=\"alignnone size-full wp-image-24\" \/><\/a><\/td>\n<\/tr>\n<tr class=\"row-1065 odd\">\n\t<td class=\"column-1\">OYE-PLAGE<\/td><td class=\"column-2\">ROUTE NATIONALE<\/td><td class=\"column-3\">LA PHARMACIE VERHOEVEN<\/td><td class=\"column-4\">PAS-DE-CALAIS<\/td><td class=\"column-5\">2006<\/td><td class=\"column-6\"><a href=\"https:\/\/www.calendriers-artistiques.fr\/wp-content\/uploads\/calendriersmedia\/2006 (56).jpg\"><img loading=\"lazy\" src=\"https:\/\/www.calendriers-artistiques.fr\/wp-content\/uploads\/calendriersmedia\/vignette.jpg\" alt=\"\" width=\"33\" height=\"85\" class=\"alignnone size-full wp-image-24\" \/><\/a><\/td>\n<\/tr>\n<tr class=\"row-1066 even\">\n\t<td class=\"column-1\">PERENCHIES<\/td><td class=\"column-2\">RUE CARNOT<\/td><td class=\"column-3\">LA PHARMACIE DELZOIDE<\/td><td class=\"column-4\">NORD<\/td><td class=\"column-5\">2006<\/td><td class=\"column-6\"><a href=\"https:\/\/www.calendriers-artistiques.fr\/wp-content\/uploads\/calendriersmedia\/2006 (57).jpg\"><img loading=\"lazy\" src=\"https:\/\/www.calendriers-artistiques.fr\/wp-content\/uploads\/calendriersmedia\/vignette.jpg\" alt=\"\" width=\"33\" height=\"85\" class=\"alignnone size-full wp-image-24\" \/><\/a><\/td>\n<\/tr>\n<tr class=\"row-1067 odd\">\n\t<td class=\"column-1\">PHALEMPIN<\/td><td class=\"column-2\">RUE JEAN-BAPTISTE LEBAS<\/td><td class=\"column-3\">LA PHARMACIE FLEURY<\/td><td class=\"column-4\">NORD<\/td><td class=\"column-5\">2006<\/td><td class=\"column-6\"><a href=\"https:\/\/www.calendriers-artistiques.fr\/wp-content\/uploads\/calendriersmedia\/2006 (58).jpg\"><img loading=\"lazy\" src=\"https:\/\/www.calendriers-artistiques.fr\/wp-content\/uploads\/calendriersmedia\/vignette.jpg\" alt=\"\" width=\"33\" height=\"85\" class=\"alignnone size-full wp-image-24\" \/><\/a><\/td>\n<\/tr>\n<tr class=\"row-1068 even\">\n\t<td class=\"column-1\">RAMBERVILLERS<\/td><td class=\"column-2\">RUE ABEL FERRY<\/td><td class=\"column-3\">LA PHARMACIE SAINTE-LIBAIRE<\/td><td class=\"column-4\">VOSGES<\/td><td class=\"column-5\">2006<\/td><td class=\"column-6\"><a href=\"https:\/\/www.calendriers-artistiques.fr\/wp-content\/uploads\/calendriersmedia\/2006 (59).jpg\"><img loading=\"lazy\" src=\"https:\/\/www.calendriers-artistiques.fr\/wp-content\/uploads\/calendriersmedia\/vignette.jpg\" alt=\"\" width=\"33\" height=\"85\" class=\"alignnone size-full wp-image-24\" \/><\/a><\/td>\n<\/tr>\n<tr class=\"row-1069 odd\">\n\t<td class=\"column-1\">RONCQ<\/td><td class=\"column-2\">RUE DE LILLE<\/td><td class=\"column-3\">LA PHARMACIE POTENCIER<\/td><td class=\"column-4\">NORD<\/td><td class=\"column-5\">2006<\/td><td class=\"column-6\"><a href=\"https:\/\/www.calendriers-artistiques.fr\/wp-content\/uploads\/calendriersmedia\/2006 (60).jpg\"><img loading=\"lazy\" src=\"https:\/\/www.calendriers-artistiques.fr\/wp-content\/uploads\/calendriersmedia\/vignette.jpg\" alt=\"\" width=\"33\" height=\"85\" class=\"alignnone size-full wp-image-24\" \/><\/a><\/td>\n<\/tr>\n<tr class=\"row-1070 even\">\n\t<td class=\"column-1\">RONCQ<\/td><td class=\"column-2\">RUE DE LILLE<\/td><td class=\"column-3\">LA PHARMACIE POTENCIER<\/td><td class=\"column-4\">NORD<\/td><td class=\"column-5\">2006<\/td><td class=\"column-6\"><a href=\"https:\/\/www.calendriers-artistiques.fr\/wp-content\/uploads\/calendriersmedia\/2006 (61).jpg\"><img loading=\"lazy\" src=\"https:\/\/www.calendriers-artistiques.fr\/wp-content\/uploads\/calendriersmedia\/vignette.jpg\" alt=\"\" width=\"33\" height=\"85\" class=\"alignnone size-full wp-image-24\" \/><\/a><\/td>\n<\/tr>\n<tr class=\"row-1071 odd\">\n\t<td class=\"column-1\">RONCQ<\/td><td class=\"column-2\">RUE DE LILLE<\/td><td class=\"column-3\">LA PHARMACIE POTENCIER-BINAUT<\/td><td class=\"column-4\">NORD<\/td><td class=\"column-5\">2006<\/td><td class=\"column-6\"><a href=\"https:\/\/www.calendriers-artistiques.fr\/wp-content\/uploads\/calendriersmedia\/2006 (62).jpg\"><img loading=\"lazy\" src=\"https:\/\/www.calendriers-artistiques.fr\/wp-content\/uploads\/calendriersmedia\/vignette.jpg\" alt=\"\" width=\"33\" height=\"85\" class=\"alignnone size-full wp-image-24\" \/><\/a><\/td>\n<\/tr>\n<tr class=\"row-1072 even\">\n\t<td class=\"column-1\">RONCQ<\/td><td class=\"column-2\">RUE DE LILLE<\/td><td class=\"column-3\">LA PHARMACIE POTENCIER-BINAUT<\/td><td class=\"column-4\">NORD<\/td><td class=\"column-5\">2006<\/td><td class=\"column-6\"><a href=\"https:\/\/www.calendriers-artistiques.fr\/wp-content\/uploads\/calendriersmedia\/2006 (63).jpg\"><img loading=\"lazy\" src=\"https:\/\/www.calendriers-artistiques.fr\/wp-content\/uploads\/calendriersmedia\/vignette.jpg\" alt=\"\" width=\"33\" height=\"85\" class=\"alignnone size-full wp-image-24\" \/><\/a><\/td>\n<\/tr>\n<tr class=\"row-1073 odd\">\n\t<td class=\"column-1\">ROSENDA\u00c3\u0192\u00e2\u20ac\u00b9L<\/td><td class=\"column-2\">RUE PAUL MACHY<\/td><td class=\"column-3\">LA PHARMACIE DE LA MAIRIE<\/td><td class=\"column-4\">NORD<\/td><td class=\"column-5\">2006<\/td><td class=\"column-6\"><a href=\"https:\/\/www.calendriers-artistiques.fr\/wp-content\/uploads\/calendriersmedia\/2006 (64).jpg\"><img loading=\"lazy\" src=\"https:\/\/www.calendriers-artistiques.fr\/wp-content\/uploads\/calendriersmedia\/vignette.jpg\" alt=\"\" width=\"33\" height=\"85\" class=\"alignnone size-full wp-image-24\" \/><\/a><\/td>\n<\/tr>\n<tr class=\"row-1074 even\">\n\t<td class=\"column-1\">ROUBAIX<\/td><td class=\"column-2\">RUE FAIDHERBE<\/td><td class=\"column-3\">LA PHARMACIE DECLERCQ<\/td><td class=\"column-4\">NORD<\/td><td class=\"column-5\">2006<\/td><td class=\"column-6\"><a href=\"https:\/\/www.calendriers-artistiques.fr\/wp-content\/uploads\/calendriersmedia\/2006 (65).jpg\"><img loading=\"lazy\" src=\"https:\/\/www.calendriers-artistiques.fr\/wp-content\/uploads\/calendriersmedia\/vignette.jpg\" alt=\"\" width=\"33\" height=\"85\" class=\"alignnone size-full wp-image-24\" \/><\/a><\/td>\n<\/tr>\n<tr class=\"row-1075 odd\">\n\t<td class=\"column-1\">ROUBAIX<\/td><td class=\"column-2\">PLACE DU TRICHON<\/td><td class=\"column-3\">LA PHARMACIEFAYS-BALLOIS<\/td><td class=\"column-4\">NORD<\/td><td class=\"column-5\">2006<\/td><td class=\"column-6\"><a href=\"https:\/\/www.calendriers-artistiques.fr\/wp-content\/uploads\/calendriersmedia\/2006 (66).jpg\"><img loading=\"lazy\" src=\"https:\/\/www.calendriers-artistiques.fr\/wp-content\/uploads\/calendriersmedia\/vignette.jpg\" alt=\"\" width=\"33\" height=\"85\" class=\"alignnone size-full wp-image-24\" \/><\/a><\/td>\n<\/tr>\n<tr class=\"row-1076 even\">\n\t<td class=\"column-1\">SAINGHIN-EN-WEPPES<\/td><td class=\"column-2\">RUE JULES GUESDE<\/td><td class=\"column-3\">LA PHARMACIE CARETTE-PARENT<\/td><td class=\"column-4\">NORD<\/td><td class=\"column-5\">2006<\/td><td class=\"column-6\"><a href=\"https:\/\/www.calendriers-artistiques.fr\/wp-content\/uploads\/calendriersmedia\/2006 (67).jpg\"><img loading=\"lazy\" src=\"https:\/\/www.calendriers-artistiques.fr\/wp-content\/uploads\/calendriersmedia\/vignette.jpg\" alt=\"\" width=\"33\" height=\"85\" class=\"alignnone size-full wp-image-24\" \/><\/a><\/td>\n<\/tr>\n<tr class=\"row-1077 odd\">\n\t<td class=\"column-1\">SAINT-DIE<\/td><td class=\"column-2\">PLACE SAINT-MARTIN<\/td><td class=\"column-3\">LA PHARMACIE CENTRALE<\/td><td class=\"column-4\">VOSGES<\/td><td class=\"column-5\">2006<\/td><td class=\"column-6\"><a href=\"https:\/\/www.calendriers-artistiques.fr\/wp-content\/uploads\/calendriersmedia\/2006 (68).jpg\"><img loading=\"lazy\" src=\"https:\/\/www.calendriers-artistiques.fr\/wp-content\/uploads\/calendriersmedia\/vignette.jpg\" alt=\"\" width=\"33\" height=\"85\" class=\"alignnone size-full wp-image-24\" \/><\/a><\/td>\n<\/tr>\n<tr class=\"row-1078 even\">\n\t<td class=\"column-1\">SAINT-MAXIMIN<\/td><td class=\"column-2\">RUE GUTEMBERG<\/td><td class=\"column-3\">LA PHARMACIE CICCIONE<\/td><td class=\"column-4\">VAR<\/td><td class=\"column-5\">2006<\/td><td class=\"column-6\"><a href=\"https:\/\/www.calendriers-artistiques.fr\/wp-content\/uploads\/calendriersmedia\/2006 (69).jpg\"><img loading=\"lazy\" src=\"https:\/\/www.calendriers-artistiques.fr\/wp-content\/uploads\/calendriersmedia\/vignette.jpg\" alt=\"\" width=\"33\" height=\"85\" class=\"alignnone size-full wp-image-24\" \/><\/a><\/td>\n<\/tr>\n<tr class=\"row-1079 odd\">\n\t<td class=\"column-1\">SAINT-OMER<\/td><td class=\"column-2\">PLACE FOCH<\/td><td class=\"column-3\">LA PHARMACIE SYLVIE<\/td><td class=\"column-4\">PAS-DE-CALAIS<\/td><td class=\"column-5\">2006<\/td><td class=\"column-6\"><a href=\"https:\/\/www.calendriers-artistiques.fr\/wp-content\/uploads\/calendriersmedia\/2006 (70).jpg\"><img loading=\"lazy\" src=\"https:\/\/www.calendriers-artistiques.fr\/wp-content\/uploads\/calendriersmedia\/vignette.jpg\" alt=\"\" width=\"33\" height=\"85\" class=\"alignnone size-full wp-image-24\" \/><\/a><\/td>\n<\/tr>\n<tr class=\"row-1080 even\">\n\t<td class=\"column-1\">SAINT-VENANT<\/td><td class=\"column-2\">PLACE DU GENERAL DE GAULLE<\/td><td class=\"column-3\">LA PHARMACIE COURMONT<\/td><td class=\"column-4\">PAS-DE-CALAIS<\/td><td class=\"column-5\">2006<\/td><td class=\"column-6\"><a href=\"https:\/\/www.calendriers-artistiques.fr\/wp-content\/uploads\/calendriersmedia\/2006 (71).jpg\"><img loading=\"lazy\" src=\"https:\/\/www.calendriers-artistiques.fr\/wp-content\/uploads\/calendriersmedia\/vignette.jpg\" alt=\"\" width=\"33\" height=\"85\" class=\"alignnone size-full wp-image-24\" \/><\/a><\/td>\n<\/tr>\n<tr class=\"row-1081 odd\">\n\t<td class=\"column-1\">STEENVOORDE<\/td><td class=\"column-2\">PLACE SAINT-PIERRE<\/td><td class=\"column-3\">LA PHARMACIE SAINT-PIERRE<\/td><td class=\"column-4\">NORD<\/td><td class=\"column-5\">2006<\/td><td class=\"column-6\"><a href=\"https:\/\/www.calendriers-artistiques.fr\/wp-content\/uploads\/calendriersmedia\/2006 (72).jpg\"><img loading=\"lazy\" src=\"https:\/\/www.calendriers-artistiques.fr\/wp-content\/uploads\/calendriersmedia\/vignette.jpg\" alt=\"\" width=\"33\" height=\"85\" class=\"alignnone size-full wp-image-24\" \/><\/a><\/td>\n<\/tr>\n<tr class=\"row-1082 even\">\n\t<td class=\"column-1\">TOURCOING<\/td><td class=\"column-2\">BOULEVARD GAMBETTA<\/td><td class=\"column-3\">DEBAISIEUX IMMOBILIER<\/td><td class=\"column-4\">NORD<\/td><td class=\"column-5\">2006<\/td><td class=\"column-6\"><a href=\"https:\/\/www.calendriers-artistiques.fr\/wp-content\/uploads\/calendriersmedia\/2006 (73).jpg\"><img loading=\"lazy\" src=\"https:\/\/www.calendriers-artistiques.fr\/wp-content\/uploads\/calendriersmedia\/vignette.jpg\" alt=\"\" width=\"33\" height=\"85\" class=\"alignnone size-full wp-image-24\" \/><\/a><\/td>\n<\/tr>\n<tr class=\"row-1083 odd\">\n\t<td class=\"column-1\">TOURCOING<\/td><td class=\"column-2\">RUE DE PARIS<\/td><td class=\"column-3\">LA PHARMACIE LOCOCHE-SMAL<\/td><td class=\"column-4\">NORD<\/td><td class=\"column-5\">2006<\/td><td class=\"column-6\"><a href=\"https:\/\/www.calendriers-artistiques.fr\/wp-content\/uploads\/calendriersmedia\/2006 (74).jpg\"><img loading=\"lazy\" src=\"https:\/\/www.calendriers-artistiques.fr\/wp-content\/uploads\/calendriersmedia\/vignette.jpg\" alt=\"\" width=\"33\" height=\"85\" class=\"alignnone size-full wp-image-24\" \/><\/a><\/td>\n<\/tr>\n<tr class=\"row-1084 even\">\n\t<td class=\"column-1\">VALENCIENNES<\/td><td class=\"column-2\">RUE DE MONS<\/td><td class=\"column-3\">LA PHARMACIE LETERME-WIBAUX<\/td><td class=\"column-4\">NORD<\/td><td class=\"column-5\">2006<\/td><td class=\"column-6\"><a href=\"https:\/\/www.calendriers-artistiques.fr\/wp-content\/uploads\/calendriersmedia\/2006 (75).jpg\"><img loading=\"lazy\" src=\"https:\/\/www.calendriers-artistiques.fr\/wp-content\/uploads\/calendriersmedia\/vignette.jpg\" alt=\"\" width=\"33\" height=\"85\" class=\"alignnone size-full wp-image-24\" \/><\/a><\/td>\n<\/tr>\n<tr class=\"row-1085 odd\">\n\t<td class=\"column-1\">VALENCIENNES<\/td><td class=\"column-2\">AVENUE DE VERDUN<\/td><td class=\"column-3\">LA PHARMACIE DE ROMAINVILLE<\/td><td class=\"column-4\">NORD<\/td><td class=\"column-5\">2006<\/td><td class=\"column-6\"><a href=\"https:\/\/www.calendriers-artistiques.fr\/wp-content\/uploads\/calendriersmedia\/2006 (76).jpg\"><img loading=\"lazy\" src=\"https:\/\/www.calendriers-artistiques.fr\/wp-content\/uploads\/calendriersmedia\/vignette.jpg\" alt=\"\" width=\"33\" height=\"85\" class=\"alignnone size-full wp-image-24\" \/><\/a><\/td>\n<\/tr>\n<tr class=\"row-1086 even\">\n\t<td class=\"column-1\">VERMELLES<\/td><td class=\"column-2\">RUE JEAN JAURES<\/td><td class=\"column-3\">LA PHARMACIE DELEPLANCQUE<\/td><td class=\"column-4\">PAS-DE-CALAIS<\/td><td class=\"column-5\">2006<\/td><td class=\"column-6\"><a href=\"https:\/\/www.calendriers-artistiques.fr\/wp-content\/uploads\/calendriersmedia\/2006 (77).jpg\"><img loading=\"lazy\" src=\"https:\/\/www.calendriers-artistiques.fr\/wp-content\/uploads\/calendriersmedia\/vignette.jpg\" alt=\"\" width=\"33\" height=\"85\" class=\"alignnone size-full wp-image-24\" \/><\/a><\/td>\n<\/tr>\n<tr class=\"row-1087 odd\">\n\t<td class=\"column-1\">VERTON<\/td><td class=\"column-2\">RUE DE L'EGLISE<\/td><td class=\"column-3\">LA PHARMACIE FLAMENT<\/td><td class=\"column-4\">PAS-DE-CALAIS<\/td><td class=\"column-5\">2006<\/td><td class=\"column-6\"><a href=\"https:\/\/www.calendriers-artistiques.fr\/wp-content\/uploads\/calendriersmedia\/2006 (78).jpg\"><img loading=\"lazy\" src=\"https:\/\/www.calendriers-artistiques.fr\/wp-content\/uploads\/calendriersmedia\/vignette.jpg\" alt=\"\" width=\"33\" height=\"85\" class=\"alignnone size-full wp-image-24\" \/><\/a><\/td>\n<\/tr>\n<tr class=\"row-1088 even\">\n\t<td class=\"column-1\">WATTRELOS<\/td><td class=\"column-2\">ALLEE LEONARD DE VINCI<\/td><td class=\"column-3\">LA PHARMACIE DU TILLEUL<\/td><td class=\"column-4\">NORD<\/td><td class=\"column-5\">2006<\/td><td class=\"column-6\"><a href=\"https:\/\/www.calendriers-artistiques.fr\/wp-content\/uploads\/calendriersmedia\/2006 (79).jpg\"><img loading=\"lazy\" src=\"https:\/\/www.calendriers-artistiques.fr\/wp-content\/uploads\/calendriersmedia\/vignette.jpg\" alt=\"\" width=\"33\" height=\"85\" class=\"alignnone size-full wp-image-24\" \/><\/a><\/td>\n<\/tr>\n<tr class=\"row-1089 odd\">\n\t<td class=\"column-1\">ARMENTIERES<\/td><td class=\"column-2\">PLACE DE LA REPUBLIQUE<\/td><td class=\"column-3\">LA PHARMACIE SAUNIER-BONPAIN<\/td><td class=\"column-4\">NORD<\/td><td class=\"column-5\">2005<\/td><td class=\"column-6\"><a href=\"https:\/\/www.calendriers-artistiques.fr\/wp-content\/uploads\/calendriersmedia\/2005 (1).jpg\"><img loading=\"lazy\" src=\"https:\/\/www.calendriers-artistiques.fr\/wp-content\/uploads\/calendriersmedia\/vignette.jpg\" alt=\"\" width=\"33\" height=\"85\" class=\"alignnone size-full wp-image-24\" \/><\/a><\/td>\n<\/tr>\n<tr class=\"row-1090 even\">\n\t<td class=\"column-1\">BAILLEUL<\/td><td class=\"column-2\">RUE DUFOUR<\/td><td class=\"column-3\">LA PHARMACIE FAGOO<\/td><td class=\"column-4\">NORD<\/td><td class=\"column-5\">2005<\/td><td class=\"column-6\"><a href=\"https:\/\/www.calendriers-artistiques.fr\/wp-content\/uploads\/calendriersmedia\/2005 (2).jpg\"><img loading=\"lazy\" src=\"https:\/\/www.calendriers-artistiques.fr\/wp-content\/uploads\/calendriersmedia\/vignette.jpg\" alt=\"\" width=\"33\" height=\"85\" class=\"alignnone size-full wp-image-24\" \/><\/a><\/td>\n<\/tr>\n<tr class=\"row-1091 odd\">\n\t<td class=\"column-1\">BERCK-SUR-MER<\/td><td class=\"column-2\">RUE DE L'IMPERATRICE<\/td><td class=\"column-3\">LA PHARMACIE BERCKOISE<\/td><td class=\"column-4\">PAS-DE-CALAIS<\/td><td class=\"column-5\">2005<\/td><td class=\"column-6\"><a href=\"https:\/\/www.calendriers-artistiques.fr\/wp-content\/uploads\/calendriersmedia\/2005 (3).jpg\"><img loading=\"lazy\" src=\"https:\/\/www.calendriers-artistiques.fr\/wp-content\/uploads\/calendriersmedia\/vignette.jpg\" alt=\"\" width=\"33\" height=\"85\" class=\"alignnone size-full wp-image-24\" \/><\/a><\/td>\n<\/tr>\n<tr class=\"row-1092 even\">\n\t<td class=\"column-1\">BERSEE<\/td><td class=\"column-2\">RUE DU PAVE<\/td><td class=\"column-3\">LA PHARMACIE NOLF<\/td><td class=\"column-4\">NORD<\/td><td class=\"column-5\">2005<\/td><td class=\"column-6\"><a href=\"https:\/\/www.calendriers-artistiques.fr\/wp-content\/uploads\/calendriersmedia\/2005 (4).jpg\"><img loading=\"lazy\" src=\"https:\/\/www.calendriers-artistiques.fr\/wp-content\/uploads\/calendriersmedia\/vignette.jpg\" alt=\"\" width=\"33\" height=\"85\" class=\"alignnone size-full wp-image-24\" \/><\/a><\/td>\n<\/tr>\n<tr class=\"row-1093 odd\">\n\t<td class=\"column-1\">CAMBRAI<\/td><td class=\"column-2\">PLACE DU 9 OCTOBRE<\/td><td class=\"column-3\">LA PHARMACIE DIERS<\/td><td class=\"column-4\">NORD<\/td><td class=\"column-5\">2005<\/td><td class=\"column-6\"><a href=\"https:\/\/www.calendriers-artistiques.fr\/wp-content\/uploads\/calendriersmedia\/2005 (5).jpg\"><img loading=\"lazy\" src=\"https:\/\/www.calendriers-artistiques.fr\/wp-content\/uploads\/calendriersmedia\/vignette.jpg\" alt=\"\" width=\"33\" height=\"85\" class=\"alignnone size-full wp-image-24\" \/><\/a><\/td>\n<\/tr>\n<tr class=\"row-1094 even\">\n\t<td class=\"column-1\">CAMBRAI<\/td><td class=\"column-2\">AVENUE MICHELET<\/td><td class=\"column-3\">LA PHARMACIE DU PONT MICHELET<\/td><td class=\"column-4\">NORD<\/td><td class=\"column-5\">2005<\/td><td class=\"column-6\"><a href=\"https:\/\/www.calendriers-artistiques.fr\/wp-content\/uploads\/calendriersmedia\/2005 (6).jpg\"><img loading=\"lazy\" src=\"https:\/\/www.calendriers-artistiques.fr\/wp-content\/uploads\/calendriersmedia\/vignette.jpg\" alt=\"\" width=\"33\" height=\"85\" class=\"alignnone size-full wp-image-24\" \/><\/a><\/td>\n<\/tr>\n<tr class=\"row-1095 odd\">\n\t<td class=\"column-1\">CAPELLE-EN-PEVELE<\/td><td class=\"column-2\">RUE DU GENERAL DE GAULLE<\/td><td class=\"column-3\">LA PHARMACIE DU PEVELE<\/td><td class=\"column-4\">NORD<\/td><td class=\"column-5\">2005<\/td><td class=\"column-6\"><a href=\"https:\/\/www.calendriers-artistiques.fr\/wp-content\/uploads\/calendriersmedia\/2005 (7).jpg\"><img loading=\"lazy\" src=\"https:\/\/www.calendriers-artistiques.fr\/wp-content\/uploads\/calendriersmedia\/vignette.jpg\" alt=\"\" width=\"33\" height=\"85\" class=\"alignnone size-full wp-image-24\" \/><\/a><\/td>\n<\/tr>\n<tr class=\"row-1096 even\">\n\t<td class=\"column-1\">COUDEKERQUE-BRANCHE<\/td><td class=\"column-2\">RUE JEAN JAURES<\/td><td class=\"column-3\">LA PHARMACIE HERBET<\/td><td class=\"column-4\">NORD<\/td><td class=\"column-5\">2005<\/td><td class=\"column-6\"><a href=\"https:\/\/www.calendriers-artistiques.fr\/wp-content\/uploads\/calendriersmedia\/2005 (8).jpg\"><img loading=\"lazy\" src=\"https:\/\/www.calendriers-artistiques.fr\/wp-content\/uploads\/calendriersmedia\/vignette.jpg\" alt=\"\" width=\"33\" height=\"85\" class=\"alignnone size-full wp-image-24\" \/><\/a><\/td>\n<\/tr>\n<tr class=\"row-1097 odd\">\n\t<td class=\"column-1\">CROIX<\/td><td class=\"column-2\">RUE DE LA GARE<\/td><td class=\"column-3\">L'ECOLE MATERNELLE VOLTAIRE<\/td><td class=\"column-4\">NORD<\/td><td class=\"column-5\">2005<\/td><td class=\"column-6\"><a href=\"https:\/\/www.calendriers-artistiques.fr\/wp-content\/uploads\/calendriersmedia\/2005 (9).jpg\"><img loading=\"lazy\" src=\"https:\/\/www.calendriers-artistiques.fr\/wp-content\/uploads\/calendriersmedia\/vignette.jpg\" alt=\"\" width=\"33\" height=\"85\" class=\"alignnone size-full wp-image-24\" \/><\/a><\/td>\n<\/tr>\n<tr class=\"row-1098 even\">\n\t<td class=\"column-1\">CROIX<\/td><td class=\"column-2\">AVENUE JUSSIEU<\/td><td class=\"column-3\">LA PHARMACIE DU PARC<\/td><td class=\"column-4\">NORD<\/td><td class=\"column-5\">2005<\/td><td class=\"column-6\"><a href=\"https:\/\/www.calendriers-artistiques.fr\/wp-content\/uploads\/calendriersmedia\/2005 (10).jpg\"><img loading=\"lazy\" src=\"https:\/\/www.calendriers-artistiques.fr\/wp-content\/uploads\/calendriersmedia\/vignette.jpg\" alt=\"\" width=\"33\" height=\"85\" class=\"alignnone size-full wp-image-24\" \/><\/a><\/td>\n<\/tr>\n<tr class=\"row-1099 odd\">\n\t<td class=\"column-1\">DOUAI<\/td><td class=\"column-2\">RUE DE PARIS<\/td><td class=\"column-3\">LA PHARMACIE HENNO<\/td><td class=\"column-4\">NORD<\/td><td class=\"column-5\">2005<\/td><td class=\"column-6\"><a href=\"https:\/\/www.calendriers-artistiques.fr\/wp-content\/uploads\/calendriersmedia\/2005 (11).jpg\"><img loading=\"lazy\" src=\"https:\/\/www.calendriers-artistiques.fr\/wp-content\/uploads\/calendriersmedia\/vignette.jpg\" alt=\"\" width=\"33\" height=\"85\" class=\"alignnone size-full wp-image-24\" \/><\/a><\/td>\n<\/tr>\n<tr class=\"row-1100 even\">\n\t<td class=\"column-1\">ERQUINGHEM-LYS<\/td><td class=\"column-2\">RUE D'ARMENTIERES<\/td><td class=\"column-3\">LA PHARMACIE DU FORT MAHIEU<\/td><td class=\"column-4\">NORD<\/td><td class=\"column-5\">2005<\/td><td class=\"column-6\"><a href=\"https:\/\/www.calendriers-artistiques.fr\/wp-content\/uploads\/calendriersmedia\/2005 (12).jpg\"><img loading=\"lazy\" src=\"https:\/\/www.calendriers-artistiques.fr\/wp-content\/uploads\/calendriersmedia\/vignette.jpg\" alt=\"\" width=\"33\" height=\"85\" class=\"alignnone size-full wp-image-24\" \/><\/a><\/td>\n<\/tr>\n<tr class=\"row-1101 odd\">\n\t<td class=\"column-1\">ETAPLES<\/td><td class=\"column-2\">AVENUE DU MONT LEVIN<\/td><td class=\"column-3\">LA PHARMACIE CARALP<\/td><td class=\"column-4\">PAS-DE-CALAIS<\/td><td class=\"column-5\">2005<\/td><td class=\"column-6\"><a href=\"https:\/\/www.calendriers-artistiques.fr\/wp-content\/uploads\/calendriersmedia\/2005 (13).jpg\"><img loading=\"lazy\" src=\"https:\/\/www.calendriers-artistiques.fr\/wp-content\/uploads\/calendriersmedia\/vignette.jpg\" alt=\"\" width=\"33\" height=\"85\" class=\"alignnone size-full wp-image-24\" \/><\/a><\/td>\n<\/tr>\n<tr class=\"row-1102 even\">\n\t<td class=\"column-1\">ETAPLES<\/td><td class=\"column-2\">PLACE DU GENERAL DE GAULLE<\/td><td class=\"column-3\">LA PHARMACIE LELOIR<\/td><td class=\"column-4\">PAS-DE-CALAIS<\/td><td class=\"column-5\">2005<\/td><td class=\"column-6\"><a href=\"https:\/\/www.calendriers-artistiques.fr\/wp-content\/uploads\/calendriersmedia\/2005 (14).jpg\"><img loading=\"lazy\" src=\"https:\/\/www.calendriers-artistiques.fr\/wp-content\/uploads\/calendriersmedia\/vignette.jpg\" alt=\"\" width=\"33\" height=\"85\" class=\"alignnone size-full wp-image-24\" \/><\/a><\/td>\n<\/tr>\n<tr class=\"row-1103 odd\">\n\t<td class=\"column-1\">FOURNES-EN-WEPPES<\/td><td class=\"column-2\">RUE FAIDHERBE<\/td><td class=\"column-3\">LA PHARMACIE GILLOOTS<\/td><td class=\"column-4\">NORD<\/td><td class=\"column-5\">2005<\/td><td class=\"column-6\"><a href=\"https:\/\/www.calendriers-artistiques.fr\/wp-content\/uploads\/calendriersmedia\/2005 (15).jpg\"><img loading=\"lazy\" src=\"https:\/\/www.calendriers-artistiques.fr\/wp-content\/uploads\/calendriersmedia\/vignette.jpg\" alt=\"\" width=\"33\" height=\"85\" class=\"alignnone size-full wp-image-24\" \/><\/a><\/td>\n<\/tr>\n<tr class=\"row-1104 even\">\n\t<td class=\"column-1\">HAUBOURDIN<\/td><td class=\"column-2\">RUE SADI CARNOT<\/td><td class=\"column-3\">LA PHARMACIE HEURTEBISE<\/td><td class=\"column-4\">NORD<\/td><td class=\"column-5\">2005<\/td><td class=\"column-6\"><a href=\"https:\/\/www.calendriers-artistiques.fr\/wp-content\/uploads\/calendriersmedia\/2005 (16).jpg\"><img loading=\"lazy\" src=\"https:\/\/www.calendriers-artistiques.fr\/wp-content\/uploads\/calendriersmedia\/vignette.jpg\" alt=\"\" width=\"33\" height=\"85\" class=\"alignnone size-full wp-image-24\" \/><\/a><\/td>\n<\/tr>\n<tr class=\"row-1105 odd\">\n\t<td class=\"column-1\">HELLEMMES<\/td><td class=\"column-2\">RUE ROGER SALENGRO<\/td><td class=\"column-3\">LA PHARMACIE JOUVENEAUX<\/td><td class=\"column-4\">NORD<\/td><td class=\"column-5\">2005<\/td><td class=\"column-6\"><a href=\"https:\/\/www.calendriers-artistiques.fr\/wp-content\/uploads\/calendriersmedia\/2005 (17).jpg\"><img loading=\"lazy\" src=\"https:\/\/www.calendriers-artistiques.fr\/wp-content\/uploads\/calendriersmedia\/vignette.jpg\" alt=\"\" width=\"33\" height=\"85\" class=\"alignnone size-full wp-image-24\" \/><\/a><\/td>\n<\/tr>\n<tr class=\"row-1106 even\">\n\t<td class=\"column-1\">HETTANGE-GRANDE<\/td><td class=\"column-2\">RUE DU GENERAL PATON<\/td><td class=\"column-3\">LA PHARMACIE TRAON<\/td><td class=\"column-4\">MOSELLE<\/td><td class=\"column-5\">2005<\/td><td class=\"column-6\"><a href=\"https:\/\/www.calendriers-artistiques.fr\/wp-content\/uploads\/calendriersmedia\/2005 (18).jpg\"><img loading=\"lazy\" src=\"https:\/\/www.calendriers-artistiques.fr\/wp-content\/uploads\/calendriersmedia\/vignette.jpg\" alt=\"\" width=\"33\" height=\"85\" class=\"alignnone size-full wp-image-24\" \/><\/a><\/td>\n<\/tr>\n<tr class=\"row-1107 odd\">\n\t<td class=\"column-1\">IWUY<\/td><td class=\"column-2\">RUE DU MARECHAL FOCH<\/td><td class=\"column-3\">LA PHARMACIE LEDRU<\/td><td class=\"column-4\">NORD<\/td><td class=\"column-5\">2005<\/td><td class=\"column-6\"><a href=\"https:\/\/www.calendriers-artistiques.fr\/wp-content\/uploads\/calendriersmedia\/2005 (19).jpg\"><img loading=\"lazy\" src=\"https:\/\/www.calendriers-artistiques.fr\/wp-content\/uploads\/calendriersmedia\/vignette.jpg\" alt=\"\" width=\"33\" height=\"85\" class=\"alignnone size-full wp-image-24\" \/><\/a><\/td>\n<\/tr>\n<tr class=\"row-1108 even\">\n\t<td class=\"column-1\">LAVENTIE<\/td><td class=\"column-2\">RUE DELPHIN CHAVATTE<\/td><td class=\"column-3\">LA PHARMACIE DE LALLOEU<\/td><td class=\"column-4\">PAS-DE-CALAIS<\/td><td class=\"column-5\">2005<\/td><td class=\"column-6\"><a href=\"https:\/\/www.calendriers-artistiques.fr\/wp-content\/uploads\/calendriersmedia\/2005 (20).jpg\"><img loading=\"lazy\" src=\"https:\/\/www.calendriers-artistiques.fr\/wp-content\/uploads\/calendriersmedia\/vignette.jpg\" alt=\"\" width=\"33\" height=\"85\" class=\"alignnone size-full wp-image-24\" \/><\/a><\/td>\n<\/tr>\n<tr class=\"row-1109 odd\">\n\t<td class=\"column-1\">LEERS<\/td><td class=\"column-2\">RUE DU GENERAL DE GAULLE<\/td><td class=\"column-3\">LA PHARMACIE NOIRET<\/td><td class=\"column-4\">NORD<\/td><td class=\"column-5\">2005<\/td><td class=\"column-6\"><a href=\"https:\/\/www.calendriers-artistiques.fr\/wp-content\/uploads\/calendriersmedia\/2005 (21).jpg\"><img loading=\"lazy\" src=\"https:\/\/www.calendriers-artistiques.fr\/wp-content\/uploads\/calendriersmedia\/vignette.jpg\" alt=\"\" width=\"33\" height=\"85\" class=\"alignnone size-full wp-image-24\" \/><\/a><\/td>\n<\/tr>\n<tr class=\"row-1110 even\">\n\t<td class=\"column-1\">LIBERCOURT<\/td><td class=\"column-2\">RUE FERNAND DARCHICOURT<\/td><td class=\"column-3\">LA PHARMACIE FAUQUEMBERGUE-FICHEUX<\/td><td class=\"column-4\">PAS-DE-CALAIS<\/td><td class=\"column-5\">2005<\/td><td class=\"column-6\"><a href=\"https:\/\/www.calendriers-artistiques.fr\/wp-content\/uploads\/calendriersmedia\/2005 (22).jpg\"><img loading=\"lazy\" src=\"https:\/\/www.calendriers-artistiques.fr\/wp-content\/uploads\/calendriersmedia\/vignette.jpg\" alt=\"\" width=\"33\" height=\"85\" class=\"alignnone size-full wp-image-24\" \/><\/a><\/td>\n<\/tr>\n<tr class=\"row-1111 odd\">\n\t<td class=\"column-1\">LILLE<\/td><td class=\"column-2\">BOULEVARD MONTEBELLO<\/td><td class=\"column-3\">LA PHARMACIE MONTEBELLO<\/td><td class=\"column-4\">NORD<\/td><td class=\"column-5\">2005<\/td><td class=\"column-6\"><a href=\"https:\/\/www.calendriers-artistiques.fr\/wp-content\/uploads\/calendriersmedia\/2005 (23).jpg\"><img loading=\"lazy\" src=\"https:\/\/www.calendriers-artistiques.fr\/wp-content\/uploads\/calendriersmedia\/vignette.jpg\" alt=\"\" width=\"33\" height=\"85\" class=\"alignnone size-full wp-image-24\" \/><\/a><\/td>\n<\/tr>\n<tr class=\"row-1112 even\">\n\t<td class=\"column-1\">LILLE<\/td><td class=\"column-2\">RUE NATIONALE<\/td><td class=\"column-3\">LA PHARMACIE DU SQUARE<\/td><td class=\"column-4\">NORD<\/td><td class=\"column-5\">2005<\/td><td class=\"column-6\"><a href=\"https:\/\/www.calendriers-artistiques.fr\/wp-content\/uploads\/calendriersmedia\/2005 (24).jpg\"><img loading=\"lazy\" src=\"https:\/\/www.calendriers-artistiques.fr\/wp-content\/uploads\/calendriersmedia\/vignette.jpg\" alt=\"\" width=\"33\" height=\"85\" class=\"alignnone size-full wp-image-24\" \/><\/a><\/td>\n<\/tr>\n<tr class=\"row-1113 odd\">\n\t<td class=\"column-1\">LILLE<\/td><td class=\"column-2\">RUE DU BUISSON<\/td><td class=\"column-3\">LA PHARMACIE DU BUISSON<\/td><td class=\"column-4\">NORD<\/td><td class=\"column-5\">2005<\/td><td class=\"column-6\"><a href=\"https:\/\/www.calendriers-artistiques.fr\/wp-content\/uploads\/calendriersmedia\/2005 (25).jpg\"><img loading=\"lazy\" src=\"https:\/\/www.calendriers-artistiques.fr\/wp-content\/uploads\/calendriersmedia\/vignette.jpg\" alt=\"\" width=\"33\" height=\"85\" class=\"alignnone size-full wp-image-24\" \/><\/a><\/td>\n<\/tr>\n<tr class=\"row-1114 even\">\n\t<td class=\"column-1\">LINSELLES<\/td><td class=\"column-2\">RUE DE TOURCOING<\/td><td class=\"column-3\">LA PHARMACIE DE L'H\u00c3\u0192\u00e2\u20ac\u009dTEL DE VILLE<\/td><td class=\"column-4\">NORD<\/td><td class=\"column-5\">2005<\/td><td class=\"column-6\"><a href=\"https:\/\/www.calendriers-artistiques.fr\/wp-content\/uploads\/calendriersmedia\/2005 (26).jpg\"><img loading=\"lazy\" src=\"https:\/\/www.calendriers-artistiques.fr\/wp-content\/uploads\/calendriersmedia\/vignette.jpg\" alt=\"\" width=\"33\" height=\"85\" class=\"alignnone size-full wp-image-24\" \/><\/a><\/td>\n<\/tr>\n<tr class=\"row-1115 odd\">\n\t<td class=\"column-1\">LOMME<\/td><td class=\"column-2\">AVENUE DE LA REPUBLIQUE<\/td><td class=\"column-3\">LA PHARMACIE DE LA MAIRIE<\/td><td class=\"column-4\">NORD<\/td><td class=\"column-5\">2005<\/td><td class=\"column-6\"><a href=\"https:\/\/www.calendriers-artistiques.fr\/wp-content\/uploads\/calendriersmedia\/2005 (27).jpg\"><img loading=\"lazy\" src=\"https:\/\/www.calendriers-artistiques.fr\/wp-content\/uploads\/calendriersmedia\/vignette.jpg\" alt=\"\" width=\"33\" height=\"85\" class=\"alignnone size-full wp-image-24\" \/><\/a><\/td>\n<\/tr>\n<tr class=\"row-1116 even\">\n\t<td class=\"column-1\">MONS-EN-PEVELE<\/td><td class=\"column-2\">RUE DU MOULIN<\/td><td class=\"column-3\">LA PHARMACIE DE LA MONTAGNE SAINT-JEAN<\/td><td class=\"column-4\">NORD<\/td><td class=\"column-5\">2005<\/td><td class=\"column-6\"><a href=\"https:\/\/www.calendriers-artistiques.fr\/wp-content\/uploads\/calendriersmedia\/2005 (28).jpg\"><img loading=\"lazy\" src=\"https:\/\/www.calendriers-artistiques.fr\/wp-content\/uploads\/calendriersmedia\/vignette.jpg\" alt=\"\" width=\"33\" height=\"85\" class=\"alignnone size-full wp-image-24\" \/><\/a><\/td>\n<\/tr>\n<tr class=\"row-1117 odd\">\n\t<td class=\"column-1\">MOUVAUX<\/td><td class=\"column-2\">RUE DE LILLE<\/td><td class=\"column-3\">LA PHARMACIE DELCOUR-BUYSSE<\/td><td class=\"column-4\">NORD<\/td><td class=\"column-5\">2005<\/td><td class=\"column-6\"><a href=\"https:\/\/www.calendriers-artistiques.fr\/wp-content\/uploads\/calendriersmedia\/2005 (29).jpg\"><img loading=\"lazy\" src=\"https:\/\/www.calendriers-artistiques.fr\/wp-content\/uploads\/calendriersmedia\/vignette.jpg\" alt=\"\" width=\"33\" height=\"85\" class=\"alignnone size-full wp-image-24\" \/><\/a><\/td>\n<\/tr>\n<tr class=\"row-1118 even\">\n\t<td class=\"column-1\">MOUVAUX<\/td><td class=\"column-2\">RUE FAIDHERBE<\/td><td class=\"column-3\">LA PHARMACIE GARNIER<\/td><td class=\"column-4\">NORD<\/td><td class=\"column-5\">2005<\/td><td class=\"column-6\"><a href=\"https:\/\/www.calendriers-artistiques.fr\/wp-content\/uploads\/calendriersmedia\/2005 (30).jpg\"><img loading=\"lazy\" src=\"https:\/\/www.calendriers-artistiques.fr\/wp-content\/uploads\/calendriersmedia\/vignette.jpg\" alt=\"\" width=\"33\" height=\"85\" class=\"alignnone size-full wp-image-24\" \/><\/a><\/td>\n<\/tr>\n<tr class=\"row-1119 odd\">\n\t<td class=\"column-1\">NIEPPE<\/td><td class=\"column-2\">RUE D'ARMENTIERES<\/td><td class=\"column-3\">LA PHARMACIE HACHE TERNIN-ROZAT<\/td><td class=\"column-4\">NORD<\/td><td class=\"column-5\">2005<\/td><td class=\"column-6\"><a href=\"https:\/\/www.calendriers-artistiques.fr\/wp-content\/uploads\/calendriersmedia\/2005 (31).jpg\"><img loading=\"lazy\" src=\"https:\/\/www.calendriers-artistiques.fr\/wp-content\/uploads\/calendriersmedia\/vignette.jpg\" alt=\"\" width=\"33\" height=\"85\" class=\"alignnone size-full wp-image-24\" \/><\/a><\/td>\n<\/tr>\n<tr class=\"row-1120 even\">\n\t<td class=\"column-1\">NIEPPE<\/td><td class=\"column-2\">RUE D'ARMENTIERES<\/td><td class=\"column-3\">LA PHARMACIE DU CENTRE<\/td><td class=\"column-4\">NORD<\/td><td class=\"column-5\">2005<\/td><td class=\"column-6\"><a href=\"https:\/\/www.calendriers-artistiques.fr\/wp-content\/uploads\/calendriersmedia\/2005 (32).jpg\"><img loading=\"lazy\" src=\"https:\/\/www.calendriers-artistiques.fr\/wp-content\/uploads\/calendriersmedia\/vignette.jpg\" alt=\"\" width=\"33\" height=\"85\" class=\"alignnone size-full wp-image-24\" \/><\/a><\/td>\n<\/tr>\n<tr class=\"row-1121 odd\">\n\t<td class=\"column-1\">OIGNIES<\/td><td class=\"column-2\">PLACE DE LA IVe REPUBLIQUE<\/td><td class=\"column-3\">LA PHARMACIE DE L'EGLISE<\/td><td class=\"column-4\">PAS-DE-CALAIS<\/td><td class=\"column-5\">2005<\/td><td class=\"column-6\"><a href=\"https:\/\/www.calendriers-artistiques.fr\/wp-content\/uploads\/calendriersmedia\/2005 (33).jpg\"><img loading=\"lazy\" src=\"https:\/\/www.calendriers-artistiques.fr\/wp-content\/uploads\/calendriersmedia\/vignette.jpg\" alt=\"\" width=\"33\" height=\"85\" class=\"alignnone size-full wp-image-24\" \/><\/a><\/td>\n<\/tr>\n<tr class=\"row-1122 even\">\n\t<td class=\"column-1\">ORCHIES<\/td><td class=\"column-2\">PLACE DU GENERAL DE GAULLE<\/td><td class=\"column-3\">LA PHARMACIE DE L'H\u00c3\u0192\u00e2\u20ac\u009dTEL DE VILLE<\/td><td class=\"column-4\">NORD<\/td><td class=\"column-5\">2005<\/td><td class=\"column-6\"><a href=\"https:\/\/www.calendriers-artistiques.fr\/wp-content\/uploads\/calendriersmedia\/2005 (34).jpg\"><img loading=\"lazy\" src=\"https:\/\/www.calendriers-artistiques.fr\/wp-content\/uploads\/calendriersmedia\/vignette.jpg\" alt=\"\" width=\"33\" height=\"85\" class=\"alignnone size-full wp-image-24\" \/><\/a><\/td>\n<\/tr>\n<tr class=\"row-1123 odd\">\n\t<td class=\"column-1\">PREMESQUES<\/td><td class=\"column-2\">PLACE DE L'EGLISE<\/td><td class=\"column-3\">LA PHARMACIE TURPIN<\/td><td class=\"column-4\">NORD<\/td><td class=\"column-5\">2005<\/td><td class=\"column-6\"><a href=\"https:\/\/www.calendriers-artistiques.fr\/wp-content\/uploads\/calendriersmedia\/2005 (35).jpg\"><img loading=\"lazy\" src=\"https:\/\/www.calendriers-artistiques.fr\/wp-content\/uploads\/calendriersmedia\/vignette.jpg\" alt=\"\" width=\"33\" height=\"85\" class=\"alignnone size-full wp-image-24\" \/><\/a><\/td>\n<\/tr>\n<tr class=\"row-1124 even\">\n\t<td class=\"column-1\">RONCQ<\/td><td class=\"column-2\">RUE DE LILLE<\/td><td class=\"column-3\">LA PHARMACIE POTENCIER<\/td><td class=\"column-4\">NORD<\/td><td class=\"column-5\">2005<\/td><td class=\"column-6\"><a href=\"https:\/\/www.calendriers-artistiques.fr\/wp-content\/uploads\/calendriersmedia\/2005 (36).jpg\"><img loading=\"lazy\" src=\"https:\/\/www.calendriers-artistiques.fr\/wp-content\/uploads\/calendriersmedia\/vignette.jpg\" alt=\"\" width=\"33\" height=\"85\" class=\"alignnone size-full wp-image-24\" \/><\/a><\/td>\n<\/tr>\n<tr class=\"row-1125 odd\">\n\t<td class=\"column-1\">RONCQ<\/td><td class=\"column-2\">RUE DE LILLE<\/td><td class=\"column-3\">LA PHARMACIE POTENCIER-BINAUT<\/td><td class=\"column-4\">NORD<\/td><td class=\"column-5\">2005<\/td><td class=\"column-6\"><a href=\"https:\/\/www.calendriers-artistiques.fr\/wp-content\/uploads\/calendriersmedia\/2005 (37).jpg\"><img loading=\"lazy\" src=\"https:\/\/www.calendriers-artistiques.fr\/wp-content\/uploads\/calendriersmedia\/vignette.jpg\" alt=\"\" width=\"33\" height=\"85\" class=\"alignnone size-full wp-image-24\" \/><\/a><\/td>\n<\/tr>\n<tr class=\"row-1126 even\">\n\t<td class=\"column-1\">ROUBAIX<\/td><td class=\"column-2\">RUE CARPEAUX<\/td><td class=\"column-3\">SARL AMBULANCES.METROPOLE.SERVIVES.<\/td><td class=\"column-4\">NORD<\/td><td class=\"column-5\">2005<\/td><td class=\"column-6\"><a href=\"https:\/\/www.calendriers-artistiques.fr\/wp-content\/uploads\/calendriersmedia\/2005 (38).jpg\"><img loading=\"lazy\" src=\"https:\/\/www.calendriers-artistiques.fr\/wp-content\/uploads\/calendriersmedia\/vignette.jpg\" alt=\"\" width=\"33\" height=\"85\" class=\"alignnone size-full wp-image-24\" \/><\/a><\/td>\n<\/tr>\n<tr class=\"row-1127 odd\">\n\t<td class=\"column-1\">ROUBAIX<\/td><td class=\"column-2\">AVENUE DES NATIONS UNIES<\/td><td class=\"column-3\">LA PHARMACIE LAVALARD<\/td><td class=\"column-4\">NORD<\/td><td class=\"column-5\">2005<\/td><td class=\"column-6\"><a href=\"https:\/\/www.calendriers-artistiques.fr\/wp-content\/uploads\/calendriersmedia\/2005 (39).jpg\"><img loading=\"lazy\" src=\"https:\/\/www.calendriers-artistiques.fr\/wp-content\/uploads\/calendriersmedia\/vignette.jpg\" alt=\"\" width=\"33\" height=\"85\" class=\"alignnone size-full wp-image-24\" \/><\/a><\/td>\n<\/tr>\n<tr class=\"row-1128 even\">\n\t<td class=\"column-1\">ROUBAIX<\/td><td class=\"column-2\">RUE DU FRESNOY<\/td><td class=\"column-3\">LA PHARMACIE DU FRESNOY<\/td><td class=\"column-4\">NORD<\/td><td class=\"column-5\">2005<\/td><td class=\"column-6\"><a href=\"https:\/\/www.calendriers-artistiques.fr\/wp-content\/uploads\/calendriersmedia\/2005 (40).jpg\"><img loading=\"lazy\" src=\"https:\/\/www.calendriers-artistiques.fr\/wp-content\/uploads\/calendriersmedia\/vignette.jpg\" alt=\"\" width=\"33\" height=\"85\" class=\"alignnone size-full wp-image-24\" \/><\/a><\/td>\n<\/tr>\n<tr class=\"row-1129 odd\">\n\t<td class=\"column-1\">SANTES<\/td><td class=\"column-2\">RUE DU MARECHAL FOCH<\/td><td class=\"column-3\">LA PHARMACIE PEIGNAUD<\/td><td class=\"column-4\">NORD<\/td><td class=\"column-5\">2005<\/td><td class=\"column-6\"><a href=\"https:\/\/www.calendriers-artistiques.fr\/wp-content\/uploads\/calendriersmedia\/2005 (41).jpg\"><img loading=\"lazy\" src=\"https:\/\/www.calendriers-artistiques.fr\/wp-content\/uploads\/calendriersmedia\/vignette.jpg\" alt=\"\" width=\"33\" height=\"85\" class=\"alignnone size-full wp-image-24\" \/><\/a><\/td>\n<\/tr>\n<tr class=\"row-1130 even\">\n\t<td class=\"column-1\">LA SENTINELLE<\/td><td class=\"column-2\">AVENUE JEAN JAURES<\/td><td class=\"column-3\">LA PHARMACIE DE LA SENTINELLE<\/td><td class=\"column-4\">NORD<\/td><td class=\"column-5\">2005<\/td><td class=\"column-6\"><a href=\"https:\/\/www.calendriers-artistiques.fr\/wp-content\/uploads\/calendriersmedia\/2005 (42).jpg\"><img loading=\"lazy\" src=\"https:\/\/www.calendriers-artistiques.fr\/wp-content\/uploads\/calendriersmedia\/vignette.jpg\" alt=\"\" width=\"33\" height=\"85\" class=\"alignnone size-full wp-image-24\" \/><\/a><\/td>\n<\/tr>\n<tr class=\"row-1131 odd\">\n\t<td class=\"column-1\">THIONVILLE<\/td><td class=\"column-2\">RUE SAINT-NICOLAS<\/td><td class=\"column-3\">LA PHARMACIE DU LION<\/td><td class=\"column-4\">MOSELLE<\/td><td class=\"column-5\">2005<\/td><td class=\"column-6\"><a href=\"https:\/\/www.calendriers-artistiques.fr\/wp-content\/uploads\/calendriersmedia\/2005 (43).jpg\"><img loading=\"lazy\" src=\"https:\/\/www.calendriers-artistiques.fr\/wp-content\/uploads\/calendriersmedia\/vignette.jpg\" alt=\"\" width=\"33\" height=\"85\" class=\"alignnone size-full wp-image-24\" \/><\/a><\/td>\n<\/tr>\n<tr class=\"row-1132 even\">\n\t<td class=\"column-1\">LE TOUQUET<\/td><td class=\"column-2\">RUE SAINT-JEAN<\/td><td class=\"column-3\">LA PHARMACIE DES 4 SAISONS<\/td><td class=\"column-4\">PAS-DE-CALAIS<\/td><td class=\"column-5\">2005<\/td><td class=\"column-6\"><a href=\"https:\/\/www.calendriers-artistiques.fr\/wp-content\/uploads\/calendriersmedia\/2005 (44).jpg\"><img loading=\"lazy\" src=\"https:\/\/www.calendriers-artistiques.fr\/wp-content\/uploads\/calendriersmedia\/vignette.jpg\" alt=\"\" width=\"33\" height=\"85\" class=\"alignnone size-full wp-image-24\" \/><\/a><\/td>\n<\/tr>\n<tr class=\"row-1133 odd\">\n\t<td class=\"column-1\">LE TOUQUET<\/td><td class=\"column-2\">RUE DE CALAIS<\/td><td class=\"column-3\">LA PHARMACIE RIVIERE<\/td><td class=\"column-4\">PAS-DE-CALAIS<\/td><td class=\"column-5\">2005<\/td><td class=\"column-6\"><a href=\"https:\/\/www.calendriers-artistiques.fr\/wp-content\/uploads\/calendriersmedia\/2005 (45).jpg\"><img loading=\"lazy\" src=\"https:\/\/www.calendriers-artistiques.fr\/wp-content\/uploads\/calendriersmedia\/vignette.jpg\" alt=\"\" width=\"33\" height=\"85\" class=\"alignnone size-full wp-image-24\" \/><\/a><\/td>\n<\/tr>\n<tr class=\"row-1134 even\">\n\t<td class=\"column-1\">TOURCOING<\/td><td class=\"column-2\">RUE DE GAND<\/td><td class=\"column-3\">LA PHARMACIE DE LA MALSENCE<\/td><td class=\"column-4\">NORD<\/td><td class=\"column-5\">2005<\/td><td class=\"column-6\"><a href=\"https:\/\/www.calendriers-artistiques.fr\/wp-content\/uploads\/calendriersmedia\/2005 (46).jpg\"><img loading=\"lazy\" src=\"https:\/\/www.calendriers-artistiques.fr\/wp-content\/uploads\/calendriersmedia\/vignette.jpg\" alt=\"\" width=\"33\" height=\"85\" class=\"alignnone size-full wp-image-24\" \/><\/a><\/td>\n<\/tr>\n<tr class=\"row-1135 odd\">\n\t<td class=\"column-1\">TOURCOING<\/td><td class=\"column-2\">BOULEVARD GAMBETTA<\/td><td class=\"column-3\">DEBAISIEUX IMMOBILIER<\/td><td class=\"column-4\">NORD<\/td><td class=\"column-5\">2005<\/td><td class=\"column-6\"><a href=\"https:\/\/www.calendriers-artistiques.fr\/wp-content\/uploads\/calendriersmedia\/2005 (47).jpg\"><img loading=\"lazy\" src=\"https:\/\/www.calendriers-artistiques.fr\/wp-content\/uploads\/calendriersmedia\/vignette.jpg\" alt=\"\" width=\"33\" height=\"85\" class=\"alignnone size-full wp-image-24\" \/><\/a><\/td>\n<\/tr>\n<tr class=\"row-1136 even\">\n\t<td class=\"column-1\">TOURCOING<\/td><td class=\"column-2\">PLACE CHARLES ROUSSEL<\/td><td class=\"column-3\">LA PHARMACIE DEWAILLY<\/td><td class=\"column-4\">NORD<\/td><td class=\"column-5\">2005<\/td><td class=\"column-6\"><a href=\"https:\/\/www.calendriers-artistiques.fr\/wp-content\/uploads\/calendriersmedia\/2005 (48).jpg\"><img loading=\"lazy\" src=\"https:\/\/www.calendriers-artistiques.fr\/wp-content\/uploads\/calendriersmedia\/vignette.jpg\" alt=\"\" width=\"33\" height=\"85\" class=\"alignnone size-full wp-image-24\" \/><\/a><\/td>\n<\/tr>\n<tr class=\"row-1137 odd\">\n\t<td class=\"column-1\">TOURCOING<\/td><td class=\"column-2\">AVENUE GUSTAVE DRON<\/td><td class=\"column-3\">LA PHARMACIE DES ARCADES<\/td><td class=\"column-4\">NORD<\/td><td class=\"column-5\">2005<\/td><td class=\"column-6\"><a href=\"https:\/\/www.calendriers-artistiques.fr\/wp-content\/uploads\/calendriersmedia\/2005 (49).jpg\"><img loading=\"lazy\" src=\"https:\/\/www.calendriers-artistiques.fr\/wp-content\/uploads\/calendriersmedia\/vignette.jpg\" alt=\"\" width=\"33\" height=\"85\" class=\"alignnone size-full wp-image-24\" \/><\/a><\/td>\n<\/tr>\n<tr class=\"row-1138 even\">\n\t<td class=\"column-1\">VALENCIENNES<\/td><td class=\"column-2\">AVENUE ALBERT 1er<\/td><td class=\"column-3\">LA PHARMACIE LOMBART<\/td><td class=\"column-4\">NORD<\/td><td class=\"column-5\">2005<\/td><td class=\"column-6\"><a href=\"https:\/\/www.calendriers-artistiques.fr\/wp-content\/uploads\/calendriersmedia\/2005 (50).jpg\"><img loading=\"lazy\" src=\"https:\/\/www.calendriers-artistiques.fr\/wp-content\/uploads\/calendriersmedia\/vignette.jpg\" alt=\"\" width=\"33\" height=\"85\" class=\"alignnone size-full wp-image-24\" \/><\/a><\/td>\n<\/tr>\n<tr class=\"row-1139 odd\">\n\t<td class=\"column-1\">VALENCIENNES<\/td><td class=\"column-2\">RUE DE LOMPREZ<\/td><td class=\"column-3\">LA PHARMACIE DE LA CHASSE ROYALE<\/td><td class=\"column-4\">NORD<\/td><td class=\"column-5\">2005<\/td><td class=\"column-6\"><a href=\"https:\/\/www.calendriers-artistiques.fr\/wp-content\/uploads\/calendriersmedia\/2005 (51).jpg\"><img loading=\"lazy\" src=\"https:\/\/www.calendriers-artistiques.fr\/wp-content\/uploads\/calendriersmedia\/vignette.jpg\" alt=\"\" width=\"33\" height=\"85\" class=\"alignnone size-full wp-image-24\" \/><\/a><\/td>\n<\/tr>\n<tr class=\"row-1140 even\">\n\t<td class=\"column-1\">VERLINGHEM<\/td><td class=\"column-2\">RUE DE PERENCHIES<\/td><td class=\"column-3\">LA PHARMACIE MERIAU-LUCAES<\/td><td class=\"column-4\">NORD<\/td><td class=\"column-5\">2005<\/td><td class=\"column-6\"><a href=\"https:\/\/www.calendriers-artistiques.fr\/wp-content\/uploads\/calendriersmedia\/2005 (52).jpg\"><img loading=\"lazy\" src=\"https:\/\/www.calendriers-artistiques.fr\/wp-content\/uploads\/calendriersmedia\/vignette.jpg\" alt=\"\" width=\"33\" height=\"85\" class=\"alignnone size-full wp-image-24\" \/><\/a><\/td>\n<\/tr>\n<tr class=\"row-1141 odd\">\n\t<td class=\"column-1\">VILLENEUVE D'ASCQ<\/td><td class=\"column-2\">RUE DU PAVE BLEU<\/td><td class=\"column-3\">LA PHARMACIEDELESALLE-KINGER<\/td><td class=\"column-4\">NORD<\/td><td class=\"column-5\">2005<\/td><td class=\"column-6\"><a href=\"https:\/\/www.calendriers-artistiques.fr\/wp-content\/uploads\/calendriersmedia\/2005 (53).jpg\"><img loading=\"lazy\" src=\"https:\/\/www.calendriers-artistiques.fr\/wp-content\/uploads\/calendriersmedia\/vignette.jpg\" alt=\"\" width=\"33\" height=\"85\" class=\"alignnone size-full wp-image-24\" \/><\/a><\/td>\n<\/tr>\n<tr class=\"row-1142 even\">\n\t<td class=\"column-1\">VILLENEUVE D'ASCQ<\/td><td class=\"column-2\">BOULEVARD DE VALMY<\/td><td class=\"column-3\">LA PHARMACIE DE VALMY<\/td><td class=\"column-4\">NORD<\/td><td class=\"column-5\">2005<\/td><td class=\"column-6\"><a href=\"https:\/\/www.calendriers-artistiques.fr\/wp-content\/uploads\/calendriersmedia\/2005 (54).jpg\"><img loading=\"lazy\" src=\"https:\/\/www.calendriers-artistiques.fr\/wp-content\/uploads\/calendriersmedia\/vignette.jpg\" alt=\"\" width=\"33\" height=\"85\" class=\"alignnone size-full wp-image-24\" \/><\/a><\/td>\n<\/tr>\n<tr class=\"row-1143 odd\">\n\t<td class=\"column-1\">VIOLAINES<\/td><td class=\"column-2\">RUE DE RETUY<\/td><td class=\"column-3\">LA PHARMACIE COURBOT<\/td><td class=\"column-4\">PAS-DE-CALAIS<\/td><td class=\"column-5\">2005<\/td><td class=\"column-6\"><a href=\"https:\/\/www.calendriers-artistiques.fr\/wp-content\/uploads\/calendriersmedia\/2005 (55).jpg\"><img loading=\"lazy\" src=\"https:\/\/www.calendriers-artistiques.fr\/wp-content\/uploads\/calendriersmedia\/vignette.jpg\" alt=\"\" width=\"33\" height=\"85\" class=\"alignnone size-full wp-image-24\" \/><\/a><\/td>\n<\/tr>\n<tr class=\"row-1144 even\">\n\t<td class=\"column-1\">WATERLOO<\/td><td class=\"column-2\">RUE DE LA STATION<\/td><td class=\"column-3\">LA SALADE TOURNESOL<\/td><td class=\"column-4\">BELGIQUE.<\/td><td class=\"column-5\">2005<\/td><td class=\"column-6\"><a href=\"https:\/\/www.calendriers-artistiques.fr\/wp-content\/uploads\/calendriersmedia\/2005 (56).jpg\"><img loading=\"lazy\" src=\"https:\/\/www.calendriers-artistiques.fr\/wp-content\/uploads\/calendriersmedia\/vignette.jpg\" alt=\"\" width=\"33\" height=\"85\" class=\"alignnone size-full wp-image-24\" \/><\/a><\/td>\n<\/tr>\n<tr class=\"row-1145 odd\">\n\t<td class=\"column-1\">WATTIGNIES<\/td><td class=\"column-2\">RUE CLEMENCEAU<\/td><td class=\"column-3\">LA PHARMACIE ROGER<\/td><td class=\"column-4\">NORD<\/td><td class=\"column-5\">2005<\/td><td class=\"column-6\"><a href=\"https:\/\/www.calendriers-artistiques.fr\/wp-content\/uploads\/calendriersmedia\/2005 (57).jpg\"><img loading=\"lazy\" src=\"https:\/\/www.calendriers-artistiques.fr\/wp-content\/uploads\/calendriersmedia\/vignette.jpg\" alt=\"\" width=\"33\" height=\"85\" class=\"alignnone size-full wp-image-24\" \/><\/a><\/td>\n<\/tr>\n<tr class=\"row-1146 even\">\n\t<td class=\"column-1\">WATTRELOS<\/td><td class=\"column-2\">RUE DE CASTERMAN<\/td><td class=\"column-3\">LA PHARMACIE HAYE<\/td><td class=\"column-4\">NORD<\/td><td class=\"column-5\">2005<\/td><td class=\"column-6\"><a href=\"https:\/\/www.calendriers-artistiques.fr\/wp-content\/uploads\/calendriersmedia\/2005 (58).jpg\"><img loading=\"lazy\" src=\"https:\/\/www.calendriers-artistiques.fr\/wp-content\/uploads\/calendriersmedia\/vignette.jpg\" alt=\"\" width=\"33\" height=\"85\" class=\"alignnone size-full wp-image-24\" \/><\/a><\/td>\n<\/tr>\n<tr class=\"row-1147 odd\">\n\t<td class=\"column-1\">WATTRELOS<\/td><td class=\"column-2\">RUE JEAN JAURES<\/td><td class=\"column-3\">LA PHARMACIE TELLIEZ<\/td><td class=\"column-4\">NORD<\/td><td class=\"column-5\">2005<\/td><td class=\"column-6\"><a href=\"https:\/\/www.calendriers-artistiques.fr\/wp-content\/uploads\/calendriersmedia\/2005 (59).jpg\"><img loading=\"lazy\" src=\"https:\/\/www.calendriers-artistiques.fr\/wp-content\/uploads\/calendriersmedia\/vignette.jpg\" alt=\"\" width=\"33\" height=\"85\" class=\"alignnone size-full wp-image-24\" \/><\/a><\/td>\n<\/tr>\n<tr class=\"row-1148 even\">\n\t<td class=\"column-1\">WAVRIN<\/td><td class=\"column-2\">RUE ACHILLE PINTEAUX<\/td><td class=\"column-3\">LA PHARMACIE DE L'EGLISE<\/td><td class=\"column-4\">NORD<\/td><td class=\"column-5\">2005<\/td><td class=\"column-6\"><a href=\"https:\/\/www.calendriers-artistiques.fr\/wp-content\/uploads\/calendriersmedia\/2005 (60).jpg\"><img loading=\"lazy\" src=\"https:\/\/www.calendriers-artistiques.fr\/wp-content\/uploads\/calendriersmedia\/vignette.jpg\" alt=\"\" width=\"33\" height=\"85\" class=\"alignnone size-full wp-image-24\" \/><\/a><\/td>\n<\/tr>\n<tr class=\"row-1149 odd\">\n\t<td class=\"column-1\">ARMENTIERES<\/td><td class=\"column-2\">GRAND'PLACE<\/td><td class=\"column-3\">LA PHARMACIE DU BEFFROI<\/td><td class=\"column-4\">NORD<\/td><td class=\"column-5\">2004<\/td><td class=\"column-6\"><a href=\"https:\/\/www.calendriers-artistiques.fr\/wp-content\/uploads\/calendriersmedia\/2004 (1).jpg\"><img loading=\"lazy\" src=\"https:\/\/www.calendriers-artistiques.fr\/wp-content\/uploads\/calendriersmedia\/vignette.jpg\" alt=\"\" width=\"33\" height=\"85\" class=\"alignnone size-full wp-image-24\" \/><\/a><\/td>\n<\/tr>\n<tr class=\"row-1150 even\">\n\t<td class=\"column-1\">ARMENTIERES<\/td><td class=\"column-2\">PLACE JULES GUESDE<\/td><td class=\"column-3\">LA PHARMACIE LEMAN<\/td><td class=\"column-4\">NORD<\/td><td class=\"column-5\">2004<\/td><td class=\"column-6\"><a href=\"https:\/\/www.calendriers-artistiques.fr\/wp-content\/uploads\/calendriersmedia\/2004 (2).jpg\"><img loading=\"lazy\" src=\"https:\/\/www.calendriers-artistiques.fr\/wp-content\/uploads\/calendriersmedia\/vignette.jpg\" alt=\"\" width=\"33\" height=\"85\" class=\"alignnone size-full wp-image-24\" \/><\/a><\/td>\n<\/tr>\n<tr class=\"row-1151 odd\">\n\t<td class=\"column-1\">BAILLEUL<\/td><td class=\"column-2\">RUE DE LA GARE<\/td><td class=\"column-3\">LA PHARMACIE-OPTIQUE DREUMONT-GERONDAL<\/td><td class=\"column-4\">NORD<\/td><td class=\"column-5\">2004<\/td><td class=\"column-6\"><a href=\"https:\/\/www.calendriers-artistiques.fr\/wp-content\/uploads\/calendriersmedia\/2004 (3).jpg\"><img loading=\"lazy\" src=\"https:\/\/www.calendriers-artistiques.fr\/wp-content\/uploads\/calendriersmedia\/vignette.jpg\" alt=\"\" width=\"33\" height=\"85\" class=\"alignnone size-full wp-image-24\" \/><\/a><\/td>\n<\/tr>\n<tr class=\"row-1152 even\">\n\t<td class=\"column-1\">BONDUES<\/td><td class=\"column-2\">PLACE DE L'ABBE BONPAIN<\/td><td class=\"column-3\">LA PHARMACIE BOSCHETTI-PERDU<\/td><td class=\"column-4\">NORD<\/td><td class=\"column-5\">2004<\/td><td class=\"column-6\"><a href=\"https:\/\/www.calendriers-artistiques.fr\/wp-content\/uploads\/calendriersmedia\/2004 (4).jpg\"><img loading=\"lazy\" src=\"https:\/\/www.calendriers-artistiques.fr\/wp-content\/uploads\/calendriersmedia\/vignette.jpg\" alt=\"\" width=\"33\" height=\"85\" class=\"alignnone size-full wp-image-24\" \/><\/a><\/td>\n<\/tr>\n<tr class=\"row-1153 odd\">\n\t<td class=\"column-1\">BONDUES<\/td><td class=\"column-2\">AVENUE DU GENERAL DE GAULLE<\/td><td class=\"column-3\">LA PHARMACIE DU MONT<\/td><td class=\"column-4\">NORD<\/td><td class=\"column-5\">2004<\/td><td class=\"column-6\"><a href=\"https:\/\/www.calendriers-artistiques.fr\/wp-content\/uploads\/calendriersmedia\/2004 (5).jpg\"><img loading=\"lazy\" src=\"https:\/\/www.calendriers-artistiques.fr\/wp-content\/uploads\/calendriersmedia\/vignette.jpg\" alt=\"\" width=\"33\" height=\"85\" class=\"alignnone size-full wp-image-24\" \/><\/a><\/td>\n<\/tr>\n<tr class=\"row-1154 even\">\n\t<td class=\"column-1\">COMINES<\/td><td class=\"column-2\">GRAND'PLACE<\/td><td class=\"column-3\">LA PHARMACIE LAUWERIE<\/td><td class=\"column-4\">NORD<\/td><td class=\"column-5\">2004<\/td><td class=\"column-6\"><a href=\"https:\/\/www.calendriers-artistiques.fr\/wp-content\/uploads\/calendriersmedia\/2004 (6).jpg\"><img loading=\"lazy\" src=\"https:\/\/www.calendriers-artistiques.fr\/wp-content\/uploads\/calendriersmedia\/vignette.jpg\" alt=\"\" width=\"33\" height=\"85\" class=\"alignnone size-full wp-image-24\" \/><\/a><\/td>\n<\/tr>\n<tr class=\"row-1155 odd\">\n\t<td class=\"column-1\">CROIX<\/td><td class=\"column-2\">RUE KLEBER,PLACE DE LA LIBERTE<\/td><td class=\"column-3\">LA PHARMACIE SAINT-PIERRE<\/td><td class=\"column-4\">NORD<\/td><td class=\"column-5\">2004<\/td><td class=\"column-6\"><a href=\"https:\/\/www.calendriers-artistiques.fr\/wp-content\/uploads\/calendriersmedia\/2004 (7).jpg\"><img loading=\"lazy\" src=\"https:\/\/www.calendriers-artistiques.fr\/wp-content\/uploads\/calendriersmedia\/vignette.jpg\" alt=\"\" width=\"33\" height=\"85\" class=\"alignnone size-full wp-image-24\" \/><\/a><\/td>\n<\/tr>\n<tr class=\"row-1156 even\">\n\t<td class=\"column-1\">CROIX<\/td><td class=\"column-2\">RUE DE LA GARE<\/td><td class=\"column-3\">L'ECOLE MATERNELLE VOLTAIRE<\/td><td class=\"column-4\">NORD<\/td><td class=\"column-5\">2004<\/td><td class=\"column-6\"><a href=\"https:\/\/www.calendriers-artistiques.fr\/wp-content\/uploads\/calendriersmedia\/2004 (8).jpg\"><img loading=\"lazy\" src=\"https:\/\/www.calendriers-artistiques.fr\/wp-content\/uploads\/calendriersmedia\/vignette.jpg\" alt=\"\" width=\"33\" height=\"85\" class=\"alignnone size-full wp-image-24\" \/><\/a><\/td>\n<\/tr>\n<tr class=\"row-1157 odd\">\n\t<td class=\"column-1\">FACHES-THUMESNIL<\/td><td class=\"column-2\">RUE CARNOT<\/td><td class=\"column-3\">LA NOUVELLE PHARMACIE CAZIN<\/td><td class=\"column-4\">NORD<\/td><td class=\"column-5\">2004<\/td><td class=\"column-6\"><a href=\"https:\/\/www.calendriers-artistiques.fr\/wp-content\/uploads\/calendriersmedia\/2004 (9).jpg\"><img loading=\"lazy\" src=\"https:\/\/www.calendriers-artistiques.fr\/wp-content\/uploads\/calendriersmedia\/vignette.jpg\" alt=\"\" width=\"33\" height=\"85\" class=\"alignnone size-full wp-image-24\" \/><\/a><\/td>\n<\/tr>\n<tr class=\"row-1158 even\">\n\t<td class=\"column-1\">GONDECOURT<\/td><td class=\"column-2\">RUE NATIONALE<\/td><td class=\"column-3\">LA PHARMACIE STATIUS<\/td><td class=\"column-4\">NORD<\/td><td class=\"column-5\">2004<\/td><td class=\"column-6\"><a href=\"https:\/\/www.calendriers-artistiques.fr\/wp-content\/uploads\/calendriersmedia\/2004 (10).jpg\"><img loading=\"lazy\" src=\"https:\/\/www.calendriers-artistiques.fr\/wp-content\/uploads\/calendriersmedia\/vignette.jpg\" alt=\"\" width=\"33\" height=\"85\" class=\"alignnone size-full wp-image-24\" \/><\/a><\/td>\n<\/tr>\n<tr class=\"row-1159 odd\">\n\t<td class=\"column-1\">HAUBOURDIN<\/td><td class=\"column-2\">RUE DU GENERAL DAME<\/td><td class=\"column-3\">LA PHARMACIE BEAUVOIS-TORCY<\/td><td class=\"column-4\">NORD<\/td><td class=\"column-5\">2004<\/td><td class=\"column-6\"><a href=\"https:\/\/www.calendriers-artistiques.fr\/wp-content\/uploads\/calendriersmedia\/2004 (11).jpg\"><img loading=\"lazy\" src=\"https:\/\/www.calendriers-artistiques.fr\/wp-content\/uploads\/calendriersmedia\/vignette.jpg\" alt=\"\" width=\"33\" height=\"85\" class=\"alignnone size-full wp-image-24\" \/><\/a><\/td>\n<\/tr>\n<tr class=\"row-1160 even\">\n\t<td class=\"column-1\">HAZEBROUCK<\/td><td class=\"column-2\">RUE DE MERVILLE<\/td><td class=\"column-3\">LA PHARMACIE CUVELLIER<\/td><td class=\"column-4\">NORD<\/td><td class=\"column-5\">2004<\/td><td class=\"column-6\"><a href=\"https:\/\/www.calendriers-artistiques.fr\/wp-content\/uploads\/calendriersmedia\/2004 (12).jpg\"><img loading=\"lazy\" src=\"https:\/\/www.calendriers-artistiques.fr\/wp-content\/uploads\/calendriersmedia\/vignette.jpg\" alt=\"\" width=\"33\" height=\"85\" class=\"alignnone size-full wp-image-24\" \/><\/a><\/td>\n<\/tr>\n<tr class=\"row-1161 odd\">\n\t<td class=\"column-1\">HELLEMMES<\/td><td class=\"column-2\">RUE ROGER SALENGRO<\/td><td class=\"column-3\">LA PHARMACIE JOUVENEAUX-REGNAULT<\/td><td class=\"column-4\">NORD<\/td><td class=\"column-5\">2004<\/td><td class=\"column-6\"><a href=\"https:\/\/www.calendriers-artistiques.fr\/wp-content\/uploads\/calendriersmedia\/2004 (13).jpg\"><img loading=\"lazy\" src=\"https:\/\/www.calendriers-artistiques.fr\/wp-content\/uploads\/calendriersmedia\/vignette.jpg\" alt=\"\" width=\"33\" height=\"85\" class=\"alignnone size-full wp-image-24\" \/><\/a><\/td>\n<\/tr>\n<tr class=\"row-1162 even\">\n\t<td class=\"column-1\">LAMBERSART<\/td><td class=\"column-2\">AVENUE DE DUNKERQUE<\/td><td class=\"column-3\">LA PHARMACIE CREMERS<\/td><td class=\"column-4\">NORD<\/td><td class=\"column-5\">2004<\/td><td class=\"column-6\"><a href=\"https:\/\/www.calendriers-artistiques.fr\/wp-content\/uploads\/calendriersmedia\/2004 (14).jpg\"><img loading=\"lazy\" src=\"https:\/\/www.calendriers-artistiques.fr\/wp-content\/uploads\/calendriersmedia\/vignette.jpg\" alt=\"\" width=\"33\" height=\"85\" class=\"alignnone size-full wp-image-24\" \/><\/a><\/td>\n<\/tr>\n<tr class=\"row-1163 odd\">\n\t<td class=\"column-1\">LESQUIN<\/td><td class=\"column-2\">RUE FAIDHERBE<\/td><td class=\"column-3\">LA PHARMACIE LESCIEUX<\/td><td class=\"column-4\">NORD<\/td><td class=\"column-5\">2004<\/td><td class=\"column-6\"><a href=\"https:\/\/www.calendriers-artistiques.fr\/wp-content\/uploads\/calendriersmedia\/2004 (15).jpg\"><img loading=\"lazy\" src=\"https:\/\/www.calendriers-artistiques.fr\/wp-content\/uploads\/calendriersmedia\/vignette.jpg\" alt=\"\" width=\"33\" height=\"85\" class=\"alignnone size-full wp-image-24\" \/><\/a><\/td>\n<\/tr>\n<tr class=\"row-1164 even\">\n\t<td class=\"column-1\">LILLE<\/td><td class=\"column-2\">RUE D'ESQUERMES<\/td><td class=\"column-3\">LA PHARMACIE MONTEBELLO<\/td><td class=\"column-4\">NORD<\/td><td class=\"column-5\">2004<\/td><td class=\"column-6\"><a href=\"https:\/\/www.calendriers-artistiques.fr\/wp-content\/uploads\/calendriersmedia\/2004 (16).jpg\"><img loading=\"lazy\" src=\"https:\/\/www.calendriers-artistiques.fr\/wp-content\/uploads\/calendriersmedia\/vignette.jpg\" alt=\"\" width=\"33\" height=\"85\" class=\"alignnone size-full wp-image-24\" \/><\/a><\/td>\n<\/tr>\n<tr class=\"row-1165 odd\">\n\t<td class=\"column-1\">LILLE<\/td><td class=\"column-2\">RUE DE SAINT-QUENTIN<\/td><td class=\"column-3\">CONSEILS ET AUDITEURS ASSOCIES<\/td><td class=\"column-4\">NORD<\/td><td class=\"column-5\">2004<\/td><td class=\"column-6\"><a href=\"https:\/\/www.calendriers-artistiques.fr\/wp-content\/uploads\/calendriersmedia\/2004 (17).jpg\"><img loading=\"lazy\" src=\"https:\/\/www.calendriers-artistiques.fr\/wp-content\/uploads\/calendriersmedia\/vignette.jpg\" alt=\"\" width=\"33\" height=\"85\" class=\"alignnone size-full wp-image-24\" \/><\/a><\/td>\n<\/tr>\n<tr class=\"row-1166 even\">\n\t<td class=\"column-1\">LINSELLES<\/td><td class=\"column-2\">PLACE DE LA REPUBLIQUE<\/td><td class=\"column-3\">LA PHARMACIE VANHUYSE-HIRCHI<\/td><td class=\"column-4\">NORD<\/td><td class=\"column-5\">2004<\/td><td class=\"column-6\"><a href=\"https:\/\/www.calendriers-artistiques.fr\/wp-content\/uploads\/calendriersmedia\/2004 (18).jpg\"><img loading=\"lazy\" src=\"https:\/\/www.calendriers-artistiques.fr\/wp-content\/uploads\/calendriersmedia\/vignette.jpg\" alt=\"\" width=\"33\" height=\"85\" class=\"alignnone size-full wp-image-24\" \/><\/a><\/td>\n<\/tr>\n<tr class=\"row-1167 odd\">\n\t<td class=\"column-1\">LOMME<\/td><td class=\"column-2\">AVENUE DE DUNKERQUE<\/td><td class=\"column-3\">LA PHARMACIE LESAGE<\/td><td class=\"column-4\">NORD<\/td><td class=\"column-5\">2004<\/td><td class=\"column-6\"><a href=\"https:\/\/www.calendriers-artistiques.fr\/wp-content\/uploads\/calendriersmedia\/2004 (19).jpg\"><img loading=\"lazy\" src=\"https:\/\/www.calendriers-artistiques.fr\/wp-content\/uploads\/calendriersmedia\/vignette.jpg\" alt=\"\" width=\"33\" height=\"85\" class=\"alignnone size-full wp-image-24\" \/><\/a><\/td>\n<\/tr>\n<tr class=\"row-1168 even\">\n\t<td class=\"column-1\">LOOS<\/td><td class=\"column-2\">RUE DU MARECHAL FOCH<\/td><td class=\"column-3\">LA PHARMACIE DE LA MAIRIE<\/td><td class=\"column-4\">NORD<\/td><td class=\"column-5\">2004<\/td><td class=\"column-6\"><a href=\"https:\/\/www.calendriers-artistiques.fr\/wp-content\/uploads\/calendriersmedia\/2004 (20).jpg\"><img loading=\"lazy\" src=\"https:\/\/www.calendriers-artistiques.fr\/wp-content\/uploads\/calendriersmedia\/vignette.jpg\" alt=\"\" width=\"33\" height=\"85\" class=\"alignnone size-full wp-image-24\" \/><\/a><\/td>\n<\/tr>\n<tr class=\"row-1169 odd\">\n\t<td class=\"column-1\">MARQUETTE<\/td><td class=\"column-2\">PLACE DU GENERAL DE GAULLE<\/td><td class=\"column-3\">LA PHARMACIE DU CENTRE<\/td><td class=\"column-4\">NORD<\/td><td class=\"column-5\">2004<\/td><td class=\"column-6\"><a href=\"https:\/\/www.calendriers-artistiques.fr\/wp-content\/uploads\/calendriersmedia\/2004 (21).jpg\"><img loading=\"lazy\" src=\"https:\/\/www.calendriers-artistiques.fr\/wp-content\/uploads\/calendriersmedia\/vignette.jpg\" alt=\"\" width=\"33\" height=\"85\" class=\"alignnone size-full wp-image-24\" \/><\/a><\/td>\n<\/tr>\n<tr class=\"row-1170 even\">\n\t<td class=\"column-1\">MONS-EN-BAROEUL<\/td><td class=\"column-2\">RUE JEAN-JACQUES ROUSSEAU<\/td><td class=\"column-3\">LA PHARMACIE DES SARTS<\/td><td class=\"column-4\">NORD<\/td><td class=\"column-5\">2004<\/td><td class=\"column-6\"><a href=\"https:\/\/www.calendriers-artistiques.fr\/wp-content\/uploads\/calendriersmedia\/2004 (22).jpg\"><img loading=\"lazy\" src=\"https:\/\/www.calendriers-artistiques.fr\/wp-content\/uploads\/calendriersmedia\/vignette.jpg\" alt=\"\" width=\"33\" height=\"85\" class=\"alignnone size-full wp-image-24\" \/><\/a><\/td>\n<\/tr>\n<tr class=\"row-1171 odd\">\n\t<td class=\"column-1\">MOUVAUX<\/td><td class=\"column-2\">RUE FAIDHERBE<\/td><td class=\"column-3\">LA PHARMACIE GARNIER<\/td><td class=\"column-4\">NORD<\/td><td class=\"column-5\">2004<\/td><td class=\"column-6\"><a href=\"https:\/\/www.calendriers-artistiques.fr\/wp-content\/uploads\/calendriersmedia\/2004 (23).jpg\"><img loading=\"lazy\" src=\"https:\/\/www.calendriers-artistiques.fr\/wp-content\/uploads\/calendriersmedia\/vignette.jpg\" alt=\"\" width=\"33\" height=\"85\" class=\"alignnone size-full wp-image-24\" \/><\/a><\/td>\n<\/tr>\n<tr class=\"row-1172 even\">\n\t<td class=\"column-1\">NEUVILLE-EN-FERRAIN<\/td><td class=\"column-2\">RUE ALPHONSE DAUDET<\/td><td class=\"column-3\">LA COLLEGE PRIVE SAINT JOSEPH<\/td><td class=\"column-4\">NORD<\/td><td class=\"column-5\">2004<\/td><td class=\"column-6\"><a href=\"https:\/\/www.calendriers-artistiques.fr\/wp-content\/uploads\/calendriersmedia\/2004 (24).jpg\"><img loading=\"lazy\" src=\"https:\/\/www.calendriers-artistiques.fr\/wp-content\/uploads\/calendriersmedia\/vignette.jpg\" alt=\"\" width=\"33\" height=\"85\" class=\"alignnone size-full wp-image-24\" \/><\/a><\/td>\n<\/tr>\n<tr class=\"row-1173 odd\">\n\t<td class=\"column-1\">NIEPPE<\/td><td class=\"column-2\">RUE D'ARMENTIERES<\/td><td class=\"column-3\">LA PHARMACIE HACHE TERNIN-ROZAT<\/td><td class=\"column-4\">NORD<\/td><td class=\"column-5\">2004<\/td><td class=\"column-6\"><a href=\"https:\/\/www.calendriers-artistiques.fr\/wp-content\/uploads\/calendriersmedia\/2004 (25).jpg\"><img loading=\"lazy\" src=\"https:\/\/www.calendriers-artistiques.fr\/wp-content\/uploads\/calendriersmedia\/vignette.jpg\" alt=\"\" width=\"33\" height=\"85\" class=\"alignnone size-full wp-image-24\" \/><\/a><\/td>\n<\/tr>\n<tr class=\"row-1174 even\">\n\t<td class=\"column-1\">PERENCHIES<\/td><td class=\"column-2\">PLACE DU GENERAL DE GAULLE<\/td><td class=\"column-3\">LA PHARMACIE DELAPIERRE<\/td><td class=\"column-4\">NORD<\/td><td class=\"column-5\">2004<\/td><td class=\"column-6\"><a href=\"https:\/\/www.calendriers-artistiques.fr\/wp-content\/uploads\/calendriersmedia\/2004 (26).jpg\"><img loading=\"lazy\" src=\"https:\/\/www.calendriers-artistiques.fr\/wp-content\/uploads\/calendriersmedia\/vignette.jpg\" alt=\"\" width=\"33\" height=\"85\" class=\"alignnone size-full wp-image-24\" \/><\/a><\/td>\n<\/tr>\n<tr class=\"row-1175 odd\">\n\t<td class=\"column-1\">RONCHIN<\/td><td class=\"column-2\">RUE JEAN JAURES<\/td><td class=\"column-3\">LA PHARMACIE VERMEULEN<\/td><td class=\"column-4\">NORD<\/td><td class=\"column-5\">2004<\/td><td class=\"column-6\"><a href=\"https:\/\/www.calendriers-artistiques.fr\/wp-content\/uploads\/calendriersmedia\/2004 (27).jpg\"><img loading=\"lazy\" src=\"https:\/\/www.calendriers-artistiques.fr\/wp-content\/uploads\/calendriersmedia\/vignette.jpg\" alt=\"\" width=\"33\" height=\"85\" class=\"alignnone size-full wp-image-24\" \/><\/a><\/td>\n<\/tr>\n<tr class=\"row-1176 even\">\n\t<td class=\"column-1\">RONCQ<\/td><td class=\"column-2\">RUE DE LILLE<\/td><td class=\"column-3\">LA PHARMACIE LOBEAU-MARIS<\/td><td class=\"column-4\">NORD<\/td><td class=\"column-5\">2004<\/td><td class=\"column-6\"><a href=\"https:\/\/www.calendriers-artistiques.fr\/wp-content\/uploads\/calendriersmedia\/2004 (28).jpg\"><img loading=\"lazy\" src=\"https:\/\/www.calendriers-artistiques.fr\/wp-content\/uploads\/calendriersmedia\/vignette.jpg\" alt=\"\" width=\"33\" height=\"85\" class=\"alignnone size-full wp-image-24\" \/><\/a><\/td>\n<\/tr>\n<tr class=\"row-1177 odd\">\n\t<td class=\"column-1\">RONCQ<\/td><td class=\"column-2\">RUE DE LILLE<\/td><td class=\"column-3\">LA PHARMACIE POTENCIER<\/td><td class=\"column-4\">NORD<\/td><td class=\"column-5\">2004<\/td><td class=\"column-6\"><a href=\"https:\/\/www.calendriers-artistiques.fr\/wp-content\/uploads\/calendriersmedia\/2004 (29).jpg\"><img loading=\"lazy\" src=\"https:\/\/www.calendriers-artistiques.fr\/wp-content\/uploads\/calendriersmedia\/vignette.jpg\" alt=\"\" width=\"33\" height=\"85\" class=\"alignnone size-full wp-image-24\" \/><\/a><\/td>\n<\/tr>\n<tr class=\"row-1178 even\">\n\t<td class=\"column-1\">RONCQ<\/td><td class=\"column-2\">RUE DE LILLE<\/td><td class=\"column-3\">LA PHARMACIE POTENCIER-BINAUT<\/td><td class=\"column-4\">NORD<\/td><td class=\"column-5\">2004<\/td><td class=\"column-6\"><a href=\"https:\/\/www.calendriers-artistiques.fr\/wp-content\/uploads\/calendriersmedia\/2004 (30).jpg\"><img loading=\"lazy\" src=\"https:\/\/www.calendriers-artistiques.fr\/wp-content\/uploads\/calendriersmedia\/vignette.jpg\" alt=\"\" width=\"33\" height=\"85\" class=\"alignnone size-full wp-image-24\" \/><\/a><\/td>\n<\/tr>\n<tr class=\"row-1179 odd\">\n\t<td class=\"column-1\">ROUBAIX<\/td><td class=\"column-2\">PLACE SPRIET<\/td><td class=\"column-3\">LA PHARMACIE DE L'AVENIR<\/td><td class=\"column-4\">NORD<\/td><td class=\"column-5\">2004<\/td><td class=\"column-6\"><a href=\"https:\/\/www.calendriers-artistiques.fr\/wp-content\/uploads\/calendriersmedia\/2004 (31).jpg\"><img loading=\"lazy\" src=\"https:\/\/www.calendriers-artistiques.fr\/wp-content\/uploads\/calendriersmedia\/vignette.jpg\" alt=\"\" width=\"33\" height=\"85\" class=\"alignnone size-full wp-image-24\" \/><\/a><\/td>\n<\/tr>\n<tr class=\"row-1180 even\">\n\t<td class=\"column-1\">ROUBAIX<\/td><td class=\"column-2\">PLACE DE LA FRATERNITE<\/td><td class=\"column-3\">LA PHARMACIE DE LA FRATERNITE<\/td><td class=\"column-4\">NORD<\/td><td class=\"column-5\">2004<\/td><td class=\"column-6\"><a href=\"https:\/\/www.calendriers-artistiques.fr\/wp-content\/uploads\/calendriersmedia\/2004 (32).jpg\"><img loading=\"lazy\" src=\"https:\/\/www.calendriers-artistiques.fr\/wp-content\/uploads\/calendriersmedia\/vignette.jpg\" alt=\"\" width=\"33\" height=\"85\" class=\"alignnone size-full wp-image-24\" \/><\/a><\/td>\n<\/tr>\n<tr class=\"row-1181 odd\">\n\t<td class=\"column-1\">SAINT-ANDRE<\/td><td class=\"column-2\">RUE DU GENERAL LECLERC<\/td><td class=\"column-3\">LA PHARMACIE DU CENTRE<\/td><td class=\"column-4\">NORD<\/td><td class=\"column-5\">2004<\/td><td class=\"column-6\"><a href=\"https:\/\/www.calendriers-artistiques.fr\/wp-content\/uploads\/calendriersmedia\/2004 (33).jpg\"><img loading=\"lazy\" src=\"https:\/\/www.calendriers-artistiques.fr\/wp-content\/uploads\/calendriersmedia\/vignette.jpg\" alt=\"\" width=\"33\" height=\"85\" class=\"alignnone size-full wp-image-24\" \/><\/a><\/td>\n<\/tr>\n<tr class=\"row-1182 even\">\n\t<td class=\"column-1\">TOURCOING<\/td><td class=\"column-2\">GRAND'PLACE<\/td><td class=\"column-3\">LA PHARMACIE CATTEAU<\/td><td class=\"column-4\">NORD<\/td><td class=\"column-5\">2004<\/td><td class=\"column-6\"><a href=\"https:\/\/www.calendriers-artistiques.fr\/wp-content\/uploads\/calendriersmedia\/2004 (34).jpg\"><img loading=\"lazy\" src=\"https:\/\/www.calendriers-artistiques.fr\/wp-content\/uploads\/calendriersmedia\/vignette.jpg\" alt=\"\" width=\"33\" height=\"85\" class=\"alignnone size-full wp-image-24\" \/><\/a><\/td>\n<\/tr>\n<tr class=\"row-1183 odd\">\n\t<td class=\"column-1\">TOURCOING<\/td><td class=\"column-2\">RUE DE LA MARLIERE<\/td><td class=\"column-3\">LA PHARMACIE DE LA MARLIERE<\/td><td class=\"column-4\">NORD<\/td><td class=\"column-5\">2004<\/td><td class=\"column-6\"><a href=\"https:\/\/www.calendriers-artistiques.fr\/wp-content\/uploads\/calendriersmedia\/2004 (35).jpg\"><img loading=\"lazy\" src=\"https:\/\/www.calendriers-artistiques.fr\/wp-content\/uploads\/calendriersmedia\/vignette.jpg\" alt=\"\" width=\"33\" height=\"85\" class=\"alignnone size-full wp-image-24\" \/><\/a><\/td>\n<\/tr>\n<tr class=\"row-1184 even\">\n\t<td class=\"column-1\">TOURCOING<\/td><td class=\"column-2\">RUE DE LILLE<\/td><td class=\"column-3\">L'INSTITUTION DE SACRE C\u00c3\u201a\u00c5\u2019UR<\/td><td class=\"column-4\">NORD<\/td><td class=\"column-5\">2004<\/td><td class=\"column-6\"><a href=\"https:\/\/www.calendriers-artistiques.fr\/wp-content\/uploads\/calendriersmedia\/2004 (36).jpg\"><img loading=\"lazy\" src=\"https:\/\/www.calendriers-artistiques.fr\/wp-content\/uploads\/calendriersmedia\/vignette.jpg\" alt=\"\" width=\"33\" height=\"85\" class=\"alignnone size-full wp-image-24\" \/><\/a><\/td>\n<\/tr>\n<tr class=\"row-1185 odd\">\n\t<td class=\"column-1\">TOURCOING<\/td><td class=\"column-2\">RUE DE GAND<\/td><td class=\"column-3\">LA PHARMACIE DU PONT DE NEUVILLE<\/td><td class=\"column-4\">NORD<\/td><td class=\"column-5\">2004<\/td><td class=\"column-6\"><a href=\"https:\/\/www.calendriers-artistiques.fr\/wp-content\/uploads\/calendriersmedia\/2004 (37).jpg\"><img loading=\"lazy\" src=\"https:\/\/www.calendriers-artistiques.fr\/wp-content\/uploads\/calendriersmedia\/vignette.jpg\" alt=\"\" width=\"33\" height=\"85\" class=\"alignnone size-full wp-image-24\" \/><\/a><\/td>\n<\/tr>\n<tr class=\"row-1186 even\">\n\t<td class=\"column-1\">TOURCOING<\/td><td class=\"column-2\">RUE DU WAILLY<\/td><td class=\"column-3\">L'ECOLE NOTRE-DAME DU WAILLY<\/td><td class=\"column-4\">NORD<\/td><td class=\"column-5\">2004<\/td><td class=\"column-6\"><a href=\"https:\/\/www.calendriers-artistiques.fr\/wp-content\/uploads\/calendriersmedia\/2004 (38).jpg\"><img loading=\"lazy\" src=\"https:\/\/www.calendriers-artistiques.fr\/wp-content\/uploads\/calendriersmedia\/vignette.jpg\" alt=\"\" width=\"33\" height=\"85\" class=\"alignnone size-full wp-image-24\" \/><\/a><\/td>\n<\/tr>\n<tr class=\"row-1187 odd\">\n\t<td class=\"column-1\">VILLENEUVE-D'ASCQ<\/td><td class=\"column-2\">RUE GASTON BARATTE<\/td><td class=\"column-3\">LA PHARMACIE CARNOIS<\/td><td class=\"column-4\">NORD<\/td><td class=\"column-5\">2004<\/td><td class=\"column-6\"><a href=\"https:\/\/www.calendriers-artistiques.fr\/wp-content\/uploads\/calendriersmedia\/2004 (39).jpg\"><img loading=\"lazy\" src=\"https:\/\/www.calendriers-artistiques.fr\/wp-content\/uploads\/calendriersmedia\/vignette.jpg\" alt=\"\" width=\"33\" height=\"85\" class=\"alignnone size-full wp-image-24\" \/><\/a><\/td>\n<\/tr>\n<tr class=\"row-1188 even\">\n\t<td class=\"column-1\">VILLENEUVE-D'ASCQ<\/td><td class=\"column-2\">PLACE DE LA REPUBLIQUE<\/td><td class=\"column-3\">LA PHARMACIE D'ANNAPES<\/td><td class=\"column-4\">NORD<\/td><td class=\"column-5\">2004<\/td><td class=\"column-6\"><a href=\"https:\/\/www.calendriers-artistiques.fr\/wp-content\/uploads\/calendriersmedia\/2004 (40).jpg\"><img loading=\"lazy\" src=\"https:\/\/www.calendriers-artistiques.fr\/wp-content\/uploads\/calendriersmedia\/vignette.jpg\" alt=\"\" width=\"33\" height=\"85\" class=\"alignnone size-full wp-image-24\" \/><\/a><\/td>\n<\/tr>\n<tr class=\"row-1189 odd\">\n\t<td class=\"column-1\">VILLENEUVE-D'ASCQ<\/td><td class=\"column-2\">RUE JEAN JAURES<\/td><td class=\"column-3\">LA PHARMACIE HUMEZ<\/td><td class=\"column-4\">NORD<\/td><td class=\"column-5\">2004<\/td><td class=\"column-6\"><a href=\"https:\/\/www.calendriers-artistiques.fr\/wp-content\/uploads\/calendriersmedia\/2004 (41).jpg\"><img loading=\"lazy\" src=\"https:\/\/www.calendriers-artistiques.fr\/wp-content\/uploads\/calendriersmedia\/vignette.jpg\" alt=\"\" width=\"33\" height=\"85\" class=\"alignnone size-full wp-image-24\" \/><\/a><\/td>\n<\/tr>\n<tr class=\"row-1190 even\">\n\t<td class=\"column-1\">WATTERLOO<\/td><td class=\"column-2\">RUE DE LA STATION<\/td><td class=\"column-3\">LA SALADE TOURNESOL<\/td><td class=\"column-4\">BELGIQUE.<\/td><td class=\"column-5\">2004<\/td><td class=\"column-6\"><a href=\"https:\/\/www.calendriers-artistiques.fr\/wp-content\/uploads\/calendriersmedia\/2004 (42).jpg\"><img loading=\"lazy\" src=\"https:\/\/www.calendriers-artistiques.fr\/wp-content\/uploads\/calendriersmedia\/vignette.jpg\" alt=\"\" width=\"33\" height=\"85\" class=\"alignnone size-full wp-image-24\" \/><\/a><\/td>\n<\/tr>\n<tr class=\"row-1191 odd\">\n\t<td class=\"column-1\">WATTIGNIES<\/td><td class=\"column-2\">RUE CLEMENCEAU<\/td><td class=\"column-3\">LA PHARMACIE ROGER<\/td><td class=\"column-4\">NORD<\/td><td class=\"column-5\">2004<\/td><td class=\"column-6\"><a href=\"https:\/\/www.calendriers-artistiques.fr\/wp-content\/uploads\/calendriersmedia\/2004 (43).jpg\"><img loading=\"lazy\" src=\"https:\/\/www.calendriers-artistiques.fr\/wp-content\/uploads\/calendriersmedia\/vignette.jpg\" alt=\"\" width=\"33\" height=\"85\" class=\"alignnone size-full wp-image-24\" \/><\/a><\/td>\n<\/tr>\n<tr class=\"row-1192 even\">\n\t<td class=\"column-1\">WATTRELOS<\/td><td class=\"column-2\">RUE CARNOT<\/td><td class=\"column-3\">LA PHARMACIE CENTRALE<\/td><td class=\"column-4\">NORD<\/td><td class=\"column-5\">2004<\/td><td class=\"column-6\"><a href=\"https:\/\/www.calendriers-artistiques.fr\/wp-content\/uploads\/calendriersmedia\/2004 (44).jpg\"><img loading=\"lazy\" src=\"https:\/\/www.calendriers-artistiques.fr\/wp-content\/uploads\/calendriersmedia\/vignette.jpg\" alt=\"\" width=\"33\" height=\"85\" class=\"alignnone size-full wp-image-24\" \/><\/a><\/td>\n<\/tr>\n<tr class=\"row-1193 odd\">\n\t<td class=\"column-1\">WATTRELOS<\/td><td class=\"column-2\">PLACE SAINT-GERARD<\/td><td class=\"column-3\">LA PHARMACIE SAINT-GERARD<\/td><td class=\"column-4\">NORD<\/td><td class=\"column-5\">2004<\/td><td class=\"column-6\"><a href=\"https:\/\/www.calendriers-artistiques.fr\/wp-content\/uploads\/calendriersmedia\/2004 (45).jpg\"><img loading=\"lazy\" src=\"https:\/\/www.calendriers-artistiques.fr\/wp-content\/uploads\/calendriersmedia\/vignette.jpg\" alt=\"\" width=\"33\" height=\"85\" class=\"alignnone size-full wp-image-24\" \/><\/a><\/td>\n<\/tr>\n<tr class=\"row-1194 even\">\n\t<td class=\"column-1\">WERVICQ-SUD<\/td><td class=\"column-2\">RUE DES FRERES HOLLEBECQUE<\/td><td class=\"column-3\">LA PHARMACIE DUC<\/td><td class=\"column-4\">NORD<\/td><td class=\"column-5\">2004<\/td><td class=\"column-6\"><a href=\"https:\/\/www.calendriers-artistiques.fr\/wp-content\/uploads\/calendriersmedia\/2004 (46).jpg\"><img loading=\"lazy\" src=\"https:\/\/www.calendriers-artistiques.fr\/wp-content\/uploads\/calendriersmedia\/vignette.jpg\" alt=\"\" width=\"33\" height=\"85\" class=\"alignnone size-full wp-image-24\" \/><\/a><\/td>\n<\/tr>\n<tr class=\"row-1195 odd\">\n\t<td class=\"column-1\">CROIX<\/td><td class=\"column-2\">RUE JEAN JAURES<\/td><td class=\"column-3\">LA PHARMACIE DE LA CROIX BLANCHE<\/td><td class=\"column-4\">NORD<\/td><td class=\"column-5\">2003<\/td><td class=\"column-6\"><a href=\"https:\/\/www.calendriers-artistiques.fr\/wp-content\/uploads\/calendriersmedia\/2003 (1).jpg\"><img loading=\"lazy\" src=\"https:\/\/www.calendriers-artistiques.fr\/wp-content\/uploads\/calendriersmedia\/vignette.jpg\" alt=\"\" width=\"33\" height=\"85\" class=\"alignnone size-full wp-image-24\" \/><\/a><\/td>\n<\/tr>\n<tr class=\"row-1196 even\">\n\t<td class=\"column-1\">HELLEMMES<\/td><td class=\"column-2\">RUE ROGER SALENGRO<\/td><td class=\"column-3\">LA PHARMACIE JOUVENEAUX-REGNAULT<\/td><td class=\"column-4\">NORD<\/td><td class=\"column-5\">2003<\/td><td class=\"column-6\"><a href=\"https:\/\/www.calendriers-artistiques.fr\/wp-content\/uploads\/calendriersmedia\/2003 (2).jpg\"><img loading=\"lazy\" src=\"https:\/\/www.calendriers-artistiques.fr\/wp-content\/uploads\/calendriersmedia\/vignette.jpg\" alt=\"\" width=\"33\" height=\"85\" class=\"alignnone size-full wp-image-24\" \/><\/a><\/td>\n<\/tr>\n<tr class=\"row-1197 odd\">\n\t<td class=\"column-1\">LILLE<\/td><td class=\"column-2\">PLACE ANTOINE TACQ<\/td><td class=\"column-3\">LA PHARMACIE WILPART<\/td><td class=\"column-4\">NORD<\/td><td class=\"column-5\">2003<\/td><td class=\"column-6\"><a href=\"https:\/\/www.calendriers-artistiques.fr\/wp-content\/uploads\/calendriersmedia\/2003 (3).jpg\"><img loading=\"lazy\" src=\"https:\/\/www.calendriers-artistiques.fr\/wp-content\/uploads\/calendriersmedia\/vignette.jpg\" alt=\"\" width=\"33\" height=\"85\" class=\"alignnone size-full wp-image-24\" \/><\/a><\/td>\n<\/tr>\n<tr class=\"row-1198 even\">\n\t<td class=\"column-1\">MARCQ-EN-BAROEUL<\/td><td class=\"column-2\">RUE DE L'EGLISE<\/td><td class=\"column-3\">LA PHARMACIE CHEROUTRE<\/td><td class=\"column-4\">NORD<\/td><td class=\"column-5\">2003<\/td><td class=\"column-6\"><a href=\"https:\/\/www.calendriers-artistiques.fr\/wp-content\/uploads\/calendriersmedia\/2003 (4).jpg\"><img loading=\"lazy\" src=\"https:\/\/www.calendriers-artistiques.fr\/wp-content\/uploads\/calendriersmedia\/vignette.jpg\" alt=\"\" width=\"33\" height=\"85\" class=\"alignnone size-full wp-image-24\" \/><\/a><\/td>\n<\/tr>\n<tr class=\"row-1199 odd\">\n\t<td class=\"column-1\">MOUVAUX<\/td><td class=\"column-2\">RUE DE LILLE<\/td><td class=\"column-3\">LA PHARMACIE DELCOUR-BUYSSE<\/td><td class=\"column-4\">NORD<\/td><td class=\"column-5\">2003<\/td><td class=\"column-6\"><a href=\"https:\/\/www.calendriers-artistiques.fr\/wp-content\/uploads\/calendriersmedia\/2003 (5).jpg\"><img loading=\"lazy\" src=\"https:\/\/www.calendriers-artistiques.fr\/wp-content\/uploads\/calendriersmedia\/vignette.jpg\" alt=\"\" width=\"33\" height=\"85\" class=\"alignnone size-full wp-image-24\" \/><\/a><\/td>\n<\/tr>\n<tr class=\"row-1200 even\">\n\t<td class=\"column-1\">RONCQ<\/td><td class=\"column-2\">RUE DE LILLE<\/td><td class=\"column-3\">LA PHARMACIE POTENCIER<\/td><td class=\"column-4\">NORD<\/td><td class=\"column-5\">2003<\/td><td class=\"column-6\"><a href=\"https:\/\/www.calendriers-artistiques.fr\/wp-content\/uploads\/calendriersmedia\/2003 (6).jpg\"><img loading=\"lazy\" src=\"https:\/\/www.calendriers-artistiques.fr\/wp-content\/uploads\/calendriersmedia\/vignette.jpg\" alt=\"\" width=\"33\" height=\"85\" class=\"alignnone size-full wp-image-24\" \/><\/a><\/td>\n<\/tr>\n<tr class=\"row-1201 odd\">\n\t<td class=\"column-1\">RONCQ<\/td><td class=\"column-2\">RUE DE LILLE<\/td><td class=\"column-3\">LA PHARMACIE POTENCIER-BINAUT<\/td><td class=\"column-4\">NORD<\/td><td class=\"column-5\">2003<\/td><td class=\"column-6\"><a href=\"https:\/\/www.calendriers-artistiques.fr\/wp-content\/uploads\/calendriersmedia\/2003 (7).jpg\"><img loading=\"lazy\" src=\"https:\/\/www.calendriers-artistiques.fr\/wp-content\/uploads\/calendriersmedia\/vignette.jpg\" alt=\"\" width=\"33\" height=\"85\" class=\"alignnone size-full wp-image-24\" \/><\/a><\/td>\n<\/tr>\n<tr class=\"row-1202 even\">\n\t<td class=\"column-1\">TOURCOING<\/td><td class=\"column-2\">PLACE DU THE\u00c3\u0192\u00e2\u20ac\u0161TRE<\/td><td class=\"column-3\">LE COLLEGE PRIVE CHARLES PEGUY<\/td><td class=\"column-4\">NORD<\/td><td class=\"column-5\">2003<\/td><td class=\"column-6\"><a href=\"https:\/\/www.calendriers-artistiques.fr\/wp-content\/uploads\/calendriersmedia\/2003 (8).jpg\"><img loading=\"lazy\" src=\"https:\/\/www.calendriers-artistiques.fr\/wp-content\/uploads\/calendriersmedia\/vignette.jpg\" alt=\"\" width=\"33\" height=\"85\" class=\"alignnone size-full wp-image-24\" \/><\/a><\/td>\n<\/tr>\n<tr class=\"row-1203 odd\">\n\t<td class=\"column-1\">TOURCOING<\/td><td class=\"column-2\">PLACE DE LA REPUBLIQUE<\/td><td class=\"column-3\">LE PETIT QUINQUIN<\/td><td class=\"column-4\">NORD<\/td><td class=\"column-5\">2003<\/td><td class=\"column-6\"><a href=\"https:\/\/www.calendriers-artistiques.fr\/wp-content\/uploads\/calendriersmedia\/2003 (9).jpg\"><img loading=\"lazy\" src=\"https:\/\/www.calendriers-artistiques.fr\/wp-content\/uploads\/calendriersmedia\/vignette.jpg\" alt=\"\" width=\"33\" height=\"85\" class=\"alignnone size-full wp-image-24\" \/><\/a><\/td>\n<\/tr>\n<tr class=\"row-1204 even\">\n\t<td class=\"column-1\">TOURCOING<\/td><td class=\"column-2\">RUE RU CLINQUET<\/td><td class=\"column-3\">LA PHARMACIE LIAGRE<\/td><td class=\"column-4\">NORD<\/td><td class=\"column-5\">2003<\/td><td class=\"column-6\"><a href=\"https:\/\/www.calendriers-artistiques.fr\/wp-content\/uploads\/calendriersmedia\/2003 (10).jpg\"><img loading=\"lazy\" src=\"https:\/\/www.calendriers-artistiques.fr\/wp-content\/uploads\/calendriersmedia\/vignette.jpg\" alt=\"\" width=\"33\" height=\"85\" class=\"alignnone size-full wp-image-24\" \/><\/a><\/td>\n<\/tr>\n<tr class=\"row-1205 odd\">\n\t<td class=\"column-1\">TOURCOING<\/td><td class=\"column-2\">RUE DE LILLE<\/td><td class=\"column-3\">LE LYCEE PRICE JEHANNE D'ARC<\/td><td class=\"column-4\">NORD<\/td><td class=\"column-5\">2003<\/td><td class=\"column-6\"><a href=\"https:\/\/www.calendriers-artistiques.fr\/wp-content\/uploads\/calendriersmedia\/2003 (11).jpg\"><img loading=\"lazy\" src=\"https:\/\/www.calendriers-artistiques.fr\/wp-content\/uploads\/calendriersmedia\/vignette.jpg\" alt=\"\" width=\"33\" height=\"85\" class=\"alignnone size-full wp-image-24\" \/><\/a><\/td>\n<\/tr>\n<tr class=\"row-1206 even\">\n\t<td class=\"column-1\">VILLENEUVE-DASCQ<\/td><td class=\"column-2\">RUE DE BABYLONE<\/td><td class=\"column-3\">LA PHARMACIE TERRYN<\/td><td class=\"column-4\">NORD<\/td><td class=\"column-5\">2003<\/td><td class=\"column-6\"><a href=\"https:\/\/www.calendriers-artistiques.fr\/wp-content\/uploads\/calendriersmedia\/2003 (12).jpg\"><img loading=\"lazy\" src=\"https:\/\/www.calendriers-artistiques.fr\/wp-content\/uploads\/calendriersmedia\/vignette.jpg\" alt=\"\" width=\"33\" height=\"85\" class=\"alignnone size-full wp-image-24\" \/><\/a><\/td>\n<\/tr>\n<tr class=\"row-1207 odd\">\n\t<td class=\"column-1\">WAMBRECHIES<\/td><td class=\"column-2\">RUE DE QUESNOY<\/td><td class=\"column-3\">LA PHARMACIE PETITPREZ<\/td><td class=\"column-4\">NORD<\/td><td class=\"column-5\">2003<\/td><td class=\"column-6\"><a href=\"https:\/\/www.calendriers-artistiques.fr\/wp-content\/uploads\/calendriersmedia\/2003 (13).jpg\"><img loading=\"lazy\" src=\"https:\/\/www.calendriers-artistiques.fr\/wp-content\/uploads\/calendriersmedia\/vignette.jpg\" alt=\"\" width=\"33\" height=\"85\" class=\"alignnone size-full wp-image-24\" \/><\/a><\/td>\n<\/tr>\n<tr class=\"row-1208 even\">\n\t<td class=\"column-1\">WATTRELOS<\/td><td class=\"column-2\">PLACE CHARLES CASTERMANT<\/td><td class=\"column-3\">LA PHARMACIE BOTTAZINI<\/td><td class=\"column-4\">NORD<\/td><td class=\"column-5\">2003<\/td><td class=\"column-6\"><a href=\"https:\/\/www.calendriers-artistiques.fr\/wp-content\/uploads\/calendriersmedia\/2003 (14).jpg\"><img loading=\"lazy\" src=\"https:\/\/www.calendriers-artistiques.fr\/wp-content\/uploads\/calendriersmedia\/vignette.jpg\" alt=\"\" width=\"33\" height=\"85\" class=\"alignnone size-full wp-image-24\" \/><\/a><\/td>\n<\/tr>\n<\/tbody>\n<\/table>\n<!-- #tablepress-3 from cache -->[\/et_pb_code][\/et_pb_column][\/et_pb_row][\/et_pb_section][et_pb_section fb_built=\u00a0\u00bb1&Prime; admin_label=\u00a0\u00bbFooter\u00a0\u00bb module_id=\u00a0\u00bbcontact\u00a0\u00bb _builder_version=\u00a0\u00bb4.2.2&Prime; use_background_color_gradient=\u00a0\u00bbon\u00a0\u00bb background_color_gradient_start=\u00a0\u00bb#eaeaea\u00a0\u00bb background_color_gradient_end=\u00a0\u00bbrgba(255,255,255,0)\u00a0\u00bb background_color_gradient_direction=\u00a0\u00bb90deg\u00a0\u00bb background_color_gradient_start_position=\u00a0\u00bb40%\u00a0\u00bb background_color_gradient_overlays_image=\u00a0\u00bbon\u00a0\u00bb background_image=\u00a0\u00bbhttps:\/\/calendriers-artistiques.fr\/wp-content\/uploads\/2020\/02\/calligraphy_75.png\u00a0\u00bb background_position=\u00a0\u00bbcenter_left\u00a0\u00bb width=\u00a0\u00bb100%\u00a0\u00bb max_width=\u00a0\u00bb100%\u00a0\u00bb max_width_tablet=\u00a0\u00bb\u00a0\u00bb max_width_phone=\u00a0\u00bb\u00a0\u00bb max_width_last_edited=\u00a0\u00bbon|desktop\u00a0\u00bb min_height=\u00a0\u00bb986px\u00a0\u00bb custom_margin=\u00a0\u00bb||-47px|||\u00a0\u00bb custom_padding=\u00a0\u00bb100px||||false|false\u00a0\u00bb locked=\u00a0\u00bboff\u00a0\u00bb][et_pb_row use_custom_gutter=\u00a0\u00bbon\u00a0\u00bb make_equal=\u00a0\u00bbon\u00a0\u00bb custom_padding_last_edited=\u00a0\u00bbon|phone\u00a0\u00bb _builder_version=\u00a0\u00bb3.25&Prime; background_image=\u00a0\u00bbhttps:\/\/calendriers-artistiques.fr\/wp-content\/uploads\/2020\/02\/calligraphy_68.png\u00a0\u00bb background_position=\u00a0\u00bbbottom_center\u00a0\u00bb width=\u00a0\u00bb100%\u00a0\u00bb max_width=\u00a0\u00bb100%\u00a0\u00bb min_height=\u00a0\u00bb27px\u00a0\u00bb custom_margin=\u00a0\u00bb||60px\u00a0\u00bb custom_padding=\u00a0\u00bb0px||5vw||false\u00a0\u00bb custom_padding_tablet=\u00a0\u00bb\u00a0\u00bb custom_padding_phone=\u00a0\u00bb\u00a0\u00bb][et_pb_column type=\u00a0\u00bb4_4&Prime; _builder_version=\u00a0\u00bb3.25&Prime; custom_padding=\u00a0\u00bb|||\u00a0\u00bb custom_padding__hover=\u00a0\u00bb|||\u00a0\u00bb][et_pb_text _builder_version=\u00a0\u00bb4.2.2&Prime; text_font=\u00a0\u00bbAllura||||||||\u00a0\u00bb text_font_size=\u00a0\u00bb17vw\u00a0\u00bb text_line_height=\u00a0\u00bb0.2em\u00a0\u00bb header_3_font=\u00a0\u00bb||||||||\u00a0\u00bb text_orientation=\u00a0\u00bbright\u00a0\u00bb filter_opacity=\u00a0\u00bb9%\u00a0\u00bb hover_enabled=\u00a0\u00bb0&Prime; locked=\u00a0\u00bboff\u00a0\u00bb]<\/p>\n<p>Contact<\/p>\n<p>[\/et_pb_text][\/et_pb_column][\/et_pb_row][et_pb_row column_structure=\u00a0\u00bb2_3,1_3&Prime; _builder_version=\u00a0\u00bb3.25&Prime; background_size=\u00a0\u00bbinitial\u00a0\u00bb background_position=\u00a0\u00bbtop_right\u00a0\u00bb custom_padding=\u00a0\u00bb||||false\u00a0\u00bb locked=\u00a0\u00bboff\u00a0\u00bb][et_pb_column type=\u00a0\u00bb2_3&Prime; _builder_version=\u00a0\u00bb3.25&Prime; custom_padding=\u00a0\u00bb|||\u00a0\u00bb custom_padding__hover=\u00a0\u00bb|||\u00a0\u00bb][et_pb_text _builder_version=\u00a0\u00bb4.2.2&Prime; text_font=\u00a0\u00bbMuli||||||||\u00a0\u00bb text_font_size=\u00a0\u00bb17px\u00a0\u00bb text_line_height=\u00a0\u00bb2em\u00a0\u00bb max_width_tablet=\u00a0\u00bbnone\u00a0\u00bb max_width_phone=\u00a0\u00bb\u00a0\u00bb max_width_last_edited=\u00a0\u00bbon|phone\u00a0\u00bb text_font_size_tablet=\u00a0\u00bb\u00a0\u00bb text_font_size_phone=\u00a0\u00bb15px\u00a0\u00bb text_font_size_last_edited=\u00a0\u00bbon|desktop\u00a0\u00bb text_line_height_tablet=\u00a0\u00bb\u00a0\u00bb text_line_height_phone=\u00a0\u00bb1.7em\u00a0\u00bb text_line_height_last_edited=\u00a0\u00bbon|phone\u00a0\u00bb]<\/p>\n<h1 style=\"text-align: left;\"><strong>Une question ?<\/strong><\/h1>\n<p>[\/et_pb_text][\/et_pb_column][et_pb_column type=\u00a0\u00bb1_3&Prime; _builder_version=\u00a0\u00bb3.25&Prime; custom_padding=\u00a0\u00bb|||\u00a0\u00bb custom_padding__hover=\u00a0\u00bb|||\u00a0\u00bb][\/et_pb_column][\/et_pb_row][et_pb_row _builder_version=\u00a0\u00bb4.2.2&Prime; background_size=\u00a0\u00bbinitial\u00a0\u00bb background_position=\u00a0\u00bbtop_right\u00a0\u00bb custom_margin=\u00a0\u00bb0px||60px||false|false\u00a0\u00bb custom_padding=\u00a0\u00bb0px|40px||40px|false|false\u00a0\u00bb border_width_all=\u00a0\u00bb1px\u00a0\u00bb border_color_all=\u00a0\u00bbrgba(0,0,0,0.12)\u00a0\u00bb locked=\u00a0\u00bboff\u00a0\u00bb][et_pb_column type=\u00a0\u00bb4_4&Prime; _builder_version=\u00a0\u00bb3.25&Prime; custom_padding=\u00a0\u00bb|||\u00a0\u00bb custom_padding__hover=\u00a0\u00bb|||\u00a0\u00bb][et_pb_image src=\u00a0\u00bbhttps:\/\/calendriers-artistiques.fr\/wp-content\/uploads\/2020\/02\/calligraphy_61.png\u00a0\u00bb align=\u00a0\u00bbright\u00a0\u00bb _builder_version=\u00a0\u00bb4.2.2&Prime; transform_scale_tablet=\u00a0\u00bb\u00a0\u00bb transform_scale_phone=\u00a0\u00bb74%|74%\u00a0\u00bb transform_scale_last_edited=\u00a0\u00bbon|phone\u00a0\u00bb transform_translate_tablet=\u00a0\u00bb\u00a0\u00bb transform_translate_phone=\u00a0\u00bb\u00a0\u00bb transform_translate_last_edited=\u00a0\u00bbon|phone\u00a0\u00bb transform_rotate_tablet=\u00a0\u00bb\u00a0\u00bb transform_rotate_phone=\u00a0\u00bb\u00a0\u00bb transform_rotate_last_edited=\u00a0\u00bbon|phone\u00a0\u00bb transform_skew_tablet=\u00a0\u00bb\u00a0\u00bb transform_skew_phone=\u00a0\u00bb\u00a0\u00bb transform_skew_last_edited=\u00a0\u00bbon|phone\u00a0\u00bb transform_origin_tablet=\u00a0\u00bb\u00a0\u00bb transform_origin_phone=\u00a0\u00bb\u00a0\u00bb transform_origin_last_edited=\u00a0\u00bbon|phone\u00a0\u00bb transform_styles_last_edited=\u00a0\u00bbon|phone\u00a0\u00bb width_tablet=\u00a0\u00bb\u00a0\u00bb width_phone=\u00a0\u00bb\u00a0\u00bb width_last_edited=\u00a0\u00bbon|phone\u00a0\u00bb max_width=\u00a0\u00bb200px\u00a0\u00bb max_width_tablet=\u00a0\u00bb\u00a0\u00bb max_width_phone=\u00a0\u00bb164px\u00a0\u00bb max_width_last_edited=\u00a0\u00bbon|desktop\u00a0\u00bb min_height_tablet=\u00a0\u00bb\u00a0\u00bb min_height_phone=\u00a0\u00bb\u00a0\u00bb min_height_last_edited=\u00a0\u00bbon|phone\u00a0\u00bb height_tablet=\u00a0\u00bb\u00a0\u00bb height_phone=\u00a0\u00bb\u00a0\u00bb height_last_edited=\u00a0\u00bbon|phone\u00a0\u00bb max_height_tablet=\u00a0\u00bb\u00a0\u00bb max_height_phone=\u00a0\u00bb\u00a0\u00bb max_height_last_edited=\u00a0\u00bbon|phone\u00a0\u00bb custom_margin=\u00a0\u00bb-130px|-8vw||\u00a0\u00bb custom_margin_tablet=\u00a0\u00bb\u00a0\u00bb custom_margin_phone=\u00a0\u00bb-180px||19px||false|false\u00a0\u00bb custom_margin_last_edited=\u00a0\u00bbon|phone\u00a0\u00bb custom_padding=\u00a0\u00bb||60px||false|false\u00a0\u00bb transform_styles_tablet=\u00a0\u00bb\u00a0\u00bb transform_styles_phone=\u00a0\u00bb\u00a0\u00bb always_center_on_mobile=\u00a0\u00bboff\u00a0\u00bb locked=\u00a0\u00bboff\u00a0\u00bb][\/et_pb_image][et_pb_blurb title=\u00a0\u00bbPour toute question ou projet\u00a0\u00bb use_icon=\u00a0\u00bbon\u00a0\u00bb font_icon=\u00a0\u00bb%%264%%\u00a0\u00bb icon_color=\u00a0\u00bb#000000&Prime; icon_placement=\u00a0\u00bbleft\u00a0\u00bb _builder_version=\u00a0\u00bb4.2.2&Prime; custom_margin=\u00a0\u00bb-160px||||false|false\u00a0\u00bb custom_margin_tablet=\u00a0\u00bb\u00a0\u00bb custom_margin_phone=\u00a0\u00bb-174px|||-43px|false|false\u00a0\u00bb custom_margin_last_edited=\u00a0\u00bbon|phone\u00a0\u00bb]<\/p>\n<p>Veuillez me contacter par t\u00e9l\u00e9phone au :<\/p>\n<p>03.20.46.39.72 ou 06.81.44.12.26<\/p>\n<p>[\/et_pb_blurb][\/et_pb_column][\/et_pb_row][et_pb_row custom_padding_last_edited=\u00a0\u00bboff|tablet\u00a0\u00bb _builder_version=\u00a0\u00bb3.25&Prime; width=\u00a0\u00bb100%\u00a0\u00bb max_width=\u00a0\u00bb100%\u00a0\u00bb min_height=\u00a0\u00bb27px\u00a0\u00bb custom_padding=\u00a0\u00bb||0px|||\u00a0\u00bb locked=\u00a0\u00bboff\u00a0\u00bb][et_pb_column type=\u00a0\u00bb4_4&Prime; _builder_version=\u00a0\u00bb3.25&Prime; custom_padding=\u00a0\u00bb|||\u00a0\u00bb custom_padding__hover=\u00a0\u00bb|||\u00a0\u00bb][et_pb_image src=\u00a0\u00bbhttps:\/\/calendriers-artistiques.fr\/wp-content\/uploads\/2020\/02\/calligraphy_brushes_17.png\u00a0\u00bb align_tablet=\u00a0\u00bbcenter\u00a0\u00bb align_phone=\u00a0\u00bb\u00a0\u00bb align_last_edited=\u00a0\u00bbon|desktop\u00a0\u00bb _builder_version=\u00a0\u00bb3.23&Prime;][\/et_pb_image][\/et_pb_column][\/et_pb_row][\/et_pb_section]<\/p>\n","protected":false},"excerpt":{"rendered":"<p>artBernard DEBRUYNE 06 81 44 12 26Artiste PeintreCALENDRIERSTABLEAUXContactYour content goes here. Edit or remove this text inline or in the module Content settings. You can also style every aspect of this content in the module Design settings and even apply custom CSS to this text in the module Advanced settings.CalendriersLes Calendriers Artistiques La Publicit\u00e9 qu&rsquo;on [&hellip;]<\/p>\n","protected":false},"author":1,"featured_media":0,"parent":0,"menu_order":0,"comment_status":"closed","ping_status":"closed","template":"","meta":{"_et_pb_use_builder":"on","_et_pb_old_content":"","_et_gb_content_width":""},"_links":{"self":[{"href":"https:\/\/calendriers-artistiques.fr\/index.php?rest_route=\/wp\/v2\/pages\/16"}],"collection":[{"href":"https:\/\/calendriers-artistiques.fr\/index.php?rest_route=\/wp\/v2\/pages"}],"about":[{"href":"https:\/\/calendriers-artistiques.fr\/index.php?rest_route=\/wp\/v2\/types\/page"}],"author":[{"embeddable":true,"href":"https:\/\/calendriers-artistiques.fr\/index.php?rest_route=\/wp\/v2\/users\/1"}],"replies":[{"embeddable":true,"href":"https:\/\/calendriers-artistiques.fr\/index.php?rest_route=%2Fwp%2Fv2%2Fcomments&post=16"}],"version-history":[{"count":74,"href":"https:\/\/calendriers-artistiques.fr\/index.php?rest_route=\/wp\/v2\/pages\/16\/revisions"}],"predecessor-version":[{"id":350,"href":"https:\/\/calendriers-artistiques.fr\/index.php?rest_route=\/wp\/v2\/pages\/16\/revisions\/350"}],"wp:attachment":[{"href":"https:\/\/calendriers-artistiques.fr\/index.php?rest_route=%2Fwp%2Fv2%2Fmedia&parent=16"}],"curies":[{"name":"wp","href":"https:\/\/api.w.org\/{rel}","templated":true}]}}